{"id":1595,"date":"2024-07-30T14:13:10","date_gmt":"2024-07-30T18:13:10","guid":{"rendered":"https:\/\/nouveau.csdc-cecd.ca\/series-de-conferences-cecd\/"},"modified":"2026-03-09T11:01:07","modified_gmt":"2026-03-09T15:01:07","slug":"series-de-conferences-cecd","status":"publish","type":"page","link":"https:\/\/csdc-cecd.ca\/en\/series-de-conferences-cecd\/","title":{"rendered":"CSDC Speaker Series"},"content":{"rendered":"<p>[et_pb_section fb_built=&#8221;1&#8243; _builder_version=&#8221;4.27.0&#8243; _module_preset=&#8221;default&#8221; global_colors_info=&#8221;{}&#8221;][et_pb_row _builder_version=&#8221;4.27.0&#8243; _module_preset=&#8221;default&#8221; global_colors_info=&#8221;{}&#8221;][et_pb_column type=&#8221;4_4&#8243; _builder_version=&#8221;4.27.0&#8243; _module_preset=&#8221;default&#8221; global_colors_info=&#8221;{}&#8221;][et_pb_text _builder_version=&#8221;4.27.0&#8243; _module_preset=&#8221;default&#8221;]<\/p>\n<h1>CSDC Speaker Series<\/h1>\n<p><strong>If you would like to receive email updates about our speaker series, please send an email to our coordinator at <a href=\"mailto:cecd-csdc@ulaval.ca\">cecd-csdc@ulaval.ca<\/a>.\u00a0<\/strong><\/p>\n<p>&nbsp;<\/p>\n<p>[\/et_pb_text][et_pb_text _builder_version=&#8221;4.27.4&#8243; _module_preset=&#8221;default&#8221;]<\/p>\n<h2><strong>Schedule: Academic year September 2025 \u2013 August 2026<\/strong><\/h2>\n<p>[\/et_pb_text][\/et_pb_column][\/et_pb_row][et_pb_row column_structure=&#8221;1_5,1_5,1_5,1_5,1_5&#8243; _builder_version=&#8221;4.27.0&#8243; _module_preset=&#8221;default&#8221; global_colors_info=&#8221;{}&#8221;][et_pb_column type=&#8221;1_5&#8243; _builder_version=&#8221;4.27.0&#8243; _module_preset=&#8221;default&#8221; global_colors_info=&#8221;{}&#8221;][et_pb_text _builder_version=&#8221;4.27.0&#8243; _module_preset=&#8221;default&#8221;]<\/p>\n<h2>Invit\u00e9<\/h2>\n<p>[\/et_pb_text][\/et_pb_column][et_pb_column type=&#8221;1_5&#8243; _builder_version=&#8221;4.27.0&#8243; _module_preset=&#8221;default&#8221; global_colors_info=&#8221;{}&#8221;][et_pb_text _builder_version=&#8221;4.27.0&#8243; _module_preset=&#8221;default&#8221;]<\/p>\n<h2>Titre<\/h2>\n<p>[\/et_pb_text][\/et_pb_column][et_pb_column type=&#8221;1_5&#8243; _builder_version=&#8221;4.27.0&#8243; _module_preset=&#8221;default&#8221; global_colors_info=&#8221;{}&#8221;][et_pb_text _builder_version=&#8221;4.27.0&#8243; _module_preset=&#8221;default&#8221;]<\/p>\n<h2>Date<\/h2>\n<p>[\/et_pb_text][\/et_pb_column][et_pb_column type=&#8221;1_5&#8243; _builder_version=&#8221;4.27.0&#8243; _module_preset=&#8221;default&#8221; global_colors_info=&#8221;{}&#8221;][et_pb_text _builder_version=&#8221;4.27.0&#8243; _module_preset=&#8221;default&#8221;]<\/p>\n<h2>Heure<\/h2>\n<p>[\/et_pb_text][\/et_pb_column][et_pb_column type=&#8221;1_5&#8243; _builder_version=&#8221;4.27.0&#8243; _module_preset=&#8221;default&#8221; global_colors_info=&#8221;{}&#8221;][et_pb_text _builder_version=&#8221;4.27.0&#8243; _module_preset=&#8221;default&#8221;]<\/p>\n<h2>Lieu<\/h2>\n<p>[\/et_pb_text][\/et_pb_column][\/et_pb_row][et_pb_row column_structure=&#8221;1_5,1_5,1_5,1_5,1_5&#8243; _builder_version=&#8221;4.27.0&#8243; _module_preset=&#8221;default&#8221; global_colors_info=&#8221;{}&#8221;][et_pb_column type=&#8221;1_5&#8243; _builder_version=&#8221;4.27.0&#8243; _module_preset=&#8221;default&#8221; global_colors_info=&#8221;{}&#8221;][et_pb_text _builder_version=&#8221;4.27.6&#8243; _module_preset=&#8221;default&#8221; hover_enabled=&#8221;0&#8243; sticky_enabled=&#8221;0&#8243;]<\/p>\n<p><span><a href=\"https:\/\/www.andersoloflarsson.se\/\">Anders Olof Larsson<\/a> <a href=\"https:\/\/essex.cc\/\"><\/a>(Kristiania University College, Department of Communications, Oslo, Norway)<\/span><\/p>\n<p>[\/et_pb_text][\/et_pb_column][et_pb_column type=&#8221;1_5&#8243; _builder_version=&#8221;4.27.0&#8243; _module_preset=&#8221;default&#8221; global_colors_info=&#8221;{}&#8221;][et_pb_text _builder_version=&#8221;4.27.6&#8243; _dynamic_attributes=&#8221;link_option_url&#8221; _module_preset=&#8221;default&#8221; link_option_url=&#8221;@ET-DC@eyJkeW5hbWljIjp0cnVlLCJjb250ZW50IjoicG9zdF9saW5rX3VybF9wYWdlIiwic2V0dGluZ3MiOnsicG9zdF9pZCI6IjIxODQifX0=@&#8221; hover_enabled=&#8221;0&#8243; sticky_enabled=&#8221;0&#8243;]<\/p>\n<p><a href=\"https:\/\/csdc-cecd.ca\/en\/serie-de-conference-a-larsson\/\">Studying Political Actors on Social Media \u2013 Current Challenges and Opportunities<\/a><\/p>\n<p>[\/et_pb_text][\/et_pb_column][et_pb_column type=&#8221;1_5&#8243; _builder_version=&#8221;4.27.0&#8243; _module_preset=&#8221;default&#8221; global_colors_info=&#8221;{}&#8221;][et_pb_text _builder_version=&#8221;4.27.6&#8243; _module_preset=&#8221;default&#8221; hover_enabled=&#8221;0&#8243; sticky_enabled=&#8221;0&#8243;]<\/p>\n<p>Friday, April 17, 2026<\/p>\n<p>[\/et_pb_text][\/et_pb_column][et_pb_column type=&#8221;1_5&#8243; _builder_version=&#8221;4.27.0&#8243; _module_preset=&#8221;default&#8221; global_colors_info=&#8221;{}&#8221;][et_pb_text _builder_version=&#8221;4.27.4&#8243; _module_preset=&#8221;default&#8221;]<\/p>\n<p>3 &#8211; 5 p.m.<\/p>\n<p>[\/et_pb_text][\/et_pb_column][et_pb_column type=&#8221;1_5&#8243; _builder_version=&#8221;4.27.0&#8243; _module_preset=&#8221;default&#8221; global_colors_info=&#8221;{}&#8221;][et_pb_text _builder_version=&#8221;4.27.5&#8243; _module_preset=&#8221;default&#8221;]<\/p>\n<div class=\"et_pb_module et_pb_text et_pb_text_0  et_pb_text_align_left et_pb_bg_layout_light\">\n<div class=\"et_pb_text_inner\">\n<p><span>Thomson House,\u00a0<\/span><span>3650 McTavish St, Montreal, QC<\/span><\/p>\n<\/div>\n<\/div>\n<p>[\/et_pb_text][\/et_pb_column][\/et_pb_row][et_pb_row column_structure=&#8221;1_5,1_5,1_5,1_5,1_5&#8243; _builder_version=&#8221;4.27.0&#8243; _module_preset=&#8221;default&#8221; global_colors_info=&#8221;{}&#8221;][et_pb_column type=&#8221;1_5&#8243; _builder_version=&#8221;4.27.0&#8243; _module_preset=&#8221;default&#8221; global_colors_info=&#8221;{}&#8221;][et_pb_text _builder_version=&#8221;4.27.4&#8243; _module_preset=&#8221;default&#8221;]<\/p>\n<p><span><a href=\"https:\/\/essex.cc\/\">Aleksander Essex<\/a> (Western University, London, Canada)<\/span><\/p>\n<p>[\/et_pb_text][\/et_pb_column][et_pb_column type=&#8221;1_5&#8243; _builder_version=&#8221;4.27.0&#8243; _module_preset=&#8221;default&#8221; global_colors_info=&#8221;{}&#8221;][et_pb_text _builder_version=&#8221;4.27.5&#8243; _dynamic_attributes=&#8221;link_option_url&#8221; _module_preset=&#8221;default&#8221; link_option_url=&#8221;@ET-DC@eyJkeW5hbWljIjp0cnVlLCJjb250ZW50IjoicG9zdF9saW5rX3VybF9wYWdlIiwic2V0dGluZ3MiOnsicG9zdF9pZCI6IjIxODQifX0=@&#8221;]<\/p>\n<p><a href=\"https:\/\/csdc-cecd.ca\/en\/13-mars-2026-a-essex\/\">Ballot Box or Tinder Box? Examining Online Voting in Ontario Cities<\/a><\/p>\n<p>[\/et_pb_text][\/et_pb_column][et_pb_column type=&#8221;1_5&#8243; _builder_version=&#8221;4.27.0&#8243; _module_preset=&#8221;default&#8221; global_colors_info=&#8221;{}&#8221;][et_pb_text _builder_version=&#8221;4.27.5&#8243; _module_preset=&#8221;default&#8221;]<\/p>\n<p>Friday, March 13, 2026<\/p>\n<p>[\/et_pb_text][\/et_pb_column][et_pb_column type=&#8221;1_5&#8243; _builder_version=&#8221;4.27.0&#8243; _module_preset=&#8221;default&#8221; global_colors_info=&#8221;{}&#8221;][et_pb_text _builder_version=&#8221;4.27.4&#8243; _module_preset=&#8221;default&#8221;]<\/p>\n<p>3 &#8211; 5 p.m.<\/p>\n<p>[\/et_pb_text][\/et_pb_column][et_pb_column type=&#8221;1_5&#8243; _builder_version=&#8221;4.27.0&#8243; _module_preset=&#8221;default&#8221; global_colors_info=&#8221;{}&#8221;][et_pb_text _builder_version=&#8221;4.27.5&#8243; _module_preset=&#8221;default&#8221;]<\/p>\n<div class=\"et_pb_module et_pb_text et_pb_text_0  et_pb_text_align_left et_pb_bg_layout_light\">\n<div class=\"et_pb_text_inner\">\n<p><span>Thomson House,\u00a0<\/span><span>3650 McTavish St, Montreal, QC<\/span><\/p>\n<\/div>\n<\/div>\n<p>[\/et_pb_text][\/et_pb_column][\/et_pb_row][et_pb_row column_structure=&#8221;1_5,1_5,1_5,1_5,1_5&#8243; _builder_version=&#8221;4.27.0&#8243; _module_preset=&#8221;default&#8221; global_colors_info=&#8221;{}&#8221;][et_pb_column type=&#8221;1_5&#8243; _builder_version=&#8221;4.27.0&#8243; _module_preset=&#8221;default&#8221; global_colors_info=&#8221;{}&#8221;][et_pb_text _builder_version=&#8221;4.27.5&#8243; _module_preset=&#8221;default&#8221;]<\/p>\n<p><span><a href=\"https:\/\/gvpt.umd.edu\/facultyprofile\/wong\/janelle\">Janelle Wong<\/a> (University of Maryland, College Park, MD., U.S.A.<\/span><span>)<\/span><\/p>\n<p>[\/et_pb_text][\/et_pb_column][et_pb_column type=&#8221;1_5&#8243; _builder_version=&#8221;4.27.0&#8243; _module_preset=&#8221;default&#8221; global_colors_info=&#8221;{}&#8221;][et_pb_text _builder_version=&#8221;4.27.5&#8243; _dynamic_attributes=&#8221;link_option_url&#8221; _module_preset=&#8221;default&#8221; link_option_url=&#8221;@ET-DC@eyJkeW5hbWljIjp0cnVlLCJjb250ZW50IjoicG9zdF9saW5rX3VybF9wYWdlIiwic2V0dGluZ3MiOnsicG9zdF9pZCI6IjIxODQifX0=@&#8221;]<\/p>\n<p><a href=\"https:\/\/csdc-cecd.ca\/en\/13-fevr-2026-j-wong\/\">Against the Tide: Immigrant Agency and the Transformation of Local Politics<\/a><\/p>\n<p>[\/et_pb_text][\/et_pb_column][et_pb_column type=&#8221;1_5&#8243; _builder_version=&#8221;4.27.0&#8243; _module_preset=&#8221;default&#8221; global_colors_info=&#8221;{}&#8221;][et_pb_text _builder_version=&#8221;4.27.5&#8243; _module_preset=&#8221;default&#8221;]<\/p>\n<p>Friday, February 13, 2026<\/p>\n<p>[\/et_pb_text][\/et_pb_column][et_pb_column type=&#8221;1_5&#8243; _builder_version=&#8221;4.27.0&#8243; _module_preset=&#8221;default&#8221; global_colors_info=&#8221;{}&#8221;][et_pb_text _builder_version=&#8221;4.27.4&#8243; _module_preset=&#8221;default&#8221;]<\/p>\n<p>3 &#8211; 5 p.m.<\/p>\n<p>[\/et_pb_text][\/et_pb_column][et_pb_column type=&#8221;1_5&#8243; _builder_version=&#8221;4.27.0&#8243; _module_preset=&#8221;default&#8221; global_colors_info=&#8221;{}&#8221;][et_pb_text _builder_version=&#8221;4.27.5&#8243; _module_preset=&#8221;default&#8221;]<\/p>\n<div class=\"et_pb_module et_pb_text et_pb_text_0  et_pb_text_align_left et_pb_bg_layout_light\">\n<div class=\"et_pb_text_inner\">\n<p><span>Thomson House,\u00a0<\/span><span>3650 McTavish St, Montreal, QC<\/span><\/p>\n<\/div>\n<\/div>\n<p>[\/et_pb_text][\/et_pb_column][\/et_pb_row][et_pb_row column_structure=&#8221;1_5,1_5,1_5,1_5,1_5&#8243; _builder_version=&#8221;4.27.0&#8243; _module_preset=&#8221;default&#8221; global_colors_info=&#8221;{}&#8221;][et_pb_column type=&#8221;1_5&#8243; _builder_version=&#8221;4.27.0&#8243; _module_preset=&#8221;default&#8221; global_colors_info=&#8221;{}&#8221;][et_pb_text _builder_version=&#8221;4.27.5&#8243; _module_preset=&#8221;default&#8221;]<\/p>\n<p><span><a href=\"https:\/\/experts.mcmaster.ca\/people\/lawlora\">Andrea Lawlor<\/a> (McMaster, Hamilton, Canada)<\/span><\/p>\n<p>[\/et_pb_text][\/et_pb_column][et_pb_column type=&#8221;1_5&#8243; _builder_version=&#8221;4.27.0&#8243; _module_preset=&#8221;default&#8221; global_colors_info=&#8221;{}&#8221;][et_pb_text _builder_version=&#8221;4.27.5&#8243; _dynamic_attributes=&#8221;link_option_url&#8221; _module_preset=&#8221;default&#8221; link_option_url=&#8221;@ET-DC@eyJkeW5hbWljIjp0cnVlLCJjb250ZW50IjoicG9zdF9saW5rX3VybF9wYWdlIiwic2V0dGluZ3MiOnsicG9zdF9pZCI6IjIxODQifX0=@&#8221;]<\/p>\n<p><a href=\"https:\/\/csdc-cecd.ca\/en\/serie-de-conference-a-lawlor\/\">Judicial Legitimacy under Threat: Public Support for Canadian Courts in a Time of Institutional Division<\/a><\/p>\n<p>[\/et_pb_text][\/et_pb_column][et_pb_column type=&#8221;1_5&#8243; _builder_version=&#8221;4.27.0&#8243; _module_preset=&#8221;default&#8221; global_colors_info=&#8221;{}&#8221;][et_pb_text _builder_version=&#8221;4.27.4&#8243; _module_preset=&#8221;default&#8221;]<\/p>\n<p>Friday, December 5, 2025<\/p>\n<p>[\/et_pb_text][\/et_pb_column][et_pb_column type=&#8221;1_5&#8243; _builder_version=&#8221;4.27.0&#8243; _module_preset=&#8221;default&#8221; global_colors_info=&#8221;{}&#8221;][et_pb_text _builder_version=&#8221;4.27.4&#8243; _module_preset=&#8221;default&#8221;]<\/p>\n<p>3 &#8211; 5 p.m.<\/p>\n<p>[\/et_pb_text][\/et_pb_column][et_pb_column type=&#8221;1_5&#8243; _builder_version=&#8221;4.27.0&#8243; _module_preset=&#8221;default&#8221; global_colors_info=&#8221;{}&#8221;][et_pb_text _builder_version=&#8221;4.27.4&#8243; _module_preset=&#8221;default&#8221;]<\/p>\n<div class=\"et_pb_module et_pb_text et_pb_text_0  et_pb_text_align_left et_pb_bg_layout_light\">\n<div class=\"et_pb_text_inner\">\n<p>Universit\u00e9 de Montr\u00e9al<\/p>\n<\/div>\n<\/div>\n<p>[\/et_pb_text][\/et_pb_column][\/et_pb_row][et_pb_row column_structure=&#8221;1_5,1_5,1_5,1_5,1_5&#8243; _builder_version=&#8221;4.27.0&#8243; _module_preset=&#8221;default&#8221; global_colors_info=&#8221;{}&#8221;][et_pb_column type=&#8221;1_5&#8243; _builder_version=&#8221;4.27.0&#8243; _module_preset=&#8221;default&#8221; global_colors_info=&#8221;{}&#8221;][et_pb_text _builder_version=&#8221;4.27.4&#8243; _module_preset=&#8221;default&#8221;]<\/p>\n<p><span><a href=\"https:\/\/essex.cc\/\">Aleksander Essex<\/a> (Western University, London, Canada)<\/span><\/p>\n<p>[\/et_pb_text][\/et_pb_column][et_pb_column type=&#8221;1_5&#8243; _builder_version=&#8221;4.27.0&#8243; _module_preset=&#8221;default&#8221; global_colors_info=&#8221;{}&#8221;][et_pb_text _builder_version=&#8221;4.27.5&#8243; _dynamic_attributes=&#8221;link_option_url&#8221; _module_preset=&#8221;default&#8221; link_option_url=&#8221;@ET-DC@eyJkeW5hbWljIjp0cnVlLCJjb250ZW50IjoicG9zdF9saW5rX3VybF9wYWdlIiwic2V0dGluZ3MiOnsicG9zdF9pZCI6IjIxODQifX0=@&#8221;]<\/p>\n<p><a href=\"https:\/\/csdc-cecd.ca\/en\/serie-de-conference-a-essex\/\">Ballot Box or Tinder Box? Examining Online Voting in Ontario Cities<\/a><\/p>\n<p>[\/et_pb_text][\/et_pb_column][et_pb_column type=&#8221;1_5&#8243; _builder_version=&#8221;4.27.0&#8243; _module_preset=&#8221;default&#8221; global_colors_info=&#8221;{}&#8221;][et_pb_text _builder_version=&#8221;4.27.5&#8243; _module_preset=&#8221;default&#8221;]<\/p>\n<p>CANCELLED<\/p>\n<p>[\/et_pb_text][\/et_pb_column][et_pb_column type=&#8221;1_5&#8243; _builder_version=&#8221;4.27.0&#8243; _module_preset=&#8221;default&#8221; global_colors_info=&#8221;{}&#8221;][et_pb_text _builder_version=&#8221;4.27.4&#8243; _module_preset=&#8221;default&#8221;]<\/p>\n<p>3 &#8211; 5 p.m.<\/p>\n<p>[\/et_pb_text][\/et_pb_column][et_pb_column type=&#8221;1_5&#8243; _builder_version=&#8221;4.27.0&#8243; _module_preset=&#8221;default&#8221; global_colors_info=&#8221;{}&#8221;][et_pb_text _builder_version=&#8221;4.27.5&#8243; _module_preset=&#8221;default&#8221;]<\/p>\n<div class=\"et_pb_module et_pb_text et_pb_text_0  et_pb_text_align_left et_pb_bg_layout_light\">\n<div class=\"et_pb_text_inner\">\n<p><span>Thomson House,\u00a0<\/span><span>3650 McTavish St, Montreal, QC<\/span><\/p>\n<\/div>\n<\/div>\n<p>[\/et_pb_text][\/et_pb_column][\/et_pb_row][et_pb_row column_structure=&#8221;1_5,1_5,1_5,1_5,1_5&#8243; _builder_version=&#8221;4.27.0&#8243; _module_preset=&#8221;default&#8221; global_colors_info=&#8221;{}&#8221;][et_pb_column type=&#8221;1_5&#8243; _builder_version=&#8221;4.27.0&#8243; _module_preset=&#8221;default&#8221; global_colors_info=&#8221;{}&#8221;][et_pb_text _builder_version=&#8221;4.27.4&#8243; _module_preset=&#8221;default&#8221;]<\/p>\n<p><a href=\"https:\/\/www.chagaiweiss.com\/\">Chagai Weiss<\/a> (U. of Toronto, Canada)<\/p>\n<p>[\/et_pb_text][\/et_pb_column][et_pb_column type=&#8221;1_5&#8243; _builder_version=&#8221;4.27.0&#8243; _module_preset=&#8221;default&#8221; global_colors_info=&#8221;{}&#8221;][et_pb_text _builder_version=&#8221;4.27.4&#8243; _dynamic_attributes=&#8221;link_option_url&#8221; _module_preset=&#8221;default&#8221; link_option_url=&#8221;@ET-DC@eyJkeW5hbWljIjp0cnVlLCJjb250ZW50IjoicG9zdF9saW5rX3VybF9wYWdlIiwic2V0dGluZ3MiOnsicG9zdF9pZCI6IjU0MzEifX0=@&#8221;]<\/p>\n<p><span style=\"color: #00ccff;\">Can Politicians Bridge Partisan Divides? A Field Experiment with the U.S. National Governors Association<\/span><\/p>\n<p>[\/et_pb_text][\/et_pb_column][et_pb_column type=&#8221;1_5&#8243; _builder_version=&#8221;4.27.0&#8243; _module_preset=&#8221;default&#8221; global_colors_info=&#8221;{}&#8221;][et_pb_text _builder_version=&#8221;4.27.4&#8243; _module_preset=&#8221;default&#8221;]<\/p>\n<p>CANCELLED<\/p>\n<p>[\/et_pb_text][\/et_pb_column][et_pb_column type=&#8221;1_5&#8243; _builder_version=&#8221;4.27.0&#8243; _module_preset=&#8221;default&#8221; global_colors_info=&#8221;{}&#8221;][\/et_pb_column][et_pb_column type=&#8221;1_5&#8243; _builder_version=&#8221;4.27.0&#8243; _module_preset=&#8221;default&#8221; global_colors_info=&#8221;{}&#8221;][et_pb_text _builder_version=&#8221;4.27.4&#8243; _module_preset=&#8221;default&#8221;]<\/p>\n<p>Thomson House, <span>3650 McTavish St, Montreal, QC<\/span><\/p>\n<p><span><\/span><\/p>\n<p>[\/et_pb_text][\/et_pb_column][\/et_pb_row][et_pb_row _builder_version=&#8221;4.27.0&#8243; _module_preset=&#8221;default&#8221; global_colors_info=&#8221;{}&#8221;][et_pb_column type=&#8221;4_4&#8243; _builder_version=&#8221;4.27.0&#8243; _module_preset=&#8221;default&#8221; global_colors_info=&#8221;{}&#8221;][et_pb_toggle title=&#8221;Speaker Series 2024 &#8211; 2025&#8243; _builder_version=&#8221;4.27.4&#8243; _module_preset=&#8221;default&#8221; global_colors_info=&#8221;{}&#8221;]<\/p>\n<p><a href=\"https:\/\/csdc-cecd.ca\/en\/american-elections-in-perspective\/\">April 11, 2025 0 <span>Jamie Settle (William &amp; Mary, Williamsburg, VA, U.S.A.)<\/span><\/a><\/p>\n<p><a href=\"https:\/\/csdc-cecd.ca\/en\/american-elections-in-perspective\/\">April 11, 2025 &#8211; <span>Nicolas Valentino (University of Michigan, Ann Arbor, MI,\u00a0 U.S.A.)<\/span><\/a><\/p>\n<p><a href=\"https:\/\/csdc-cecd.ca\/en\/economie-politique\/\">March 21, 2025 &#8211; <span>Mathilde Emeriau (Sciences Po, Paris)<\/span><\/a><\/p>\n<p><a href=\"https:\/\/csdc-cecd.ca\/en\/economie-politique\/\"><span>March 21, 2025 &#8211; Rafael Jiminez Duran (Universit\u00e0 Bocconi\u00a0, Milan Italie)<\/span><\/a><\/p>\n<p><a href=\"https:\/\/csdc-cecd.ca\/en\/economie-politique\/\"><span>March 21, 2025 &#8211; Horacio Larreguy (Instituto Tecnol\u00f3gico Aut\u00f3nomo de M\u00e9xico, Mexico, Mexique)<\/span><\/a><\/p>\n<p><a href=\"https:\/\/csdc-cecd.ca\/en\/serie-des-conferences-13-decembre\/\"><span>December 13, 2024 &#8211; Roberto Calos (University of Texas at Austin)<\/span><\/a><\/p>\n<p><a href=\"https:\/\/csdc-cecd.ca\/en\/serie-des-conferences-13-decembre\/\"><span>December 13, 2024 &#8211; J\u00f6rg Dollmann\u00a0(German Centre for Integration and Migration Research DeZIM, Berlin, Germany; Mannheim Centre for European Social Research MZES, University of Mannheim, Germany)<\/span><\/a><\/p>\n<p><a href=\"https:\/\/csdc-cecd.ca\/en\/serie-des-conferences-13-decembre\/\"><span>December 13, 2024 &#8211; Karen Phalet (Faculty of Psychology and Educational Sciences, University of Leuven)<\/span><\/a><\/p>\n<p><a href=\"https:\/\/csdc-cecd.ca\/en\/serie-de-conference-julia-cage\/\"><span>November 26, 2025 &#8211; Julia Cag\u00e9 (Sciences Po, Paris)<\/span>\u00a0<\/a><\/p>\n<p>[\/et_pb_toggle][et_pb_toggle title=&#8221;Speaker Series 2023 &#8211; 2024&#8243; _builder_version=&#8221;4.27.4&#8243; _module_preset=&#8221;default&#8221; global_colors_info=&#8221;{}&#8221;]<\/p>\n<p><a href=\"https:\/\/csdc-cecd.ca\/en\/mariano-torcal\/\">May 2 2024 \u2013 Mariano Torcal Loriente\u00a0 (Universitat Pompeu Fabra Barcelona, Spain)<\/a><\/p>\n<p><a href=\"https:\/\/csdc-cecd.ca\/en\/mads-andreas-elkjaer\/\">April 19 2024 \u2013 Mads Andreas Elkjaer (University of Copenhagen, Denmark)<\/a><\/p>\n<p><a href=\"sdc-cecd.ca\/en\/vincent-tiberj\/\">March 15 2024 \u2013 Vincent Tiberj (Science Po Bordeaux, France)<\/a><\/p>\n<p><a href=\"https:\/\/csdc-cecd.ca\/en\/yasemin-soysal\/\">February 16 2024 \u2013 Yasmine Soysal (WZB Berlin Social Science Center, Germany)<\/a><\/p>\n<p><a href=\"https:\/\/csdc-cecd.ca\/en\/mathias-poertner\/\">January 12 2024 \u2013 Mathias Poertner (London School of Economics and Political Science, England)<\/a><\/p>\n<p><a href=\"https:\/\/csdc-cecd.ca\/en\/evelyne-brie\/\">December 8 2023 \u2013 Evelyne Brie (Western University, Canada)<\/a><\/p>\n<p><a href=\"https:\/\/csdc-cecd.ca\/en\/rune-stubager\/\">November 10 2023 \u2013 Rune Stubager (Aarhus University, Denemark)<\/a><\/p>\n<p><a href=\"https:\/\/csdc-cecd.ca\/en\/shelley-boulianne\/\">October 9 2023 \u2013 Shelley Boulianne (Weizenbaum Institute for the Networked Society, Germany)<\/a><\/p>\n<p><a href=\"https:\/\/csdc-cecd.ca\/en\/andrew-guess\/\">October 6 2023 \u2013 Andrew M. Guess (Princeton University, U.S.A.)<\/a><\/p>\n<p>&nbsp;<\/p>\n<p>[\/et_pb_toggle][et_pb_toggle title=&#8221;Speaker Series 2022 &#8211; 2023&#8243; _builder_version=&#8221;4.27.0&#8243; _module_preset=&#8221;default&#8221; global_colors_info=&#8221;{}&#8221;]<\/p>\n<p>June 23 2023 &#8211; Chadly Stern (University of Illinois Urbana-Champaign, U.S.A.)<\/p>\n<p>May 5 2023 &#8211; Karen Nielsen Breidahl (Aalborg Universitet, Denmark)<\/p>\n<p>April 14 \u00a02023 &#8211; Kristina Bakkaer Simonsen (Aarhus University, Denmark)<\/p>\n<p>March 17 2023 &#8211; Lucy Barnes (University College London, England)<\/p>\n<p>March 10 2023 &#8211; Rahsaan Maxwell (New York University, U.S.A.)<\/p>\n<p>February 17 \u00a02023 &#8211; Mads Andreas Elkjaer (University of Copenhagen, Denmark) Cancelled\u00a0\u00a0\u00a0\u00a0\u00a0<\/p>\n<p>February 2 2023 &#8211; Andrew M. Guess (Princeton University, U.S.A.) Cancelled<\/p>\n<p>November18 2022 &#8211; Alexander Fouirnaies (University of Chicago,U.S.A.)<\/p>\n<p>[\/et_pb_toggle][et_pb_toggle title=&#8221;Speaker Series 2021 &#8211; 2022&#8243; _builder_version=&#8221;4.27.4&#8243; _module_preset=&#8221;default&#8221; global_colors_info=&#8221;{}&#8221;]<\/p>\n<p>December 3 2021 &#8211; Kaat Smets (Royal Holloway, University of London, England),<\/p>\n<p>November 12 2021 &#8211; Cristian Vaccari (Loughborough University, England)<\/p>\n<p>[\/et_pb_toggle][et_pb_toggle title=&#8221;Speaker Series 2020 &#8211; 2021&#8243; _builder_version=&#8221;4.27.4&#8243; _module_preset=&#8221;default&#8221; global_colors_info=&#8221;{}&#8221;]<\/p>\n<p>2021, 28 May \u2013 Patricia Posey (University of Chicago)<\/p>\n<p>2021, 21 May \u2013 Eline De Rooij (Simon Fraser University)<\/p>\n<p>2021, 7 May \u2013 Stuart Soroka (University of Michigan)<\/p>\n<p><span>2021, 9 April \u2013 Ingrid Haas (University of Nebraska-Lincoln)<\/span><\/p>\n<p><span>2021, 26 March \u2013 Irene Bloemraad (University of California, Berkeley)<\/span><\/p>\n<p><span>2021, 12 March \u2013 Lillana Mason (University of Maryland)<\/span><\/p>\n<p><span>2021, 12 February \u2013 Loleen Berdahl (University of Saskatchewan)<\/span><\/p>\n<p><span>2021, 22 January\u2013 Jen Schradie (Sciences Po Paris)<\/span><\/p>\n<p><span>2021, 15 January\u2013 Jonathan Mummolo ((Princeton University)<\/span><\/p>\n<p><span>2020, 11 December \u2013 Milan Svolik (Yale University)<\/span><\/p>\n<p><span>2020, 27 November \u2013 Bart Bonikowski (New-York University)<\/span><\/p>\n<p><span>2020, 13 November \u2013 Cesi Cruz (University of British Columbia)<\/span><\/p>\n<p><span>2020, 16 October \u2013 Liesbet Hooghe (University of North Carolina at Chapter Hill)<\/span><\/p>\n<p><span>2020, 25 September \u2013 Daniel Butler (University of California in San Diego)<\/span><\/p>\n<p>[\/et_pb_toggle][et_pb_toggle title=&#8221;Speaker Series 2019 &#8211; 2020&#8243; _builder_version=&#8221;4.27.4&#8243; _module_preset=&#8221;default&#8221; global_colors_info=&#8221;{}&#8221;]<\/p>\n<p>2020, 26 June \u2013 Sara Hobolt (Universitat Aut\u00f2noma de Barcelona)<\/p>\n<p>Bart Bonikowski \u2013 <em>Conference cancelled<\/em><\/p>\n<p>Daniel Butler \u2013 <em>Conference cancelled<\/em><\/p>\n<p>Cory Clark \u2013 <em>Conference cancelled<\/em><\/p>\n<p>Sara Hobolt \u2013 <em>Conference cancelled<\/em><\/p>\n<p>Jonathan Mummolo \u2013 <em>Conference cancelled<\/em><\/p>\n<p>2020, 21 February \u2013 John Holbein (University of Virginia)<\/p>\n<p>2020, 7 February \u2013 Jane Green (University of Oxford)<\/p>\n<p>2020, 31 January \u2013 David Fitzgerald (University of California San Diego)<\/p>\n<p>2019, 15 November \u2013 Margit Tavits (Washington University in St-Louis)<\/p>\n<p>Yanna Krupknikov \u2013 <em>Conference cancelled<\/em><\/p>\n<p>2019, 20 September \u2013 Peter Dinesen (University of Copenhagen)<\/p>\n<p>2019, 5 September \u2013 Peter Dinesen (University of Copenhagen)<\/p>\n<p>[\/et_pb_toggle][et_pb_toggle title=&#8221;Speaker Series 2018 &#8211; 2019&#8243; _builder_version=&#8221;4.27.4&#8243; _module_preset=&#8221;default&#8221; global_colors_info=&#8221;{}&#8221;]<\/p>\n<p>2019, 10 May &#8211; Eva Anduiza (Universitat Aut\u00f2noma de Barcelona)<\/p>\n<p>2019, 26 April &#8211; Ashley Jardina (Duke University)<\/p>\n<p>2019, 12 April &#8211; Elin Naurin (University of Gothenburg)<\/p>\n<p>2019, 15 March &#8211; Elisabeth Ivarsflaten (University of Bergen)<\/p>\n<p>2018, 7 December &#8211; Michael Bechtel (Washington University)<\/p>\n<p>2018, 16 November &#8211; Elizabeth Suhay (American University)<\/p>\n<p>2018, 2 November &#8211; James Druckman (Northwestern University)<\/p>\n<p>2018, 19 October &#8211; Victoria Esses (Western University)<\/p>\n<p>[\/et_pb_toggle][et_pb_toggle title=&#8221;Speaker Series 2017 &#8211; 2018&#8243; _builder_version=&#8221;4.27.4&#8243; _module_preset=&#8221;default&#8221; global_colors_info=&#8221;{}&#8221;]<\/p>\n<p><span>2018, 25 May &#8211; Maarten Vink (Universit\u00e9 de Maastricht)<\/span><\/p>\n<p><span>2018, 18 May &#8211; Christopher Cochrane (Universit\u00e9 de Toronto)<\/span><\/p>\n<p><span>2018, 4 May &#8211; Victoria Esses (Western University)<\/span><\/p>\n<p><span>2018, 13 April &#8211; Jessica Gottlieb (University A&amp;M of Texas)<\/span><\/p>\n<p><span>2018, 6 April &#8211; Eszter Hargittai (Universit\u00e9 de Zurich)<\/span><\/p>\n<p><span>2018, 23 March &#8211; Leonie Huddy\u200b (State University of New York)<\/span><\/p>\n<p><span>2018, 2 March &#8211; Sarah Bush (Universit\u00e9 Temple)<\/span><\/p>\n<p><span>2018, 16 February &#8211; Noam Lupu (Vanderbilt University)<\/span><\/p>\n<p><span>2018, 9 February &#8211; Marc Helbling (Universit\u00e9 de Bamberg)<\/span><\/p>\n<p><span>2018, 19 January &#8211; Dave Karpf\u200b (George Washington University)<\/span><\/p>\n<p><span>2017, 8 December &#8211; Ryan Enos (Harvard University)<\/span><\/p>\n<p><span>2017, 8 November &#8211; David Broockman\u200b (Stanford University)<\/span><\/p>\n<p><span>2017, 27 October &#8211; Philipp Rehm\u200b (Ohio State University)<\/span><\/p>\n<p><span>2017, 15 September &#8211; Colette Brin (Universit\u00e9 Laval) \u2013 Jeremy Clark (Universit\u00e9 Concordia) \u2013 Aaron Erlich (Universit\u00e9 McGill)<\/span><\/p>\n<p>[\/et_pb_toggle][et_pb_toggle title=&#8221;Speaker Series 2016 &#8211; 2017&#8243; _builder_version=&#8221;4.27.4&#8243; _module_preset=&#8221;default&#8221; global_colors_info=&#8221;{}&#8221;]<\/p>\n<p><span>2017, 9 June \u2013 Mikael Persson (G\u00f6teborgs Universitet)<\/span><\/p>\n<p>2017, 26 May \u2013 Roger Waldinger (University of California Los Angeles, UCLA)<\/p>\n<p>2017, 12 May \u2013 Jeffery Jenkins (University of Southern California, USC)<\/p>\n<p>2017, 5 May \u2013 Claire Adida (Stanford University)<\/p>\n<p>2017, 21 April \u2013 Neil Malhortra (Stanford University)<\/p>\n<p><span>2017, 7 April \u2013 Samara Klar (University of Arizona)<\/span><\/p>\n<p><span>2017, 24 March \u2013 Daniel Kreiss (University of North Carolina)<\/span><\/p>\n<p><span>2017, 10 March \u2013 Elizabeth Zechmeister (Vanderbilt University)<\/span><\/p>\n<p><span>2017, 24 March \u2013 Diana Mutz (University of Pennsylvania)<br \/><\/span><\/p>\n<p><span>2017, 17 February \u2013 Eitan Hersh (Tufts University)<br \/><\/span><\/p>\n<p><span>2017, 3 February \u2013 Christian Joppke (Bern Universit\u00e4t)<\/span><\/p>\n<p><span>2017, 3 January \u2013 David Farrell (University College Dublin)<\/span><\/p>\n<p><span>2016, 3 December \u2013 Arthur Lupia (University of Michigan)<\/span><\/p>\n<p><span>2016, 3 November \u2013 Debbie Schildkraut (Tufts University)<\/span><\/p>\n<p><span>2016, 7 October \u2013 Kevin Arceneaux (Sciences Po)<\/span><\/p>\n<p>[\/et_pb_toggle][et_pb_toggle title=&#8221;Speaker Series 2013 &#8211; 2014&#8243; _builder_version=&#8221;4.27.5&#8243; _module_preset=&#8221;default&#8221; global_colors_info=&#8221;{}&#8221;]<\/p>\n<p>2014, May 2 &#8211; Aaron Martin (University of Melbourne, Australia)<\/p>\n<p>2014, April -Emily Falk (University of Michigan, U.S.A.)<\/p>\n<p>2014, March 27 &#8211; Karine van der Straeten (Centre Nationale de la Recherch\u00e9 Scientifique (CNRS), L\u2019institut D\u2019economie Industrielle (IDEI), Toulouse School of Economics , France)<\/p>\n<p>2014, March 14 &#8211; Peter Loewen (University of Toronto, Canada)<\/p>\n<p>2014, February 21 &#8211; Markus Prior (Princeton University, U.S.A)<\/p>\n<p>2014, February 7 &#8211; Ailsa Henderson (University of Edinburgh, Scotland)<\/p>\n<p>2014, January 24 &#8211; Marc Hetherington (Vanderbilt University, Nashville, U.S.A.)<\/p>\n<p>2014, January 10 &#8211; Donald Green (Columbia University, New York, U.S.A.)<\/p>\n<p>2013, December 13 &#8211; Miles Hewstone (University of Oxford, England)<\/p>\n<p>2013, November 14 &#8211; Ece Atikan (Universit\u00e9 Laval, Canada)<br \/><em>co-sponsored with EU Centre of Excellence<\/em><\/p>\n<p>2013, October 25 &#8211; Michael Bruter &amp; Sarah Harrison (London School of Economics, England)<\/p>\n<p>2013, September 26 &#8211; Laurie Beaudonnet (Universit\u00e9 de Montr\u00e9al &#8211; McGill University, Canada)<\/p>\n<p><span>2013, September 26 &#8211;<\/span> Sven-Oliver Proksch (McGill University, Canada)<\/p>\n<p>[\/et_pb_toggle][et_pb_toggle title=&#8221;Speaker Series 2012 &#8211; 2013&#8243; _builder_version=&#8221;4.27.5&#8243; _module_preset=&#8221;default&#8221; global_colors_info=&#8221;{}&#8221;]<\/p>\n<p>2013, June 13 &#8211; Rose McDermott (Brown University)<br \/>Genetics, Neuroscience and International Politics\u201d<\/p>\n<p>2013, May 15 &#8211; Jean-Fran\u00e7cois Laslier (\u00c9cole Polytechnique &#8211; France)<br \/>An In Situ Experiment on Evaluative Voting<\/p>\n<p>2013, May 3 &#8211; Ricard Zapata-Barrero (University Pompeu Fabra)<br \/>How to Monitor Xenophobic Political Discourse?: A Heuristic Framework<\/p>\n<p>2013, April 19 &#8211; Marina Costa Lobo (University of Lisbon)<br \/>The importance of Leaders in the Portuguese Elections 2002-2011 \u2013 Magnitude and Individual Context<\/p>\n<p>2013, April 19 &#8211; Simon Hug (University of Geneva)<br \/>The European Parliament after Lisbon (and Before)<\/p>\n<p>2013, April 4 &#8211; George Tsebelis (University of Michigan)<br \/>Bridging Qualified Majority and Unanimity Decision-Making in the EU<\/p>\n<p>2013, February 22 &#8211; Dhavan V. Shah (University of Wisconsin &#8211; Madison)<br \/>Socialization, Mobilization, and Participation in a Digital Age<\/p>\n<p>2013, February 11 &#8211; Lucio Renno (University of Brasilia) \u201cThe New Middle Class and Politics: Values, Attitudes and Opinions\u201d<\/p>\n<p>2013, February 1 &#8211; Peter Enns (Cornell University)<br \/>Incarceration Nation: Public Opinion and the Rise of the U.S. Carceral State<\/p>\n<p>2013, January 11 &#8211; <span>Marc-Andr\u00e9 Bodet (Universit\u00e9 Laval) and Jean<\/span>\u00a0Fran\u00e7ois G\u00e9lineau (Universit\u00e9 Laval)<br \/>Electoral Systems and Voters: A Quasi-Experiment in the Context of the Last Quebec Provincial Election<\/p>\n<p>2012, December 5 &#8211; Michael Herron (Dartmouth College)<br \/>Fraud and Disfranchisement: The State of Voting Rights in Florida<\/p>\n<p>2022, November 30 &#8211; Chris Dawes (New York University)<br \/>Biology and Politics: Promises and Challenges<\/p>\n<p><span>2012, November 16 &#8211; Stuart Soroka\u00a0 (McGill University)<br \/>Negativity in Political Institutions<\/span><\/p>\n<p><span>2012, October 19 &#8211; Ellin Naurin (University of Gothenburg \/ McGill University)<br \/><\/span>Do Parties keep their Election Promise?<\/p>\n<p>[\/et_pb_toggle][\/et_pb_column][\/et_pb_row][\/et_pb_section]<\/p>\n","protected":false},"excerpt":{"rendered":"<p>CSDC Speaker Series If you would like to receive email updates about our speaker series, please send an email to our coordinator at cecd-csdc@ulaval.ca.\u00a0 &nbsp;Schedule: Academic year September 2025 \u2013 August 2026Invit\u00e9TitreDateHeureLieuAnders Olof Larsson (Kristiania University College, Department of Communications, Oslo, Norway)Studying Political Actors on Social Media \u2013 Current Challenges and OpportunitiesFriday, April 17, 20263 [&hellip;]<\/p>\n","protected":false},"author":1,"featured_media":0,"parent":0,"menu_order":0,"comment_status":"closed","ping_status":"closed","template":"","meta":{"_et_pb_use_builder":"on","_et_pb_old_content":"","_et_gb_content_width":"","footnotes":""},"class_list":["post-1595","page","type-page","status-publish","hentry"],"yoast_head":"<!-- This site is optimized with the Yoast SEO plugin v27.4 - https:\/\/yoast.com\/product\/yoast-seo-wordpress\/ -->\n<title>CSDC Speaker Series - CECD - Centre pour l&#039;\u00e9tude de la citoyennet\u00e9 d\u00e9mocratique<\/title>\n<meta name=\"robots\" content=\"index, follow, max-snippet:-1, max-image-preview:large, max-video-preview:-1\" \/>\n<link rel=\"canonical\" href=\"https:\/\/csdc-cecd.ca\/series-de-conferences-cecd\/\" \/>\n<meta property=\"og:locale\" content=\"en_US\" \/>\n<meta property=\"og:type\" content=\"article\" \/>\n<meta property=\"og:title\" content=\"CSDC Speaker Series - CECD - Centre pour l&#039;\u00e9tude de la citoyennet\u00e9 d\u00e9mocratique\" \/>\n<meta property=\"og:description\" content=\"CSDC Speaker Series If you would like to receive email updates about our speaker series, please send an email to our coordinator at cecd-csdc@ulaval.ca.\u00a0 &nbsp;Schedule: Academic year September 2025 \u2013 August 2026Invit\u00e9TitreDateHeureLieuAnders Olof Larsson (Kristiania University College, Department of Communications, Oslo, Norway)Studying Political Actors on Social Media \u2013 Current Challenges and OpportunitiesFriday, April 17, 20263 [&hellip;]\" \/>\n<meta property=\"og:url\" content=\"https:\/\/csdc-cecd.ca\/series-de-conferences-cecd\/\" \/>\n<meta property=\"og:site_name\" content=\"CECD - Centre pour l&#039;\u00e9tude de la citoyennet\u00e9 d\u00e9mocratique\" \/>\n<meta property=\"article:modified_time\" content=\"2026-03-09T15:01:07+00:00\" \/>\n<meta name=\"twitter:card\" content=\"summary_large_image\" \/>\n<meta name=\"twitter:label1\" content=\"Est. reading time\" \/>\n\t<meta name=\"twitter:data1\" content=\"1 minute\" \/>\n<script type=\"application\/ld+json\" class=\"yoast-schema-graph\">{\"@context\":\"https:\\\/\\\/schema.org\",\"@graph\":[{\"@type\":\"WebPage\",\"@id\":\"https:\\\/\\\/csdc-cecd.ca\\\/series-de-conferences-cecd\\\/\",\"url\":\"https:\\\/\\\/csdc-cecd.ca\\\/series-de-conferences-cecd\\\/\",\"name\":\"CSDC Speaker Series - CECD - Centre pour l&#039;\u00e9tude de la citoyennet\u00e9 d\u00e9mocratique\",\"isPartOf\":{\"@id\":\"https:\\\/\\\/csdc-cecd.ca\\\/#website\"},\"datePublished\":\"2024-07-30T18:13:10+00:00\",\"dateModified\":\"2026-03-09T15:01:07+00:00\",\"breadcrumb\":{\"@id\":\"https:\\\/\\\/csdc-cecd.ca\\\/series-de-conferences-cecd\\\/#breadcrumb\"},\"inLanguage\":\"en-US\",\"potentialAction\":[{\"@type\":\"ReadAction\",\"target\":[\"https:\\\/\\\/csdc-cecd.ca\\\/series-de-conferences-cecd\\\/\"]}]},{\"@type\":\"BreadcrumbList\",\"@id\":\"https:\\\/\\\/csdc-cecd.ca\\\/series-de-conferences-cecd\\\/#breadcrumb\",\"itemListElement\":[{\"@type\":\"ListItem\",\"position\":1,\"name\":\"Accueil\",\"item\":\"https:\\\/\\\/csdc-cecd.ca\\\/en\\\/\"},{\"@type\":\"ListItem\",\"position\":2,\"name\":\"CSDC Speaker Series\"}]},{\"@type\":\"WebSite\",\"@id\":\"https:\\\/\\\/csdc-cecd.ca\\\/#website\",\"url\":\"https:\\\/\\\/csdc-cecd.ca\\\/\",\"name\":\"CECD - Centre pour l&#039;\u00e9tude de la citoyennet\u00e9 d\u00e9mocratique\",\"description\":\"\",\"potentialAction\":[{\"@type\":\"SearchAction\",\"target\":{\"@type\":\"EntryPoint\",\"urlTemplate\":\"https:\\\/\\\/csdc-cecd.ca\\\/?s={search_term_string}\"},\"query-input\":{\"@type\":\"PropertyValueSpecification\",\"valueRequired\":true,\"valueName\":\"search_term_string\"}}],\"inLanguage\":\"en-US\"}]}<\/script>\n<!-- \/ Yoast SEO plugin. -->","yoast_head_json":{"title":"CSDC Speaker Series - CECD - Centre pour l&#039;\u00e9tude de la citoyennet\u00e9 d\u00e9mocratique","robots":{"index":"index","follow":"follow","max-snippet":"max-snippet:-1","max-image-preview":"max-image-preview:large","max-video-preview":"max-video-preview:-1"},"canonical":"https:\/\/csdc-cecd.ca\/series-de-conferences-cecd\/","og_locale":"en_US","og_type":"article","og_title":"CSDC Speaker Series - CECD - Centre pour l&#039;\u00e9tude de la citoyennet\u00e9 d\u00e9mocratique","og_description":"CSDC Speaker Series If you would like to receive email updates about our speaker series, please send an email to our coordinator at cecd-csdc@ulaval.ca.\u00a0 &nbsp;Schedule: Academic year September 2025 \u2013 August 2026Invit\u00e9TitreDateHeureLieuAnders Olof Larsson (Kristiania University College, Department of Communications, Oslo, Norway)Studying Political Actors on Social Media \u2013 Current Challenges and OpportunitiesFriday, April 17, 20263 [&hellip;]","og_url":"https:\/\/csdc-cecd.ca\/series-de-conferences-cecd\/","og_site_name":"CECD - Centre pour l&#039;\u00e9tude de la citoyennet\u00e9 d\u00e9mocratique","article_modified_time":"2026-03-09T15:01:07+00:00","twitter_card":"summary_large_image","twitter_misc":{"Est. reading time":"1 minute"},"schema":{"@context":"https:\/\/schema.org","@graph":[{"@type":"WebPage","@id":"https:\/\/csdc-cecd.ca\/series-de-conferences-cecd\/","url":"https:\/\/csdc-cecd.ca\/series-de-conferences-cecd\/","name":"CSDC Speaker Series - CECD - Centre pour l&#039;\u00e9tude de la citoyennet\u00e9 d\u00e9mocratique","isPartOf":{"@id":"https:\/\/csdc-cecd.ca\/#website"},"datePublished":"2024-07-30T18:13:10+00:00","dateModified":"2026-03-09T15:01:07+00:00","breadcrumb":{"@id":"https:\/\/csdc-cecd.ca\/series-de-conferences-cecd\/#breadcrumb"},"inLanguage":"en-US","potentialAction":[{"@type":"ReadAction","target":["https:\/\/csdc-cecd.ca\/series-de-conferences-cecd\/"]}]},{"@type":"BreadcrumbList","@id":"https:\/\/csdc-cecd.ca\/series-de-conferences-cecd\/#breadcrumb","itemListElement":[{"@type":"ListItem","position":1,"name":"Accueil","item":"https:\/\/csdc-cecd.ca\/en\/"},{"@type":"ListItem","position":2,"name":"CSDC Speaker Series"}]},{"@type":"WebSite","@id":"https:\/\/csdc-cecd.ca\/#website","url":"https:\/\/csdc-cecd.ca\/","name":"CECD - Centre pour l&#039;\u00e9tude de la citoyennet\u00e9 d\u00e9mocratique","description":"","potentialAction":[{"@type":"SearchAction","target":{"@type":"EntryPoint","urlTemplate":"https:\/\/csdc-cecd.ca\/?s={search_term_string}"},"query-input":{"@type":"PropertyValueSpecification","valueRequired":true,"valueName":"search_term_string"}}],"inLanguage":"en-US"}]}},"_links":{"self":[{"href":"https:\/\/csdc-cecd.ca\/en\/wp-json\/wp\/v2\/pages\/1595","targetHints":{"allow":["GET"]}}],"collection":[{"href":"https:\/\/csdc-cecd.ca\/en\/wp-json\/wp\/v2\/pages"}],"about":[{"href":"https:\/\/csdc-cecd.ca\/en\/wp-json\/wp\/v2\/types\/page"}],"author":[{"embeddable":true,"href":"https:\/\/csdc-cecd.ca\/en\/wp-json\/wp\/v2\/users\/1"}],"replies":[{"embeddable":true,"href":"https:\/\/csdc-cecd.ca\/en\/wp-json\/wp\/v2\/comments?post=1595"}],"version-history":[{"count":41,"href":"https:\/\/csdc-cecd.ca\/en\/wp-json\/wp\/v2\/pages\/1595\/revisions"}],"predecessor-version":[{"id":7402,"href":"https:\/\/csdc-cecd.ca\/en\/wp-json\/wp\/v2\/pages\/1595\/revisions\/7402"}],"wp:attachment":[{"href":"https:\/\/csdc-cecd.ca\/en\/wp-json\/wp\/v2\/media?parent=1595"}],"curies":[{"name":"wp","href":"https:\/\/api.w.org\/{rel}","templated":true}]}}