{"id":1672,"date":"2024-08-09T13:04:39","date_gmt":"2024-08-09T17:04:39","guid":{"rendered":"https:\/\/nouveau.csdc-cecd.ca\/etudiants-invites\/"},"modified":"2026-01-22T10:44:27","modified_gmt":"2026-01-22T15:44:27","slug":"etudiants-invites","status":"publish","type":"page","link":"https:\/\/csdc-cecd.ca\/en\/etudiants-invites\/","title":{"rendered":"Visiting Students and Postdoctoral Fellows"},"content":{"rendered":"<p>[et_pb_section fb_built=&#8221;1&#8243; _builder_version=&#8221;4.27.0&#8243; _module_preset=&#8221;default&#8221; global_colors_info=&#8221;{}&#8221;][et_pb_row _builder_version=&#8221;4.27.0&#8243; _module_preset=&#8221;default&#8221; global_colors_info=&#8221;{}&#8221;][et_pb_column type=&#8221;4_4&#8243; _builder_version=&#8221;4.27.0&#8243; _module_preset=&#8221;default&#8221; global_colors_info=&#8221;{}&#8221;][et_pb_text _builder_version=&#8221;4.27.0&#8243; _module_preset=&#8221;default&#8221; global_colors_info=&#8221;{}&#8221;]<\/p>\n<h2>Visiting Students and Postdoctoral Fellows<\/h2>\n<p>[\/et_pb_text][et_pb_text _builder_version=&#8221;4.27.5&#8243; _module_preset=&#8221;default&#8221; hover_enabled=&#8221;0&#8243; global_colors_info=&#8221;{}&#8221; sticky_enabled=&#8221;0&#8243;]<\/p>\n<h2>Academic year 2025-2026<\/h2>\n<p>[\/et_pb_text][\/et_pb_column][\/et_pb_row][et_pb_row column_structure=&#8221;1_4,3_4&#8243; _builder_version=&#8221;4.27.0&#8243; _module_preset=&#8221;default&#8221; hover_enabled=&#8221;0&#8243; global_colors_info=&#8221;{}&#8221; sticky_enabled=&#8221;0&#8243;][et_pb_column type=&#8221;1_4&#8243; _builder_version=&#8221;4.27.0&#8243; _module_preset=&#8221;default&#8221; global_colors_info=&#8221;{}&#8221;][et_pb_image src=&#8221;https:\/\/csdc-cecd.ca\/wp-content\/uploads\/2026\/01\/photo_thais.jpg&#8221; title_text=&#8221;photo_thais&#8221; _builder_version=&#8221;4.27.5&#8243; _module_preset=&#8221;default&#8221; hover_enabled=&#8221;0&#8243; global_colors_info=&#8221;{}&#8221; sticky_enabled=&#8221;0&#8243;][\/et_pb_image][\/et_pb_column][et_pb_column type=&#8221;3_4&#8243; _builder_version=&#8221;4.27.0&#8243; _module_preset=&#8221;default&#8221; global_colors_info=&#8221;{}&#8221;][et_pb_text _builder_version=&#8221;4.27.5&#8243; _module_preset=&#8221;default&#8221; hover_enabled=&#8221;0&#8243; global_colors_info=&#8221;{}&#8221; sticky_enabled=&#8221;0&#8243;]<\/p>\n<p><span>September 2025 &#8211; May 2026<\/span><\/p>\n<p><span>Thais Estrella de Alencar<\/span><br \/><span>PhD candidate<br \/><\/span><span>Federal University of the State of Rio de Janeiro (UNIRIO), Brazil<\/span><\/p>\n<p><span>Thais Estrella is a PhD Candidate in Political Science at the Federal University of the State of Rio de Janeiro (UNIRIO), where she also obtained her Bachelor\u2019s and Master\u2019s degrees. Her research focuses on political behavior and public opinion, with a particular interest in democratic legitimacy and institutional trust in Brazil.<\/span><\/p>\n<p>[\/et_pb_text][\/et_pb_column][\/et_pb_row][et_pb_row _builder_version=&#8221;4.27.0&#8243; _module_preset=&#8221;default&#8221; global_colors_info=&#8221;{}&#8221;][et_pb_column type=&#8221;4_4&#8243; _builder_version=&#8221;4.27.0&#8243; _module_preset=&#8221;default&#8221; global_colors_info=&#8221;{}&#8221;][et_pb_text _builder_version=&#8221;4.27.0&#8243; _module_preset=&#8221;default&#8221; global_colors_info=&#8221;{}&#8221;]<\/p>\n<h2>Academic year 2024-2025<\/h2>\n<p>[\/et_pb_text][\/et_pb_column][\/et_pb_row][et_pb_row column_structure=&#8221;1_4,3_4&#8243; _builder_version=&#8221;4.27.0&#8243; _module_preset=&#8221;default&#8221; global_colors_info=&#8221;{}&#8221;][et_pb_column type=&#8221;1_4&#8243; _builder_version=&#8221;4.27.0&#8243; _module_preset=&#8221;default&#8221; global_colors_info=&#8221;{}&#8221;][et_pb_image src=&#8221;https:\/\/csdc-cecd.ca\/wp-content\/uploads\/2025\/06\/Photo-PM.png&#8221; title_text=&#8221;Photo PM&#8221; _builder_version=&#8221;4.27.4&#8243; _module_preset=&#8221;default&#8221; global_colors_info=&#8221;{}&#8221;][\/et_pb_image][\/et_pb_column][et_pb_column type=&#8221;3_4&#8243; _builder_version=&#8221;4.27.0&#8243; _module_preset=&#8221;default&#8221; global_colors_info=&#8221;{}&#8221;][et_pb_text _builder_version=&#8221;4.27.4&#8243; _module_preset=&#8221;default&#8221; global_colors_info=&#8221;{}&#8221;]<\/p>\n<p><span>June &#8211; August 2025<\/span><\/p>\n<p><span>Pascal Morimanno<\/span><br \/><span>Master&#8217;s student<br \/><\/span><span>Science Po Paris, France<\/span><\/p>\n<p><span>Pascal Morimanno is a Master&#8217;s student at the Institut d&#8217;Etudes Politiques de Paris, specializing in political behavior. He is currently a research assistant affiliated with the Consortium for Electoral Democracy, working on the 2025 federal election and attitudes toward immigration in Canada.<\/span><\/p>\n<p>[\/et_pb_text][\/et_pb_column][\/et_pb_row][et_pb_row column_structure=&#8221;1_4,3_4&#8243; _builder_version=&#8221;4.27.0&#8243; _module_preset=&#8221;default&#8221; global_colors_info=&#8221;{}&#8221;][et_pb_column type=&#8221;1_4&#8243; _builder_version=&#8221;4.27.0&#8243; _module_preset=&#8221;default&#8221; global_colors_info=&#8221;{}&#8221;][et_pb_image src=&#8221;https:\/\/csdc-cecd.ca\/wp-content\/uploads\/2024\/09\/Clemence_DESWERT-scaled.jpg&#8221; title_text=&#8221;Cle\u0301mence_DESWERT&#8221; _builder_version=&#8221;4.27.0&#8243; _module_preset=&#8221;default&#8221; global_colors_info=&#8221;{}&#8221;][\/et_pb_image][\/et_pb_column][et_pb_column type=&#8221;3_4&#8243; _builder_version=&#8221;4.27.0&#8243; _module_preset=&#8221;default&#8221; global_colors_info=&#8221;{}&#8221;][et_pb_text _builder_version=&#8221;4.27.0&#8243; _module_preset=&#8221;default&#8221; global_colors_info=&#8221;{}&#8221;]<\/p>\n<p>September &#8211; November 2024<\/p>\n<p>Cl\u00e9mence Deswert<br \/><span>PhD candidate<br \/><\/span>Centre de l&#8217;\u00c9tude de la Vie Politique (Cevipol), Universit\u00e9 libre de Bruxelles, Belgium<\/p>\n<p><span><\/span><\/p>\n<p>Cl\u00e9mence Deswert is a PhD student at the Centre d\u2019\u00e9tude de la vie politique (Cevipol) of the Universit\u00e9 libre de Bruxelles (ULB). Her doctoral research focuses on the gendered mediation of political leadership in the discourse of the French press. She is also working on a study on sexism during the 2024 electoral campaign in Belgium. Her research interests include the relationship between gender and politics, political communication and the political representation of women.<\/p>\n<p>[\/et_pb_text][\/et_pb_column][\/et_pb_row][et_pb_row column_structure=&#8221;1_4,3_4&#8243; _builder_version=&#8221;4.27.0&#8243; _module_preset=&#8221;default&#8221; global_colors_info=&#8221;{}&#8221;][et_pb_column type=&#8221;1_4&#8243; _builder_version=&#8221;4.27.0&#8243; _module_preset=&#8221;default&#8221; global_colors_info=&#8221;{}&#8221;][et_pb_image src=&#8221;https:\/\/csdc-cecd.ca\/wp-content\/uploads\/2024\/08\/Eck-B-1.jpg&#8221; title_text=&#8221;Eck B&#8221; _builder_version=&#8221;4.27.0&#8243; _module_preset=&#8221;default&#8221; global_colors_info=&#8221;{}&#8221;][\/et_pb_image][\/et_pb_column][et_pb_column type=&#8221;3_4&#8243; _builder_version=&#8221;4.27.0&#8243; _module_preset=&#8221;default&#8221; global_colors_info=&#8221;{}&#8221;][et_pb_text _builder_version=&#8221;4.27.0&#8243; _module_preset=&#8221;default&#8221; global_colors_info=&#8221;{}&#8221;]<\/p>\n<p>August \u2013 December 2024<\/p>\n<p>Bjarn Eck<br \/><span>PhD candidate<br \/><\/span>Centre d&#8217;e l&#8217;\u00c9ude de la Vie Politique (Cevipol), Universit\u00e9 libre de Bruxelles, Belgium<\/p>\n<p><span><\/span><\/p>\n<p>Bjarn Eck is a PhD student at the Universit\u00e9 libre de Bruxelles. He also works within the Belgian interuniversity research project NotLikeUs. His research interests include affective polarization, voting behavior and public attitudes towards European integration.<\/p>\n<p>[\/et_pb_text][\/et_pb_column][\/et_pb_row][et_pb_row _builder_version=&#8221;4.27.0&#8243; _module_preset=&#8221;default&#8221; global_colors_info=&#8221;{}&#8221;][et_pb_column type=&#8221;4_4&#8243; _builder_version=&#8221;4.27.0&#8243; _module_preset=&#8221;default&#8221; global_colors_info=&#8221;{}&#8221;][et_pb_text _builder_version=&#8221;4.27.0&#8243; _module_preset=&#8221;default&#8221; global_colors_info=&#8221;{}&#8221;]<\/p>\n<h2>Academic year 2023-2024<\/h2>\n<p>[\/et_pb_text][\/et_pb_column][\/et_pb_row][et_pb_row column_structure=&#8221;1_4,3_4&#8243; _builder_version=&#8221;4.27.0&#8243; _module_preset=&#8221;default&#8221; global_colors_info=&#8221;{}&#8221;][et_pb_column type=&#8221;1_4&#8243; _builder_version=&#8221;4.27.0&#8243; _module_preset=&#8221;default&#8221; global_colors_info=&#8221;{}&#8221;][et_pb_image src=&#8221;https:\/\/csdc-cecd.ca\/wp-content\/uploads\/2024\/08\/379658912_1357873764846083_601945010300029198_n-scaled.jpg&#8221; title_text=&#8221;379658912_1357873764846083_601945010300029198_n&#8221; _builder_version=&#8221;4.27.0&#8243; _module_preset=&#8221;default&#8221; global_colors_info=&#8221;{}&#8221;][\/et_pb_image][\/et_pb_column][et_pb_column type=&#8221;3_4&#8243; _builder_version=&#8221;4.27.0&#8243; _module_preset=&#8221;default&#8221; global_colors_info=&#8221;{}&#8221;][et_pb_text _builder_version=&#8221;4.27.0&#8243; _module_preset=&#8221;default&#8221; global_colors_info=&#8221;{}&#8221;]<\/p>\n<p>September \u2013 December 2023<\/p>\n<p>Justin Robinson<br \/><span>PhD candidate<\/span><br \/>Department of Politics, University of York, England<br \/><span><\/span><\/p>\n<p>Justin Robinson is a PhD candidate at the University of York (UK). His thesis focuses on emotional and behavioural responses to threats (particularly climate-related threats) and their implications for political attitudes and behaviour. More broadly, his work explores the psychological underpinnings of electoral and policy preferences. He holds a BA in Political Science from the University of Leeds and an MA in Social Research from the University of York.<\/p>\n<p>[\/et_pb_text][\/et_pb_column][\/et_pb_row][et_pb_row _builder_version=&#8221;4.27.0&#8243; _module_preset=&#8221;default&#8221; global_colors_info=&#8221;{}&#8221;][et_pb_column type=&#8221;4_4&#8243; _builder_version=&#8221;4.27.0&#8243; _module_preset=&#8221;default&#8221; global_colors_info=&#8221;{}&#8221;][et_pb_text _builder_version=&#8221;4.27.0&#8243; _module_preset=&#8221;default&#8221; global_colors_info=&#8221;{}&#8221;]<\/p>\n<h2>Academic year 2020-2021<\/h2>\n<p>[\/et_pb_text][\/et_pb_column][\/et_pb_row][et_pb_row column_structure=&#8221;1_4,3_4&#8243; _builder_version=&#8221;4.27.0&#8243; _module_preset=&#8221;default&#8221; global_colors_info=&#8221;{}&#8221;][et_pb_column type=&#8221;1_4&#8243; _builder_version=&#8221;4.27.0&#8243; _module_preset=&#8221;default&#8221; global_colors_info=&#8221;{}&#8221;][et_pb_image src=&#8221;https:\/\/csdc-cecd.ca\/wp-content\/uploads\/2024\/08\/19449378_10155710494856151_1347211963_o-e1597329601348.jpg&#8221; title_text=&#8221;19449378_10155710494856151_1347211963_o-e1597329601348&#8243; _builder_version=&#8221;4.27.0&#8243; _module_preset=&#8221;default&#8221; global_colors_info=&#8221;{}&#8221;][\/et_pb_image][\/et_pb_column][et_pb_column type=&#8221;3_4&#8243; _builder_version=&#8221;4.27.0&#8243; _module_preset=&#8221;default&#8221; global_colors_info=&#8221;{}&#8221;][et_pb_text _builder_version=&#8221;4.27.0&#8243; _module_preset=&#8221;default&#8221; global_colors_info=&#8221;{}&#8221;]<\/p>\n<p>September 2020 \u2013 August 2021<br \/><strong><\/strong><\/p>\n<p>Alex Mierke-Zatwarnicki<br \/><span>PhD Candidate<\/span><br \/><span>Department of Government, Harvard University, Cambridge, U.S.A.<\/span><\/p>\n<p><span>Alex Mierke-Zatwarnicki is a Ph.D. candidate in the Department of Government at Harvard University where she researches the historical and contemporary development of political competition in advanced democracies. Her dissertation, in progress now, will combine quantitative text analysis and historical case studies to theorize the conditions under which political parties are most likely to appeal to group identities. She holds a B.A. from the University of British Columbia and an M.A. from the University of Toronto, both in political science.\u00a0<\/span><\/p>\n<p>[\/et_pb_text][\/et_pb_column][\/et_pb_row][et_pb_row _builder_version=&#8221;4.27.0&#8243; _module_preset=&#8221;default&#8221; global_colors_info=&#8221;{}&#8221;][et_pb_column type=&#8221;4_4&#8243; _builder_version=&#8221;4.27.0&#8243; _module_preset=&#8221;default&#8221; global_colors_info=&#8221;{}&#8221;][et_pb_text _builder_version=&#8221;4.27.0&#8243; _module_preset=&#8221;default&#8221; global_colors_info=&#8221;{}&#8221;]<\/p>\n<h2>Academic year 2019-2020<\/h2>\n<p>[\/et_pb_text][\/et_pb_column][\/et_pb_row][et_pb_row column_structure=&#8221;1_4,3_4&#8243; _builder_version=&#8221;4.27.0&#8243; _module_preset=&#8221;default&#8221; global_colors_info=&#8221;{}&#8221;][et_pb_column type=&#8221;1_4&#8243; _builder_version=&#8221;4.27.0&#8243; _module_preset=&#8221;default&#8221; global_colors_info=&#8221;{}&#8221;][et_pb_image src=&#8221;https:\/\/csdc-cecd.ca\/wp-content\/uploads\/2024\/08\/Gomez.jpeg&#8221; title_text=&#8221;Gomez&#8221; _builder_version=&#8221;4.27.0&#8243; _module_preset=&#8221;default&#8221; global_colors_info=&#8221;{}&#8221;][\/et_pb_image][\/et_pb_column][et_pb_column type=&#8221;3_4&#8243; _builder_version=&#8221;4.27.0&#8243; _module_preset=&#8221;default&#8221; global_colors_info=&#8221;{}&#8221;][et_pb_text _builder_version=&#8221;4.27.0&#8243; _module_preset=&#8221;default&#8221; global_colors_info=&#8221;{}&#8221;]<\/p>\n<p>February \u2013 March 2020<br \/><strong><\/strong><\/p>\n<p>Abelardo Gomez<br \/><span>PhD Candidate<\/span><br \/><span>Department of Political Sciences, Pompeu Fabra University, Barcelona, Spain<\/span><br \/><span><\/span><\/p>\n<p><span>Abelardo G\u00f3mez D\u00edaz has a bachelor\u2019s degree in Political Science from the University of Ottawa; a Master\u2019s in Public Relations and Communication from the Autonomous University of Barcelona; a Research Master\u2019s in Political Science from Pompeu Fabra University; and a Master\u2019s in Politics and Public Administration from the University of Konstanz, Germany. Currently, he is pursuing a PhD in Political and Social Sciences at Pompeu Fabra University, with a special focus on mixed electoral systems.\u00a0<\/span><\/p>\n<p>[\/et_pb_text][\/et_pb_column][\/et_pb_row][et_pb_row _builder_version=&#8221;4.27.0&#8243; _module_preset=&#8221;default&#8221; global_colors_info=&#8221;{}&#8221;][et_pb_column type=&#8221;4_4&#8243; _builder_version=&#8221;4.27.0&#8243; _module_preset=&#8221;default&#8221; global_colors_info=&#8221;{}&#8221;][et_pb_text _builder_version=&#8221;4.27.0&#8243; _module_preset=&#8221;default&#8221; global_colors_info=&#8221;{}&#8221;]<\/p>\n<h2>Academic year 2018-2019<\/h2>\n<p>[\/et_pb_text][\/et_pb_column][\/et_pb_row][et_pb_row column_structure=&#8221;1_4,3_4&#8243; _builder_version=&#8221;4.27.0&#8243; _module_preset=&#8221;default&#8221; global_colors_info=&#8221;{}&#8221;][et_pb_column type=&#8221;1_4&#8243; _builder_version=&#8221;4.27.0&#8243; _module_preset=&#8221;default&#8221; global_colors_info=&#8221;{}&#8221;][et_pb_image src=&#8221;https:\/\/csdc-cecd.ca\/wp-content\/uploads\/2024\/08\/Willy-Atangana-150&#215;150-1.jpeg&#8221; title_text=&#8221;Willy-Atangana-150&#215;150&#8243; force_fullwidth=&#8221;on&#8221; _builder_version=&#8221;4.27.0&#8243; _module_preset=&#8221;default&#8221; global_colors_info=&#8221;{}&#8221;][\/et_pb_image][\/et_pb_column][et_pb_column type=&#8221;3_4&#8243; _builder_version=&#8221;4.27.0&#8243; _module_preset=&#8221;default&#8221; global_colors_info=&#8221;{}&#8221;][et_pb_text _builder_version=&#8221;4.27.0&#8243; _module_preset=&#8221;default&#8221; global_colors_info=&#8221;{}&#8221;]<\/p>\n<p>September \u2013 December 2018<br \/><strong><\/strong><\/p>\n<p>Willy Atangana<br \/>PhD Candidate<br \/>Department of Political Sciences, University of Navarra, Spain<\/p>\n<p>Willy Atangana studies the relation between society (social trust), economics (growth), and politics (win elections). Somehow, he is trying to prove that the three of them do not work at the same time, therefore, we will be talking about the democracy\u2019s impossible trinity. He is a PhD Candidate at the University of Navarra in Pamplona, Spain.<\/p>\n<p>[\/et_pb_text][\/et_pb_column][\/et_pb_row][et_pb_row _builder_version=&#8221;4.27.0&#8243; _module_preset=&#8221;default&#8221; global_colors_info=&#8221;{}&#8221;][et_pb_column type=&#8221;4_4&#8243; _builder_version=&#8221;4.27.0&#8243; _module_preset=&#8221;default&#8221; global_colors_info=&#8221;{}&#8221;][et_pb_text _builder_version=&#8221;4.27.0&#8243; _module_preset=&#8221;default&#8221; global_colors_info=&#8221;{}&#8221;]<\/p>\n<h2>Academic year 2017-2018<\/h2>\n<p>[\/et_pb_text][\/et_pb_column][\/et_pb_row][et_pb_row column_structure=&#8221;1_4,3_4&#8243; _builder_version=&#8221;4.27.0&#8243; _module_preset=&#8221;default&#8221; global_colors_info=&#8221;{}&#8221;][et_pb_column type=&#8221;1_4&#8243; _builder_version=&#8221;4.27.0&#8243; _module_preset=&#8221;default&#8221; global_colors_info=&#8221;{}&#8221;][et_pb_image src=&#8221;https:\/\/csdc-cecd.ca\/wp-content\/uploads\/2024\/08\/Pagoaga_photo-150&#215;150-1.jpeg&#8221; title_text=&#8221;Pagoaga_photo-150&#215;150&#8243; force_fullwidth=&#8221;on&#8221; _builder_version=&#8221;4.27.0&#8243; _module_preset=&#8221;default&#8221; global_colors_info=&#8221;{}&#8221;][\/et_pb_image][\/et_pb_column][et_pb_column type=&#8221;3_4&#8243; _builder_version=&#8221;4.27.0&#8243; _module_preset=&#8221;default&#8221; global_colors_info=&#8221;{}&#8221;][et_pb_text _builder_version=&#8221;4.27.0&#8243; _module_preset=&#8221;default&#8221; global_colors_info=&#8221;{}&#8221;]<\/p>\n<p>April \u2013 June 2018<br \/><strong><\/strong><\/p>\n<p>Ion Pagoaga Ibiricu<br \/><span>PhD\u00a0candidate<\/span><br \/><span>Department of Political and Social Sciences, European University Institute, Italy<\/span><\/p>\n<p><span>Ion Pagoaga Ibiricu studies comparative territorial politics with a focus on secessionism and party system change. He holds a position as a PhD candidate at the European University Institute (EUI) since 2015 and has also been a visiting researcher at the School of Social and Political Science at the University of Edinburgh.<\/span><\/p>\n<p>[\/et_pb_text][\/et_pb_column][\/et_pb_row][et_pb_row column_structure=&#8221;1_4,3_4&#8243; _builder_version=&#8221;4.27.0&#8243; _module_preset=&#8221;default&#8221; global_colors_info=&#8221;{}&#8221;][et_pb_column type=&#8221;1_4&#8243; _builder_version=&#8221;4.27.0&#8243; _module_preset=&#8221;default&#8221; global_colors_info=&#8221;{}&#8221;][et_pb_image src=&#8221;https:\/\/csdc-cecd.ca\/wp-content\/uploads\/2024\/08\/Dieter-Stiers-1.jpeg&#8221; title_text=&#8221;Dieter-Stiers-1&#8243; force_fullwidth=&#8221;on&#8221; _builder_version=&#8221;4.27.0&#8243; _module_preset=&#8221;default&#8221; global_colors_info=&#8221;{}&#8221;][\/et_pb_image][\/et_pb_column][et_pb_column type=&#8221;3_4&#8243; _builder_version=&#8221;4.27.0&#8243; _module_preset=&#8221;default&#8221; global_colors_info=&#8221;{}&#8221;][et_pb_text _builder_version=&#8221;4.27.0&#8243; _module_preset=&#8221;default&#8221; global_colors_info=&#8221;{}&#8221;]<\/p>\n<p>February \u2013 May 2018<br \/><strong><\/strong><\/p>\n<p>Dieter Stiers<br \/><span>PhD\u00a0candidate<\/span><br \/><span>Centre for Political Science Research, KU Leuven, Belgium<\/span><\/p>\n<p><span>Dieter Stiers is a PhD student of the Research Foundation Flanders (FWO) at the Centre for Political Science Research of KU Leuven. He is mainly interested in elections and electoral behaviour, with a specific focus on the causes and consequences of electoral volatility and the restrospective voting theory.<\/span><\/p>\n<p>[\/et_pb_text][\/et_pb_column][\/et_pb_row][et_pb_row column_structure=&#8221;1_4,3_4&#8243; _builder_version=&#8221;4.27.0&#8243; _module_preset=&#8221;default&#8221; global_colors_info=&#8221;{}&#8221;][et_pb_column type=&#8221;1_4&#8243; _builder_version=&#8221;4.27.0&#8243; _module_preset=&#8221;default&#8221; global_colors_info=&#8221;{}&#8221;][et_pb_image src=&#8221;https:\/\/csdc-cecd.ca\/wp-content\/uploads\/2024\/08\/csm_SCHIMPF_picture_quadrat_b2b863767c.jpeg&#8221; title_text=&#8221;csm_SCHIMPF_picture_quadrat_b2b863767c&#8221; force_fullwidth=&#8221;on&#8221; _builder_version=&#8221;4.27.0&#8243; _module_preset=&#8221;default&#8221; global_colors_info=&#8221;{}&#8221;][\/et_pb_image][\/et_pb_column][et_pb_column type=&#8221;3_4&#8243; _builder_version=&#8221;4.27.0&#8243; _module_preset=&#8221;default&#8221; global_colors_info=&#8221;{}&#8221;][et_pb_text _builder_version=&#8221;4.27.0&#8243; _module_preset=&#8221;default&#8221; global_colors_info=&#8221;{}&#8221;]<\/p>\n<p>February 2018 \u2013 April 2018<br \/><strong><\/strong><\/p>\n<p>Christian Schimpf<br \/><span>PhD\u00a0candidate<\/span><br \/><span>Political Science, Graduate School of Economic and Social Sciences ,University of Mannheim, Germany<\/span><\/p>\n<p><span>Christian Schimpf is studying populism, voting behaviour, and comparative public opinion. He has been a PhD candidate at the University of Mannheim\u2019s graduate school since 2015 and has been a visiting scholar at Aarhus University (Denmark). He currently works as a data processing specialist with the Comparative Study of Electoral Systems (CSES) Project at the GESIS Leibniz Institute for the Social Sciences.<\/span><\/p>\n<p>[\/et_pb_text][\/et_pb_column][\/et_pb_row][\/et_pb_section]<\/p>\n","protected":false},"excerpt":{"rendered":"<p>Visiting Students and Postdoctoral FellowsAcademic year 2025-2026September 2025 &#8211; May 2026 Thais Estrella de AlencarPhD candidateFederal University of the State of Rio de Janeiro (UNIRIO), Brazil Thais Estrella is a PhD Candidate in Political Science at the Federal University of the State of Rio de Janeiro (UNIRIO), where she also obtained her Bachelor\u2019s and Master\u2019s [&hellip;]<\/p>\n","protected":false},"author":1,"featured_media":0,"parent":0,"menu_order":0,"comment_status":"closed","ping_status":"closed","template":"","meta":{"_et_pb_use_builder":"on","_et_pb_old_content":"","_et_gb_content_width":"","footnotes":""},"class_list":["post-1672","page","type-page","status-publish","hentry"],"yoast_head":"<!-- This site is optimized with the Yoast SEO plugin v27.4 - https:\/\/yoast.com\/product\/yoast-seo-wordpress\/ -->\n<title>Visiting Students and Postdoctoral Fellows - CECD - Centre pour l&#039;\u00e9tude de la citoyennet\u00e9 d\u00e9mocratique<\/title>\n<meta name=\"robots\" content=\"index, follow, max-snippet:-1, max-image-preview:large, max-video-preview:-1\" \/>\n<link rel=\"canonical\" href=\"https:\/\/csdc-cecd.ca\/etudiants-invites\/\" \/>\n<meta property=\"og:locale\" content=\"en_US\" \/>\n<meta property=\"og:type\" content=\"article\" \/>\n<meta property=\"og:title\" content=\"Visiting Students and Postdoctoral Fellows - CECD - Centre pour l&#039;\u00e9tude de la citoyennet\u00e9 d\u00e9mocratique\" \/>\n<meta property=\"og:description\" content=\"Visiting Students and Postdoctoral FellowsAcademic year 2025-2026September 2025 - May 2026 Thais Estrella de AlencarPhD candidateFederal University of the State of Rio de Janeiro (UNIRIO), Brazil Thais Estrella is a PhD Candidate in Political Science at the Federal University of the State of Rio de Janeiro (UNIRIO), where she also obtained her Bachelor\u2019s and Master\u2019s [&hellip;]\" \/>\n<meta property=\"og:url\" content=\"https:\/\/csdc-cecd.ca\/etudiants-invites\/\" \/>\n<meta property=\"og:site_name\" content=\"CECD - Centre pour l&#039;\u00e9tude de la citoyennet\u00e9 d\u00e9mocratique\" \/>\n<meta property=\"article:modified_time\" content=\"2026-01-22T15:44:27+00:00\" \/>\n<meta name=\"twitter:card\" content=\"summary_large_image\" \/>\n<meta name=\"twitter:label1\" content=\"Est. reading time\" \/>\n\t<meta name=\"twitter:data1\" content=\"1 minute\" \/>\n<script type=\"application\/ld+json\" class=\"yoast-schema-graph\">{\"@context\":\"https:\\\/\\\/schema.org\",\"@graph\":[{\"@type\":\"WebPage\",\"@id\":\"https:\\\/\\\/csdc-cecd.ca\\\/etudiants-invites\\\/\",\"url\":\"https:\\\/\\\/csdc-cecd.ca\\\/etudiants-invites\\\/\",\"name\":\"Visiting Students and Postdoctoral Fellows - CECD - Centre pour l&#039;\u00e9tude de la citoyennet\u00e9 d\u00e9mocratique\",\"isPartOf\":{\"@id\":\"https:\\\/\\\/csdc-cecd.ca\\\/#website\"},\"datePublished\":\"2024-08-09T17:04:39+00:00\",\"dateModified\":\"2026-01-22T15:44:27+00:00\",\"breadcrumb\":{\"@id\":\"https:\\\/\\\/csdc-cecd.ca\\\/etudiants-invites\\\/#breadcrumb\"},\"inLanguage\":\"en-US\",\"potentialAction\":[{\"@type\":\"ReadAction\",\"target\":[\"https:\\\/\\\/csdc-cecd.ca\\\/etudiants-invites\\\/\"]}]},{\"@type\":\"BreadcrumbList\",\"@id\":\"https:\\\/\\\/csdc-cecd.ca\\\/etudiants-invites\\\/#breadcrumb\",\"itemListElement\":[{\"@type\":\"ListItem\",\"position\":1,\"name\":\"Accueil\",\"item\":\"https:\\\/\\\/csdc-cecd.ca\\\/en\\\/\"},{\"@type\":\"ListItem\",\"position\":2,\"name\":\"Visiting Students and Postdoctoral Fellows\"}]},{\"@type\":\"WebSite\",\"@id\":\"https:\\\/\\\/csdc-cecd.ca\\\/#website\",\"url\":\"https:\\\/\\\/csdc-cecd.ca\\\/\",\"name\":\"CECD - Centre pour l&#039;\u00e9tude de la citoyennet\u00e9 d\u00e9mocratique\",\"description\":\"\",\"potentialAction\":[{\"@type\":\"SearchAction\",\"target\":{\"@type\":\"EntryPoint\",\"urlTemplate\":\"https:\\\/\\\/csdc-cecd.ca\\\/?s={search_term_string}\"},\"query-input\":{\"@type\":\"PropertyValueSpecification\",\"valueRequired\":true,\"valueName\":\"search_term_string\"}}],\"inLanguage\":\"en-US\"}]}<\/script>\n<!-- \/ Yoast SEO plugin. -->","yoast_head_json":{"title":"Visiting Students and Postdoctoral Fellows - CECD - Centre pour l&#039;\u00e9tude de la citoyennet\u00e9 d\u00e9mocratique","robots":{"index":"index","follow":"follow","max-snippet":"max-snippet:-1","max-image-preview":"max-image-preview:large","max-video-preview":"max-video-preview:-1"},"canonical":"https:\/\/csdc-cecd.ca\/etudiants-invites\/","og_locale":"en_US","og_type":"article","og_title":"Visiting Students and Postdoctoral Fellows - CECD - Centre pour l&#039;\u00e9tude de la citoyennet\u00e9 d\u00e9mocratique","og_description":"Visiting Students and Postdoctoral FellowsAcademic year 2025-2026September 2025 - May 2026 Thais Estrella de AlencarPhD candidateFederal University of the State of Rio de Janeiro (UNIRIO), Brazil Thais Estrella is a PhD Candidate in Political Science at the Federal University of the State of Rio de Janeiro (UNIRIO), where she also obtained her Bachelor\u2019s and Master\u2019s [&hellip;]","og_url":"https:\/\/csdc-cecd.ca\/etudiants-invites\/","og_site_name":"CECD - Centre pour l&#039;\u00e9tude de la citoyennet\u00e9 d\u00e9mocratique","article_modified_time":"2026-01-22T15:44:27+00:00","twitter_card":"summary_large_image","twitter_misc":{"Est. reading time":"1 minute"},"schema":{"@context":"https:\/\/schema.org","@graph":[{"@type":"WebPage","@id":"https:\/\/csdc-cecd.ca\/etudiants-invites\/","url":"https:\/\/csdc-cecd.ca\/etudiants-invites\/","name":"Visiting Students and Postdoctoral Fellows - CECD - Centre pour l&#039;\u00e9tude de la citoyennet\u00e9 d\u00e9mocratique","isPartOf":{"@id":"https:\/\/csdc-cecd.ca\/#website"},"datePublished":"2024-08-09T17:04:39+00:00","dateModified":"2026-01-22T15:44:27+00:00","breadcrumb":{"@id":"https:\/\/csdc-cecd.ca\/etudiants-invites\/#breadcrumb"},"inLanguage":"en-US","potentialAction":[{"@type":"ReadAction","target":["https:\/\/csdc-cecd.ca\/etudiants-invites\/"]}]},{"@type":"BreadcrumbList","@id":"https:\/\/csdc-cecd.ca\/etudiants-invites\/#breadcrumb","itemListElement":[{"@type":"ListItem","position":1,"name":"Accueil","item":"https:\/\/csdc-cecd.ca\/en\/"},{"@type":"ListItem","position":2,"name":"Visiting Students and Postdoctoral Fellows"}]},{"@type":"WebSite","@id":"https:\/\/csdc-cecd.ca\/#website","url":"https:\/\/csdc-cecd.ca\/","name":"CECD - Centre pour l&#039;\u00e9tude de la citoyennet\u00e9 d\u00e9mocratique","description":"","potentialAction":[{"@type":"SearchAction","target":{"@type":"EntryPoint","urlTemplate":"https:\/\/csdc-cecd.ca\/?s={search_term_string}"},"query-input":{"@type":"PropertyValueSpecification","valueRequired":true,"valueName":"search_term_string"}}],"inLanguage":"en-US"}]}},"_links":{"self":[{"href":"https:\/\/csdc-cecd.ca\/en\/wp-json\/wp\/v2\/pages\/1672","targetHints":{"allow":["GET"]}}],"collection":[{"href":"https:\/\/csdc-cecd.ca\/en\/wp-json\/wp\/v2\/pages"}],"about":[{"href":"https:\/\/csdc-cecd.ca\/en\/wp-json\/wp\/v2\/types\/page"}],"author":[{"embeddable":true,"href":"https:\/\/csdc-cecd.ca\/en\/wp-json\/wp\/v2\/users\/1"}],"replies":[{"embeddable":true,"href":"https:\/\/csdc-cecd.ca\/en\/wp-json\/wp\/v2\/comments?post=1672"}],"version-history":[{"count":13,"href":"https:\/\/csdc-cecd.ca\/en\/wp-json\/wp\/v2\/pages\/1672\/revisions"}],"predecessor-version":[{"id":6979,"href":"https:\/\/csdc-cecd.ca\/en\/wp-json\/wp\/v2\/pages\/1672\/revisions\/6979"}],"wp:attachment":[{"href":"https:\/\/csdc-cecd.ca\/en\/wp-json\/wp\/v2\/media?parent=1672"}],"curies":[{"name":"wp","href":"https:\/\/api.w.org\/{rel}","templated":true}]}}