{"id":2882,"date":"2024-10-02T08:51:40","date_gmt":"2024-10-02T12:51:40","guid":{"rendered":"https:\/\/csdc-cecd.ca\/reflechir-la-citoyennete-democratique\/"},"modified":"2025-05-05T13:03:41","modified_gmt":"2025-05-05T17:03:41","slug":"reflechir-la-citoyennete-democratique","status":"publish","type":"page","link":"https:\/\/csdc-cecd.ca\/en\/reflechir-la-citoyennete-democratique\/","title":{"rendered":"Reflecting on democratic citizenship:"},"content":{"rendered":"<p>[et_pb_section fb_built=&#8221;1&#8243; _builder_version=&#8221;4.27.2&#8243; _module_preset=&#8221;default&#8221; global_colors_info=&#8221;{}&#8221;][et_pb_row _builder_version=&#8221;4.27.2&#8243; _module_preset=&#8221;default&#8221; global_colors_info=&#8221;{}&#8221;][et_pb_column type=&#8221;4_4&#8243; _builder_version=&#8221;4.27.2&#8243; _module_preset=&#8221;default&#8221; global_colors_info=&#8221;{}&#8221;][et_pb_image src=&#8221;https:\/\/csdc-cecd.ca\/wp-content\/uploads\/2024\/12\/Reflecting-on-democratic-citizenship.png&#8221; title_text=&#8221;Reflecting on democratic citizenship&#8221; _builder_version=&#8221;4.27.4&#8243; _module_preset=&#8221;default&#8221; global_colors_info=&#8221;{}&#8221;][\/et_pb_image][\/et_pb_column][\/et_pb_row][et_pb_row _builder_version=&#8221;4.27.2&#8243; _module_preset=&#8221;default&#8221; global_colors_info=&#8221;{}&#8221;][et_pb_column type=&#8221;4_4&#8243; _builder_version=&#8221;4.27.2&#8243; _module_preset=&#8221;default&#8221; global_colors_info=&#8221;{}&#8221;][et_pb_text _builder_version=&#8221;4.27.2&#8243; _module_preset=&#8221;default&#8221; global_colors_info=&#8221;{}&#8221;]<\/p>\n<p><span>The Centre for the Study of Democratic Citizenship and <a href=\"https:\/\/www.democratie.chaire.ulaval.ca\/\">the Research Chair on Democracy and Parliamentary Institutions<\/a> present :<\/span><\/p>\n<p><strong>Reflecting on democratic citizenship: <\/strong><strong>A multidisciplinary approach <\/strong><strong>to meet contemporary challenges<\/strong><\/p>\n<p>When : May 15-16, 2025<br \/><span>Where : Quebec City\u00a0 (Quebec)<\/span><\/p>\n<p><span>The Centre for the Study of Democratic Citizenship is funded by the\u00a0<\/span><a href=\"https:\/\/frq.gouv.qc.ca\/societe-et-culture\/?_gl=1*2hx8i9*_up*MQ..&amp;gclid=CjwKCAjw8rW2BhAgEiwAoRO5rLFcVqh4eqvH4BFjcAOLimLDAGOrP52xh6QE6R1B-28SNQZdkOjFHRoCRPcQAvD_BwE\">Fonds de recherche du Qu\u00e9bec \u2013 Soci\u00e9t\u00e9 et culture (FRQSC)<\/a><span>.<\/span><\/p>\n<p>[\/et_pb_text][\/et_pb_column][\/et_pb_row][et_pb_row _builder_version=&#8221;4.27.2&#8243; _module_preset=&#8221;default&#8221; global_colors_info=&#8221;{}&#8221;][et_pb_column type=&#8221;4_4&#8243; _builder_version=&#8221;4.27.2&#8243; _module_preset=&#8221;default&#8221; global_colors_info=&#8221;{}&#8221;][et_pb_image src=&#8221;https:\/\/csdc-cecd.ca\/wp-content\/uploads\/2024\/10\/Appel-communications_EN-1-1.png&#8221; title_text=&#8221;Appel communications_EN-1&#8243; _builder_version=&#8221;4.27.2&#8243; _module_preset=&#8221;default&#8221; global_colors_info=&#8221;{}&#8221;][\/et_pb_image][\/et_pb_column][\/et_pb_row][et_pb_row column_structure=&#8221;3_4,1_4&#8243; _builder_version=&#8221;4.27.2&#8243; _module_preset=&#8221;default&#8221; custom_padding=&#8221;|150px||150px|false|true&#8221; global_colors_info=&#8221;{}&#8221;][et_pb_column type=&#8221;3_4&#8243; _builder_version=&#8221;4.27.2&#8243; _module_preset=&#8221;default&#8221; global_colors_info=&#8221;{}&#8221;][et_pb_text _builder_version=&#8221;4.27.2&#8243; _module_preset=&#8221;default&#8221; width=&#8221;100%&#8221; custom_padding=&#8221;|3px||0px||&#8221; global_colors_info=&#8221;{}&#8221;]<\/p>\n<p style=\"text-align: justify;\">The Center for the Study of Democratic Citizenship (CSDC) and the Research Chair on Democracy and Parliamentary Institutions (RCDPI) are jointly organizing a multidisciplinary conference on democratic citizenship and the many challenges facing our democracies, on May 15 and 16, 2025 in Quebec City.<\/p>\n<p style=\"text-align: justify;\">Democratic regimes are experiencing a crisis of confidence. This phenomenon is observed both between citizens, but also between the population, media actors and political institutions. This situation is worrying since the basis of democratic life requires an explicit acceptance of conflict, but also and above all a form of democratic solidarity built on mutual trust and a deep conviction that collective choices serve a common good. Several causes are responsible for the current situation. Some are political, others social or cultural, while our democratic infrastructures are crumbling and struggling to reinvent themselves. The social, human and pure sciences can play a crucial role in better understanding these dynamics, both through an empirical approach and rigorous theoretical reflection.<\/p>\n<p style=\"text-align: justify;\">For this conference co-organized by the CSDC and the RCPDI, we invite the submission of a wide range of contributions from all relevant disciplines on one or more of the <a href=\"https:\/\/csdc-cecd.ca\/en\/programme-et-axes-de-recherche\/\">three research axes of the CSDC<\/a> or the <a href=\"https:\/\/www.democratie.chaire.ulaval.ca\/activites-de-recherche\/axes-de-recherche\">research axes of the RCDPI<\/a>. We strongly encourage submissions that place Quebec and Canada in a comparative context.<\/p>\n<p style=\"text-align: justify;\">The bilingual conference will include a keynote lecture at the Quebec National Assembly, a series of thematic panels, a roundtable and a poster presentation session for student researchers.<\/p>\n<p style=\"text-align: justify;\">To submit your communication or poster proposal, please provide the following information: title, author(s), university affiliation and an abstract of 500 words maximum.<\/p>\n<p style=\"text-align: justify;\">All must be submitted by November 25, 2024, via the online form:<\/p>\n<p>[\/et_pb_text][\/et_pb_column][et_pb_column type=&#8221;1_4&#8243; _builder_version=&#8221;4.27.2&#8243; _module_preset=&#8221;default&#8221; global_colors_info=&#8221;{}&#8221;][et_pb_image src=&#8221;https:\/\/csdc-cecd.ca\/wp-content\/uploads\/2025\/03\/Reflechir-la-citoyennete-democratique-7.jpg&#8221; title_text=&#8221;Re\u0301fle\u0301chir la citoyennete\u0301 de\u0301mocratique (7)&#8221; url=&#8221;@ET-DC@eyJkeW5hbWljIjp0cnVlLCJjb250ZW50IjoicG9zdF9saW5rX3VybF9hdHRhY2htZW50Iiwic2V0dGluZ3MiOnsicG9zdF9pZCI6IjQ5MTAifX0=@&#8221; _builder_version=&#8221;4.27.4&#8243; _dynamic_attributes=&#8221;url&#8221; _module_preset=&#8221;default&#8221; hover_enabled=&#8221;0&#8243; global_colors_info=&#8221;{}&#8221; sticky_enabled=&#8221;0&#8243;][\/et_pb_image][\/et_pb_column][\/et_pb_row][et_pb_row _builder_version=&#8221;4.27.2&#8243; _module_preset=&#8221;default&#8221; custom_padding=&#8221;|150px||150px|false|true&#8221; global_colors_info=&#8221;{}&#8221;][et_pb_column type=&#8221;4_4&#8243; _builder_version=&#8221;4.27.2&#8243; _module_preset=&#8221;default&#8221; global_colors_info=&#8221;{}&#8221;][et_pb_text _builder_version=&#8221;4.27.4&#8243; _module_preset=&#8221;default&#8221; global_colors_info=&#8221;{}&#8221;]<\/p>\n<p>Scientific Committee :<\/p>\n<table width=\"496\" height=\"175\">\n<tbody>\n<tr>\n<td style=\"width: 396.075px;\">Marc Bodet<\/td>\n<td style=\"width: 494.475px;\">Universit\u00e9 Laval<\/td>\n<\/tr>\n<tr>\n<td style=\"width: 396.075px;\">Colette Brin<\/td>\n<td style=\"width: 494.475px;\">Universit\u00e9 Laval<\/td>\n<\/tr>\n<tr>\n<td style=\"width: 396.075px;\">Patrick Fournier<\/td>\n<td style=\"width: 494.475px;\">Interim Director, Center for the Study of Democratic Citizenship,<br \/>Universit\u00e9 de Montr\u00e9al<\/td>\n<\/tr>\n<tr>\n<td style=\"width: 396.075px;\">Val\u00e9rie-Anne Mah\u00e9o<\/td>\n<td style=\"width: 494.475px;\">Research Chair on Democracy and Parliamentary Institutions,<br \/>Universit\u00e9 Laval<\/td>\n<\/tr>\n<\/tbody>\n<\/table>\n<p>&nbsp;<\/p>\n<p>&nbsp;<\/p>\n<p>[\/et_pb_text][\/et_pb_column][\/et_pb_row][et_pb_row _builder_version=&#8221;4.27.2&#8243; _module_preset=&#8221;default&#8221; global_colors_info=&#8221;{}&#8221;][et_pb_column type=&#8221;4_4&#8243; _builder_version=&#8221;4.27.2&#8243; _module_preset=&#8221;default&#8221; global_colors_info=&#8221;{}&#8221;][et_pb_text _builder_version=&#8221;4.27.4&#8243; _module_preset=&#8221;default&#8221; global_colors_info=&#8221;{}&#8221;]<\/p>\n<p><span>The Centre for the Study of Democratic Citizenship is funded by the\u00a0<\/span><a href=\"https:\/\/frq.gouv.qc.ca\/societe-et-culture\/?_gl=1*2hx8i9*_up*MQ..&amp;gclid=CjwKCAjw8rW2BhAgEiwAoRO5rLFcVqh4eqvH4BFjcAOLimLDAGOrP52xh6QE6R1B-28SNQZdkOjFHRoCRPcQAvD_BwE\">Fonds de recherche du Qu\u00e9bec \u2013 Soci\u00e9t\u00e9 et culture (FRQSC)<\/a><span>.<\/span><\/p>\n<p>[\/et_pb_text][\/et_pb_column][\/et_pb_row][\/et_pb_section]<\/p>\n","protected":false},"excerpt":{"rendered":"<p>The Centre for the Study of Democratic Citizenship and the Research Chair on Democracy and Parliamentary Institutions present : Reflecting on democratic citizenship: A multidisciplinary approach to meet contemporary challenges When : May 15-16, 2025Where : Quebec City\u00a0 (Quebec) The Centre for the Study of Democratic Citizenship is funded by the\u00a0Fonds de recherche du Qu\u00e9bec [&hellip;]<\/p>\n","protected":false},"author":1,"featured_media":0,"parent":0,"menu_order":0,"comment_status":"closed","ping_status":"closed","template":"","meta":{"_et_pb_use_builder":"on","_et_pb_old_content":"","_et_gb_content_width":"","footnotes":""},"class_list":["post-2882","page","type-page","status-publish","hentry"],"yoast_head":"<!-- This site is optimized with the Yoast SEO plugin v27.5 - https:\/\/yoast.com\/product\/yoast-seo-wordpress\/ -->\n<title>Reflecting on democratic citizenship: - CECD - Centre pour l&#039;\u00e9tude de la citoyennet\u00e9 d\u00e9mocratique<\/title>\n<meta name=\"robots\" content=\"index, follow, max-snippet:-1, max-image-preview:large, max-video-preview:-1\" \/>\n<link rel=\"canonical\" href=\"https:\/\/csdc-cecd.ca\/reflechir-la-citoyennete-democratique\/\" \/>\n<meta property=\"og:locale\" content=\"en_US\" \/>\n<meta property=\"og:type\" content=\"article\" \/>\n<meta property=\"og:title\" content=\"Reflecting on democratic citizenship: - CECD - Centre pour l&#039;\u00e9tude de la citoyennet\u00e9 d\u00e9mocratique\" \/>\n<meta property=\"og:description\" content=\"The Centre for the Study of Democratic Citizenship and the Research Chair on Democracy and Parliamentary Institutions present : Reflecting on democratic citizenship: A multidisciplinary approach to meet contemporary challenges When : May 15-16, 2025Where : Quebec City\u00a0 (Quebec) The Centre for the Study of Democratic Citizenship is funded by the\u00a0Fonds de recherche du Qu\u00e9bec [&hellip;]\" \/>\n<meta property=\"og:url\" content=\"https:\/\/csdc-cecd.ca\/reflechir-la-citoyennete-democratique\/\" \/>\n<meta property=\"og:site_name\" content=\"CECD - Centre pour l&#039;\u00e9tude de la citoyennet\u00e9 d\u00e9mocratique\" \/>\n<meta property=\"article:modified_time\" content=\"2025-05-05T17:03:41+00:00\" \/>\n<meta name=\"twitter:card\" content=\"summary_large_image\" \/>\n<meta name=\"twitter:label1\" content=\"Est. reading time\" \/>\n\t<meta name=\"twitter:data1\" content=\"1 minute\" \/>\n<script type=\"application\/ld+json\" class=\"yoast-schema-graph\">{\"@context\":\"https:\\\/\\\/schema.org\",\"@graph\":[{\"@type\":\"WebPage\",\"@id\":\"https:\\\/\\\/csdc-cecd.ca\\\/reflechir-la-citoyennete-democratique\\\/\",\"url\":\"https:\\\/\\\/csdc-cecd.ca\\\/reflechir-la-citoyennete-democratique\\\/\",\"name\":\"Reflecting on democratic citizenship: - CECD - Centre pour l&#039;\u00e9tude de la citoyennet\u00e9 d\u00e9mocratique\",\"isPartOf\":{\"@id\":\"https:\\\/\\\/csdc-cecd.ca\\\/#website\"},\"datePublished\":\"2024-10-02T12:51:40+00:00\",\"dateModified\":\"2025-05-05T17:03:41+00:00\",\"breadcrumb\":{\"@id\":\"https:\\\/\\\/csdc-cecd.ca\\\/reflechir-la-citoyennete-democratique\\\/#breadcrumb\"},\"inLanguage\":\"en-US\",\"potentialAction\":[{\"@type\":\"ReadAction\",\"target\":[\"https:\\\/\\\/csdc-cecd.ca\\\/reflechir-la-citoyennete-democratique\\\/\"]}]},{\"@type\":\"BreadcrumbList\",\"@id\":\"https:\\\/\\\/csdc-cecd.ca\\\/reflechir-la-citoyennete-democratique\\\/#breadcrumb\",\"itemListElement\":[{\"@type\":\"ListItem\",\"position\":1,\"name\":\"Accueil\",\"item\":\"https:\\\/\\\/csdc-cecd.ca\\\/en\\\/\"},{\"@type\":\"ListItem\",\"position\":2,\"name\":\"Reflecting on democratic citizenship:\"}]},{\"@type\":\"WebSite\",\"@id\":\"https:\\\/\\\/csdc-cecd.ca\\\/#website\",\"url\":\"https:\\\/\\\/csdc-cecd.ca\\\/\",\"name\":\"CECD - Centre pour l&#039;\u00e9tude de la citoyennet\u00e9 d\u00e9mocratique\",\"description\":\"\",\"potentialAction\":[{\"@type\":\"SearchAction\",\"target\":{\"@type\":\"EntryPoint\",\"urlTemplate\":\"https:\\\/\\\/csdc-cecd.ca\\\/?s={search_term_string}\"},\"query-input\":{\"@type\":\"PropertyValueSpecification\",\"valueRequired\":true,\"valueName\":\"search_term_string\"}}],\"inLanguage\":\"en-US\"}]}<\/script>\n<!-- \/ Yoast SEO plugin. -->","yoast_head_json":{"title":"Reflecting on democratic citizenship: - CECD - Centre pour l&#039;\u00e9tude de la citoyennet\u00e9 d\u00e9mocratique","robots":{"index":"index","follow":"follow","max-snippet":"max-snippet:-1","max-image-preview":"max-image-preview:large","max-video-preview":"max-video-preview:-1"},"canonical":"https:\/\/csdc-cecd.ca\/reflechir-la-citoyennete-democratique\/","og_locale":"en_US","og_type":"article","og_title":"Reflecting on democratic citizenship: - CECD - Centre pour l&#039;\u00e9tude de la citoyennet\u00e9 d\u00e9mocratique","og_description":"The Centre for the Study of Democratic Citizenship and the Research Chair on Democracy and Parliamentary Institutions present : Reflecting on democratic citizenship: A multidisciplinary approach to meet contemporary challenges When : May 15-16, 2025Where : Quebec City\u00a0 (Quebec) The Centre for the Study of Democratic Citizenship is funded by the\u00a0Fonds de recherche du Qu\u00e9bec [&hellip;]","og_url":"https:\/\/csdc-cecd.ca\/reflechir-la-citoyennete-democratique\/","og_site_name":"CECD - Centre pour l&#039;\u00e9tude de la citoyennet\u00e9 d\u00e9mocratique","article_modified_time":"2025-05-05T17:03:41+00:00","twitter_card":"summary_large_image","twitter_misc":{"Est. reading time":"1 minute"},"schema":{"@context":"https:\/\/schema.org","@graph":[{"@type":"WebPage","@id":"https:\/\/csdc-cecd.ca\/reflechir-la-citoyennete-democratique\/","url":"https:\/\/csdc-cecd.ca\/reflechir-la-citoyennete-democratique\/","name":"Reflecting on democratic citizenship: - CECD - Centre pour l&#039;\u00e9tude de la citoyennet\u00e9 d\u00e9mocratique","isPartOf":{"@id":"https:\/\/csdc-cecd.ca\/#website"},"datePublished":"2024-10-02T12:51:40+00:00","dateModified":"2025-05-05T17:03:41+00:00","breadcrumb":{"@id":"https:\/\/csdc-cecd.ca\/reflechir-la-citoyennete-democratique\/#breadcrumb"},"inLanguage":"en-US","potentialAction":[{"@type":"ReadAction","target":["https:\/\/csdc-cecd.ca\/reflechir-la-citoyennete-democratique\/"]}]},{"@type":"BreadcrumbList","@id":"https:\/\/csdc-cecd.ca\/reflechir-la-citoyennete-democratique\/#breadcrumb","itemListElement":[{"@type":"ListItem","position":1,"name":"Accueil","item":"https:\/\/csdc-cecd.ca\/en\/"},{"@type":"ListItem","position":2,"name":"Reflecting on democratic citizenship:"}]},{"@type":"WebSite","@id":"https:\/\/csdc-cecd.ca\/#website","url":"https:\/\/csdc-cecd.ca\/","name":"CECD - Centre pour l&#039;\u00e9tude de la citoyennet\u00e9 d\u00e9mocratique","description":"","potentialAction":[{"@type":"SearchAction","target":{"@type":"EntryPoint","urlTemplate":"https:\/\/csdc-cecd.ca\/?s={search_term_string}"},"query-input":{"@type":"PropertyValueSpecification","valueRequired":true,"valueName":"search_term_string"}}],"inLanguage":"en-US"}]}},"_links":{"self":[{"href":"https:\/\/csdc-cecd.ca\/en\/wp-json\/wp\/v2\/pages\/2882","targetHints":{"allow":["GET"]}}],"collection":[{"href":"https:\/\/csdc-cecd.ca\/en\/wp-json\/wp\/v2\/pages"}],"about":[{"href":"https:\/\/csdc-cecd.ca\/en\/wp-json\/wp\/v2\/types\/page"}],"author":[{"embeddable":true,"href":"https:\/\/csdc-cecd.ca\/en\/wp-json\/wp\/v2\/users\/1"}],"replies":[{"embeddable":true,"href":"https:\/\/csdc-cecd.ca\/en\/wp-json\/wp\/v2\/comments?post=2882"}],"version-history":[{"count":12,"href":"https:\/\/csdc-cecd.ca\/en\/wp-json\/wp\/v2\/pages\/2882\/revisions"}],"predecessor-version":[{"id":4913,"href":"https:\/\/csdc-cecd.ca\/en\/wp-json\/wp\/v2\/pages\/2882\/revisions\/4913"}],"wp:attachment":[{"href":"https:\/\/csdc-cecd.ca\/en\/wp-json\/wp\/v2\/media?parent=2882"}],"curies":[{"name":"wp","href":"https:\/\/api.w.org\/{rel}","templated":true}]}}