{"id":2938,"date":"2024-10-07T08:24:58","date_gmt":"2024-10-07T12:24:58","guid":{"rendered":"https:\/\/csdc-cecd.ca\/economie-politique\/"},"modified":"2025-03-25T10:26:52","modified_gmt":"2025-03-25T14:26:52","slug":"economie-politique","status":"publish","type":"page","link":"https:\/\/csdc-cecd.ca\/en\/economie-politique\/","title":{"rendered":"Political Economy"},"content":{"rendered":"<p>[et_pb_section fb_built=&#8221;1&#8243; _builder_version=&#8221;4.27.2&#8243; _module_preset=&#8221;default&#8221; global_colors_info=&#8221;{}&#8221;][et_pb_row _builder_version=&#8221;4.27.2&#8243; _module_preset=&#8221;default&#8221; global_colors_info=&#8221;{}&#8221;][et_pb_column type=&#8221;4_4&#8243; _builder_version=&#8221;4.27.2&#8243; _module_preset=&#8221;default&#8221; global_colors_info=&#8221;{}&#8221;][et_pb_image src=&#8221;https:\/\/csdc-cecd.ca\/wp-content\/uploads\/2025\/02\/Economie-politique-V2-2.png&#8221; title_text=&#8221;\u00c9conomie politique (V2) (2)&#8221; _builder_version=&#8221;4.27.4&#8243; _module_preset=&#8221;default&#8221; global_colors_info=&#8221;{}&#8221;][\/et_pb_image][\/et_pb_column][\/et_pb_row][et_pb_row _builder_version=&#8221;4.27.2&#8243; _module_preset=&#8221;default&#8221; global_colors_info=&#8221;{}&#8221;][et_pb_column type=&#8221;4_4&#8243; _builder_version=&#8221;4.27.2&#8243; _module_preset=&#8221;default&#8221; global_colors_info=&#8221;{}&#8221;][et_pb_text _builder_version=&#8221;4.27.4&#8243; _module_preset=&#8221;default&#8221; global_colors_info=&#8221;{}&#8221;]<\/p>\n<div class=\"et_pb_module et_pb_text et_pb_text_0  et_pb_text_align_left et_pb_bg_layout_light\">\n<div class=\"et_pb_text_inner\">\n<p>The Centre for the Study of Democratic Citizenship\u00a0presents:<\/p>\n<h4><strong>Atelier \u2013 Political Economy<\/strong><\/h4>\n<p>When : Friday March 21, 2025, 13h30<br \/>O\u00f9 : Thomson House, , <span>3650 McTavish , Montreal, Quebec H3A 1Y2<\/span><\/p>\n<p><span>ZOOM: <a href=\"https:\/\/umontreal.zoom.us\/j\/82211612060?pwd=gD0nw49q2cYJLsA9InGgq99y3a2hkb.1\">https:\/\/umontreal.zoom.us\/j\/82211612060?pwd=gD0nw49q2cYJLsA9InGgq99y3a2hkb.1<\/a>\u00a0<\/span><\/p>\n<p>Registration: <a href=\"https:\/\/cecdudemscpol.qualtrics.com\/jfe\/form\/SV_dau0rGCq5OD3YWy\">https:\/\/cecdudemscpol.qualtrics.com\/jfe\/form\/SV_dau0rGCq5OD3YWy\u00a0<\/a><\/p>\n<\/div>\n<\/div>\n<p>[\/et_pb_text][\/et_pb_column][\/et_pb_row][et_pb_row _builder_version=&#8221;4.27.4&#8243; _module_preset=&#8221;default&#8221; column_structure=&#8221;1_5,3_5,1_5&#8243;][et_pb_column _builder_version=&#8221;4.27.4&#8243; _module_preset=&#8221;default&#8221; type=&#8221;1_5&#8243;][et_pb_image src=&#8221;https:\/\/csdc-cecd.ca\/wp-content\/uploads\/2025\/02\/M-Emerieau-e1739282539811.jpg&#8221; title_text=&#8221;M Emerieau&#8221; _builder_version=&#8221;4.27.4&#8243; _module_preset=&#8221;default&#8221; global_colors_info=&#8221;{}&#8221;][\/et_pb_image][\/et_pb_column][et_pb_column _builder_version=&#8221;4.27.4&#8243; _module_preset=&#8221;default&#8221; type=&#8221;3_5&#8243;][et_pb_text _builder_version=&#8221;4.27.4&#8243; _module_preset=&#8221;default&#8221; global_colors_info=&#8221;{}&#8221;]<\/p>\n<div class=\"et_pb_module et_pb_text et_pb_text_0  et_pb_text_align_left et_pb_bg_layout_light\">\n<div class=\"et_pb_text_inner\">\n<p>Mathilde Emeriau (Sciences Po, Paris)<br \/>Title :<span>\u00a0<\/span><span><\/span><i>Long-term Effect of Legal Status on Immigrant Integration: Evidence from a Legalization<\/i><\/p>\n<p class=\"p1\"><i>I study the effect of legal status on the socio-economic integration of undocumented<span>\u00a0<\/span><\/i><i>immigrants in France. Since 2006, undocumented immigrants can apply for a one-year residency<span>\u00a0<\/span><\/i><i>permit under exceptional circumstances, loosely defined and left to the discretion of the Pr\u00e9fet.<span>\u00a0<\/span><\/i><i>Between 2006 and 2015, more than 200,000 immigrants benefitted from this program, the<span>\u00a0<\/span><\/i><i>overwhelming majority for family reasons. How does getting legal status affect their integration<span>\u00a0<\/span><\/i><i>trajectory? I combine detailed aggregate data on the demographic characteristics of foreigners<span>\u00a0<\/span><\/i><i>legalized between 2006 and 2015 with data from the census and labor force surveys, fiscal,<span>\u00a0<\/span><\/i><i>judicial, and civil status. Using a staggered difference-in-differences design, I compare the<span>\u00a0<\/span><\/i><i>trajectories of legalized immigrants to that of other immigrants and model unobserved time-varying<span>\u00a0<\/span><\/i><i>confounders using the interactive fixed effects (IFE) model. Even when granted for<span>\u00a0<\/span><\/i><i>family reasons, legal status yields substantial improvement in the labor market and poverty<span>\u00a0<\/span><\/i><i>reduction. Yet, only those who legalized before the age of 35 seem to be reaping these benefits<\/i><\/p>\n<\/div>\n<\/div>\n<div class=\"et_pb_module et_pb_text et_pb_text_1  et_pb_text_align_left et_pb_bg_layout_light\">\n<div class=\"et_pb_text_inner\">\n<p>&nbsp;<\/p>\n<\/div>\n<\/div>\n<p>[\/et_pb_text][\/et_pb_column][et_pb_column _builder_version=&#8221;4.27.4&#8243; _module_preset=&#8221;default&#8221; type=&#8221;1_5&#8243;][et_pb_video src=&#8221;https:\/\/youtu.be\/DOZNil6zXcc&#8221; _builder_version=&#8221;4.27.4&#8243; _module_preset=&#8221;default&#8221; hover_enabled=&#8221;0&#8243; sticky_enabled=&#8221;0&#8243;][\/et_pb_video][\/et_pb_column][\/et_pb_row][et_pb_row _builder_version=&#8221;4.27.4&#8243; _module_preset=&#8221;default&#8221; column_structure=&#8221;1_5,3_5,1_5&#8243;][et_pb_column _builder_version=&#8221;4.27.4&#8243; _module_preset=&#8221;default&#8221; type=&#8221;1_5&#8243;][et_pb_image src=&#8221;https:\/\/csdc-cecd.ca\/wp-content\/uploads\/2025\/02\/RJD-photo-e1739281674623.jpeg&#8221; title_text=&#8221;RJD photo&#8221; _builder_version=&#8221;4.27.4&#8243; _module_preset=&#8221;default&#8221; global_colors_info=&#8221;{}&#8221;][\/et_pb_image][\/et_pb_column][et_pb_column _builder_version=&#8221;4.27.4&#8243; _module_preset=&#8221;default&#8221; type=&#8221;3_5&#8243;][et_pb_text _builder_version=&#8221;4.27.4&#8243; _module_preset=&#8221;default&#8221; global_colors_info=&#8221;{}&#8221;]<\/p>\n<div class=\"et_pb_module et_pb_text et_pb_text_0  et_pb_text_align_left et_pb_bg_layout_light\">\n<div class=\"et_pb_text_inner\">\n<p><span>Rafael Jiminez Duran (<\/span><span>Universit\u00e0 Bocconi\u00a0<\/span><span>, Milano, Italy)<\/span><br \/><span>Title:(Dis)engagement with Politics: Evidence from Smartphone Content in the 2024 Elections<br \/>Coauthors: Guy Aridor, Ro\u2019ee Levy, Lena Song<br \/><\/span><\/p>\n<p class=\"p1\"><span>Smartphones have become a dominant channel through which people discuss politics and are exposed to political content. Yet, our understanding of these behaviors is limited due to data constraints. Using high-frequency, privacy-preserving data from a commercial smartphone app, we provide the first systematic analysis of exposure to and engagement with political content across all apps that a panel of Android users visit around the 2024 US Election. We establish three main findings. First, despite the highly contested nature of the election, people had limited exposure to political content on their smartphones. On a typical day, the median user encounters up to 33 seconds of political content around the election\u2014equivalent to less than half the terms they would encounter if they read a single New York Times article about the elections. Second, this disengagement remains remarkably stable through the election cycle, except for brief spikes following the presidential debate, Taylor Swift&#8217;s endorsement, and on Election Day itself. Third, despite the low individual engagement with political content and the notable differences in the composition of content across apps, a variance decomposition exercise shows that individual heterogeneity is substantially more important than social media app heterogeneity in determining exposure to political keywords. In other words, individuals&#8217; behavior and tastes are a more important driver than systematic social media app\u2010driven effects in determining political exposures.<\/span><\/p>\n<\/div>\n<\/div>\n<p>[\/et_pb_text][\/et_pb_column][et_pb_column _builder_version=&#8221;4.27.4&#8243; _module_preset=&#8221;default&#8221; type=&#8221;1_5&#8243;][et_pb_video src=&#8221;https:\/\/youtu.be\/4hwLbZmqh2M&#8221; _builder_version=&#8221;4.27.4&#8243; _module_preset=&#8221;default&#8221; hover_enabled=&#8221;0&#8243; sticky_enabled=&#8221;0&#8243;][\/et_pb_video][\/et_pb_column][\/et_pb_row][et_pb_row _builder_version=&#8221;4.27.4&#8243; _module_preset=&#8221;default&#8221; column_structure=&#8221;1_5,3_5,1_5&#8243;][et_pb_column _builder_version=&#8221;4.27.4&#8243; _module_preset=&#8221;default&#8221; type=&#8221;1_5&#8243;][et_pb_image src=&#8221;https:\/\/csdc-cecd.ca\/wp-content\/uploads\/2025\/02\/H-Larreguy.jpeg&#8221; title_text=&#8221;H Larreguy&#8221; _builder_version=&#8221;4.27.4&#8243; _module_preset=&#8221;default&#8221; global_colors_info=&#8221;{}&#8221;][\/et_pb_image][\/et_pb_column][et_pb_column _builder_version=&#8221;4.27.4&#8243; _module_preset=&#8221;default&#8221; type=&#8221;3_5&#8243;][et_pb_text _builder_version=&#8221;4.27.4&#8243; _module_preset=&#8221;default&#8221; global_colors_info=&#8221;{}&#8221;]<\/p>\n<div class=\"et_pb_module et_pb_text et_pb_text_0  et_pb_text_align_left et_pb_bg_layout_light\">\n<div class=\"et_pb_text_inner\">\n<p>Horacio Larreguy (Instituto Tecnol\u00f3gico Aut\u00f3nomo de M\u00e9xico, Mexico)<br \/>Title :<span>\u00a0<\/span><i>Polarization and Exposure to Counter-Attitudinal Media in a Nondemocracy<\/i><\/p>\n<p class=\"p1\"><i>Polarization and Exposure to Counter-Attitudinal Media in a Nondemocracy<span>\u00a0<\/span><\/i><i>with Ahmet Akbiyik (Harvard University), Jeremy Bowles (UCL), and Shelley Liu (Duke University)<span>\u00a0<\/span><\/i><i>Political polarization is an increasing global concern. Although recent research suggests that media has the<span>\u00a0<\/span><\/i><i>potential to mitigate polarization through persuasion, it is unclear whether polarized individuals are willing to<span>\u00a0<\/span><\/i><i>consume, and be receptive to information from, diverse news sources. This might especially be the case in<span>\u00a0<\/span><\/i><i>nondemocracies where many citizens lack familiarity with credible media sources from across the political<span>\u00a0<\/span><\/i><i>spectrum, and some are particularly distrustful of government media. We implement a field experiment in<span>\u00a0<\/span><\/i><i>Turkey inducing citizens\u2019 exposure to politically non-aligned online media sources over seven months.<span>\u00a0<\/span><\/i><i>Exposure to cross-partisan media outlets increased participants\u2019 consumption of their assigned outlets<span>\u00a0<\/span><\/i><i>across the board, but the effects on political attitudes varied based on treatment. Although there was a<span>\u00a0<\/span><\/i><i>backlash in the short term, assignment to pro-government media sources led to positive appraisals and<span>\u00a0<\/span><\/i><i>voting intentions towards the ruling party in the long term. In contrast, assignment to anti-government media<span>\u00a0<\/span><\/i><i>sources positively affected attitudes but not vote intention towards the opposition both in the short and long<span>\u00a0<\/span><\/i><i>term. Finally, affective polarization did decrease in the short term, but not in the long term.<\/i><\/p>\n<\/div>\n<\/div>\n<p>[\/et_pb_text][\/et_pb_column][et_pb_column _builder_version=&#8221;4.27.4&#8243; _module_preset=&#8221;default&#8221; type=&#8221;1_5&#8243;][et_pb_video src=&#8221;https:\/\/youtu.be\/adHzufLKeEM&#8221; _builder_version=&#8221;4.27.4&#8243; _module_preset=&#8221;default&#8221; hover_enabled=&#8221;0&#8243; sticky_enabled=&#8221;0&#8243;][\/et_pb_video][\/et_pb_column][\/et_pb_row][et_pb_row _builder_version=&#8221;4.27.2&#8243; _module_preset=&#8221;default&#8221; global_colors_info=&#8221;{}&#8221;][et_pb_column type=&#8221;4_4&#8243; _builder_version=&#8221;4.27.2&#8243; _module_preset=&#8221;default&#8221; global_colors_info=&#8221;{}&#8221;][et_pb_text _builder_version=&#8221;4.27.4&#8243; _module_preset=&#8221;default&#8221; global_colors_info=&#8221;{}&#8221;]<\/p>\n<div class=\"et_pb_module et_pb_text et_pb_text_0  et_pb_text_align_left et_pb_bg_layout_light\">\n<div class=\"et_pb_text_inner\">\n<p>This series is sponsored by the Centre for the Study of Democratic Citizenship, which is funded by the<a href=\"https:\/\/frq.gouv.qc.ca\/\"> Fonds de recherche du Qu\u00e9bec \u2013 Soci\u00e9t\u00e9 et culture (FRQSC).<\/a><\/p>\n<\/div>\n<\/div>\n<p>[\/et_pb_text][\/et_pb_column][\/et_pb_row][et_pb_row _builder_version=&#8221;4.27.4&#8243; _module_preset=&#8221;default&#8221; global_colors_info=&#8221;{}&#8221;][et_pb_column type=&#8221;4_4&#8243; _builder_version=&#8221;4.27.4&#8243; _module_preset=&#8221;default&#8221; global_colors_info=&#8221;{}&#8221;][et_pb_button button_url=&#8221;@ET-DC@eyJkeW5hbWljIjp0cnVlLCJjb250ZW50IjoicG9zdF9saW5rX3VybF9wYWdlIiwic2V0dGluZ3MiOnsicG9zdF9pZCI6IjE1OTQifX0=@&#8221; button_text=&#8221;Back to Events Calendar&#8221; button_alignment=&#8221;center&#8221; _builder_version=&#8221;4.27.4&#8243; _dynamic_attributes=&#8221;button_url&#8221; _module_preset=&#8221;default&#8221; global_colors_info=&#8221;{}&#8221;][\/et_pb_button][\/et_pb_column][\/et_pb_row][\/et_pb_section]<\/p>\n","protected":false},"excerpt":{"rendered":"<p>The Centre for the Study of Democratic Citizenship\u00a0presents: Atelier \u2013 Political Economy When : Friday March 21, 2025, 13h30O\u00f9 : Thomson House, , 3650 McTavish , Montreal, Quebec H3A 1Y2 ZOOM: https:\/\/umontreal.zoom.us\/j\/82211612060?pwd=gD0nw49q2cYJLsA9InGgq99y3a2hkb.1\u00a0 Registration: https:\/\/cecdudemscpol.qualtrics.com\/jfe\/form\/SV_dau0rGCq5OD3YWy\u00a0 Mathilde Emeriau (Sciences Po, Paris)Title :\u00a0Long-term Effect of Legal Status on Immigrant Integration: Evidence from a Legalization I study the effect [&hellip;]<\/p>\n","protected":false},"author":1,"featured_media":0,"parent":0,"menu_order":0,"comment_status":"closed","ping_status":"closed","template":"","meta":{"_et_pb_use_builder":"on","_et_pb_old_content":"","_et_gb_content_width":"","footnotes":""},"class_list":["post-2938","page","type-page","status-publish","hentry"],"yoast_head":"<!-- This site is optimized with the Yoast SEO plugin v27.4 - https:\/\/yoast.com\/product\/yoast-seo-wordpress\/ -->\n<title>Political Economy - CECD - Centre pour l&#039;\u00e9tude de la citoyennet\u00e9 d\u00e9mocratique<\/title>\n<meta name=\"robots\" content=\"index, follow, max-snippet:-1, max-image-preview:large, max-video-preview:-1\" \/>\n<link rel=\"canonical\" href=\"https:\/\/csdc-cecd.ca\/en\/economie-politique\/\" \/>\n<meta property=\"og:locale\" content=\"en_US\" \/>\n<meta property=\"og:type\" content=\"article\" \/>\n<meta property=\"og:title\" content=\"Political Economy - CECD - Centre pour l&#039;\u00e9tude de la citoyennet\u00e9 d\u00e9mocratique\" \/>\n<meta property=\"og:description\" content=\"The Centre for the Study of Democratic Citizenship\u00a0presents: Atelier \u2013 Political Economy When : Friday March 21, 2025, 13h30O\u00f9 : Thomson House, , 3650 McTavish , Montreal, Quebec H3A 1Y2 ZOOM: https:\/\/umontreal.zoom.us\/j\/82211612060?pwd=gD0nw49q2cYJLsA9InGgq99y3a2hkb.1\u00a0 Registration: https:\/\/cecdudemscpol.qualtrics.com\/jfe\/form\/SV_dau0rGCq5OD3YWy\u00a0 Mathilde Emeriau (Sciences Po, Paris)Title :\u00a0Long-term Effect of Legal Status on Immigrant Integration: Evidence from a Legalization I study the effect [&hellip;]\" \/>\n<meta property=\"og:url\" content=\"https:\/\/csdc-cecd.ca\/en\/economie-politique\/\" \/>\n<meta property=\"og:site_name\" content=\"CECD - Centre pour l&#039;\u00e9tude de la citoyennet\u00e9 d\u00e9mocratique\" \/>\n<meta property=\"article:modified_time\" content=\"2025-03-25T14:26:52+00:00\" \/>\n<meta name=\"twitter:card\" content=\"summary_large_image\" \/>\n<meta name=\"twitter:label1\" content=\"Est. reading time\" \/>\n\t<meta name=\"twitter:data1\" content=\"1 minute\" \/>\n<script type=\"application\/ld+json\" class=\"yoast-schema-graph\">{\"@context\":\"https:\\\/\\\/schema.org\",\"@graph\":[{\"@type\":\"WebPage\",\"@id\":\"https:\\\/\\\/csdc-cecd.ca\\\/en\\\/economie-politique\\\/\",\"url\":\"https:\\\/\\\/csdc-cecd.ca\\\/en\\\/economie-politique\\\/\",\"name\":\"Political Economy - CECD - Centre pour l&#039;\u00e9tude de la citoyennet\u00e9 d\u00e9mocratique\",\"isPartOf\":{\"@id\":\"https:\\\/\\\/csdc-cecd.ca\\\/#website\"},\"datePublished\":\"2024-10-07T12:24:58+00:00\",\"dateModified\":\"2025-03-25T14:26:52+00:00\",\"breadcrumb\":{\"@id\":\"https:\\\/\\\/csdc-cecd.ca\\\/en\\\/economie-politique\\\/#breadcrumb\"},\"inLanguage\":\"en-US\",\"potentialAction\":[{\"@type\":\"ReadAction\",\"target\":[\"https:\\\/\\\/csdc-cecd.ca\\\/en\\\/economie-politique\\\/\"]}]},{\"@type\":\"BreadcrumbList\",\"@id\":\"https:\\\/\\\/csdc-cecd.ca\\\/en\\\/economie-politique\\\/#breadcrumb\",\"itemListElement\":[{\"@type\":\"ListItem\",\"position\":1,\"name\":\"Accueil\",\"item\":\"https:\\\/\\\/csdc-cecd.ca\\\/en\\\/\"},{\"@type\":\"ListItem\",\"position\":2,\"name\":\"Political Economy\"}]},{\"@type\":\"WebSite\",\"@id\":\"https:\\\/\\\/csdc-cecd.ca\\\/#website\",\"url\":\"https:\\\/\\\/csdc-cecd.ca\\\/\",\"name\":\"CECD - Centre pour l&#039;\u00e9tude de la citoyennet\u00e9 d\u00e9mocratique\",\"description\":\"\",\"potentialAction\":[{\"@type\":\"SearchAction\",\"target\":{\"@type\":\"EntryPoint\",\"urlTemplate\":\"https:\\\/\\\/csdc-cecd.ca\\\/?s={search_term_string}\"},\"query-input\":{\"@type\":\"PropertyValueSpecification\",\"valueRequired\":true,\"valueName\":\"search_term_string\"}}],\"inLanguage\":\"en-US\"}]}<\/script>\n<!-- \/ Yoast SEO plugin. -->","yoast_head_json":{"title":"Political Economy - CECD - Centre pour l&#039;\u00e9tude de la citoyennet\u00e9 d\u00e9mocratique","robots":{"index":"index","follow":"follow","max-snippet":"max-snippet:-1","max-image-preview":"max-image-preview:large","max-video-preview":"max-video-preview:-1"},"canonical":"https:\/\/csdc-cecd.ca\/en\/economie-politique\/","og_locale":"en_US","og_type":"article","og_title":"Political Economy - CECD - Centre pour l&#039;\u00e9tude de la citoyennet\u00e9 d\u00e9mocratique","og_description":"The Centre for the Study of Democratic Citizenship\u00a0presents: Atelier \u2013 Political Economy When : Friday March 21, 2025, 13h30O\u00f9 : Thomson House, , 3650 McTavish , Montreal, Quebec H3A 1Y2 ZOOM: https:\/\/umontreal.zoom.us\/j\/82211612060?pwd=gD0nw49q2cYJLsA9InGgq99y3a2hkb.1\u00a0 Registration: https:\/\/cecdudemscpol.qualtrics.com\/jfe\/form\/SV_dau0rGCq5OD3YWy\u00a0 Mathilde Emeriau (Sciences Po, Paris)Title :\u00a0Long-term Effect of Legal Status on Immigrant Integration: Evidence from a Legalization I study the effect [&hellip;]","og_url":"https:\/\/csdc-cecd.ca\/en\/economie-politique\/","og_site_name":"CECD - Centre pour l&#039;\u00e9tude de la citoyennet\u00e9 d\u00e9mocratique","article_modified_time":"2025-03-25T14:26:52+00:00","twitter_card":"summary_large_image","twitter_misc":{"Est. reading time":"1 minute"},"schema":{"@context":"https:\/\/schema.org","@graph":[{"@type":"WebPage","@id":"https:\/\/csdc-cecd.ca\/en\/economie-politique\/","url":"https:\/\/csdc-cecd.ca\/en\/economie-politique\/","name":"Political Economy - CECD - Centre pour l&#039;\u00e9tude de la citoyennet\u00e9 d\u00e9mocratique","isPartOf":{"@id":"https:\/\/csdc-cecd.ca\/#website"},"datePublished":"2024-10-07T12:24:58+00:00","dateModified":"2025-03-25T14:26:52+00:00","breadcrumb":{"@id":"https:\/\/csdc-cecd.ca\/en\/economie-politique\/#breadcrumb"},"inLanguage":"en-US","potentialAction":[{"@type":"ReadAction","target":["https:\/\/csdc-cecd.ca\/en\/economie-politique\/"]}]},{"@type":"BreadcrumbList","@id":"https:\/\/csdc-cecd.ca\/en\/economie-politique\/#breadcrumb","itemListElement":[{"@type":"ListItem","position":1,"name":"Accueil","item":"https:\/\/csdc-cecd.ca\/en\/"},{"@type":"ListItem","position":2,"name":"Political Economy"}]},{"@type":"WebSite","@id":"https:\/\/csdc-cecd.ca\/#website","url":"https:\/\/csdc-cecd.ca\/","name":"CECD - Centre pour l&#039;\u00e9tude de la citoyennet\u00e9 d\u00e9mocratique","description":"","potentialAction":[{"@type":"SearchAction","target":{"@type":"EntryPoint","urlTemplate":"https:\/\/csdc-cecd.ca\/?s={search_term_string}"},"query-input":{"@type":"PropertyValueSpecification","valueRequired":true,"valueName":"search_term_string"}}],"inLanguage":"en-US"}]}},"_links":{"self":[{"href":"https:\/\/csdc-cecd.ca\/en\/wp-json\/wp\/v2\/pages\/2938","targetHints":{"allow":["GET"]}}],"collection":[{"href":"https:\/\/csdc-cecd.ca\/en\/wp-json\/wp\/v2\/pages"}],"about":[{"href":"https:\/\/csdc-cecd.ca\/en\/wp-json\/wp\/v2\/types\/page"}],"author":[{"embeddable":true,"href":"https:\/\/csdc-cecd.ca\/en\/wp-json\/wp\/v2\/users\/1"}],"replies":[{"embeddable":true,"href":"https:\/\/csdc-cecd.ca\/en\/wp-json\/wp\/v2\/comments?post=2938"}],"version-history":[{"count":11,"href":"https:\/\/csdc-cecd.ca\/en\/wp-json\/wp\/v2\/pages\/2938\/revisions"}],"predecessor-version":[{"id":4435,"href":"https:\/\/csdc-cecd.ca\/en\/wp-json\/wp\/v2\/pages\/2938\/revisions\/4435"}],"wp:attachment":[{"href":"https:\/\/csdc-cecd.ca\/en\/wp-json\/wp\/v2\/media?parent=2938"}],"curies":[{"name":"wp","href":"https:\/\/api.w.org\/{rel}","templated":true}]}}