{"id":3354,"date":"2024-11-11T10:15:49","date_gmt":"2024-11-11T15:15:49","guid":{"rendered":"https:\/\/csdc-cecd.ca\/2024-03\/"},"modified":"2025-04-09T11:17:29","modified_gmt":"2025-04-09T15:17:29","slug":"2024-march","status":"publish","type":"page","link":"https:\/\/csdc-cecd.ca\/en\/2024-march\/","title":{"rendered":"2024-March"},"content":{"rendered":"<p>[et_pb_section fb_built=&#8221;1&#8243; _builder_version=&#8221;4.27.3&#8243; _module_preset=&#8221;default&#8221; global_colors_info=&#8221;{}&#8221;][et_pb_row _builder_version=&#8221;4.27.3&#8243; _module_preset=&#8221;default&#8221; global_colors_info=&#8221;{}&#8221;][et_pb_column type=&#8221;4_4&#8243; _builder_version=&#8221;4.27.3&#8243; _module_preset=&#8221;default&#8221; global_colors_info=&#8221;{}&#8221;][et_pb_heading title=&#8221;Mar. 2024&#8243; _builder_version=&#8221;4.27.3&#8243; _module_preset=&#8221;default&#8221; global_colors_info=&#8221;{}&#8221;][\/et_pb_heading][\/et_pb_column][\/et_pb_row][et_pb_row _builder_version=&#8221;4.27.3&#8243; _module_preset=&#8221;default&#8221; global_colors_info=&#8221;{}&#8221;][et_pb_column type=&#8221;4_4&#8243; _builder_version=&#8221;4.27.3&#8243; _module_preset=&#8221;default&#8221; global_colors_info=&#8221;{}&#8221;][et_pb_toggle title=&#8221;Scientific Articles&#8221; _builder_version=&#8221;4.27.4&#8243; _module_preset=&#8221;default&#8221; hover_enabled=&#8221;0&#8243; global_colors_info=&#8221;{}&#8221; sticky_enabled=&#8221;0&#8243;]<\/p>\n<p>Carbone, M., <strong>A. Harell<\/strong>, S. Soroka<br \/><a href=\"https:\/\/www.cambridge.org\/core\/journals\/perspectives-on-politics\/article\/critical-race-theory-how-policy-language-differentially-engages-symbolic-racism-and-partisanship\/884EDD61EC6F947C9F91B16AEFD360A9\">Critical Race Theory: How Policy Language Differentially Engages Symbolic Racism and Partisanship\u00a0<\/a><br \/>Perspectives on Politics, 2024<\/p>\n<p>[\/et_pb_toggle][et_pb_toggle title=&#8221;Books &#8211; Book Chapters&#8221; _builder_version=&#8221;4.27.4&#8243; _module_preset=&#8221;default&#8221; global_colors_info=&#8221;{}&#8221;]<\/p>\n<p>B\u00e9langer, \u00c9., R. Dassonneville<br \/><a href=\"https:\/\/www.mqup.ca\/political-engagement-in-canadian-city-elections-products-9780228020240.php\">Economic Voting in Canadian Municipal Elections, in Political Engagement in Canadian City Elections, \u00a0R. M. McGregor, L. B. Stephenson (eds.),\u00a0<\/a><br \/>McGill-Queen&#8217;S University Press, 2024<\/p>\n<p>[\/et_pb_toggle][et_pb_toggle title=&#8221;Media&#8221; _builder_version=&#8221;4.27.3&#8243; _module_preset=&#8221;default&#8221; global_colors_info=&#8221;{}&#8221;]<\/p>\n<p>Simon Coulombe \u2013 Le Devoir<span>\u00a0<\/span><span>\u2013\u00a0<\/span><span>2024|03|30<\/span><br \/><a href=\"https:\/\/www.ledevoir.com\/societe\/sante\/809805\/autogestion-devenir-maitre-bien-etre\">Autogestion: devenir ma\u00eetre de son bien-\u00eatre<\/a><\/p>\n<p>Thierry Giasson \u2013 Le Journal de Qu\u00e9bec<span>\u00a0<\/span><span>\u2013\u00a0<\/span><span>2024|03|30<\/span><br \/><a href=\"https:\/\/www.journaldequebec.com\/2024\/04\/01\/la-precampagne-municipale-est-lancee\">La pr\u00e9campagne municipale est lanc\u00e9e<\/a><\/p>\n<p>Fran\u00e7ois G\u00e9lineau \u2013 Le Devoir<span>\u00a0<\/span><span>\u2013\u00a0<\/span><span>2024|03|16<\/span><br \/><a href=\"https:\/\/www.ledevoir.com\/societe\/education\/808965\/partenariats-faire-rayonner-recherche-francais\">Des partenariats pour faire rayonner la recherche en fran\u00e7ais<\/a><\/p>\n<p>Mireille Lalancette \u2013 Le Devoir<span>\u00a0<\/span><span>\u2013\u00a0<\/span><span>2024|03|09<\/span><br \/><a href=\"https:\/\/www.ledevoir.com\/culture\/ecrans\/808719\/ecrans-500-emissions-infodivertissement-ou-grand-messe-dimanche-soir\">500 \u00e9missions d\u2019infodivertissement, ou la grand-messe du dimanche soir<\/a><\/p>\n<p>[\/et_pb_toggle][\/et_pb_column][\/et_pb_row][et_pb_row _builder_version=&#8221;4.27.3&#8243; _module_preset=&#8221;default&#8221; global_colors_info=&#8221;{}&#8221;][et_pb_column type=&#8221;4_4&#8243; _builder_version=&#8221;4.27.3&#8243; _module_preset=&#8221;default&#8221; global_colors_info=&#8221;{}&#8221;][et_pb_button button_url=&#8221;@ET-DC@eyJkeW5hbWljIjp0cnVlLCJjb250ZW50IjoicG9zdF9saW5rX3VybF9wYWdlIiwic2V0dGluZ3MiOnsicG9zdF9pZCI6IjMzMjIifX0=@&#8221; button_text=&#8221;Back&#8221; button_alignment=&#8221;center&#8221; _builder_version=&#8221;4.27.3&#8243; _dynamic_attributes=&#8221;button_url&#8221; _module_preset=&#8221;default&#8221; global_colors_info=&#8221;{}&#8221;][\/et_pb_button][\/et_pb_column][\/et_pb_row][\/et_pb_section]<\/p>\n","protected":false},"excerpt":{"rendered":"<p>Carbone, M., A. Harell, S. SorokaCritical Race Theory: How Policy Language Differentially Engages Symbolic Racism and Partisanship\u00a0Perspectives on Politics, 2024B\u00e9langer, \u00c9., R. DassonnevilleEconomic Voting in Canadian Municipal Elections, in Political Engagement in Canadian City Elections, \u00a0R. M. McGregor, L. B. Stephenson (eds.),\u00a0McGill-Queen&#8217;S University Press, 2024Simon Coulombe \u2013 Le Devoir\u00a0\u2013\u00a02024|03|30Autogestion: devenir ma\u00eetre de son bien-\u00eatre Thierry [&hellip;]<\/p>\n","protected":false},"author":1,"featured_media":0,"parent":0,"menu_order":0,"comment_status":"closed","ping_status":"closed","template":"","meta":{"_et_pb_use_builder":"on","_et_pb_old_content":"","_et_gb_content_width":"","footnotes":""},"class_list":["post-3354","page","type-page","status-publish","hentry"],"yoast_head":"<!-- This site is optimized with the Yoast SEO plugin v27.4 - https:\/\/yoast.com\/product\/yoast-seo-wordpress\/ -->\n<title>2024-March - CECD - Centre pour l&#039;\u00e9tude de la citoyennet\u00e9 d\u00e9mocratique<\/title>\n<meta name=\"robots\" content=\"index, follow, max-snippet:-1, max-image-preview:large, max-video-preview:-1\" \/>\n<link rel=\"canonical\" href=\"https:\/\/csdc-cecd.ca\/2024-mars\/\" \/>\n<meta property=\"og:locale\" content=\"en_US\" \/>\n<meta property=\"og:type\" content=\"article\" \/>\n<meta property=\"og:title\" content=\"2024-March - CECD - Centre pour l&#039;\u00e9tude de la citoyennet\u00e9 d\u00e9mocratique\" \/>\n<meta property=\"og:description\" content=\"Carbone, M., A. Harell, S. SorokaCritical Race Theory: How Policy Language Differentially Engages Symbolic Racism and Partisanship\u00a0Perspectives on Politics, 2024B\u00e9langer, \u00c9., R. DassonnevilleEconomic Voting in Canadian Municipal Elections, in Political Engagement in Canadian City Elections, \u00a0R. M. McGregor, L. B. Stephenson (eds.),\u00a0McGill-Queen&#039;S University Press, 2024Simon Coulombe \u2013 Le Devoir\u00a0\u2013\u00a02024|03|30Autogestion: devenir ma\u00eetre de son bien-\u00eatre Thierry [&hellip;]\" \/>\n<meta property=\"og:url\" content=\"https:\/\/csdc-cecd.ca\/2024-mars\/\" \/>\n<meta property=\"og:site_name\" content=\"CECD - Centre pour l&#039;\u00e9tude de la citoyennet\u00e9 d\u00e9mocratique\" \/>\n<meta property=\"article:modified_time\" content=\"2025-04-09T15:17:29+00:00\" \/>\n<meta name=\"twitter:card\" content=\"summary_large_image\" \/>\n<meta name=\"twitter:label1\" content=\"Est. reading time\" \/>\n\t<meta name=\"twitter:data1\" content=\"1 minute\" \/>\n<script type=\"application\/ld+json\" class=\"yoast-schema-graph\">{\"@context\":\"https:\\\/\\\/schema.org\",\"@graph\":[{\"@type\":\"WebPage\",\"@id\":\"https:\\\/\\\/csdc-cecd.ca\\\/2024-mars\\\/\",\"url\":\"https:\\\/\\\/csdc-cecd.ca\\\/2024-mars\\\/\",\"name\":\"2024-March - CECD - Centre pour l&#039;\u00e9tude de la citoyennet\u00e9 d\u00e9mocratique\",\"isPartOf\":{\"@id\":\"https:\\\/\\\/csdc-cecd.ca\\\/#website\"},\"datePublished\":\"2024-11-11T15:15:49+00:00\",\"dateModified\":\"2025-04-09T15:17:29+00:00\",\"breadcrumb\":{\"@id\":\"https:\\\/\\\/csdc-cecd.ca\\\/2024-mars\\\/#breadcrumb\"},\"inLanguage\":\"en-US\",\"potentialAction\":[{\"@type\":\"ReadAction\",\"target\":[\"https:\\\/\\\/csdc-cecd.ca\\\/2024-mars\\\/\"]}]},{\"@type\":\"BreadcrumbList\",\"@id\":\"https:\\\/\\\/csdc-cecd.ca\\\/2024-mars\\\/#breadcrumb\",\"itemListElement\":[{\"@type\":\"ListItem\",\"position\":1,\"name\":\"Accueil\",\"item\":\"https:\\\/\\\/csdc-cecd.ca\\\/en\\\/\"},{\"@type\":\"ListItem\",\"position\":2,\"name\":\"2024-March\"}]},{\"@type\":\"WebSite\",\"@id\":\"https:\\\/\\\/csdc-cecd.ca\\\/#website\",\"url\":\"https:\\\/\\\/csdc-cecd.ca\\\/\",\"name\":\"CECD - Centre pour l&#039;\u00e9tude de la citoyennet\u00e9 d\u00e9mocratique\",\"description\":\"\",\"potentialAction\":[{\"@type\":\"SearchAction\",\"target\":{\"@type\":\"EntryPoint\",\"urlTemplate\":\"https:\\\/\\\/csdc-cecd.ca\\\/?s={search_term_string}\"},\"query-input\":{\"@type\":\"PropertyValueSpecification\",\"valueRequired\":true,\"valueName\":\"search_term_string\"}}],\"inLanguage\":\"en-US\"}]}<\/script>\n<!-- \/ Yoast SEO plugin. -->","yoast_head_json":{"title":"2024-March - CECD - Centre pour l&#039;\u00e9tude de la citoyennet\u00e9 d\u00e9mocratique","robots":{"index":"index","follow":"follow","max-snippet":"max-snippet:-1","max-image-preview":"max-image-preview:large","max-video-preview":"max-video-preview:-1"},"canonical":"https:\/\/csdc-cecd.ca\/2024-mars\/","og_locale":"en_US","og_type":"article","og_title":"2024-March - CECD - Centre pour l&#039;\u00e9tude de la citoyennet\u00e9 d\u00e9mocratique","og_description":"Carbone, M., A. Harell, S. SorokaCritical Race Theory: How Policy Language Differentially Engages Symbolic Racism and Partisanship\u00a0Perspectives on Politics, 2024B\u00e9langer, \u00c9., R. DassonnevilleEconomic Voting in Canadian Municipal Elections, in Political Engagement in Canadian City Elections, \u00a0R. M. McGregor, L. B. Stephenson (eds.),\u00a0McGill-Queen'S University Press, 2024Simon Coulombe \u2013 Le Devoir\u00a0\u2013\u00a02024|03|30Autogestion: devenir ma\u00eetre de son bien-\u00eatre Thierry [&hellip;]","og_url":"https:\/\/csdc-cecd.ca\/2024-mars\/","og_site_name":"CECD - Centre pour l&#039;\u00e9tude de la citoyennet\u00e9 d\u00e9mocratique","article_modified_time":"2025-04-09T15:17:29+00:00","twitter_card":"summary_large_image","twitter_misc":{"Est. reading time":"1 minute"},"schema":{"@context":"https:\/\/schema.org","@graph":[{"@type":"WebPage","@id":"https:\/\/csdc-cecd.ca\/2024-mars\/","url":"https:\/\/csdc-cecd.ca\/2024-mars\/","name":"2024-March - CECD - Centre pour l&#039;\u00e9tude de la citoyennet\u00e9 d\u00e9mocratique","isPartOf":{"@id":"https:\/\/csdc-cecd.ca\/#website"},"datePublished":"2024-11-11T15:15:49+00:00","dateModified":"2025-04-09T15:17:29+00:00","breadcrumb":{"@id":"https:\/\/csdc-cecd.ca\/2024-mars\/#breadcrumb"},"inLanguage":"en-US","potentialAction":[{"@type":"ReadAction","target":["https:\/\/csdc-cecd.ca\/2024-mars\/"]}]},{"@type":"BreadcrumbList","@id":"https:\/\/csdc-cecd.ca\/2024-mars\/#breadcrumb","itemListElement":[{"@type":"ListItem","position":1,"name":"Accueil","item":"https:\/\/csdc-cecd.ca\/en\/"},{"@type":"ListItem","position":2,"name":"2024-March"}]},{"@type":"WebSite","@id":"https:\/\/csdc-cecd.ca\/#website","url":"https:\/\/csdc-cecd.ca\/","name":"CECD - Centre pour l&#039;\u00e9tude de la citoyennet\u00e9 d\u00e9mocratique","description":"","potentialAction":[{"@type":"SearchAction","target":{"@type":"EntryPoint","urlTemplate":"https:\/\/csdc-cecd.ca\/?s={search_term_string}"},"query-input":{"@type":"PropertyValueSpecification","valueRequired":true,"valueName":"search_term_string"}}],"inLanguage":"en-US"}]}},"_links":{"self":[{"href":"https:\/\/csdc-cecd.ca\/en\/wp-json\/wp\/v2\/pages\/3354","targetHints":{"allow":["GET"]}}],"collection":[{"href":"https:\/\/csdc-cecd.ca\/en\/wp-json\/wp\/v2\/pages"}],"about":[{"href":"https:\/\/csdc-cecd.ca\/en\/wp-json\/wp\/v2\/types\/page"}],"author":[{"embeddable":true,"href":"https:\/\/csdc-cecd.ca\/en\/wp-json\/wp\/v2\/users\/1"}],"replies":[{"embeddable":true,"href":"https:\/\/csdc-cecd.ca\/en\/wp-json\/wp\/v2\/comments?post=3354"}],"version-history":[{"count":8,"href":"https:\/\/csdc-cecd.ca\/en\/wp-json\/wp\/v2\/pages\/3354\/revisions"}],"predecessor-version":[{"id":4769,"href":"https:\/\/csdc-cecd.ca\/en\/wp-json\/wp\/v2\/pages\/3354\/revisions\/4769"}],"wp:attachment":[{"href":"https:\/\/csdc-cecd.ca\/en\/wp-json\/wp\/v2\/media?parent=3354"}],"curies":[{"name":"wp","href":"https:\/\/api.w.org\/{rel}","templated":true}]}}