{"id":3357,"date":"2024-11-11T10:15:51","date_gmt":"2024-11-11T15:15:51","guid":{"rendered":"https:\/\/csdc-cecd.ca\/2024-06\/"},"modified":"2025-04-09T11:44:27","modified_gmt":"2025-04-09T15:44:27","slug":"2024-june","status":"publish","type":"page","link":"https:\/\/csdc-cecd.ca\/en\/2024-june\/","title":{"rendered":"2024-June"},"content":{"rendered":"<p>[et_pb_section fb_built=&#8221;1&#8243; _builder_version=&#8221;4.27.3&#8243; _module_preset=&#8221;default&#8221; global_colors_info=&#8221;{}&#8221;][et_pb_row _builder_version=&#8221;4.27.3&#8243; _module_preset=&#8221;default&#8221; global_colors_info=&#8221;{}&#8221;][et_pb_column type=&#8221;4_4&#8243; _builder_version=&#8221;4.27.3&#8243; _module_preset=&#8221;default&#8221; global_colors_info=&#8221;{}&#8221;][et_pb_heading title=&#8221;Jun. 2024&#8243; _builder_version=&#8221;4.27.3&#8243; _module_preset=&#8221;default&#8221; global_colors_info=&#8221;{}&#8221;][\/et_pb_heading][\/et_pb_column][\/et_pb_row][et_pb_row _builder_version=&#8221;4.27.3&#8243; _module_preset=&#8221;default&#8221; global_colors_info=&#8221;{}&#8221;][et_pb_column type=&#8221;4_4&#8243; _builder_version=&#8221;4.27.3&#8243; _module_preset=&#8221;default&#8221; global_colors_info=&#8221;{}&#8221;][et_pb_toggle title=&#8221;Scientific Articles&#8221; _builder_version=&#8221;4.27.4&#8243; _module_preset=&#8221;default&#8221; hover_enabled=&#8221;0&#8243; global_colors_info=&#8221;{}&#8221; sticky_enabled=&#8221;0&#8243;]<\/p>\n<p><strong>Arel-Bundock, V.<\/strong>, L. Lechner<br \/><a href=\"https:\/\/www.tandfonline.com\/doi\/full\/10.1080\/03050629.2024.2359090\">The Power of Boilerplate: Bilateralism, Plurilateralism, and the International Tax System<\/a><br \/>International Interactions, 2024<\/p>\n<p>Chen, Ph., M. Thomas, T. Gosselin, <strong>A. Harell<\/strong><br \/><a href=\"https:\/\/www.tandfonline.com\/doi\/full\/10.1080\/1554477X.2024.2359140\">What\u2019s Her Job?\u2019 Agentic Women, Sexism, and the Consequences for Political Candidate Emergence<\/a><br \/>Journal of Women, Politics and Policy, 2024<\/p>\n<p>D\u00e9ry, A., <strong>S. Dinan, O. Jacques<br \/><\/strong><a href=\"https:\/\/utppublishing.com\/doi\/full\/10.3138\/cpp.2023-019\">Les pr\u00e9f\u00e9rences des Qu\u00e9b\u00e9cois envers la redistribution : l\u2019exception canadienne<\/a><br \/>Canadian Public Policy, 2024<\/p>\n<p><strong>Dinan, S.<\/strong><br \/><a href=\"https:\/\/policyoptions.irpp.org\/magazines\/june-2024\/welfare-state-provinces\/\">Where are the provinces in the welfare state boom?<\/a><br \/>Policy Options, 2024<\/p>\n<p>Drouin, J.,<strong> Th. Giasson<\/strong><br \/><a href=\"https:\/\/www.cambridge.org\/core\/journals\/canadian-journal-of-political-science-revue-canadienne-de-science-politique\/article\/anatomie-dun-populisme-emergent-la-communication-en-ligne-du-parti-conservateur-du-quebec\/3C127D88B08890B85B21763C339BDA33\">Anatomie d\u2019un populisme \u00e9mergent ? La communication en ligne du Parti conservateur du Qu\u00e9bec<\/a>Canadian Journal of Political Science, 2024<\/p>\n<p>Rivard, A.B., <strong>J-F. Godbout, M-A. Bodet<\/strong><br \/><a href=\"https:\/\/www.cambridge.org\/core\/journals\/government-and-opposition\/article\/political-dynasties-in-canada\/757D42F86E4A0661A27BBF7BCC7CEB51\">Political Dynasties in Canada<\/a><br \/>Government &amp; Opposition, 2024<\/p>\n<p>[\/et_pb_toggle][\/et_pb_column][\/et_pb_row][et_pb_row _builder_version=&#8221;4.27.3&#8243; _module_preset=&#8221;default&#8221; global_colors_info=&#8221;{}&#8221;][et_pb_column type=&#8221;4_4&#8243; _builder_version=&#8221;4.27.3&#8243; _module_preset=&#8221;default&#8221; global_colors_info=&#8221;{}&#8221;][et_pb_toggle title=&#8221;Media&#8221; _builder_version=&#8221;4.27.3&#8243; _module_preset=&#8221;default&#8221; global_colors_info=&#8221;{}&#8221;]<\/p>\n<p>Shannon Dinan \u2013 Policy Options<span>\u00a0<\/span><span>\u2013\u00a0<\/span><span>2024|06|27<\/span><br \/><a href=\"https:\/\/policyoptions.irpp.org\/magazines\/june-2024\/welfare-state-provinces\/\">Where are the provinces in Canada\u2019s welfare-state boom?<\/a><\/p>\n<p>Fenwick McKelvey \u2013 CBC News<span>\u00a0<\/span><span>\u2013\u00a0<\/span><span>2024|06|24<\/span><br \/><a href=\"https:\/\/www.cbc.ca\/news\/politics\/conservative-tweet-capital-gains-chatgpt-1.7244186\">Conservative MP shares inaccurate, ChatGPT-generated stats on capital gains tax rate<\/a><\/p>\n<p>Colette Brin \u2013 ULaval Nouvelles<span>\u00a0<\/span><span>\u2013\u00a0<\/span><span>2024|06|18<\/span><br \/><a href=\"https:\/\/nouvelles.ulaval.ca\/2024\/06\/18\/quel-avenir-pour-la-culture-et-les-medias-a-lere-de-lintelligence-artificielle-a:771f3676-c822-48ac-be45-63e0419d0e32\">Quel avenir pour la culture et les m\u00e9dias \u00e0 l\u2019\u00e8re de l\u2019intelligence artificielle?<\/a><\/p>\n<p>Colette Brin \u2013 Radio Canada<span>\u00a0<\/span><span>\u2013\u00a0<\/span><span>2024|06|17<\/span><br \/><a href=\"https:\/\/ici.radio-canada.ca\/nouvelle\/2081227\/confiance-journalisme-medias-nouvelles-actualite\">La confiance du public envers les m\u00e9dias d\u2019information continue de descendre<\/a><\/p>\n<p>Laurie Beaudonnet \u2013 La Presse<span>\u00a0<\/span><span>\u2013\u00a0<\/span><span>2024|06|13<\/span><br \/><a href=\"https:\/\/www.lapresse.ca\/dialogue\/opinions\/2024-06-13\/europe-2024\/la-victoire-en-trompe-l-oeil-de-l-extreme-droite.php\">La victoire en trompe-l\u2019\u0153il de l\u2019extr\u00eame droite<\/a><\/p>\n<p>Marc-Andr\u00e9 Bodet \u2013 iPolitics<span>\u00a0<\/span><span>\u2013\u00a0<\/span><span>2024|06|07<\/span><br \/><a href=\"https:\/\/www.ipolitics.ca\/news\/new-poll-suggests-conservatives-on-the-rise-in-quebec\">New poll suggests Conservatives on the rise in Quebec<\/a><\/p>\n<p>Laurie Beaudonnet \u2013 Pivot Qu\u00e9bec<span>\u00a0<\/span><span>\u2013\u00a0<\/span><span>2024|06|05<\/span><br \/><a href=\"https:\/\/pivot.quebec\/2024\/06\/05\/elections-europeennes-linflation-au-coeur-des-debats\/\">\u00c9lections europ\u00e9ennes : l\u2019inflation au c\u0153ur des d\u00e9bats<\/a><\/p>\n<p>Antoine Bilodeau \u2013 Le Devoir<span>\u00a0<\/span><span>\u2013\u00a0<\/span><span>2024|06|04<\/span><br \/><a href=\"https:\/\/www.ledevoir.com\/societe\/814242\/face-discrimination-classe-sociale-immigrants-compense-origine-nationale\">Face \u00e0 la discrimination, la classe sociale des immigrants compense leur origine nationale, selon une nouvelle \u00e9tude<\/a><\/p>\n<p>Antoine Bilodeau \u2013 EurekAlert<span>\u00a0<\/span><span>\u2013\u00a0<\/span><span>2024|06|04<\/span><br \/><a href=\"https:\/\/www.eurekalert.org\/news-releases\/1047101?language=french\">L\u2019int\u00e9gration \u00e9conomique est un important facteur de nivellement des pr\u00e9f\u00e9rences de la population qu\u00e9b\u00e9coise en mati\u00e8re d\u2019immigration, selon une nouvelle \u00e9tude<\/a><\/p>\n<p>Laurie Beaudonnet \u2013 Pivot Qu\u00e9bec<span>\u00a0<\/span><span>\u2013\u00a0<\/span><span>2024|06|04<\/span><br \/><a href=\"https:\/\/pivot.quebec\/2024\/06\/04\/elections-europeennes-recul-en-vue-pour-lenvironnement\/\">\u00c9lections europ\u00e9ennes : recul en vue pour l\u2019environnement?<\/a><\/p>\n<p>Fr\u00e9d\u00e9rick Bastien \u2013 UdeM Nouvelles<span>\u00a0<\/span><span>\u2013\u00a0<\/span><span>2024|06|03<\/span><br \/><a href=\"https:\/\/nouvelles.umontreal.ca\/article\/2024\/06\/03\/la-gestion-des-donnees-de-recherche-pour-mieux-partager-et-faire-avancer-la-connaissance\/\">La gestion des donn\u00e9es de recherche: pour mieux partager et faire avancer la connaissance<\/a><\/p>\n<p>Laurie Beaudonnet \u2013 Pivot Qu\u00e9bec<span>\u00a0<\/span><span>\u2013\u00a0<\/span><span>2024|06|03<\/span><br \/><a href=\"https:\/\/pivot.quebec\/2024\/06\/03\/elections-europeennes-les-effets-de-la-guerre-en-ukraine\/\">\u00c9lections europ\u00e9ennes : les effets de la guerre en Ukraine<\/a><\/p>\n<p>Laurie Beaudonnet \u2013 Pivot Qu\u00e9bec<span>\u00a0<\/span><span>\u2013\u00a0<\/span><span>2024|06|01<\/span><br \/><a href=\"https:\/\/pivot.quebec\/2024\/06\/01\/les-elections-europeennes-quest-ce-que-cest\/\">Les \u00e9lections europ\u00e9ennes, qu\u2019est-ce que c\u2019est?<\/a><\/p>\n<p>Laurie Beaudonnet \u2013 Pivot Qu\u00e9bec<span>\u00a0<\/span><span>\u2013\u00a0<\/span><span>2024|06|01<\/span><br \/><a href=\"https:\/\/pivot.quebec\/2024\/06\/01\/elections-europeennes-la-montee-de-lextreme-droite\/\">\u00c9lections europ\u00e9ennes : la mont\u00e9e de l\u2019extr\u00eame droite<\/a><\/p>\n<p>[\/et_pb_toggle][et_pb_toggle title=&#8221;Podcast&#8221; _builder_version=&#8221;4.27.3&#8243; _module_preset=&#8221;default&#8221; global_colors_info=&#8221;{}&#8221;]<\/p>\n<p>Laurie Beaudonnet \u2013 Radio Canada<span>\u00a0<\/span><span>\u2013\u00a0<\/span><span>2024|06|10<\/span><br \/><a href=\"https:\/\/ici.radio-canada.ca\/ohdio\/premiere\/emissions\/point-du-jour\/segments\/rattrapage\/1779376\/retour-sur-les-resultats-des-elections-europeennes-rassemblement-national-front-national-jordan-bardella-marine-le-pen\">Le virage \u00e0 droite de l\u2019Europe se r\u00e9percutera sur le Canada<\/a><\/p>\n<p>Claire Durand \u2013 3 \u2013 Radio Canada<span>\u00a0<\/span><span>\u2013\u00a0<\/span><span>2024|06|03<\/span><br \/><a href=\"https:\/\/ici.radio-canada.ca\/ohdio\/premiere\/emissions\/le-15-18\/segments\/rattrapage\/506773\/utilisation-sondages-instrumentalisation-democratisation\">Les sondages sont-ils instrumentalis\u00e9s par les personnes qui savent s\u2019en servir?<\/a><\/p>\n<p>[\/et_pb_toggle][\/et_pb_column][\/et_pb_row][et_pb_row _builder_version=&#8221;4.27.3&#8243; _module_preset=&#8221;default&#8221; global_colors_info=&#8221;{}&#8221;][et_pb_column type=&#8221;4_4&#8243; _builder_version=&#8221;4.27.3&#8243; _module_preset=&#8221;default&#8221; global_colors_info=&#8221;{}&#8221;][et_pb_button button_url=&#8221;@ET-DC@eyJkeW5hbWljIjp0cnVlLCJjb250ZW50IjoicG9zdF9saW5rX3VybF9wYWdlIiwic2V0dGluZ3MiOnsicG9zdF9pZCI6IjMzMjIifX0=@&#8221; button_text=&#8221;Back&#8221; button_alignment=&#8221;center&#8221; _builder_version=&#8221;4.27.3&#8243; _dynamic_attributes=&#8221;button_url&#8221; _module_preset=&#8221;default&#8221; global_colors_info=&#8221;{}&#8221;][\/et_pb_button][\/et_pb_column][\/et_pb_row][\/et_pb_section]<\/p>\n","protected":false},"excerpt":{"rendered":"<p>Arel-Bundock, V., L. LechnerThe Power of Boilerplate: Bilateralism, Plurilateralism, and the International Tax SystemInternational Interactions, 2024 Chen, Ph., M. Thomas, T. Gosselin, A. HarellWhat\u2019s Her Job?\u2019 Agentic Women, Sexism, and the Consequences for Political Candidate EmergenceJournal of Women, Politics and Policy, 2024 D\u00e9ry, A., S. Dinan, O. JacquesLes pr\u00e9f\u00e9rences des Qu\u00e9b\u00e9cois envers la redistribution : [&hellip;]<\/p>\n","protected":false},"author":1,"featured_media":0,"parent":0,"menu_order":0,"comment_status":"closed","ping_status":"closed","template":"","meta":{"_et_pb_use_builder":"on","_et_pb_old_content":"","_et_gb_content_width":"","footnotes":""},"class_list":["post-3357","page","type-page","status-publish","hentry"],"yoast_head":"<!-- This site is optimized with the Yoast SEO plugin v27.4 - https:\/\/yoast.com\/product\/yoast-seo-wordpress\/ -->\n<title>2024-June - CECD - Centre pour l&#039;\u00e9tude de la citoyennet\u00e9 d\u00e9mocratique<\/title>\n<meta name=\"robots\" content=\"index, follow, max-snippet:-1, max-image-preview:large, max-video-preview:-1\" \/>\n<link rel=\"canonical\" href=\"https:\/\/csdc-cecd.ca\/2024-juin\/\" \/>\n<meta property=\"og:locale\" content=\"en_US\" \/>\n<meta property=\"og:type\" content=\"article\" \/>\n<meta property=\"og:title\" content=\"2024-June - CECD - Centre pour l&#039;\u00e9tude de la citoyennet\u00e9 d\u00e9mocratique\" \/>\n<meta property=\"og:description\" content=\"Arel-Bundock, V., L. LechnerThe Power of Boilerplate: Bilateralism, Plurilateralism, and the International Tax SystemInternational Interactions, 2024 Chen, Ph., M. Thomas, T. Gosselin, A. HarellWhat\u2019s Her Job?\u2019 Agentic Women, Sexism, and the Consequences for Political Candidate EmergenceJournal of Women, Politics and Policy, 2024 D\u00e9ry, A., S. Dinan, O. JacquesLes pr\u00e9f\u00e9rences des Qu\u00e9b\u00e9cois envers la redistribution : [&hellip;]\" \/>\n<meta property=\"og:url\" content=\"https:\/\/csdc-cecd.ca\/2024-juin\/\" \/>\n<meta property=\"og:site_name\" content=\"CECD - Centre pour l&#039;\u00e9tude de la citoyennet\u00e9 d\u00e9mocratique\" \/>\n<meta property=\"article:modified_time\" content=\"2025-04-09T15:44:27+00:00\" \/>\n<meta name=\"twitter:card\" content=\"summary_large_image\" \/>\n<meta name=\"twitter:label1\" content=\"Est. reading time\" \/>\n\t<meta name=\"twitter:data1\" content=\"2 minutes\" \/>\n<script type=\"application\/ld+json\" class=\"yoast-schema-graph\">{\"@context\":\"https:\\\/\\\/schema.org\",\"@graph\":[{\"@type\":\"WebPage\",\"@id\":\"https:\\\/\\\/csdc-cecd.ca\\\/2024-juin\\\/\",\"url\":\"https:\\\/\\\/csdc-cecd.ca\\\/2024-juin\\\/\",\"name\":\"2024-June - CECD - Centre pour l&#039;\u00e9tude de la citoyennet\u00e9 d\u00e9mocratique\",\"isPartOf\":{\"@id\":\"https:\\\/\\\/csdc-cecd.ca\\\/#website\"},\"datePublished\":\"2024-11-11T15:15:51+00:00\",\"dateModified\":\"2025-04-09T15:44:27+00:00\",\"breadcrumb\":{\"@id\":\"https:\\\/\\\/csdc-cecd.ca\\\/2024-juin\\\/#breadcrumb\"},\"inLanguage\":\"en-US\",\"potentialAction\":[{\"@type\":\"ReadAction\",\"target\":[\"https:\\\/\\\/csdc-cecd.ca\\\/2024-juin\\\/\"]}]},{\"@type\":\"BreadcrumbList\",\"@id\":\"https:\\\/\\\/csdc-cecd.ca\\\/2024-juin\\\/#breadcrumb\",\"itemListElement\":[{\"@type\":\"ListItem\",\"position\":1,\"name\":\"Accueil\",\"item\":\"https:\\\/\\\/csdc-cecd.ca\\\/en\\\/\"},{\"@type\":\"ListItem\",\"position\":2,\"name\":\"2024-June\"}]},{\"@type\":\"WebSite\",\"@id\":\"https:\\\/\\\/csdc-cecd.ca\\\/#website\",\"url\":\"https:\\\/\\\/csdc-cecd.ca\\\/\",\"name\":\"CECD - Centre pour l&#039;\u00e9tude de la citoyennet\u00e9 d\u00e9mocratique\",\"description\":\"\",\"potentialAction\":[{\"@type\":\"SearchAction\",\"target\":{\"@type\":\"EntryPoint\",\"urlTemplate\":\"https:\\\/\\\/csdc-cecd.ca\\\/?s={search_term_string}\"},\"query-input\":{\"@type\":\"PropertyValueSpecification\",\"valueRequired\":true,\"valueName\":\"search_term_string\"}}],\"inLanguage\":\"en-US\"}]}<\/script>\n<!-- \/ Yoast SEO plugin. -->","yoast_head_json":{"title":"2024-June - CECD - Centre pour l&#039;\u00e9tude de la citoyennet\u00e9 d\u00e9mocratique","robots":{"index":"index","follow":"follow","max-snippet":"max-snippet:-1","max-image-preview":"max-image-preview:large","max-video-preview":"max-video-preview:-1"},"canonical":"https:\/\/csdc-cecd.ca\/2024-juin\/","og_locale":"en_US","og_type":"article","og_title":"2024-June - CECD - Centre pour l&#039;\u00e9tude de la citoyennet\u00e9 d\u00e9mocratique","og_description":"Arel-Bundock, V., L. LechnerThe Power of Boilerplate: Bilateralism, Plurilateralism, and the International Tax SystemInternational Interactions, 2024 Chen, Ph., M. Thomas, T. Gosselin, A. HarellWhat\u2019s Her Job?\u2019 Agentic Women, Sexism, and the Consequences for Political Candidate EmergenceJournal of Women, Politics and Policy, 2024 D\u00e9ry, A., S. Dinan, O. JacquesLes pr\u00e9f\u00e9rences des Qu\u00e9b\u00e9cois envers la redistribution : [&hellip;]","og_url":"https:\/\/csdc-cecd.ca\/2024-juin\/","og_site_name":"CECD - Centre pour l&#039;\u00e9tude de la citoyennet\u00e9 d\u00e9mocratique","article_modified_time":"2025-04-09T15:44:27+00:00","twitter_card":"summary_large_image","twitter_misc":{"Est. reading time":"2 minutes"},"schema":{"@context":"https:\/\/schema.org","@graph":[{"@type":"WebPage","@id":"https:\/\/csdc-cecd.ca\/2024-juin\/","url":"https:\/\/csdc-cecd.ca\/2024-juin\/","name":"2024-June - CECD - Centre pour l&#039;\u00e9tude de la citoyennet\u00e9 d\u00e9mocratique","isPartOf":{"@id":"https:\/\/csdc-cecd.ca\/#website"},"datePublished":"2024-11-11T15:15:51+00:00","dateModified":"2025-04-09T15:44:27+00:00","breadcrumb":{"@id":"https:\/\/csdc-cecd.ca\/2024-juin\/#breadcrumb"},"inLanguage":"en-US","potentialAction":[{"@type":"ReadAction","target":["https:\/\/csdc-cecd.ca\/2024-juin\/"]}]},{"@type":"BreadcrumbList","@id":"https:\/\/csdc-cecd.ca\/2024-juin\/#breadcrumb","itemListElement":[{"@type":"ListItem","position":1,"name":"Accueil","item":"https:\/\/csdc-cecd.ca\/en\/"},{"@type":"ListItem","position":2,"name":"2024-June"}]},{"@type":"WebSite","@id":"https:\/\/csdc-cecd.ca\/#website","url":"https:\/\/csdc-cecd.ca\/","name":"CECD - Centre pour l&#039;\u00e9tude de la citoyennet\u00e9 d\u00e9mocratique","description":"","potentialAction":[{"@type":"SearchAction","target":{"@type":"EntryPoint","urlTemplate":"https:\/\/csdc-cecd.ca\/?s={search_term_string}"},"query-input":{"@type":"PropertyValueSpecification","valueRequired":true,"valueName":"search_term_string"}}],"inLanguage":"en-US"}]}},"_links":{"self":[{"href":"https:\/\/csdc-cecd.ca\/en\/wp-json\/wp\/v2\/pages\/3357","targetHints":{"allow":["GET"]}}],"collection":[{"href":"https:\/\/csdc-cecd.ca\/en\/wp-json\/wp\/v2\/pages"}],"about":[{"href":"https:\/\/csdc-cecd.ca\/en\/wp-json\/wp\/v2\/types\/page"}],"author":[{"embeddable":true,"href":"https:\/\/csdc-cecd.ca\/en\/wp-json\/wp\/v2\/users\/1"}],"replies":[{"embeddable":true,"href":"https:\/\/csdc-cecd.ca\/en\/wp-json\/wp\/v2\/comments?post=3357"}],"version-history":[{"count":12,"href":"https:\/\/csdc-cecd.ca\/en\/wp-json\/wp\/v2\/pages\/3357\/revisions"}],"predecessor-version":[{"id":4789,"href":"https:\/\/csdc-cecd.ca\/en\/wp-json\/wp\/v2\/pages\/3357\/revisions\/4789"}],"wp:attachment":[{"href":"https:\/\/csdc-cecd.ca\/en\/wp-json\/wp\/v2\/media?parent=3357"}],"curies":[{"name":"wp","href":"https:\/\/api.w.org\/{rel}","templated":true}]}}