{"id":3358,"date":"2024-11-11T10:15:54","date_gmt":"2024-11-11T15:15:54","guid":{"rendered":"https:\/\/csdc-cecd.ca\/2024-07\/"},"modified":"2025-04-08T09:50:18","modified_gmt":"2025-04-08T13:50:18","slug":"2024-july","status":"publish","type":"page","link":"https:\/\/csdc-cecd.ca\/en\/2024-july\/","title":{"rendered":"2024-July"},"content":{"rendered":"<p>[et_pb_section fb_built=&#8221;1&#8243; _builder_version=&#8221;4.27.3&#8243; _module_preset=&#8221;default&#8221; global_colors_info=&#8221;{}&#8221;][et_pb_row _builder_version=&#8221;4.27.3&#8243; _module_preset=&#8221;default&#8221; global_colors_info=&#8221;{}&#8221;][et_pb_column type=&#8221;4_4&#8243; _builder_version=&#8221;4.27.3&#8243; _module_preset=&#8221;default&#8221; global_colors_info=&#8221;{}&#8221;][et_pb_heading title=&#8221;Jul. 2024&#8243; _builder_version=&#8221;4.27.3&#8243; _module_preset=&#8221;default&#8221; global_colors_info=&#8221;{}&#8221;][\/et_pb_heading][\/et_pb_column][\/et_pb_row][et_pb_row _builder_version=&#8221;4.27.3&#8243; _module_preset=&#8221;default&#8221; global_colors_info=&#8221;{}&#8221;][et_pb_column type=&#8221;4_4&#8243; _builder_version=&#8221;4.27.3&#8243; _module_preset=&#8221;default&#8221; global_colors_info=&#8221;{}&#8221;][et_pb_toggle title=&#8221;Scientific Articles&#8221; _builder_version=&#8221;4.27.4&#8243; _module_preset=&#8221;default&#8221; hover_enabled=&#8221;0&#8243; global_colors_info=&#8221;{}&#8221; sticky_enabled=&#8221;0&#8243;]<\/p>\n<p>Daoust, J-F., S. \u00c7akir, <strong>R. Dassonneville<\/strong>,&amp; M. Gu\u00e9vremont<br \/><a href=\"https:\/\/journals.sagepub.com\/doi\/epub\/10.1177\/20531680241272647\">Do sexual minorities participate more in politics?<\/a><br \/><span>Research &amp; Politics, 2024<\/span><\/p>\n<p>[\/et_pb_toggle][et_pb_toggle title=&#8221;Media&#8221; _builder_version=&#8221;4.27.3&#8243; _module_preset=&#8221;default&#8221; global_colors_info=&#8221;{}&#8221;]<\/p>\n<p>Jean-Fran\u00e7ois Godbout, Reihaneh Rabbany \u2013 UdeM Nouvelles \u2013\u00a02024|07|29<br \/><a href=\"https:\/\/nouvelles.umontreal.ca\/article\/2024\/07\/29\/contrer-la-desinformation-au-moyen-de-l-intelligence-artificielle\/\">Contrer la d\u00e9sinformation au moyen de l\u2019intelligence artificielle<\/a><\/p>\n<p>Jean-Fran\u00e7ois Godbout \u2013 La Presse \u2013\u00a02024|07|29<br \/><a href=\"https:\/\/www.lapresse.ca\/affaires\/techno\/2024-07-29\/intelligence-artificielle\/ottawa-finance-un-projet-de-l-universite-de-montreal-pour-lutter-contre-la-desinformation.php\">Ottawa finance un projet de l\u2019Universit\u00e9 de Montr\u00e9al pour lutter contre la d\u00e9sinformation<\/a><\/p>\n<p>Jean-Fran\u00e7ois Godbout \u2013 Le Devoir \u2013\u00a02024|07|29<br \/><a href=\"https:\/\/www.ledevoir.com\/societe\/817282\/udem-utilisera-intelligence-artificielle-reperer-fausses-nouvelles-ligne\">L\u2019UdeM utilisera l\u2019intelligence artificielle pour rep\u00e9rer les fausses nouvelles en ligne<\/a><\/p>\n<p>Fenwick McKelvey \u2013 National Post \u2013\u00a02024|07|27<br \/><a href=\"https:\/\/nationalpost.com\/news\/canada\/government-chatbots-its-one-possibility-under-ottawas-new-ai-strategy\">Government chatbots? It\u2019s one possibility under Ottawa\u2019s new AI strategy<\/a><\/p>\n<p>Colette Brin \u2013 The Conversation \u2013\u00a02024|07|25<br \/><a href=\"https:\/\/theconversation.com\/les-canadiens-sinforment-moins-sur-facebook-quauparavant-234198\">Les Canadiens s\u2019informent moins sur Facebook qu\u2019auparavant<\/a><\/p>\n<p>Colette Brin \u2013 98.5 Montr\u00e9al \u2013\u00a02024|07|21<br \/><a href=\"https:\/\/www.985fm.ca\/nouvelles\/637584\/elections-les-canadiens-craignent-l-utilisation-de-l-ia\">Intelligence artificielle | \u00c9lections: Les Canadiens craignent l\u2019utilisation de l\u2019IA<\/a><\/p>\n<p>Laurie Beaudonnet \u2013 UdeM Nouvelles \u2013\u00a02024|07|17<br \/><a href=\"https:\/\/nouvelles.umontreal.ca\/article\/2024\/07\/17\/les-jeux-olympiques-2024-nos-experts\/\">Les Jeux olympiques 2024: nos experts<\/a><\/p>\n<p>Thierry Giasson \u2013 Le Journal de Montr\u00e9al \u2013\u00a02024|07|06<br \/><a href=\"https:\/\/www.journaldemontreal.com\/2024\/07\/06\/les-gens-sont-terrorises--voici-ce-qui-pourrait-se-passer-apres-les-legislatives-de-dimanche-en-france\">\u00abLes gens sont terroris\u00e9s\u00bb: voici ce qui pourrait se passer apr\u00e8s les l\u00e9gislatives de dimanche en France<\/a><\/p>\n<p>Antoine Bilodeau \u2013 Agence Science-Presse \u2013\u00a02024|07|03<br \/><a href=\"https:\/\/www.sciencepresse.qc.ca\/actualite\/2024\/07\/03\/immigration-profession-influence-perception\">Immigration: la profession influence la perception<\/a><\/p>\n<p>Laurie Beaudonnet \u2013 La Presse \u2013\u00a02024|07|01<br \/><a href=\"https:\/\/www.lapresse.ca\/international\/europe\/2024-07-01\/elections-legislatives-en-france\/vers-un-nouveau-paysage-politique.php\">Vers un nouveau paysage politique<\/a><\/p>\n<p>Allison Harell \u2013 LSE Blogs \u2013\u00a02024|07|01<br \/><a href=\"https:\/\/blogs.lse.ac.uk\/usappblog\/2024\/07\/01\/republican-lawmakers-framing-of-critical-race-theory-means-that-for-many-americans-the-term-can-activate-deep-seated-prejudices\/\">Republican lawmakers\u2019 framing of Critical Race Theory means that for many Americans, the term can activate deep-seated prejudices<\/a><\/p>\n<p>[\/et_pb_toggle][\/et_pb_column][\/et_pb_row][et_pb_row _builder_version=&#8221;4.27.3&#8243; _module_preset=&#8221;default&#8221; global_colors_info=&#8221;{}&#8221;][et_pb_column type=&#8221;4_4&#8243; _builder_version=&#8221;4.27.3&#8243; _module_preset=&#8221;default&#8221; global_colors_info=&#8221;{}&#8221;][et_pb_button button_url=&#8221;@ET-DC@eyJkeW5hbWljIjp0cnVlLCJjb250ZW50IjoicG9zdF9saW5rX3VybF9wYWdlIiwic2V0dGluZ3MiOnsicG9zdF9pZCI6IjMzMjIifX0=@&#8221; button_text=&#8221;Back&#8221; button_alignment=&#8221;center&#8221; _builder_version=&#8221;4.27.3&#8243; _dynamic_attributes=&#8221;button_url&#8221; _module_preset=&#8221;default&#8221; global_colors_info=&#8221;{}&#8221;][\/et_pb_button][\/et_pb_column][\/et_pb_row][\/et_pb_section]<\/p>\n","protected":false},"excerpt":{"rendered":"<p>Daoust, J-F., S. \u00c7akir, R. Dassonneville,&amp; M. Gu\u00e9vremontDo sexual minorities participate more in politics?Research &amp; Politics, 2024Jean-Fran\u00e7ois Godbout, Reihaneh Rabbany \u2013 UdeM Nouvelles \u2013\u00a02024|07|29Contrer la d\u00e9sinformation au moyen de l\u2019intelligence artificielle Jean-Fran\u00e7ois Godbout \u2013 La Presse \u2013\u00a02024|07|29Ottawa finance un projet de l\u2019Universit\u00e9 de Montr\u00e9al pour lutter contre la d\u00e9sinformation Jean-Fran\u00e7ois Godbout \u2013 Le Devoir \u2013\u00a02024|07|29L\u2019UdeM [&hellip;]<\/p>\n","protected":false},"author":1,"featured_media":0,"parent":0,"menu_order":0,"comment_status":"closed","ping_status":"closed","template":"","meta":{"_et_pb_use_builder":"on","_et_pb_old_content":"","_et_gb_content_width":"","footnotes":""},"class_list":["post-3358","page","type-page","status-publish","hentry"],"yoast_head":"<!-- This site is optimized with the Yoast SEO plugin v27.4 - https:\/\/yoast.com\/product\/yoast-seo-wordpress\/ -->\n<title>2024-July - CECD - Centre pour l&#039;\u00e9tude de la citoyennet\u00e9 d\u00e9mocratique<\/title>\n<meta name=\"robots\" content=\"index, follow, max-snippet:-1, max-image-preview:large, max-video-preview:-1\" \/>\n<link rel=\"canonical\" href=\"https:\/\/csdc-cecd.ca\/2024-juillet\/\" \/>\n<meta property=\"og:locale\" content=\"en_US\" \/>\n<meta property=\"og:type\" content=\"article\" \/>\n<meta property=\"og:title\" content=\"2024-July - CECD - Centre pour l&#039;\u00e9tude de la citoyennet\u00e9 d\u00e9mocratique\" \/>\n<meta property=\"og:description\" content=\"Daoust, J-F., S. \u00c7akir, R. Dassonneville,&amp; M. Gu\u00e9vremontDo sexual minorities participate more in politics?Research &amp; Politics, 2024Jean-Fran\u00e7ois Godbout, Reihaneh Rabbany \u2013 UdeM Nouvelles \u2013\u00a02024|07|29Contrer la d\u00e9sinformation au moyen de l\u2019intelligence artificielle Jean-Fran\u00e7ois Godbout \u2013 La Presse \u2013\u00a02024|07|29Ottawa finance un projet de l\u2019Universit\u00e9 de Montr\u00e9al pour lutter contre la d\u00e9sinformation Jean-Fran\u00e7ois Godbout \u2013 Le Devoir \u2013\u00a02024|07|29L\u2019UdeM [&hellip;]\" \/>\n<meta property=\"og:url\" content=\"https:\/\/csdc-cecd.ca\/2024-juillet\/\" \/>\n<meta property=\"og:site_name\" content=\"CECD - Centre pour l&#039;\u00e9tude de la citoyennet\u00e9 d\u00e9mocratique\" \/>\n<meta property=\"article:modified_time\" content=\"2025-04-08T13:50:18+00:00\" \/>\n<meta name=\"twitter:card\" content=\"summary_large_image\" \/>\n<meta name=\"twitter:label1\" content=\"Est. reading time\" \/>\n\t<meta name=\"twitter:data1\" content=\"1 minute\" \/>\n<script type=\"application\/ld+json\" class=\"yoast-schema-graph\">{\"@context\":\"https:\\\/\\\/schema.org\",\"@graph\":[{\"@type\":\"WebPage\",\"@id\":\"https:\\\/\\\/csdc-cecd.ca\\\/2024-juillet\\\/\",\"url\":\"https:\\\/\\\/csdc-cecd.ca\\\/2024-juillet\\\/\",\"name\":\"2024-July - CECD - Centre pour l&#039;\u00e9tude de la citoyennet\u00e9 d\u00e9mocratique\",\"isPartOf\":{\"@id\":\"https:\\\/\\\/csdc-cecd.ca\\\/#website\"},\"datePublished\":\"2024-11-11T15:15:54+00:00\",\"dateModified\":\"2025-04-08T13:50:18+00:00\",\"breadcrumb\":{\"@id\":\"https:\\\/\\\/csdc-cecd.ca\\\/2024-juillet\\\/#breadcrumb\"},\"inLanguage\":\"en-US\",\"potentialAction\":[{\"@type\":\"ReadAction\",\"target\":[\"https:\\\/\\\/csdc-cecd.ca\\\/2024-juillet\\\/\"]}]},{\"@type\":\"BreadcrumbList\",\"@id\":\"https:\\\/\\\/csdc-cecd.ca\\\/2024-juillet\\\/#breadcrumb\",\"itemListElement\":[{\"@type\":\"ListItem\",\"position\":1,\"name\":\"Accueil\",\"item\":\"https:\\\/\\\/csdc-cecd.ca\\\/en\\\/\"},{\"@type\":\"ListItem\",\"position\":2,\"name\":\"2024-July\"}]},{\"@type\":\"WebSite\",\"@id\":\"https:\\\/\\\/csdc-cecd.ca\\\/#website\",\"url\":\"https:\\\/\\\/csdc-cecd.ca\\\/\",\"name\":\"CECD - Centre pour l&#039;\u00e9tude de la citoyennet\u00e9 d\u00e9mocratique\",\"description\":\"\",\"potentialAction\":[{\"@type\":\"SearchAction\",\"target\":{\"@type\":\"EntryPoint\",\"urlTemplate\":\"https:\\\/\\\/csdc-cecd.ca\\\/?s={search_term_string}\"},\"query-input\":{\"@type\":\"PropertyValueSpecification\",\"valueRequired\":true,\"valueName\":\"search_term_string\"}}],\"inLanguage\":\"en-US\"}]}<\/script>\n<!-- \/ Yoast SEO plugin. -->","yoast_head_json":{"title":"2024-July - CECD - Centre pour l&#039;\u00e9tude de la citoyennet\u00e9 d\u00e9mocratique","robots":{"index":"index","follow":"follow","max-snippet":"max-snippet:-1","max-image-preview":"max-image-preview:large","max-video-preview":"max-video-preview:-1"},"canonical":"https:\/\/csdc-cecd.ca\/2024-juillet\/","og_locale":"en_US","og_type":"article","og_title":"2024-July - CECD - Centre pour l&#039;\u00e9tude de la citoyennet\u00e9 d\u00e9mocratique","og_description":"Daoust, J-F., S. \u00c7akir, R. Dassonneville,&amp; M. Gu\u00e9vremontDo sexual minorities participate more in politics?Research &amp; Politics, 2024Jean-Fran\u00e7ois Godbout, Reihaneh Rabbany \u2013 UdeM Nouvelles \u2013\u00a02024|07|29Contrer la d\u00e9sinformation au moyen de l\u2019intelligence artificielle Jean-Fran\u00e7ois Godbout \u2013 La Presse \u2013\u00a02024|07|29Ottawa finance un projet de l\u2019Universit\u00e9 de Montr\u00e9al pour lutter contre la d\u00e9sinformation Jean-Fran\u00e7ois Godbout \u2013 Le Devoir \u2013\u00a02024|07|29L\u2019UdeM [&hellip;]","og_url":"https:\/\/csdc-cecd.ca\/2024-juillet\/","og_site_name":"CECD - Centre pour l&#039;\u00e9tude de la citoyennet\u00e9 d\u00e9mocratique","article_modified_time":"2025-04-08T13:50:18+00:00","twitter_card":"summary_large_image","twitter_misc":{"Est. reading time":"1 minute"},"schema":{"@context":"https:\/\/schema.org","@graph":[{"@type":"WebPage","@id":"https:\/\/csdc-cecd.ca\/2024-juillet\/","url":"https:\/\/csdc-cecd.ca\/2024-juillet\/","name":"2024-July - CECD - Centre pour l&#039;\u00e9tude de la citoyennet\u00e9 d\u00e9mocratique","isPartOf":{"@id":"https:\/\/csdc-cecd.ca\/#website"},"datePublished":"2024-11-11T15:15:54+00:00","dateModified":"2025-04-08T13:50:18+00:00","breadcrumb":{"@id":"https:\/\/csdc-cecd.ca\/2024-juillet\/#breadcrumb"},"inLanguage":"en-US","potentialAction":[{"@type":"ReadAction","target":["https:\/\/csdc-cecd.ca\/2024-juillet\/"]}]},{"@type":"BreadcrumbList","@id":"https:\/\/csdc-cecd.ca\/2024-juillet\/#breadcrumb","itemListElement":[{"@type":"ListItem","position":1,"name":"Accueil","item":"https:\/\/csdc-cecd.ca\/en\/"},{"@type":"ListItem","position":2,"name":"2024-July"}]},{"@type":"WebSite","@id":"https:\/\/csdc-cecd.ca\/#website","url":"https:\/\/csdc-cecd.ca\/","name":"CECD - Centre pour l&#039;\u00e9tude de la citoyennet\u00e9 d\u00e9mocratique","description":"","potentialAction":[{"@type":"SearchAction","target":{"@type":"EntryPoint","urlTemplate":"https:\/\/csdc-cecd.ca\/?s={search_term_string}"},"query-input":{"@type":"PropertyValueSpecification","valueRequired":true,"valueName":"search_term_string"}}],"inLanguage":"en-US"}]}},"_links":{"self":[{"href":"https:\/\/csdc-cecd.ca\/en\/wp-json\/wp\/v2\/pages\/3358","targetHints":{"allow":["GET"]}}],"collection":[{"href":"https:\/\/csdc-cecd.ca\/en\/wp-json\/wp\/v2\/pages"}],"about":[{"href":"https:\/\/csdc-cecd.ca\/en\/wp-json\/wp\/v2\/types\/page"}],"author":[{"embeddable":true,"href":"https:\/\/csdc-cecd.ca\/en\/wp-json\/wp\/v2\/users\/1"}],"replies":[{"embeddable":true,"href":"https:\/\/csdc-cecd.ca\/en\/wp-json\/wp\/v2\/comments?post=3358"}],"version-history":[{"count":7,"href":"https:\/\/csdc-cecd.ca\/en\/wp-json\/wp\/v2\/pages\/3358\/revisions"}],"predecessor-version":[{"id":4691,"href":"https:\/\/csdc-cecd.ca\/en\/wp-json\/wp\/v2\/pages\/3358\/revisions\/4691"}],"wp:attachment":[{"href":"https:\/\/csdc-cecd.ca\/en\/wp-json\/wp\/v2\/media?parent=3358"}],"curies":[{"name":"wp","href":"https:\/\/api.w.org\/{rel}","templated":true}]}}