{"id":3359,"date":"2024-11-11T10:15:58","date_gmt":"2024-11-11T15:15:58","guid":{"rendered":"https:\/\/csdc-cecd.ca\/2024-08\/"},"modified":"2025-04-10T13:50:37","modified_gmt":"2025-04-10T17:50:37","slug":"2024-august","status":"publish","type":"page","link":"https:\/\/csdc-cecd.ca\/en\/2024-august\/","title":{"rendered":"2024-August"},"content":{"rendered":"<p>[et_pb_section fb_built=&#8221;1&#8243; _builder_version=&#8221;4.27.3&#8243; _module_preset=&#8221;default&#8221; global_colors_info=&#8221;{}&#8221;][et_pb_row _builder_version=&#8221;4.27.3&#8243; _module_preset=&#8221;default&#8221; global_colors_info=&#8221;{}&#8221;][et_pb_column type=&#8221;4_4&#8243; _builder_version=&#8221;4.27.3&#8243; _module_preset=&#8221;default&#8221; global_colors_info=&#8221;{}&#8221;][et_pb_heading title=&#8221;Aug. 2024&#8243; _builder_version=&#8221;4.27.3&#8243; _module_preset=&#8221;default&#8221; global_colors_info=&#8221;{}&#8221;][\/et_pb_heading][\/et_pb_column][\/et_pb_row][et_pb_row _builder_version=&#8221;4.27.3&#8243; _module_preset=&#8221;default&#8221; global_colors_info=&#8221;{}&#8221;][et_pb_column type=&#8221;4_4&#8243; _builder_version=&#8221;4.27.3&#8243; _module_preset=&#8221;default&#8221; global_colors_info=&#8221;{}&#8221;][et_pb_toggle title=&#8221;Scientific Articles&#8221; _builder_version=&#8221;4.27.4&#8243; _module_preset=&#8221;default&#8221; hover_enabled=&#8221;0&#8243; global_colors_info=&#8221;{}&#8221; sticky_enabled=&#8221;0&#8243;]<\/p>\n<p property=\"name\">Albaugh, Q.M., <strong>A. Harell<\/strong>, P.J. Loewen, D. Rubinson, L. Stephenson<br \/><a href=\"https:\/\/www.cambridge.org\/core\/journals\/perspectives-on-politics\/article\/from-gender-gap-to-gender-gaps-bringing-nonbinary-people-into-political-behavior-research\/AB7313469B9FF5A208F84760C58257AD\">From Gender Gap to Gender Gaps: Bringing Nonbinary People into Political Behavior Research\u00a0<\/a><br \/>Perspectives on Politics, 2024<\/p>\n<p property=\"name\">Daoust, J-F., S. \u00c7akir, <strong>R. Dassonneville<\/strong>, M. Gu\u00e9vremont<br \/><a href=\"https:\/\/journals.sagepub.com\/doi\/10.1177\/20531680241272647\">Do sexual minorities participate more in politics?<\/a><br \/>Research and Politics, 2024<\/p>\n<p>Daoust, J-F., M. Gu\u00e9vremont, <strong>A. Blais<\/strong><br \/><a href=\"https:\/\/www.sciencedirect.com\/science\/article\/pii\/S0261379424000702?via%3Dihub\">The (non)-religious voter in Canadian elections<\/a><br \/>Electoral Studies, 2024<\/p>\n<p>Dub\u00e9, G., R. Legault, A. Dorfman, <strong>D. Stolle,<\/strong> M. Pelletier-Dumas, <strong>R. de la Sablonni\u00e8re<\/strong>, \u00c9. Lacourse<br \/><a href=\"https:\/\/www.nature.com\/articles\/s41598-024-68823-8\">Evidence of higher suicidal ideation among young adults in Canada during the COVID-19 pandemic<\/a><br \/>Scientific Reports, 2024<\/p>\n<p><strong>Dufresne, Y.<\/strong>, A. Bibeau-Gagnon, <strong>C. Ouellet<\/strong><br \/><a href=\"https:\/\/ojs.unbc.ca\/index.php\/cpsr\/article\/view\/1840\">It\u2019s Just a Little High: Testing the Effect of the Legalization of Marijuana on Voters\u2019 Behaviour in Canada<\/a><br \/>Canadian Political Science Review, 2024<\/p>\n<p>Flory, I.M., <strong>E. Shor<\/strong><br \/><a href=\"https:\/\/journals.sagepub.com\/doi\/10.1177\/13634607241274526\">Porn is blunt [\u2026] I had way more LGBTQ+ friendly education through porn\u201d: The experiences of LGBTQ+ individuals with online pornography<\/a><br \/>Sexualities, 2024<\/p>\n<p><strong>G\u00e9lineau, F<\/strong>., M. Turgeon, <strong>Y. Dufresne<\/strong>, A. D\u00e9ry<br \/><a href=\"https:\/\/journals.sagepub.com\/doi\/full\/10.1177\/1866802X241277216\">Electoral Accountability in a Multilevel Governance Context: Economic Voting and Gubernatorial Support in Latin America<\/a><br \/>Journal of Politics in Latin America, 2024<\/p>\n<p>Radziszewski,\u00a0 S., J. Houle, C. Montiel, J-M. Fontan, J. Torres, K. L Frohlich, A. Boivin, <strong>S. Coulombe<\/strong>, H. Gaudreau<br \/><a href=\"https:\/\/academic.oup.com\/heapro\/search-results?page=1&amp;q=Aiming%20for%20transformations%20in%20power%3A%20lessons%20from%20intersectoral%20CBPR%20with%20public%20housing%20tenants%20(Qu%C3%A9bec%2C%20Canada)&amp;fl_SiteID=5166&amp;SearchSourceType=1&amp;allJournals=1\">Aiming for transformations in power: lessons from intersectoral CBPR with public housing tenants (Qu\u00e9bec, Canada)<\/a><br \/>Health Promotions International, 2024<\/p>\n<p>Sevi, S., C. Crabtree, <strong>A. Blais<\/strong><br \/><a href=\"https:\/\/journals.sagepub.com\/doi\/10.1177\/1532673X241276420\">Do Voters Punish Women Politicians More?<\/a><br \/>American Politics Research, 2024<\/p>\n<p>Tang, Y., <strong>E. Hehman,<\/strong> J. Chen<br \/><a href=\"https:\/\/guilfordjournals.com\/doi\/10.1521\/soco.2024.42.4.317\">The Temporal and Directional Relationship Between Group-Level Implicit and Explicit Gender Bias<\/a><br \/>Social Cognition, 2024<\/p>\n<p>[\/et_pb_toggle][et_pb_toggle title=&#8221;Media&#8221; _builder_version=&#8221;4.27.3&#8243; _module_preset=&#8221;default&#8221; global_colors_info=&#8221;{}&#8221;]<\/p>\n<p>Colette Brin \u2013 Radio Canada \u2013\u00a02024|08|31<br \/><a href=\"https:\/\/ici.radio-canada.ca\/nouvelle\/2100996\/ia-emission-loi-crtc-vide-juridique-syndicat\">Radio et intelligence artificielle : un terrain de jeu sans arbitres?<\/a><br \/><a href=\"https:\/\/ici.radio-canada.ca\/nouvelle\/2100996\/ia-emission-loi-crtc-vide-juridique-syndicat\"><\/a><\/p>\n<p>Fenwick McKelvey \u2013 The Walrus \u2013\u00a02024|08|31<br \/><a href=\"https:\/\/thewalrus.ca\/forget-chatgpt-canada-can-cook-up-its-own-ai\/\">Forget ChatGPT\u2014Canada Can Cook Up Its Own AI<\/a><\/p>\n<p>Claire Durand \u2013 La Presse \u2013\u00a02024|08|25<br \/><a href=\"https:\/\/www.lapresse.ca\/elections-americaines\/2024-08-25\/decryptage\/les-sondages-mieux-vaut-s-en-mefier.php\">Les sondages ? Mieux vaut s\u2019en m\u00e9fier\u2026<\/a><\/p>\n<p>Joanie Bouchard \u2013 Radio Canada \u2013\u00a02024|08|23<br \/><a href=\"https:\/\/ici.radio-canada.ca\/rci\/fr\/nouvelle\/2098296\/politique-municipale-ideologie-neutralite\">La politique municipale est-elle neutre?<\/a><\/p>\n<p>Colette Brin \u2013 L\u2019actualit\u00e9 \u2013\u00a02024|08|22<br \/><a href=\"https:\/\/lactualite.com\/societe\/les-canadiens-sinforment-moins-sur-facebook-quauparavant\/\">Les Canadiens s\u2019informent moins sur Facebook qu\u2019auparavant<\/a><br \/><a href=\"https:\/\/lactualite.com\/societe\/les-canadiens-sinforment-moins-sur-facebook-quauparavant\/\"><\/a><\/p>\n<p>Catherine Ouellet \u2013 Le Devoir \u2013\u00a02024|08|18<br \/><a href=\"https:\/\/www.ledevoir.com\/politique\/quebec\/818341\/democratie-quebecoise-face-reseaux-sociaux\">La d\u00e9mocratie qu\u00e9b\u00e9coise sous l\u2019influence des r\u00e9seaux sociaux<\/a><\/p>\n<p>Fenwick McKelvey \u2013 Toronto Star \u2013 2024|08|15<br \/><a href=\"https:\/\/www.thestar.com\/opinion\/contributors\/elon-musks-hellsite-isnt-making-us-fall-for-pierre-poilievre-its-doing-something-far-scarier\/article_bafc3f66-5a6b-11ef-8d60-cb71b76fc97e.html\">Justin Ling: Elon Musk\u2019s hellsite isn\u2019t making us fall for Pierre Poilievre. It\u2019s doing something far scarier<\/a><\/p>\n<p>Jean-Fran\u00e7ois Godbout \u2013 La Presse \u2013 2024|08|14<br \/><a href=\"https:\/\/www.lapresse.ca\/dialogue\/chroniques\/2024-08-14\/on-a-pose-la-question-pour-vous\/elon-musk-menace-t-il-la-democratie.php\">Elon Musk menace-t-il la d\u00e9mocratie ?<\/a><\/p>\n<p>Mireille Lalancette \u2013 Le Courrier de l\u2019Atlas \u2013 2024|08|14<br \/><a href=\"https:\/\/www.lecourrierdelatlas.com\/tout-est-media-tout-est-mediatisation\/\">Tout est m\u00e9dia, tout est m\u00e9diatisation<\/a><\/p>\n<p>Fenwick McKelvey \u2013 Le Devoir \u2013 2024|08|12<br \/><a href=\"https:\/\/www.ledevoir.com\/politique\/canada\/818010\/operation-pro-poilievre-x-trop-simple-il-agisse-ingerence-politique-etrangere\">L\u2019op\u00e9ration pro-Poilievre sur X, trop simple pour qu\u2019il s\u2019agisse d\u2019ing\u00e9rence politique \u00e9trang\u00e8re?<\/a><\/p>\n<p>Fenwick McKelvey \u2013 Radio Canada \u2013 2024|08|08<br \/><a href=\"https:\/\/ici.radio-canada.ca\/rci\/en\/news\/2094986\/poilievre-rally-kirkland-conservative-bots\">Online bot campaign backing Pierre Poilievre prompts call for probe by election commissioner | RCI<\/a><\/p>\n<p>Claire Durand \u2013 Le Devoir \u2013 2024|08|05<br \/><a href=\"https:\/\/www.ledevoir.com\/opinion\/idees\/817644\/idees-democratie-est-meilleure-ou-pire-tienne\">Entre perception et r\u00e9alit\u00e9, ma d\u00e9mocratie est meilleure (ou pire) que la tienne<\/a><\/p>\n<p>Shannon Dinan, Olivier Jacques \u2013 Le Devoir \u2013\u00a02024|08|03<br \/><a href=\"https:\/\/www.ledevoir.com\/opinion\/idees\/817571\/idees-ete-c-est-fait-penser-quebecois-sont-ils-vraiment-plus-solidaires\">Les Qu\u00e9b\u00e9cois sont-ils vraiment plus solidaires que les autres Canadiens<\/a><\/p>\n<p>[\/et_pb_toggle][et_pb_toggle title=&#8221;Podcast&#8221; _builder_version=&#8221;4.27.3&#8243; _module_preset=&#8221;default&#8221; global_colors_info=&#8221;{}&#8221;]<\/p>\n<p><span>Thierry Giasson \u2013 Radio Canada \u2013\u00a02024|08|28<\/span><br \/><a href=\"https:\/\/ici.radio-canada.ca\/ohdio\/premiere\/emissions\/c-est-encore-mieux-l-apres-midi\/segments\/rattrapage\/1838959\/lab-ecole-est-ce-que-gouvernement-lance-projets-trop-rapidement\">Lab-\u00c9cole : les projets signatures de la CAQ ont-ils leur place?<\/a><\/p>\n<p>[\/et_pb_toggle][\/et_pb_column][\/et_pb_row][et_pb_row _builder_version=&#8221;4.27.3&#8243; _module_preset=&#8221;default&#8221; global_colors_info=&#8221;{}&#8221;][et_pb_column type=&#8221;4_4&#8243; _builder_version=&#8221;4.27.3&#8243; _module_preset=&#8221;default&#8221; global_colors_info=&#8221;{}&#8221;][et_pb_button button_url=&#8221;@ET-DC@eyJkeW5hbWljIjp0cnVlLCJjb250ZW50IjoicG9zdF9saW5rX3VybF9wYWdlIiwic2V0dGluZ3MiOnsicG9zdF9pZCI6IjMzMjIifX0=@&#8221; button_text=&#8221;Back&#8221; button_alignment=&#8221;center&#8221; _builder_version=&#8221;4.27.3&#8243; _dynamic_attributes=&#8221;button_url&#8221; _module_preset=&#8221;default&#8221; global_colors_info=&#8221;{}&#8221;][\/et_pb_button][\/et_pb_column][\/et_pb_row][\/et_pb_section]<\/p>\n","protected":false},"excerpt":{"rendered":"<p>Albaugh, Q.M., A. Harell, P.J. Loewen, D. Rubinson, L. StephensonFrom Gender Gap to Gender Gaps: Bringing Nonbinary People into Political Behavior Research\u00a0Perspectives on Politics, 2024 Daoust, J-F., S. \u00c7akir, R. Dassonneville, M. Gu\u00e9vremontDo sexual minorities participate more in politics?Research and Politics, 2024 Daoust, J-F., M. Gu\u00e9vremont, A. BlaisThe (non)-religious voter in Canadian electionsElectoral Studies, 2024 [&hellip;]<\/p>\n","protected":false},"author":1,"featured_media":0,"parent":0,"menu_order":0,"comment_status":"closed","ping_status":"closed","template":"","meta":{"_et_pb_use_builder":"on","_et_pb_old_content":"","_et_gb_content_width":"","footnotes":""},"class_list":["post-3359","page","type-page","status-publish","hentry"],"yoast_head":"<!-- This site is optimized with the Yoast SEO plugin v27.4 - https:\/\/yoast.com\/product\/yoast-seo-wordpress\/ -->\n<title>2024-August - CECD - Centre pour l&#039;\u00e9tude de la citoyennet\u00e9 d\u00e9mocratique<\/title>\n<meta name=\"robots\" content=\"index, follow, max-snippet:-1, max-image-preview:large, max-video-preview:-1\" \/>\n<link rel=\"canonical\" href=\"https:\/\/csdc-cecd.ca\/2024-aout\/\" \/>\n<meta property=\"og:locale\" content=\"en_US\" \/>\n<meta property=\"og:type\" content=\"article\" \/>\n<meta property=\"og:title\" content=\"2024-August - CECD - Centre pour l&#039;\u00e9tude de la citoyennet\u00e9 d\u00e9mocratique\" \/>\n<meta property=\"og:description\" content=\"Albaugh, Q.M., A. Harell, P.J. Loewen, D. Rubinson, L. StephensonFrom Gender Gap to Gender Gaps: Bringing Nonbinary People into Political Behavior Research\u00a0Perspectives on Politics, 2024 Daoust, J-F., S. \u00c7akir, R. Dassonneville, M. Gu\u00e9vremontDo sexual minorities participate more in politics?Research and Politics, 2024 Daoust, J-F., M. Gu\u00e9vremont, A. BlaisThe (non)-religious voter in Canadian electionsElectoral Studies, 2024 [&hellip;]\" \/>\n<meta property=\"og:url\" content=\"https:\/\/csdc-cecd.ca\/2024-aout\/\" \/>\n<meta property=\"og:site_name\" content=\"CECD - Centre pour l&#039;\u00e9tude de la citoyennet\u00e9 d\u00e9mocratique\" \/>\n<meta property=\"article:modified_time\" content=\"2025-04-10T17:50:37+00:00\" \/>\n<meta name=\"twitter:card\" content=\"summary_large_image\" \/>\n<meta name=\"twitter:label1\" content=\"Est. reading time\" \/>\n\t<meta name=\"twitter:data1\" content=\"2 minutes\" \/>\n<script type=\"application\/ld+json\" class=\"yoast-schema-graph\">{\"@context\":\"https:\\\/\\\/schema.org\",\"@graph\":[{\"@type\":\"WebPage\",\"@id\":\"https:\\\/\\\/csdc-cecd.ca\\\/2024-aout\\\/\",\"url\":\"https:\\\/\\\/csdc-cecd.ca\\\/2024-aout\\\/\",\"name\":\"2024-August - CECD - Centre pour l&#039;\u00e9tude de la citoyennet\u00e9 d\u00e9mocratique\",\"isPartOf\":{\"@id\":\"https:\\\/\\\/csdc-cecd.ca\\\/#website\"},\"datePublished\":\"2024-11-11T15:15:58+00:00\",\"dateModified\":\"2025-04-10T17:50:37+00:00\",\"breadcrumb\":{\"@id\":\"https:\\\/\\\/csdc-cecd.ca\\\/2024-aout\\\/#breadcrumb\"},\"inLanguage\":\"en-US\",\"potentialAction\":[{\"@type\":\"ReadAction\",\"target\":[\"https:\\\/\\\/csdc-cecd.ca\\\/2024-aout\\\/\"]}]},{\"@type\":\"BreadcrumbList\",\"@id\":\"https:\\\/\\\/csdc-cecd.ca\\\/2024-aout\\\/#breadcrumb\",\"itemListElement\":[{\"@type\":\"ListItem\",\"position\":1,\"name\":\"Accueil\",\"item\":\"https:\\\/\\\/csdc-cecd.ca\\\/en\\\/\"},{\"@type\":\"ListItem\",\"position\":2,\"name\":\"2024-August\"}]},{\"@type\":\"WebSite\",\"@id\":\"https:\\\/\\\/csdc-cecd.ca\\\/#website\",\"url\":\"https:\\\/\\\/csdc-cecd.ca\\\/\",\"name\":\"CECD - Centre pour l&#039;\u00e9tude de la citoyennet\u00e9 d\u00e9mocratique\",\"description\":\"\",\"potentialAction\":[{\"@type\":\"SearchAction\",\"target\":{\"@type\":\"EntryPoint\",\"urlTemplate\":\"https:\\\/\\\/csdc-cecd.ca\\\/?s={search_term_string}\"},\"query-input\":{\"@type\":\"PropertyValueSpecification\",\"valueRequired\":true,\"valueName\":\"search_term_string\"}}],\"inLanguage\":\"en-US\"}]}<\/script>\n<!-- \/ Yoast SEO plugin. -->","yoast_head_json":{"title":"2024-August - CECD - Centre pour l&#039;\u00e9tude de la citoyennet\u00e9 d\u00e9mocratique","robots":{"index":"index","follow":"follow","max-snippet":"max-snippet:-1","max-image-preview":"max-image-preview:large","max-video-preview":"max-video-preview:-1"},"canonical":"https:\/\/csdc-cecd.ca\/2024-aout\/","og_locale":"en_US","og_type":"article","og_title":"2024-August - CECD - Centre pour l&#039;\u00e9tude de la citoyennet\u00e9 d\u00e9mocratique","og_description":"Albaugh, Q.M., A. Harell, P.J. Loewen, D. Rubinson, L. StephensonFrom Gender Gap to Gender Gaps: Bringing Nonbinary People into Political Behavior Research\u00a0Perspectives on Politics, 2024 Daoust, J-F., S. \u00c7akir, R. Dassonneville, M. Gu\u00e9vremontDo sexual minorities participate more in politics?Research and Politics, 2024 Daoust, J-F., M. Gu\u00e9vremont, A. BlaisThe (non)-religious voter in Canadian electionsElectoral Studies, 2024 [&hellip;]","og_url":"https:\/\/csdc-cecd.ca\/2024-aout\/","og_site_name":"CECD - Centre pour l&#039;\u00e9tude de la citoyennet\u00e9 d\u00e9mocratique","article_modified_time":"2025-04-10T17:50:37+00:00","twitter_card":"summary_large_image","twitter_misc":{"Est. reading time":"2 minutes"},"schema":{"@context":"https:\/\/schema.org","@graph":[{"@type":"WebPage","@id":"https:\/\/csdc-cecd.ca\/2024-aout\/","url":"https:\/\/csdc-cecd.ca\/2024-aout\/","name":"2024-August - CECD - Centre pour l&#039;\u00e9tude de la citoyennet\u00e9 d\u00e9mocratique","isPartOf":{"@id":"https:\/\/csdc-cecd.ca\/#website"},"datePublished":"2024-11-11T15:15:58+00:00","dateModified":"2025-04-10T17:50:37+00:00","breadcrumb":{"@id":"https:\/\/csdc-cecd.ca\/2024-aout\/#breadcrumb"},"inLanguage":"en-US","potentialAction":[{"@type":"ReadAction","target":["https:\/\/csdc-cecd.ca\/2024-aout\/"]}]},{"@type":"BreadcrumbList","@id":"https:\/\/csdc-cecd.ca\/2024-aout\/#breadcrumb","itemListElement":[{"@type":"ListItem","position":1,"name":"Accueil","item":"https:\/\/csdc-cecd.ca\/en\/"},{"@type":"ListItem","position":2,"name":"2024-August"}]},{"@type":"WebSite","@id":"https:\/\/csdc-cecd.ca\/#website","url":"https:\/\/csdc-cecd.ca\/","name":"CECD - Centre pour l&#039;\u00e9tude de la citoyennet\u00e9 d\u00e9mocratique","description":"","potentialAction":[{"@type":"SearchAction","target":{"@type":"EntryPoint","urlTemplate":"https:\/\/csdc-cecd.ca\/?s={search_term_string}"},"query-input":{"@type":"PropertyValueSpecification","valueRequired":true,"valueName":"search_term_string"}}],"inLanguage":"en-US"}]}},"_links":{"self":[{"href":"https:\/\/csdc-cecd.ca\/en\/wp-json\/wp\/v2\/pages\/3359","targetHints":{"allow":["GET"]}}],"collection":[{"href":"https:\/\/csdc-cecd.ca\/en\/wp-json\/wp\/v2\/pages"}],"about":[{"href":"https:\/\/csdc-cecd.ca\/en\/wp-json\/wp\/v2\/types\/page"}],"author":[{"embeddable":true,"href":"https:\/\/csdc-cecd.ca\/en\/wp-json\/wp\/v2\/users\/1"}],"replies":[{"embeddable":true,"href":"https:\/\/csdc-cecd.ca\/en\/wp-json\/wp\/v2\/comments?post=3359"}],"version-history":[{"count":19,"href":"https:\/\/csdc-cecd.ca\/en\/wp-json\/wp\/v2\/pages\/3359\/revisions"}],"predecessor-version":[{"id":4815,"href":"https:\/\/csdc-cecd.ca\/en\/wp-json\/wp\/v2\/pages\/3359\/revisions\/4815"}],"wp:attachment":[{"href":"https:\/\/csdc-cecd.ca\/en\/wp-json\/wp\/v2\/media?parent=3359"}],"curies":[{"name":"wp","href":"https:\/\/api.w.org\/{rel}","templated":true}]}}