{"id":3360,"date":"2024-11-11T10:15:59","date_gmt":"2024-11-11T15:15:59","guid":{"rendered":"https:\/\/csdc-cecd.ca\/2024-09\/"},"modified":"2025-04-09T11:28:43","modified_gmt":"2025-04-09T15:28:43","slug":"2024-september","status":"publish","type":"page","link":"https:\/\/csdc-cecd.ca\/en\/2024-september\/","title":{"rendered":"2024-September"},"content":{"rendered":"<p>[et_pb_section fb_built=&#8221;1&#8243; _builder_version=&#8221;4.27.3&#8243; _module_preset=&#8221;default&#8221; global_colors_info=&#8221;{}&#8221;][et_pb_row _builder_version=&#8221;4.27.3&#8243; _module_preset=&#8221;default&#8221; global_colors_info=&#8221;{}&#8221;][et_pb_column type=&#8221;4_4&#8243; _builder_version=&#8221;4.27.3&#8243; _module_preset=&#8221;default&#8221; global_colors_info=&#8221;{}&#8221;][et_pb_heading title=&#8221;Sept. 2024&#8243; _builder_version=&#8221;4.27.3&#8243; _module_preset=&#8221;default&#8221; global_colors_info=&#8221;{}&#8221;][\/et_pb_heading][\/et_pb_column][\/et_pb_row][et_pb_row _builder_version=&#8221;4.27.3&#8243; _module_preset=&#8221;default&#8221; global_colors_info=&#8221;{}&#8221;][et_pb_column type=&#8221;4_4&#8243; _builder_version=&#8221;4.27.3&#8243; _module_preset=&#8221;default&#8221; global_colors_info=&#8221;{}&#8221;][et_pb_toggle title=&#8221;Scientific Articles&#8221; _builder_version=&#8221;4.27.4&#8243; _module_preset=&#8221;default&#8221; global_colors_info=&#8221;{}&#8221;]<\/p>\n<p><span>Jacques, O.<\/span><br \/><a href=\"https:\/\/www.erudit.org\/fr\/revues\/ps\/2024-v43-n2-ps08771\/1112306ar\/\">Les contraintes politiques et institutionnelles au r\u00e8glement du d\u00e9s\u00e9quilibre fiscal<\/a><br \/><span>Politique et Soci\u00e9t\u00e9s, 2024<\/span><\/p>\n<p><span>Morin, L., \u00a0J.C. Laurin, M. Doucerain, S. Gr\u00e9goire<br \/><a href=\"https:\/\/link.springer.com\/article\/10.1007\/s12671-024-02437-z\">A Multilevel Diary and Dyadic Study Exploring the Link Between New Parents&#8217; Mindfulness and Relationship Satisfaction<\/a><br \/>Mindfulness, 2024<\/span><\/p>\n<p>[\/et_pb_toggle][et_pb_toggle title=&#8221;Books &#8211; Book Chapters&#8221; _builder_version=&#8221;4.27.4&#8243; _module_preset=&#8221;default&#8221; hover_enabled=&#8221;0&#8243; global_colors_info=&#8221;{}&#8221; sticky_enabled=&#8221;0&#8243;]<\/p>\n<p><strong><img loading=\"lazy\" decoding=\"async\" src=\"https:\/\/csdc-cecd.ca\/wp-content\/uploads\/2025\/04\/280x0_D6071_pn-200x300.jpg\" width=\"200\" height=\"300\" alt=\"\" class=\"wp-image-4774 alignnone size-medium\" srcset=\"https:\/\/csdc-cecd.ca\/wp-content\/uploads\/2025\/04\/280x0_D6071_pn-200x300.jpg 200w, https:\/\/csdc-cecd.ca\/wp-content\/uploads\/2025\/04\/280x0_D6071_pn.jpg 280w\" sizes=\"(max-width: 200px) 100vw, 200px\" \/><br \/>Lalancette, M.<\/strong><br \/>Prendre la parole et argumenter. Passer de la r\u00e9flexion \u00e0 l\u2019action en personne et en ligne<br \/>Presses de l&#8217;Universit\u00e9 \u00e0 Qu\u00e9bec, 2024<\/p>\n<p>&nbsp;<\/p>\n<p>[\/et_pb_toggle][et_pb_toggle title=&#8221;Media&#8221; _builder_version=&#8221;4.27.3&#8243; _module_preset=&#8221;default&#8221; global_colors_info=&#8221;{}&#8221;]<\/p>\n<p>Colette Brin \u2013 Radio Canada \u2013\u00a02024|09|25<br \/><a href=\"https:\/\/ici.radio-canada.ca\/nouvelle\/2106826\/meta-zuckerberg-blocage-nouvelles\">Blocage des nouvelles : \u00ab des multimilliardaires d\u00e9cident ce qui est bon pour nous \u00bb<\/a><\/p>\n<p>Simon Coulombe \u2013 Conseiller.ca \u2013\u00a02024|09|19<br \/><a href=\"https:\/\/www.conseiller.ca\/conseiller-pme\/la-sante-mentale-une-responsabilite-partagee\/\">La sant\u00e9 mentale : une responsabilit\u00e9 partag\u00e9e<\/a><\/p>\n<p>Fr\u00e9d\u00e9rick Bastien \u2013 Ouest France \u2013\u00a02024|09|17<br \/><a href=\"https:\/\/www.ouest-france.fr\/monde\/canada\/canada-pres-de-100-candidats-sur-le-plus-long-bulletin-de-vote-de-l-histoire-du-pays-be82544e-e307-428b-b2db-6b60359429d9\">Canada : pr\u00e8s de 100 candidats sur le plus long bulletin de vote de l\u2019histoire du pays<\/a><\/p>\n<p>Andr\u00e9 Blais \u2013 Ouest France \u2013\u00a02024|09|15<br \/><a href=\"https:\/\/www.lapresse.ca\/contexte\/politique\/des-ingredients-pour-creer-l-engouement\/2024-09-15\/le-public.php\">Des ingr\u00e9dients pour cr\u00e9er l\u2019engouement<\/a><\/p>\n<p>Fenwick McKelvey \u2013 Toronto Star \u2013\u00a02024|09|14<br \/><a href=\"https:\/\/www.thestar.com\/politics\/federal\/ai-companies-say-their-tools-cant-be-used-for-political-interference-heres-what-happened-when\/article_fc1da7c8-6b0f-11ef-832a-a3f2e8812f1f.html\">AI companies say their tools can\u2019t be used for political interference. Here\u2019s what happened when researchers tried<\/a><\/p>\n<p>Ruth Dassonneville \u2013 La Presse \u2013\u00a02024|09|12<br \/><a href=\"https:\/\/www.lapresse.ca\/dialogue\/opinions\/2024-09-12\/les-electeurs-americains-ne-font-pas-preuve-de-discrimination-mais.php\">Les \u00e9lecteurs am\u00e9ricains ne font pas preuve de discrimination, mais\u2026<\/a><\/p>\n<p>Thierry Giasson \u2013 Le Devoir \u2013\u00a02024|09|11<br \/><a href=\"https:\/\/www.ledevoir.com\/opinion\/idees\/819599\/idees-cadrage-politique-scene-federale-rien-chicane-ordinaire\">Le cadrage politique sur la sc\u00e8ne f\u00e9d\u00e9rale n\u2019a rien d\u2019une chicane ordinaire!<\/a><\/p>\n<p>Normand Landry \u2013 N\u00e9om\u00e9dia \u2013\u00a02024|09|10<br \/><a href=\"https:\/\/www.neomedia.com\/vaudreuil-soulanges\/actualites\/societe\/620302\/partager-son-experience-pour-briser-les-prejuges-sur-les-prestataires-de-laide-sociale\">Partager son exp\u00e9rience pour briser les pr\u00e9jug\u00e9s sur les prestataires de l\u2019aide sociale<\/a><\/p>\n<p>Caroline Le Pennec \u2013 Al Jazeera \u2013\u00a02024|09|10<br \/><a href=\"https:\/\/www.aljazeera.com\/news\/2024\/9\/10\/trump-harris-face-off-do-presidential-debates-change-voter-preferences\">The Trump-Harris debate: Do presidential debates change voter preferences?<\/a><\/p>\n<p>Mireille Lalancette \u2013 Le Devoir \u2013\u00a02024|09|09<br \/><a href=\"https:\/\/www.ledevoir.com\/opinion\/idees\/819458\/ou-sont-passes-grands-tribuns\">O\u00f9 sont pass\u00e9s les grands tribuns au Qu\u00e9bec et ailleurs dans le monde<\/a><\/p>\n<p>Roxane de la Sablonni\u00e8re \u2013 UdeM Nouvelles \u2013\u00a02024|09|06<br \/><a href=\"https:\/\/nouvelles.umontreal.ca\/article\/2024\/09\/06\/une-pandemie-de-desespoir\/\">Une pand\u00e9mie de d\u00e9sespoir<\/a><\/p>\n<p>Fr\u00e9d\u00e9rick Bastien, Mireille Lalancette \u2013 Le Devoir \u2013\u00a02024|09|03<br \/><a href=\"https:\/\/www.ledevoir.com\/opinion\/idees\/818733\/quand-leadership-repose-traits-bien-distinctifs\">Quand le leadership repose sur des traits bien distinctifs<\/a><\/p>\n<p>[\/et_pb_toggle][et_pb_toggle title=&#8221;Podcast&#8221; _builder_version=&#8221;4.27.3&#8243; _module_preset=&#8221;default&#8221; global_colors_info=&#8221;{}&#8221;]<\/p>\n<p>Emmanuel Choquette \u2013 107.7 Estrie \u2013\u00a02024|09|25<br \/><a href=\"https:\/\/www.fm1077.ca\/audio\/650130\/danielle-berthold-mieux-comprendre-le-manquement-au-code-d-ethique-des-elus\">Danielle Berthold : Mieux comprendre le manquement au code d\u2019\u00e9thique des \u00e9lus<\/a><\/p>\n<p>Emmanuel Choquette \u2013 Radio Canada \u2013\u00a02024|09|04<br \/><a href=\"https:\/\/ici.radio-canada.ca\/ohdio\/premiere\/emissions\/info-reveil\/segments\/rattrapage\/1843508\/analys-carriere-pierre-fitzgibbon\">Analyse de la carri\u00e8re de Pierre Fitzgibbon<\/a><\/p>\n<p>[\/et_pb_toggle][\/et_pb_column][\/et_pb_row][et_pb_row _builder_version=&#8221;4.27.3&#8243; _module_preset=&#8221;default&#8221; global_colors_info=&#8221;{}&#8221;][et_pb_column type=&#8221;4_4&#8243; _builder_version=&#8221;4.27.3&#8243; _module_preset=&#8221;default&#8221; global_colors_info=&#8221;{}&#8221;][et_pb_button button_url=&#8221;@ET-DC@eyJkeW5hbWljIjp0cnVlLCJjb250ZW50IjoicG9zdF9saW5rX3VybF9wYWdlIiwic2V0dGluZ3MiOnsicG9zdF9pZCI6IjMzMjIifX0=@&#8221; button_text=&#8221;Back&#8221; button_alignment=&#8221;center&#8221; _builder_version=&#8221;4.27.3&#8243; _dynamic_attributes=&#8221;button_url&#8221; _module_preset=&#8221;default&#8221; global_colors_info=&#8221;{}&#8221;][\/et_pb_button][\/et_pb_column][\/et_pb_row][\/et_pb_section]<\/p>\n","protected":false},"excerpt":{"rendered":"<p>Jacques, O.Les contraintes politiques et institutionnelles au r\u00e8glement du d\u00e9s\u00e9quilibre fiscalPolitique et Soci\u00e9t\u00e9s, 2024 Morin, L., \u00a0J.C. Laurin, M. Doucerain, S. Gr\u00e9goireA Multilevel Diary and Dyadic Study Exploring the Link Between New Parents&#8217; Mindfulness and Relationship SatisfactionMindfulness, 2024Lalancette, M.Prendre la parole et argumenter. Passer de la r\u00e9flexion \u00e0 l\u2019action en personne et en lignePresses de [&hellip;]<\/p>\n","protected":false},"author":1,"featured_media":0,"parent":0,"menu_order":0,"comment_status":"closed","ping_status":"closed","template":"","meta":{"_et_pb_use_builder":"on","_et_pb_old_content":"","_et_gb_content_width":"","footnotes":""},"class_list":["post-3360","page","type-page","status-publish","hentry"],"yoast_head":"<!-- This site is optimized with the Yoast SEO plugin v27.4 - https:\/\/yoast.com\/product\/yoast-seo-wordpress\/ -->\n<title>2024-September - CECD - Centre pour l&#039;\u00e9tude de la citoyennet\u00e9 d\u00e9mocratique<\/title>\n<meta name=\"robots\" content=\"index, follow, max-snippet:-1, max-image-preview:large, max-video-preview:-1\" \/>\n<link rel=\"canonical\" href=\"https:\/\/csdc-cecd.ca\/2024-septembre\/\" \/>\n<meta property=\"og:locale\" content=\"en_US\" \/>\n<meta property=\"og:type\" content=\"article\" \/>\n<meta property=\"og:title\" content=\"2024-September - CECD - Centre pour l&#039;\u00e9tude de la citoyennet\u00e9 d\u00e9mocratique\" \/>\n<meta property=\"og:description\" content=\"Jacques, O.Les contraintes politiques et institutionnelles au r\u00e8glement du d\u00e9s\u00e9quilibre fiscalPolitique et Soci\u00e9t\u00e9s, 2024 Morin, L., \u00a0J.C. Laurin, M. Doucerain, S. Gr\u00e9goireA Multilevel Diary and Dyadic Study Exploring the Link Between New Parents&#039; Mindfulness and Relationship SatisfactionMindfulness, 2024Lalancette, M.Prendre la parole et argumenter. Passer de la r\u00e9flexion \u00e0 l\u2019action en personne et en lignePresses de [&hellip;]\" \/>\n<meta property=\"og:url\" content=\"https:\/\/csdc-cecd.ca\/2024-septembre\/\" \/>\n<meta property=\"og:site_name\" content=\"CECD - Centre pour l&#039;\u00e9tude de la citoyennet\u00e9 d\u00e9mocratique\" \/>\n<meta property=\"article:modified_time\" content=\"2025-04-09T15:28:43+00:00\" \/>\n<meta property=\"og:image\" content=\"https:\/\/csdc-cecd.ca\/wp-content\/uploads\/2025\/04\/280x0_D6071_pn.jpg\" \/>\n\t<meta property=\"og:image:width\" content=\"280\" \/>\n\t<meta property=\"og:image:height\" content=\"420\" \/>\n\t<meta property=\"og:image:type\" content=\"image\/jpeg\" \/>\n<meta name=\"twitter:card\" content=\"summary_large_image\" \/>\n<meta name=\"twitter:label1\" content=\"Est. reading time\" \/>\n\t<meta name=\"twitter:data1\" content=\"2 minutes\" \/>\n<script type=\"application\/ld+json\" class=\"yoast-schema-graph\">{\"@context\":\"https:\\\/\\\/schema.org\",\"@graph\":[{\"@type\":\"WebPage\",\"@id\":\"https:\\\/\\\/csdc-cecd.ca\\\/2024-septembre\\\/\",\"url\":\"https:\\\/\\\/csdc-cecd.ca\\\/2024-septembre\\\/\",\"name\":\"2024-September - CECD - Centre pour l&#039;\u00e9tude de la citoyennet\u00e9 d\u00e9mocratique\",\"isPartOf\":{\"@id\":\"https:\\\/\\\/csdc-cecd.ca\\\/#website\"},\"primaryImageOfPage\":{\"@id\":\"https:\\\/\\\/csdc-cecd.ca\\\/2024-septembre\\\/#primaryimage\"},\"image\":{\"@id\":\"https:\\\/\\\/csdc-cecd.ca\\\/2024-septembre\\\/#primaryimage\"},\"thumbnailUrl\":\"https:\\\/\\\/csdc-cecd.ca\\\/wp-content\\\/uploads\\\/2025\\\/04\\\/280x0_D6071_pn-200x300.jpg\",\"datePublished\":\"2024-11-11T15:15:59+00:00\",\"dateModified\":\"2025-04-09T15:28:43+00:00\",\"breadcrumb\":{\"@id\":\"https:\\\/\\\/csdc-cecd.ca\\\/2024-septembre\\\/#breadcrumb\"},\"inLanguage\":\"en-US\",\"potentialAction\":[{\"@type\":\"ReadAction\",\"target\":[\"https:\\\/\\\/csdc-cecd.ca\\\/2024-septembre\\\/\"]}]},{\"@type\":\"ImageObject\",\"inLanguage\":\"en-US\",\"@id\":\"https:\\\/\\\/csdc-cecd.ca\\\/2024-septembre\\\/#primaryimage\",\"url\":\"https:\\\/\\\/csdc-cecd.ca\\\/wp-content\\\/uploads\\\/2025\\\/04\\\/280x0_D6071_pn-200x300.jpg\",\"contentUrl\":\"https:\\\/\\\/csdc-cecd.ca\\\/wp-content\\\/uploads\\\/2025\\\/04\\\/280x0_D6071_pn-200x300.jpg\"},{\"@type\":\"BreadcrumbList\",\"@id\":\"https:\\\/\\\/csdc-cecd.ca\\\/2024-septembre\\\/#breadcrumb\",\"itemListElement\":[{\"@type\":\"ListItem\",\"position\":1,\"name\":\"Accueil\",\"item\":\"https:\\\/\\\/csdc-cecd.ca\\\/en\\\/\"},{\"@type\":\"ListItem\",\"position\":2,\"name\":\"2024-September\"}]},{\"@type\":\"WebSite\",\"@id\":\"https:\\\/\\\/csdc-cecd.ca\\\/#website\",\"url\":\"https:\\\/\\\/csdc-cecd.ca\\\/\",\"name\":\"CECD - Centre pour l&#039;\u00e9tude de la citoyennet\u00e9 d\u00e9mocratique\",\"description\":\"\",\"potentialAction\":[{\"@type\":\"SearchAction\",\"target\":{\"@type\":\"EntryPoint\",\"urlTemplate\":\"https:\\\/\\\/csdc-cecd.ca\\\/?s={search_term_string}\"},\"query-input\":{\"@type\":\"PropertyValueSpecification\",\"valueRequired\":true,\"valueName\":\"search_term_string\"}}],\"inLanguage\":\"en-US\"}]}<\/script>\n<!-- \/ Yoast SEO plugin. -->","yoast_head_json":{"title":"2024-September - CECD - Centre pour l&#039;\u00e9tude de la citoyennet\u00e9 d\u00e9mocratique","robots":{"index":"index","follow":"follow","max-snippet":"max-snippet:-1","max-image-preview":"max-image-preview:large","max-video-preview":"max-video-preview:-1"},"canonical":"https:\/\/csdc-cecd.ca\/2024-septembre\/","og_locale":"en_US","og_type":"article","og_title":"2024-September - CECD - Centre pour l&#039;\u00e9tude de la citoyennet\u00e9 d\u00e9mocratique","og_description":"Jacques, O.Les contraintes politiques et institutionnelles au r\u00e8glement du d\u00e9s\u00e9quilibre fiscalPolitique et Soci\u00e9t\u00e9s, 2024 Morin, L., \u00a0J.C. Laurin, M. Doucerain, S. Gr\u00e9goireA Multilevel Diary and Dyadic Study Exploring the Link Between New Parents' Mindfulness and Relationship SatisfactionMindfulness, 2024Lalancette, M.Prendre la parole et argumenter. Passer de la r\u00e9flexion \u00e0 l\u2019action en personne et en lignePresses de [&hellip;]","og_url":"https:\/\/csdc-cecd.ca\/2024-septembre\/","og_site_name":"CECD - Centre pour l&#039;\u00e9tude de la citoyennet\u00e9 d\u00e9mocratique","article_modified_time":"2025-04-09T15:28:43+00:00","og_image":[{"width":280,"height":420,"url":"https:\/\/csdc-cecd.ca\/wp-content\/uploads\/2025\/04\/280x0_D6071_pn.jpg","type":"image\/jpeg"}],"twitter_card":"summary_large_image","twitter_misc":{"Est. reading time":"2 minutes"},"schema":{"@context":"https:\/\/schema.org","@graph":[{"@type":"WebPage","@id":"https:\/\/csdc-cecd.ca\/2024-septembre\/","url":"https:\/\/csdc-cecd.ca\/2024-septembre\/","name":"2024-September - CECD - Centre pour l&#039;\u00e9tude de la citoyennet\u00e9 d\u00e9mocratique","isPartOf":{"@id":"https:\/\/csdc-cecd.ca\/#website"},"primaryImageOfPage":{"@id":"https:\/\/csdc-cecd.ca\/2024-septembre\/#primaryimage"},"image":{"@id":"https:\/\/csdc-cecd.ca\/2024-septembre\/#primaryimage"},"thumbnailUrl":"https:\/\/csdc-cecd.ca\/wp-content\/uploads\/2025\/04\/280x0_D6071_pn-200x300.jpg","datePublished":"2024-11-11T15:15:59+00:00","dateModified":"2025-04-09T15:28:43+00:00","breadcrumb":{"@id":"https:\/\/csdc-cecd.ca\/2024-septembre\/#breadcrumb"},"inLanguage":"en-US","potentialAction":[{"@type":"ReadAction","target":["https:\/\/csdc-cecd.ca\/2024-septembre\/"]}]},{"@type":"ImageObject","inLanguage":"en-US","@id":"https:\/\/csdc-cecd.ca\/2024-septembre\/#primaryimage","url":"https:\/\/csdc-cecd.ca\/wp-content\/uploads\/2025\/04\/280x0_D6071_pn-200x300.jpg","contentUrl":"https:\/\/csdc-cecd.ca\/wp-content\/uploads\/2025\/04\/280x0_D6071_pn-200x300.jpg"},{"@type":"BreadcrumbList","@id":"https:\/\/csdc-cecd.ca\/2024-septembre\/#breadcrumb","itemListElement":[{"@type":"ListItem","position":1,"name":"Accueil","item":"https:\/\/csdc-cecd.ca\/en\/"},{"@type":"ListItem","position":2,"name":"2024-September"}]},{"@type":"WebSite","@id":"https:\/\/csdc-cecd.ca\/#website","url":"https:\/\/csdc-cecd.ca\/","name":"CECD - Centre pour l&#039;\u00e9tude de la citoyennet\u00e9 d\u00e9mocratique","description":"","potentialAction":[{"@type":"SearchAction","target":{"@type":"EntryPoint","urlTemplate":"https:\/\/csdc-cecd.ca\/?s={search_term_string}"},"query-input":{"@type":"PropertyValueSpecification","valueRequired":true,"valueName":"search_term_string"}}],"inLanguage":"en-US"}]}},"_links":{"self":[{"href":"https:\/\/csdc-cecd.ca\/en\/wp-json\/wp\/v2\/pages\/3360","targetHints":{"allow":["GET"]}}],"collection":[{"href":"https:\/\/csdc-cecd.ca\/en\/wp-json\/wp\/v2\/pages"}],"about":[{"href":"https:\/\/csdc-cecd.ca\/en\/wp-json\/wp\/v2\/types\/page"}],"author":[{"embeddable":true,"href":"https:\/\/csdc-cecd.ca\/en\/wp-json\/wp\/v2\/users\/1"}],"replies":[{"embeddable":true,"href":"https:\/\/csdc-cecd.ca\/en\/wp-json\/wp\/v2\/comments?post=3360"}],"version-history":[{"count":8,"href":"https:\/\/csdc-cecd.ca\/en\/wp-json\/wp\/v2\/pages\/3360\/revisions"}],"predecessor-version":[{"id":4777,"href":"https:\/\/csdc-cecd.ca\/en\/wp-json\/wp\/v2\/pages\/3360\/revisions\/4777"}],"wp:attachment":[{"href":"https:\/\/csdc-cecd.ca\/en\/wp-json\/wp\/v2\/media?parent=3360"}],"curies":[{"name":"wp","href":"https:\/\/api.w.org\/{rel}","templated":true}]}}