{"id":3572,"date":"2024-10-29T14:28:38","date_gmt":"2024-10-29T18:28:38","guid":{"rendered":"https:\/\/csdc-cecd.ca\/?page_id=3572"},"modified":"2025-04-08T10:09:17","modified_gmt":"2025-04-08T14:09:17","slug":"2023-july","status":"publish","type":"page","link":"https:\/\/csdc-cecd.ca\/en\/2023-july\/","title":{"rendered":"2023 &#8211; July"},"content":{"rendered":"\n[et_pb_section fb_built=&#8221;1&#8243; theme_builder_area=&#8221;post_content&#8221; _builder_version=&#8221;4.27.4&#8243; _module_preset=&#8221;default&#8221;][et_pb_row _builder_version=&#8221;4.27.4&#8243; _module_preset=&#8221;default&#8221; theme_builder_area=&#8221;post_content&#8221;][et_pb_column _builder_version=&#8221;4.27.4&#8243; _module_preset=&#8221;default&#8221; type=&#8221;4_4&#8243; theme_builder_area=&#8221;post_content&#8221;][et_pb_heading title=&#8221;2023 &#8211; Jul&#8221; _builder_version=&#8221;4.27.4&#8243; _module_preset=&#8221;default&#8221; theme_builder_area=&#8221;post_content&#8221; hover_enabled=&#8221;0&#8243; sticky_enabled=&#8221;0&#8243;][\/et_pb_heading][\/et_pb_column][\/et_pb_row][et_pb_row _builder_version=&#8221;4.27.4&#8243; _module_preset=&#8221;default&#8221; theme_builder_area=&#8221;post_content&#8221;][et_pb_column _builder_version=&#8221;4.27.4&#8243; _module_preset=&#8221;default&#8221; type=&#8221;4_4&#8243; theme_builder_area=&#8221;post_content&#8221;][et_pb_toggle title=&#8221;Media&#8221; _builder_version=&#8221;4.27.4&#8243; _module_preset=&#8221;default&#8221; theme_builder_area=&#8221;post_content&#8221; hover_enabled=&#8221;0&#8243; sticky_enabled=&#8221;0&#8243;]<p>Allison Harell \u2013 Policy Options<span>\u00a0<\/span><span>\u2013\u00a0<\/span><span>2023|07|20<\/span><br \/><a href=\"https:\/\/policyoptions.irpp.org\/magazines\/july-2023\/what-the-alberta-election-means-for-canada\/\">What the Alberta election means for Canada<\/a><\/p>\n<p>Marc-Andr\u00e9 Bodet \u2013 Le Devoir<span>\u00a0<\/span><span>\u2013\u00a0<\/span><span>2023|07|19<\/span><br \/><a href=\"https:\/\/www.ledevoir.com\/politique\/quebec\/794782\/toujours-plus-de-femmes-en-politique-au-quebec\">Toujours plus de femmes en politique au Qu\u00e9bec<\/a><\/p>\n<p>Thierry Giasson \u2013 Le Journal de Qu\u00e9bec<span>\u00a0<\/span><span>\u2013\u00a0<\/span><span>2023|07|11<\/span><br \/><a href=\"https:\/\/www.journaldequebec.com\/2023\/07\/11\/des-millions-en-publicites-preelectorales-pour-la-caq\">Des millions de dollars en publicit\u00e9s pr\u00e9\u00e9lectorales pour la CAQ<\/a><\/p>[\/et_pb_toggle][\/et_pb_column][\/et_pb_row][\/et_pb_section]\n","protected":false},"excerpt":{"rendered":"<p>Allison Harell \u2013 Policy Options\u00a0\u2013\u00a02023|07|20What the Alberta election means for Canada Marc-Andr\u00e9 Bodet \u2013 Le Devoir\u00a0\u2013\u00a02023|07|19Toujours plus de femmes en politique au Qu\u00e9bec Thierry Giasson \u2013 Le Journal de Qu\u00e9bec\u00a0\u2013\u00a02023|07|11Des millions de dollars en publicit\u00e9s pr\u00e9\u00e9lectorales pour la CAQ<\/p>\n","protected":false},"author":1,"featured_media":0,"parent":0,"menu_order":0,"comment_status":"closed","ping_status":"closed","template":"","meta":{"_et_pb_use_builder":"on","_et_pb_old_content":"","_et_gb_content_width":"","footnotes":""},"class_list":["post-3572","page","type-page","status-publish","hentry"],"yoast_head":"<!-- This site is optimized with the Yoast SEO plugin v27.4 - https:\/\/yoast.com\/product\/yoast-seo-wordpress\/ -->\n<title>2023 - July - CECD - Centre pour l&#039;\u00e9tude de la citoyennet\u00e9 d\u00e9mocratique<\/title>\n<meta name=\"robots\" content=\"index, follow, max-snippet:-1, max-image-preview:large, max-video-preview:-1\" \/>\n<link rel=\"canonical\" href=\"https:\/\/csdc-cecd.ca\/en\/2023-july\/\" \/>\n<meta property=\"og:locale\" content=\"en_US\" \/>\n<meta property=\"og:type\" content=\"article\" \/>\n<meta property=\"og:title\" content=\"2023 - July - CECD - Centre pour l&#039;\u00e9tude de la citoyennet\u00e9 d\u00e9mocratique\" \/>\n<meta property=\"og:description\" content=\"Allison Harell \u2013 Policy Options\u00a0\u2013\u00a02023|07|20What the Alberta election means for Canada Marc-Andr\u00e9 Bodet \u2013 Le Devoir\u00a0\u2013\u00a02023|07|19Toujours plus de femmes en politique au Qu\u00e9bec Thierry Giasson \u2013 Le Journal de Qu\u00e9bec\u00a0\u2013\u00a02023|07|11Des millions de dollars en publicit\u00e9s pr\u00e9\u00e9lectorales pour la CAQ\" \/>\n<meta property=\"og:url\" content=\"https:\/\/csdc-cecd.ca\/en\/2023-july\/\" \/>\n<meta property=\"og:site_name\" content=\"CECD - Centre pour l&#039;\u00e9tude de la citoyennet\u00e9 d\u00e9mocratique\" \/>\n<meta property=\"article:modified_time\" content=\"2025-04-08T14:09:17+00:00\" \/>\n<meta name=\"twitter:card\" content=\"summary_large_image\" \/>\n<meta name=\"twitter:label1\" content=\"Est. reading time\" \/>\n\t<meta name=\"twitter:data1\" content=\"1 minute\" \/>\n<script type=\"application\/ld+json\" class=\"yoast-schema-graph\">{\"@context\":\"https:\\\/\\\/schema.org\",\"@graph\":[{\"@type\":\"WebPage\",\"@id\":\"https:\\\/\\\/csdc-cecd.ca\\\/en\\\/2023-july\\\/\",\"url\":\"https:\\\/\\\/csdc-cecd.ca\\\/en\\\/2023-july\\\/\",\"name\":\"2023 - July - CECD - Centre pour l&#039;\u00e9tude de la citoyennet\u00e9 d\u00e9mocratique\",\"isPartOf\":{\"@id\":\"https:\\\/\\\/csdc-cecd.ca\\\/#website\"},\"datePublished\":\"2024-10-29T18:28:38+00:00\",\"dateModified\":\"2025-04-08T14:09:17+00:00\",\"breadcrumb\":{\"@id\":\"https:\\\/\\\/csdc-cecd.ca\\\/en\\\/2023-july\\\/#breadcrumb\"},\"inLanguage\":\"en-US\",\"potentialAction\":[{\"@type\":\"ReadAction\",\"target\":[\"https:\\\/\\\/csdc-cecd.ca\\\/en\\\/2023-july\\\/\"]}]},{\"@type\":\"BreadcrumbList\",\"@id\":\"https:\\\/\\\/csdc-cecd.ca\\\/en\\\/2023-july\\\/#breadcrumb\",\"itemListElement\":[{\"@type\":\"ListItem\",\"position\":1,\"name\":\"Accueil\",\"item\":\"https:\\\/\\\/csdc-cecd.ca\\\/en\\\/\"},{\"@type\":\"ListItem\",\"position\":2,\"name\":\"2023 &#8211; July\"}]},{\"@type\":\"WebSite\",\"@id\":\"https:\\\/\\\/csdc-cecd.ca\\\/#website\",\"url\":\"https:\\\/\\\/csdc-cecd.ca\\\/\",\"name\":\"CECD - Centre pour l&#039;\u00e9tude de la citoyennet\u00e9 d\u00e9mocratique\",\"description\":\"\",\"potentialAction\":[{\"@type\":\"SearchAction\",\"target\":{\"@type\":\"EntryPoint\",\"urlTemplate\":\"https:\\\/\\\/csdc-cecd.ca\\\/?s={search_term_string}\"},\"query-input\":{\"@type\":\"PropertyValueSpecification\",\"valueRequired\":true,\"valueName\":\"search_term_string\"}}],\"inLanguage\":\"en-US\"}]}<\/script>\n<!-- \/ Yoast SEO plugin. -->","yoast_head_json":{"title":"2023 - July - CECD - Centre pour l&#039;\u00e9tude de la citoyennet\u00e9 d\u00e9mocratique","robots":{"index":"index","follow":"follow","max-snippet":"max-snippet:-1","max-image-preview":"max-image-preview:large","max-video-preview":"max-video-preview:-1"},"canonical":"https:\/\/csdc-cecd.ca\/en\/2023-july\/","og_locale":"en_US","og_type":"article","og_title":"2023 - July - CECD - Centre pour l&#039;\u00e9tude de la citoyennet\u00e9 d\u00e9mocratique","og_description":"Allison Harell \u2013 Policy Options\u00a0\u2013\u00a02023|07|20What the Alberta election means for Canada Marc-Andr\u00e9 Bodet \u2013 Le Devoir\u00a0\u2013\u00a02023|07|19Toujours plus de femmes en politique au Qu\u00e9bec Thierry Giasson \u2013 Le Journal de Qu\u00e9bec\u00a0\u2013\u00a02023|07|11Des millions de dollars en publicit\u00e9s pr\u00e9\u00e9lectorales pour la CAQ","og_url":"https:\/\/csdc-cecd.ca\/en\/2023-july\/","og_site_name":"CECD - Centre pour l&#039;\u00e9tude de la citoyennet\u00e9 d\u00e9mocratique","article_modified_time":"2025-04-08T14:09:17+00:00","twitter_card":"summary_large_image","twitter_misc":{"Est. reading time":"1 minute"},"schema":{"@context":"https:\/\/schema.org","@graph":[{"@type":"WebPage","@id":"https:\/\/csdc-cecd.ca\/en\/2023-july\/","url":"https:\/\/csdc-cecd.ca\/en\/2023-july\/","name":"2023 - July - CECD - Centre pour l&#039;\u00e9tude de la citoyennet\u00e9 d\u00e9mocratique","isPartOf":{"@id":"https:\/\/csdc-cecd.ca\/#website"},"datePublished":"2024-10-29T18:28:38+00:00","dateModified":"2025-04-08T14:09:17+00:00","breadcrumb":{"@id":"https:\/\/csdc-cecd.ca\/en\/2023-july\/#breadcrumb"},"inLanguage":"en-US","potentialAction":[{"@type":"ReadAction","target":["https:\/\/csdc-cecd.ca\/en\/2023-july\/"]}]},{"@type":"BreadcrumbList","@id":"https:\/\/csdc-cecd.ca\/en\/2023-july\/#breadcrumb","itemListElement":[{"@type":"ListItem","position":1,"name":"Accueil","item":"https:\/\/csdc-cecd.ca\/en\/"},{"@type":"ListItem","position":2,"name":"2023 &#8211; July"}]},{"@type":"WebSite","@id":"https:\/\/csdc-cecd.ca\/#website","url":"https:\/\/csdc-cecd.ca\/","name":"CECD - Centre pour l&#039;\u00e9tude de la citoyennet\u00e9 d\u00e9mocratique","description":"","potentialAction":[{"@type":"SearchAction","target":{"@type":"EntryPoint","urlTemplate":"https:\/\/csdc-cecd.ca\/?s={search_term_string}"},"query-input":{"@type":"PropertyValueSpecification","valueRequired":true,"valueName":"search_term_string"}}],"inLanguage":"en-US"}]}},"_links":{"self":[{"href":"https:\/\/csdc-cecd.ca\/en\/wp-json\/wp\/v2\/pages\/3572","targetHints":{"allow":["GET"]}}],"collection":[{"href":"https:\/\/csdc-cecd.ca\/en\/wp-json\/wp\/v2\/pages"}],"about":[{"href":"https:\/\/csdc-cecd.ca\/en\/wp-json\/wp\/v2\/types\/page"}],"author":[{"embeddable":true,"href":"https:\/\/csdc-cecd.ca\/en\/wp-json\/wp\/v2\/users\/1"}],"replies":[{"embeddable":true,"href":"https:\/\/csdc-cecd.ca\/en\/wp-json\/wp\/v2\/comments?post=3572"}],"version-history":[{"count":5,"href":"https:\/\/csdc-cecd.ca\/en\/wp-json\/wp\/v2\/pages\/3572\/revisions"}],"predecessor-version":[{"id":4707,"href":"https:\/\/csdc-cecd.ca\/en\/wp-json\/wp\/v2\/pages\/3572\/revisions\/4707"}],"wp:attachment":[{"href":"https:\/\/csdc-cecd.ca\/en\/wp-json\/wp\/v2\/media?parent=3572"}],"curies":[{"name":"wp","href":"https:\/\/api.w.org\/{rel}","templated":true}]}}