{"id":4225,"date":"2025-03-03T10:51:18","date_gmt":"2025-03-03T15:51:18","guid":{"rendered":"https:\/\/csdc-cecd.ca\/?page_id=4225"},"modified":"2025-10-24T10:07:10","modified_gmt":"2025-10-24T14:07:10","slug":"2025-february","status":"publish","type":"page","link":"https:\/\/csdc-cecd.ca\/en\/2025-february\/","title":{"rendered":"2025 &#8211; February"},"content":{"rendered":"<p>[et_pb_section fb_built=&#8221;1&#8243; _builder_version=&#8221;4.27.4&#8243; _module_preset=&#8221;default&#8221; global_colors_info=&#8221;{}&#8221;][et_pb_row _builder_version=&#8221;4.27.4&#8243; _module_preset=&#8221;default&#8221; global_colors_info=&#8221;{}&#8221;][et_pb_column type=&#8221;4_4&#8243; _builder_version=&#8221;4.27.4&#8243; _module_preset=&#8221;default&#8221; global_colors_info=&#8221;{}&#8221;][et_pb_heading title=&#8221;Feb. 2025&#8243; _builder_version=&#8221;4.27.4&#8243; _module_preset=&#8221;default&#8221; global_colors_info=&#8221;{}&#8221;][\/et_pb_heading][\/et_pb_column][\/et_pb_row][et_pb_row _builder_version=&#8221;4.27.4&#8243; _module_preset=&#8221;default&#8221; global_colors_info=&#8221;{}&#8221;][et_pb_column type=&#8221;4_4&#8243; _builder_version=&#8221;4.27.4&#8243; _module_preset=&#8221;default&#8221; global_colors_info=&#8221;{}&#8221;][et_pb_toggle title=&#8221;Scientific Articles&#8221; _builder_version=&#8221;4.27.4&#8243; _module_preset=&#8221;default&#8221; global_colors_info=&#8221;{}&#8221;]<\/p>\n<p>Beckett Herebert, AR., <strong>E. Shor<\/strong><br \/><a href=\"https:\/\/doi.org\/10.1111\/gwao.13248\">\u201cDon&#8217;t Work for Society:\u201d Involuntary Celibacy and Unemployment<\/a><br \/>Gender, Work &amp; Organization, 2025<\/p>\n<p><strong>Bondi, A., L. Baccini,<\/strong> M. Fiorini, B. Hoekman,\u00a0 C. Altomonte, I. Colantone<br \/><a href=\"https:\/\/link.springer.com\/article\/10.1007\/s11558-024-09581-0\">Global value chains and the design of trade agreements<\/a><br \/>The Review of International Organization, 2025<\/p>\n<p><strong>Liang, B., A. Harell<\/strong><br \/><a href=\"https:\/\/www.cogitatiopress.com\/politicsandgovernance\/article\/view\/9377\">Understanding the Electoral Participation Gap: A Study of Racialized Minorities in Canada<\/a><br \/>Politics and Gouvernance, 2025<\/p>\n<p>Meijers, M., <strong>R. Dassonneville<\/strong><br \/><a href=\"https:\/\/doi.org\/10.1111\/1475-6765.70001\">Who accepts party policy change? The individual-level drivers of attitudes towards party repositioning<\/a><br \/>European Journal of Political Research, 2025<\/p>\n<p>Mongrain, Ph., <strong>N. Fr\u00e9chet, B. Thompson Collart, Yannick Dufresne<br \/><\/strong><a href=\"doi:10.1017\/S0008423924000465\">Working the Crowd: Citizen Forecasting, Sophistication and Diversity in Canadian Federal and Provincial Elections<\/a><br \/>Canadian Journal of Political Science, 2025<strong><br \/><\/strong><\/p>\n<p>Mu\u00f1oz G\u00f3mez, N., <strong>S. Coulombe<\/strong>, J. Houle, N. Carrier, M. Provencher, P. Norton, P. Roberge<br \/><a href=\"https:\/\/journals.sagepub.com\/doi\/10.1177\/00332941251320305\">Psychometric Assessment of the Mental Health Self-Management Questionnaire in a Clinical SampleWith Anxiety Disorders<\/a><br \/>Psychological Reports, 2025<\/p>\n<p>Naurin, E., E. Markstedt, M. C. Schneider, M-K. Lizotte, <strong>D. Stolle<br \/><\/strong><a href=\"doi:10.1017\/S1743923X25000054\">The Effects of Parental Leave on Attitudes Toward the State<\/a><br \/>Politics &amp; Gender, 2025<strong><\/strong><\/p>\n<p>Roland, A., <strong>V. Arel-Bundock<\/strong>, L. Crasnic, IDJ. R\u00f6mgens<br \/><a href=\"https:\/\/doi.org\/10.1080\/07036337.2025.2460772\">What do citizens in tax havens think? The EU blacklist and public opinion in Switzerland<\/a><br \/>Journal of European Integration, 2025<\/p>\n<p>[\/et_pb_toggle][\/et_pb_column][\/et_pb_row][et_pb_row _builder_version=&#8221;4.27.4&#8243; _module_preset=&#8221;default&#8221; global_colors_info=&#8221;{}&#8221;][et_pb_column type=&#8221;4_4&#8243; _builder_version=&#8221;4.27.4&#8243; _module_preset=&#8221;default&#8221; global_colors_info=&#8221;{}&#8221;][et_pb_toggle title=&#8221;Book \/ Book chapter&#8221; _builder_version=&#8221;4.27.4&#8243; _module_preset=&#8221;default&#8221; global_colors_info=&#8221;{}&#8221;][\/et_pb_toggle][\/et_pb_column][\/et_pb_row][et_pb_row _builder_version=&#8221;4.27.4&#8243; _module_preset=&#8221;default&#8221; global_colors_info=&#8221;{}&#8221;][et_pb_column type=&#8221;4_4&#8243; _builder_version=&#8221;4.27.4&#8243; _module_preset=&#8221;default&#8221; global_colors_info=&#8221;{}&#8221;][et_pb_divider color=&#8221;#000000&#8243; _builder_version=&#8221;4.27.4&#8243; _module_preset=&#8221;default&#8221; global_colors_info=&#8221;{}&#8221;][\/et_pb_divider][\/et_pb_column][\/et_pb_row][et_pb_row _builder_version=&#8221;4.27.4&#8243; _module_preset=&#8221;default&#8221; global_colors_info=&#8221;{}&#8221;][et_pb_column type=&#8221;4_4&#8243; _builder_version=&#8221;4.27.4&#8243; _module_preset=&#8221;default&#8221; global_colors_info=&#8221;{}&#8221;][et_pb_toggle title=&#8221;Media&#8221; _builder_version=&#8221;4.27.4&#8243; _module_preset=&#8221;default&#8221; hover_enabled=&#8221;0&#8243; global_colors_info=&#8221;{}&#8221; sticky_enabled=&#8221;0&#8243;]<\/p>\n<p>Fran\u00e7ois G\u00e9lineau \u2013 La Presse \u2013 2025|02|28<br \/><a href=\"https:\/\/www.lapresse.ca\/actualites\/education\/2025-02-26\/baisse-du-nombre-d-etudiants-etrangers\/quebec-promet-d-aller-plus-loin-malgre-la-grogne.php\">Qu\u00e9bec promet d\u2019aller plus loin malgr\u00e9 la grogne<\/a><\/p>\n<p>Jean-Fran\u00e7ois Godbout \u2013 Journal de Qu\u00e9bec \u2013 2025|02|27<br \/><a href=\"https:\/\/www.journaldequebec.com\/2025\/02\/27\/greve-des-cols-bleus--explosion-des-plaintes-a-la-ville\">Gr\u00e8ve des cols bleus: explosion des plaintes \u00e0 la Ville de Qu\u00e9bec<\/a><\/p>\n<p>Mireille Lalancette \u2013 Radio Canada \u2013 2025|02|26<br \/><a href=\"https:\/\/ici.radio-canada.ca\/nouvelle\/2143868\/donald-trump-intelligence-artificielle-riviera-gaza\">\u00c0 quel jeu joue Trump avec la vid\u00e9o g\u00e9n\u00e9r\u00e9e par IA de \u00ab Riviera Gaza \u00bb?<\/a><\/p>\n<p>Mireille Lalancette \u2013 En Beauce \u2013 2025|02|26<br \/><a href=\"https:\/\/www.enbeauce.com\/actualites-nationale\/baisse-du-bloc-les-debats-liberaux-pourraient-etre-un-moment-pivot-dit-blanchet\/28749\">Baisse du Bloc: les d\u00e9bats lib\u00e9raux pourraient \u00eatre \u00abun moment pivot\u00bb, dit Blanchet<\/a><\/p>\n<p>Emmanuel Choquette \u2013 La Presse \u2013 2025|02|25<br \/><a href=\"https:\/\/www.lapresse.ca\/international\/etats-unis\/2025-02-25\/emmanuel-macron-a-washington\/un-bras-de-fer-sur-fond-de-camaraderie.php\">Un bras de fer sur fond de camaraderie<\/a><\/p>\n<p>Dietlind Stolle \u2013 La Devoir \u2013 2025|02|23<br \/><a href=\"https:\/\/www.ledevoir.com\/monde\/europe\/847465\/allemagne-urnes-sous-pression-extreme-droite-trump\">En deuxi\u00e8me place, l\u2019extr\u00eame droite brise le tabou allemand<\/a><\/p>\n<p>Nicolas Ajzenman \u2013 Vox EU, CEPR\u00a0\u2013\u00a02025|02|20<br \/><a href=\"https:\/\/cepr.org\/voxeu\/columns\/effects-progressive-tax-reform\">The effects of a progressive tax reform<\/a><\/p>\n<p>Marc-Andr\u00e9 Bodet; Joanie Bouchard \u2013 24 heures \u2013 2025|02|18<br \/><a href=\"https:\/\/www.24heures.ca\/2025\/02\/17\/jeunes-femmes-a-gauche-jeunes-hommes-a-droite-le-fosse-se-creuse-entre-les-sexes\">Jeunes femmes \u00e0 gauche, jeunes hommes \u00e0 droite: le foss\u00e9 se creuse entre les sexes<\/a><\/p>\n<p>Marc-Andr\u00e9 Bodet \u2013 Policy Options \u2013 2025|02|18<br \/><a href=\"https:\/\/policyoptions.irpp.org\/fr\/magazines\/february-2025\/anomalie-trump-explication\/\">L\u2019anomalie Trump : une explication institutionnelle<\/a><\/p>\n<p>Marc-Andr\u00e9 Bodet \u2013 La Presse \u2013 2025|02|17<br \/><a href=\"https:\/\/www.lapresse.ca\/dialogue\/chroniques\/2025-02-17\/on-a-pose-la-question-pour-vous\/l-extreme-droite-est-elle-presente-ici.php\">L\u2019extr\u00eame droite est-elle pr\u00e9sente ici ?<\/a><\/p>\n<p>Marc-Andr\u00e9 Bodet \u2013 La Presse \u2013 2025|02|16<br \/><a href=\"https:\/\/www.lapresse.ca\/contexte\/l-a-b-c-de-l-extreme-droite\/2025-02-16\/qu-est-ce-que-l-extreme-droite.php\">L\u2019extr\u00eame droite est-elle pr\u00e9sente ici ?<\/a><\/p>\n<p>Marc-Andr\u00e9 Bodet \u2013 La Presse \u2013 2025|02|16<br \/><a href=\"https:\/\/www.lapresse.ca\/contexte\/l-a-b-c-de-l-extreme-droite\/2025-02-16\/et-donald-trump.php\">Et Donald Trump ?<\/a><\/p>\n<p>Marc-Andr\u00e9 Bodet \u2013 La Presse \u2013 2025|02|16<br \/><a href=\"https:\/\/www.lapresse.ca\/contexte\/l-a-b-c-de-l-extreme-droite\/2025-02-16\/comment-contrer-la-menace.php\">Comment contrer la menace<\/a><\/p>\n<p>Shanon Dinan \u2013 La Presse \u2013 2025|02|16<br \/><a href=\"https:\/\/www.lapresse.ca\/actualites\/chroniques\/etat-providence-le-quebec-a-l-heure-des-choix\/une-crise-vecue-dans-le-bonheur\/2025-02-16\/etat-providence-le-quebec-a-l-heure-des-choix\/peut-on-et-veut-on-se-passer-de-notre-filet-social.php\">Peut-on (et veut-on) se passer de notre filet social ?<\/a><\/p>\n<p>Colette Brin \u2013 Radio Canada \u2013 2025|02|15<br \/><a href=\"https:\/\/ici.radio-canada.ca\/info\/long-format\/2139904\/fausses-nouvelles-etats-unis-trump-democratie\">D\u00e9sinformation et polarisation : le Qu\u00e9bec et le Canada sous pression am\u00e9ricaine<\/a><\/p>\n<p>Emmanuel Choquette \u2013 Journal de Montr\u00e9al \u2013 2025|02|15<br \/><a href=\"https:\/\/www.journaldemontreal.com\/2025\/02\/15\/deja-fatigues-de-trump-voici-8-trucs-pour-survivre-a-lavalanche-de-declarations-et-de-revirements\">D\u00e9j\u00e0 fatigu\u00e9s de Donald Trump? Voici 8 trucs pour survivre \u00e0 l\u2019avalanche de d\u00e9clarations et de revirements<\/a><\/p>\n<p>Thierry Giasson \u2013 The Hill Times \u2013 2025|02|14<br \/><a href=\"https:\/\/www.hilltimes.com\/story\/2025\/02\/14\/trumps-rhetoric-on-canada-cuts-the-air-for-quebec-sovereignty-but-may-also-fuel-sentiments-of-diehard-quebec-nationalists-say-observers\/451338\/\">Trump\u2019s rhetoric on Canada &#8216;cuts the air&#8217; for Quebec sovereignty, but may also fuel sentiments of diehard Quebec nationalists, say observers<\/a><\/p>\n<p>Olivier Jacques \u2013 La Presse \u2013 2025|02|08<br \/><a href=\"https:\/\/www.lapresse.ca\/actualites\/sante\/2025-02-08\/sante\/faut-il-forcer-les-nouveaux-medecins-a-pratiquer-au-public.php\">Faut-il forcer les nouveaux m\u00e9decins \u00e0 pratiquer au public ?<\/a><\/p>\n<p>Fenwick McKelvey \u2013 En Beauce \u2013 2025|02|07<br \/><a href=\"https:\/\/www.enbeauce.com\/actualites-nationale\/des-appels-a-la-prudence-alors-qu-ottawa-explore-son-potentiel-en-utilisation-d-ia\/28306\">Des appels \u00e0 la prudence alors qu&#8217;Ottawa explore son potentiel en utilisation d&#8217;IA<\/a><\/p>\n<p>Olivier Jacques \u2013 La Presse \u2013 2025|02|06<br \/><a href=\"https:\/\/www.lapresse.ca\/dialogue\/opinions\/2025-02-06\/medecins-non-participants-au-regime-public\/l-exception-en-sante-que-nous-devons-reglementer.php\">L\u2019exception en sant\u00e9 que nous devons r\u00e9glementer<\/a><\/p>\n<p>Mireille Lalancette \u2013 The Conversation \u2013 2025|02|03<br \/><a href=\"https:\/\/theconversation.com\/les-memes-sont-devenus-incontournables-en-politique-quels-effets-ont-ils-245212\">Les m\u00e8mes sont devenus incontournables en politique. Quels effets ont-ils ?<\/a><\/p>\n<p>[\/et_pb_toggle][\/et_pb_column][\/et_pb_row][et_pb_row _builder_version=&#8221;4.27.4&#8243; _module_preset=&#8221;default&#8221; global_colors_info=&#8221;{}&#8221;][et_pb_column type=&#8221;4_4&#8243; _builder_version=&#8221;4.27.4&#8243; _module_preset=&#8221;default&#8221; global_colors_info=&#8221;{}&#8221;][et_pb_toggle title=&#8221;Podcast&#8221; _builder_version=&#8221;4.27.4&#8243; _module_preset=&#8221;default&#8221; global_colors_info=&#8221;{}&#8221;]<\/p>\n<p>Emmanuel Choquette \u2013 107.7 Estrie \u2013 2025|02|28<br \/><a href=\"https:\/\/www.fm1077.ca\/audio\/681972\/gilles-belanger-succede-a-eric-caire\">Gilles B\u00e9langer succ\u00e8de \u00e0 \u00c9ric Caire<\/a><\/p>\n<p>Emmanuel Choquette \u2013 107.7 Estrie \u2013 2025|02|26<br \/><a href=\"https:\/\/www.fm1077.ca\/audio\/681431\/plc-deux-debats-deux-dynamiques-a-l-ecran\">PLC: deux d\u00e9bats, deux dynamiques \u00e0 l\u2019\u00e9cran<\/a><\/p>\n<p>Fran\u00e7ois G\u00e9lineau \u2013 Radio Canada Ohdio \u2013 2025|02|26<br \/><a href=\"https:\/\/ici.radio-canada.ca\/ohdio\/premiere\/emissions\/premiere-heure\/segments\/rattrapage\/2003942\/quebec-fixe-un-plafond-pour-limiter-nombre-etudiants-etrangers\">Qu\u00e9bec impose une limite au nombre d\u2019\u00e9tudiants \u00e9trangers<\/a><\/p>\n<p>Emmanuel Choquette \u2013 107.7 Estrie \u2013 2025|02|19<br \/><a href=\"https:\/\/www.fm1077.ca\/audio\/679811\/des-liens-evidents-entre-la-politique-et-le-sport\">La chronique d\u2019Emmanuel Choquette | Des liens \u00e9vidents entre la politique et le sport<\/a><\/p>\n<p>[\/et_pb_toggle][\/et_pb_column][\/et_pb_row][et_pb_row _builder_version=&#8221;4.27.4&#8243; _module_preset=&#8221;default&#8221; global_colors_info=&#8221;{}&#8221;][et_pb_column type=&#8221;4_4&#8243; _builder_version=&#8221;4.27.4&#8243; _module_preset=&#8221;default&#8221; global_colors_info=&#8221;{}&#8221;][et_pb_toggle title=&#8221;Video&#8221; _builder_version=&#8221;4.27.4&#8243; _module_preset=&#8221;default&#8221; global_colors_info=&#8221;{}&#8221;]<\/p>\n<p>Fran\u00e7ois G\u00e9lineau \u2013 Radio Canada Ohdio \u2013 2025|02|26<br \/><a href=\"https:\/\/ici.radio-canada.ca\/rci\/fr\/nouvelle\/2143674\/etudiants-etrangers-inscriptions-chute-hiver\">\u00c9tudiants \u00e9trangers: chute \u00ab pr\u00e9occupante \u00bb de 25 % des inscriptions \u00e0 l\u2019Universit\u00e9 Laval<\/a><\/p>\n<p>[\/et_pb_toggle][\/et_pb_column][\/et_pb_row][\/et_pb_section]<\/p>\n","protected":false},"excerpt":{"rendered":"<p>Beckett Herebert, AR., E. Shor\u201cDon&#8217;t Work for Society:\u201d Involuntary Celibacy and UnemploymentGender, Work &amp; Organization, 2025 Bondi, A., L. Baccini, M. Fiorini, B. Hoekman,\u00a0 C. Altomonte, I. ColantoneGlobal value chains and the design of trade agreementsThe Review of International Organization, 2025 Liang, B., A. HarellUnderstanding the Electoral Participation Gap: A Study of Racialized Minorities in [&hellip;]<\/p>\n","protected":false},"author":1,"featured_media":0,"parent":0,"menu_order":0,"comment_status":"closed","ping_status":"closed","template":"","meta":{"_et_pb_use_builder":"on","_et_pb_old_content":"","_et_gb_content_width":"","footnotes":""},"class_list":["post-4225","page","type-page","status-publish","hentry"],"yoast_head":"<!-- This site is optimized with the Yoast SEO plugin v27.4 - https:\/\/yoast.com\/product\/yoast-seo-wordpress\/ -->\n<title>2025 - February - CECD - Centre pour l&#039;\u00e9tude de la citoyennet\u00e9 d\u00e9mocratique<\/title>\n<meta name=\"robots\" content=\"index, follow, max-snippet:-1, max-image-preview:large, max-video-preview:-1\" \/>\n<link rel=\"canonical\" href=\"https:\/\/csdc-cecd.ca\/2025-fevrier\/\" \/>\n<meta property=\"og:locale\" content=\"en_US\" \/>\n<meta property=\"og:type\" content=\"article\" \/>\n<meta property=\"og:title\" content=\"2025 - February - CECD - Centre pour l&#039;\u00e9tude de la citoyennet\u00e9 d\u00e9mocratique\" \/>\n<meta property=\"og:description\" content=\"Beckett Herebert, AR., E. Shor\u201cDon&#039;t Work for Society:\u201d Involuntary Celibacy and UnemploymentGender, Work &amp; Organization, 2025 Bondi, A., L. Baccini, M. Fiorini, B. Hoekman,\u00a0 C. Altomonte, I. ColantoneGlobal value chains and the design of trade agreementsThe Review of International Organization, 2025 Liang, B., A. HarellUnderstanding the Electoral Participation Gap: A Study of Racialized Minorities in [&hellip;]\" \/>\n<meta property=\"og:url\" content=\"https:\/\/csdc-cecd.ca\/2025-fevrier\/\" \/>\n<meta property=\"og:site_name\" content=\"CECD - Centre pour l&#039;\u00e9tude de la citoyennet\u00e9 d\u00e9mocratique\" \/>\n<meta property=\"article:modified_time\" content=\"2025-10-24T14:07:10+00:00\" \/>\n<meta name=\"twitter:card\" content=\"summary_large_image\" \/>\n<script type=\"application\/ld+json\" class=\"yoast-schema-graph\">{\"@context\":\"https:\\\/\\\/schema.org\",\"@graph\":[{\"@type\":\"WebPage\",\"@id\":\"https:\\\/\\\/csdc-cecd.ca\\\/2025-fevrier\\\/\",\"url\":\"https:\\\/\\\/csdc-cecd.ca\\\/2025-fevrier\\\/\",\"name\":\"2025 - February - CECD - Centre pour l&#039;\u00e9tude de la citoyennet\u00e9 d\u00e9mocratique\",\"isPartOf\":{\"@id\":\"https:\\\/\\\/csdc-cecd.ca\\\/#website\"},\"datePublished\":\"2025-03-03T15:51:18+00:00\",\"dateModified\":\"2025-10-24T14:07:10+00:00\",\"breadcrumb\":{\"@id\":\"https:\\\/\\\/csdc-cecd.ca\\\/2025-fevrier\\\/#breadcrumb\"},\"inLanguage\":\"en-US\",\"potentialAction\":[{\"@type\":\"ReadAction\",\"target\":[\"https:\\\/\\\/csdc-cecd.ca\\\/2025-fevrier\\\/\"]}]},{\"@type\":\"BreadcrumbList\",\"@id\":\"https:\\\/\\\/csdc-cecd.ca\\\/2025-fevrier\\\/#breadcrumb\",\"itemListElement\":[{\"@type\":\"ListItem\",\"position\":1,\"name\":\"Accueil\",\"item\":\"https:\\\/\\\/csdc-cecd.ca\\\/en\\\/\"},{\"@type\":\"ListItem\",\"position\":2,\"name\":\"2025 &#8211; February\"}]},{\"@type\":\"WebSite\",\"@id\":\"https:\\\/\\\/csdc-cecd.ca\\\/#website\",\"url\":\"https:\\\/\\\/csdc-cecd.ca\\\/\",\"name\":\"CECD - Centre pour l&#039;\u00e9tude de la citoyennet\u00e9 d\u00e9mocratique\",\"description\":\"\",\"potentialAction\":[{\"@type\":\"SearchAction\",\"target\":{\"@type\":\"EntryPoint\",\"urlTemplate\":\"https:\\\/\\\/csdc-cecd.ca\\\/?s={search_term_string}\"},\"query-input\":{\"@type\":\"PropertyValueSpecification\",\"valueRequired\":true,\"valueName\":\"search_term_string\"}}],\"inLanguage\":\"en-US\"}]}<\/script>\n<!-- \/ Yoast SEO plugin. -->","yoast_head_json":{"title":"2025 - February - CECD - Centre pour l&#039;\u00e9tude de la citoyennet\u00e9 d\u00e9mocratique","robots":{"index":"index","follow":"follow","max-snippet":"max-snippet:-1","max-image-preview":"max-image-preview:large","max-video-preview":"max-video-preview:-1"},"canonical":"https:\/\/csdc-cecd.ca\/2025-fevrier\/","og_locale":"en_US","og_type":"article","og_title":"2025 - February - CECD - Centre pour l&#039;\u00e9tude de la citoyennet\u00e9 d\u00e9mocratique","og_description":"Beckett Herebert, AR., E. Shor\u201cDon't Work for Society:\u201d Involuntary Celibacy and UnemploymentGender, Work &amp; Organization, 2025 Bondi, A., L. Baccini, M. Fiorini, B. Hoekman,\u00a0 C. Altomonte, I. ColantoneGlobal value chains and the design of trade agreementsThe Review of International Organization, 2025 Liang, B., A. HarellUnderstanding the Electoral Participation Gap: A Study of Racialized Minorities in [&hellip;]","og_url":"https:\/\/csdc-cecd.ca\/2025-fevrier\/","og_site_name":"CECD - Centre pour l&#039;\u00e9tude de la citoyennet\u00e9 d\u00e9mocratique","article_modified_time":"2025-10-24T14:07:10+00:00","twitter_card":"summary_large_image","schema":{"@context":"https:\/\/schema.org","@graph":[{"@type":"WebPage","@id":"https:\/\/csdc-cecd.ca\/2025-fevrier\/","url":"https:\/\/csdc-cecd.ca\/2025-fevrier\/","name":"2025 - February - CECD - Centre pour l&#039;\u00e9tude de la citoyennet\u00e9 d\u00e9mocratique","isPartOf":{"@id":"https:\/\/csdc-cecd.ca\/#website"},"datePublished":"2025-03-03T15:51:18+00:00","dateModified":"2025-10-24T14:07:10+00:00","breadcrumb":{"@id":"https:\/\/csdc-cecd.ca\/2025-fevrier\/#breadcrumb"},"inLanguage":"en-US","potentialAction":[{"@type":"ReadAction","target":["https:\/\/csdc-cecd.ca\/2025-fevrier\/"]}]},{"@type":"BreadcrumbList","@id":"https:\/\/csdc-cecd.ca\/2025-fevrier\/#breadcrumb","itemListElement":[{"@type":"ListItem","position":1,"name":"Accueil","item":"https:\/\/csdc-cecd.ca\/en\/"},{"@type":"ListItem","position":2,"name":"2025 &#8211; February"}]},{"@type":"WebSite","@id":"https:\/\/csdc-cecd.ca\/#website","url":"https:\/\/csdc-cecd.ca\/","name":"CECD - Centre pour l&#039;\u00e9tude de la citoyennet\u00e9 d\u00e9mocratique","description":"","potentialAction":[{"@type":"SearchAction","target":{"@type":"EntryPoint","urlTemplate":"https:\/\/csdc-cecd.ca\/?s={search_term_string}"},"query-input":{"@type":"PropertyValueSpecification","valueRequired":true,"valueName":"search_term_string"}}],"inLanguage":"en-US"}]}},"_links":{"self":[{"href":"https:\/\/csdc-cecd.ca\/en\/wp-json\/wp\/v2\/pages\/4225","targetHints":{"allow":["GET"]}}],"collection":[{"href":"https:\/\/csdc-cecd.ca\/en\/wp-json\/wp\/v2\/pages"}],"about":[{"href":"https:\/\/csdc-cecd.ca\/en\/wp-json\/wp\/v2\/types\/page"}],"author":[{"embeddable":true,"href":"https:\/\/csdc-cecd.ca\/en\/wp-json\/wp\/v2\/users\/1"}],"replies":[{"embeddable":true,"href":"https:\/\/csdc-cecd.ca\/en\/wp-json\/wp\/v2\/comments?post=4225"}],"version-history":[{"count":6,"href":"https:\/\/csdc-cecd.ca\/en\/wp-json\/wp\/v2\/pages\/4225\/revisions"}],"predecessor-version":[{"id":6367,"href":"https:\/\/csdc-cecd.ca\/en\/wp-json\/wp\/v2\/pages\/4225\/revisions\/6367"}],"wp:attachment":[{"href":"https:\/\/csdc-cecd.ca\/en\/wp-json\/wp\/v2\/media?parent=4225"}],"curies":[{"name":"wp","href":"https:\/\/api.w.org\/{rel}","templated":true}]}}