{"id":4254,"date":"2025-03-06T07:06:50","date_gmt":"2025-03-06T12:06:50","guid":{"rendered":"https:\/\/csdc-cecd.ca\/formation-media\/"},"modified":"2025-03-28T11:55:13","modified_gmt":"2025-03-28T15:55:13","slug":"formation-media","status":"publish","type":"page","link":"https:\/\/csdc-cecd.ca\/en\/formation-media\/","title":{"rendered":"Formation de coaching m\u00e9diatique"},"content":{"rendered":"<p>[et_pb_section fb_built=&#8221;1&#8243; _builder_version=&#8221;4.27.4&#8243; _module_preset=&#8221;default&#8221; global_colors_info=&#8221;{}&#8221;][et_pb_row _builder_version=&#8221;4.27.4&#8243; _module_preset=&#8221;default&#8221; global_colors_info=&#8221;{}&#8221;][et_pb_column type=&#8221;4_4&#8243; _builder_version=&#8221;4.27.4&#8243; _module_preset=&#8221;default&#8221; global_colors_info=&#8221;{}&#8221;][et_pb_image src=&#8221;https:\/\/csdc-cecd.ca\/wp-content\/uploads\/2025\/03\/Entrevues-mediatiques-Comprendre-le-role-dexpert-pour-mieux-lincarner-.png&#8221; title_text=&#8221;Entrevues me\u0301diatiques &#8211; Comprendre le ro\u0302le d\u2019expert pour mieux l\u2019incarner&#8221; _builder_version=&#8221;4.27.4&#8243; _module_preset=&#8221;default&#8221; hover_enabled=&#8221;0&#8243; global_colors_info=&#8221;{}&#8221; sticky_enabled=&#8221;0&#8243;][\/et_pb_image][\/et_pb_column][\/et_pb_row][et_pb_row _builder_version=&#8221;4.27.4&#8243; _module_preset=&#8221;default&#8221; global_colors_info=&#8221;{}&#8221;][et_pb_column type=&#8221;4_4&#8243; _builder_version=&#8221;4.27.4&#8243; _module_preset=&#8221;default&#8221; global_colors_info=&#8221;{}&#8221;][et_pb_text _builder_version=&#8221;4.27.4&#8243; _module_preset=&#8221;default&#8221; global_colors_info=&#8221;{}&#8221;]<\/p>\n<p><span data-markjs=\"true\" class=\"outlook-search-highlight\">La<\/span> <span data-markjs=\"true\" class=\"outlook-search-highlight\">Chaire<\/span> de recherche <span data-markjs=\"true\" class=\"outlook-search-highlight\">sur<\/span> <span data-markjs=\"true\" class=\"outlook-search-highlight\">la<\/span> <span data-markjs=\"true\" class=\"outlook-search-highlight\">d\u00e9mocratie<\/span> et les institutions parlementaires et and t<span>he Centre for the Study of Democratic Citizenship<\/span> present<\/p>\n<p><strong>Entrevues m\u00e9diatiques : comprendre le r\u00f4le d\u2019expert pour mieux l\u2019incarner.<br \/><\/strong>Presenter : Alexandre Duval<strong><\/strong><\/p>\n<p><span>When : May 2, 2025, 9 a.m. \u2013 12 p.m.<\/span><br \/><span>Where:\u00a0 Universit\u00e9 Laval, Quebec City<\/span><\/p>\n<p><span>Registration required : <a href=\"https:\/\/can01.safelinks.protection.outlook.com\/?url=https%3A%2F%2Fforms.gle%2FrcLAy1opgckLJrAe9&amp;data=05%7C02%7Cwim.wolfs%40umontreal.ca%7C18aad6bc7ee9416b6ce308dd5a91a662%7Cd27eefec2a474be7981e0f8977fa31d8%7C1%7C0%7C638766303892324365%7CUnknown%7CTWFpbGZsb3d8eyJFbXB0eU1hcGkiOnRydWUsIlYiOiIwLjAuMDAwMCIsIlAiOiJXaW4zMiIsIkFOIjoiTWFpbCIsIldUIjoyfQ%3D%3D%7C0%7C%7C%7C&amp;sdata=Fm0lTrG32jPAfbFQ1mkGBhMb5dyUWJtr9FFvr7DASUo%3D&amp;reserved=0\" originalsrc=\"https:\/\/forms.gle\/rcLAy1opgckLJrAe9\" title=\"https:\/\/can01.safelinks.protection.outlook.com\/?url=https%3A%2F%2Fforms.gle%2FrcLAy1opgckLJrAe9&amp;data=05%7C02%7Cwim.wolfs%40umontreal.ca%7C18aad6bc7ee9416b6ce308dd5a91a662%7Cd27eefec2a474be7981e0f8977fa31d8%7C1%7C0%7C638766303892324365%7CUnknown%7CTWFpbGZsb3d8eyJFbXB0eU1hcGkiOnRydWUsIlYiOiIwLjAuMDAwMCIsIlAiOiJXaW4zMiIsIkFOIjoiTWFpbCIsIldUIjoyfQ%3D%3D%7C0%7C%7C%7C&amp;sdata=Fm0lTrG32jPAfbFQ1mkGBhMb5dyUWJtr9FFvr7DASUo%3D&amp;reserved=0\" data-outlook-id=\"ceda8999-cf43-4a69-b732-160634484f3b\">https:\/\/forms.gle\/rc<span data-markjs=\"true\" class=\"outlook-search-highlight\">LA<\/span>y1opgckLJrAe9<\/a>\u00a0 <strong>(deadline March 21 &#8211; Places are limited!)<\/strong><\/span><\/p>\n<p>For any questions, you can contact Ann-Sophie Gravel \u00a0Ann-Sophie Gravel \u00e0 l&#8217;adresse <a href=\"mailto:chairedemocratie@pol.ulaval.ca\" class=\"ms-outlook-linkify\"><span data-markjs=\"true\" class=\"outlook-search-highlight\">chairedemocratie@pol.ulaval.ca<\/span><\/a><\/p>\n<p>[\/et_pb_text][\/et_pb_column][\/et_pb_row][et_pb_row column_structure=&#8221;1_3,2_3&#8243; _builder_version=&#8221;4.27.4&#8243; _module_preset=&#8221;default&#8221; global_colors_info=&#8221;{}&#8221;][et_pb_column type=&#8221;1_3&#8243; _builder_version=&#8221;4.27.4&#8243; _module_preset=&#8221;default&#8221; global_colors_info=&#8221;{}&#8221;][et_pb_image src=&#8221;https:\/\/csdc-cecd.ca\/wp-content\/uploads\/2025\/03\/Alexandre-Duval.jpeg&#8221; title_text=&#8221;Alexandre Duval&#8221; _builder_version=&#8221;4.27.4&#8243; _module_preset=&#8221;default&#8221; global_colors_info=&#8221;{}&#8221;][\/et_pb_image][\/et_pb_column][et_pb_column type=&#8221;2_3&#8243; _builder_version=&#8221;4.27.4&#8243; _module_preset=&#8221;default&#8221; global_colors_info=&#8221;{}&#8221;][et_pb_text _builder_version=&#8221;4.27.4&#8243; _module_preset=&#8221;default&#8221; global_colors_info=&#8221;{}&#8221;]<\/p>\n<p><span>Une <\/span><b>formation de coaching m\u00e9diatique<\/b><span> avec Alexandre Duval.<\/span><\/p>\n<p class=\"x_MsoNormal\"><span>Aux \u00e9tudes sup\u00e9rieures, votre capacit\u00e9 \u00e0 communiquer efficacement vos recherches \u00e0 divers publics est cruciale, afin de mettre en valeur votre travail et le diffuser en dehors du monde acad\u00e9mique! Alexandre Duval vous offrira des mises en situation, informations et conseils pour interagir au mieux avec les journalistes et les m\u00e9dias.\u00a0\u00a0<\/span><\/p>\n<p class=\"x_MsoNormal\"><b><span>Alexandre Duval<\/span><\/b><span>\u00a0est un ancien \u00e9tudiant de l\u2019Universit\u00e9 <span data-markjs=\"true\" class=\"outlook-search-highlight\">La<\/span>val et ancien membre du C\u00c9CD. Apr\u00e8s 10 ann\u00e9es de travail \u00e0 Radio-Canada \u00e0 titre de correspondant parlementaire \u00e0 l&#8217;Assembl\u00e9e nationale, il utilise aujourd\u2019hui son expertise pour offrir des formations et donner des cours au C\u00e9gep Garneau et \u00e0 l\u2019UQTR.\u00a0\u00a0<\/span><\/p>\n<p class=\"x_MsoNormal\"><span>\u00a0<\/span><span><span data-markjs=\"true\" class=\"outlook-search-highlight\">La<\/span> formation <b>sera offerte en fran\u00e7ais<\/b><\/span><\/p>\n<p>[\/et_pb_text][\/et_pb_column][\/et_pb_row][\/et_pb_section]<\/p>\n","protected":false},"excerpt":{"rendered":"<p>La Chaire de recherche sur la d\u00e9mocratie et les institutions parlementaires et and the Centre for the Study of Democratic Citizenship present Entrevues m\u00e9diatiques : comprendre le r\u00f4le d\u2019expert pour mieux l\u2019incarner.Presenter : Alexandre Duval When : May 2, 2025, 9 a.m. \u2013 12 p.m.Where:\u00a0 Universit\u00e9 Laval, Quebec City Registration required : https:\/\/forms.gle\/rcLAy1opgckLJrAe9\u00a0 (deadline March [&hellip;]<\/p>\n","protected":false},"author":1,"featured_media":0,"parent":0,"menu_order":0,"comment_status":"closed","ping_status":"closed","template":"","meta":{"_et_pb_use_builder":"on","_et_pb_old_content":"","_et_gb_content_width":"","footnotes":""},"class_list":["post-4254","page","type-page","status-publish","hentry"],"yoast_head":"<!-- This site is optimized with the Yoast SEO plugin v27.4 - https:\/\/yoast.com\/product\/yoast-seo-wordpress\/ -->\n<title>Formation de coaching m\u00e9diatique - CECD - Centre pour l&#039;\u00e9tude de la citoyennet\u00e9 d\u00e9mocratique<\/title>\n<meta name=\"robots\" content=\"index, follow, max-snippet:-1, max-image-preview:large, max-video-preview:-1\" \/>\n<link rel=\"canonical\" href=\"https:\/\/csdc-cecd.ca\/formation-media\/\" \/>\n<meta property=\"og:locale\" content=\"en_US\" \/>\n<meta property=\"og:type\" content=\"article\" \/>\n<meta property=\"og:title\" content=\"Formation de coaching m\u00e9diatique - CECD - Centre pour l&#039;\u00e9tude de la citoyennet\u00e9 d\u00e9mocratique\" \/>\n<meta property=\"og:description\" content=\"La Chaire de recherche sur la d\u00e9mocratie et les institutions parlementaires et and the Centre for the Study of Democratic Citizenship present Entrevues m\u00e9diatiques : comprendre le r\u00f4le d\u2019expert pour mieux l\u2019incarner.Presenter : Alexandre Duval When : May 2, 2025, 9 a.m. \u2013 12 p.m.Where:\u00a0 Universit\u00e9 Laval, Quebec City Registration required : https:\/\/forms.gle\/rcLAy1opgckLJrAe9\u00a0 (deadline March [&hellip;]\" \/>\n<meta property=\"og:url\" content=\"https:\/\/csdc-cecd.ca\/formation-media\/\" \/>\n<meta property=\"og:site_name\" content=\"CECD - Centre pour l&#039;\u00e9tude de la citoyennet\u00e9 d\u00e9mocratique\" \/>\n<meta property=\"article:modified_time\" content=\"2025-03-28T15:55:13+00:00\" \/>\n<meta name=\"twitter:card\" content=\"summary_large_image\" \/>\n<meta name=\"twitter:label1\" content=\"Est. reading time\" \/>\n\t<meta name=\"twitter:data1\" content=\"2 minutes\" \/>\n<script type=\"application\/ld+json\" class=\"yoast-schema-graph\">{\"@context\":\"https:\\\/\\\/schema.org\",\"@graph\":[{\"@type\":\"WebPage\",\"@id\":\"https:\\\/\\\/csdc-cecd.ca\\\/formation-media\\\/\",\"url\":\"https:\\\/\\\/csdc-cecd.ca\\\/formation-media\\\/\",\"name\":\"Formation de coaching m\u00e9diatique - CECD - Centre pour l&#039;\u00e9tude de la citoyennet\u00e9 d\u00e9mocratique\",\"isPartOf\":{\"@id\":\"https:\\\/\\\/csdc-cecd.ca\\\/#website\"},\"datePublished\":\"2025-03-06T12:06:50+00:00\",\"dateModified\":\"2025-03-28T15:55:13+00:00\",\"breadcrumb\":{\"@id\":\"https:\\\/\\\/csdc-cecd.ca\\\/formation-media\\\/#breadcrumb\"},\"inLanguage\":\"en-US\",\"potentialAction\":[{\"@type\":\"ReadAction\",\"target\":[\"https:\\\/\\\/csdc-cecd.ca\\\/formation-media\\\/\"]}]},{\"@type\":\"BreadcrumbList\",\"@id\":\"https:\\\/\\\/csdc-cecd.ca\\\/formation-media\\\/#breadcrumb\",\"itemListElement\":[{\"@type\":\"ListItem\",\"position\":1,\"name\":\"Accueil\",\"item\":\"https:\\\/\\\/csdc-cecd.ca\\\/en\\\/\"},{\"@type\":\"ListItem\",\"position\":2,\"name\":\"Formation de coaching m\u00e9diatique\"}]},{\"@type\":\"WebSite\",\"@id\":\"https:\\\/\\\/csdc-cecd.ca\\\/#website\",\"url\":\"https:\\\/\\\/csdc-cecd.ca\\\/\",\"name\":\"CECD - Centre pour l&#039;\u00e9tude de la citoyennet\u00e9 d\u00e9mocratique\",\"description\":\"\",\"potentialAction\":[{\"@type\":\"SearchAction\",\"target\":{\"@type\":\"EntryPoint\",\"urlTemplate\":\"https:\\\/\\\/csdc-cecd.ca\\\/?s={search_term_string}\"},\"query-input\":{\"@type\":\"PropertyValueSpecification\",\"valueRequired\":true,\"valueName\":\"search_term_string\"}}],\"inLanguage\":\"en-US\"}]}<\/script>\n<!-- \/ Yoast SEO plugin. -->","yoast_head_json":{"title":"Formation de coaching m\u00e9diatique - CECD - Centre pour l&#039;\u00e9tude de la citoyennet\u00e9 d\u00e9mocratique","robots":{"index":"index","follow":"follow","max-snippet":"max-snippet:-1","max-image-preview":"max-image-preview:large","max-video-preview":"max-video-preview:-1"},"canonical":"https:\/\/csdc-cecd.ca\/formation-media\/","og_locale":"en_US","og_type":"article","og_title":"Formation de coaching m\u00e9diatique - CECD - Centre pour l&#039;\u00e9tude de la citoyennet\u00e9 d\u00e9mocratique","og_description":"La Chaire de recherche sur la d\u00e9mocratie et les institutions parlementaires et and the Centre for the Study of Democratic Citizenship present Entrevues m\u00e9diatiques : comprendre le r\u00f4le d\u2019expert pour mieux l\u2019incarner.Presenter : Alexandre Duval When : May 2, 2025, 9 a.m. \u2013 12 p.m.Where:\u00a0 Universit\u00e9 Laval, Quebec City Registration required : https:\/\/forms.gle\/rcLAy1opgckLJrAe9\u00a0 (deadline March [&hellip;]","og_url":"https:\/\/csdc-cecd.ca\/formation-media\/","og_site_name":"CECD - Centre pour l&#039;\u00e9tude de la citoyennet\u00e9 d\u00e9mocratique","article_modified_time":"2025-03-28T15:55:13+00:00","twitter_card":"summary_large_image","twitter_misc":{"Est. reading time":"2 minutes"},"schema":{"@context":"https:\/\/schema.org","@graph":[{"@type":"WebPage","@id":"https:\/\/csdc-cecd.ca\/formation-media\/","url":"https:\/\/csdc-cecd.ca\/formation-media\/","name":"Formation de coaching m\u00e9diatique - CECD - Centre pour l&#039;\u00e9tude de la citoyennet\u00e9 d\u00e9mocratique","isPartOf":{"@id":"https:\/\/csdc-cecd.ca\/#website"},"datePublished":"2025-03-06T12:06:50+00:00","dateModified":"2025-03-28T15:55:13+00:00","breadcrumb":{"@id":"https:\/\/csdc-cecd.ca\/formation-media\/#breadcrumb"},"inLanguage":"en-US","potentialAction":[{"@type":"ReadAction","target":["https:\/\/csdc-cecd.ca\/formation-media\/"]}]},{"@type":"BreadcrumbList","@id":"https:\/\/csdc-cecd.ca\/formation-media\/#breadcrumb","itemListElement":[{"@type":"ListItem","position":1,"name":"Accueil","item":"https:\/\/csdc-cecd.ca\/en\/"},{"@type":"ListItem","position":2,"name":"Formation de coaching m\u00e9diatique"}]},{"@type":"WebSite","@id":"https:\/\/csdc-cecd.ca\/#website","url":"https:\/\/csdc-cecd.ca\/","name":"CECD - Centre pour l&#039;\u00e9tude de la citoyennet\u00e9 d\u00e9mocratique","description":"","potentialAction":[{"@type":"SearchAction","target":{"@type":"EntryPoint","urlTemplate":"https:\/\/csdc-cecd.ca\/?s={search_term_string}"},"query-input":{"@type":"PropertyValueSpecification","valueRequired":true,"valueName":"search_term_string"}}],"inLanguage":"en-US"}]}},"_links":{"self":[{"href":"https:\/\/csdc-cecd.ca\/en\/wp-json\/wp\/v2\/pages\/4254","targetHints":{"allow":["GET"]}}],"collection":[{"href":"https:\/\/csdc-cecd.ca\/en\/wp-json\/wp\/v2\/pages"}],"about":[{"href":"https:\/\/csdc-cecd.ca\/en\/wp-json\/wp\/v2\/types\/page"}],"author":[{"embeddable":true,"href":"https:\/\/csdc-cecd.ca\/en\/wp-json\/wp\/v2\/users\/1"}],"replies":[{"embeddable":true,"href":"https:\/\/csdc-cecd.ca\/en\/wp-json\/wp\/v2\/comments?post=4254"}],"version-history":[{"count":4,"href":"https:\/\/csdc-cecd.ca\/en\/wp-json\/wp\/v2\/pages\/4254\/revisions"}],"predecessor-version":[{"id":4472,"href":"https:\/\/csdc-cecd.ca\/en\/wp-json\/wp\/v2\/pages\/4254\/revisions\/4472"}],"wp:attachment":[{"href":"https:\/\/csdc-cecd.ca\/en\/wp-json\/wp\/v2\/media?parent=4254"}],"curies":[{"name":"wp","href":"https:\/\/api.w.org\/{rel}","templated":true}]}}