{"id":4506,"date":"2025-03-31T11:28:08","date_gmt":"2025-03-31T15:28:08","guid":{"rendered":"https:\/\/csdc-cecd.ca\/?page_id=4506"},"modified":"2025-10-24T10:19:58","modified_gmt":"2025-10-24T14:19:58","slug":"2025-march","status":"publish","type":"page","link":"https:\/\/csdc-cecd.ca\/en\/2025-march\/","title":{"rendered":"2025 &#8211; March"},"content":{"rendered":"<p>[et_pb_section fb_built=&#8221;1&#8243; _builder_version=&#8221;4.27.4&#8243; _module_preset=&#8221;default&#8221; global_colors_info=&#8221;{}&#8221;][et_pb_row _builder_version=&#8221;4.27.4&#8243; _module_preset=&#8221;default&#8221; global_colors_info=&#8221;{}&#8221;][et_pb_column type=&#8221;4_4&#8243; _builder_version=&#8221;4.27.4&#8243; _module_preset=&#8221;default&#8221; global_colors_info=&#8221;{}&#8221;][et_pb_heading title=&#8221;2025 &#8211; Mar.&#8221; _builder_version=&#8221;4.27.4&#8243; _module_preset=&#8221;default&#8221; global_colors_info=&#8221;{}&#8221;][\/et_pb_heading][\/et_pb_column][\/et_pb_row][et_pb_row _builder_version=&#8221;4.27.4&#8243; _module_preset=&#8221;default&#8221; global_colors_info=&#8221;{}&#8221;][et_pb_column type=&#8221;4_4&#8243; _builder_version=&#8221;4.27.4&#8243; _module_preset=&#8221;default&#8221; global_colors_info=&#8221;{}&#8221;][et_pb_toggle title=&#8221;Scientific Articles&#8221; _builder_version=&#8221;4.27.4&#8243; _module_preset=&#8221;default&#8221; global_colors_info=&#8221;{}&#8221;]<\/p>\n<p><strong>Baccini,<\/strong><span>\u00a0<\/span>L., M. Guidi, A. Poletti<br \/><a href=\"https:\/\/www.tandfonline.com\/doi\/full\/10.1080\/13501763.2025.2475007\">Embedded liberalism, economic nationalism, or Welfare Chauvinism? Experimental evidence on policy preferences in tough times<\/a><br \/>Journal of European Public Policy, 2025<\/p>\n<p>Chen, P., M. Thomas, T. Gosselin, <strong>A. Harell\u00a0<\/strong><br \/><a href=\"https:\/\/www.tandfonline.com\/doi\/full\/10.1080\/1554477X.2024.2359140\">What\u2019s Her Job?\u2019 Agentic Women, Sexism, and the Consequences for Political Candidate Emergence\u00a0<\/a><br \/><span>Journal of Women, Politics &amp; Policy , 2025<\/span><\/p>\n<p><strong>Durand, C<\/strong>., M. Deslauriers, G. Duhaime<br \/><a href=\"https:\/\/journals.openedition.org\/sociologies\/3914\">Quelles statistiques pour analyser les in\u00e9galit\u00e9s\u00a0? Le cas des Premi\u00e8res Nations au Qu\u00e9bec Which Statistics to Analyze Inequalities? The Case of Quebec\u2019s First Nations<\/a><br \/>SociologieS, 2025<\/p>\n<p><strong>Pacheco,T., S. Coulombe<\/strong>, N. Kocovski, J. Carbone<br \/><a href=\"https:\/\/www.sciencedirect.com\/science\/article\/pii\/S2666497625000050?via%3Dihub\">Workers\u2019 Well-being during Viral Pandemics and Epidemics: A Scoping Review<\/a><br \/><span class=\"anchor-text-container\"><span class=\"anchor-text\">Comprehensive Psychoneuroendocrinology, 2025<\/span><\/span><\/p>\n<p><span class=\"anchor-text-container\"><span class=\"anchor-text\">Roland, A.,<span>\u00a0<\/span><strong>V. Arel-Bundock<\/strong>, L. Crasnic &amp; I. D. J. R\u00f6mgens<br \/><a href=\"https:\/\/www.tandfonline.com\/doi\/full\/10.1080\/07036337.2025.2460772\">What do citizens in tax havens think? The EU blacklist and public opinion in Switzerland<\/a><br \/><\/span><\/span><\/p>\n<p><strong>Shor, E<\/strong>.<br \/><a href=\"https:\/\/onlinelibrary.wiley.com\/doi\/full\/10.1111\/socf.13049\">\u201cSeeing her in pleasure gives me pleasure\u201d: Pornography viewing and the sociology of pleasure<\/a><br \/>Sociological Forum, 2025<\/p>\n<p><strong>Sujaya, V., K. Pelrine, A. Musulan, R. Rabbany<\/strong><br \/>Rethinking Anti-Misinformation AI<br \/>ICLR 2025 Workshop, 2025<\/p>\n<p>Weijers, R., D. Wu, H. Betts, T. Jacod, Y. Guan,<span>\u00a0<\/span><strong>V. Sujaya<\/strong>, K. D. W. Delooze,<span>\u00a0<\/span><strong>R. Rabbany<\/strong>, Y. Wu,<span>\u00a0<\/span><strong>J-F. Godbout, K. Pelrine<\/strong><br \/>From Intuition to Understanding: Using AI Peers to Overcome Physics Misconceptions<br \/>ICLR 2025 Workshop, 2025<\/p>\n<p>Wilson-Yang, J.Q., MR Woodford,, H. Oakes, Z. Marshall,<span>\u00a0<\/span><strong>S. Coulombe<\/strong><br \/><a href=\"https:\/\/pubmed.ncbi.nlm.nih.gov\/40012234\/\">The Prevalence and Consequences of Gender-Based Violence Among Trans and Gender Diverse University Students in Ontario<\/a><br \/>Journal of Interpersonal Violence, 2025<\/p>\n<p>[\/et_pb_toggle][\/et_pb_column][\/et_pb_row][et_pb_row _builder_version=&#8221;4.27.4&#8243; _module_preset=&#8221;default&#8221; global_colors_info=&#8221;{}&#8221;][et_pb_column type=&#8221;4_4&#8243; _builder_version=&#8221;4.27.4&#8243; _module_preset=&#8221;default&#8221; global_colors_info=&#8221;{}&#8221;][et_pb_toggle title=&#8221;Book \/ Book Chapter&#8221; _builder_version=&#8221;4.27.4&#8243; _module_preset=&#8221;default&#8221; global_colors_info=&#8221;{}&#8221;]<\/p>\n<p>Book<\/p>\n<p><strong><img loading=\"lazy\" decoding=\"async\" src=\"https:\/\/csdc-cecd.ca\/wp-content\/uploads\/2025\/03\/content.jpeg\" width=\"128\" height=\"195\" alt=\"\" class=\"wp-image-4523 alignnone size-full\" \/><br \/>A. Fortier-Chouinard, L. Birch,<\/strong><span>\u00a0<\/span>G. Arsenault,\u00a0<span>\u00a0<\/span><strong>D. Duval, Y. Dufresne<\/strong><span>\u00a0<\/span>(eds)<br \/><a href=\"https:\/\/books.google.ca\/books?hl=fr&amp;lr=&amp;id=mLBREQAAQBAJ&amp;oi=fnd&amp;pg=PA349&amp;ots=8HCwaKz2ME&amp;sig=VwKRDuk1gmeH9FPXSBOsl9gCqYw&amp;redir_esc=y#v=onepage&amp;q&amp;f=false\">Assessing Justin Trudeau\u2019s Minority Governments (2019-2025)<\/a><br \/>Presses de l\u2019Universit\u00e9 Laval, 2025<\/p>\n<p><img loading=\"lazy\" decoding=\"async\" src=\"https:\/\/csdc-cecd.ca\/wp-content\/uploads\/2025\/03\/9781003560029-e1743446672844.webp\" width=\"130\" height=\"195\" alt=\"\" class=\"wp-image-4530 alignnone size-full\" \/><br \/>M. R. Woodford, A. Duran, T. D. Vo, C. W. Johnson, L. Airton,<span>\u00a0<\/span><strong>S. Coulombe (eds)<br \/><\/strong>Thriving on Campus<br \/><strong>Routledge, 2025<\/strong><strong><\/strong><\/p>\n<p>B\u00e9land, D., A. Hays,<span>\u00a0<\/span><strong>O. Jacques<br \/><\/strong><a href=\"https:\/\/books.google.ca\/books?hl=fr&amp;lr=&amp;id=mLBREQAAQBAJ&amp;oi=fnd&amp;pg=PA349&amp;ots=8HCwaKz2ME&amp;sig=VwKRDuk1gmeH9FPXSBOsl9gCqYw&amp;redir_esc=y#v=onepage&amp;q&amp;f=false\">Health Care Policy Under Two Trudeau Minority Government<span>\u00a0<\/span><\/a>in Assessing Justin Trudeau\u2019s Minority Governments (2019-2025)<span>\u00a0<\/span><strong>A. Fortier-Chouinard, L. Birch,<\/strong><span>\u00a0<\/span>G. Arsenault,\u00a0<span>\u00a0<\/span><strong>D. Duval, Y. Dufresne<\/strong><span>\u00a0<\/span>(eds)<br \/>Presses de l\u2019Universit\u00e9 Laval, 2025<\/p>\n<p><strong>Choquette, E.,<span>\u00a0<\/span><\/strong>B. Dor\u00e9-Caillouette<br \/><a href=\"https:\/\/books.google.ca\/books?hl=fr&amp;lr=&amp;id=mLBREQAAQBAJ&amp;oi=fnd&amp;pg=PA349&amp;ots=8HCwaKz2ME&amp;sig=VwKRDuk1gmeH9FPXSBOsl9gCqYw&amp;redir_esc=y#v=onepage&amp;q&amp;f=false\">Justin Trudeau\u2019s Record in Cartoons: A Humorus Reflection of the \u00ab\u00a0Two Solitudes\u00a0\u00bb?<span>\u00a0<\/span><\/a>in Assessing Justin Trudeau\u2019s Minority Governments (2019-2025),<span>\u00a0<\/span><strong>A. Fortier-Chouinard, L. Birch,<\/strong><span>\u00a0<\/span>G. Arsenault,\u00a0<span>\u00a0<\/span><strong>D. Duval, Y. Dufresne<\/strong><span>\u00a0<\/span>(eds)<br \/>Presses de l\u2019Universit\u00e9 Laval, 2025<br \/><strong><\/strong><\/p>\n<p><strong>Dinan, S<\/strong>., D. B\u00e9land<br \/><a href=\"https:\/\/academic.oup.com\/edited-volume\/59771\/chapter\/508732098\">Responding to Global Crises<br \/><\/a>in The Oxford Handbook of Social Policy in Canada, Daniel B\u00e9land, Rianne Mahon, Alison Smith (eds.)<br \/>Oxford\u00a0 Academic, 2025<a href=\"https:\/\/pubmed.ncbi.nlm.nih.gov\/40012234\/\"><\/a><\/p>\n<p><strong>Birch, L.<\/strong>, A. Fortier-Chouinard, G. Arsenault,<strong><span>\u00a0<\/span>D. Duval, Y. Dufresne<\/strong><br \/><a href=\"https:\/\/books.google.ca\/books?hl=fr&amp;lr=&amp;id=mLBREQAAQBAJ&amp;oi=fnd&amp;pg=PA349&amp;ots=8HCwaKz2ME&amp;sig=VwKRDuk1gmeH9FPXSBOsl9gCqYw&amp;redir_esc=y#v=onepage&amp;q&amp;f=false\">A Final Look at the Trudeau Years<span>\u00a0<\/span><\/a>in Assessing Justin Trudeau\u2019s Minority Governments (2019-2025)<strong>\u00a0A. Fortier-Chouinard, L. Birch,<\/strong><span>\u00a0<\/span>G. Arsenault,\u00a0<span>\u00a0<\/span><strong>D. Duval, Y. Dufresne<\/strong><span>\u00a0<\/span>(eds)<br \/>Presses de l\u2019Universit\u00e9 Laval, 2025<\/p>\n<p>Fortier-Chouinard, A.,<span>\u00a0<\/span><strong>H. Cadieux, B. Carrignan, J. Drouin, L. Birch<\/strong><br \/><a href=\"https:\/\/books.google.ca\/books?hl=fr&amp;lr=&amp;id=mLBREQAAQBAJ&amp;oi=fnd&amp;pg=PA349&amp;ots=8HCwaKz2ME&amp;sig=VwKRDuk1gmeH9FPXSBOsl9gCqYw&amp;redir_esc=y#v=onepage&amp;q&amp;f=false\">Committing without counting? Untangling the 697 promises of Justin Trudeau\u2019s Minority Governmen<\/a>t in Assessing Justin Trudeau\u2019s Minority Governments (2019-2025),<span>\u00a0<\/span><strong>A. Fortier-Chouinard, L. Birch,<\/strong><span>\u00a0<\/span>G. Arsenault,\u00a0<span>\u00a0<\/span><strong>D. Duval, Y. Dufresne<\/strong><span>\u00a0<\/span>(eds)<br \/>Presses de l\u2019Universit\u00e9 Laval, 2025<\/p>\n<p><strong>Gajevich Sayegh, A<\/strong>., A. Chaloux, P. Simard<br \/><a href=\"https:\/\/books.google.ca\/books?hl=fr&amp;lr=&amp;id=mLBREQAAQBAJ&amp;oi=fnd&amp;pg=PA349&amp;ots=8HCwaKz2ME&amp;sig=VwKRDuk1gmeH9FPXSBOsl9gCqYw&amp;redir_esc=y#v=onepage&amp;q&amp;f=false\">\u00ab\u00a0Climate Leaders do not Bank on Oil\u00a0\u00bb: The Trudeau Governments\u2019 Environmental Record<span>\u00a0<\/span><\/a>in Assessing Justin Trudeau\u2019s Minority Governments (2019-2025<a href=\"https:\/\/books.google.ca\/books?hl=fr&amp;lr=&amp;id=mLBREQAAQBAJ&amp;oi=fnd&amp;pg=PA349&amp;ots=8HCwaKz2ME&amp;sig=VwKRDuk1gmeH9FPXSBOsl9gCqYw&amp;redir_esc=y#v=onepage&amp;q&amp;f=false\">)<\/a><span>\u00a0<\/span><strong>A. Fortier-Chouinard, L. Birch,<\/strong><span>\u00a0<\/span>G. Arsenault,\u00a0<span>\u00a0<\/span><strong>D. Duval, Y. Dufresne<\/strong><span>\u00a0<\/span>(eds)<br \/>Presses de l\u2019Universit\u00e9 Laval, 2025<\/p>\n<p>Jacob, S.<span>\u00a0<\/span><strong>L. Birch<br \/><\/strong><a href=\"https:\/\/books.google.ca\/books?hl=fr&amp;lr=&amp;id=mLBREQAAQBAJ&amp;oi=fnd&amp;pg=PA349&amp;ots=8HCwaKz2ME&amp;sig=VwKRDuk1gmeH9FPXSBOsl9gCqYw&amp;redir_esc=y#v=onepage&amp;q&amp;f=false\">Navigating the Path of Ethics and Integrity: The Trudeau Government\u2019s Record<\/a><span>\u00a0<\/span>in Assessing Justin Trudeau\u2019s Minority Governments (2019-2025)<span>\u00a0<\/span><strong>A. Fortier-Chouinard, L. Birch,<\/strong><span>\u00a0<\/span>G. Arsenault,\u00a0<span>\u00a0<\/span><strong>D. Duval, Y. Dufresne<\/strong><span>\u00a0<\/span>(eds)<br \/>Presses de l\u2019Universit\u00e9 Laval, 2025<\/p>\n<p>Mathieu, F., S-J.<span>\u00a0<\/span><strong>Vincent<\/strong><br \/><a href=\"https:\/\/books.google.ca\/books?hl=fr&amp;lr=&amp;id=mLBREQAAQBAJ&amp;oi=fnd&amp;pg=PA349&amp;ots=8HCwaKz2ME&amp;sig=VwKRDuk1gmeH9FPXSBOsl9gCqYw&amp;redir_esc=y#v=onepage&amp;q&amp;f=false\">Quebec, the Canadian Francophonie, and TrudeauMinority Governments: A Critical Assessmen<\/a>t in Assessing Justin Trudeau\u2019s Minority Governments (2019-2025),<span>\u00a0<\/span><strong>A. Fortier-Chouinard, L. Birch,<\/strong><span>\u00a0<\/span>G. Arsenault,\u00a0<span>\u00a0<\/span><strong>D. Duval, Y. Dufresne<\/strong><span>\u00a0<\/span>(eds)<br \/>Presses de l\u2019Universit\u00e9 Laval, 2025<\/p>\n<p><strong>Ouellet, C,<\/strong>. K. Gervasi, A. Sirmalis<br \/><a href=\"https:\/\/books.google.ca\/books?hl=fr&amp;lr=&amp;id=mLBREQAAQBAJ&amp;oi=fnd&amp;pg=PA349&amp;ots=8HCwaKz2ME&amp;sig=VwKRDuk1gmeH9FPXSBOsl9gCqYw&amp;redir_esc=y#v=onepage&amp;q&amp;f=false\">Spotlight on Strategy: Marketing Manoeuvres in Trudeau\u2019s Minority Government<\/a>in Assessing Justin Trudeau\u2019s Minority Governments (2019-2025),<span>\u00a0<\/span><strong>A. Fortier-Chouinard, L. Birch,<\/strong><span>\u00a0<\/span>G. Arsenault,\u00a0<span>\u00a0<\/span><strong>D. Duval, Y. Dufresne<\/strong><span>\u00a0<\/span>(eds)<br \/>Presses de l\u2019Universit\u00e9 Laval, 2025<\/p>\n<p>M.R. Woodford, A. Duran, T. D. Vo, C. W. Johnson, L. Airton,<span>\u00a0<\/span><strong>S. Coulombe<br \/><\/strong><a href=\"https:\/\/www.taylorfrancis.com\/books\/edit\/10.4324\/9781003560029\/thriving-campus-michael-woodford-antonio-duran-tin-vo-corey-johnson-lee-airton-simon-coulombe\">Introduction \u2013 Thriving on campus: promoting the inclusion, academic development, and wellbeing of diverse 2SLGBTQ+ university and college student<\/a>s in Thriving on Campus, M. R. Woodford, A. Duran, T. D. Vo, C. W. Johnson, L. Airton,<span>\u00a0<\/span><strong>S. Coulombe (eds)<\/strong><\/p>\n<p>[\/et_pb_toggle][\/et_pb_column][\/et_pb_row][et_pb_row _builder_version=&#8221;4.27.4&#8243; _module_preset=&#8221;default&#8221; global_colors_info=&#8221;{}&#8221;][et_pb_column type=&#8221;4_4&#8243; _builder_version=&#8221;4.27.4&#8243; _module_preset=&#8221;default&#8221; global_colors_info=&#8221;{}&#8221;][et_pb_divider color=&#8221;#000000&#8243; _builder_version=&#8221;4.27.4&#8243; _module_preset=&#8221;default&#8221; global_colors_info=&#8221;{}&#8221;][\/et_pb_divider][\/et_pb_column][\/et_pb_row][et_pb_row _builder_version=&#8221;4.27.4&#8243; _module_preset=&#8221;default&#8221; global_colors_info=&#8221;{}&#8221;][et_pb_column type=&#8221;4_4&#8243; _builder_version=&#8221;4.27.4&#8243; _module_preset=&#8221;default&#8221; global_colors_info=&#8221;{}&#8221;][et_pb_toggle title=&#8221;Media&#8221; _builder_version=&#8221;4.27.4&#8243; _module_preset=&#8221;default&#8221; hover_enabled=&#8221;0&#8243; global_colors_info=&#8221;{}&#8221; sticky_enabled=&#8221;0&#8243;]<\/p>\n<p>Shannon Dinan \u2013 Policy options \u2013 2025|03|31<br \/><a href=\"https:\/\/policyoptions.irpp.org\/fr\/2025\/03\/quebec-paradis-familles\/\">Le Qu\u00e9bec, paradis des familles\u2026 vraiment ?<\/a><\/p>\n<p>Andr\u00e9 Blais \u2013 L\u2019Actualit\u00e9 \u2013\u00a02025|03|30<br \/><a href=\"https:\/\/lactualite.com\/actualites\/les-femmes-qui-se-lancent-en-politique-ne-seraient-pas-desavantagees-selon-une-etude\/\">Les femmes qui se lancent en politique ne seraient pas d\u00e9savantag\u00e9es, selon une \u00e9tude<\/a><\/p>\n<p>Andr\u00e9 Blais \u2013 Radio Canada \u2013\u00a02025|03|30<br \/><a href=\"https:\/\/www.lapresse.ca\/contexte\/2025-03-30\/sources\/la-reforme-electorale.php\">La r\u00e9forme \u00e9lectorale<\/a><\/p>\n<p>Marc-Andr\u00e9 Bodet \u2013 ULaval Nouvelles \u2013\u00a02025|03|26<br \/><a href=\"https:\/\/nouvelles.ulaval.ca\/2025\/03\/18\/quand-les-politiciennes-et-politiciens-recoivent-une-note-entrea-ete-pour-leur-travail-a:98419d55-79e3-4579-8eae-ecf102dfa35a\">Quand les politiciennes et politiciens re\u00e7oivent une note entre A et E pour leur travail<\/a><\/p>\n<p>Vincent Arel-Bundock, Andr\u00e9 Blais \u2013 UdeM Nouvelles \u2013\u00a02025|03|25<br \/><a href=\"https:\/\/nouvelles.umontreal.ca\/article\/2025\/03\/25\/les-femmes-qui-se-portent-candidates-une-chance-electorale-a-saisir\/\">Les femmes qui se portent candidates: une chance \u00e9lectorale \u00e0 saisir !<\/a><\/p>\n<p>Claire Durand \u2013 La Presse \u2013 2025|03|25<br \/><a href=\"https:\/\/www.lapresse.ca\/dialogue\/opinions\/2025-03-25\/non-les-sondages-n-ont-pas-tout-faux.php\">Non, les sondages n\u2019ont pas tout faux<\/a><\/p>\n<p>Joanie Bouchard \u2013 Radio Canada \u2013 2025|03|24<br \/><a href=\"https:\/\/ici.radio-canada.ca\/nouvelle\/2146239\/election-federale-pourquoi-enjeux-competences-quebec-canada\">Comprendre | La politique f\u00e9d\u00e9rale : pourquoi s\u2019y int\u00e9resser ?<\/a><\/p>\n<p>Colette Brin \u2013 ULaval Nouvelles \u2013\u00a02025|03|24<br \/><a href=\"https:\/\/nouvelles.ulaval.ca\/2025\/03\/24\/les-rendez-vous-d'histoire-de-quebec-de-retour-sous-une-nouvelle-formule-368ba67f-9ebc-4e31-b332-d45fba66ffc3\">Les Rendez-vous d\u2019histoire de Qu\u00e9bec de retour sous une nouvelle formule<\/a><\/p>\n<p>Mireille Lalancette \u2013 ONFR.TFO \u2013 2025|03|24<br \/><a href=\"https:\/\/onfr.tfo.org\/elections-federales-francais-mark-carney-parti-liberal-canada\/\">\u00c9lections f\u00e9d\u00e9rales : le niveau de fran\u00e7ais de Mark Carney sera-t-il un obstacle?<\/a><\/p>\n<p>Yannick Dufresne \u2013 ULaval Nouvelles \u2013 2025|03|23<br \/><a href=\"https:\/\/nouvelles.ulaval.ca\/2025\/03\/23\/trois-questions-sur-limprevisibilite-de-la-campagne-electorale-federale-a:73c8027d-2b8a-4c1c-89c7-e16485d1cf30\">Trois questions sur l\u2019impr\u00e9visibilit\u00e9 de la campagne \u00e9lectorale f\u00e9d\u00e9rale<\/a><\/p>\n<p>Emmanuel Choquette \u2013 Noovo Info \u2013 2025|03|22<br \/><a href=\"https:\/\/www.noovo.info\/nouvelle\/lelection-canadienne-pourrait-donner-lieu-a-une-serie-de-premieres-historiques.html\">L\u2019\u00e9lection canadienne pourrait donner lieu \u00e0 une s\u00e9rie de premi\u00e8res historiques<\/a><\/p>\n<p>Mireille Lalancette \u2013 The Conversation \u2013 2025|03|21<br \/><a href=\"https:\/\/theconversation.com\/in-carney-le-changement-et-un-leadership-gagnant-en-contexte-de-crise-comment-le-nouveau-chef-liberal-a-construit-son-image-politique-en-ligne-252227\">In-Carney le changement et un leadership gagnant en contexte de crise : comment le nouveau chef lib\u00e9ral a construit son image politique en ligne<\/a><\/p>\n<p>Mireille Lalancette \u2013 TVA Nouvelles \u2013 2025|03|21<br \/><a href=\"https:\/\/www.tvanouvelles.ca\/2025\/03\/21\/un-parti-ingerable-malgre-le-depart-de-gnd--ruba-ghazal-veut-mener-qs-en-2026\">Un parti ing\u00e9rable malgr\u00e9 le d\u00e9part de GND: Ruba Ghazal veut mener QS en 2026<\/a><\/p>\n<p>Lisa Birch \u2013 Radio Canada \u2013\u00a02025|03|20<br \/><a href=\"https:\/\/ici.radio-canada.ca\/info\/long-format\/2148412\/bilan-justin-trudeau-parti-liberal-promesses-polimetre\">Que restera-t-il du legs de Justin Trudeau ?<\/a><\/p>\n<p>Colette Brin \u2013 IRIS \u2013 Institut de recherche et d\u2019informations socio\u00e9conomiques \u2013\u00a02025|03|20<br \/><a href=\"https:\/\/iris-recherche.qc.ca\/publications\/portrait-medias-quebec\/\">Quelle pertinence pour Radio-Canada dans l\u2019avenir m\u00e9diatique du Qu\u00e9bec?<\/a><\/p>\n<p>Colette Brin \u2013 La Presse \u2013 2025|03|20<br \/><a href=\"https:\/\/www.lapresse.ca\/elections-federales\/2025-03-20\/campagne-conservatrice\/les-medias-laisses-derriere.php\">Les m\u00e9dias laiss\u00e9s derri\u00e8re<\/a><\/p>\n<p>Lisa Birch \u2013 ULaval Nouvelles \u2013 2025|03|20<br \/><a href=\"https:\/\/nouvelles.ulaval.ca\/2025\/03\/20\/polimetre-trudeau:-76percent-des-promesses-electorales-liberales-realisees-en-tout-ou-partiellement-70d500b2-493d-4608-9014-f6bdc1ac6738\">Polim\u00e8tre Trudeau: 76% des promesses \u00e9lectorales lib\u00e9rales r\u00e9alis\u00e9es en tout ou partiellement<\/a><\/p>\n<p>Simon Coulombe, Yannick Dufresne, Catherine Ouellet \u2013 TVA Nouvelle \u2013 2025|03|20<br \/><a href=\"https:\/\/www.tvanouvelles.ca\/2025\/03\/20\/datagotchi-un-outil-simple-et-ludique-pour-decouvrir-son-profil-electoral\">L\u00e9ger-Datagotchi: un outil simple et ludique pour d\u00e9couvrir son profil \u00e9lectoral<\/a><\/p>\n<p>Simon Coulombe \u2013 La Presse \u2013 2025|03|20<br \/><a href=\"https:\/\/www.lapresse.ca\/dialogue\/opinions\/2025-03-20\/la-question-des-hommes-est-un-enjeu-de-societe.php\">La question des hommes est un enjeu de soci\u00e9t\u00e9<\/a><\/p>\n<p>Emmanuel Choquette \u2013 Radio Canada \u2013 2025|03|14<br \/><a href=\"https:\/\/ici.radio-canada.ca\/nouvelle\/2147913\/cabinet-carney-elisabeth-briere-ministre-ministere\">\u00ab Je suis tellement fi\u00e8re \u00bb \u2013 \u00c9lisabeth Bri\u00e8re, apr\u00e8s son assermentation<\/a><\/p>\n<p>Emmanuel Choquette \u2013 Radio Canada \u2013 2025|03|09<br \/><a href=\"https:\/\/ici.radio-canada.ca\/nouvelle\/2146811\/analyse-emmanuel-choquette-mark-carney-plc\">Le professeur Emmanuel Choquette analyse ce qui attend Mark Carney \u00e0 la t\u00eate du PLC<\/a><\/p>\n<p>Claire Durand \u2013 La Presse \u2013 2025|03|09<br \/><a href=\"https:\/\/www.lapresse.ca\/actualites\/politique\/2025-03-09\/elections-federales\/un-sondage-ne-fait-pas-le-printemps.php\">\u00c9lections f\u00e9d\u00e9rales | Un sondage ne fait pas le printemps<\/a><\/p>\n<p>Simon Coulombe \u2013 Benefits Canada \u2013 2025|03|07<br \/><a href=\"https:\/\/www.benefitscanada.com\/archives_\/benefits-canada-archive\/head-to-head-do-mental-health-first-aiders-do-more-harm-than-good\/\">Head to head: Do mental-health first aiders do more harm than good?<\/a><\/p>\n<p>Roxane de la Sablonni\u00e8re \u2013 Radio Canada \u2013 2025|03|07<br \/><a href=\"https:\/\/ici.radio-canada.ca\/recit-numerique\/12112\/civisme-savoir-vivre-pandemie-covid19?fromApp=appInfoIos&amp;fromMobileApp=ios&amp;marketingCloudId=83797908350302277420978275388822152007\">Mais o\u00f9 est pass\u00e9 le civisme depuis la pand\u00e9mie?<\/a><\/p>\n<p>Andr\u00e9 Blais \u2013 The Hub \u2013\u00a02025|03|05<br \/><a href=\"https:\/\/thehub.ca\/2025\/05\/03\/think-tank-canadian-students-vote-for-a-conservative-minority\/\">Think Tank: Canadian students voted for a Conservative minority<\/a><\/p>\n<p>[\/et_pb_toggle][\/et_pb_column][\/et_pb_row][et_pb_row _builder_version=&#8221;4.27.4&#8243; _module_preset=&#8221;default&#8221; global_colors_info=&#8221;{}&#8221;][et_pb_column type=&#8221;4_4&#8243; _builder_version=&#8221;4.27.4&#8243; _module_preset=&#8221;default&#8221; global_colors_info=&#8221;{}&#8221;][et_pb_toggle title=&#8221;Podcast&#8221; _builder_version=&#8221;4.27.4&#8243; _module_preset=&#8221;default&#8221; global_colors_info=&#8221;{}&#8221;]<\/p>\n<p>Emmanuel Choquette \u2013 107.7 Estrie \u2013 2025|03|26<br \/><a href=\"https:\/\/www.fm1077.ca\/audio\/687820\/la-vulnerabilite-de-mark-carney\">La vuln\u00e9rabilit\u00e9 de Mark Carney<\/a><\/p>\n<p>Emmanuel Choquette \u2013 Radio Canada \u2013 2025|03|25<br \/><a href=\"https:\/\/ici.radio-canada.ca\/ohdio\/premiere\/emissions\/bon-pied-bonne-heure\/segments\/rattrapage\/2026537\/que-disent-slogans-et-pancartes-electorales-chaque-parti\">Que disent les pancartes \u00e9lectorales de chaque parti ?<\/a><\/p>\n<p>[\/et_pb_toggle][\/et_pb_column][\/et_pb_row][et_pb_row _builder_version=&#8221;4.27.4&#8243; _module_preset=&#8221;default&#8221; global_colors_info=&#8221;{}&#8221;][et_pb_column type=&#8221;4_4&#8243; _builder_version=&#8221;4.27.4&#8243; _module_preset=&#8221;default&#8221; global_colors_info=&#8221;{}&#8221;][et_pb_toggle title=&#8221;Video&#8221; _builder_version=&#8221;4.27.4&#8243; _module_preset=&#8221;default&#8221; global_colors_info=&#8221;{}&#8221;]<\/p>\n<p>Emmanuel Choquette \u2013 Noovo Info \u2013 2025|03|24<br \/><a href=\"https:\/\/www.noovo.info\/video\/la-campagne-electorale-est-lancee-mais-les-candidats-manquent-en-estrie.html\">La campagne \u00e9lectorale est lanc\u00e9e, mais les candidats manquent en Estrie<\/a><\/p>\n<p>Allison Harell \u2013 Le Journal de Montr\u00e9al \u2013 2025|03|14<br \/><a href=\"https:\/\/www.journaldemontreal.com\/2025\/03\/14\/je-men-fous-un-peu-les-18-24-ans-moins-interpelles-par-les-relations-avec-les-etats-unis-que-les-autres-generations\">\u00abJe m\u2019en fous un peu\u00bb: les 18-24 ans moins interpell\u00e9s par les relations avec les \u00c9tats-Unis que les autres g\u00e9n\u00e9rations<\/a><\/p>\n<p>[\/et_pb_toggle][\/et_pb_column][\/et_pb_row][et_pb_row _builder_version=&#8221;4.27.4&#8243; _module_preset=&#8221;default&#8221; global_colors_info=&#8221;{}&#8221;][et_pb_column type=&#8221;4_4&#8243; _builder_version=&#8221;4.27.4&#8243; _module_preset=&#8221;default&#8221; global_colors_info=&#8221;{}&#8221;][et_pb_toggle title=&#8221;Infography&#8221; _builder_version=&#8221;4.27.4&#8243; _module_preset=&#8221;default&#8221; global_colors_info=&#8221;{}&#8221;]<\/p>\n<p>Olivier Jacques \u2013 Radio Canada \u2013 2025|03|25<br \/><a href=\"https:\/\/ici.radio-canada.ca\/info\/2025\/calculateur-budget-quebec\/\">Voici o\u00f9 va votre argent<\/a><\/p>\n<p>[\/et_pb_toggle][\/et_pb_column][\/et_pb_row][\/et_pb_section]<\/p>\n","protected":false},"excerpt":{"rendered":"<p>Baccini,\u00a0L., M. Guidi, A. PolettiEmbedded liberalism, economic nationalism, or Welfare Chauvinism? Experimental evidence on policy preferences in tough timesJournal of European Public Policy, 2025 Chen, P., M. Thomas, T. Gosselin, A. Harell\u00a0What\u2019s Her Job?\u2019 Agentic Women, Sexism, and the Consequences for Political Candidate Emergence\u00a0Journal of Women, Politics &amp; Policy , 2025 Durand, C., M. Deslauriers, [&hellip;]<\/p>\n","protected":false},"author":1,"featured_media":0,"parent":0,"menu_order":0,"comment_status":"closed","ping_status":"closed","template":"","meta":{"_et_pb_use_builder":"on","_et_pb_old_content":"","_et_gb_content_width":"","footnotes":""},"class_list":["post-4506","page","type-page","status-publish","hentry"],"yoast_head":"<!-- This site is optimized with the Yoast SEO plugin v27.4 - https:\/\/yoast.com\/product\/yoast-seo-wordpress\/ -->\n<title>2025 - March - CECD - Centre pour l&#039;\u00e9tude de la citoyennet\u00e9 d\u00e9mocratique<\/title>\n<meta name=\"robots\" content=\"index, follow, max-snippet:-1, max-image-preview:large, max-video-preview:-1\" \/>\n<link rel=\"canonical\" href=\"https:\/\/csdc-cecd.ca\/2025-mars\/\" \/>\n<meta property=\"og:locale\" content=\"en_US\" \/>\n<meta property=\"og:type\" content=\"article\" \/>\n<meta property=\"og:title\" content=\"2025 - March - CECD - Centre pour l&#039;\u00e9tude de la citoyennet\u00e9 d\u00e9mocratique\" \/>\n<meta property=\"og:description\" content=\"Baccini,\u00a0L., M. Guidi, A. PolettiEmbedded liberalism, economic nationalism, or Welfare Chauvinism? Experimental evidence on policy preferences in tough timesJournal of European Public Policy, 2025 Chen, P., M. Thomas, T. Gosselin, A. Harell\u00a0What\u2019s Her Job?\u2019 Agentic Women, Sexism, and the Consequences for Political Candidate Emergence\u00a0Journal of Women, Politics &amp; Policy , 2025 Durand, C., M. Deslauriers, [&hellip;]\" \/>\n<meta property=\"og:url\" content=\"https:\/\/csdc-cecd.ca\/2025-mars\/\" \/>\n<meta property=\"og:site_name\" content=\"CECD - Centre pour l&#039;\u00e9tude de la citoyennet\u00e9 d\u00e9mocratique\" \/>\n<meta property=\"article:modified_time\" content=\"2025-10-24T14:19:58+00:00\" \/>\n<meta property=\"og:image\" content=\"https:\/\/csdc-cecd.ca\/wp-content\/uploads\/2025\/03\/content.jpeg\" \/>\n\t<meta property=\"og:image:width\" content=\"128\" \/>\n\t<meta property=\"og:image:height\" content=\"195\" \/>\n\t<meta property=\"og:image:type\" content=\"image\/jpeg\" \/>\n<meta name=\"twitter:card\" content=\"summary_large_image\" \/>\n<script type=\"application\/ld+json\" class=\"yoast-schema-graph\">{\"@context\":\"https:\\\/\\\/schema.org\",\"@graph\":[{\"@type\":\"WebPage\",\"@id\":\"https:\\\/\\\/csdc-cecd.ca\\\/2025-mars\\\/\",\"url\":\"https:\\\/\\\/csdc-cecd.ca\\\/2025-mars\\\/\",\"name\":\"2025 - March - CECD - Centre pour l&#039;\u00e9tude de la citoyennet\u00e9 d\u00e9mocratique\",\"isPartOf\":{\"@id\":\"https:\\\/\\\/csdc-cecd.ca\\\/#website\"},\"primaryImageOfPage\":{\"@id\":\"https:\\\/\\\/csdc-cecd.ca\\\/2025-mars\\\/#primaryimage\"},\"image\":{\"@id\":\"https:\\\/\\\/csdc-cecd.ca\\\/2025-mars\\\/#primaryimage\"},\"thumbnailUrl\":\"https:\\\/\\\/csdc-cecd.ca\\\/wp-content\\\/uploads\\\/2025\\\/03\\\/content.jpeg\",\"datePublished\":\"2025-03-31T15:28:08+00:00\",\"dateModified\":\"2025-10-24T14:19:58+00:00\",\"breadcrumb\":{\"@id\":\"https:\\\/\\\/csdc-cecd.ca\\\/2025-mars\\\/#breadcrumb\"},\"inLanguage\":\"en-US\",\"potentialAction\":[{\"@type\":\"ReadAction\",\"target\":[\"https:\\\/\\\/csdc-cecd.ca\\\/2025-mars\\\/\"]}]},{\"@type\":\"ImageObject\",\"inLanguage\":\"en-US\",\"@id\":\"https:\\\/\\\/csdc-cecd.ca\\\/2025-mars\\\/#primaryimage\",\"url\":\"https:\\\/\\\/csdc-cecd.ca\\\/wp-content\\\/uploads\\\/2025\\\/03\\\/content.jpeg\",\"contentUrl\":\"https:\\\/\\\/csdc-cecd.ca\\\/wp-content\\\/uploads\\\/2025\\\/03\\\/content.jpeg\"},{\"@type\":\"BreadcrumbList\",\"@id\":\"https:\\\/\\\/csdc-cecd.ca\\\/2025-mars\\\/#breadcrumb\",\"itemListElement\":[{\"@type\":\"ListItem\",\"position\":1,\"name\":\"Accueil\",\"item\":\"https:\\\/\\\/csdc-cecd.ca\\\/en\\\/\"},{\"@type\":\"ListItem\",\"position\":2,\"name\":\"2025 &#8211; March\"}]},{\"@type\":\"WebSite\",\"@id\":\"https:\\\/\\\/csdc-cecd.ca\\\/#website\",\"url\":\"https:\\\/\\\/csdc-cecd.ca\\\/\",\"name\":\"CECD - Centre pour l&#039;\u00e9tude de la citoyennet\u00e9 d\u00e9mocratique\",\"description\":\"\",\"potentialAction\":[{\"@type\":\"SearchAction\",\"target\":{\"@type\":\"EntryPoint\",\"urlTemplate\":\"https:\\\/\\\/csdc-cecd.ca\\\/?s={search_term_string}\"},\"query-input\":{\"@type\":\"PropertyValueSpecification\",\"valueRequired\":true,\"valueName\":\"search_term_string\"}}],\"inLanguage\":\"en-US\"}]}<\/script>\n<!-- \/ Yoast SEO plugin. -->","yoast_head_json":{"title":"2025 - March - CECD - Centre pour l&#039;\u00e9tude de la citoyennet\u00e9 d\u00e9mocratique","robots":{"index":"index","follow":"follow","max-snippet":"max-snippet:-1","max-image-preview":"max-image-preview:large","max-video-preview":"max-video-preview:-1"},"canonical":"https:\/\/csdc-cecd.ca\/2025-mars\/","og_locale":"en_US","og_type":"article","og_title":"2025 - March - CECD - Centre pour l&#039;\u00e9tude de la citoyennet\u00e9 d\u00e9mocratique","og_description":"Baccini,\u00a0L., M. Guidi, A. PolettiEmbedded liberalism, economic nationalism, or Welfare Chauvinism? Experimental evidence on policy preferences in tough timesJournal of European Public Policy, 2025 Chen, P., M. Thomas, T. Gosselin, A. Harell\u00a0What\u2019s Her Job?\u2019 Agentic Women, Sexism, and the Consequences for Political Candidate Emergence\u00a0Journal of Women, Politics &amp; Policy , 2025 Durand, C., M. Deslauriers, [&hellip;]","og_url":"https:\/\/csdc-cecd.ca\/2025-mars\/","og_site_name":"CECD - Centre pour l&#039;\u00e9tude de la citoyennet\u00e9 d\u00e9mocratique","article_modified_time":"2025-10-24T14:19:58+00:00","og_image":[{"width":128,"height":195,"url":"https:\/\/csdc-cecd.ca\/wp-content\/uploads\/2025\/03\/content.jpeg","type":"image\/jpeg"}],"twitter_card":"summary_large_image","schema":{"@context":"https:\/\/schema.org","@graph":[{"@type":"WebPage","@id":"https:\/\/csdc-cecd.ca\/2025-mars\/","url":"https:\/\/csdc-cecd.ca\/2025-mars\/","name":"2025 - March - CECD - Centre pour l&#039;\u00e9tude de la citoyennet\u00e9 d\u00e9mocratique","isPartOf":{"@id":"https:\/\/csdc-cecd.ca\/#website"},"primaryImageOfPage":{"@id":"https:\/\/csdc-cecd.ca\/2025-mars\/#primaryimage"},"image":{"@id":"https:\/\/csdc-cecd.ca\/2025-mars\/#primaryimage"},"thumbnailUrl":"https:\/\/csdc-cecd.ca\/wp-content\/uploads\/2025\/03\/content.jpeg","datePublished":"2025-03-31T15:28:08+00:00","dateModified":"2025-10-24T14:19:58+00:00","breadcrumb":{"@id":"https:\/\/csdc-cecd.ca\/2025-mars\/#breadcrumb"},"inLanguage":"en-US","potentialAction":[{"@type":"ReadAction","target":["https:\/\/csdc-cecd.ca\/2025-mars\/"]}]},{"@type":"ImageObject","inLanguage":"en-US","@id":"https:\/\/csdc-cecd.ca\/2025-mars\/#primaryimage","url":"https:\/\/csdc-cecd.ca\/wp-content\/uploads\/2025\/03\/content.jpeg","contentUrl":"https:\/\/csdc-cecd.ca\/wp-content\/uploads\/2025\/03\/content.jpeg"},{"@type":"BreadcrumbList","@id":"https:\/\/csdc-cecd.ca\/2025-mars\/#breadcrumb","itemListElement":[{"@type":"ListItem","position":1,"name":"Accueil","item":"https:\/\/csdc-cecd.ca\/en\/"},{"@type":"ListItem","position":2,"name":"2025 &#8211; March"}]},{"@type":"WebSite","@id":"https:\/\/csdc-cecd.ca\/#website","url":"https:\/\/csdc-cecd.ca\/","name":"CECD - Centre pour l&#039;\u00e9tude de la citoyennet\u00e9 d\u00e9mocratique","description":"","potentialAction":[{"@type":"SearchAction","target":{"@type":"EntryPoint","urlTemplate":"https:\/\/csdc-cecd.ca\/?s={search_term_string}"},"query-input":{"@type":"PropertyValueSpecification","valueRequired":true,"valueName":"search_term_string"}}],"inLanguage":"en-US"}]}},"_links":{"self":[{"href":"https:\/\/csdc-cecd.ca\/en\/wp-json\/wp\/v2\/pages\/4506","targetHints":{"allow":["GET"]}}],"collection":[{"href":"https:\/\/csdc-cecd.ca\/en\/wp-json\/wp\/v2\/pages"}],"about":[{"href":"https:\/\/csdc-cecd.ca\/en\/wp-json\/wp\/v2\/types\/page"}],"author":[{"embeddable":true,"href":"https:\/\/csdc-cecd.ca\/en\/wp-json\/wp\/v2\/users\/1"}],"replies":[{"embeddable":true,"href":"https:\/\/csdc-cecd.ca\/en\/wp-json\/wp\/v2\/comments?post=4506"}],"version-history":[{"count":8,"href":"https:\/\/csdc-cecd.ca\/en\/wp-json\/wp\/v2\/pages\/4506\/revisions"}],"predecessor-version":[{"id":6370,"href":"https:\/\/csdc-cecd.ca\/en\/wp-json\/wp\/v2\/pages\/4506\/revisions\/6370"}],"wp:attachment":[{"href":"https:\/\/csdc-cecd.ca\/en\/wp-json\/wp\/v2\/media?parent=4506"}],"curies":[{"name":"wp","href":"https:\/\/api.w.org\/{rel}","templated":true}]}}