{"id":4558,"date":"2025-04-01T10:58:51","date_gmt":"2025-04-01T14:58:51","guid":{"rendered":"https:\/\/csdc-cecd.ca\/regards-croises-sur-la-sante-democratique\/"},"modified":"2025-04-02T07:59:39","modified_gmt":"2025-04-02T11:59:39","slug":"regards-croises-sur-la-sante-democratique","status":"publish","type":"page","link":"https:\/\/csdc-cecd.ca\/en\/regards-croises-sur-la-sante-democratique\/","title":{"rendered":"Regards crois\u00e9s sur la sant\u00e9 d\u00e9mocratique"},"content":{"rendered":"<p>[et_pb_section fb_built=&#8221;1&#8243; _builder_version=&#8221;4.27.4&#8243; _module_preset=&#8221;default&#8221; global_colors_info=&#8221;{}&#8221;][et_pb_row _builder_version=&#8221;4.27.4&#8243; _module_preset=&#8221;default&#8221; global_colors_info=&#8221;{}&#8221;][et_pb_column type=&#8221;4_4&#8243; _builder_version=&#8221;4.27.4&#8243; _module_preset=&#8221;default&#8221; global_colors_info=&#8221;{}&#8221;][et_pb_image src=&#8221;https:\/\/csdc-cecd.ca\/wp-content\/uploads\/2025\/04\/Regards-croises-sur-la-sante-democratique-Format-site.png&#8221; title_text=&#8221;Regards croise\u0301s sur la sante\u0301 de\u0301mocratique &#8211; Format site&#8221; _builder_version=&#8221;4.27.4&#8243; _module_preset=&#8221;default&#8221; hover_enabled=&#8221;0&#8243; global_colors_info=&#8221;{}&#8221; sticky_enabled=&#8221;0&#8243;][\/et_pb_image][\/et_pb_column][\/et_pb_row][et_pb_row _builder_version=&#8221;4.27.4&#8243; _module_preset=&#8221;default&#8221; global_colors_info=&#8221;{}&#8221;][et_pb_column type=&#8221;4_4&#8243; _builder_version=&#8221;4.27.4&#8243; _module_preset=&#8221;default&#8221; global_colors_info=&#8221;{}&#8221;][et_pb_text _builder_version=&#8221;4.27.4&#8243; _module_preset=&#8221;default&#8221; custom_padding=&#8221;||0px|||&#8221;]<\/p>\n<p class=\"p1\"><a href=\"https:\/\/lacpop.uqam.ca\/\">Laboratoire d\u2019analyse en communication politique et d\u2019opinion publique (LACPOP)<\/a>, en collaboration avec le Centre pour l\u2019\u00e9tude de la citoyennet\u00e9 d\u00e9mocratique (CECD) et <a href=\"https:\/\/c-dem.ca\/fr\/1360-2\/\">le Consortium de la d\u00e9mocratie \u00e9lectorale (C-Dem)<\/a> pr\u00e9sentent :<\/p>\n<p class=\"p1\"><strong>Regards crois\u00e9s sur la sant\u00e9 d\u00e9mocratique : \u00e9lections, participation citoyenne et l\u00e9gitimit\u00e9 politique<\/strong><\/p>\n<p class=\"p1\">Quand : 22-23 mai 2025,<br \/>Ou : UQAM, Montr\u00e9al, Qu\u00e9bec<\/p>\n<p class=\"p1\">Cet atelier fait partie du Congr\u00e8s annuel de la Soci\u00e9t\u00e9 qu\u00e9b\u00e9coise de science politique.<\/p>\n<p>[\/et_pb_text][\/et_pb_column][\/et_pb_row][et_pb_row column_structure=&#8221;1_2,1_2&#8243; _builder_version=&#8221;4.27.4&#8243; _module_preset=&#8221;default&#8221; global_colors_info=&#8221;{}&#8221;][et_pb_column type=&#8221;1_2&#8243; _builder_version=&#8221;4.27.4&#8243; _module_preset=&#8221;default&#8221; global_colors_info=&#8221;{}&#8221;][et_pb_image src=&#8221;https:\/\/csdc-cecd.ca\/wp-content\/uploads\/2025\/04\/Atelier-SQSP_Programme_2025_03_28_Page_1.png&#8221; title_text=&#8221;Atelier SQSP_Programme_2025_03_28_Page_1&#8243; _builder_version=&#8221;4.27.4&#8243; _module_preset=&#8221;default&#8221; global_colors_info=&#8221;{}&#8221;][\/et_pb_image][\/et_pb_column][et_pb_column type=&#8221;1_2&#8243; _builder_version=&#8221;4.27.4&#8243; _module_preset=&#8221;default&#8221; global_colors_info=&#8221;{}&#8221;][et_pb_image src=&#8221;https:\/\/csdc-cecd.ca\/wp-content\/uploads\/2025\/04\/Atelier-SQSP_Programme_2025_03_28_Page_2.png&#8221; title_text=&#8221;Atelier SQSP_Programme_2025_03_28_Page_2&#8243; _builder_version=&#8221;4.27.4&#8243; _module_preset=&#8221;default&#8221; global_colors_info=&#8221;{}&#8221;][\/et_pb_image][\/et_pb_column][\/et_pb_row][et_pb_row _builder_version=&#8221;4.27.4&#8243; _module_preset=&#8221;default&#8221; global_colors_info=&#8221;{}&#8221;][et_pb_column type=&#8221;4_4&#8243; _builder_version=&#8221;4.27.4&#8243; _module_preset=&#8221;default&#8221; global_colors_info=&#8221;{}&#8221;][et_pb_text _builder_version=&#8221;4.27.4&#8243; _module_preset=&#8221;default&#8221;]<\/p>\n<p><span>Le\u00a0<\/span><span>Centre pour l\u00b9\u00e9tude de la Citoyennet\u00e9 d\u00e9mocratique<\/span><span>\u00a0est financ\u00e9 par le\u00a0<\/span><a href=\"http:\/\/www.frqsc.gouv.qc.ca\/en\/le-frqsc\" target=\"_blank\" rel=\"noreferrer noopener\">Fonds de recherche du Qu\u00e9bec \u2013 Soci\u00e9t\u00e9 et culture (FRQSC)<\/a><span>.<\/span><\/p>\n<p>[\/et_pb_text][\/et_pb_column][\/et_pb_row][\/et_pb_section]<\/p>\n","protected":false},"excerpt":{"rendered":"<p>Laboratoire d\u2019analyse en communication politique et d\u2019opinion publique (LACPOP), en collaboration avec le Centre pour l\u2019\u00e9tude de la citoyennet\u00e9 d\u00e9mocratique (CECD) et le Consortium de la d\u00e9mocratie \u00e9lectorale (C-Dem) pr\u00e9sentent : Regards crois\u00e9s sur la sant\u00e9 d\u00e9mocratique : \u00e9lections, participation citoyenne et l\u00e9gitimit\u00e9 politique Quand : 22-23 mai 2025,Ou : UQAM, Montr\u00e9al, Qu\u00e9bec Cet atelier [&hellip;]<\/p>\n","protected":false},"author":1,"featured_media":0,"parent":0,"menu_order":0,"comment_status":"closed","ping_status":"closed","template":"","meta":{"_et_pb_use_builder":"on","_et_pb_old_content":"","_et_gb_content_width":"","footnotes":""},"class_list":["post-4558","page","type-page","status-publish","hentry"],"yoast_head":"<!-- This site is optimized with the Yoast SEO plugin v27.4 - https:\/\/yoast.com\/product\/yoast-seo-wordpress\/ -->\n<title>Regards crois\u00e9s sur la sant\u00e9 d\u00e9mocratique - CECD - Centre pour l&#039;\u00e9tude de la citoyennet\u00e9 d\u00e9mocratique<\/title>\n<meta name=\"robots\" content=\"index, follow, max-snippet:-1, max-image-preview:large, max-video-preview:-1\" \/>\n<link rel=\"canonical\" href=\"https:\/\/csdc-cecd.ca\/en\/regards-croises-sur-la-sante-democratique\/\" \/>\n<meta property=\"og:locale\" content=\"en_US\" \/>\n<meta property=\"og:type\" content=\"article\" \/>\n<meta property=\"og:title\" content=\"Regards crois\u00e9s sur la sant\u00e9 d\u00e9mocratique - CECD - Centre pour l&#039;\u00e9tude de la citoyennet\u00e9 d\u00e9mocratique\" \/>\n<meta property=\"og:description\" content=\"Laboratoire d\u2019analyse en communication politique et d\u2019opinion publique (LACPOP), en collaboration avec le Centre pour l\u2019\u00e9tude de la citoyennet\u00e9 d\u00e9mocratique (CECD) et le Consortium de la d\u00e9mocratie \u00e9lectorale (C-Dem) pr\u00e9sentent : Regards crois\u00e9s sur la sant\u00e9 d\u00e9mocratique : \u00e9lections, participation citoyenne et l\u00e9gitimit\u00e9 politique Quand : 22-23 mai 2025,Ou : UQAM, Montr\u00e9al, Qu\u00e9bec Cet atelier [&hellip;]\" \/>\n<meta property=\"og:url\" content=\"https:\/\/csdc-cecd.ca\/en\/regards-croises-sur-la-sante-democratique\/\" \/>\n<meta property=\"og:site_name\" content=\"CECD - Centre pour l&#039;\u00e9tude de la citoyennet\u00e9 d\u00e9mocratique\" \/>\n<meta property=\"article:modified_time\" content=\"2025-04-02T11:59:39+00:00\" \/>\n<meta name=\"twitter:card\" content=\"summary_large_image\" \/>\n<script type=\"application\/ld+json\" class=\"yoast-schema-graph\">{\"@context\":\"https:\\\/\\\/schema.org\",\"@graph\":[{\"@type\":\"WebPage\",\"@id\":\"https:\\\/\\\/csdc-cecd.ca\\\/en\\\/regards-croises-sur-la-sante-democratique\\\/\",\"url\":\"https:\\\/\\\/csdc-cecd.ca\\\/en\\\/regards-croises-sur-la-sante-democratique\\\/\",\"name\":\"Regards crois\u00e9s sur la sant\u00e9 d\u00e9mocratique - CECD - Centre pour l&#039;\u00e9tude de la citoyennet\u00e9 d\u00e9mocratique\",\"isPartOf\":{\"@id\":\"https:\\\/\\\/csdc-cecd.ca\\\/#website\"},\"datePublished\":\"2025-04-01T14:58:51+00:00\",\"dateModified\":\"2025-04-02T11:59:39+00:00\",\"breadcrumb\":{\"@id\":\"https:\\\/\\\/csdc-cecd.ca\\\/en\\\/regards-croises-sur-la-sante-democratique\\\/#breadcrumb\"},\"inLanguage\":\"en-US\",\"potentialAction\":[{\"@type\":\"ReadAction\",\"target\":[\"https:\\\/\\\/csdc-cecd.ca\\\/en\\\/regards-croises-sur-la-sante-democratique\\\/\"]}]},{\"@type\":\"BreadcrumbList\",\"@id\":\"https:\\\/\\\/csdc-cecd.ca\\\/en\\\/regards-croises-sur-la-sante-democratique\\\/#breadcrumb\",\"itemListElement\":[{\"@type\":\"ListItem\",\"position\":1,\"name\":\"Accueil\",\"item\":\"https:\\\/\\\/csdc-cecd.ca\\\/en\\\/\"},{\"@type\":\"ListItem\",\"position\":2,\"name\":\"Regards crois\u00e9s sur la sant\u00e9 d\u00e9mocratique\"}]},{\"@type\":\"WebSite\",\"@id\":\"https:\\\/\\\/csdc-cecd.ca\\\/#website\",\"url\":\"https:\\\/\\\/csdc-cecd.ca\\\/\",\"name\":\"CECD - Centre pour l&#039;\u00e9tude de la citoyennet\u00e9 d\u00e9mocratique\",\"description\":\"\",\"potentialAction\":[{\"@type\":\"SearchAction\",\"target\":{\"@type\":\"EntryPoint\",\"urlTemplate\":\"https:\\\/\\\/csdc-cecd.ca\\\/?s={search_term_string}\"},\"query-input\":{\"@type\":\"PropertyValueSpecification\",\"valueRequired\":true,\"valueName\":\"search_term_string\"}}],\"inLanguage\":\"en-US\"}]}<\/script>\n<!-- \/ Yoast SEO plugin. -->","yoast_head_json":{"title":"Regards crois\u00e9s sur la sant\u00e9 d\u00e9mocratique - CECD - Centre pour l&#039;\u00e9tude de la citoyennet\u00e9 d\u00e9mocratique","robots":{"index":"index","follow":"follow","max-snippet":"max-snippet:-1","max-image-preview":"max-image-preview:large","max-video-preview":"max-video-preview:-1"},"canonical":"https:\/\/csdc-cecd.ca\/en\/regards-croises-sur-la-sante-democratique\/","og_locale":"en_US","og_type":"article","og_title":"Regards crois\u00e9s sur la sant\u00e9 d\u00e9mocratique - CECD - Centre pour l&#039;\u00e9tude de la citoyennet\u00e9 d\u00e9mocratique","og_description":"Laboratoire d\u2019analyse en communication politique et d\u2019opinion publique (LACPOP), en collaboration avec le Centre pour l\u2019\u00e9tude de la citoyennet\u00e9 d\u00e9mocratique (CECD) et le Consortium de la d\u00e9mocratie \u00e9lectorale (C-Dem) pr\u00e9sentent : Regards crois\u00e9s sur la sant\u00e9 d\u00e9mocratique : \u00e9lections, participation citoyenne et l\u00e9gitimit\u00e9 politique Quand : 22-23 mai 2025,Ou : UQAM, Montr\u00e9al, Qu\u00e9bec Cet atelier [&hellip;]","og_url":"https:\/\/csdc-cecd.ca\/en\/regards-croises-sur-la-sante-democratique\/","og_site_name":"CECD - Centre pour l&#039;\u00e9tude de la citoyennet\u00e9 d\u00e9mocratique","article_modified_time":"2025-04-02T11:59:39+00:00","twitter_card":"summary_large_image","schema":{"@context":"https:\/\/schema.org","@graph":[{"@type":"WebPage","@id":"https:\/\/csdc-cecd.ca\/en\/regards-croises-sur-la-sante-democratique\/","url":"https:\/\/csdc-cecd.ca\/en\/regards-croises-sur-la-sante-democratique\/","name":"Regards crois\u00e9s sur la sant\u00e9 d\u00e9mocratique - CECD - Centre pour l&#039;\u00e9tude de la citoyennet\u00e9 d\u00e9mocratique","isPartOf":{"@id":"https:\/\/csdc-cecd.ca\/#website"},"datePublished":"2025-04-01T14:58:51+00:00","dateModified":"2025-04-02T11:59:39+00:00","breadcrumb":{"@id":"https:\/\/csdc-cecd.ca\/en\/regards-croises-sur-la-sante-democratique\/#breadcrumb"},"inLanguage":"en-US","potentialAction":[{"@type":"ReadAction","target":["https:\/\/csdc-cecd.ca\/en\/regards-croises-sur-la-sante-democratique\/"]}]},{"@type":"BreadcrumbList","@id":"https:\/\/csdc-cecd.ca\/en\/regards-croises-sur-la-sante-democratique\/#breadcrumb","itemListElement":[{"@type":"ListItem","position":1,"name":"Accueil","item":"https:\/\/csdc-cecd.ca\/en\/"},{"@type":"ListItem","position":2,"name":"Regards crois\u00e9s sur la sant\u00e9 d\u00e9mocratique"}]},{"@type":"WebSite","@id":"https:\/\/csdc-cecd.ca\/#website","url":"https:\/\/csdc-cecd.ca\/","name":"CECD - Centre pour l&#039;\u00e9tude de la citoyennet\u00e9 d\u00e9mocratique","description":"","potentialAction":[{"@type":"SearchAction","target":{"@type":"EntryPoint","urlTemplate":"https:\/\/csdc-cecd.ca\/?s={search_term_string}"},"query-input":{"@type":"PropertyValueSpecification","valueRequired":true,"valueName":"search_term_string"}}],"inLanguage":"en-US"}]}},"_links":{"self":[{"href":"https:\/\/csdc-cecd.ca\/en\/wp-json\/wp\/v2\/pages\/4558","targetHints":{"allow":["GET"]}}],"collection":[{"href":"https:\/\/csdc-cecd.ca\/en\/wp-json\/wp\/v2\/pages"}],"about":[{"href":"https:\/\/csdc-cecd.ca\/en\/wp-json\/wp\/v2\/types\/page"}],"author":[{"embeddable":true,"href":"https:\/\/csdc-cecd.ca\/en\/wp-json\/wp\/v2\/users\/1"}],"replies":[{"embeddable":true,"href":"https:\/\/csdc-cecd.ca\/en\/wp-json\/wp\/v2\/comments?post=4558"}],"version-history":[{"count":3,"href":"https:\/\/csdc-cecd.ca\/en\/wp-json\/wp\/v2\/pages\/4558\/revisions"}],"predecessor-version":[{"id":4592,"href":"https:\/\/csdc-cecd.ca\/en\/wp-json\/wp\/v2\/pages\/4558\/revisions\/4592"}],"wp:attachment":[{"href":"https:\/\/csdc-cecd.ca\/en\/wp-json\/wp\/v2\/media?parent=4558"}],"curies":[{"name":"wp","href":"https:\/\/api.w.org\/{rel}","templated":true}]}}