{"id":4641,"date":"2025-04-07T12:14:40","date_gmt":"2025-04-07T16:14:40","guid":{"rendered":"https:\/\/csdc-cecd.ca\/?page_id=4641"},"modified":"2025-11-14T11:36:23","modified_gmt":"2025-11-14T16:36:23","slug":"2025-april","status":"publish","type":"page","link":"https:\/\/csdc-cecd.ca\/en\/2025-april\/","title":{"rendered":"2025 &#8211; April"},"content":{"rendered":"<p>[et_pb_section fb_built=&#8221;1&#8243; _builder_version=&#8221;4.27.4&#8243; _module_preset=&#8221;default&#8221; global_colors_info=&#8221;{}&#8221;][et_pb_row _builder_version=&#8221;4.27.4&#8243; _module_preset=&#8221;default&#8221; global_colors_info=&#8221;{}&#8221;][et_pb_column type=&#8221;4_4&#8243; _builder_version=&#8221;4.27.4&#8243; _module_preset=&#8221;default&#8221; global_colors_info=&#8221;{}&#8221;][et_pb_heading title=&#8221;2025  &#8211; Apr.&#8221; _builder_version=&#8221;4.27.4&#8243; _module_preset=&#8221;default&#8221; global_colors_info=&#8221;{}&#8221;][\/et_pb_heading][\/et_pb_column][\/et_pb_row][et_pb_row _builder_version=&#8221;4.27.4&#8243; _module_preset=&#8221;default&#8221; global_colors_info=&#8221;{}&#8221;][et_pb_column type=&#8221;4_4&#8243; _builder_version=&#8221;4.27.4&#8243; _module_preset=&#8221;default&#8221; global_colors_info=&#8221;{}&#8221;][et_pb_toggle title=&#8221;Scientific Articles&#8221; _builder_version=&#8221;4.27.4&#8243; _module_preset=&#8221;default&#8221; global_colors_info=&#8221;{}&#8221;]<\/p>\n<p><strong>Douceraine, M<\/strong>., S. Benkirane, E. Hernanez-Rivera, M. Senaldi, D. Titone,\u00a0<br \/><a href=\"https:\/\/doi.org\/10.1080\/01434632.2025.2487606\">Endorsing a Standard Language Ideology Complex moderates associations between LX use and proficiency among French learners in Canada<\/a><br \/>Journal of Multilingual and Multicultural Development, 2025<\/p>\n<p>Gauvin, J.P., <strong>A. Bilodeau<\/strong><br \/><a href=\"https:\/\/www.erudit.org\/en\/journals\/rs\/2025-v66-n1-rs09956\/1117186ar\/\">Une cr\u00e9dibilit\u00e9 variable\u00a0: l\u2019influence de l\u2019accent et de la couleur de la peau dans l\u2019\u00e9valuation des experts scientifiques au Qu\u00e9bec et en Ontario<\/a><br \/>\u00a0Recherches sociographiques, 2025<\/p>\n<p>Ie, K.W., Bird, K, J. Everitt, A. Wagner,, M. <strong>Lalancette<\/strong><br \/><a href=\"https:\/\/www.tandfonline.com\/doi\/full\/10.1080\/21565503.2025.2484260\">Ethnic affinities and political engagement: an experimental study of Chinese-Canadian candidates and voters<\/a><br \/>Politics, Groups and Identities, 2025<\/p>\n<p>Medvetskaya, A., A.G. Ryder, <strong>M. Douceraine<\/strong><br \/><a href=\"https:\/\/www.mdpi.com\/2076-328X\/15\/4\/498\">Thinking Outside the Nation: Cognitive Flexibility\u2019s Role in National Identity Inclusiveness as a Marker of Majority Group Acculturation<\/a><br \/>Behavioural Sciences, 2025<\/p>\n<p><strong>Shor, E<\/strong>., M-H. Chen<br \/><a href=\"https:\/\/link.springer.com\/article\/10.1007\/s10508-025-03110-9\">\u201cAll About the Money Shot\u201d? Pornography Viewers Discuss Orgasms<\/a><br \/>Archives of Sexual Behavior, 2025<\/p>\n<p>[\/et_pb_toggle][\/et_pb_column][\/et_pb_row][et_pb_row _builder_version=&#8221;4.27.4&#8243; _module_preset=&#8221;default&#8221; global_colors_info=&#8221;{}&#8221;][et_pb_column type=&#8221;4_4&#8243; _builder_version=&#8221;4.27.4&#8243; _module_preset=&#8221;default&#8221; global_colors_info=&#8221;{}&#8221;][et_pb_toggle title=&#8221;Book \/ Book chapter&#8221; _builder_version=&#8221;4.27.4&#8243; _module_preset=&#8221;default&#8221; global_colors_info=&#8221;{}&#8221;][\/et_pb_toggle][\/et_pb_column][\/et_pb_row][et_pb_row _builder_version=&#8221;4.27.4&#8243; _module_preset=&#8221;default&#8221; global_colors_info=&#8221;{}&#8221;][et_pb_column type=&#8221;4_4&#8243; _builder_version=&#8221;4.27.4&#8243; _module_preset=&#8221;default&#8221; global_colors_info=&#8221;{}&#8221;][et_pb_divider color=&#8221;#000000&#8243; _builder_version=&#8221;4.27.4&#8243; _module_preset=&#8221;default&#8221; global_colors_info=&#8221;{}&#8221;][\/et_pb_divider][\/et_pb_column][\/et_pb_row][et_pb_row _builder_version=&#8221;4.27.4&#8243; _module_preset=&#8221;default&#8221; global_colors_info=&#8221;{}&#8221;][et_pb_column type=&#8221;4_4&#8243; _builder_version=&#8221;4.27.4&#8243; _module_preset=&#8221;default&#8221; global_colors_info=&#8221;{}&#8221;][et_pb_toggle title=&#8221;Media&#8221; _builder_version=&#8221;4.27.4&#8243; _module_preset=&#8221;default&#8221; global_colors_info=&#8221;{}&#8221;]<\/p>\n<p>Mireille Lalancette; \u00c9ric B\u00e9langer \u2013 Le Devoir \u2013 2025|04|30<br \/><a href=\"https:\/\/www.ledevoir.com\/opinion\/idees\/873610\/idees-quand-specificite-quebecoise-est-releguee-second-plan\">Quand la sp\u00e9cificit\u00e9 qu\u00e9b\u00e9coise est rel\u00e9gu\u00e9e au second plan<\/a><\/p>\n<p>Mireille Lalancette \u2013 The Conversation \u2013 2025|04|30<br \/><a href=\"https:\/\/theconversation.com\/campagne-electorale-lart-de-decredibiliser-ses-adversaires-grace-aux-medias-sociaux-et-aux-memes-255186\">Campagne \u00e9lectorale : l\u2019art de d\u00e9cr\u00e9dibiliser ses adversaires gr\u00e2ce aux m\u00e9dias sociaux et aux m\u00e8mes<\/a><\/p>\n<p>Olivier Jacques \u2013 Le Devoir \u2013 2025|04|29<br \/><a href=\"https:\/\/www.ledevoir.com\/politique\/canada\/873052\/mark-carney-est-elu-apres\">Mark Carney est \u00e9lu. Et apr\u00e8s?<\/a><\/p>\n<p>Claire Durand \u2013 La Presse \u2013 2025|04|29<br \/><a href=\"https:\/\/www.lapresse.ca\/elections-federales\/2025-04-29\/les-sondeurs-semblent-avoir-dit-vrai-pour-les-liberaux.php\">Les sondeurs semblent avoir dit vrai\u2026 pour les lib\u00e9raux<\/a><\/p>\n<p>Marc-Andr\u00e9 Bodet \u2013 La Presse \u2013 2025|04|28<br \/><a href=\"https:\/\/www.lapresse.ca\/dialogue\/chroniques\/2025-04-28\/chers-electeurs-voici-de-bonnes-raisons-de-voter.php\">Chers \u00e9lecteurs, voici de bonnes raisons de voter<\/a><\/p>\n<p>Andr\u00e9 Blais \u2013 CBC News \u2013 2024|04|27<br \/><a href=\"https:\/\/www.cbc.ca\/news\/strategic-voting-federal-election-1.7518557\">How strategic voting may play a role in this election<\/a><\/p>\n<p>Mireille Lalancette \u2013 Radio Canada \u2013 2025|04|26<br \/><a href=\"https:\/\/ici.radio-canada.ca\/rci\/fr\/nouvelle\/2159825\/podcast-instagram-youtube-chefs-partis-canada\">Les balados : nouveau terrain de jeu de certains politiciens canadiens<\/a><\/p>\n<p>Mireille Lalancette \u2013 Radio Canada \u2013 2025|04|26<br \/><a href=\"https:\/\/ici.radio-canada.ca\/info\/en-direct\/1012592\/a-deux-jours-du-scrutin-les-chefs-federaux-sont-sur-la-derniere-ligne-droite?publication=2160345\">Jour 35 de la campagne f\u00e9d\u00e9rale : les faits saillants<\/a><\/p>\n<p>Emmanuel Choquette; Mireille Lalancette \u2013 Le Journal de Montr\u00e9al \u2013 2025|04|26<br \/><a href=\"https:\/\/www.journaldemontreal.com\/2025\/04\/26\/vedettes-et-politiciens-est-ce-vraiment-payant\">\u00c9lections f\u00e9d\u00e9rales: l\u2019appui des vedettes est-il vraiment payant en 2025?<\/a><\/p>\n<p>Catherine Ouellet \u2013 Journal de Qu\u00e9bec \u2013 2024|04|26<br \/><a href=\"https:\/\/www.journaldequebec.com\/2025\/04\/26\/les-beatles-queen-et-taylor-swift-jouent-en-boucle-dans-les-oreilles-des-electeurs-canadiens\">Outil L\u00e9ger-Datagotchi: les Beatles, Queen et Taylor Swift jouent en boucle dans les oreilles des \u00e9lecteurs canadiens<\/a><\/p>\n<p>Thierry Giasson \u2013 Radio Canada \u2013 2025|04|25<br \/><a href=\"https:\/\/ici.radio-canada.ca\/rci\/en\/news\/2159804\/1-in-4-quebec-ndp-candidates-have-little-presence-just-days-before-election\">1 in 4 Quebec NDP candidates have little presence just days before election<\/a><\/p>\n<p>Emmanuel Choquette \u2013 Radio Canada \u2013 2025|04|25<br \/><a href=\"https:\/\/ici.radio-canada.ca\/nouvelle\/2160040\/denise-giroux-campagne-neo-democrate\">Une campagne sans campagne pour la candidate du NPD<\/a><\/p>\n<p>Lisa Birch \u2013 Policy options \u2013 2025|04|22<br \/><a href=\"https:\/\/policyoptions.irpp.org\/fr\/magazines\/avril-2025\/promesses-electorales-croyez-les\/\">Promesses \u00e9lectorales : les partis politiques canadiens les tiennent plus souvent qu\u2019on pense<\/a><\/p>\n<p>Thierry Giasson \u2013 Radio Canada \u2013 2025|04|20<br \/><a href=\"https:\/\/ici.radio-canada.ca\/nouvelle\/2158069\/campagne-electorale-reseaux-sociaux-publicite\">La campagne \u00e9lectorale que vous n\u2019avez (s\u00fbrement) pas vue<\/a><\/p>\n<p>Marc-Andr\u00e9 Bodet \u2013 Le Devoir \u2013 2025|04|19<br \/><a href=\"https:\/\/www.ledevoir.com\/opinion\/idees\/869542\/bulletins-parlementaires-michel-david-evaluations-ou-predictions\">Les bulletins parlementaires de Michel David, \u00e9valuations ou pr\u00e9dictions ?<\/a><\/p>\n<p>Mireille Lalancette \u2013 Le Devoir \u2013 2025|04|18<br \/><a href=\"https:\/\/www.ledevoir.com\/opinion\/idees\/869200\/idees-cabane-canada-quand-politiciens-nous-vendent-idee-pays\">Ma cabane au Canada: quand les politiciens nous vendent l\u2019id\u00e9e d\u2019un pays<\/a><\/p>\n<p>Thierry Giasson; Mireille Lalancette \u2013 La Presse \u2013 2025|04|17<br \/><a href=\"https:\/\/www.lapresse.ca\/elections-federales\/2025-04-17\/debats-electoraux\/la-performance-des-chefs-vue-par-des-experts.php\">D\u00e9bats \u00e9lectoraux | La performance des chefs vue par des experts<\/a><\/p>\n<p>Catherine Ouellet \u2013 Politico \u2013 2025|04|17<br \/><a href=\"https:\/\/www.politico.com\/news\/magazine\/2025\/04\/17\/canada-discovers-uniting-against-trump-is-the-easy-part-00297884\">Canada Discovers Uniting Against Trump Is the Easy Part<\/a><\/p>\n<p>Yannick Dufresne \u2013 Radio Canada \u2013 2025|04|16<br \/><a href=\"https:\/\/ici.radio-canada.ca\/nouvelle\/2156915\/bilinguisme-resultat-boussole-electorale\">Boussole \u00e9lectorale : le bilinguisme dans la fonction publique divise les Canadiens<\/a><\/p>\n<p>Thierry Giasson \u2013 La Voix de l\u2019Est \u2013 2025|04|15<br \/><a href=\"https:\/\/www.lavoixdelest.ca\/partenaires\/ulaval-nouvelles\/2025\/04\/15\/trois-questions-sur-les-debats-des-chefs-2025-LUN55EEKKBDZ7KMYARKOA6WWLQ\/\">Trois questions sur les d\u00e9bats des chefs 2025<\/a><\/p>\n<p>Joanie Bouchard \u2013 24heures \u2013 2025|04|15<br \/><a href=\"https:\/\/www.24heures.ca\/2025\/04\/15\/vers-un-retour-du-boys-club-a-ottawa\">Vers un retour du \u00abboys\u2019 club\u00bb \u00e0 Ottawa?<\/a><\/p>\n<p>Eran Shor \u2013 Neomedia \u2013 2024|04|14<br \/><a href=\"https:\/\/www.neomedia.com\/actualites-nationale\/quand-les-celibataires-involontaires-se-retirent-volontairement-de-la-societe\/32921\">Quand les c\u00e9libataires involontaires se retirent volontairement de la soci\u00e9t\u00e9<\/a><\/p>\n<p>Val\u00e9rie-Ann\u00e9 Mah\u00e9o \u2013 Radio Canada \u2013 2025|04|13<br \/><a href=\"https:\/\/ici.radio-canada.ca\/nouvelle\/2156273\/campagne-electorale-source-information-jeunes?\">Campagne \u00e9lectorale : o\u00f9 s\u2019informent r\u00e9ellement les jeunes \u00e9lecteurs?<\/a><\/p>\n<p>Val\u00e9rie-Ann\u00e9 Mah\u00e9o \u2013 Radio Canada \u2013 2025|04|13<br \/><a href=\"https:\/\/ici.radio-canada.ca\/tele\/le-telejournal-week-end\/site\/segments\/reportage\/2044702\/vote-jeunes-information-scrutin-bulletin-elections\">Les jeunes peuvent voter d\u00e8s aujourd\u2019hui sur les campus : comment s\u2019informent-ils?<\/a><\/p>\n<p>Yannick Dufresne \u2013 Le Soleil \u2013 2025|04|13<br \/><a href=\"https:\/\/www.lesoleil.com\/actualites\/politique\/2025\/04\/13\/les-canadiens-votent-plus-quand-ca-va-mal-trump-pourrait-hausser-la-participation-M42GTJ7FDVBOZEMZS4AMWYJFC4\/\">Les Canadiens votent plus quand \u00e7a va mal: Trump pourrait hausser la participation<\/a><\/p>\n<p>Thierry Giasson \u2013 Radio Canada \u2013 2025|04|12<br \/><a href=\"https:\/\/ici.radio-canada.ca\/nouvelle\/2156037\/elections-federales-pancartes-electorales-quebec\">Affiches \u00e9lectorales moins visibles : le reflet d\u2019un manque d\u2019organisation des partis<\/a><\/p>\n<p>Catherine Ouellet \u2013 Le Journal de Qu\u00e9bec \u2013 2025|04|12<br \/><a href=\"https:\/\/www.journaldequebec.com\/2025\/04\/12\/les-conservateurs-preferent-le-tim-les-liberaux-le-starbucks-les-habitudes-de-vies-des-electeurs-canadiens-decortiquees\">Les conservateurs pr\u00e9f\u00e8rent le Tim, les lib\u00e9raux, le Starbucks: les habitudes de vies des \u00e9lecteurs canadiens d\u00e9cortiqu\u00e9es<\/a><\/p>\n<p>Thierry Giasson \u2013 La Presse \u2013 2025|04|11<br \/><a href=\"https:\/\/www.lapresse.ca\/elections-federales\/2025-04-11\/ou-sont-alles-les-chefs-jusqu-ici\/des-deplacements-qui-en-disent-long.php\">Des d\u00e9placements qui en disent long<\/a><\/p>\n<p>Claire Durand \u2013 TVA Nouvelles \u2013 2025|04|10<br \/><a href=\"https:\/\/www.tvanouvelles.ca\/2025\/04\/10\/voici-pourquoi-il-ne-faut-pas-abolir-les-sondages-pendant-une-campagne-electorale\">Voici pourquoi il ne faut pas abolir les sondages pendant une campagne \u00e9lectorale<\/a><\/p>\n<p>Thierry Giasson \u2013 Radio Canada \u2013 2025|04|10<br \/><a href=\"https:\/\/ici.radio-canada.ca\/rci\/fr\/nouvelle\/2155243\/chefs-partis-questions-journalistes-poilievre-carney\">Poilievre, le moins bavard des quatre chefs<\/a><\/p>\n<p>Catherine Ouellet \u2013 Quebec Science \u2013 2025|04|10<br \/><a href=\"https:\/\/www.quebecscience.qc.ca\/societe\/alimentation-election-politique\/\">Entrevue: Dis-moi ce que tu manges, je te dirai pour qui tu votes<\/a><\/p>\n<p>Mireille Lalancette; Fenwick McKelvey \u2013 Radio Canada \u2013 2025|04|10<br \/><a href=\"https:\/\/ici.radio-canada.ca\/rci\/fr\/nouvelle\/2155128\/election-federale-meta-influenceurs-desinformation\">Des \u00e9lections f\u00e9d\u00e9rales sous le signe des influenceurs<\/a><\/p>\n<p>Fenwick McKelvey \u2013 The Conversation \u2013 2025|04|08<br \/><a href=\"https:\/\/theconversation.com\/ai-is-making-elections-weird-lessons-from-a-simulated-war-game-exercise-253433\">AI is making elections weird: Lessons from a simulated war-game exercise<\/a><\/p>\n<p>Emmanuel Choquette \u2013 La Tribune \u2013 2025|04|05<br \/><a href=\"https:\/\/www.latribune.ca\/actualites\/actualites-locales\/estrie-et-regions\/2025\/04\/05\/la-campagne-federale-peine-a-prendre-son-envol-en-estrie-K5OLTFLQFBFR5EU6RFQ4WUOEWI\/\">La campagne f\u00e9d\u00e9rale peine \u00e0 prendre son envol en Estrie<\/a><\/p>\n<p>Marc-Andr\u00e9 Bodet \u2013 La Presse \u2013 2025|04|02<br \/><a href=\"https:\/\/www.lapresse.ca\/dialogue\/chroniques\/2025-04-02\/separes-a-la-naissance-poilievre-et-trump.php\">S\u00e9par\u00e9s \u00e0 la naissance, Poilievre et Trump<\/a><\/p>\n<p>Marc-Andr\u00e9 Bodet \u2013 24heures \u2013 2025|04|02<br \/><a href=\"https:\/\/www.24heures.ca\/2025\/04\/02\/pourquoi-et-comment-la-droite-seduit-les-jeunes-hommes-au-canada\">Pourquoi (et comment) la droite s\u00e9duit les jeunes hommes au Canada<\/a><\/p>\n<p>Olivier Jacques \u2013 Radio Canada \u2013 2025|04|02<br \/><a href=\"https:\/\/ici.radio-canada.ca\/nouvelle\/2152876\/jagmeet-singh-prive-sante-npd-elections\">La v\u00e9rif : Jagmeet Singh exag\u00e8re la port\u00e9e de la Loi canadienne sur la sant\u00e9<\/a><\/p>\n<p>Fenwick McKelvey \u2013 CBC News \u2013 2025|04|02<br \/><a href=\"https:\/\/www.cbc.ca\/news\/politics\/ai-elections-rules-1.7499383\">Elections watchdog warned AI presents \u2018high\u2019 risk in current campaign: internal documents<\/a><\/p>\n<p>Allison Harell; \u00c9ric B\u00e9langer \u2013 La Presse \u2013 2025|04|01<br \/><a href=\"https:\/\/www.lapresse.ca\/elections-federales\/l-electeur-canadien-porte-par-l-angoisse-mais-pas-seulement\/2025-04-01\/l-edifice-de-nos-certitudes-se-lezarde.php\">\u00ab L\u2019\u00e9difice de nos certitudes se l\u00e9zarde \u00bb<\/a><\/p>\n<p>[\/et_pb_toggle][\/et_pb_column][\/et_pb_row][et_pb_row _builder_version=&#8221;4.27.4&#8243; _module_preset=&#8221;default&#8221; global_colors_info=&#8221;{}&#8221;][et_pb_column type=&#8221;4_4&#8243; _builder_version=&#8221;4.27.4&#8243; _module_preset=&#8221;default&#8221; global_colors_info=&#8221;{}&#8221;][et_pb_toggle title=&#8221;Podcast&#8221; _builder_version=&#8221;4.27.4&#8243; _module_preset=&#8221;default&#8221; hover_enabled=&#8221;0&#8243; global_colors_info=&#8221;{}&#8221; sticky_enabled=&#8221;0&#8243;]<\/p>\n<p>Emmanuel Choquette \u2013 107.7 Estrie \u2013 2025|04|30<br \/><a href=\"https:\/\/www.fm1077.ca\/audio\/695664\/consideres-comme-battus-les-liberaux-reconduits-au-pouvoir\">Consid\u00e9r\u00e9s comme battus, les lib\u00e9raux reconduits au pouvoir<\/a><\/p>\n<p>Catherine Ouellet \u2013 RFI \u2013 2025|04|29<br \/><a href=\"https:\/\/www.rfi.fr\/fr\/podcasts\/journal-d-ha%C3%AFti-et-des-am%C3%A9riques\/20250429-canada-quelle-marge-de-man%C5%93uvre-pour-mark-carney\">Canada : quelle marge de man\u0153uvre pour Mark Carney ?<\/a><\/p>\n<p>Emmanuel Choquette \u2013 107.7 Estrie \u2013 2025|04|24<br \/><a href=\"https:\/\/www.fm1077.ca\/audio\/694049\/une-campagne-electorale-sous-l-influence-de-donald-trump\">La chronique d\u2019Emmanuel Choquette | Une campagne \u00e9lectorale sous l\u2019influence de Donald Trump<\/a><\/p>\n<p>Thierry Giasson \u2013 Radio Canada Ohdio \u2013 2025|04|23<br \/><a href=\"https:\/\/ici.radio-canada.ca\/ohdio\/premiere\/emissions\/c-est-encore-mieux-l-apres-midi\/segments\/rattrapage\/2052638\/politique-avec-thierry-giasson-dernier-droit-partis\">Politique avec Thierry Giasson; le dernier droit des partis<\/a><\/p>\n<p>Yannick Dufresne \u2013 Radio Canada Ohdio \u2013 2025|04|22<br \/><a href=\"https:\/\/ici.radio-canada.ca\/ohdio\/premiere\/emissions\/bon-pied-bonne-heure\/segments\/rattrapage\/2051239\/entrevue-avec-yannick-dufresne\">Connaissez-vous la boussole \u00e9lectorale ?<\/a><\/p>\n<p>Emmanuel Choquette \u2013 Radio Canada \u2013 2025|04|17<br \/><a href=\"https:\/\/ici.radio-canada.ca\/nouvelle\/2157564\/debat-francais-chefs-elections-federales\">D\u00e9bat des chefs : qu\u2019en ont pens\u00e9 les Estriens? \u2013 Qui a gagn\u00e9 le d\u00e9bat ?<\/a><\/p>\n<p>Emmanuel Choquette \u2013 Radio Canada Ohdio \u2013 2025|04|17<br \/><a href=\"https:\/\/ici.radio-canada.ca\/ohdio\/premiere\/emissions\/Par-ici-l-info\/segments\/rattrapage\/2047899\/chronique-politique-avec-emmanuelle-choquette-un-debat-qui-m-a-laisse-sur-ma-fa\">Politique avec Emmanuel Choquette : \u00abUn d\u00e9bat qui m\u2019a laiss\u00e9 sur ma faim\u00bb<\/a><\/p>\n<p>Emmanuel Choquette \u2013 Radio Canada Ohdio \u2013 2025|04|15<br \/><a href=\"https:\/\/ici.radio-canada.ca\/ohdio\/premiere\/emissions\/phare-ouest\/segments\/rattrapage\/2046274\/influence-tiktok-sur-campagne-federale-emmanuel-choquette\">L\u2019influence de TikTok sur la campagne \u00e9lectorale f\u00e9d\u00e9rale<\/a><\/p>\n<p>Val\u00e9rie-Ann\u00e9 Mah\u00e9o \u2013 Radio Canada \u2013 2025|04|14<br \/><a href=\"https:\/\/ici.radio-canada.ca\/ohdio\/premiere\/emissions\/cest-jamais-pareil\/episodes\/927755\/rattrapage-lundi-14-avril-2025\">Rattrapage du lundi 14 avril 2025 \u2013 Les actualit\u00e9s r\u00e9gionales<\/a><\/p>\n<p>Thierry Giasson \u2013 Radio Canada Ohdio \u2013 2025|04|09<br \/><a href=\"https:\/\/ici.radio-canada.ca\/ohdio\/premiere\/emissions\/c-est-encore-mieux-l-apres-midi\/segments\/rattrapage\/2041822\/ou-sont-affiches-electorales-analyse-thierry-giasson\">O\u00f9 sont les affiches \u00e9lectorales? Analyse de Thierry Giasson<\/a><\/p>\n<p>Emmanuel Choquette \u2013 107.7 Estrie \u2013 2025|09<br \/><a href=\"https:\/\/www.fm1077.ca\/audio\/691054\/carney-et-poilievre-se-distancient-de-l-ere-trudeau\">Carney et Poili\u00e8vre se distancient de l&#8217;\u00e8re Trudeau<\/a><\/p>\n<p>Emmanuel Choquette \u2013 107.7 Estrie \u2013 2025|04|02<br \/><a href=\"https:\/\/www.fm1077.ca\/audio\/689437\/une-analyse-de-la-presente-campagne-electorale\">Une analyse de la pr\u00e9sente campagne \u00e9lectorale<\/a><\/p>\n<p>Yannick Dufresne \u2013 Radio Canada Ohdio \u2013 2025|04|01<br \/><a href=\"https:\/\/ici.radio-canada.ca\/ohdio\/premiere\/emissions\/cote-a-cote\/segments\/rattrapage\/2033942\/savoir-pour-qui-voter-grace-a-boussole-electorale\">Savoir pour qui voter gr\u00e2ce \u00e0 la Boussole \u00e9lectorale<\/a><\/p>\n<p>[\/et_pb_toggle][\/et_pb_column][\/et_pb_row][et_pb_row _builder_version=&#8221;4.27.4&#8243; _module_preset=&#8221;default&#8221; global_colors_info=&#8221;{}&#8221;][et_pb_column type=&#8221;4_4&#8243; _builder_version=&#8221;4.27.4&#8243; _module_preset=&#8221;default&#8221; global_colors_info=&#8221;{}&#8221;][et_pb_toggle title=&#8221;Video&#8221; _builder_version=&#8221;4.27.4&#8243; _module_preset=&#8221;default&#8221; global_colors_info=&#8221;{}&#8221;]<\/p>\n<p><span>Emmanuel Choquette \u2013 Radio Canada \u2013 2024|04|29<\/span><br \/><a href=\"https:\/\/csdc-cecd.ca\/2025-avril\/%20https:\/\/ici.radio-canada.ca\/info\/videos\/1-10365144\/resultats-election-federale-sous-loupe-emmanuel-choquette\">Les r\u00e9sultats de l\u2019\u00e9lection f\u00e9d\u00e9rale sous la loupe d\u2019Emmanuel Choquette<\/a><\/p>\n<p>Catherine Ouellet \u2013 ARTE TV \u2013 2025|04|29<br \/><a href=\"https:\/\/www.arte.tv\/fr\/videos\/125614-029-A\/canada-une-victoire-contre-trump\/\">Canada : une victoire contre Trump<\/a><\/p>\n<p>Andr\u00e9 Blais \u2013 Radio Canada Ohdio \u2013 2025|04|22<br \/><a href=\"https:\/\/ici.radio-canada.ca\/ohdio\/premiere\/emissions\/le-15-18\/segments\/rattrapage\/2051460\/73-millions-electeurs-ont-vote-par-anticipation-andre-blais-professeur\">7,3 millions de personnes ont vot\u00e9 par anticipation : Andr\u00e9 Blais, professeur<\/a><\/p>\n<p>Emmanuel Choquette \u2013 Radio Canada \u2013 2025|04|21<br \/><a href=\"https:\/\/ici.radio-canada.ca\/info\/videos\/1-10358735\/plus-qu-une-semaine-avant-vote\">Plus qu&#8217;une semaine avant le vote<\/a><\/p>\n<p>Emmanuel Choquette \u2013 Radio Canada \u2013 2025|04|14<br \/><a href=\"https:\/\/ici.radio-canada.ca\/info\/videos\/1-10353996\/a-deux-semaines-scrutin-analyse-avec-emmanuel-choquette\">\u00c0 deux semaines du scrutin : analyse avec Emmanuel Choquette<\/a><\/p>\n<p>Val\u00e9rie-Ann\u00e9 Mah\u00e9o \u2013 Radio Canada \u2013 2025|04|14<br \/><a href=\"https:\/\/ici.radio-canada.ca\/tele\/le-telejournal-quebec\/site\/segments\/reportage\/2044704\/place-au-vote-sur-les-campus\">Place au vote sur les campus<\/a><\/p>\n<p>Catherine Ouellet \u2013 Arte TV \u2013 2025|04|13<br \/><a href=\"https:\/\/www.arte.tv\/fr\/videos\/122728-025-A\/canada-une-campagne-electorale-sous-pression\/\">Canada : une campagne \u00e9lectorale sous pression<\/a><\/p>\n<p>Catherine Ouellet \u2013 Noovo Info \u2013 2025|04|11<br \/><a href=\"https:\/\/www.noovo.info\/video\/jagmeet-singh-sur-tiktok-poilievre-sur-instagram-comment-se-debrouillent-les-chefs-de-partis-sur-les-reseaux-sociaux.html\">Singh sur TikTok, Poilievre sur Instagram: comment se d\u00e9brouillent les chefs sur les r\u00e9seaux sociaux?<\/a><\/p>\n<p>Emmanuel Choquette\u00a0 \u2013 Radio Canada \u2013 2025|04|08<br \/><a href=\"https:\/\/ici.radio-canada.ca\/info\/videos\/1-10346148\/semaine-3-campagne-analyse-avec-emmanuel-choquette\">Semaine 3 de la campagne : analyse avec Emmanuel Choquette<\/a><\/p>\n<p>[\/et_pb_toggle][\/et_pb_column][\/et_pb_row][\/et_pb_section]<\/p>\n","protected":false},"excerpt":{"rendered":"<p>Douceraine, M., S. Benkirane, E. Hernanez-Rivera, M. Senaldi, D. Titone,\u00a0Endorsing a Standard Language Ideology Complex moderates associations between LX use and proficiency among French learners in CanadaJournal of Multilingual and Multicultural Development, 2025 Gauvin, J.P., A. BilodeauUne cr\u00e9dibilit\u00e9 variable\u00a0: l\u2019influence de l\u2019accent et de la couleur de la peau dans l\u2019\u00e9valuation des experts scientifiques au [&hellip;]<\/p>\n","protected":false},"author":1,"featured_media":0,"parent":0,"menu_order":0,"comment_status":"closed","ping_status":"closed","template":"","meta":{"_et_pb_use_builder":"on","_et_pb_old_content":"","_et_gb_content_width":"","footnotes":""},"class_list":["post-4641","page","type-page","status-publish","hentry"],"yoast_head":"<!-- This site is optimized with the Yoast SEO plugin v27.4 - https:\/\/yoast.com\/product\/yoast-seo-wordpress\/ -->\n<title>2025 - April - CECD - Centre pour l&#039;\u00e9tude de la citoyennet\u00e9 d\u00e9mocratique<\/title>\n<meta name=\"robots\" content=\"index, follow, max-snippet:-1, max-image-preview:large, max-video-preview:-1\" \/>\n<link rel=\"canonical\" href=\"https:\/\/csdc-cecd.ca\/2025-avril\/\" \/>\n<meta property=\"og:locale\" content=\"en_US\" \/>\n<meta property=\"og:type\" content=\"article\" \/>\n<meta property=\"og:title\" content=\"2025 - April - CECD - Centre pour l&#039;\u00e9tude de la citoyennet\u00e9 d\u00e9mocratique\" \/>\n<meta property=\"og:description\" content=\"Douceraine, M., S. Benkirane, E. Hernanez-Rivera, M. Senaldi, D. Titone,\u00a0Endorsing a Standard Language Ideology Complex moderates associations between LX use and proficiency among French learners in CanadaJournal of Multilingual and Multicultural Development, 2025 Gauvin, J.P., A. BilodeauUne cr\u00e9dibilit\u00e9 variable\u00a0: l\u2019influence de l\u2019accent et de la couleur de la peau dans l\u2019\u00e9valuation des experts scientifiques au [&hellip;]\" \/>\n<meta property=\"og:url\" content=\"https:\/\/csdc-cecd.ca\/2025-avril\/\" \/>\n<meta property=\"og:site_name\" content=\"CECD - Centre pour l&#039;\u00e9tude de la citoyennet\u00e9 d\u00e9mocratique\" \/>\n<meta property=\"article:modified_time\" content=\"2025-11-14T16:36:23+00:00\" \/>\n<meta name=\"twitter:card\" content=\"summary_large_image\" \/>\n<script type=\"application\/ld+json\" class=\"yoast-schema-graph\">{\"@context\":\"https:\\\/\\\/schema.org\",\"@graph\":[{\"@type\":\"WebPage\",\"@id\":\"https:\\\/\\\/csdc-cecd.ca\\\/2025-avril\\\/\",\"url\":\"https:\\\/\\\/csdc-cecd.ca\\\/2025-avril\\\/\",\"name\":\"2025 - April - CECD - Centre pour l&#039;\u00e9tude de la citoyennet\u00e9 d\u00e9mocratique\",\"isPartOf\":{\"@id\":\"https:\\\/\\\/csdc-cecd.ca\\\/#website\"},\"datePublished\":\"2025-04-07T16:14:40+00:00\",\"dateModified\":\"2025-11-14T16:36:23+00:00\",\"breadcrumb\":{\"@id\":\"https:\\\/\\\/csdc-cecd.ca\\\/2025-avril\\\/#breadcrumb\"},\"inLanguage\":\"en-US\",\"potentialAction\":[{\"@type\":\"ReadAction\",\"target\":[\"https:\\\/\\\/csdc-cecd.ca\\\/2025-avril\\\/\"]}]},{\"@type\":\"BreadcrumbList\",\"@id\":\"https:\\\/\\\/csdc-cecd.ca\\\/2025-avril\\\/#breadcrumb\",\"itemListElement\":[{\"@type\":\"ListItem\",\"position\":1,\"name\":\"Accueil\",\"item\":\"https:\\\/\\\/csdc-cecd.ca\\\/en\\\/\"},{\"@type\":\"ListItem\",\"position\":2,\"name\":\"2025 &#8211; April\"}]},{\"@type\":\"WebSite\",\"@id\":\"https:\\\/\\\/csdc-cecd.ca\\\/#website\",\"url\":\"https:\\\/\\\/csdc-cecd.ca\\\/\",\"name\":\"CECD - Centre pour l&#039;\u00e9tude de la citoyennet\u00e9 d\u00e9mocratique\",\"description\":\"\",\"potentialAction\":[{\"@type\":\"SearchAction\",\"target\":{\"@type\":\"EntryPoint\",\"urlTemplate\":\"https:\\\/\\\/csdc-cecd.ca\\\/?s={search_term_string}\"},\"query-input\":{\"@type\":\"PropertyValueSpecification\",\"valueRequired\":true,\"valueName\":\"search_term_string\"}}],\"inLanguage\":\"en-US\"}]}<\/script>\n<!-- \/ Yoast SEO plugin. -->","yoast_head_json":{"title":"2025 - April - CECD - Centre pour l&#039;\u00e9tude de la citoyennet\u00e9 d\u00e9mocratique","robots":{"index":"index","follow":"follow","max-snippet":"max-snippet:-1","max-image-preview":"max-image-preview:large","max-video-preview":"max-video-preview:-1"},"canonical":"https:\/\/csdc-cecd.ca\/2025-avril\/","og_locale":"en_US","og_type":"article","og_title":"2025 - April - CECD - Centre pour l&#039;\u00e9tude de la citoyennet\u00e9 d\u00e9mocratique","og_description":"Douceraine, M., S. Benkirane, E. Hernanez-Rivera, M. Senaldi, D. Titone,\u00a0Endorsing a Standard Language Ideology Complex moderates associations between LX use and proficiency among French learners in CanadaJournal of Multilingual and Multicultural Development, 2025 Gauvin, J.P., A. BilodeauUne cr\u00e9dibilit\u00e9 variable\u00a0: l\u2019influence de l\u2019accent et de la couleur de la peau dans l\u2019\u00e9valuation des experts scientifiques au [&hellip;]","og_url":"https:\/\/csdc-cecd.ca\/2025-avril\/","og_site_name":"CECD - Centre pour l&#039;\u00e9tude de la citoyennet\u00e9 d\u00e9mocratique","article_modified_time":"2025-11-14T16:36:23+00:00","twitter_card":"summary_large_image","schema":{"@context":"https:\/\/schema.org","@graph":[{"@type":"WebPage","@id":"https:\/\/csdc-cecd.ca\/2025-avril\/","url":"https:\/\/csdc-cecd.ca\/2025-avril\/","name":"2025 - April - CECD - Centre pour l&#039;\u00e9tude de la citoyennet\u00e9 d\u00e9mocratique","isPartOf":{"@id":"https:\/\/csdc-cecd.ca\/#website"},"datePublished":"2025-04-07T16:14:40+00:00","dateModified":"2025-11-14T16:36:23+00:00","breadcrumb":{"@id":"https:\/\/csdc-cecd.ca\/2025-avril\/#breadcrumb"},"inLanguage":"en-US","potentialAction":[{"@type":"ReadAction","target":["https:\/\/csdc-cecd.ca\/2025-avril\/"]}]},{"@type":"BreadcrumbList","@id":"https:\/\/csdc-cecd.ca\/2025-avril\/#breadcrumb","itemListElement":[{"@type":"ListItem","position":1,"name":"Accueil","item":"https:\/\/csdc-cecd.ca\/en\/"},{"@type":"ListItem","position":2,"name":"2025 &#8211; April"}]},{"@type":"WebSite","@id":"https:\/\/csdc-cecd.ca\/#website","url":"https:\/\/csdc-cecd.ca\/","name":"CECD - Centre pour l&#039;\u00e9tude de la citoyennet\u00e9 d\u00e9mocratique","description":"","potentialAction":[{"@type":"SearchAction","target":{"@type":"EntryPoint","urlTemplate":"https:\/\/csdc-cecd.ca\/?s={search_term_string}"},"query-input":{"@type":"PropertyValueSpecification","valueRequired":true,"valueName":"search_term_string"}}],"inLanguage":"en-US"}]}},"_links":{"self":[{"href":"https:\/\/csdc-cecd.ca\/en\/wp-json\/wp\/v2\/pages\/4641","targetHints":{"allow":["GET"]}}],"collection":[{"href":"https:\/\/csdc-cecd.ca\/en\/wp-json\/wp\/v2\/pages"}],"about":[{"href":"https:\/\/csdc-cecd.ca\/en\/wp-json\/wp\/v2\/types\/page"}],"author":[{"embeddable":true,"href":"https:\/\/csdc-cecd.ca\/en\/wp-json\/wp\/v2\/users\/1"}],"replies":[{"embeddable":true,"href":"https:\/\/csdc-cecd.ca\/en\/wp-json\/wp\/v2\/comments?post=4641"}],"version-history":[{"count":9,"href":"https:\/\/csdc-cecd.ca\/en\/wp-json\/wp\/v2\/pages\/4641\/revisions"}],"predecessor-version":[{"id":6483,"href":"https:\/\/csdc-cecd.ca\/en\/wp-json\/wp\/v2\/pages\/4641\/revisions\/6483"}],"wp:attachment":[{"href":"https:\/\/csdc-cecd.ca\/en\/wp-json\/wp\/v2\/media?parent=4641"}],"curies":[{"name":"wp","href":"https:\/\/api.w.org\/{rel}","templated":true}]}}