{"id":4845,"date":"2025-04-16T13:40:20","date_gmt":"2025-04-16T17:40:20","guid":{"rendered":"https:\/\/csdc-cecd.ca\/?page_id=4845"},"modified":"2025-05-06T11:34:34","modified_gmt":"2025-05-06T15:34:34","slug":"elecrtions-federales-2025","status":"publish","type":"page","link":"https:\/\/csdc-cecd.ca\/en\/elecrtions-federales-2025\/","title":{"rendered":"Federal elections 2025"},"content":{"rendered":"<p>[et_pb_section fb_built=&#8221;1&#8243; _builder_version=&#8221;4.27.4&#8243; _module_preset=&#8221;default&#8221; global_colors_info=&#8221;{}&#8221;][et_pb_row _builder_version=&#8221;4.27.4&#8243; _module_preset=&#8221;default&#8221; global_colors_info=&#8221;{}&#8221;][et_pb_column type=&#8221;4_4&#8243; _builder_version=&#8221;4.27.4&#8243; _module_preset=&#8221;default&#8221; global_colors_info=&#8221;{}&#8221;][et_pb_heading title=&#8221;Federal election 2025&#8243; _builder_version=&#8221;4.27.4&#8243; _module_preset=&#8221;default&#8221; global_colors_info=&#8221;{}&#8221;][\/et_pb_heading][et_pb_text _builder_version=&#8221;4.27.4&#8243; _module_preset=&#8221;default&#8221;]<\/p>\n<p>The Canadian federal election has been called, for Monday, April 28, 2025.<\/p>\n<p>CSDC members commenting on the the election issues<\/p>\n<p>[\/et_pb_text][\/et_pb_column][\/et_pb_row][et_pb_row _builder_version=&#8221;4.27.4&#8243; _module_preset=&#8221;default&#8221; global_colors_info=&#8221;{}&#8221;][et_pb_column type=&#8221;4_4&#8243; _builder_version=&#8221;4.27.4&#8243; _module_preset=&#8221;default&#8221; global_colors_info=&#8221;{}&#8221;][et_pb_toggle title=&#8221;Newspaper&#8221; _builder_version=&#8221;4.27.4&#8243; _module_preset=&#8221;default&#8221; hover_enabled=&#8221;0&#8243; global_colors_info=&#8221;{}&#8221; sticky_enabled=&#8221;0&#8243;]<\/p>\n<p>Fenwick McKelvey \u2013 Le Devoir \u2013 2025|05|03<br \/><a href=\"https:\/\/www.ledevoir.com\/societe\/874240\/infodivertissement-ere-reseaux-sociaux\">L\u2019infodivertissement \u00e0 l\u2019\u00e8re des r\u00e9seaux sociaux<\/a><\/p>\n<p>Fr\u00e9d\u00e9rick Bastien \u2013 La Presse \u2013 2025|05|01<br \/><a href=\"https:\/\/www.lapresse.ca\/actualites\/chroniques\/des-livres-vivants-comme-antidotes-aux-prejuges\/2025-05-04\/ca-peut-arriver-a-tout-le-monde.php\">Des livres vivants comme antidotes aux pr\u00e9jug\u00e9s<\/a><\/p>\n<p>Marc-Andr\u00e9 Bodet \u2013 La Presse \u2013 2025|05|01<br \/><a href=\"https:\/\/www.lapresse.ca\/dialogue\/chroniques\/2025-05-01\/un-graphique-qui-dit-tout\/un-canada-au-centre.php\">Un Canada au centre<\/a><\/p>\n<p>Claire Durand \u2013 La Presse \u2013 2025|05|01<br \/><a href=\"https:\/\/www.lapresse.ca\/dialogue\/opinions\/2025-05-01\/les-sondages-et-le-vote-lendemain-de-veille.php\">Les sondages et le vote, lendemain de veille<\/a><\/p>\n<p>Mireille Lalancette; \u00c9ric B\u00e9langer \u2013 Le Devoir \u2013 2025|04|30<br \/><a href=\"https:\/\/www.ledevoir.com\/opinion\/idees\/873610\/idees-quand-specificite-quebecoise-est-releguee-second-plan\">Quand la sp\u00e9cificit\u00e9 qu\u00e9b\u00e9coise est rel\u00e9gu\u00e9e au second plan<\/a><\/p>\n<p>Mireille Lalancette \u2013 The Conversation \u2013 2025|04|30<br \/><a href=\"https:\/\/theconversation.com\/campagne-electorale-lart-de-decredibiliser-ses-adversaires-grace-aux-medias-sociaux-et-aux-memes-255186\">Campagne \u00e9lectorale : l&#8217;art de d\u00e9cr\u00e9dibiliser ses adversaires gr\u00e2ce aux m\u00e9dias sociaux et aux m\u00e8mes<\/a><\/p>\n<p>Catherine Ouellet &#8211; Journal d\u2019Ha\u00efti et des Am\u00e9riques &#8211; 2025|04|29<br \/><a href=\"https:\/\/www.rfi.fr\/fr\/podcasts\/journal-d-ha%C3%AFti-et-des-am%C3%A9riques\/20250429-canada-quelle-marge-de-man%C5%93uvre-pour-mark-carney\">Canada : quelle marge de man\u0153uvre pour Mark Carney ?<\/a><\/p>\n<p>Olivier Jacques \u2013 Le Devoir \u2013 2025|04|29<br \/><a href=\"https:\/\/www.ledevoir.com\/politique\/canada\/873052\/mark-carney-est-elu-apres\">Mark Carney est \u00e9lu. Et apr\u00e8s?<\/a><\/p>\n<p>Claire Durand \u2013 La Presse \u2013 2025|04|29<br \/><a href=\"https:\/\/www.lapresse.ca\/elections-federales\/2025-04-29\/les-sondeurs-semblent-avoir-dit-vrai-pour-les-liberaux.php\">Les sondeurs semblent avoir dit vrai\u2026 pour les lib\u00e9raux<\/a><\/p>\n<p>Marc-Andr\u00e9 Bodet \u2013 La Presse \u2013 2025|04|28<br \/><a href=\"https:\/\/www.lapresse.ca\/dialogue\/chroniques\/2025-04-28\/chers-electeurs-voici-de-bonnes-raisons-de-voter.php\">Chers \u00e9lecteurs, voici de bonnes raisons de voter<\/a><\/p>\n<p>Mireille Lalancette \u2013 Radio Canada \u2013 2025|04|26<br \/><a href=\"https:\/\/ici.radio-canada.ca\/rci\/fr\/nouvelle\/2159825\/podcast-instagram-youtube-chefs-partis-canada\">Les balados : nouveau terrain de jeu de certains politiciens canadiens<\/a><\/p>\n<p>Mireille Lalancette \u2013 Radio Canada \u2013 2025|04|26<br \/><a href=\"https:\/\/ici.radio-canada.ca\/info\/en-direct\/1012592\/a-deux-jours-du-scrutin-les-chefs-federaux-sont-sur-la-derniere-ligne-droite?publication=2160345\">Jour 35 de la campagne f\u00e9d\u00e9rale : les faits saillants<\/a><\/p>\n<p>Emmanuel Choquette; Mireille Lalancette \u2013 Le Journal de Montr\u00e9al \u2013 2025|04|26<br \/><a href=\"https:\/\/www.journaldemontreal.com\/2025\/04\/26\/vedettes-et-politiciens-est-ce-vraiment-payant\">\u00c9lections f\u00e9d\u00e9rales: l\u2019appui des vedettes est-il vraiment payant en 2025?<\/a><\/p>\n<p>Thierry Giasson \u2013 Radio Canada \u2013 2025|04|25<br \/><a href=\"https:\/\/ici.radio-canada.ca\/rci\/en\/news\/2159804\/1-in-4-quebec-ndp-candidates-have-little-presence-just-days-before-election\">1 in 4 Quebec NDP candidates have little presence just days before election<\/a><\/p>\n<p>Emmanuel Choquette \u2013 Radio Canada \u2013 2025|04|25<br \/><a href=\"https:\/\/ici.radio-canada.ca\/nouvelle\/2160040\/denise-giroux-campagne-neo-democrate\">Une campagne sans campagne pour la candidate du NPD<\/a><\/p>\n<p>Lisa Birch \u2013 Policy options \u2013 2025|04|22<br \/><a href=\"https:\/\/policyoptions.irpp.org\/fr\/magazines\/avril-2025\/promesses-electorales-croyez-les\/\">Promesses \u00e9lectorales : les partis politiques canadiens les tiennent plus souvent qu\u2019on pense<\/a><\/p>\n<p>Lisa Birch &#8211; U. Laval Nouvelles &#8211; 2025|04|20<br \/><a href=\"https:\/\/policyoptions.irpp.org\/fr\/magazines\/avril-2025\/promesses-electorales-croyez-les\/\">Polim\u00e8tre Trudeau: 76% des promesses \u00e9lectorales lib\u00e9rales r\u00e9alis\u00e9es en tout ou partiellement<\/a><\/p>\n<p>Thierry Giasson \u2013 Radio Canada \u2013 2025|04|20<br \/><a href=\"https:\/\/ici.radio-canada.ca\/nouvelle\/2158069\/campagne-electorale-reseaux-sociaux-publicite\">La campagne \u00e9lectorale que vous n\u2019avez (s\u00fbrement) pas vue<\/a><\/p>\n<p>Marc-Andr\u00e9 Bodet \u2013 Le Devoir \u2013 2025|04|19<br \/><a href=\"https:\/\/www.ledevoir.com\/opinion\/idees\/869542\/bulletins-parlementaires-michel-david-evaluations-ou-predictions\">Les bulletins parlementaires de Michel David, \u00e9valuations ou pr\u00e9dictions ?<\/a><\/p>\n<p>Mireille Lalancette \u2013 Le Devoir \u2013 2025|04|18<br \/><a href=\"https:\/\/www.ledevoir.com\/opinion\/idees\/869200\/idees-cabane-canada-quand-politiciens-nous-vendent-idee-pays\">Ma cabane au Canada: quand les politiciens nous vendent l\u2019id\u00e9e d\u2019un pays<\/a><\/p>\n<p>Thierry Giasson; Mireille Lalancette \u2013 La Presse \u2013 2025|04|17<br \/><a href=\"https:\/\/www.lapresse.ca\/elections-federales\/2025-04-17\/debats-electoraux\/la-performance-des-chefs-vue-par-des-experts.php\">D\u00e9bats \u00e9lectoraux | La performance des chefs vue par des experts<\/a><\/p>\n<p>Catherine Ouellet \u2013 Politico \u2013 2025|04|17<br \/><a href=\"https:\/\/www.politico.com\/news\/magazine\/2025\/04\/17\/canada-discovers-uniting-against-trump-is-the-easy-part-00297884\">Canada Discovers Uniting Against Trump Is the Easy Part<\/a><\/p>\n<p><span>Yannick Dufresne \u2013 Radio Canada \u2013 2025|04|16<br \/><a href=\"https:\/\/ici.radio-canada.ca\/nouvelle\/2156915\/bilinguisme-resultat-boussole-electorale\">Boussole \u00e9lectorale : le bilinguisme dans la fonction publique divise les Canadiens<\/a><\/span><\/p>\n<p><span>Thierry Giasson \u2013 La Voix de l\u2019Est \u2013 2025|04|15<br \/><a href=\"https:\/\/www.lavoixdelest.ca\/partenaires\/ulaval-nouvelles\/2025\/04\/15\/trois-questions-sur-les-debats-des-chefs-2025-LUN55EEKKBDZ7KMYARKOA6WWLQ\/\">Trois questions sur les d\u00e9bats des chefs 2025<\/a><\/span><\/p>\n<p><span>Joanie Bouchard \u2013 24heures \u2013 2025|04|15<br \/><a href=\"https:\/\/www.24heures.ca\/2025\/04\/15\/vers-un-retour-du-boys-club-a-ottawa\">Vers un retour du \u00abboys\u2019 club\u00bb \u00e0 Ottawa?<\/a><\/span><\/p>\n<p><span>Val\u00e9rie-Ann\u00e9 Mah\u00e9o \u2013 Radio Canada \u2013 2025|04|13<br \/><a href=\"https:\/\/ici.radio-canada.ca\/nouvelle\/2156273\/campagne-electorale-source-information-jeunes?\">Campagne \u00e9lectorale : o\u00f9 s\u2019informent r\u00e9ellement les jeunes \u00e9lecteurs?<\/a><\/span><\/p>\n<p><span>Val\u00e9rie-Ann\u00e9 Mah\u00e9o \u2013 Radio Canada \u2013 2025|04|13<br \/><a href=\"https:\/\/ici.radio-canada.ca\/tele\/le-telejournal-week-end\/site\/segments\/reportage\/2044702\/vote-jeunes-information-scrutin-bulletin-elections\">Les jeunes peuvent voter d\u00e8s aujourd&#8217;hui sur les campus : comment s&#8217;informent-ils?<\/a><\/span><\/p>\n<p><span>Yannick Dufresne \u2013 Le Soleil \u2013 2025|04|13<br \/><a href=\"https:\/\/www.lesoleil.com\/actualites\/politique\/2025\/04\/13\/les-canadiens-votent-plus-quand-ca-va-mal-trump-pourrait-hausser-la-participation-M42GTJ7FDVBOZEMZS4AMWYJFC4\/\">Les Canadiens votent plus quand \u00e7a va mal: Trump pourrait hausser la participation<\/a><\/span><\/p>\n<p><span>Thierry Giasson \u2013 Radio Canada \u2013 2025|04|12<br \/><a href=\"https:\/\/ici.radio-canada.ca\/nouvelle\/2156037\/elections-federales-pancartes-electorales-quebec\">Affiches \u00e9lectorales moins visibles : le reflet d\u2019un manque d\u2019organisation des partis<\/a><\/span><\/p>\n<p><span>Catherine Ouellet \u2013 Le Journal de Qu\u00e9bec \u2013 2025|04|12<br \/><a href=\"https:\/\/www.journaldequebec.com\/2025\/04\/12\/les-conservateurs-preferent-le-tim-les-liberaux-le-starbucks-les-habitudes-de-vies-des-electeurs-canadiens-decortiquees\">Les conservateurs pr\u00e9f\u00e8rent le Tim, les lib\u00e9raux, le Starbucks: les habitudes de vies des \u00e9lecteurs canadiens d\u00e9cortiqu\u00e9es<\/a><\/span><\/p>\n<p>Yannick Dufresne \u2013 20 minutes &#8211; 2025|04|12<br \/><a href=\"https:\/\/www.20minutes.fr\/monde\/canada\/4086035-20240412-canada-fraicheur-gestion-flasque-desillusion-justin-trudeau\">Canada : De la \u00ab fra\u00eecheur \u00bb \u00e0 la \u00ab gestion flasque \u00bb, la d\u00e9sillusion Justin Trudeau<\/a><\/p>\n<p><span>Thierry Giasson \u2013 La Presse \u2013 2025|04|11<br \/><a href=\"https:\/\/www.lapresse.ca\/elections-federales\/2025-04-11\/ou-sont-alles-les-chefs-jusqu-ici\/des-deplacements-qui-en-disent-long.php\">Des d\u00e9placements qui en disent long<\/a><\/span><\/p>\n<p><span>Claire Durand \u2013 TVA Nouvelles \u2013 2025|04|10<br \/><a href=\"https:\/\/www.tvanouvelles.ca\/2025\/04\/10\/voici-pourquoi-il-ne-faut-pas-abolir-les-sondages-pendant-une-campagne-electorale\">Voici pourquoi il ne faut pas abolir les sondages pendant une campagne \u00e9lectorale<\/a><\/span><\/p>\n<p><span>Thierry Giasson \u2013 Radio Canada \u2013 2025|04|10<br \/><a href=\"https:\/\/ici.radio-canada.ca\/rci\/fr\/nouvelle\/2155243\/chefs-partis-questions-journalistes-poilievre-carney\">Poilievre, le moins bavard des quatre chefs<\/a> <\/span><\/p>\n<p><span>Catherine Ouellet \u2013 Quebec Science \u2013 2025|04|10<br \/><a href=\"https:\/\/www.quebecscience.qc.ca\/societe\/alimentation-election-politique\/\">Entrevue: Dis-moi ce que tu manges, je te dirai pour qui tu votes<\/a><\/span><\/p>\n<p><span>Mireille Lalancette; Fenwick McKelvey \u2013 Radio Canada \u2013 2025|04|10<br \/><a href=\"https:\/\/ici.radio-canada.ca\/rci\/fr\/nouvelle\/2155128\/election-federale-meta-influenceurs-desinformation\">Des \u00e9lections f\u00e9d\u00e9rales sous le signe des influenceurs<\/a><\/span><\/p>\n<p>Fenwick McKelvey \u2013 The Conversation \u2013 2025|04|08<br \/><span><a href=\"https:\/\/theconversation.com\/ai-is-making-elections-weird-lessons-from-a-simulated-war-game-exercise-253433\">AI is making elections weird: Lessons from a simulated war-game exercise<\/a><\/span><\/p>\n<p><span>Emmanuel Choquette \u2013 La Tribune \u2013 2025|04|05<br \/><a href=\"https:\/\/www.latribune.ca\/actualites\/actualites-locales\/estrie-et-regions\/2025\/04\/05\/la-campagne-federale-peine-a-prendre-son-envol-en-estrie-K5OLTFLQFBFR5EU6RFQ4WUOEWI\/\">La campagne f\u00e9d\u00e9rale peine \u00e0 prendre son envol en Estrie<\/a><\/span><\/p>\n<p>Catherine Ouellet \u2013 Noovo Info &#8211; 2025|04|04<br \/><a href=\"https:\/\/www.noovo.info\/video\/de-tout-lmonde-shait-a-jordan-peterson-les-chefs-de-partis-prennent-dassaut-les-podcasts.html\">De \u00abTout l\u2019monde s\u2019ha\u00eft\u00bb \u00e0 Jordan Peterson: les chefs de partis prennent d\u2019assaut les podcasts<\/a><\/p>\n<p><span>Marc-Andr\u00e9 Bodet\u2013 La Presse \u2013 2025|04|02<br \/><a href=\"https:\/\/www.lapresse.ca\/dialogue\/chroniques\/2025-04-02\/separes-a-la-naissance-poilievre-et-trump.php\">S\u00e9par\u00e9s \u00e0 la naissance, Poilievre et Trump<\/a><\/span><\/p>\n<p><span>Marc-Andr\u00e9 Bodet \u2013 24heures \u2013 2025|04|02<br \/><a href=\"https:\/\/www.24heures.ca\/2025\/04\/02\/pourquoi-et-comment-la-droite-seduit-les-jeunes-hommes-au-canada\">Pourquoi (et comment) la droite s\u00e9duit les jeunes hommes au Canada<\/a><\/span><\/p>\n<p><span>Olivier Jacques \u2013 Radio Canada \u2013 2025|04|02<br \/><a href=\"https:\/\/ici.radio-canada.ca\/nouvelle\/2152876\/jagmeet-singh-prive-sante-npd-elections\">La v\u00e9rif : Jagmeet Singh exag\u00e8re la port\u00e9e de la Loi canadienne sur la sant\u00e9<\/a><\/span><\/p>\n<p>Fenwick McKelvey \u2013 CBC News \u2013 2025|04|02<br \/><span><a href=\"https:\/\/www.cbc.ca\/news\/politics\/ai-elections-rules-1.7499383\">Elections watchdog warned AI presents &#8216;high&#8217; risk in current campaign: internal documents<\/a><\/span><\/p>\n<p><span>Allison Harell; \u00c9ric B\u00e9langer \u2013 La Presse \u2013 2025|04|01<br \/><a href=\"https:\/\/www.lapresse.ca\/elections-federales\/l-electeur-canadien-porte-par-l-angoisse-mais-pas-seulement\/2025-04-01\/l-edifice-de-nos-certitudes-se-lezarde.php\">\u00ab L\u2019\u00e9difice de nos certitudes se l\u00e9zarde \u00bb<\/a><\/span><\/p>\n<p><span>Andr\u00e9 Blais \u2013 Radio Canada \u2013\u00a02025|03|30<br \/><a href=\"https:\/\/www.lapresse.ca\/contexte\/2025-03-30\/sources\/la-reforme-electorale.php\">La r\u00e9forme \u00e9lectorale<\/a><\/span><\/p>\n<p><span>Andr\u00e9 Blais &#8211; La Tribune \u2013 2025|03|30<br \/><\/span><span><a href=\"https:\/\/www.latribune.ca\/actualites\/politique\/2025\/03\/30\/les-femmes-qui-se-lancent-en-politique-ne-seraient-pas-desavantagees-5JXMMCJHDBBIXHJ4BRBHBMQCG4\/\">Obstacles \u00abstructurels et culturels\u00bb nuisent aux femmes en politique<\/a><\/span><\/p>\n<p><span>Marc-Andr\u00e9 Bodet \u2013 ULaval Nouvelles \u2013\u00a02025|03|26<br \/><a href=\"https:\/\/nouvelles.ulaval.ca\/2025\/03\/18\/quand-les-politiciennes-et-politiciens-recoivent-une-note-entrea-ete-pour-leur-travail-a:98419d55-79e3-4579-8eae-ecf102dfa35a\">Quand les politiciennes et politiciens re\u00e7oivent une note entre A et E pour leur travail<\/a><\/span><\/p>\n<p><span>Vincent Arel-Bundock, Andr\u00e9 Blais \u2013 UdeM Nouvelles \u2013\u00a02025|03|25<br \/><a href=\"https:\/\/nouvelles.umontreal.ca\/article\/2025\/03\/25\/les-femmes-qui-se-portent-candidates-une-chance-electorale-a-saisir\/\">Les femmes qui se portent candidates: une chance \u00e9lectorale \u00e0 saisir !<\/a><\/span><\/p>\n<p>Catherine Ouellet &#8211;\u00a0<span><a href=\"https:\/\/can01.safelinks.protection.outlook.com\/?url=https%3A%2F%2Fphys.org%2Fnews%2F2025-03-women-candidates-experts-electoral-opportunity.html%2520(29&amp;data=05%7C02%7Cedouard.pontoizeau%40umontreal.ca%7C85d06d62b4834b01847308dd75e42aea%7Cd27eefec2a474be7981e0f8977fa31d8%7C1%7C0%7C638796345005918218%7CUnknown%7CTWFpbGZsb3d8eyJFbXB0eU1hcGkiOnRydWUsIlYiOiIwLjAuMDAwMCIsIlAiOiJXaW4zMiIsIkFOIjoiTWFpbCIsIldUIjoyfQ%3D%3D%7C0%7C%7C%7C&amp;sdata=wNLuyw%2FTkj6ZerEp6ENdg2LZ1EMBBuyDTfNszmnXPbk%3D&amp;reserved=0\">https:\/\/phys.org\/news\/2025-03-women-candidates-experts-electoral-opportunity.html<\/a><\/span><\/p>\n<p><span>Claire Durand \u2013 La Presse \u2013 2025|03|25<br \/><a href=\"https:\/\/www.lapresse.ca\/dialogue\/opinions\/2025-03-25\/non-les-sondages-n-ont-pas-tout-faux.php\">Non, les sondages n\u2019ont pas tout faux<\/a><\/span><\/p>\n<p><span>Mireille Lalancette \u2013 ONFR.TFO \u2013 2025|03|24<br \/><a href=\"https:\/\/onfr.tfo.org\/elections-federales-francais-mark-carney-parti-liberal-canada\/\">\u00c9lections f\u00e9d\u00e9rales : le niveau de fran\u00e7ais de Mark Carney sera-t-il un obstacle?<\/a><\/span><\/p>\n<p><span>Joanie Bouchard \u2013 Radio Canada \u2013 2025|03|24<br \/><a href=\"https:\/\/ici.radio-canada.ca\/nouvelle\/2146239\/election-federale-pourquoi-enjeux-competences-quebec-canada\">Comprendre, La politique f\u00e9d\u00e9rale : pourquoi s\u2019y int\u00e9resser ?<\/a><\/span><\/p>\n<p><span>Yannick Dufresne \u2013 ULaval Nouvelles \u2013 2025|03|23<br \/><a href=\"https:\/\/nouvelles.ulaval.ca\/2025\/03\/23\/trois-questions-sur-limprevisibilite-de-la-campagne-electorale-federale-a:73c8027d-2b8a-4c1c-89c7-e16485d1cf30\">Trois questions sur l\u2019impr\u00e9visibilit\u00e9 de la campagne \u00e9lectorale f\u00e9d\u00e9rale<\/a><\/span><\/p>\n<p><span>Emmanuel Choquette \u2013 Noovo Info \u2013 2025|03|22<br \/><a href=\"https:\/\/www.noovo.info\/nouvelle\/lelection-canadienne-pourrait-donner-lieu-a-une-serie-de-premieres-historiques.html\">L\u2019\u00e9lection canadienne pourrait donner lieu \u00e0 une s\u00e9rie de premi\u00e8res historiques<\/a><\/span><\/p>\n<p><span>Mireille Lalancette \u2013 The Conversation \u2013 2025|03|21<br \/><a href=\"https:\/\/theconversation.com\/in-carney-le-changement-et-un-leadership-gagnant-en-contexte-de-crise-comment-le-nouveau-chef-liberal-a-construit-son-image-politique-en-ligne-252227\">In-Carney le changement et un leadership gagnant en contexte de crise : comment le nouveau chef lib\u00e9ral a construit son image politique en ligne<\/a><\/span><\/p>\n<p><span>Lisa Birch \u2013 Radio Canada \u2013\u00a02025|03|20<br \/><a href=\"https:\/\/ici.radio-canada.ca\/info\/long-format\/2148412\/bilan-justin-trudeau-parti-liberal-promesses-polimetre\">Que restera-t-il du legs de Justin Trudeau ?<\/a><\/span><\/p>\n<p><span>Catherine Ouellet \u2013 98.5FM Montr\u00e9al &#8211; 2025|03|20<br \/><\/span><span><a href=\"https:\/\/www.985fm.ca\/audio\/686579\/elections-on-essaie-de-predire-le-vote-a-partir-de-questions-non-politiques\">\u00c9lections: \u00abOn essaie de pr\u00e9dire le vote \u00e0 partir de questions non politiques\u00bb<\/a><\/span><\/p>\n<p><span>Lisa Birch \u2013 ULaval Nouvelles \u2013 2025|03|20<br \/><a href=\"https:\/\/nouvelles.ulaval.ca\/2025\/03\/20\/polimetre-trudeau:-76percent-des-promesses-electorales-liberales-realisees-en-tout-ou-partiellement-70d500b2-493d-4608-9014-f6bdc1ac6738\">Polim\u00e8tre Trudeau: 76% des promesses \u00e9lectorales lib\u00e9rales r\u00e9alis\u00e9es en tout ou partiellement<\/a><\/span><\/p>\n<p><span>Simon Coulombe, Yannick Dufresne, Catherine Ouellet \u2013 TVA Nouvelle \u2013 2025|03|20<br \/><a href=\"https:\/\/www.tvanouvelles.ca\/2025\/03\/20\/datagotchi-un-outil-simple-et-ludique-pour-decouvrir-son-profil-electoral\">L\u00e9ger-Datagotchi: un outil simple et ludique pour d\u00e9couvrir son profil \u00e9lectoral<\/a><\/span><\/p>\n<p><span>Colette Brin \u2013 IRIS \u2013 Institut de recherche et d\u2019informations socio\u00e9conomiques \u2013\u00a02025|03|20<br \/><a href=\"https:\/\/iris-recherche.qc.ca\/publications\/portrait-medias-quebec\/\">Quelle pertinence pour Radio-Canada dans l\u2019avenir m\u00e9diatique du Qu\u00e9bec?<\/a><\/span><\/p>\n<p><span>Colette Brin \u2013 La Presse \u2013 2025|03|20<br \/><a href=\"https:\/\/www.lapresse.ca\/elections-federales\/2025-03-20\/campagne-conservatrice\/les-medias-laisses-derriere.php\">Les m\u00e9dias laiss\u00e9s derri\u00e8re<\/a><\/span><\/p>\n<p><span>Emmanuel Choquette \u2013 Radio Canada \u2013 2025|03|14<br \/><a href=\"https:\/\/ici.radio-canada.ca\/nouvelle\/2147913\/cabinet-carney-elisabeth-briere-ministre-ministere\">\u00ab Je suis tellement fi\u00e8re \u00bb \u2013 \u00c9lisabeth Bri\u00e8re, apr\u00e8s son assermentation<\/a><\/span><\/p>\n<p><span>Emmanuel Choquette \u2013 Radio Canada \u2013 2025|03|09<br \/><a href=\"https:\/\/ici.radio-canada.ca\/nouvelle\/2146811\/analyse-emmanuel-choquette-mark-carney-plc\">Le professeur Emmanuel Choquette analyse ce qui attend Mark Carney \u00e0 la t\u00eate du PLC<\/a><\/span><\/p>\n<p><span>Claire Durand \u2013 La Presse \u2013 2025|03|09<br \/><a href=\"https:\/\/www.lapresse.ca\/actualites\/politique\/2025-03-09\/elections-federales\/un-sondage-ne-fait-pas-le-printemps.php\">\u00c9lections f\u00e9d\u00e9rales | Un sondage ne fait pas le printemps<\/a><\/span><\/p>\n<p>&nbsp;<\/p>\n<p>[\/et_pb_toggle][\/et_pb_column][\/et_pb_row][et_pb_row _builder_version=&#8221;4.27.4&#8243; _module_preset=&#8221;default&#8221; global_colors_info=&#8221;{}&#8221;][et_pb_column type=&#8221;4_4&#8243; _builder_version=&#8221;4.27.4&#8243; _module_preset=&#8221;default&#8221; global_colors_info=&#8221;{}&#8221;][et_pb_toggle title=&#8221;Podcast&#8221; _builder_version=&#8221;4.27.4&#8243; _module_preset=&#8221;default&#8221; hover_enabled=&#8221;0&#8243; global_colors_info=&#8221;{}&#8221; sticky_enabled=&#8221;0&#8243;]<\/p>\n<p>Joanie Bouchard \u2013 Radio Canada Ohdio \u2013 2025|05|01<br \/><a href=\"https:\/\/ici.radio-canada.ca\/ohdio\/premiere\/emissions\/sur-le-vif\/segments\/rattrapage\/2058676\/moins-femmes-elues-a-ottawa\">Moins de femmes si\u00e9geront \u00e0 Ottawa<\/a><\/p>\n<p>Emmanuel Choquette \u2013 107.7 Estrie \u2013 2025|04|30<br \/><a href=\"https:\/\/www.fm1077.ca\/audio\/695664\/consideres-comme-battus-les-liberaux-reconduits-au-pouvoir\">Consid\u00e9r\u00e9s comme battus, les lib\u00e9raux reconduits au pouvoir<\/a><\/p>\n<p>Catherine Ouellet \u2013 RFI \u2013 2025|04|29<br \/><a href=\"https:\/\/www.rfi.fr\/fr\/podcasts\/journal-d-ha%C3%AFti-et-des-am%C3%A9riques\/20250429-canada-quelle-marge-de-man%C5%93uvre-pour-mark-carney\">Canada : quelle marge de man\u0153uvre pour Mark Carney ?<\/a><\/p>\n<p>Emmanuel Choquette \u2013 107.7 Estrie \u2013 2025|04|24<br \/><a href=\"https:\/\/www.fm1077.ca\/audio\/694049\/une-campagne-electorale-sous-l-influence-de-donald-trump\">La chronique d\u2019Emmanuel Choquette | Une campagne \u00e9lectorale sous l\u2019influence de Donald Trump<\/a><\/p>\n<p>Yannick Dufresne \u2013 Radio Canada Ohdio \u2013 2025|04|22<br \/><a href=\"https:\/\/ici.radio-canada.ca\/ohdio\/premiere\/emissions\/bon-pied-bonne-heure\/segments\/rattrapage\/2051239\/entrevue-avec-yannick-dufresne\">Connaissez-vous la boussole \u00e9lectorale ?<\/a><\/p>\n<p>Emmanuel Choquette \u2013 Radio Canada \u2013 2025|04|17<br \/><a href=\"https:\/\/ici.radio-canada.ca\/nouvelle\/2157564\/debat-francais-chefs-elections-federales\">D\u00e9bat des chefs : qu\u2019en ont pens\u00e9 les Estriens? \u2013 Qui a gagn\u00e9 le d\u00e9bat ?<\/a><\/p>\n<p><span>Emmanuel Choquette \u2013 Radio Canada Ohdio \u2013 2025|04|17<br \/><a href=\"https:\/\/ici.radio-canada.ca\/ohdio\/premiere\/emissions\/Par-ici-l-info\/segments\/rattrapage\/2047899\/chronique-politique-avec-emmanuelle-choquette-un-debat-qui-m-a-laisse-sur-ma-fa\">Politique avec Emmanuel Choquette : \u00abUn d\u00e9bat qui m\u2019a laiss\u00e9 sur ma faim\u00bb<\/a><\/span><\/p>\n<p><span>Emmanuel Choquette \u2013 Radio Canada Ohdio \u2013 2025|04|15<br \/><a href=\"https:\/\/ici.radio-canada.ca\/ohdio\/premiere\/emissions\/phare-ouest\/segments\/rattrapage\/2046274\/influence-tiktok-sur-campagne-federale-emmanuel-choquette\">L\u2019influence de TikTok sur la campagne \u00e9lectorale f\u00e9d\u00e9rale<\/a><\/span><\/p>\n<p><span>Val\u00e9rie-Ann\u00e9 Mah\u00e9o \u2013 Radio Canada \u2013 2025|04|14<br \/><a href=\"https:\/\/ici.radio-canada.ca\/ohdio\/premiere\/emissions\/cest-jamais-pareil\/episodes\/927755\/rattrapage-lundi-14-avril-2025\">Rattrapage du lundi 14 avril 2025 \u2013 Les actualit\u00e9s r\u00e9gionales<\/a><\/span><\/p>\n<p><span>Emmanuel Choquette \u2013 107.7 Estrie \u2013 2025|04|09<br \/><a href=\"https:\/\/www.fm1077.ca\/audio\/691054\/carney-et-poilievre-se-distancient-de-l-ere-trudeau\">Carney et Poili\u00e8vre se distancient de l&#8217;\u00e8re Trudeau<\/a><\/span><\/p>\n<p><span>Emmanuel Choquette \u2013 107.7 Estrie \u2013 2025|04|02<br \/><a href=\"https:\/\/www.fm1077.ca\/audio\/689437\/une-analyse-de-la-presente-campagne-electorale\">Une analyse de la pr\u00e9sente campagne \u00e9lectorale<\/a><\/span><\/p>\n<p><span>Yannick Dufresne \u2013 Radio Canada Ohdio \u2013 2025|04|01<br \/><a href=\"https:\/\/ici.radio-canada.ca\/ohdio\/premiere\/emissions\/cote-a-cote\/segments\/rattrapage\/2033942\/savoir-pour-qui-voter-grace-a-boussole-electorale\">Savoir pour qui voter gr\u00e2ce \u00e0 la Boussole \u00e9lectorale<\/a><\/span><\/p>\n<p><span>Emmanuel Choquette \u2013 107.7 Estrie \u2013 2025|03|26<br \/><a href=\"https:\/\/www.fm1077.ca\/audio\/687820\/la-vulnerabilite-de-mark-carney\">La vuln\u00e9rabilit\u00e9 de Mark Carney<\/a><\/span><\/p>\n<p><span>Emmanuel Choquette \u2013 Radio Canada \u2013 2025|03|25<br \/><a href=\"https:\/\/ici.radio-canada.ca\/ohdio\/premiere\/emissions\/bon-pied-bonne-heure\/segments\/rattrapage\/2026537\/que-disent-slogans-et-pancartes-electorales-chaque-parti\">Que disent les pancartes \u00e9lectorales de chaque parti ?<\/a><\/span><\/p>\n<p>[\/et_pb_toggle][\/et_pb_column][\/et_pb_row][et_pb_row _builder_version=&#8221;4.27.4&#8243; _module_preset=&#8221;default&#8221; global_colors_info=&#8221;{}&#8221;][et_pb_column type=&#8221;4_4&#8243; _builder_version=&#8221;4.27.4&#8243; _module_preset=&#8221;default&#8221; global_colors_info=&#8221;{}&#8221;][et_pb_toggle title=&#8221;Television &#8211; Radio&#8221; _builder_version=&#8221;4.27.4&#8243; _module_preset=&#8221;default&#8221; hover_enabled=&#8221;0&#8243; global_colors_info=&#8221;{}&#8221; sticky_enabled=&#8221;0&#8243;]<\/p>\n<p>Emmanuel Choquette &#8211; Radio Canada &#8211; 2025|04|29<br \/><a href=\"https:\/\/ici.radio-canada.ca\/info\/videos\/1-10365144\/resultats-election-federale-sous-loupe-emmanuel-choquette\">Les r\u00e9sultats de l&#8217;\u00e9lection f\u00e9d\u00e9rale sous la loupe d&#8217;Emmanuel Choquette\u00a0<\/a><\/p>\n<p>Catherine Ouellet \u2013 ARTE TV \u2013 2025|04|29<br \/><a href=\"https:\/\/www.arte.tv\/fr\/videos\/125614-029-A\/canada-une-victoire-contre-trump\/\">Canada : une victoire contre Trump<\/a><\/p>\n<p>Emmanuel Choquette &#8211; 107.7 Estrie &#8211; 2025|04|23<br \/><a href=\"https:\/\/www.fm1077.ca\/audio\/694049\/une-campagne-electorale-sous-l-influence-de-donald-trump\">Une campagne \u00e9lectorale sous l\u2019influence de Donald Trump<\/a><\/p>\n<p>Andr\u00e9 Blais \u2013 Radio Canada Ohdio \u2013 2025|04|22<br \/><a href=\"https:\/\/ici.radio-canada.ca\/ohdio\/premiere\/emissions\/le-15-18\/segments\/rattrapage\/2051460\/73-millions-electeurs-ont-vote-par-anticipation-andre-blais-professeur\">7,3 millions de personnes ont vot\u00e9 par anticipation : Andr\u00e9 Blais, professeur<\/a><\/p>\n<p>Emmanuel Choquette \u2013 Radio Canada \u2013 2025|04|21<br \/><a href=\"https:\/\/ici.radio-canada.ca\/info\/videos\/1-10358735\/plus-qu-une-semaine-avant-vote\">Plus qu&#8217;une semaine avant le vote<\/a><\/p>\n<p>Emmanuel Choquette \u2013 Radio Canada \u2013 2025|04|14<br \/><a href=\"https:\/\/ici.radio-canada.ca\/info\/videos\/1-10353996\/a-deux-semaines-scrutin-analyse-avec-emmanuel-choquette\">\u00c0 deux semaines du scrutin : analyse avec Emmanuel Choquette<\/a><\/p>\n<p><span>Val\u00e9rie-Ann\u00e9 Mah\u00e9o \u2013 Radio Canada \u2013 2025|04|14<br \/><a href=\"https:\/\/ici.radio-canada.ca\/info\/videos\/1-10353996\/a-deux-semaines-scrutin-analyse-avec-emmanuel-choquette\">\u00c0 deux semaines du scrutin : analyse avec Emmanuel Choquette<\/a><\/span><\/p>\n<p><span>Val\u00e9rie-Ann\u00e9 Mah\u00e9o \u2013 Radio Canada \u2013 2025|04|14<br \/><a href=\"https:\/\/ici.radio-canada.ca\/tele\/le-telejournal-quebec\/site\/segments\/reportage\/2044704\/place-au-vote-sur-les-campus\">Place au vote sur les campus<\/a><\/span><\/p>\n<p><span>Catherine Ouellet \u2013 Arte TV \u2013 2025|04|13<br \/><a href=\"https:\/\/www.arte.tv\/fr\/videos\/122728-025-A\/canada-une-campagne-electorale-sous-pression\/\">Canada : une campagne \u00e9lectorale sous pression<\/a><\/span><\/p>\n<p><span>Catherine Ouellet \u2013 Noovo Info \u2013 2025|04|11<br \/><a href=\"https:\/\/www.noovo.info\/video\/jagmeet-singh-sur-tiktok-poilievre-sur-instagram-comment-se-debrouillent-les-chefs-de-partis-sur-les-reseaux-sociaux.html\">Singh sur TikTok, Poilievre sur Instagram: comment se d\u00e9brouillent les chefs sur les r\u00e9seaux sociaux?<\/a><\/span><\/p>\n<p><span>Emmanuel Choquette \u00a0\u2013 Radio Canada \u2013 2025|04|08<br \/><a href=\"https:\/\/ici.radio-canada.ca\/info\/videos\/1-10346148\/semaine-3-campagne-analyse-avec-emmanuel-choquette\">Semaine 3 de la campagne : analyse avec Emmanuel Choquette<\/a><\/span><\/p>\n<p><span>Polim\u00e8tre &#8211; Radio Canada &#8211; 2025|04|20<br \/><a href=\"https:\/\/ici.radio-canada.ca\/info\/long-format\/2148412\/bilan-justin-trudeau-parti-liberal-promesses-polimetre\">Que restera-t-il du legs de Justin Trudeau?<\/a><\/span><\/p>\n<p>&nbsp;<\/p>\n<p>[\/et_pb_toggle][\/et_pb_column][\/et_pb_row][\/et_pb_section]<\/p>\n","protected":false},"excerpt":{"rendered":"<p>The Canadian federal election has been called, for Monday, April 28, 2025. CSDC members commenting on the the election issuesFenwick McKelvey \u2013 Le Devoir \u2013 2025|05|03L\u2019infodivertissement \u00e0 l\u2019\u00e8re des r\u00e9seaux sociaux Fr\u00e9d\u00e9rick Bastien \u2013 La Presse \u2013 2025|05|01Des livres vivants comme antidotes aux pr\u00e9jug\u00e9s Marc-Andr\u00e9 Bodet \u2013 La Presse \u2013 2025|05|01Un Canada au centre Claire [&hellip;]<\/p>\n","protected":false},"author":1,"featured_media":0,"parent":0,"menu_order":0,"comment_status":"closed","ping_status":"closed","template":"","meta":{"_et_pb_use_builder":"on","_et_pb_old_content":"","_et_gb_content_width":"","footnotes":""},"class_list":["post-4845","page","type-page","status-publish","hentry"],"yoast_head":"<!-- This site is optimized with the Yoast SEO plugin v27.4 - https:\/\/yoast.com\/product\/yoast-seo-wordpress\/ -->\n<title>Federal elections 2025 - CECD - Centre pour l&#039;\u00e9tude de la citoyennet\u00e9 d\u00e9mocratique<\/title>\n<meta name=\"robots\" content=\"index, follow, max-snippet:-1, max-image-preview:large, max-video-preview:-1\" \/>\n<link rel=\"canonical\" href=\"https:\/\/csdc-cecd.ca\/elecrtions-federales-2025\/\" \/>\n<meta property=\"og:locale\" content=\"en_US\" \/>\n<meta property=\"og:type\" content=\"article\" \/>\n<meta property=\"og:title\" content=\"Federal elections 2025 - CECD - Centre pour l&#039;\u00e9tude de la citoyennet\u00e9 d\u00e9mocratique\" \/>\n<meta property=\"og:description\" content=\"The Canadian federal election has been called, for Monday, April 28, 2025. CSDC members commenting on the the election issuesFenwick McKelvey \u2013 Le Devoir \u2013 2025|05|03L\u2019infodivertissement \u00e0 l\u2019\u00e8re des r\u00e9seaux sociaux Fr\u00e9d\u00e9rick Bastien \u2013 La Presse \u2013 2025|05|01Des livres vivants comme antidotes aux pr\u00e9jug\u00e9s Marc-Andr\u00e9 Bodet \u2013 La Presse \u2013 2025|05|01Un Canada au centre Claire [&hellip;]\" \/>\n<meta property=\"og:url\" content=\"https:\/\/csdc-cecd.ca\/elecrtions-federales-2025\/\" \/>\n<meta property=\"og:site_name\" content=\"CECD - Centre pour l&#039;\u00e9tude de la citoyennet\u00e9 d\u00e9mocratique\" \/>\n<meta property=\"article:modified_time\" content=\"2025-05-06T15:34:34+00:00\" \/>\n<meta name=\"twitter:card\" content=\"summary_large_image\" \/>\n<meta name=\"twitter:label1\" content=\"Est. reading time\" \/>\n\t<meta name=\"twitter:data1\" content=\"5 minutes\" \/>\n<script type=\"application\/ld+json\" class=\"yoast-schema-graph\">{\"@context\":\"https:\\\/\\\/schema.org\",\"@graph\":[{\"@type\":\"WebPage\",\"@id\":\"https:\\\/\\\/csdc-cecd.ca\\\/elecrtions-federales-2025\\\/\",\"url\":\"https:\\\/\\\/csdc-cecd.ca\\\/elecrtions-federales-2025\\\/\",\"name\":\"Federal elections 2025 - CECD - Centre pour l&#039;\u00e9tude de la citoyennet\u00e9 d\u00e9mocratique\",\"isPartOf\":{\"@id\":\"https:\\\/\\\/csdc-cecd.ca\\\/#website\"},\"datePublished\":\"2025-04-16T17:40:20+00:00\",\"dateModified\":\"2025-05-06T15:34:34+00:00\",\"breadcrumb\":{\"@id\":\"https:\\\/\\\/csdc-cecd.ca\\\/elecrtions-federales-2025\\\/#breadcrumb\"},\"inLanguage\":\"en-US\",\"potentialAction\":[{\"@type\":\"ReadAction\",\"target\":[\"https:\\\/\\\/csdc-cecd.ca\\\/elecrtions-federales-2025\\\/\"]}]},{\"@type\":\"BreadcrumbList\",\"@id\":\"https:\\\/\\\/csdc-cecd.ca\\\/elecrtions-federales-2025\\\/#breadcrumb\",\"itemListElement\":[{\"@type\":\"ListItem\",\"position\":1,\"name\":\"Accueil\",\"item\":\"https:\\\/\\\/csdc-cecd.ca\\\/en\\\/\"},{\"@type\":\"ListItem\",\"position\":2,\"name\":\"Federal elections 2025\"}]},{\"@type\":\"WebSite\",\"@id\":\"https:\\\/\\\/csdc-cecd.ca\\\/#website\",\"url\":\"https:\\\/\\\/csdc-cecd.ca\\\/\",\"name\":\"CECD - Centre pour l&#039;\u00e9tude de la citoyennet\u00e9 d\u00e9mocratique\",\"description\":\"\",\"potentialAction\":[{\"@type\":\"SearchAction\",\"target\":{\"@type\":\"EntryPoint\",\"urlTemplate\":\"https:\\\/\\\/csdc-cecd.ca\\\/?s={search_term_string}\"},\"query-input\":{\"@type\":\"PropertyValueSpecification\",\"valueRequired\":true,\"valueName\":\"search_term_string\"}}],\"inLanguage\":\"en-US\"}]}<\/script>\n<!-- \/ Yoast SEO plugin. -->","yoast_head_json":{"title":"Federal elections 2025 - CECD - Centre pour l&#039;\u00e9tude de la citoyennet\u00e9 d\u00e9mocratique","robots":{"index":"index","follow":"follow","max-snippet":"max-snippet:-1","max-image-preview":"max-image-preview:large","max-video-preview":"max-video-preview:-1"},"canonical":"https:\/\/csdc-cecd.ca\/elecrtions-federales-2025\/","og_locale":"en_US","og_type":"article","og_title":"Federal elections 2025 - CECD - Centre pour l&#039;\u00e9tude de la citoyennet\u00e9 d\u00e9mocratique","og_description":"The Canadian federal election has been called, for Monday, April 28, 2025. CSDC members commenting on the the election issuesFenwick McKelvey \u2013 Le Devoir \u2013 2025|05|03L\u2019infodivertissement \u00e0 l\u2019\u00e8re des r\u00e9seaux sociaux Fr\u00e9d\u00e9rick Bastien \u2013 La Presse \u2013 2025|05|01Des livres vivants comme antidotes aux pr\u00e9jug\u00e9s Marc-Andr\u00e9 Bodet \u2013 La Presse \u2013 2025|05|01Un Canada au centre Claire [&hellip;]","og_url":"https:\/\/csdc-cecd.ca\/elecrtions-federales-2025\/","og_site_name":"CECD - Centre pour l&#039;\u00e9tude de la citoyennet\u00e9 d\u00e9mocratique","article_modified_time":"2025-05-06T15:34:34+00:00","twitter_card":"summary_large_image","twitter_misc":{"Est. reading time":"5 minutes"},"schema":{"@context":"https:\/\/schema.org","@graph":[{"@type":"WebPage","@id":"https:\/\/csdc-cecd.ca\/elecrtions-federales-2025\/","url":"https:\/\/csdc-cecd.ca\/elecrtions-federales-2025\/","name":"Federal elections 2025 - CECD - Centre pour l&#039;\u00e9tude de la citoyennet\u00e9 d\u00e9mocratique","isPartOf":{"@id":"https:\/\/csdc-cecd.ca\/#website"},"datePublished":"2025-04-16T17:40:20+00:00","dateModified":"2025-05-06T15:34:34+00:00","breadcrumb":{"@id":"https:\/\/csdc-cecd.ca\/elecrtions-federales-2025\/#breadcrumb"},"inLanguage":"en-US","potentialAction":[{"@type":"ReadAction","target":["https:\/\/csdc-cecd.ca\/elecrtions-federales-2025\/"]}]},{"@type":"BreadcrumbList","@id":"https:\/\/csdc-cecd.ca\/elecrtions-federales-2025\/#breadcrumb","itemListElement":[{"@type":"ListItem","position":1,"name":"Accueil","item":"https:\/\/csdc-cecd.ca\/en\/"},{"@type":"ListItem","position":2,"name":"Federal elections 2025"}]},{"@type":"WebSite","@id":"https:\/\/csdc-cecd.ca\/#website","url":"https:\/\/csdc-cecd.ca\/","name":"CECD - Centre pour l&#039;\u00e9tude de la citoyennet\u00e9 d\u00e9mocratique","description":"","potentialAction":[{"@type":"SearchAction","target":{"@type":"EntryPoint","urlTemplate":"https:\/\/csdc-cecd.ca\/?s={search_term_string}"},"query-input":{"@type":"PropertyValueSpecification","valueRequired":true,"valueName":"search_term_string"}}],"inLanguage":"en-US"}]}},"_links":{"self":[{"href":"https:\/\/csdc-cecd.ca\/en\/wp-json\/wp\/v2\/pages\/4845","targetHints":{"allow":["GET"]}}],"collection":[{"href":"https:\/\/csdc-cecd.ca\/en\/wp-json\/wp\/v2\/pages"}],"about":[{"href":"https:\/\/csdc-cecd.ca\/en\/wp-json\/wp\/v2\/types\/page"}],"author":[{"embeddable":true,"href":"https:\/\/csdc-cecd.ca\/en\/wp-json\/wp\/v2\/users\/1"}],"replies":[{"embeddable":true,"href":"https:\/\/csdc-cecd.ca\/en\/wp-json\/wp\/v2\/comments?post=4845"}],"version-history":[{"count":16,"href":"https:\/\/csdc-cecd.ca\/en\/wp-json\/wp\/v2\/pages\/4845\/revisions"}],"predecessor-version":[{"id":4939,"href":"https:\/\/csdc-cecd.ca\/en\/wp-json\/wp\/v2\/pages\/4845\/revisions\/4939"}],"wp:attachment":[{"href":"https:\/\/csdc-cecd.ca\/en\/wp-json\/wp\/v2\/media?parent=4845"}],"curies":[{"name":"wp","href":"https:\/\/api.w.org\/{rel}","templated":true}]}}