{"id":4891,"date":"2025-04-29T08:51:34","date_gmt":"2025-04-29T12:51:34","guid":{"rendered":"https:\/\/csdc-cecd.ca\/eiom-2025\/"},"modified":"2025-04-29T08:51:34","modified_gmt":"2025-04-29T12:51:34","slug":"eiom-2025","status":"publish","type":"page","link":"https:\/\/csdc-cecd.ca\/en\/eiom-2025\/","title":{"rendered":"\u00c9IOM 2025"},"content":{"rendered":"<p>[et_pb_section fb_built=&#8221;1&#8243; theme_builder_area=&#8221;post_content&#8221; _builder_version=&#8221;4.27.4&#8243; _module_preset=&#8221;default&#8221;][et_pb_row _builder_version=&#8221;4.27.4&#8243; _module_preset=&#8221;default&#8221; theme_builder_area=&#8221;post_content&#8221;][et_pb_column _builder_version=&#8221;4.27.4&#8243; _module_preset=&#8221;default&#8221; type=&#8221;4_4&#8243; theme_builder_area=&#8221;post_content&#8221;][et_pb_image src=&#8221;https:\/\/csdc-cecd.ca\/wp-content\/uploads\/2025\/04\/Capture-decran-2025-04-28-151607.png&#8221; _builder_version=&#8221;4.27.4&#8243; _module_preset=&#8221;default&#8221; theme_builder_area=&#8221;post_content&#8221; title_text=&#8221;Capture d\u2019\u00e9cran 2025-04-28 151607&#8243; hover_enabled=&#8221;0&#8243; sticky_enabled=&#8221;0&#8243;][\/et_pb_image][\/et_pb_column][\/et_pb_row][et_pb_row _builder_version=&#8221;4.27.4&#8243; _module_preset=&#8221;default&#8221; theme_builder_area=&#8221;post_content&#8221;][et_pb_column _builder_version=&#8221;4.27.4&#8243; _module_preset=&#8221;default&#8221; type=&#8221;4_4&#8243; theme_builder_area=&#8221;post_content&#8221;][et_pb_text _builder_version=&#8221;4.27.4&#8243; _module_preset=&#8221;default&#8221; theme_builder_area=&#8221;post_content&#8221; hover_enabled=&#8221;0&#8243; sticky_enabled=&#8221;0&#8243;]<\/p>\n<p>L\u2019\u00c9cole interdisciplinaire outils &amp; m\u00e9thodes (EIOM), la plus importante \u00e9cole d\u2019\u00e9t\u00e9 francophone d\u00e9di\u00e9e aux m\u00e9thodes de recherche empirique, est de retour pour une 5e \u00e9dition! L\u2019EIOM se tiendra du 25 au 29 ao\u00fbt 2025 \u00e0 l\u2019Universit\u00e9 Laval et propose plusieurs parcours sur les m\u00e9thodes et outils de recherche. Une s\u00e9rie d\u2019ateliers sur des outils de recherche pr\u00e9sent\u00e9s par des professeur\u00b7es et sp\u00e9cialistes reconnu\u00b7es dans le domaine de la recherche est offerte pendant la semaine! L\u2019EIOM est ouverte \u00e0 tou\u00b7tes les \u00e9tudiant\u00b7es et professionnel\u00b7les d\u00e9sirant perfectionner leurs connaissances m\u00e9thodologiques, peu importe leur discipline \u2013 avec la possibilit\u00e9 d\u2019obtenir 3 cr\u00e9dits pour les cinq jours de cours. Pour plus d\u2019information et pour vous inscrire : https:\/\/eiom.ca\/ Suivez-nous sur\u00a0<\/p>\n<p>[\/et_pb_text][\/et_pb_column][\/et_pb_row][\/et_pb_section]<\/p>\n","protected":false},"excerpt":{"rendered":"<p>L\u2019\u00c9cole interdisciplinaire outils &amp; m\u00e9thodes (EIOM), la plus importante \u00e9cole d\u2019\u00e9t\u00e9 francophone d\u00e9di\u00e9e aux m\u00e9thodes de recherche empirique, est de retour pour une 5e \u00e9dition! L\u2019EIOM se tiendra du 25 au 29 ao\u00fbt 2025 \u00e0 l\u2019Universit\u00e9 Laval et propose plusieurs parcours sur les m\u00e9thodes et outils de recherche. Une s\u00e9rie d\u2019ateliers sur des outils de [&hellip;]<\/p>\n","protected":false},"author":1,"featured_media":0,"parent":0,"menu_order":0,"comment_status":"closed","ping_status":"closed","template":"","meta":{"_et_pb_use_builder":"on","_et_pb_old_content":"","_et_gb_content_width":"","footnotes":""},"class_list":["post-4891","page","type-page","status-publish","hentry"],"yoast_head":"<!-- This site is optimized with the Yoast SEO plugin v27.5 - https:\/\/yoast.com\/product\/yoast-seo-wordpress\/ -->\n<title>\u00c9IOM 2025 - CECD - Centre pour l&#039;\u00e9tude de la citoyennet\u00e9 d\u00e9mocratique<\/title>\n<meta name=\"robots\" content=\"index, follow, max-snippet:-1, max-image-preview:large, max-video-preview:-1\" \/>\n<link rel=\"canonical\" href=\"https:\/\/csdc-cecd.ca\/en\/eiom-2025\/\" \/>\n<meta property=\"og:locale\" content=\"en_US\" \/>\n<meta property=\"og:type\" content=\"article\" \/>\n<meta property=\"og:title\" content=\"\u00c9IOM 2025 - CECD - Centre pour l&#039;\u00e9tude de la citoyennet\u00e9 d\u00e9mocratique\" \/>\n<meta property=\"og:description\" content=\"L\u2019\u00c9cole interdisciplinaire outils &amp; m\u00e9thodes (EIOM), la plus importante \u00e9cole d\u2019\u00e9t\u00e9 francophone d\u00e9di\u00e9e aux m\u00e9thodes de recherche empirique, est de retour pour une 5e \u00e9dition! L\u2019EIOM se tiendra du 25 au 29 ao\u00fbt 2025 \u00e0 l\u2019Universit\u00e9 Laval et propose plusieurs parcours sur les m\u00e9thodes et outils de recherche. Une s\u00e9rie d\u2019ateliers sur des outils de [&hellip;]\" \/>\n<meta property=\"og:url\" content=\"https:\/\/csdc-cecd.ca\/en\/eiom-2025\/\" \/>\n<meta property=\"og:site_name\" content=\"CECD - Centre pour l&#039;\u00e9tude de la citoyennet\u00e9 d\u00e9mocratique\" \/>\n<meta name=\"twitter:card\" content=\"summary_large_image\" \/>\n<meta name=\"twitter:label1\" content=\"Est. reading time\" \/>\n\t<meta name=\"twitter:data1\" content=\"1 minute\" \/>\n<script type=\"application\/ld+json\" class=\"yoast-schema-graph\">{\"@context\":\"https:\\\/\\\/schema.org\",\"@graph\":[{\"@type\":\"WebPage\",\"@id\":\"https:\\\/\\\/csdc-cecd.ca\\\/en\\\/eiom-2025\\\/\",\"url\":\"https:\\\/\\\/csdc-cecd.ca\\\/en\\\/eiom-2025\\\/\",\"name\":\"\u00c9IOM 2025 - CECD - Centre pour l&#039;\u00e9tude de la citoyennet\u00e9 d\u00e9mocratique\",\"isPartOf\":{\"@id\":\"https:\\\/\\\/csdc-cecd.ca\\\/#website\"},\"datePublished\":\"2025-04-29T12:51:34+00:00\",\"breadcrumb\":{\"@id\":\"https:\\\/\\\/csdc-cecd.ca\\\/en\\\/eiom-2025\\\/#breadcrumb\"},\"inLanguage\":\"en-US\",\"potentialAction\":[{\"@type\":\"ReadAction\",\"target\":[\"https:\\\/\\\/csdc-cecd.ca\\\/en\\\/eiom-2025\\\/\"]}]},{\"@type\":\"BreadcrumbList\",\"@id\":\"https:\\\/\\\/csdc-cecd.ca\\\/en\\\/eiom-2025\\\/#breadcrumb\",\"itemListElement\":[{\"@type\":\"ListItem\",\"position\":1,\"name\":\"Accueil\",\"item\":\"https:\\\/\\\/csdc-cecd.ca\\\/en\\\/\"},{\"@type\":\"ListItem\",\"position\":2,\"name\":\"\u00c9IOM 2025\"}]},{\"@type\":\"WebSite\",\"@id\":\"https:\\\/\\\/csdc-cecd.ca\\\/#website\",\"url\":\"https:\\\/\\\/csdc-cecd.ca\\\/\",\"name\":\"CECD - Centre pour l&#039;\u00e9tude de la citoyennet\u00e9 d\u00e9mocratique\",\"description\":\"\",\"potentialAction\":[{\"@type\":\"SearchAction\",\"target\":{\"@type\":\"EntryPoint\",\"urlTemplate\":\"https:\\\/\\\/csdc-cecd.ca\\\/?s={search_term_string}\"},\"query-input\":{\"@type\":\"PropertyValueSpecification\",\"valueRequired\":true,\"valueName\":\"search_term_string\"}}],\"inLanguage\":\"en-US\"}]}<\/script>\n<!-- \/ Yoast SEO plugin. -->","yoast_head_json":{"title":"\u00c9IOM 2025 - CECD - Centre pour l&#039;\u00e9tude de la citoyennet\u00e9 d\u00e9mocratique","robots":{"index":"index","follow":"follow","max-snippet":"max-snippet:-1","max-image-preview":"max-image-preview:large","max-video-preview":"max-video-preview:-1"},"canonical":"https:\/\/csdc-cecd.ca\/en\/eiom-2025\/","og_locale":"en_US","og_type":"article","og_title":"\u00c9IOM 2025 - CECD - Centre pour l&#039;\u00e9tude de la citoyennet\u00e9 d\u00e9mocratique","og_description":"L\u2019\u00c9cole interdisciplinaire outils &amp; m\u00e9thodes (EIOM), la plus importante \u00e9cole d\u2019\u00e9t\u00e9 francophone d\u00e9di\u00e9e aux m\u00e9thodes de recherche empirique, est de retour pour une 5e \u00e9dition! L\u2019EIOM se tiendra du 25 au 29 ao\u00fbt 2025 \u00e0 l\u2019Universit\u00e9 Laval et propose plusieurs parcours sur les m\u00e9thodes et outils de recherche. Une s\u00e9rie d\u2019ateliers sur des outils de [&hellip;]","og_url":"https:\/\/csdc-cecd.ca\/en\/eiom-2025\/","og_site_name":"CECD - Centre pour l&#039;\u00e9tude de la citoyennet\u00e9 d\u00e9mocratique","twitter_card":"summary_large_image","twitter_misc":{"Est. reading time":"1 minute"},"schema":{"@context":"https:\/\/schema.org","@graph":[{"@type":"WebPage","@id":"https:\/\/csdc-cecd.ca\/en\/eiom-2025\/","url":"https:\/\/csdc-cecd.ca\/en\/eiom-2025\/","name":"\u00c9IOM 2025 - CECD - Centre pour l&#039;\u00e9tude de la citoyennet\u00e9 d\u00e9mocratique","isPartOf":{"@id":"https:\/\/csdc-cecd.ca\/#website"},"datePublished":"2025-04-29T12:51:34+00:00","breadcrumb":{"@id":"https:\/\/csdc-cecd.ca\/en\/eiom-2025\/#breadcrumb"},"inLanguage":"en-US","potentialAction":[{"@type":"ReadAction","target":["https:\/\/csdc-cecd.ca\/en\/eiom-2025\/"]}]},{"@type":"BreadcrumbList","@id":"https:\/\/csdc-cecd.ca\/en\/eiom-2025\/#breadcrumb","itemListElement":[{"@type":"ListItem","position":1,"name":"Accueil","item":"https:\/\/csdc-cecd.ca\/en\/"},{"@type":"ListItem","position":2,"name":"\u00c9IOM 2025"}]},{"@type":"WebSite","@id":"https:\/\/csdc-cecd.ca\/#website","url":"https:\/\/csdc-cecd.ca\/","name":"CECD - Centre pour l&#039;\u00e9tude de la citoyennet\u00e9 d\u00e9mocratique","description":"","potentialAction":[{"@type":"SearchAction","target":{"@type":"EntryPoint","urlTemplate":"https:\/\/csdc-cecd.ca\/?s={search_term_string}"},"query-input":{"@type":"PropertyValueSpecification","valueRequired":true,"valueName":"search_term_string"}}],"inLanguage":"en-US"}]}},"_links":{"self":[{"href":"https:\/\/csdc-cecd.ca\/en\/wp-json\/wp\/v2\/pages\/4891","targetHints":{"allow":["GET"]}}],"collection":[{"href":"https:\/\/csdc-cecd.ca\/en\/wp-json\/wp\/v2\/pages"}],"about":[{"href":"https:\/\/csdc-cecd.ca\/en\/wp-json\/wp\/v2\/types\/page"}],"author":[{"embeddable":true,"href":"https:\/\/csdc-cecd.ca\/en\/wp-json\/wp\/v2\/users\/1"}],"replies":[{"embeddable":true,"href":"https:\/\/csdc-cecd.ca\/en\/wp-json\/wp\/v2\/comments?post=4891"}],"version-history":[{"count":0,"href":"https:\/\/csdc-cecd.ca\/en\/wp-json\/wp\/v2\/pages\/4891\/revisions"}],"wp:attachment":[{"href":"https:\/\/csdc-cecd.ca\/en\/wp-json\/wp\/v2\/media?parent=4891"}],"curies":[{"name":"wp","href":"https:\/\/api.w.org\/{rel}","templated":true}]}}