{"id":4958,"date":"2025-05-06T11:24:07","date_gmt":"2025-05-06T15:24:07","guid":{"rendered":"https:\/\/csdc-cecd.ca\/?page_id=4958"},"modified":"2025-06-29T07:16:09","modified_gmt":"2025-06-29T11:16:09","slug":"2025-may","status":"publish","type":"page","link":"https:\/\/csdc-cecd.ca\/en\/2025-may\/","title":{"rendered":"2025 &#8211; May"},"content":{"rendered":"<p>[et_pb_section fb_built=&#8221;1&#8243; _builder_version=&#8221;4.27.4&#8243; _module_preset=&#8221;default&#8221; global_colors_info=&#8221;{}&#8221;][et_pb_row _builder_version=&#8221;4.27.4&#8243; _module_preset=&#8221;default&#8221; global_colors_info=&#8221;{}&#8221;][et_pb_column type=&#8221;4_4&#8243; _builder_version=&#8221;4.27.4&#8243; _module_preset=&#8221;default&#8221; global_colors_info=&#8221;{}&#8221;][et_pb_heading title=&#8221;2025 &#8211; May&#8221; _builder_version=&#8221;4.27.4&#8243; _module_preset=&#8221;default&#8221; global_colors_info=&#8221;{}&#8221;][\/et_pb_heading][et_pb_toggle title=&#8221;Scientific Articles&#8221; _builder_version=&#8221;4.27.4&#8243; _module_preset=&#8221;default&#8221; hover_enabled=&#8221;0&#8243; global_colors_info=&#8221;{}&#8221; sticky_enabled=&#8221;0&#8243;]<\/p>\n<p>Alcantara, C., <strong>A. Harell<\/strong> , L. Stephenson, M Payler<br \/><a href=\"https:\/\/www.cambridge.org\/core\/journals\/journal-of-race-ethnicity-and-politics\/article\/determinants-of-attitudes-toward-reconciliation-with-indigenous-peoples\/EEF259157B39C8CEEFF422DE083696FB\">Determinants of Attitudes Toward Reconciliation with Indigenous Peoples<\/a><br \/>The Journal of Race, Ethnicity, and Politics<br \/>2025<\/p>\n<p><strong>Baccini, L.<\/strong>, J. Hicks, P. Rettl<br \/><a href=\"chrome-extension:\/\/efaidnbmnnnibpcajpcglclefindmkaj\/https:\/\/gripe.polisci.ucla.edu\/wp-content\/uploads\/sites\/121\/2025\/02\/GRIPE_S12E02_Baccini.pdf\">Populism and Political Trust: Evidence from Latin America<\/a><br \/>2025<\/p>\n<p><strong>Blais, A.<\/strong>, J-F. Daoust, <strong>R. Dassonneville, P. Fournier<br \/><\/strong><a href=\"https:\/\/www.cambridge.org\/core\/journals\/canadian-journal-of-political-science-revue-canadienne-de-science-politique\/article\/losers-consent-in-a-deliberative-assembly\/D277E9DAC170C13D01F70BF9EBC44903\">Losers\u2019 Consent in a Deliberative Assembly<\/a><br \/>Canadian Journal of Political Science<br \/>2025<\/p>\n<p>Gajevic Sayegh, A.,H. Cadieux, <strong>C. Ouellet<\/strong>, J. Desrosiers, <strong>Y. Dufresne<\/strong><br \/><a href=\"chrome-extension:\/\/efaidnbmnnnibpcajpcglclefindmkaj\/https:\/\/www.tandfonline.com\/doi\/pdf\/10.1080\/21550085.2025.2496835\">Just Transition and Social Acceptability: A Canadian Case<\/a><br \/>Ethics, Policy &amp; Environment<br \/>2025<\/p>\n<p>Kurdi, B., K. Okura, <strong>E. Hehman<\/strong>, M.J. Ferguson<br \/><a href=\"https:\/\/www.nature.com\/articles\/s41598-025-98384-3\">Cognitive underpinnings and ecological correlates of implicit bias against non-Americans in the United States<\/a><br \/>Scientific Reports,<br \/>2025<\/p>\n<p>Levasseur, A., M. Pelletier-Dumas,\u00a0\u00c9. Lacourse, J-M. Lina\u00a05,\u00a0G. Simonelli\u00a0,\u00a0<strong>R. de la Sablonni\u00e8re<\/strong><br \/><a href=\"https:\/\/pmc.ncbi.nlm.nih.gov\/articles\/PMC12057171\/%20\">Sleep duration and quality trajectories during the early days of the COVID-19 pandemic: a Canadian nationally representative study<\/a><br \/>BMC Public Health<\/p>\n<p>Romualdi, T., T. Girard, M. Turgeon, <strong>Y. Dufresne<\/strong>, T. Lida, T. Matsubayashi<br \/><a href=\"https:\/\/www.tandfonline.com\/doi\/full\/10.1080\/13669877.2025.2491089\">The multidimensional structure of risk: how dread and controllability shape attitudes toward artificial intelligence<\/a><br \/>Journal of Risk Research<br \/>2025<\/p>\n<p>Turkoglu, A., S. Fang, E. Barker, G. Arasatnam, V. Lane, A. Panaccio, <strong>M. Doucerain<\/strong>, D. Rabinovich, C. Tuong Nguyen<br \/><a href=\"https:\/\/www.tandfonline.com\/doi\/abs\/10.1080\/28367138.2025.2505574\">More Than Academics: Time Use and Friendship Stress Also Covary with Canadian University Students\u2019 Mental Health Symptoms Across the Academic Year<\/a><br \/>Journal of College Student Mental Health<br \/>2025<\/p>\n<p>[\/et_pb_toggle][et_pb_toggle title=&#8221;Book \/ Book Chapter&#8221; _builder_version=&#8221;4.27.4&#8243; _module_preset=&#8221;default&#8221; hover_enabled=&#8221;0&#8243; global_colors_info=&#8221;{}&#8221; sticky_enabled=&#8221;0&#8243;]<\/p>\n<p class=\"et_pb_toggle_title\"><strong>Forest, B<\/strong>.<br \/><a href=\"https:\/\/onlinelibrary.wiley.com\/doi\/10.1002\/9781119753995.ch23\">Nationalism and Nation-Building<\/a> in The Wiley Blackwell Companion to Political Geography, V. Mamadouh, N. Koch, CYW., John Agnew (eds)<br \/>John Wiley &amp; Sons Ltd<br \/>2025<\/p>\n<p>[\/et_pb_toggle][\/et_pb_column][\/et_pb_row][et_pb_row _builder_version=&#8221;4.27.4&#8243; _module_preset=&#8221;default&#8221; global_colors_info=&#8221;{}&#8221;][et_pb_column type=&#8221;4_4&#8243; _builder_version=&#8221;4.27.4&#8243; _module_preset=&#8221;default&#8221; global_colors_info=&#8221;{}&#8221;][et_pb_divider color=&#8221;#000000&#8243; _builder_version=&#8221;4.27.4&#8243; _module_preset=&#8221;default&#8221; global_colors_info=&#8221;{}&#8221;][\/et_pb_divider][\/et_pb_column][\/et_pb_row][et_pb_row _builder_version=&#8221;4.27.4&#8243; _module_preset=&#8221;default&#8221; global_colors_info=&#8221;{}&#8221;][et_pb_column type=&#8221;4_4&#8243; _builder_version=&#8221;4.27.4&#8243; _module_preset=&#8221;default&#8221; global_colors_info=&#8221;{}&#8221;][et_pb_toggle title=&#8221;Media&#8221; _builder_version=&#8221;4.27.4&#8243; _module_preset=&#8221;default&#8221; global_colors_info=&#8221;{}&#8221;]<\/p>\n<p>Fenwick McKelvey \u2013 Open Canada \u2013 2025|05|26<br \/><a href=\"https:\/\/opencanada.org\/the-ai-threat-to-canadian-democracy-fighting-for-digital-sovereignty\/\">The AI Threat to Canadian Democracy: Fighting for Digital Sovereignty<\/a><\/p>\n<p>Roxanne de la Sablonni\u00e8re \u2013 La Presse \u2013 2025|05|26<br \/><a href=\"https:\/\/www.lapresse.ca\/dialogue\/chroniques\/2025-05-26\/quatre-facons-de-tenir-tete-a-trump.php\">Quatre fa\u00e7ons de tenir t\u00eate \u00e0 Trump<\/a><\/p>\n<p>Eran Shor \u2013 NeuroScience \u2013 2025|05|14<br \/><a href=\"https:\/\/neurosciencenews.com\/psychology-incel-work-avoidance-28918\/\">Incel Culture Links Work Avoidance to Group Loyalty<\/a><\/p>\n<p>Eran Shor \u2013 Phys.org\u2013 2025|05|13<br \/><a href=\"https:\/\/phys.org\/news\/2025-05-incels-ideological-rationale-peer-pressure.html\">Some incels offer an ideological rationale, reinforced by peer pressure, for not working or studying<\/a><\/p>\n<p>Fenwick McKelvey \u2013 L\u2019Express Canada \u2013 2025|05|13<br \/><a href=\"https:\/\/l-express.ca\/les-reseaux-sociaux-encourage-infodivertissement\/\">Les r\u00e9seaux sociaux encourage l\u2019infodivertissement<\/a><\/p>\n<p>Emmanuel Choquette \u2013 Radio Canada \u2013 2025|05|13<br \/><a href=\"https:\/\/ici.radio-canada.ca\/nouvelle\/2164742\/cabinet-carney-briere-st-onge-bibeau\">Pas de ministre estrien dans le cabinet Carney<\/a><\/p>\n<p>Thierry Giasson \u2013 ULaval Nouvelles \u2013 2025|05|12<br \/><a href=\"https:\/\/nouvelles.ulaval.ca\/2025\/05\/12\/trois-questions-sur-la-decote-de-l'environnement-parmi-les-priorites-au-pays-c8081943-8585-4dc9-87ee-81224b3534f4\">Trois questions sur la d\u00e9cote de l&#8217;environnement parmi les priorit\u00e9s au pays<\/a><\/p>\n<p>Marc-Andr\u00e9 Bodet \u2013 La Presse \u2013 2025|05|09<br \/><a href=\"https:\/\/www.lapresse.ca\/dialogue\/chroniques\/2025-05-09\/et-si-on-reformait-le-mode-de-scrutin.php\">Et si on reformait le mode de scrutin<\/a><\/p>\n<p>Fenwick McKelvey \u00a0\u2013 LSE Blogs \u2013 2025|05|06<br \/><a href=\"https:\/\/blogs.lse.ac.uk\/businessreview\/2025\/05\/06\/how-data-governance-happens-and-why-it-matters\/\">How data governance happens (and why it matters)<\/a><\/p>\n<p>Marc-Andr\u00e9 Bodet \u00a0\u2013 iPolitics \u2013 2025|05|08<br \/><a href=\"https:\/\/www.ipolitics.ca\/news\/quebec-politics-in-upheaval-as-pq-jumps-ahead-in-polls-legaults-popularity-drops\">Quebec politics in upheaval as PQ jumps ahead in polls, Legault\u2019s popularity drops<\/a><\/p>\n<p>Emmanuel Choquette \u2013 La Tribune \u2013 2025|05|03<br \/><a href=\"https:\/\/www.latribune.ca\/actualites\/actualites-locales\/sherbrooke\/2024\/05\/03\/quitter-la-chefferie-de-sherbrooke-citoyen-une-bonne-decision-strategique-develyne-beaudin-YPRDSUB3O5DVRLX5AGMJLD3LUI\/\">Quitter la chefferie de Sherbrooke Citoyen, une \u00abbonne d\u00e9cision\u00bb strat\u00e9gique d\u2019\u00c9velyne Beaudin<\/a><\/p>\n<p>Fenwick McKelvey \u2013 Le Devoir \u2013 2025|05|03<br \/><a href=\"https:\/\/www.ledevoir.com\/societe\/874240\/infodivertissement-ere-reseaux-sociaux\">L\u2019infodivertissement \u00e0 l\u2019\u00e8re des r\u00e9seaux sociaux<\/a><\/p>\n<p>Fr\u00e9d\u00e9rick Bastien \u2013 La Presse \u2013 2025|05|01<br \/><a href=\"https:\/\/www.lapresse.ca\/actualites\/chroniques\/des-livres-vivants-comme-antidotes-aux-prejuges\/2025-05-04\/ca-peut-arriver-a-tout-le-monde.php\">Des livres vivants comme antidotes aux pr\u00e9jug\u00e9s<\/a><\/p>\n<p>Marc-Andr\u00e9 Bodet \u2013 La Presse \u2013 2025|05|01<br \/><a href=\"https:\/\/www.lapresse.ca\/dialogue\/chroniques\/2025-05-01\/un-graphique-qui-dit-tout\/un-canada-au-centre.php\">Un Canada au centre<\/a><\/p>\n<p>Claire Durand \u2013 La Presse \u2013 2025|05|01<br \/><a href=\"https:\/\/www.lapresse.ca\/dialogue\/opinions\/2025-05-01\/les-sondages-et-le-vote-lendemain-de-veille.php\">Les sondages et le vote, lendemain de veille<\/a><\/p>\n<p>[\/et_pb_toggle][\/et_pb_column][\/et_pb_row][et_pb_row _builder_version=&#8221;4.27.4&#8243; _module_preset=&#8221;default&#8221; global_colors_info=&#8221;{}&#8221;][et_pb_column type=&#8221;4_4&#8243; _builder_version=&#8221;4.27.4&#8243; _module_preset=&#8221;default&#8221; global_colors_info=&#8221;{}&#8221;][et_pb_toggle title=&#8221;Podcast&#8221; _builder_version=&#8221;4.27.4&#8243; _module_preset=&#8221;default&#8221; global_colors_info=&#8221;{}&#8221;]<\/p>\n<p>Emmanuel Choquette \u2013 107.7 Estrie \u2013 2025|05|21<br \/><a href=\"https:\/\/www.fm1077.ca\/audio\/700313\/taxe-carbone-tout-le-monde-veut-aller-au-ciel-mais-personne-ne-veut-mourir\">Taxe carbone: tout le monde veut aller au ciel, mais personne ne veut mourir&#8230;<\/a><\/p>\n<p>Emmanuel Choquette \u2013 107.7 Estrie \u2013 2025|05|15<a href=\"https:\/\/www.fm1077.ca\/audio\/698926\/sondage-c-est-la-chute-pour-la-caq\"><br \/>La chronique d\u2019Emmanuel Choquette | Sondage: c\u2019est la chute pour la CAQ<\/a><\/p>\n<p>Emmanuel Choquette \u2013 107.7 Estrie \u2013 2025|05|07<br \/><a href=\"https:\/\/www.fm1077.ca\/audio\/697304\/des-rencontres-toujours-spectaculaires-avec-donald-trump\">La chronique d\u2019Emmanuel Choquette | Des rencontres toujours spectaculaires avec Donald Trump<\/a><\/p>\n<p>Joanie Bouchard \u2013 Radio Canada Ohdio \u2013 2025|05|01<br \/><a href=\"https:\/\/ici.radio-canada.ca\/ohdio\/premiere\/emissions\/sur-le-vif\/segments\/rattrapage\/2058676\/moins-femmes-elues-a-ottawa\">Moins de femmes si\u00e9geront \u00e0 Ottawa<\/a><\/p>\n<p>[\/et_pb_toggle][\/et_pb_column][\/et_pb_row][\/et_pb_section]<\/p>\n","protected":false},"excerpt":{"rendered":"<p>Alcantara, C., A. Harell , L. Stephenson, M PaylerDeterminants of Attitudes Toward Reconciliation with Indigenous PeoplesThe Journal of Race, Ethnicity, and Politics2025 Baccini, L., J. Hicks, P. RettlPopulism and Political Trust: Evidence from Latin America2025 Blais, A., J-F. Daoust, R. Dassonneville, P. FournierLosers\u2019 Consent in a Deliberative AssemblyCanadian Journal of Political Science2025 Gajevic Sayegh, A.,H. [&hellip;]<\/p>\n","protected":false},"author":1,"featured_media":0,"parent":0,"menu_order":0,"comment_status":"closed","ping_status":"closed","template":"","meta":{"_et_pb_use_builder":"on","_et_pb_old_content":"","_et_gb_content_width":"","footnotes":""},"class_list":["post-4958","page","type-page","status-publish","hentry"],"yoast_head":"<!-- This site is optimized with the Yoast SEO plugin v27.4 - https:\/\/yoast.com\/product\/yoast-seo-wordpress\/ -->\n<title>2025 - May - CECD - Centre pour l&#039;\u00e9tude de la citoyennet\u00e9 d\u00e9mocratique<\/title>\n<meta name=\"robots\" content=\"index, follow, max-snippet:-1, max-image-preview:large, max-video-preview:-1\" \/>\n<link rel=\"canonical\" href=\"https:\/\/csdc-cecd.ca\/en\/2025-may\/\" \/>\n<meta property=\"og:locale\" content=\"en_US\" \/>\n<meta property=\"og:type\" content=\"article\" \/>\n<meta property=\"og:title\" content=\"2025 - May - CECD - Centre pour l&#039;\u00e9tude de la citoyennet\u00e9 d\u00e9mocratique\" \/>\n<meta property=\"og:description\" content=\"Alcantara, C., A. Harell , L. Stephenson, M PaylerDeterminants of Attitudes Toward Reconciliation with Indigenous PeoplesThe Journal of Race, Ethnicity, and Politics2025 Baccini, L., J. Hicks, P. RettlPopulism and Political Trust: Evidence from Latin America2025 Blais, A., J-F. Daoust, R. Dassonneville, P. FournierLosers\u2019 Consent in a Deliberative AssemblyCanadian Journal of Political Science2025 Gajevic Sayegh, A.,H. [&hellip;]\" \/>\n<meta property=\"og:url\" content=\"https:\/\/csdc-cecd.ca\/en\/2025-may\/\" \/>\n<meta property=\"og:site_name\" content=\"CECD - Centre pour l&#039;\u00e9tude de la citoyennet\u00e9 d\u00e9mocratique\" \/>\n<meta property=\"article:modified_time\" content=\"2025-06-29T11:16:09+00:00\" \/>\n<meta name=\"twitter:card\" content=\"summary_large_image\" \/>\n<script type=\"application\/ld+json\" class=\"yoast-schema-graph\">{\"@context\":\"https:\\\/\\\/schema.org\",\"@graph\":[{\"@type\":\"WebPage\",\"@id\":\"https:\\\/\\\/csdc-cecd.ca\\\/en\\\/2025-may\\\/\",\"url\":\"https:\\\/\\\/csdc-cecd.ca\\\/en\\\/2025-may\\\/\",\"name\":\"2025 - May - CECD - Centre pour l&#039;\u00e9tude de la citoyennet\u00e9 d\u00e9mocratique\",\"isPartOf\":{\"@id\":\"https:\\\/\\\/csdc-cecd.ca\\\/#website\"},\"datePublished\":\"2025-05-06T15:24:07+00:00\",\"dateModified\":\"2025-06-29T11:16:09+00:00\",\"breadcrumb\":{\"@id\":\"https:\\\/\\\/csdc-cecd.ca\\\/en\\\/2025-may\\\/#breadcrumb\"},\"inLanguage\":\"en-US\",\"potentialAction\":[{\"@type\":\"ReadAction\",\"target\":[\"https:\\\/\\\/csdc-cecd.ca\\\/en\\\/2025-may\\\/\"]}]},{\"@type\":\"BreadcrumbList\",\"@id\":\"https:\\\/\\\/csdc-cecd.ca\\\/en\\\/2025-may\\\/#breadcrumb\",\"itemListElement\":[{\"@type\":\"ListItem\",\"position\":1,\"name\":\"Accueil\",\"item\":\"https:\\\/\\\/csdc-cecd.ca\\\/en\\\/\"},{\"@type\":\"ListItem\",\"position\":2,\"name\":\"2025 &#8211; May\"}]},{\"@type\":\"WebSite\",\"@id\":\"https:\\\/\\\/csdc-cecd.ca\\\/#website\",\"url\":\"https:\\\/\\\/csdc-cecd.ca\\\/\",\"name\":\"CECD - Centre pour l&#039;\u00e9tude de la citoyennet\u00e9 d\u00e9mocratique\",\"description\":\"\",\"potentialAction\":[{\"@type\":\"SearchAction\",\"target\":{\"@type\":\"EntryPoint\",\"urlTemplate\":\"https:\\\/\\\/csdc-cecd.ca\\\/?s={search_term_string}\"},\"query-input\":{\"@type\":\"PropertyValueSpecification\",\"valueRequired\":true,\"valueName\":\"search_term_string\"}}],\"inLanguage\":\"en-US\"}]}<\/script>\n<!-- \/ Yoast SEO plugin. -->","yoast_head_json":{"title":"2025 - May - CECD - Centre pour l&#039;\u00e9tude de la citoyennet\u00e9 d\u00e9mocratique","robots":{"index":"index","follow":"follow","max-snippet":"max-snippet:-1","max-image-preview":"max-image-preview:large","max-video-preview":"max-video-preview:-1"},"canonical":"https:\/\/csdc-cecd.ca\/en\/2025-may\/","og_locale":"en_US","og_type":"article","og_title":"2025 - May - CECD - Centre pour l&#039;\u00e9tude de la citoyennet\u00e9 d\u00e9mocratique","og_description":"Alcantara, C., A. Harell , L. Stephenson, M PaylerDeterminants of Attitudes Toward Reconciliation with Indigenous PeoplesThe Journal of Race, Ethnicity, and Politics2025 Baccini, L., J. Hicks, P. RettlPopulism and Political Trust: Evidence from Latin America2025 Blais, A., J-F. Daoust, R. Dassonneville, P. FournierLosers\u2019 Consent in a Deliberative AssemblyCanadian Journal of Political Science2025 Gajevic Sayegh, A.,H. [&hellip;]","og_url":"https:\/\/csdc-cecd.ca\/en\/2025-may\/","og_site_name":"CECD - Centre pour l&#039;\u00e9tude de la citoyennet\u00e9 d\u00e9mocratique","article_modified_time":"2025-06-29T11:16:09+00:00","twitter_card":"summary_large_image","schema":{"@context":"https:\/\/schema.org","@graph":[{"@type":"WebPage","@id":"https:\/\/csdc-cecd.ca\/en\/2025-may\/","url":"https:\/\/csdc-cecd.ca\/en\/2025-may\/","name":"2025 - May - CECD - Centre pour l&#039;\u00e9tude de la citoyennet\u00e9 d\u00e9mocratique","isPartOf":{"@id":"https:\/\/csdc-cecd.ca\/#website"},"datePublished":"2025-05-06T15:24:07+00:00","dateModified":"2025-06-29T11:16:09+00:00","breadcrumb":{"@id":"https:\/\/csdc-cecd.ca\/en\/2025-may\/#breadcrumb"},"inLanguage":"en-US","potentialAction":[{"@type":"ReadAction","target":["https:\/\/csdc-cecd.ca\/en\/2025-may\/"]}]},{"@type":"BreadcrumbList","@id":"https:\/\/csdc-cecd.ca\/en\/2025-may\/#breadcrumb","itemListElement":[{"@type":"ListItem","position":1,"name":"Accueil","item":"https:\/\/csdc-cecd.ca\/en\/"},{"@type":"ListItem","position":2,"name":"2025 &#8211; May"}]},{"@type":"WebSite","@id":"https:\/\/csdc-cecd.ca\/#website","url":"https:\/\/csdc-cecd.ca\/","name":"CECD - Centre pour l&#039;\u00e9tude de la citoyennet\u00e9 d\u00e9mocratique","description":"","potentialAction":[{"@type":"SearchAction","target":{"@type":"EntryPoint","urlTemplate":"https:\/\/csdc-cecd.ca\/?s={search_term_string}"},"query-input":{"@type":"PropertyValueSpecification","valueRequired":true,"valueName":"search_term_string"}}],"inLanguage":"en-US"}]}},"_links":{"self":[{"href":"https:\/\/csdc-cecd.ca\/en\/wp-json\/wp\/v2\/pages\/4958","targetHints":{"allow":["GET"]}}],"collection":[{"href":"https:\/\/csdc-cecd.ca\/en\/wp-json\/wp\/v2\/pages"}],"about":[{"href":"https:\/\/csdc-cecd.ca\/en\/wp-json\/wp\/v2\/types\/page"}],"author":[{"embeddable":true,"href":"https:\/\/csdc-cecd.ca\/en\/wp-json\/wp\/v2\/users\/1"}],"replies":[{"embeddable":true,"href":"https:\/\/csdc-cecd.ca\/en\/wp-json\/wp\/v2\/comments?post=4958"}],"version-history":[{"count":10,"href":"https:\/\/csdc-cecd.ca\/en\/wp-json\/wp\/v2\/pages\/4958\/revisions"}],"predecessor-version":[{"id":5233,"href":"https:\/\/csdc-cecd.ca\/en\/wp-json\/wp\/v2\/pages\/4958\/revisions\/5233"}],"wp:attachment":[{"href":"https:\/\/csdc-cecd.ca\/en\/wp-json\/wp\/v2\/media?parent=4958"}],"curies":[{"name":"wp","href":"https:\/\/api.w.org\/{rel}","templated":true}]}}