{"id":5116,"date":"2025-06-16T09:55:21","date_gmt":"2025-06-16T13:55:21","guid":{"rendered":"https:\/\/csdc-cecd.ca\/?page_id=5116"},"modified":"2025-08-08T08:32:52","modified_gmt":"2025-08-08T12:32:52","slug":"2025-june","status":"publish","type":"page","link":"https:\/\/csdc-cecd.ca\/en\/2025-june\/","title":{"rendered":"2025 &#8211; June"},"content":{"rendered":"<p>[et_pb_section fb_built=&#8221;1&#8243; _builder_version=&#8221;4.27.4&#8243; _module_preset=&#8221;default&#8221; global_colors_info=&#8221;{}&#8221;][et_pb_row _builder_version=&#8221;4.27.4&#8243; _module_preset=&#8221;default&#8221; global_colors_info=&#8221;{}&#8221;][et_pb_column type=&#8221;4_4&#8243; _builder_version=&#8221;4.27.4&#8243; _module_preset=&#8221;default&#8221; global_colors_info=&#8221;{}&#8221;][et_pb_heading title=&#8221;2025 &#8211; Jun.&#8221; _builder_version=&#8221;4.27.4&#8243; _module_preset=&#8221;default&#8221; global_colors_info=&#8221;{}&#8221;][\/et_pb_heading][\/et_pb_column][\/et_pb_row][et_pb_row _builder_version=&#8221;4.27.4&#8243; _module_preset=&#8221;default&#8221; global_colors_info=&#8221;{}&#8221;][et_pb_column type=&#8221;4_4&#8243; _builder_version=&#8221;4.27.4&#8243; _module_preset=&#8221;default&#8221; global_colors_info=&#8221;{}&#8221;][et_pb_toggle title=&#8221;Scientific articles&#8221; _builder_version=&#8221;4.27.4&#8243; _module_preset=&#8221;default&#8221; global_colors_info=&#8221;{}&#8221;]<\/p>\n<p>Beauvais, E., <strong>D. Stolle<\/strong><br \/><a href=\"https:\/\/doi.org\/10.1080\/10584609.2025.2514603\">Can the Communication Style of Social Media Videos Affect Listening Quality and Opinion Change?<\/a><br \/>Political Communication<br \/>2025<\/p>\n<p>Moury, C., <strong>J. Olivier<\/strong>, E. Ben Jelili<br \/><a href=\"chrome-extension:\/\/efaidnbmnnnibpcajpcglclefindmkaj\/https:\/\/journals.sagepub.com\/doi\/pdf\/10.1177\/00208523251342676\">Damned if you, damned if you don\u2019t: The politics of pandemic preparation as a grand challenge<\/a><br \/>International Review of Administrative Sciences<br \/>2025<\/p>\n<p>Pacheco, T., <strong>S. Coulombe<\/strong>, N.C. Kocovski, J, Carbone<br \/><a href=\"https:\/\/doi.org\/10.1016\/j.cpnec.2025.10028\">Workers\u2019 well-being during viral pandemics and epidemics: A scoping review<\/a><br \/>Comprehensive Psychoneuroendocrinology<br \/>2025<\/p>\n<p>[\/et_pb_toggle][\/et_pb_column][\/et_pb_row][et_pb_row _builder_version=&#8221;4.27.4&#8243; _module_preset=&#8221;default&#8221; global_colors_info=&#8221;{}&#8221;][et_pb_column type=&#8221;4_4&#8243; _builder_version=&#8221;4.27.4&#8243; _module_preset=&#8221;default&#8221; global_colors_info=&#8221;{}&#8221;][et_pb_toggle title=&#8221;Books | Chapters book&#8221; _builder_version=&#8221;4.27.4&#8243; _module_preset=&#8221;default&#8221; hover_enabled=&#8221;0&#8243; global_colors_info=&#8221;{}&#8221; sticky_enabled=&#8221;0&#8243;]<\/p>\n<p>Schimpf, C., L. Stephenson, <strong>A. Harell<\/strong><br \/><a href=\"https:\/\/utppublishing.com\/doi\/abs\/10.3138\/9781487551346#page=204\">Studying Voting Behaviour in Elections: Theory and Explanation in Elections<\/a> in Canada People, Players, and Processes, T. Small, R. Koop (eds)<br \/>University of Toronto Press<br \/>2025<\/p>\n<p>[\/et_pb_toggle][\/et_pb_column][\/et_pb_row][et_pb_row _builder_version=&#8221;4.27.4&#8243; _module_preset=&#8221;default&#8221; global_colors_info=&#8221;{}&#8221;][et_pb_column type=&#8221;4_4&#8243; _builder_version=&#8221;4.27.4&#8243; _module_preset=&#8221;default&#8221; global_colors_info=&#8221;{}&#8221;][et_pb_divider color=&#8221;#000000&#8243; _builder_version=&#8221;4.27.4&#8243; _module_preset=&#8221;default&#8221; global_colors_info=&#8221;{}&#8221;][\/et_pb_divider][\/et_pb_column][\/et_pb_row][et_pb_row _builder_version=&#8221;4.27.4&#8243; _module_preset=&#8221;default&#8221; global_colors_info=&#8221;{}&#8221;][et_pb_column type=&#8221;4_4&#8243; _builder_version=&#8221;4.27.4&#8243; _module_preset=&#8221;default&#8221; global_colors_info=&#8221;{}&#8221;][et_pb_toggle title=&#8221;Media&#8221; _builder_version=&#8221;4.27.4&#8243; _module_preset=&#8221;default&#8221; global_colors_info=&#8221;{}&#8221;]<\/p>\n<p>Thierry Giasson \u2013 Le Devoir \u2013 2025|06|30<br \/><a href=\"https:\/\/www.ledevoir.com\/politique\/ville-de-quebec\/895837\/retour-ex-region-quebec\">Le retour des \u00abex\u00bb dans la r\u00e9gion de Qu\u00e9bec<\/a><\/p>\n<p>Fenwick McKelvey \u2013 Canada&#8217;s National Observer\u2013 2025|06|27<br \/><a href=\"https:\/\/www.nationalobserver.com\/2025\/06\/27\/news\/misinformation-kiclei-almost-convinces-alberta-town-abandon-climate-program\">Misinformation-laden website almost convinces Alberta town to abandon climate program<\/a><\/p>\n<p>Nicolas Ajzenman \u2013 El Economista \u2013 2025|06|27<br \/><a href=\"https:\/\/eleconomista.com.ar\/economia\/ajzenman-hay-desajuste-lo-prometia-democracia-su-momento-lo-termino-ocurriendo-n86091\">Ajzenman: &#8220;Hay un desajuste entre lo que promet\u00eda la democracia en su momento y lo que termin\u00f3 ocurriendo&#8221;<\/a><\/p>\n<p>Claire Durand \u2013 Radio Canada \u2013 2025|06|25<br \/><a href=\"https:\/\/ici.radio-canada.ca\/nouvelle\/2175561\/alberta-groupe-consultations-immigration\">L\u2019Alberta demande l\u2019avis des r\u00e9sidents sur les services sociaux accord\u00e9s aux immigrants<\/a><\/p>\n<p>Andr\u00e9 Blais \u2013 Radio Canada \u2013 2025|06|17<br \/><a href=\"https:\/\/ici.radio-canada.ca\/nouvelle\/2172692\/taux-participation-jeune-elections-nb\">Les jeunes sont de moins en moins nombreux \u00e0 s\u2019inscrire&#8230; et \u00e0 voter<\/a><\/p>\n<p>Colette Brin \u2013 ULaval Nouvelles \u2013\u00a02025|06|17<br \/><a href=\"https:\/\/nouvelles.ulaval.ca\/2025\/06\/17\/desinformation:-les-18-34-ans-se-mefient-plus-des-personnes-politiques-que-des-personnes-influenceuses-80f823ff-be3d-4453-9019-e1c8a3a7f5c3\">D\u00e9sinformation: les 18-34 ans se m\u00e9fient plus des personnes politiques que des personnes influenceuses<\/a><\/p>\n<p>Fenwick McKelvey \u2013 Radio Canada \u2013 2025|06|12<br \/><a href=\"https:\/\/ici.radio-canada.ca\/rci\/fr\/nouvelle\/2171474\/crtc-etiquetage-forfait-internet-telecommunication\">Le CRTC est appel\u00e9 \u00e0 implanter un \u00e9tiquetage normalis\u00e9 pour les forfaits Internet<\/a><\/p>\n<p>Fran\u00e7ois G\u00e9lineau \u2013 ULaval Nouvelles \u2013\u00a02025|06|02<br \/><a href=\"https:\/\/nouvelles.ulaval.ca\/2025\/06\/02\/acceleration-du-mouvement-climatique-a-quebec-375019c4-3716-487b-9b2e-36c8a02cd50e\">Acc\u00e9l\u00e9ration du mouvement climatique \u00e0 Qu\u00e9bec<\/a><\/p>\n<p>[\/et_pb_toggle][\/et_pb_column][\/et_pb_row][et_pb_row _builder_version=&#8221;4.27.4&#8243; _module_preset=&#8221;default&#8221; global_colors_info=&#8221;{}&#8221;][et_pb_column type=&#8221;4_4&#8243; _builder_version=&#8221;4.27.4&#8243; _module_preset=&#8221;default&#8221; global_colors_info=&#8221;{}&#8221;][et_pb_toggle title=&#8221;Podcast&#8221; _builder_version=&#8221;4.27.4&#8243; _module_preset=&#8221;default&#8221; global_colors_info=&#8221;{}&#8221;]<\/p>\n<p>Colette Brin \u2013 Radio Canada Ohdio \u2013 2025|06|17<br \/><a href=\"https:\/\/ici.radio-canada.ca\/ohdio\/premiere\/emissions\/c-est-encore-mieux-l-apres-midi\/segments\/rattrapage\/2098792\/influenceurs-source-fausses-nouvelles\">Les influenceurs, vecteurs de fausses informations?<\/a><\/p>\n<p>Emmanuel Choquette \u2013 107.7 Estrie \u2013 2025|06|12<br \/><a href=\"https:\/\/www.fm1077.ca\/audio\/705192\/incertitude-quant-au-vainqueur-au-plq\">La chronique d\u2019Emmanuel Choquette | Incertitude quant au vainqueur au PLQ<\/a><\/p>\n<p>[\/et_pb_toggle][\/et_pb_column][\/et_pb_row][et_pb_row _builder_version=&#8221;4.27.4&#8243; _module_preset=&#8221;default&#8221; global_colors_info=&#8221;{}&#8221;][et_pb_column type=&#8221;4_4&#8243; _builder_version=&#8221;4.27.4&#8243; _module_preset=&#8221;default&#8221; global_colors_info=&#8221;{}&#8221;][et_pb_toggle title=&#8221;TV&#8221; _builder_version=&#8221;4.27.4&#8243; _module_preset=&#8221;default&#8221; global_colors_info=&#8221;{}&#8221;]<\/p>\n<p>Colette Brin \u2013 Radio Canada \u2013\u00a02025|06|17<br \/><a href=\"https:\/\/ici.radio-canada.ca\/tele\/le-telejournal-quebec\/site\/segments\/entrevue\/2099232\/desinformation-ia-influenceurs-etude\">Influenceurs et IA menacent la confiance des Canadiens<\/a><\/p>\n<p>[\/et_pb_toggle][\/et_pb_column][\/et_pb_row][\/et_pb_section]<\/p>\n","protected":false},"excerpt":{"rendered":"<p>Beauvais, E., D. StolleCan the Communication Style of Social Media Videos Affect Listening Quality and Opinion Change?Political Communication2025 Moury, C., J. Olivier, E. Ben JeliliDamned if you, damned if you don\u2019t: The politics of pandemic preparation as a grand challengeInternational Review of Administrative Sciences2025 Pacheco, T., S. Coulombe, N.C. Kocovski, J, CarboneWorkers\u2019 well-being during viral [&hellip;]<\/p>\n","protected":false},"author":1,"featured_media":0,"parent":0,"menu_order":0,"comment_status":"closed","ping_status":"closed","template":"","meta":{"_et_pb_use_builder":"on","_et_pb_old_content":"","_et_gb_content_width":"","footnotes":""},"class_list":["post-5116","page","type-page","status-publish","hentry"],"yoast_head":"<!-- This site is optimized with the Yoast SEO plugin v27.4 - https:\/\/yoast.com\/product\/yoast-seo-wordpress\/ -->\n<title>2025 - June - CECD - Centre pour l&#039;\u00e9tude de la citoyennet\u00e9 d\u00e9mocratique<\/title>\n<meta name=\"robots\" content=\"index, follow, max-snippet:-1, max-image-preview:large, max-video-preview:-1\" \/>\n<link rel=\"canonical\" href=\"https:\/\/csdc-cecd.ca\/2025-juin\/\" \/>\n<meta property=\"og:locale\" content=\"en_US\" \/>\n<meta property=\"og:type\" content=\"article\" \/>\n<meta property=\"og:title\" content=\"2025 - June - CECD - Centre pour l&#039;\u00e9tude de la citoyennet\u00e9 d\u00e9mocratique\" \/>\n<meta property=\"og:description\" content=\"Beauvais, E., D. StolleCan the Communication Style of Social Media Videos Affect Listening Quality and Opinion Change?Political Communication2025 Moury, C., J. Olivier, E. Ben JeliliDamned if you, damned if you don\u2019t: The politics of pandemic preparation as a grand challengeInternational Review of Administrative Sciences2025 Pacheco, T., S. Coulombe, N.C. Kocovski, J, CarboneWorkers\u2019 well-being during viral [&hellip;]\" \/>\n<meta property=\"og:url\" content=\"https:\/\/csdc-cecd.ca\/2025-juin\/\" \/>\n<meta property=\"og:site_name\" content=\"CECD - Centre pour l&#039;\u00e9tude de la citoyennet\u00e9 d\u00e9mocratique\" \/>\n<meta property=\"article:modified_time\" content=\"2025-08-08T12:32:52+00:00\" \/>\n<meta name=\"twitter:card\" content=\"summary_large_image\" \/>\n<script type=\"application\/ld+json\" class=\"yoast-schema-graph\">{\"@context\":\"https:\\\/\\\/schema.org\",\"@graph\":[{\"@type\":\"WebPage\",\"@id\":\"https:\\\/\\\/csdc-cecd.ca\\\/2025-juin\\\/\",\"url\":\"https:\\\/\\\/csdc-cecd.ca\\\/2025-juin\\\/\",\"name\":\"2025 - June - CECD - Centre pour l&#039;\u00e9tude de la citoyennet\u00e9 d\u00e9mocratique\",\"isPartOf\":{\"@id\":\"https:\\\/\\\/csdc-cecd.ca\\\/#website\"},\"datePublished\":\"2025-06-16T13:55:21+00:00\",\"dateModified\":\"2025-08-08T12:32:52+00:00\",\"breadcrumb\":{\"@id\":\"https:\\\/\\\/csdc-cecd.ca\\\/2025-juin\\\/#breadcrumb\"},\"inLanguage\":\"en-US\",\"potentialAction\":[{\"@type\":\"ReadAction\",\"target\":[\"https:\\\/\\\/csdc-cecd.ca\\\/2025-juin\\\/\"]}]},{\"@type\":\"BreadcrumbList\",\"@id\":\"https:\\\/\\\/csdc-cecd.ca\\\/2025-juin\\\/#breadcrumb\",\"itemListElement\":[{\"@type\":\"ListItem\",\"position\":1,\"name\":\"Accueil\",\"item\":\"https:\\\/\\\/csdc-cecd.ca\\\/en\\\/\"},{\"@type\":\"ListItem\",\"position\":2,\"name\":\"2025 &#8211; June\"}]},{\"@type\":\"WebSite\",\"@id\":\"https:\\\/\\\/csdc-cecd.ca\\\/#website\",\"url\":\"https:\\\/\\\/csdc-cecd.ca\\\/\",\"name\":\"CECD - Centre pour l&#039;\u00e9tude de la citoyennet\u00e9 d\u00e9mocratique\",\"description\":\"\",\"potentialAction\":[{\"@type\":\"SearchAction\",\"target\":{\"@type\":\"EntryPoint\",\"urlTemplate\":\"https:\\\/\\\/csdc-cecd.ca\\\/?s={search_term_string}\"},\"query-input\":{\"@type\":\"PropertyValueSpecification\",\"valueRequired\":true,\"valueName\":\"search_term_string\"}}],\"inLanguage\":\"en-US\"}]}<\/script>\n<!-- \/ Yoast SEO plugin. -->","yoast_head_json":{"title":"2025 - June - CECD - Centre pour l&#039;\u00e9tude de la citoyennet\u00e9 d\u00e9mocratique","robots":{"index":"index","follow":"follow","max-snippet":"max-snippet:-1","max-image-preview":"max-image-preview:large","max-video-preview":"max-video-preview:-1"},"canonical":"https:\/\/csdc-cecd.ca\/2025-juin\/","og_locale":"en_US","og_type":"article","og_title":"2025 - June - CECD - Centre pour l&#039;\u00e9tude de la citoyennet\u00e9 d\u00e9mocratique","og_description":"Beauvais, E., D. StolleCan the Communication Style of Social Media Videos Affect Listening Quality and Opinion Change?Political Communication2025 Moury, C., J. Olivier, E. Ben JeliliDamned if you, damned if you don\u2019t: The politics of pandemic preparation as a grand challengeInternational Review of Administrative Sciences2025 Pacheco, T., S. Coulombe, N.C. Kocovski, J, CarboneWorkers\u2019 well-being during viral [&hellip;]","og_url":"https:\/\/csdc-cecd.ca\/2025-juin\/","og_site_name":"CECD - Centre pour l&#039;\u00e9tude de la citoyennet\u00e9 d\u00e9mocratique","article_modified_time":"2025-08-08T12:32:52+00:00","twitter_card":"summary_large_image","schema":{"@context":"https:\/\/schema.org","@graph":[{"@type":"WebPage","@id":"https:\/\/csdc-cecd.ca\/2025-juin\/","url":"https:\/\/csdc-cecd.ca\/2025-juin\/","name":"2025 - June - CECD - Centre pour l&#039;\u00e9tude de la citoyennet\u00e9 d\u00e9mocratique","isPartOf":{"@id":"https:\/\/csdc-cecd.ca\/#website"},"datePublished":"2025-06-16T13:55:21+00:00","dateModified":"2025-08-08T12:32:52+00:00","breadcrumb":{"@id":"https:\/\/csdc-cecd.ca\/2025-juin\/#breadcrumb"},"inLanguage":"en-US","potentialAction":[{"@type":"ReadAction","target":["https:\/\/csdc-cecd.ca\/2025-juin\/"]}]},{"@type":"BreadcrumbList","@id":"https:\/\/csdc-cecd.ca\/2025-juin\/#breadcrumb","itemListElement":[{"@type":"ListItem","position":1,"name":"Accueil","item":"https:\/\/csdc-cecd.ca\/en\/"},{"@type":"ListItem","position":2,"name":"2025 &#8211; June"}]},{"@type":"WebSite","@id":"https:\/\/csdc-cecd.ca\/#website","url":"https:\/\/csdc-cecd.ca\/","name":"CECD - Centre pour l&#039;\u00e9tude de la citoyennet\u00e9 d\u00e9mocratique","description":"","potentialAction":[{"@type":"SearchAction","target":{"@type":"EntryPoint","urlTemplate":"https:\/\/csdc-cecd.ca\/?s={search_term_string}"},"query-input":{"@type":"PropertyValueSpecification","valueRequired":true,"valueName":"search_term_string"}}],"inLanguage":"en-US"}]}},"_links":{"self":[{"href":"https:\/\/csdc-cecd.ca\/en\/wp-json\/wp\/v2\/pages\/5116","targetHints":{"allow":["GET"]}}],"collection":[{"href":"https:\/\/csdc-cecd.ca\/en\/wp-json\/wp\/v2\/pages"}],"about":[{"href":"https:\/\/csdc-cecd.ca\/en\/wp-json\/wp\/v2\/types\/page"}],"author":[{"embeddable":true,"href":"https:\/\/csdc-cecd.ca\/en\/wp-json\/wp\/v2\/users\/1"}],"replies":[{"embeddable":true,"href":"https:\/\/csdc-cecd.ca\/en\/wp-json\/wp\/v2\/comments?post=5116"}],"version-history":[{"count":10,"href":"https:\/\/csdc-cecd.ca\/en\/wp-json\/wp\/v2\/pages\/5116\/revisions"}],"predecessor-version":[{"id":5676,"href":"https:\/\/csdc-cecd.ca\/en\/wp-json\/wp\/v2\/pages\/5116\/revisions\/5676"}],"wp:attachment":[{"href":"https:\/\/csdc-cecd.ca\/en\/wp-json\/wp\/v2\/media?parent=5116"}],"curies":[{"name":"wp","href":"https:\/\/api.w.org\/{rel}","templated":true}]}}