{"id":5254,"date":"2025-07-04T10:34:16","date_gmt":"2025-07-04T14:34:16","guid":{"rendered":"https:\/\/csdc-cecd.ca\/?page_id=5254"},"modified":"2025-08-08T09:15:12","modified_gmt":"2025-08-08T13:15:12","slug":"2025-july","status":"publish","type":"page","link":"https:\/\/csdc-cecd.ca\/en\/2025-july\/","title":{"rendered":"2025 &#8211; July"},"content":{"rendered":"<p>[et_pb_section fb_built=&#8221;1&#8243; _builder_version=&#8221;4.27.4&#8243; _module_preset=&#8221;default&#8221; global_colors_info=&#8221;{}&#8221;][et_pb_row _builder_version=&#8221;4.27.4&#8243; _module_preset=&#8221;default&#8221; global_colors_info=&#8221;{}&#8221;][et_pb_column type=&#8221;4_4&#8243; _builder_version=&#8221;4.27.4&#8243; _module_preset=&#8221;default&#8221; global_colors_info=&#8221;{}&#8221;][et_pb_heading title=&#8221;2025 &#8211; Jul.&#8221; _builder_version=&#8221;4.27.4&#8243; _module_preset=&#8221;default&#8221; global_colors_info=&#8221;{}&#8221;][\/et_pb_heading][\/et_pb_column][\/et_pb_row][et_pb_row _builder_version=&#8221;4.27.4&#8243; _module_preset=&#8221;default&#8221; global_colors_info=&#8221;{}&#8221;][et_pb_column type=&#8221;4_4&#8243; _builder_version=&#8221;4.27.4&#8243; _module_preset=&#8221;default&#8221; global_colors_info=&#8221;{}&#8221;][et_pb_toggle title=&#8221;Scientific articles&#8221; _builder_version=&#8221;4.27.4&#8243; _module_preset=&#8221;default&#8221; hover_enabled=&#8221;0&#8243; global_colors_info=&#8221;{}&#8221; sticky_enabled=&#8221;0&#8243;]<\/p>\n<p>Cardenas, D., \u00c9. C\u00f4t\u00e9, V. Turcotte-Menard, A.. Nadeau, <strong>D. Stolle<\/strong>, J-M. Lina, <strong>R. de la Sablonni\u00e8re<br \/><\/strong><a href=\"https:\/\/doi.org\/10.1037\/pac0000807\">The social change algorithm: A modeling approach to the psychology of social change<\/a><br \/>Peace and Conflict: Journal of Peace Psychology.<br \/>2025<\/p>\n<p><strong>Choquette, E<\/strong>., S.\u00a0B\u00e9dard, A. Ben\u00a0Isma\u00efl<br \/><a href=\"https:\/\/doi.org\/10.4000\/147ze\">Contre-discours et r\u00e9cits alternatifs\u00a0: l\u2019humour une strat\u00e9gie discursive efficace pour lutter contre la circulation et les effets des discours haineux en ligne ?<\/a><br \/>Corela. Cognition, repr\u00e9sentation, langage,<br \/>2025<\/p>\n<p>Chuma, J., S. Huang, A. Parviz, F. Poursafaei, M. Bronstein, G. Rabusseau, M. Fey, <strong>R. Rabbany<\/strong><br \/><a href=\"chrome-extension:\/\/efaidnbmnnnibpcajpcglclefindmkaj\/https:\/\/openreview.net\/pdf?id=7Bzm7GrP4d\">TGM:A Modular Framework for Machine Learning on Temporal Graphs<\/a><br \/>Proceedings of the 42nd International Conference on Machine Learning, Vancouver, Canada.<br \/>2025<\/p>\n<p><strong>Dufresne, Y<\/strong>., A. Bibeau-Gagnon, J.\u00a0Drouin, A.\u00a0Cloutier, E.\u00a0Brie<br \/><a href=\"https:\/\/onlinelibrary.wiley.com\/doi\/pdf\/10.1111\/nana.70005\">Quebec National Symbolism and Its Effects on Political Attitudes<\/a><br \/>Nations and Nationalism<br \/>2025<\/p>\n<p><strong>Erlich, A.<\/strong><br \/><a href=\"https:\/\/doi.org\/10.1080\/1060586X.2025.2529114\">Two implications of survey research mode during war: evidence from Russia\u2019s full-scale invasion of Ukraine<\/a><br \/>Post Soviet Affairs<br \/>2025<\/p>\n<p>Filkobski I., I., <strong>E. Shor<\/strong><br \/><a href=\"https:\/\/academic.oup.com\/sf\/advance-article\/doi\/10.1093\/sf\/soaf111\/8215428\">Legislative processes, nonstate actors, and political repression: the case of human rights NGOs in Israel<\/a><br \/>Social Forces<br \/>2025<\/p>\n<p>Gauthier, C-A., T. Pacheco, E. Procteau, E. Auger, <strong>S. Coulombe<\/strong><br \/>Self-Management at Work\u2019s Moderating Effect on the Relations Between Psychosocial Work Factors and Well-Being<br \/><a href=\"https:\/\/www.mdpi.com\/1660-4601\/22\/7\/1070\">International Journal of Environmental Research and Public Health<\/a><br \/>2025<\/p>\n<p>[\/et_pb_toggle][et_pb_toggle title=&#8221;Books | Chapters book&#8221; _builder_version=&#8221;4.27.4&#8243; _module_preset=&#8221;default&#8221; hover_enabled=&#8221;0&#8243; global_colors_info=&#8221;{}&#8221; sticky_enabled=&#8221;0&#8243;]<\/p>\n<p>Basile, L., K. Banting,<strong> A. Harell<\/strong><br \/><a href=\"https:\/\/books.google.ca\/books?hl=fr&amp;lr=&amp;id=vcFvEQAAQBAJ&amp;oi=fnd&amp;pg=PA343&amp;ots=veoBEdLJco&amp;sig=gwmyJgXntIX73I_V-WcvKig41TE&amp;redir_esc=y#v=onepage&amp;q&amp;f=false\">Newcomers in Regions: Exploring the Impact of Regional Dynamics in Support of Inclusive Redistribution across Europe<\/a> in O. Jacques et A. Noel (eds) Territories of Inequality: How Federalism and Redistribution Interact<br \/>McGill &#8211; Queen&#8217;s University Press<br \/>2025<\/p>\n<p><strong>Jacques, O.,<\/strong> A. No\u00ebl<br \/><a href=\"https:\/\/books.google.ca\/books?hl=fr&amp;lr=&amp;id=vcFvEQAAQBAJ&amp;oi=fnd&amp;pg=PA343&amp;ots=veoBEdLJco&amp;sig=gwmyJgXntIX73I_V-WcvKig41TE&amp;redir_esc=y#v=onepage&amp;q&amp;f=false\">Conclusion: a new research agenda<\/a> n O. Jacques et A. Noel (eds) Territories of Inequality: How Federalism and Redistribution interact<br \/>McGill &#8211; Queen&#8217;s University Press<br \/>2025<\/p>\n<p><strong>Jacques, O<\/strong>., A. No\u00ebl<br \/><a href=\"https:\/\/books.google.ca\/books?hl=fr&amp;lr=&amp;id=vcFvEQAAQBAJ&amp;oi=fnd&amp;pg=PA343&amp;ots=veoBEdLJco&amp;sig=gwmyJgXntIX73I_V-WcvKig41TE&amp;redir_esc=y#v=onepage&amp;q&amp;f=false\">Introduction: Inequality and redistribution across territories<\/a> n O. Jacques et A. Noel (eds) Territories of Inequality: How Federalism and Redistribution interact<br \/>McGill &#8211; Queen&#8217;s University Press<br \/>2025<\/p>\n<p><strong>Jacques, O.<\/strong>, A. No\u00ebl (eds)<br \/><a href=\"https:\/\/books.google.ca\/books?hl=fr&amp;lr=&amp;id=vcFvEQAAQBAJ&amp;oi=fnd&amp;pg=PA343&amp;ots=veoBEdLJco&amp;sig=gwmyJgXntIX73I_V-WcvKig41TE&amp;redir_esc=y#v=onepage&amp;q&amp;f=false\">Territories of Inequality: How Federalism and Redistribution Interact<\/a><br \/>McGill &#8211; Queen&#8217;s University Press<br \/>2025<\/p>\n<p><strong>Jacques, O<\/strong>., P. Graefe<br \/><a href=\"https:\/\/books.google.ca\/books?hl=fr&amp;lr=&amp;id=vcFvEQAAQBAJ&amp;oi=fnd&amp;pg=PA343&amp;ots=veoBEdLJco&amp;sig=gwmyJgXntIX73I_V-WcvKig41TE&amp;redir_esc=y#v=onepage&amp;q&amp;f=false\">The partisan politics of fiscal federalism in Canada<\/a> in O. Jacques et A. Noel (eds) Territories of Inequality: How Federalism and Redistribution interact<br \/>McGill &#8211; Queen&#8217;s University Press<br \/>2025<\/p>\n<p>Le Chaume, A., <strong>S. Coulombe<\/strong>, J. Cardona Campuzano, S. Atkin, F. Vokey<br \/>Quand pr\u00e9carit\u00e9 de statut migratoire et d&#8217;emploi s&#8217;entrechoquent au fil du temps. Un dispositif m\u00e9thodologique novateur pour comprendre les trajectoires de bien-\u00eatre et sant\u00e9 psychologique des travailleur\u00b7euses immigrant\u00b7es temporaires au Qu\u00e9bec in In\u00e9galit\u00e9s scolaires et professionnelles. Nouveaux regards , J. Berthaud et C.Bonnard (eds)<br \/>2025<\/p>\n<p>Torcal, M., \u00a0<strong>D. Stolle<\/strong>, Z. A. Thomson<br \/><a href=\"https:\/\/www.elgaronline.com\/downloadpdf\/edcollchap-oa\/book\/9781035310609\/chapter25.pdf\">Affective polarization and social cohesion<\/a> in Handbook of Affective Polarization, M. Torcal and E. Harteveld (eds)<br \/>Edward Elgar Publishing<br \/>2025<\/p>\n<p>[\/et_pb_toggle][\/et_pb_column][\/et_pb_row][et_pb_row _builder_version=&#8221;4.27.4&#8243; _module_preset=&#8221;default&#8221; global_colors_info=&#8221;{}&#8221;][et_pb_column type=&#8221;4_4&#8243; _builder_version=&#8221;4.27.4&#8243; _module_preset=&#8221;default&#8221; global_colors_info=&#8221;{}&#8221;][et_pb_divider color=&#8221;#000000&#8243; _builder_version=&#8221;4.27.4&#8243; _module_preset=&#8221;default&#8221; global_colors_info=&#8221;{}&#8221;][\/et_pb_divider][\/et_pb_column][\/et_pb_row][et_pb_row _builder_version=&#8221;4.27.4&#8243; _module_preset=&#8221;default&#8221; global_colors_info=&#8221;{}&#8221;][et_pb_column type=&#8221;4_4&#8243; _builder_version=&#8221;4.27.4&#8243; _module_preset=&#8221;default&#8221; global_colors_info=&#8221;{}&#8221;][et_pb_toggle title=&#8221;Media&#8221; _builder_version=&#8221;4.27.4&#8243; _module_preset=&#8221;default&#8221; global_colors_info=&#8221;{}&#8221;]<\/p>\n<p>Fr\u00e9d\u00e9rick Bastien \u2013 La Presse \u2013 2025|07|15<br \/><a href=\"https:\/\/www.lapresse.ca\/dialogue\/courrier-des-lecteurs\/2025-07-15\/votre-regard-sur-les-feux-d-artifice.php\">Votre regard sur les feux d\u2019artifice<\/a><\/p>\n<p>Mireille Lalancette \u2013 Le Journal de Qu\u00e9bec \u2013 2025|07|07<br \/><a href=\"https:\/\/www.journaldequebec.com\/2025\/06\/28\/vers-une-penurie-de-candidats-aux-elections-municipales-pas-necessairement\">Vers une p\u00e9nurie de candidats aux \u00e9lections municipales? Pas n\u00e9cessairement<\/a><\/p>\n<p>Mireille Lalancette \u2013 Le Journal de Qu\u00e9bec \u2013 2025|07|07<br \/><a href=\"https:\/\/www.journaldequebec.com\/2025\/06\/28\/5-pistes-de-solution-des-elus-pour-valoriser-leur-travail-et-ameliorer-le-climat-en-politique-municipale\">5 pistes de solution des \u00e9lus pour valoriser leur travail et am\u00e9liorer le climat en politique municipale<\/a><\/p>\n<p>Mireille Lalancette \u2013 TVA Nouvelles \u2013 2025|07|07<br \/><a href=\"https:\/\/www.tvanouvelles.ca\/2025\/06\/28\/protection-et-formation-des-elus--on-peut-en-faire-encore-enormement-selon-la-ministre-laforest\">Protection et formation des \u00e9lus: \u00abOn peut en faire encore \u00e9norm\u00e9ment\u00bb, selon la ministre Laforest<\/a><\/p>\n<p>Eric Hehman \u2013 Yale News \u2013 2025|07|02<br \/><a href=\"https:\/\/news.yale.edu\/2025\/07\/02\/bias-against-non-americans-spans-demographic-and-political-spectrums\">Bias against non-Americans spans demographic and political spectrums<\/a><\/p>\n<p>[\/et_pb_toggle][et_pb_toggle title=&#8221;Podcast&#8221; _builder_version=&#8221;4.27.4&#8243; _module_preset=&#8221;default&#8221; global_colors_info=&#8221;{}&#8221;][\/et_pb_toggle][\/et_pb_column][\/et_pb_row][\/et_pb_section]<\/p>\n","protected":false},"excerpt":{"rendered":"<p>Cardenas, D., \u00c9. C\u00f4t\u00e9, V. Turcotte-Menard, A.. Nadeau, D. Stolle, J-M. Lina, R. de la Sablonni\u00e8reThe social change algorithm: A modeling approach to the psychology of social changePeace and Conflict: Journal of Peace Psychology.2025 Choquette, E., S.\u00a0B\u00e9dard, A. Ben\u00a0Isma\u00eflContre-discours et r\u00e9cits alternatifs\u00a0: l\u2019humour une strat\u00e9gie discursive efficace pour lutter contre la circulation et les effets [&hellip;]<\/p>\n","protected":false},"author":1,"featured_media":0,"parent":0,"menu_order":0,"comment_status":"closed","ping_status":"closed","template":"","meta":{"_et_pb_use_builder":"on","_et_pb_old_content":"","_et_gb_content_width":"","footnotes":""},"class_list":["post-5254","page","type-page","status-publish","hentry"],"yoast_head":"<!-- This site is optimized with the Yoast SEO plugin v27.4 - https:\/\/yoast.com\/product\/yoast-seo-wordpress\/ -->\n<title>2025 - July - CECD - Centre pour l&#039;\u00e9tude de la citoyennet\u00e9 d\u00e9mocratique<\/title>\n<meta name=\"robots\" content=\"index, follow, max-snippet:-1, max-image-preview:large, max-video-preview:-1\" \/>\n<link rel=\"canonical\" href=\"https:\/\/csdc-cecd.ca\/2025-juillet\/\" \/>\n<meta property=\"og:locale\" content=\"en_US\" \/>\n<meta property=\"og:type\" content=\"article\" \/>\n<meta property=\"og:title\" content=\"2025 - July - CECD - Centre pour l&#039;\u00e9tude de la citoyennet\u00e9 d\u00e9mocratique\" \/>\n<meta property=\"og:description\" content=\"Cardenas, D., \u00c9. C\u00f4t\u00e9, V. Turcotte-Menard, A.. Nadeau, D. Stolle, J-M. Lina, R. de la Sablonni\u00e8reThe social change algorithm: A modeling approach to the psychology of social changePeace and Conflict: Journal of Peace Psychology.2025 Choquette, E., S.\u00a0B\u00e9dard, A. Ben\u00a0Isma\u00eflContre-discours et r\u00e9cits alternatifs\u00a0: l\u2019humour une strat\u00e9gie discursive efficace pour lutter contre la circulation et les effets [&hellip;]\" \/>\n<meta property=\"og:url\" content=\"https:\/\/csdc-cecd.ca\/2025-juillet\/\" \/>\n<meta property=\"og:site_name\" content=\"CECD - Centre pour l&#039;\u00e9tude de la citoyennet\u00e9 d\u00e9mocratique\" \/>\n<meta property=\"article:modified_time\" content=\"2025-08-08T13:15:12+00:00\" \/>\n<meta name=\"twitter:card\" content=\"summary_large_image\" \/>\n<script type=\"application\/ld+json\" class=\"yoast-schema-graph\">{\"@context\":\"https:\\\/\\\/schema.org\",\"@graph\":[{\"@type\":\"WebPage\",\"@id\":\"https:\\\/\\\/csdc-cecd.ca\\\/2025-juillet\\\/\",\"url\":\"https:\\\/\\\/csdc-cecd.ca\\\/2025-juillet\\\/\",\"name\":\"2025 - July - CECD - Centre pour l&#039;\u00e9tude de la citoyennet\u00e9 d\u00e9mocratique\",\"isPartOf\":{\"@id\":\"https:\\\/\\\/csdc-cecd.ca\\\/#website\"},\"datePublished\":\"2025-07-04T14:34:16+00:00\",\"dateModified\":\"2025-08-08T13:15:12+00:00\",\"breadcrumb\":{\"@id\":\"https:\\\/\\\/csdc-cecd.ca\\\/2025-juillet\\\/#breadcrumb\"},\"inLanguage\":\"en-US\",\"potentialAction\":[{\"@type\":\"ReadAction\",\"target\":[\"https:\\\/\\\/csdc-cecd.ca\\\/2025-juillet\\\/\"]}]},{\"@type\":\"BreadcrumbList\",\"@id\":\"https:\\\/\\\/csdc-cecd.ca\\\/2025-juillet\\\/#breadcrumb\",\"itemListElement\":[{\"@type\":\"ListItem\",\"position\":1,\"name\":\"Accueil\",\"item\":\"https:\\\/\\\/csdc-cecd.ca\\\/en\\\/\"},{\"@type\":\"ListItem\",\"position\":2,\"name\":\"2025 &#8211; July\"}]},{\"@type\":\"WebSite\",\"@id\":\"https:\\\/\\\/csdc-cecd.ca\\\/#website\",\"url\":\"https:\\\/\\\/csdc-cecd.ca\\\/\",\"name\":\"CECD - Centre pour l&#039;\u00e9tude de la citoyennet\u00e9 d\u00e9mocratique\",\"description\":\"\",\"potentialAction\":[{\"@type\":\"SearchAction\",\"target\":{\"@type\":\"EntryPoint\",\"urlTemplate\":\"https:\\\/\\\/csdc-cecd.ca\\\/?s={search_term_string}\"},\"query-input\":{\"@type\":\"PropertyValueSpecification\",\"valueRequired\":true,\"valueName\":\"search_term_string\"}}],\"inLanguage\":\"en-US\"}]}<\/script>\n<!-- \/ Yoast SEO plugin. -->","yoast_head_json":{"title":"2025 - July - CECD - Centre pour l&#039;\u00e9tude de la citoyennet\u00e9 d\u00e9mocratique","robots":{"index":"index","follow":"follow","max-snippet":"max-snippet:-1","max-image-preview":"max-image-preview:large","max-video-preview":"max-video-preview:-1"},"canonical":"https:\/\/csdc-cecd.ca\/2025-juillet\/","og_locale":"en_US","og_type":"article","og_title":"2025 - July - CECD - Centre pour l&#039;\u00e9tude de la citoyennet\u00e9 d\u00e9mocratique","og_description":"Cardenas, D., \u00c9. C\u00f4t\u00e9, V. Turcotte-Menard, A.. Nadeau, D. Stolle, J-M. Lina, R. de la Sablonni\u00e8reThe social change algorithm: A modeling approach to the psychology of social changePeace and Conflict: Journal of Peace Psychology.2025 Choquette, E., S.\u00a0B\u00e9dard, A. Ben\u00a0Isma\u00eflContre-discours et r\u00e9cits alternatifs\u00a0: l\u2019humour une strat\u00e9gie discursive efficace pour lutter contre la circulation et les effets [&hellip;]","og_url":"https:\/\/csdc-cecd.ca\/2025-juillet\/","og_site_name":"CECD - Centre pour l&#039;\u00e9tude de la citoyennet\u00e9 d\u00e9mocratique","article_modified_time":"2025-08-08T13:15:12+00:00","twitter_card":"summary_large_image","schema":{"@context":"https:\/\/schema.org","@graph":[{"@type":"WebPage","@id":"https:\/\/csdc-cecd.ca\/2025-juillet\/","url":"https:\/\/csdc-cecd.ca\/2025-juillet\/","name":"2025 - July - CECD - Centre pour l&#039;\u00e9tude de la citoyennet\u00e9 d\u00e9mocratique","isPartOf":{"@id":"https:\/\/csdc-cecd.ca\/#website"},"datePublished":"2025-07-04T14:34:16+00:00","dateModified":"2025-08-08T13:15:12+00:00","breadcrumb":{"@id":"https:\/\/csdc-cecd.ca\/2025-juillet\/#breadcrumb"},"inLanguage":"en-US","potentialAction":[{"@type":"ReadAction","target":["https:\/\/csdc-cecd.ca\/2025-juillet\/"]}]},{"@type":"BreadcrumbList","@id":"https:\/\/csdc-cecd.ca\/2025-juillet\/#breadcrumb","itemListElement":[{"@type":"ListItem","position":1,"name":"Accueil","item":"https:\/\/csdc-cecd.ca\/en\/"},{"@type":"ListItem","position":2,"name":"2025 &#8211; July"}]},{"@type":"WebSite","@id":"https:\/\/csdc-cecd.ca\/#website","url":"https:\/\/csdc-cecd.ca\/","name":"CECD - Centre pour l&#039;\u00e9tude de la citoyennet\u00e9 d\u00e9mocratique","description":"","potentialAction":[{"@type":"SearchAction","target":{"@type":"EntryPoint","urlTemplate":"https:\/\/csdc-cecd.ca\/?s={search_term_string}"},"query-input":{"@type":"PropertyValueSpecification","valueRequired":true,"valueName":"search_term_string"}}],"inLanguage":"en-US"}]}},"_links":{"self":[{"href":"https:\/\/csdc-cecd.ca\/en\/wp-json\/wp\/v2\/pages\/5254","targetHints":{"allow":["GET"]}}],"collection":[{"href":"https:\/\/csdc-cecd.ca\/en\/wp-json\/wp\/v2\/pages"}],"about":[{"href":"https:\/\/csdc-cecd.ca\/en\/wp-json\/wp\/v2\/types\/page"}],"author":[{"embeddable":true,"href":"https:\/\/csdc-cecd.ca\/en\/wp-json\/wp\/v2\/users\/1"}],"replies":[{"embeddable":true,"href":"https:\/\/csdc-cecd.ca\/en\/wp-json\/wp\/v2\/comments?post=5254"}],"version-history":[{"count":5,"href":"https:\/\/csdc-cecd.ca\/en\/wp-json\/wp\/v2\/pages\/5254\/revisions"}],"predecessor-version":[{"id":5680,"href":"https:\/\/csdc-cecd.ca\/en\/wp-json\/wp\/v2\/pages\/5254\/revisions\/5680"}],"wp:attachment":[{"href":"https:\/\/csdc-cecd.ca\/en\/wp-json\/wp\/v2\/media?parent=5254"}],"curies":[{"name":"wp","href":"https:\/\/api.w.org\/{rel}","templated":true}]}}