{"id":5667,"date":"2025-08-05T08:45:32","date_gmt":"2025-08-05T12:45:32","guid":{"rendered":"https:\/\/csdc-cecd.ca\/?page_id=5667"},"modified":"2025-10-24T10:54:02","modified_gmt":"2025-10-24T14:54:02","slug":"august-2025","status":"publish","type":"page","link":"https:\/\/csdc-cecd.ca\/en\/august-2025\/","title":{"rendered":"August &#8211; 2025"},"content":{"rendered":"<p>[et_pb_section fb_built=&#8221;1&#8243; _builder_version=&#8221;4.27.4&#8243; _module_preset=&#8221;default&#8221; global_colors_info=&#8221;{}&#8221;][et_pb_row _builder_version=&#8221;4.27.4&#8243; _module_preset=&#8221;default&#8221; global_colors_info=&#8221;{}&#8221;][et_pb_column type=&#8221;4_4&#8243; _builder_version=&#8221;4.27.4&#8243; _module_preset=&#8221;default&#8221; global_colors_info=&#8221;{}&#8221;][et_pb_heading title=&#8221;Aug. 2025&#8243; _builder_version=&#8221;4.27.4&#8243; _module_preset=&#8221;default&#8221; global_colors_info=&#8221;{}&#8221;][\/et_pb_heading][\/et_pb_column][\/et_pb_row][et_pb_row _builder_version=&#8221;4.27.4&#8243; _module_preset=&#8221;default&#8221; global_colors_info=&#8221;{}&#8221;][et_pb_column type=&#8221;4_4&#8243; _builder_version=&#8221;4.27.4&#8243; _module_preset=&#8221;default&#8221; global_colors_info=&#8221;{}&#8221;][et_pb_toggle title=&#8221;Scientific articles&#8221; _builder_version=&#8221;4.27.4&#8243; _module_preset=&#8221;default&#8221; global_colors_info=&#8221;{}&#8221;]<\/p>\n<p><strong>Erlich, A.<\/strong>, K. Aslett, S. Graham, J. A. Tucker<br \/><a href=\"https:\/\/www.cambridge.org\/core\/journals\/journal-of-experimental-political-science\/article\/how-language-shapes-belief-in-misinformation-a-study-among-multilinguals-in-ukraine\/920BF2F7A7D76BA74C4332CE8C444E0F\">How Language Shapes Belief in Misinformation: A Study Among Multilinguals in Ukraine<\/a><br \/>Journal of Experimental Political Science, 2025<\/p>\n<p><strong>Jacques, O.<\/strong>, Ph. Chass\u00e9<br \/><a href=\"https:\/\/ideas.repec.org\/p\/cir\/circah\/2025pj-10.html\">A demanding patient: Assessing Quebec\u2019s healthcare spending needs<\/a><br \/>CIRANO Papers, 2025<\/p>\n<p><strong>Ouellet, C<\/strong>., N. Fr\u00e9chet, <strong>S. Coulombe<\/strong><br \/><a href=\"https:\/\/link.springer.com\/article\/10.1057\/s41269-025-00397-3\">Striking a major chord: music preferences as predictors of vote intentions in Canada<\/a><br \/>Acta politica, 2025<\/p>\n<p>Poirier, W., A-S. Charest, <strong>Y. Dufresne<\/strong>, A. Fortier-Chouinard, N. Fr\u00e9chet<br \/><a href=\"https:\/\/www.cambridge.org\/core\/journals\/canadian-journal-of-political-science-revue-canadienne-de-science-politique\/article\/sondages-probabilistes-et-autres-creatures-mythiques-usages-et-limites-de-la-calibration-des-sondages-non-probabilistes\/FEBB9BF7B6215429115961D89A3FB7C9\">Sondages probabilistes et autres cr\u00e9atures mythiques : usages et limites de la calibration des sondages non probabilistes<\/a><br \/>Canadian Journal of Political Science, 2025<\/p>\n<p>[\/et_pb_toggle][\/et_pb_column][\/et_pb_row][et_pb_row _builder_version=&#8221;4.27.4&#8243; _module_preset=&#8221;default&#8221; global_colors_info=&#8221;{}&#8221;][et_pb_column type=&#8221;4_4&#8243; _builder_version=&#8221;4.27.4&#8243; _module_preset=&#8221;default&#8221; global_colors_info=&#8221;{}&#8221;][et_pb_toggle title=&#8221;Books | Chapters book&#8221; _builder_version=&#8221;4.27.4&#8243; _module_preset=&#8221;default&#8221; global_colors_info=&#8221;{}&#8221;]<\/p>\n<p>Bagheri, e., , F. Ensan, C. Hillis, <strong>R. Rabbany<\/strong>, R. Cohen, B. C. M. Fung, S. Gambs<br \/><a href=\"https:\/\/doi.org\/10.1145\/3711896.373767\">Responsible AI Day<\/a> in KDD &#8217;25: Proceedings of the 31st ACM SIGKDD Conference on Knowledge Discovery and Data Mining V.2<br \/>2025<\/p>\n<p><strong>Bilodeau, A<\/strong>., A. Gagnon<br \/><a href=\"https:\/\/books.google.ca\/books?hl=fr&amp;lr=&amp;id=oSJ4EQAAQBAJ&amp;oi=fnd&amp;pg=PA144&amp;ots=ua46Hf5kSl&amp;sig=tAdGyRURTiqxOLPVdfo1MDrxMg0&amp;redir_esc=y#v=onepage&amp;q&amp;f=false\">Immigrants&#8217; relationship with Quebec: does the context of arrival have a formative effect?<\/a> in Generations and nationalism comparing Catalonia, Quebec and Scotand, A-G. Gagnon and L. Turgeon (eds.)<br \/>Routledge, 2025<\/p>\n<p>Hunag, S., D. Zambon, A. Cini, F. Poursafaei, J. Chmura, J. Gastinger, <strong>R. Rabbany,<\/strong> M. Bronstein<br \/><a href=\"https:\/\/doi.org\/10.1145\/3711896.3737855\">Temporal Graph Learning Workshop<\/a> in KDD &#8217;25: Proceedings of the 31st ACM SIGKDD Conference on Knowledge Discovery and Data Mining V.2<br \/>2025<\/p>\n<p><strong>Mah\u00e9o, V-A., \u00c9. B\u00e9langer<\/strong><br \/><a href=\"https:\/\/books.google.ca\/books?hl=fr&amp;lr=&amp;id=oSJ4EQAAQBAJ&amp;oi=fnd&amp;pg=PA144&amp;ots=ua46Hf5kSl&amp;sig=tAdGyRURTiqxOLPVdfo1MDrxMg0&amp;redir_esc=y#v=onepage&amp;q&amp;f=false\">9 Nationalist Attitudes and Nationalist Party Support through a Generational Lens<\/a> in Generations and nationalism comparing Catalonia, Quebec and Scotand, A-G. Gagnon and L. Turgeon (eds.)<br \/>Routledge, 2025<\/p>\n<p>[\/et_pb_toggle][\/et_pb_column][\/et_pb_row][et_pb_row _builder_version=&#8221;4.27.4&#8243; _module_preset=&#8221;default&#8221; global_colors_info=&#8221;{}&#8221;][et_pb_column type=&#8221;4_4&#8243; _builder_version=&#8221;4.27.4&#8243; _module_preset=&#8221;default&#8221; global_colors_info=&#8221;{}&#8221;][et_pb_divider color=&#8221;#000000&#8243; _builder_version=&#8221;4.27.4&#8243; _module_preset=&#8221;default&#8221; global_colors_info=&#8221;{}&#8221;][\/et_pb_divider][\/et_pb_column][\/et_pb_row][et_pb_row _builder_version=&#8221;4.27.4&#8243; _module_preset=&#8221;default&#8221; global_colors_info=&#8221;{}&#8221;][et_pb_column type=&#8221;4_4&#8243; _builder_version=&#8221;4.27.4&#8243; _module_preset=&#8221;default&#8221; global_colors_info=&#8221;{}&#8221;][et_pb_toggle title=&#8221;Media&#8221; _builder_version=&#8221;4.27.4&#8243; _module_preset=&#8221;default&#8221; hover_enabled=&#8221;0&#8243; global_colors_info=&#8221;{}&#8221; sticky_enabled=&#8221;0&#8243;]<\/p>\n<p>Normand Landry \u00a0\u2013 The Suburban \u2013\u00a02025|08|29<br \/><a href=\"https:\/\/www.thesuburban.com\/arts_and_entertainment\/arts\/world-press-photo-exhibition-leaves-you-speechless\/article_5aef3b9f-abfe-400e-8f3d-6f30981b4519.html\">World Press Photo Exhibition leaves you speechless<\/a><\/p>\n<p>Normand Landry \u2013 Westmount Mag \u2013\u00a02025|08|25<br \/><a href=\"https:\/\/www.westmountmag.ca\/18e-edition-de-lexposition-world-press-photo-montreal\/?lang=fr\">18e \u00e9dition de l\u2019Exposition World Press Photo Montr\u00e9al<\/a><\/p>\n<p>\u00c9ric B\u00e9langer \u2013 La Presse \u2013\u00a02025|08|25<br \/><a href=\"https:\/\/www.lapresse.ca\/dialogue\/chroniques\/2025-08-25\/on-a-pose-la-question-pour-vous\/lucien-bouchard-s-inquiete-t-il-pour-rien.php\">Lucien Bouchard s\u2019inqui\u00e8te-t-il pour rien ?<\/a><\/p>\n<p>Normand Landry \u2013 Radio Canada \u2013 2025|08|20<br \/><a href=\"https:\/\/ici.radio-canada.ca\/nouvelle\/2186902\/expo-world-press-photo-montreal-70-ans\">Les 70 ans du World Press Photo c\u00e9l\u00e9br\u00e9s \u00e0 Montr\u00e9al<\/a><\/p>\n<p>Thierry Giasson \u2013 Radio Canada \u2013 2025|08|19<br \/><a href=\"https:\/\/ici.radio-canada.ca\/nouvelle\/2186460\/candidatures-mairie-conseil-municipal-ville\">Qu\u00e9bec imperm\u00e9able \u00e0 la p\u00e9nurie de candidats aux \u00e9lections municipales<\/a><\/p>\n<p>Normand Landry \u2013 Newswire \u2013 2025|08|18<br \/><a href=\"https:\/\/www.newswire.ca\/fr\/news-releases\/world-press-photo-montreal-2025-voir-et-comprendre-la-pauvrete-au-quebec-899653631.html\">World Press Photo Montr\u00e9al 2025 &#8211; Voir et comprendre la pauvret\u00e9 au Qu\u00e9bec<\/a><\/p>\n<p>Emmanuel Choquette \u2013 QCNA \u2013 2025|08|17<br \/><a href=\"https:\/\/qcna.qc.ca\/pq-victory-in-arthabaska-deals-blow-to-legaults-caq-local-expert-weighs-in\/\">PQ victory in Arthabaska deals blow to Legault\u2019s CAQ, local expert weighs in<\/a><\/p>\n<p>Fenwick McKelvey \u2013 Betakit \u2013 2025|08|13<br \/><a href=\"https:\/\/betakit.com\/commissioner-of-canada-elections-will-explore-the-use-of-ai\/\">Commissioner of Canada Elections will \u201cexplore the use\u201d of AI<\/a><\/p>\n<p>Joanie Bouchard \u2013 La Presse \u2013 2025|08|08<br \/><a href=\"https:\/\/www.lapresse.ca\/actualites\/2025-08-08\/manifestation-devant-la-residence-de-melanie-joly\/pas-de-reponse-facile-sur-le-droit-a-la-vie-privee-des-elus.php\">\u00ab Pas de r\u00e9ponse facile \u00bb sur le droit \u00e0 la vie priv\u00e9e des \u00e9lus<\/a><\/p>\n<p>Fenwick McKelvey \u2013 Everythinggp \u2013 2025|08|08<br \/><a href=\"https:\/\/everythinggp.com\/2025\/08\/08\/phoney-wildfire-images-cause-confusion-on-social-media-here-are-steps-to-spot-them\/\">Phoney wildfire images cause confusion on social media. Here are steps to spot them<\/a><\/p>\n<p>Fenwick McKelvey \u2013 CBC News \u2013\u00a02025|08|01<br \/><a href=\"https:\/\/www.cbc.ca\/news\/canada\/montreal\/quebec-doctors-deepfake-scams-warning-1.7599117\">Quebec physicians warn of deepfake scams using their likeness to sell medications<\/a><\/p>\n<p>[\/et_pb_toggle][\/et_pb_column][\/et_pb_row][et_pb_row _builder_version=&#8221;4.27.4&#8243; _module_preset=&#8221;default&#8221; global_colors_info=&#8221;{}&#8221;][et_pb_column type=&#8221;4_4&#8243; _builder_version=&#8221;4.27.4&#8243; _module_preset=&#8221;default&#8221; global_colors_info=&#8221;{}&#8221;][et_pb_toggle title=&#8221;Podcast&#8221; _builder_version=&#8221;4.27.4&#8243; _module_preset=&#8221;default&#8221; global_colors_info=&#8221;{}&#8221;][\/et_pb_toggle][\/et_pb_column][\/et_pb_row][\/et_pb_section]<\/p>\n","protected":false},"excerpt":{"rendered":"<p>Erlich, A., K. Aslett, S. Graham, J. A. TuckerHow Language Shapes Belief in Misinformation: A Study Among Multilinguals in UkraineJournal of Experimental Political Science, 2025 Jacques, O., Ph. Chass\u00e9A demanding patient: Assessing Quebec\u2019s healthcare spending needsCIRANO Papers, 2025 Ouellet, C., N. Fr\u00e9chet, S. CoulombeStriking a major chord: music preferences as predictors of vote intentions in [&hellip;]<\/p>\n","protected":false},"author":1,"featured_media":0,"parent":0,"menu_order":0,"comment_status":"closed","ping_status":"closed","template":"","meta":{"_et_pb_use_builder":"on","_et_pb_old_content":"","_et_gb_content_width":"","footnotes":""},"class_list":["post-5667","page","type-page","status-publish","hentry"],"yoast_head":"<!-- This site is optimized with the Yoast SEO plugin v27.4 - https:\/\/yoast.com\/product\/yoast-seo-wordpress\/ -->\n<title>August - 2025 - CECD - Centre pour l&#039;\u00e9tude de la citoyennet\u00e9 d\u00e9mocratique<\/title>\n<meta name=\"robots\" content=\"index, follow, max-snippet:-1, max-image-preview:large, max-video-preview:-1\" \/>\n<link rel=\"canonical\" href=\"https:\/\/csdc-cecd.ca\/2025-aout\/\" \/>\n<meta property=\"og:locale\" content=\"en_US\" \/>\n<meta property=\"og:type\" content=\"article\" \/>\n<meta property=\"og:title\" content=\"August - 2025 - CECD - Centre pour l&#039;\u00e9tude de la citoyennet\u00e9 d\u00e9mocratique\" \/>\n<meta property=\"og:description\" content=\"Erlich, A., K. Aslett, S. Graham, J. A. TuckerHow Language Shapes Belief in Misinformation: A Study Among Multilinguals in UkraineJournal of Experimental Political Science, 2025 Jacques, O., Ph. Chass\u00e9A demanding patient: Assessing Quebec\u2019s healthcare spending needsCIRANO Papers, 2025 Ouellet, C., N. Fr\u00e9chet, S. CoulombeStriking a major chord: music preferences as predictors of vote intentions in [&hellip;]\" \/>\n<meta property=\"og:url\" content=\"https:\/\/csdc-cecd.ca\/2025-aout\/\" \/>\n<meta property=\"og:site_name\" content=\"CECD - Centre pour l&#039;\u00e9tude de la citoyennet\u00e9 d\u00e9mocratique\" \/>\n<meta property=\"article:modified_time\" content=\"2025-10-24T14:54:02+00:00\" \/>\n<meta name=\"twitter:card\" content=\"summary_large_image\" \/>\n<script type=\"application\/ld+json\" class=\"yoast-schema-graph\">{\"@context\":\"https:\\\/\\\/schema.org\",\"@graph\":[{\"@type\":\"WebPage\",\"@id\":\"https:\\\/\\\/csdc-cecd.ca\\\/2025-aout\\\/\",\"url\":\"https:\\\/\\\/csdc-cecd.ca\\\/2025-aout\\\/\",\"name\":\"August - 2025 - CECD - Centre pour l&#039;\u00e9tude de la citoyennet\u00e9 d\u00e9mocratique\",\"isPartOf\":{\"@id\":\"https:\\\/\\\/csdc-cecd.ca\\\/#website\"},\"datePublished\":\"2025-08-05T12:45:32+00:00\",\"dateModified\":\"2025-10-24T14:54:02+00:00\",\"breadcrumb\":{\"@id\":\"https:\\\/\\\/csdc-cecd.ca\\\/2025-aout\\\/#breadcrumb\"},\"inLanguage\":\"en-US\",\"potentialAction\":[{\"@type\":\"ReadAction\",\"target\":[\"https:\\\/\\\/csdc-cecd.ca\\\/2025-aout\\\/\"]}]},{\"@type\":\"BreadcrumbList\",\"@id\":\"https:\\\/\\\/csdc-cecd.ca\\\/2025-aout\\\/#breadcrumb\",\"itemListElement\":[{\"@type\":\"ListItem\",\"position\":1,\"name\":\"Accueil\",\"item\":\"https:\\\/\\\/csdc-cecd.ca\\\/en\\\/\"},{\"@type\":\"ListItem\",\"position\":2,\"name\":\"August &#8211; 2025\"}]},{\"@type\":\"WebSite\",\"@id\":\"https:\\\/\\\/csdc-cecd.ca\\\/#website\",\"url\":\"https:\\\/\\\/csdc-cecd.ca\\\/\",\"name\":\"CECD - Centre pour l&#039;\u00e9tude de la citoyennet\u00e9 d\u00e9mocratique\",\"description\":\"\",\"potentialAction\":[{\"@type\":\"SearchAction\",\"target\":{\"@type\":\"EntryPoint\",\"urlTemplate\":\"https:\\\/\\\/csdc-cecd.ca\\\/?s={search_term_string}\"},\"query-input\":{\"@type\":\"PropertyValueSpecification\",\"valueRequired\":true,\"valueName\":\"search_term_string\"}}],\"inLanguage\":\"en-US\"}]}<\/script>\n<!-- \/ Yoast SEO plugin. -->","yoast_head_json":{"title":"August - 2025 - CECD - Centre pour l&#039;\u00e9tude de la citoyennet\u00e9 d\u00e9mocratique","robots":{"index":"index","follow":"follow","max-snippet":"max-snippet:-1","max-image-preview":"max-image-preview:large","max-video-preview":"max-video-preview:-1"},"canonical":"https:\/\/csdc-cecd.ca\/2025-aout\/","og_locale":"en_US","og_type":"article","og_title":"August - 2025 - CECD - Centre pour l&#039;\u00e9tude de la citoyennet\u00e9 d\u00e9mocratique","og_description":"Erlich, A., K. Aslett, S. Graham, J. A. TuckerHow Language Shapes Belief in Misinformation: A Study Among Multilinguals in UkraineJournal of Experimental Political Science, 2025 Jacques, O., Ph. Chass\u00e9A demanding patient: Assessing Quebec\u2019s healthcare spending needsCIRANO Papers, 2025 Ouellet, C., N. Fr\u00e9chet, S. CoulombeStriking a major chord: music preferences as predictors of vote intentions in [&hellip;]","og_url":"https:\/\/csdc-cecd.ca\/2025-aout\/","og_site_name":"CECD - Centre pour l&#039;\u00e9tude de la citoyennet\u00e9 d\u00e9mocratique","article_modified_time":"2025-10-24T14:54:02+00:00","twitter_card":"summary_large_image","schema":{"@context":"https:\/\/schema.org","@graph":[{"@type":"WebPage","@id":"https:\/\/csdc-cecd.ca\/2025-aout\/","url":"https:\/\/csdc-cecd.ca\/2025-aout\/","name":"August - 2025 - CECD - Centre pour l&#039;\u00e9tude de la citoyennet\u00e9 d\u00e9mocratique","isPartOf":{"@id":"https:\/\/csdc-cecd.ca\/#website"},"datePublished":"2025-08-05T12:45:32+00:00","dateModified":"2025-10-24T14:54:02+00:00","breadcrumb":{"@id":"https:\/\/csdc-cecd.ca\/2025-aout\/#breadcrumb"},"inLanguage":"en-US","potentialAction":[{"@type":"ReadAction","target":["https:\/\/csdc-cecd.ca\/2025-aout\/"]}]},{"@type":"BreadcrumbList","@id":"https:\/\/csdc-cecd.ca\/2025-aout\/#breadcrumb","itemListElement":[{"@type":"ListItem","position":1,"name":"Accueil","item":"https:\/\/csdc-cecd.ca\/en\/"},{"@type":"ListItem","position":2,"name":"August &#8211; 2025"}]},{"@type":"WebSite","@id":"https:\/\/csdc-cecd.ca\/#website","url":"https:\/\/csdc-cecd.ca\/","name":"CECD - Centre pour l&#039;\u00e9tude de la citoyennet\u00e9 d\u00e9mocratique","description":"","potentialAction":[{"@type":"SearchAction","target":{"@type":"EntryPoint","urlTemplate":"https:\/\/csdc-cecd.ca\/?s={search_term_string}"},"query-input":{"@type":"PropertyValueSpecification","valueRequired":true,"valueName":"search_term_string"}}],"inLanguage":"en-US"}]}},"_links":{"self":[{"href":"https:\/\/csdc-cecd.ca\/en\/wp-json\/wp\/v2\/pages\/5667","targetHints":{"allow":["GET"]}}],"collection":[{"href":"https:\/\/csdc-cecd.ca\/en\/wp-json\/wp\/v2\/pages"}],"about":[{"href":"https:\/\/csdc-cecd.ca\/en\/wp-json\/wp\/v2\/types\/page"}],"author":[{"embeddable":true,"href":"https:\/\/csdc-cecd.ca\/en\/wp-json\/wp\/v2\/users\/1"}],"replies":[{"embeddable":true,"href":"https:\/\/csdc-cecd.ca\/en\/wp-json\/wp\/v2\/comments?post=5667"}],"version-history":[{"count":7,"href":"https:\/\/csdc-cecd.ca\/en\/wp-json\/wp\/v2\/pages\/5667\/revisions"}],"predecessor-version":[{"id":6374,"href":"https:\/\/csdc-cecd.ca\/en\/wp-json\/wp\/v2\/pages\/5667\/revisions\/6374"}],"wp:attachment":[{"href":"https:\/\/csdc-cecd.ca\/en\/wp-json\/wp\/v2\/media?parent=5667"}],"curies":[{"name":"wp","href":"https:\/\/api.w.org\/{rel}","templated":true}]}}