{"id":5810,"date":"2025-09-02T09:11:33","date_gmt":"2025-09-02T13:11:33","guid":{"rendered":"https:\/\/csdc-cecd.ca\/?page_id=5810"},"modified":"2025-11-14T11:39:45","modified_gmt":"2025-11-14T16:39:45","slug":"2025-september","status":"publish","type":"page","link":"https:\/\/csdc-cecd.ca\/en\/2025-september\/","title":{"rendered":"2025 &#8211; September"},"content":{"rendered":"<p>[et_pb_section fb_built=&#8221;1&#8243; _builder_version=&#8221;4.27.4&#8243; _module_preset=&#8221;default&#8221; global_colors_info=&#8221;{}&#8221;][et_pb_row _builder_version=&#8221;4.27.4&#8243; _module_preset=&#8221;default&#8221; global_colors_info=&#8221;{}&#8221;][et_pb_column type=&#8221;4_4&#8243; _builder_version=&#8221;4.27.4&#8243; _module_preset=&#8221;default&#8221; global_colors_info=&#8221;{}&#8221;][et_pb_heading title=&#8221;Sept. 2025&#8243; _builder_version=&#8221;4.27.4&#8243; _module_preset=&#8221;default&#8221; global_colors_info=&#8221;{}&#8221;][\/et_pb_heading][\/et_pb_column][\/et_pb_row][et_pb_row _builder_version=&#8221;4.27.4&#8243; _module_preset=&#8221;default&#8221; global_colors_info=&#8221;{}&#8221;][et_pb_column type=&#8221;4_4&#8243; _builder_version=&#8221;4.27.4&#8243; _module_preset=&#8221;default&#8221; global_colors_info=&#8221;{}&#8221;][et_pb_toggle title=&#8221;Scientific articles&#8221; _builder_version=&#8221;4.27.4&#8243; _module_preset=&#8221;default&#8221; global_colors_info=&#8221;{}&#8221;]<\/p>\n<p><strong>B\u00e9langer, \u00c9, J-F. Godbout<\/strong><br \/><a href=\"https:\/\/www.erudit.org\/fr\/revues\/ps\/2025-v44-n2-ps010091\/1118477ar\/\">Le sentiment de menace identitaire au Qu\u00e9bec<\/a><br \/>Politique et Soci\u00e9t\u00e9s, 2025<\/p>\n<p>Bellemarre, L., J. Boyer,\u00a0Y. Benzidane,\u00a0E. Arpin,\u00a0F. Castonguay,\u00a0<strong>O. Jacques<\/strong><br \/><a href=\"chrome-extension:\/\/efaidnbmnnnibpcajpcglclefindmkaj\/https:\/\/cirano.qc.ca\/files\/publications\/2025PR-10.pdf\">Entre public et priv\u00e9: le syst\u00e8me de sant\u00e9 du Qu\u00e9bec \u00e0 la crois\u00e9e des chemins<\/a><br \/>Econpapers, 2025<\/p>\n<p>Chaum, D., R.T. Carback, <strong>J. Clark<\/strong>, C. Liu, M. Nejadgholi, B. Preneel, A.T. Sherman, M. Yaksetig, Z. Yin, F. Zagorski, B. Zhang<br \/><a href=\"https:\/\/books.google.ca\/books?hl=fr&amp;lr=&amp;id=zcaFEQAAQBAJ&amp;oi=fnd&amp;pg=PA38&amp;ots=0emvyudg8i&amp;sig=S6cIgInczgsT94PoS4WS17ouzfc&amp;redir_esc=y#v=onepage&amp;q&amp;f=false\">Revisiting Silent Coercion<\/a><br \/>Lecture Notes in Computer Science, 2025<\/p>\n<p>Gagnon, A., <strong>A. Bilodeau<\/strong><br \/><a href=\"https:\/\/www.erudit.org\/fr\/revues\/ps\/2025-v44-n2-ps010091\/1119509ar\/\">Pr\u00e9f\u00e9rences pour l\u2019origine des immigrants et en mati\u00e8re d\u2019acculturation\u00a0: l\u2019effet structurant des conceptions de l\u2019identit\u00e9 nationale au Qu\u00e9bec<\/a><br \/>Politique et Soci\u00e9t\u00e9s, 2025<\/p>\n<p>Gagnon, A., C. Xhardez, <strong>A. Bilodeau<\/strong><br \/><a href=\"chrome-extension:\/\/efaidnbmnnnibpcajpcglclefindmkaj\/https:\/\/www.cambridge.org\/core\/services\/aop-cambridge-core\/content\/view\/6D61075084035669596E99203B9AED13\/S0008423925100498a.pdf\/div-class-title-la-dimension-identitaire-du-nationalisme-de-la-caq-l-affirmation-des-frontieres-imaginees-de-la-nation-quebecoise-div.pdf\">La dimension identitaire du nationalisme de la CAQ : L\u2019affirmation des fronti\u00e8res imagin\u00e9es de la nation qu\u00e9b\u00e9coise<\/a><br \/>Revue canadienne de science politique, 2025<\/p>\n<p><strong>Jacques, O<\/strong>., E. Ben Jelili,\u00a0A. Prud&#8217;homme,\u00a0E. Arpin<br \/><a href=\"chrome-extension:\/\/efaidnbmnnnibpcajpcglclefindmkaj\/https:\/\/cirano.qc.ca\/files\/publications\/2025PJ-13.pdf\">Investissements en sant\u00e9 publique au Qu\u00e9bec et ailleurs au Canada<\/a><br \/>Econpapers, 2025<\/p>\n<p>Lajeunesse, S., J. Auchter, <strong>Y. Dufresne<\/strong><br \/><a href=\"https:\/\/doi.org\/10.1080\/10646175.2025.2558806\">Bordering Vulnerability: Media Portrayal of Climate Migrants in Quebec\u2019s Visual Narrative<\/a><br \/>Howard Journal of Communications, 2025<\/p>\n<p>Schermer, J.A., <strong>J. Bouchard<\/strong>, J. Mansell, L.B.Stephenson<br \/><a href=\"chrome-extension:\/\/efaidnbmnnnibpcajpcglclefindmkaj\/https:\/\/www.cambridge.org\/core\/services\/aop-cambridge-core\/content\/view\/799CC15CF486C635BCBF3964BE9737CC\/S0008423925000228a.pdf\/locus_of_hope_as_a_predictor_of_political_engagement.pdf\">Locus of Hope as a Predictor of Political Engagement<\/a><br \/>Canadian Journal of Political Science, 2025<\/p>\n<p><strong>Shor, E.<\/strong><br \/><a href=\"https:\/\/link.springer.com\/article\/10.1007\/s10508-025-03229-9\">\u201cIt\u2019s a Way to Let Go\u201d: The Intersection of Pleasure and Pain in Pornography<\/a><br \/>Archives of Sexual Behavior , 2025<\/p>\n<p>[\/et_pb_toggle][\/et_pb_column][\/et_pb_row][et_pb_row _builder_version=&#8221;4.27.4&#8243; _module_preset=&#8221;default&#8221; global_colors_info=&#8221;{}&#8221;][et_pb_column type=&#8221;4_4&#8243; _builder_version=&#8221;4.27.4&#8243; _module_preset=&#8221;default&#8221; global_colors_info=&#8221;{}&#8221;][et_pb_toggle title=&#8221;Books | Chapters book&#8221; _builder_version=&#8221;4.27.4&#8243; _module_preset=&#8221;default&#8221; global_colors_info=&#8221;{}&#8221;][\/et_pb_toggle][\/et_pb_column][\/et_pb_row][et_pb_row _builder_version=&#8221;4.27.4&#8243; _module_preset=&#8221;default&#8221; global_colors_info=&#8221;{}&#8221;][et_pb_column type=&#8221;4_4&#8243; _builder_version=&#8221;4.27.4&#8243; _module_preset=&#8221;default&#8221; global_colors_info=&#8221;{}&#8221;][et_pb_divider color=&#8221;#000000&#8243; _builder_version=&#8221;4.27.4&#8243; _module_preset=&#8221;default&#8221; global_colors_info=&#8221;{}&#8221;][\/et_pb_divider][\/et_pb_column][\/et_pb_row][et_pb_row _builder_version=&#8221;4.27.4&#8243; _module_preset=&#8221;default&#8221; global_colors_info=&#8221;{}&#8221;][et_pb_column type=&#8221;4_4&#8243; _builder_version=&#8221;4.27.4&#8243; _module_preset=&#8221;default&#8221; global_colors_info=&#8221;{}&#8221;][et_pb_toggle title=&#8221;Media&#8221; _builder_version=&#8221;4.27.4&#8243; _module_preset=&#8221;default&#8221; global_colors_info=&#8221;{}&#8221;]<\/p>\n<p>Nicolas Ajzenman \u2013 American Economic Association \u2013 2025|09|30<br \/><a href=\"https:\/\/www.aeaweb.org\/research\/charts\/discrimination-academic-networks-twitter\">Bias in academic networking<\/a><\/p>\n<p>Fenwick McKelvey \u2013 The Conversation \u2013 2025|09|28<br \/><a href=\"https:\/\/theconversation.com\/generative-ai-might-end-up-being-worthless-and-that-could-be-a-good-thing-266046\">Generative AI might end up being worthless \u2014 and that could be a good thing<\/a><\/p>\n<p>Erick Lachapelle \u2013 La Presse \u2013\u00a02025|09|24<br \/><a href=\"https:\/\/www.lapresse.ca\/actualites\/environnement\/2025-09-24\/nouvelle-etude\/les-decideurs-sous-estiment-l-appui-a-l-action-climatique.php\">Les d\u00e9cideurs sous-estiment l\u2019appui \u00e0 l\u2019action climatique<\/a><\/p>\n<p>Evelyne Brie; Yannick Dufresnes \u2013 UdeMNouvelles \u2013 2025|09|23<br \/><a href=\"https:\/\/nouvelles.umontreal.ca\/article\/2025\/09\/23\/evelyne-brie-faire-parler-les-donnees-pour-mieux-comprendre-les-inegalites\">\u00c9velyne Brie: faire parler les donn\u00e9es pour mieux comprendre les in\u00e9galit\u00e9s<\/a><\/p>\n<p>Marc-Andr\u00e9 Bodet \u2013 American Economic Association \u2013 2025|09|22<br \/><a href=\"https:\/\/policyoptions.irpp.org\/2025\/09\/ai-government\/\">Trust in government a key factor in acceptance of greater federal use of AI<\/a><\/p>\n<p>Colette Brin \u2013 Le Devoir \u2013 2025|09|22<br \/><a href=\"https:\/\/www.ledevoir.com\/lire\/918867\/defis-demain-penser-avenir-ceder-defaitisme\">\u00ab Les d\u00e9fis de demain \u00bb: penser l\u2019avenir sans c\u00e9der au d\u00e9faitisme<\/a><\/p>\n<p>Joanie Bouchard \u2013 Le Devoir \u2013 2025|09|20<br \/><a href=\"https:\/\/www.ledevoir.com\/politique\/917808\/politique-municipale-sport-extreme\">La politique municipale, un sport extr\u00eame?<\/a><\/p>\n<p>Emmanuel Choquette \u2013 La Presse \u2013 2025|09|18<br \/><a href=\"https:\/\/www.lapresse.ca\/actualites\/elections-municipales\/2025-09-18\/elections-municipales\/place-aux-slogans.php\">\u00c9lections municipales, place aux slogans<\/a><\/p>\n<p>Olivier Jacques \u2013 Euronews \u2013\u00a02025|09|18<br \/><a href=\"https:\/\/www.euronews.com\/business\/2025\/09\/18\/public-services-vs-tax-cuts-what-are-europeans-willing-to-sacrifice\">Public services vs. tax cuts: What are Europeans willing to sacrifice?<\/a><\/p>\n<p>Benjamin Forest \u2013 Le D\u00e9lit Fran\u00e7ais \u2013 2025|09|17<br \/><a href=\"https:\/\/www.delitfrancais.com\/2025\/09\/17\/au-texas-le-vote-latino-pese-desormais-trois-fois-moins-que-le-vote-blanc\/\">Au Texas, le vote latino p\u00e8se d\u00e9sormais trois fois moins que le vote blanc<\/a><\/p>\n<p>Joanie Bouchard \u2013 24 heures \u2013 2025|09|15<br \/><a href=\"https:\/\/www.24heures.ca\/2025\/09\/15\/francois-legault-a-t-il-sacrifie-les-femmes-pour-remonter-dans-les-sondages\">Fran\u00e7ois Legault a-t-il sacrifi\u00e9 les femmes pour remonter dans les sondages?<\/a><\/p>\n<p>Eran Shor \u2013 La Presse \u2013\u00a02025|09|14<br \/><a href=\"https:\/\/www.neomedia.com\/actualites-nationale\/quand-les-celibataires-involontaires-se-retirent-volontairement-de-la-societe\/32921\">L\u2019universit\u00e9 McGill se penche sur les incels<\/a><\/p>\n<p>Mireille Lalancette \u2013 La Presse \u2013\u00a02025|09|13<br \/><a href=\"https:\/\/www.lapresse.ca\/actualites\/politique\/2025-09-13\/elections-municipales\/une-campagne-dans-l-angle-mort-des-quebecois.php\">Une campagne dans l\u2019angle mort des Qu\u00e9b\u00e9cois ?<\/a><\/p>\n<p>Mireille Lalancette; \u00c9ric B\u00e9langer \u2013 The Conversation \u2013\u00a02025|09|03<br \/><a href=\"https:\/\/theconversation.com\/la-montee-de-lappui-a-la-souverainete-chez-les-jeunes-au-quebec-feu-de-paille-ou-vague-de-fond-264227\">La mont\u00e9e de l&#8217;appui \u00e0 la souverainet\u00e9 chez les jeunes au Qu\u00e9bec, feu de paille ou vague de fond ?<\/a><\/p>\n<p>Normand Landry \u2013 La Presse \u2013 2025|09|03<br \/><a href=\"https:\/\/www.lapresse.ca\/xtra\/2025-09-03\/world-press-photo-montreal\/5-expositions-connexes-a-decouvrir.php\">5 expositions connexes \u00e0 d\u00e9couvrir<\/a><\/p>\n<p>[\/et_pb_toggle][\/et_pb_column][\/et_pb_row][et_pb_row _builder_version=&#8221;4.27.4&#8243; _module_preset=&#8221;default&#8221; global_colors_info=&#8221;{}&#8221;][et_pb_column type=&#8221;4_4&#8243; _builder_version=&#8221;4.27.4&#8243; _module_preset=&#8221;default&#8221; global_colors_info=&#8221;{}&#8221;][et_pb_toggle title=&#8221;Podcast&#8221; _builder_version=&#8221;4.27.4&#8243; _module_preset=&#8221;default&#8221; hover_enabled=&#8221;0&#8243; global_colors_info=&#8221;{}&#8221; sticky_enabled=&#8221;0&#8243;]<\/p>\n<p>Olivier Jacques \u2013 Radio Canada Ohdio \u2013 2025|09|29<br \/><a href=\"https:\/\/ici.radio-canada.ca\/ohdio\/premiere\/emissions\/bonjour-la-cote\/segments\/rattrapage\/2187442\/caq-recule-sur-interdiction-vehicules-neufs-a-essence-a-compter-203\">La CAQ recule sur l\u2019interdiction des v\u00e9hicules neufs \u00e0 essence \u00e0 compter de 2035<\/a><\/p>\n<p>Thierry Giasson \u2013 Radio Canada Ohdio \u2013 2025|09|26<br \/><a href=\"https:\/\/ici.radio-canada.ca\/ohdio\/premiere\/emissions\/c-est-encore-mieux-l-apres-midi\/segments\/rattrapage\/2186171\/elections-municipales-avec-thierry-giasson\">\u00c9lections municipales avec Thierry Giasson<\/a><\/p>\n<p>Thierry Giasson \u2013 blvd 102.1 \u2013 2025|09|24<br \/><a href=\"https:\/\/www.blvd.fm\/reecouter\/28656-le-point-de-max-les-strategies-de-communication-en-campagne-electorale-avec-thierry-giasson-professeur-titulaire-au-departement-de-science-politique-de-l-universite-laval\">Les strat\u00e9gies de communication en campagne \u00e9lectorale avec Thierry Giasson<\/a><\/p>\n<p>Emmanuel Choquette \u2013 107.7 Estrie \u2013 2025|09|20<br \/><a href=\"https:\/\/www.fm1077.ca\/audio\/724280\/remaniement-un-coup-d-epee-dans-l-eau-pour-legault\">Remaniement: un coup d\u2019\u00e9p\u00e9e dans l\u2019eau pour Legault<\/a><\/p>\n<p>Emmanuel Choquette \u2013 Qub \u2013 2025|09|19<br \/><a href=\"https:\/\/www.qub.ca\/video\/redif-20250919-13-30-31-161-20250919-13-48-13-474-1493398097\">\u00c9lections municipales: \u00ab On sous-estime l&#8217;importance des pancartes \u00e9lectorales! \u00bb<\/a><\/p>\n<p>Thierry Giasson \u2013 Radio Canada Ohdio \u2013 2025|09|19<br \/><a href=\"https:\/\/ici.radio-canada.ca\/ohdio\/premiere\/emissions\/c-est-encore-mieux-l-apres-midi\/segments\/rattrapage\/2180539\/strategies-a-envisager-pour-partis-avec-thierry-giasson\">Les strat\u00e9gies \u00e0 envisager pour les partis avec Thierry Giasson<\/a><\/p>\n<p>Thierry Giasson \u2013 Radio Canada Ohdio \u2013\u00a02025|09|11<br \/><a href=\"https:\/\/ici.radio-canada.ca\/ohdio\/premiere\/emissions\/info-reveil\/segments\/rattrapage\/2172700\/analyse-remaniement-ministeriel-gouvernement-legault\">Ma\u00eft\u00e9 Blanchette V\u00e9zina perd son minist\u00e8re<\/a><\/p>\n<p>Thierry Giasson \u2013 Radio Canada Ohdio \u2013 2025|09|10<br \/><a href=\"https:\/\/ici.radio-canada.ca\/ohdio\/premiere\/emissions\/c-est-encore-mieux-l-apres-midi\/segments\/rattrapage\/2172286\/analyse-remaniement-ministeriel-avec-thierry-giasson\">Regard sur le remaniement du gouvernement<\/a><\/p>\n<p>Thierry Giasson \u2013 blvd 102.1 \u2013 2025|09|10<br \/><a href=\"https:\/\/www.blvd.fm\/reecouter\/28492-le-point-de-max-on-analyse-le-remaniement-ministeriel-de-francois-legault-avec-thierry-giasson-specialiste-de-la-communication-politique-au-departement-de-science-politique-de-l-universite-laval\">Remaniement minist\u00e9riel de Fran\u00e7ois Legault avec Thierry Giasson<\/a><\/p>\n<p>Emmanuel Choquette \u2013 107.7 Estrie \u2013\u00a02025|09|10<br \/><a href=\"https:\/\/www.fm1077.ca\/audio\/722650\/un-remaniement-ministeriel-a-un-an-des-elections-quel-sera-l-impact\">Un remaniement minist\u00e9riel \u00e0 un an des \u00e9lections, quel sera l\u2019impact ?<\/a><\/p>\n<p>[\/et_pb_toggle][\/et_pb_column][\/et_pb_row][\/et_pb_section]<\/p>\n","protected":false},"excerpt":{"rendered":"<p>B\u00e9langer, \u00c9, J-F. GodboutLe sentiment de menace identitaire au Qu\u00e9becPolitique et Soci\u00e9t\u00e9s, 2025 Bellemarre, L., J. Boyer,\u00a0Y. Benzidane,\u00a0E. Arpin,\u00a0F. Castonguay,\u00a0O. JacquesEntre public et priv\u00e9: le syst\u00e8me de sant\u00e9 du Qu\u00e9bec \u00e0 la crois\u00e9e des cheminsEconpapers, 2025 Chaum, D., R.T. Carback, J. Clark, C. Liu, M. Nejadgholi, B. Preneel, A.T. Sherman, M. Yaksetig, Z. Yin, F. [&hellip;]<\/p>\n","protected":false},"author":1,"featured_media":0,"parent":0,"menu_order":0,"comment_status":"closed","ping_status":"closed","template":"","meta":{"_et_pb_use_builder":"on","_et_pb_old_content":"","_et_gb_content_width":"","footnotes":""},"class_list":["post-5810","page","type-page","status-publish","hentry"],"yoast_head":"<!-- This site is optimized with the Yoast SEO plugin v27.4 - https:\/\/yoast.com\/product\/yoast-seo-wordpress\/ -->\n<title>2025 - September - CECD - Centre pour l&#039;\u00e9tude de la citoyennet\u00e9 d\u00e9mocratique<\/title>\n<meta name=\"robots\" content=\"index, follow, max-snippet:-1, max-image-preview:large, max-video-preview:-1\" \/>\n<link rel=\"canonical\" href=\"https:\/\/csdc-cecd.ca\/2025-septembre\/\" \/>\n<meta property=\"og:locale\" content=\"en_US\" \/>\n<meta property=\"og:type\" content=\"article\" \/>\n<meta property=\"og:title\" content=\"2025 - September - CECD - Centre pour l&#039;\u00e9tude de la citoyennet\u00e9 d\u00e9mocratique\" \/>\n<meta property=\"og:description\" content=\"B\u00e9langer, \u00c9, J-F. GodboutLe sentiment de menace identitaire au Qu\u00e9becPolitique et Soci\u00e9t\u00e9s, 2025 Bellemarre, L., J. Boyer,\u00a0Y. Benzidane,\u00a0E. Arpin,\u00a0F. Castonguay,\u00a0O. JacquesEntre public et priv\u00e9: le syst\u00e8me de sant\u00e9 du Qu\u00e9bec \u00e0 la crois\u00e9e des cheminsEconpapers, 2025 Chaum, D., R.T. Carback, J. Clark, C. Liu, M. Nejadgholi, B. Preneel, A.T. Sherman, M. Yaksetig, Z. Yin, F. [&hellip;]\" \/>\n<meta property=\"og:url\" content=\"https:\/\/csdc-cecd.ca\/2025-septembre\/\" \/>\n<meta property=\"og:site_name\" content=\"CECD - Centre pour l&#039;\u00e9tude de la citoyennet\u00e9 d\u00e9mocratique\" \/>\n<meta property=\"article:modified_time\" content=\"2025-11-14T16:39:45+00:00\" \/>\n<meta name=\"twitter:card\" content=\"summary_large_image\" \/>\n<script type=\"application\/ld+json\" class=\"yoast-schema-graph\">{\"@context\":\"https:\\\/\\\/schema.org\",\"@graph\":[{\"@type\":\"WebPage\",\"@id\":\"https:\\\/\\\/csdc-cecd.ca\\\/2025-septembre\\\/\",\"url\":\"https:\\\/\\\/csdc-cecd.ca\\\/2025-septembre\\\/\",\"name\":\"2025 - September - CECD - Centre pour l&#039;\u00e9tude de la citoyennet\u00e9 d\u00e9mocratique\",\"isPartOf\":{\"@id\":\"https:\\\/\\\/csdc-cecd.ca\\\/#website\"},\"datePublished\":\"2025-09-02T13:11:33+00:00\",\"dateModified\":\"2025-11-14T16:39:45+00:00\",\"breadcrumb\":{\"@id\":\"https:\\\/\\\/csdc-cecd.ca\\\/2025-septembre\\\/#breadcrumb\"},\"inLanguage\":\"en-US\",\"potentialAction\":[{\"@type\":\"ReadAction\",\"target\":[\"https:\\\/\\\/csdc-cecd.ca\\\/2025-septembre\\\/\"]}]},{\"@type\":\"BreadcrumbList\",\"@id\":\"https:\\\/\\\/csdc-cecd.ca\\\/2025-septembre\\\/#breadcrumb\",\"itemListElement\":[{\"@type\":\"ListItem\",\"position\":1,\"name\":\"Accueil\",\"item\":\"https:\\\/\\\/csdc-cecd.ca\\\/en\\\/\"},{\"@type\":\"ListItem\",\"position\":2,\"name\":\"2025 &#8211; September\"}]},{\"@type\":\"WebSite\",\"@id\":\"https:\\\/\\\/csdc-cecd.ca\\\/#website\",\"url\":\"https:\\\/\\\/csdc-cecd.ca\\\/\",\"name\":\"CECD - Centre pour l&#039;\u00e9tude de la citoyennet\u00e9 d\u00e9mocratique\",\"description\":\"\",\"potentialAction\":[{\"@type\":\"SearchAction\",\"target\":{\"@type\":\"EntryPoint\",\"urlTemplate\":\"https:\\\/\\\/csdc-cecd.ca\\\/?s={search_term_string}\"},\"query-input\":{\"@type\":\"PropertyValueSpecification\",\"valueRequired\":true,\"valueName\":\"search_term_string\"}}],\"inLanguage\":\"en-US\"}]}<\/script>\n<!-- \/ Yoast SEO plugin. -->","yoast_head_json":{"title":"2025 - September - CECD - Centre pour l&#039;\u00e9tude de la citoyennet\u00e9 d\u00e9mocratique","robots":{"index":"index","follow":"follow","max-snippet":"max-snippet:-1","max-image-preview":"max-image-preview:large","max-video-preview":"max-video-preview:-1"},"canonical":"https:\/\/csdc-cecd.ca\/2025-septembre\/","og_locale":"en_US","og_type":"article","og_title":"2025 - September - CECD - Centre pour l&#039;\u00e9tude de la citoyennet\u00e9 d\u00e9mocratique","og_description":"B\u00e9langer, \u00c9, J-F. GodboutLe sentiment de menace identitaire au Qu\u00e9becPolitique et Soci\u00e9t\u00e9s, 2025 Bellemarre, L., J. Boyer,\u00a0Y. Benzidane,\u00a0E. Arpin,\u00a0F. Castonguay,\u00a0O. JacquesEntre public et priv\u00e9: le syst\u00e8me de sant\u00e9 du Qu\u00e9bec \u00e0 la crois\u00e9e des cheminsEconpapers, 2025 Chaum, D., R.T. Carback, J. Clark, C. Liu, M. Nejadgholi, B. Preneel, A.T. Sherman, M. Yaksetig, Z. Yin, F. [&hellip;]","og_url":"https:\/\/csdc-cecd.ca\/2025-septembre\/","og_site_name":"CECD - Centre pour l&#039;\u00e9tude de la citoyennet\u00e9 d\u00e9mocratique","article_modified_time":"2025-11-14T16:39:45+00:00","twitter_card":"summary_large_image","schema":{"@context":"https:\/\/schema.org","@graph":[{"@type":"WebPage","@id":"https:\/\/csdc-cecd.ca\/2025-septembre\/","url":"https:\/\/csdc-cecd.ca\/2025-septembre\/","name":"2025 - September - CECD - Centre pour l&#039;\u00e9tude de la citoyennet\u00e9 d\u00e9mocratique","isPartOf":{"@id":"https:\/\/csdc-cecd.ca\/#website"},"datePublished":"2025-09-02T13:11:33+00:00","dateModified":"2025-11-14T16:39:45+00:00","breadcrumb":{"@id":"https:\/\/csdc-cecd.ca\/2025-septembre\/#breadcrumb"},"inLanguage":"en-US","potentialAction":[{"@type":"ReadAction","target":["https:\/\/csdc-cecd.ca\/2025-septembre\/"]}]},{"@type":"BreadcrumbList","@id":"https:\/\/csdc-cecd.ca\/2025-septembre\/#breadcrumb","itemListElement":[{"@type":"ListItem","position":1,"name":"Accueil","item":"https:\/\/csdc-cecd.ca\/en\/"},{"@type":"ListItem","position":2,"name":"2025 &#8211; September"}]},{"@type":"WebSite","@id":"https:\/\/csdc-cecd.ca\/#website","url":"https:\/\/csdc-cecd.ca\/","name":"CECD - Centre pour l&#039;\u00e9tude de la citoyennet\u00e9 d\u00e9mocratique","description":"","potentialAction":[{"@type":"SearchAction","target":{"@type":"EntryPoint","urlTemplate":"https:\/\/csdc-cecd.ca\/?s={search_term_string}"},"query-input":{"@type":"PropertyValueSpecification","valueRequired":true,"valueName":"search_term_string"}}],"inLanguage":"en-US"}]}},"_links":{"self":[{"href":"https:\/\/csdc-cecd.ca\/en\/wp-json\/wp\/v2\/pages\/5810","targetHints":{"allow":["GET"]}}],"collection":[{"href":"https:\/\/csdc-cecd.ca\/en\/wp-json\/wp\/v2\/pages"}],"about":[{"href":"https:\/\/csdc-cecd.ca\/en\/wp-json\/wp\/v2\/types\/page"}],"author":[{"embeddable":true,"href":"https:\/\/csdc-cecd.ca\/en\/wp-json\/wp\/v2\/users\/1"}],"replies":[{"embeddable":true,"href":"https:\/\/csdc-cecd.ca\/en\/wp-json\/wp\/v2\/comments?post=5810"}],"version-history":[{"count":8,"href":"https:\/\/csdc-cecd.ca\/en\/wp-json\/wp\/v2\/pages\/5810\/revisions"}],"predecessor-version":[{"id":6487,"href":"https:\/\/csdc-cecd.ca\/en\/wp-json\/wp\/v2\/pages\/5810\/revisions\/6487"}],"wp:attachment":[{"href":"https:\/\/csdc-cecd.ca\/en\/wp-json\/wp\/v2\/media?parent=5810"}],"curies":[{"name":"wp","href":"https:\/\/api.w.org\/{rel}","templated":true}]}}