{"id":6046,"date":"2025-10-06T09:10:21","date_gmt":"2025-10-06T13:10:21","guid":{"rendered":"https:\/\/csdc-cecd.ca\/?page_id=6046"},"modified":"2025-11-14T11:42:20","modified_gmt":"2025-11-14T16:42:20","slug":"october-2025","status":"publish","type":"page","link":"https:\/\/csdc-cecd.ca\/en\/october-2025\/","title":{"rendered":"October &#8211; 2025"},"content":{"rendered":"<p>[et_pb_section fb_built=&#8221;1&#8243; _builder_version=&#8221;4.27.4&#8243; _module_preset=&#8221;default&#8221; global_colors_info=&#8221;{}&#8221;][et_pb_row _builder_version=&#8221;4.27.4&#8243; _module_preset=&#8221;default&#8221; global_colors_info=&#8221;{}&#8221;][et_pb_column type=&#8221;4_4&#8243; _builder_version=&#8221;4.27.4&#8243; _module_preset=&#8221;default&#8221; global_colors_info=&#8221;{}&#8221;][et_pb_heading title=&#8221;Oct. 2025&#8243; _builder_version=&#8221;4.27.4&#8243; _module_preset=&#8221;default&#8221; global_colors_info=&#8221;{}&#8221;][\/et_pb_heading][\/et_pb_column][\/et_pb_row][et_pb_row _builder_version=&#8221;4.27.4&#8243; _module_preset=&#8221;default&#8221; global_colors_info=&#8221;{}&#8221;][et_pb_column type=&#8221;4_4&#8243; _builder_version=&#8221;4.27.4&#8243; _module_preset=&#8221;default&#8221; global_colors_info=&#8221;{}&#8221;][et_pb_toggle title=&#8221;Scientific articles&#8221; _builder_version=&#8221;4.27.4&#8243; _module_preset=&#8221;default&#8221; global_colors_info=&#8221;{}&#8221;]<\/p>\n<p>B\u00e9land, D., P. Graefe,<span>\u00a0<\/span><strong>O. Jacques<\/strong><br \/><a href=\"https:\/\/onlinelibrary.wiley.com\/action\/doSearch?field1=AllField&amp;text1=Explaining+Social+Policy+Expansion%3A+The+Curious+Case+of+the+Justin+Trudeau+Era+in+Canada&amp;field2=AllField&amp;text2=&amp;field3=AllField&amp;text3=&amp;publication%5B%5D=14679515&amp;publication=&amp;Ppub=\">Explaining Social Policy Expansion: The Curious Case of the Justin Trudeau Era in Canada<\/a><br \/>Social Policy &amp; Administration<\/p>\n<p>Coleman, T.A., S. Tse, A. Ananthavel Murugan, S. Joseph, E. Charney, J. Grewal, T. Ghazarian, M. Morgan, N. Ziskind, R. Salama,<span>\u00a0<\/span><strong>S. Coulombe.<\/strong><span>\u00a0<\/span>R. Travers<br \/><a href=\"https:\/\/link.springer.com\/article\/10.1007\/s13178-025-01208-2\">Investigating the Associations Between Minority Stressors and Sexual Orientation Disclosure in Primary Care in a Sample of Sexual Orientation Minorities in Canada<\/a><br \/>Sexuality Research and Social Policy<\/p>\n<p><strong>Dassonneville, R.<\/strong>, R. Stubager, M. Thau<br \/><a href=\"chrome-extension:\/\/efaidnbmnnnibpcajpcglclefindmkaj\/https:\/\/www.cambridge.org\/core\/services\/aop-cambridge-core\/content\/view\/6A35D7B147A03DB5785E4FB3539473A3\/S1475676525100170a.pdf\/how-group-appeals-shape-candidate-support-the-role-of-group-membership-identity-strength-and-deservingness-perceptions.pdf\">How group appeals shape candidate support: The role of group membership, identity strength, and deservingness perceptions<\/a><br \/>European Journal of Political Research<\/p>\n<p><strong>Hehman, E.<\/strong>, S. Y. Xie, E. Ofosu, G.A. Nespoli<br \/><a href=\"https:\/\/guilfordjournals.com\/doi\/abs\/10.1521\/soco.2025.43.5.488\">Assessing the Point at Which Averages Are Stable: A Tutorial in the Context of Impression Formation<\/a><br \/>Social Cognition<\/p>\n<p><strong>Jacques, O<\/strong>., M. Perrot, A. Prud\u2019homme, C. Vincent, R. Borg\u00e8s Da Silva<br \/><a href=\"https:\/\/ideas.repec.org\/p\/cir\/cirpro\/2025rp-23.html\">Accroitre la couverture universelle des soins de sant\u00e9 ? L\u2019opinion des Qu\u00e9b\u00e9cois<\/a><br \/>Cyrano Reports<\/p>\n<p>Johnson, J.,<span>\u00a0<\/span><strong>B. Forest<\/strong><br \/><a href=\"https:\/\/www.tandfonline.com\/doi\/epdf\/10.1080\/24694452.2025.2569511?needAccess=true\">Aspirational Iconography: The European Union Flag as an Extraterritorial Political Symbol<\/a><br \/>Annals of the American Association of Geographers<\/p>\n<p>Kiss, S., P. Fafard, A. Perrella, K. Shankardass,<span>\u00a0<\/span><strong>E. Lachapelle\u00a0<\/strong><br \/><a href=\"chrome-extension:\/\/efaidnbmnnnibpcajpcglclefindmkaj\/https:\/\/scholars.wlu.ca\/cgi\/viewcontent.cgi?article=1005&amp;context=lispop\">Comparing Ideology and COVID-19 Preferences of Canadian Public Health Workers and the General Population Public Health Workers and the General Population<\/a><br \/>Laurier Institute for the Study of Public Opinion and Policy<\/p>\n<p>Martel, M-A., R. Nadeau<br \/><a href=\"chrome-extension:\/\/efaidnbmnnnibpcajpcglclefindmkaj\/https:\/\/www.cambridge.org\/core\/services\/aop-cambridge-core\/content\/view\/0D0DB80538E72496A2A89C1239B17C97\/S0008423925100747a.pdf\/reexamination_of_the_notions_of_issue_engagement_and_issue_avoidance.pdf\">A Re-examination of the Notions of Issue Engagement and Issue Avoidance<\/a><br \/>Canadian Journal of Political Science<\/p>\n<p>McKelvey, F., B. Simon, L. Frizerra<br \/><a href=\"https:\/\/www.tandfonline.com\/doi\/abs\/10.1080\/1369118X.2025.2565328\">Generative AI and the information commons: controversy, copyright, and closure<\/a><br \/>Information, Communication &amp; Society<\/p>\n<p>Nair, P., G. Lefebvre, M. Molamohammadi, S. Garrel, R. Rabbany<br \/><a href=\"https:\/\/scholar.google.com\/scholar_url?url=https:\/\/ojs.aaai.org\/index.php\/AIES\/article\/download\/36677\/38815&amp;hl=fr&amp;sa=X&amp;d=5766770410717536288&amp;ei=4qD2aM0O7ZmJ6g_u54nJCQ&amp;scisig=AAZF9b9ZIeu2i08fPEOJ8tsU89C5&amp;oi=scholaralrt&amp;hist=_80GeGUAAAAJ:6214126184581279387:AAZF9b8o1zABv4CMtuvfoEpNzhox&amp;html=&amp;pos=0&amp;folt=art\">Reframing AI-for-Good: Radical Questioning in AI for Human Trafficking Interventions<\/a><br \/>Proceedings of the Eighth AAAI\/ACM Conference on AI, Ethics, and Society (AIES 2025)<\/p>\n<p>Omidi Shayegan, S.,<span>\u00a0<\/span><strong>J-F. Godbout, R. Rabbany<\/strong><br \/><a href=\"chrome-extension:\/\/efaidnbmnnnibpcajpcglclefindmkaj\/https:\/\/openreview.net\/pdf?id=UEirkXhmey\">Uncovering Hidden Factions through Text-Network Representations: Unsupervised Public Opinion Mapping of Iran on Twitter in the 2022 Unrest<\/a><br \/>Published as a conference paper at COLM 2025<\/p>\n<p>Paquin, A., A. Giroux, S. Radziszewski, F. Lauzier-Jobin, <strong>S. Coulombe<\/strong>, J. Houle, S. Meunier<br \/><a href=\"https:\/\/onlinelibrary.wiley.com\/doi\/10.1002\/jcop.70052\">Trajectories of Well-Being and Burnout Among Health and Social Services Community Workers During the COVID-19 Pandemic: A Longitudinal Study of Job Demands and Resources<\/a><br \/>Journal of Community Psychology<\/p>\n<p><strong>Shor, E.,<\/strong><span>\u00a0<\/span>X. Liu<br \/><a href=\"https:\/\/www.tandfonline.com\/doi\/abs\/10.1080\/00224499.2025.2565660\">The Rise of Spanking, Hitting, and Strangulation: A Longitudinal Evaluation of Aggression in Pornography<\/a><br \/>The Journal of Sex Research<\/p>\n<p>[\/et_pb_toggle][\/et_pb_column][\/et_pb_row][et_pb_row _builder_version=&#8221;4.27.4&#8243; _module_preset=&#8221;default&#8221; global_colors_info=&#8221;{}&#8221;][et_pb_column type=&#8221;4_4&#8243; _builder_version=&#8221;4.27.4&#8243; _module_preset=&#8221;default&#8221; global_colors_info=&#8221;{}&#8221;][et_pb_toggle title=&#8221;Books | Chapters book&#8221; _builder_version=&#8221;4.27.4&#8243; _module_preset=&#8221;default&#8221; global_colors_info=&#8221;{}&#8221;][\/et_pb_toggle][\/et_pb_column][\/et_pb_row][et_pb_row _builder_version=&#8221;4.27.4&#8243; _module_preset=&#8221;default&#8221; global_colors_info=&#8221;{}&#8221;][et_pb_column type=&#8221;4_4&#8243; _builder_version=&#8221;4.27.4&#8243; _module_preset=&#8221;default&#8221; global_colors_info=&#8221;{}&#8221;][et_pb_divider color=&#8221;#000000&#8243; _builder_version=&#8221;4.27.4&#8243; _module_preset=&#8221;default&#8221; global_colors_info=&#8221;{}&#8221;][\/et_pb_divider][\/et_pb_column][\/et_pb_row][et_pb_row _builder_version=&#8221;4.27.4&#8243; _module_preset=&#8221;default&#8221; global_colors_info=&#8221;{}&#8221;][et_pb_column type=&#8221;4_4&#8243; _builder_version=&#8221;4.27.4&#8243; _module_preset=&#8221;default&#8221; global_colors_info=&#8221;{}&#8221;][et_pb_toggle title=&#8221;Media&#8221; _builder_version=&#8221;4.27.4&#8243; _module_preset=&#8221;default&#8221; global_colors_info=&#8221;{}&#8221;]<\/p>\n<p>Thierry Giasson \u2013 Radio Canada \u2013 2025|10|31<br \/><a href=\"https:\/\/ici.radio-canada.ca\/nouvelle\/2203310\/elections-ia-municipale-intelligence-artificielle\">ChatGPT sera-t-il votre prochain maire ?<\/a><\/p>\n<p>Val\u00e9rie-Anne Mah\u00e9o \u2013 The Montreal Gazette \u2013 2025|10|31<br \/><a href=\"https:\/\/montrealgazette.com\/news\/quebec\/a-renewed-movement-support-for-quebec-sovereignty-gaining-traction-among-young-people\">&#8216;A renewed movement&#8217;: Support for Quebec sovereignty gaining traction among young people<\/a><\/p>\n<p>Olivier Jacques \u2013 Noovo Info \u2013 2025|10|29<br \/><a href=\"https:\/\/www.noovo.info\/nouvelle\/voici-ce-que-contient-la-loi-speciale-sur-les-medecins-imposee-par-la-caq.html\">Voici ce que contient la loi sp\u00e9ciale sur les m\u00e9decins impos\u00e9e par la CAQ<\/a><\/p>\n<p>Joanie Bouchard \u2013 Le Devoir \u2013 2025|10|27<br \/><a href=\"https:\/\/www.ledevoir.com\/politique\/928212\/sherbrooke-meneuse-mais-encore-beaucoup-indecis\">\u00c0 Sherbrooke, une meneuse mais encore beaucoup d\u2019ind\u00e9cis<\/a><\/p>\n<p>Fenwick McKelvey \u2013 Le Devoir \u2013 2025|10|25<br \/><a href=\"https:\/\/www.ledevoir.com\/opinion\/idees\/928041\/gouvernement-canadien-hallucine-il-strategie-matiere-ia\">Le gouvernement canadien hallucine-t-il sa strat\u00e9gie en mati\u00e8re d\u2019IA ?<\/a><\/p>\n<p>Thierry Giasson \u2013 Le Devoir \u2013 2025|10|25<br \/><a href=\"https:\/\/www.ledevoir.com\/politique\/927972\/couteau-double-tranchant-candidats-vedettes\">Le couteau \u00e0 double tranchant des candidats vedettes<\/a><\/p>\n<p>Joanie Bouchard \u2013 Radio Canada \u2013 2025|10|23<br \/><a href=\"https:\/\/ici.radio-canada.ca\/nouvelle\/2146239\/election-federale-pourquoi-enjeux-competences-quebec-canada\">Comprendre,La politique f\u00e9d\u00e9rale : pourquoi s\u2019y int\u00e9resser?<\/a><\/p>\n<p>Claire Durand \u2013 La Presse \u2013 2025|10|22<br \/><a href=\"https:\/\/www.lapresse.ca\/actualites\/chroniques\/2025-10-22\/souverainete\/une-ferveur-qui-se-fait-attendre.php\">Une ferveur qui se fait attendre<\/a><\/p>\n<p>Andr\u00e9 Blais \u2013 Radio Canada \u2013 2025|10|16<br \/><a href=\"https:\/\/ici.radio-canada.ca\/nouvelle\/2200249\/yukon-changer-mode-scrutin-preferentiel\">Les Yukonnais voteront bient\u00f4t pour donner leur avis sur le mode de scrutin<\/a><\/p>\n<p>Roxane de la Sablonni\u00e8re \u2013 24 heures \u2013 2025|10|04<br \/><a href=\"https:\/\/www.24heures.ca\/2025\/10\/04\/montreal-est-elle-vraiment-moins-securitaire\">Montr\u00e9al est-elle vraiment moins s\u00e9curitaire ?<\/a><\/p>\n<p><span>Yannick Dufresne \u2013 L\u2019Actualit\u00e9 \u2013 2025|10|01<\/span><br \/><a href=\"https:\/\/lactualite.com\/societe\/lamour-aux-temps-de-la-polarisation\/\">L\u2019amour aux temps de la polarisation<\/a><\/p>\n<p>[\/et_pb_toggle][\/et_pb_column][\/et_pb_row][et_pb_row _builder_version=&#8221;4.27.4&#8243; _module_preset=&#8221;default&#8221; global_colors_info=&#8221;{}&#8221;][et_pb_column type=&#8221;4_4&#8243; _builder_version=&#8221;4.27.4&#8243; _module_preset=&#8221;default&#8221; global_colors_info=&#8221;{}&#8221;][et_pb_toggle title=&#8221;Podcast&#8221; _builder_version=&#8221;4.27.4&#8243; _module_preset=&#8221;default&#8221; hover_enabled=&#8221;0&#8243; global_colors_info=&#8221;{}&#8221; sticky_enabled=&#8221;0&#8243;]<\/p>\n<p>Emmanuel Choquette \u2013 107.7 Estrie \u2013 2025|10|29<br \/><a href=\"https:\/\/www.fm1077.ca\/audio\/733739\/la-population-divisee-entre-les-medecins-et-le-gouvernement\">La population divis\u00e9e entre les m\u00e9decins et le gouvernement<\/a><\/p>\n<p>Thierry Giasson \u2013 Radio Canada Ohdio \u2013 2025|10|03<br \/><a href=\"https:\/\/ici.radio-canada.ca\/ohdio\/premiere\/emissions\/c-est-encore-mieux-l-apres-midi\/segments\/rattrapage\/2192235\/campagne-municipale-est-acrimonieuse-selon-thierry-giasson\">La campagne municipale est acrimonieuse selon Thierry Giasson<\/a><\/p>\n<p>Emmanuel Choquette \u2013 107.7 Estrie \u2013 2025|10|01<br \/><a href=\"https:\/\/www.fm1077.ca\/audio\/727438\/un-francois-legault-avec-un-ton-plus-ferme-et-clivant\">Un Fran\u00e7ois Legault avec un ton plus ferme et clivant<\/a><\/p>\n<p>[\/et_pb_toggle][\/et_pb_column][\/et_pb_row][et_pb_row _builder_version=&#8221;4.27.4&#8243; _module_preset=&#8221;default&#8221; global_colors_info=&#8221;{}&#8221;][et_pb_column type=&#8221;4_4&#8243; _builder_version=&#8221;4.27.4&#8243; _module_preset=&#8221;default&#8221; global_colors_info=&#8221;{}&#8221;][et_pb_toggle title=&#8221;Video&#8221; _builder_version=&#8221;4.27.4&#8243; _module_preset=&#8221;default&#8221; global_colors_info=&#8221;{}&#8221;]<\/p>\n<p>Thomas Soehl \u2013 City News \u2013 2025|10|17 <br \/><a href=\"https:\/\/montreal.citynews.ca\/video\/2025\/10\/17\/opinion-poll-shows-more-quebecers-feel-there-is-too-much-immigration\/\">Opinion poll shows more Quebecers feel there is too much immigration<\/a><\/p>\n<p>[\/et_pb_toggle][\/et_pb_column][\/et_pb_row][\/et_pb_section]<\/p>\n","protected":false},"excerpt":{"rendered":"<p>B\u00e9land, D., P. Graefe,\u00a0O. JacquesExplaining Social Policy Expansion: The Curious Case of the Justin Trudeau Era in CanadaSocial Policy &amp; Administration Coleman, T.A., S. Tse, A. Ananthavel Murugan, S. Joseph, E. Charney, J. Grewal, T. Ghazarian, M. Morgan, N. Ziskind, R. Salama,\u00a0S. Coulombe.\u00a0R. TraversInvestigating the Associations Between Minority Stressors and Sexual Orientation Disclosure in Primary [&hellip;]<\/p>\n","protected":false},"author":1,"featured_media":0,"parent":0,"menu_order":0,"comment_status":"closed","ping_status":"closed","template":"","meta":{"_et_pb_use_builder":"on","_et_pb_old_content":"","_et_gb_content_width":"","footnotes":""},"class_list":["post-6046","page","type-page","status-publish","hentry"],"yoast_head":"<!-- This site is optimized with the Yoast SEO plugin v27.4 - https:\/\/yoast.com\/product\/yoast-seo-wordpress\/ -->\n<title>October - 2025 - CECD - Centre pour l&#039;\u00e9tude de la citoyennet\u00e9 d\u00e9mocratique<\/title>\n<meta name=\"robots\" content=\"index, follow, max-snippet:-1, max-image-preview:large, max-video-preview:-1\" \/>\n<link rel=\"canonical\" href=\"https:\/\/csdc-cecd.ca\/2025-octobre\/\" \/>\n<meta property=\"og:locale\" content=\"en_US\" \/>\n<meta property=\"og:type\" content=\"article\" \/>\n<meta property=\"og:title\" content=\"October - 2025 - CECD - Centre pour l&#039;\u00e9tude de la citoyennet\u00e9 d\u00e9mocratique\" \/>\n<meta property=\"og:description\" content=\"B\u00e9land, D., P. Graefe,\u00a0O. JacquesExplaining Social Policy Expansion: The Curious Case of the Justin Trudeau Era in CanadaSocial Policy &amp; Administration Coleman, T.A., S. Tse, A. Ananthavel Murugan, S. Joseph, E. Charney, J. Grewal, T. Ghazarian, M. Morgan, N. Ziskind, R. Salama,\u00a0S. Coulombe.\u00a0R. TraversInvestigating the Associations Between Minority Stressors and Sexual Orientation Disclosure in Primary [&hellip;]\" \/>\n<meta property=\"og:url\" content=\"https:\/\/csdc-cecd.ca\/2025-octobre\/\" \/>\n<meta property=\"og:site_name\" content=\"CECD - Centre pour l&#039;\u00e9tude de la citoyennet\u00e9 d\u00e9mocratique\" \/>\n<meta property=\"article:modified_time\" content=\"2025-11-14T16:42:20+00:00\" \/>\n<meta name=\"twitter:card\" content=\"summary_large_image\" \/>\n<script type=\"application\/ld+json\" class=\"yoast-schema-graph\">{\"@context\":\"https:\\\/\\\/schema.org\",\"@graph\":[{\"@type\":\"WebPage\",\"@id\":\"https:\\\/\\\/csdc-cecd.ca\\\/2025-octobre\\\/\",\"url\":\"https:\\\/\\\/csdc-cecd.ca\\\/2025-octobre\\\/\",\"name\":\"October - 2025 - CECD - Centre pour l&#039;\u00e9tude de la citoyennet\u00e9 d\u00e9mocratique\",\"isPartOf\":{\"@id\":\"https:\\\/\\\/csdc-cecd.ca\\\/#website\"},\"datePublished\":\"2025-10-06T13:10:21+00:00\",\"dateModified\":\"2025-11-14T16:42:20+00:00\",\"breadcrumb\":{\"@id\":\"https:\\\/\\\/csdc-cecd.ca\\\/2025-octobre\\\/#breadcrumb\"},\"inLanguage\":\"en-US\",\"potentialAction\":[{\"@type\":\"ReadAction\",\"target\":[\"https:\\\/\\\/csdc-cecd.ca\\\/2025-octobre\\\/\"]}]},{\"@type\":\"BreadcrumbList\",\"@id\":\"https:\\\/\\\/csdc-cecd.ca\\\/2025-octobre\\\/#breadcrumb\",\"itemListElement\":[{\"@type\":\"ListItem\",\"position\":1,\"name\":\"Accueil\",\"item\":\"https:\\\/\\\/csdc-cecd.ca\\\/en\\\/\"},{\"@type\":\"ListItem\",\"position\":2,\"name\":\"October &#8211; 2025\"}]},{\"@type\":\"WebSite\",\"@id\":\"https:\\\/\\\/csdc-cecd.ca\\\/#website\",\"url\":\"https:\\\/\\\/csdc-cecd.ca\\\/\",\"name\":\"CECD - Centre pour l&#039;\u00e9tude de la citoyennet\u00e9 d\u00e9mocratique\",\"description\":\"\",\"potentialAction\":[{\"@type\":\"SearchAction\",\"target\":{\"@type\":\"EntryPoint\",\"urlTemplate\":\"https:\\\/\\\/csdc-cecd.ca\\\/?s={search_term_string}\"},\"query-input\":{\"@type\":\"PropertyValueSpecification\",\"valueRequired\":true,\"valueName\":\"search_term_string\"}}],\"inLanguage\":\"en-US\"}]}<\/script>\n<!-- \/ Yoast SEO plugin. -->","yoast_head_json":{"title":"October - 2025 - CECD - Centre pour l&#039;\u00e9tude de la citoyennet\u00e9 d\u00e9mocratique","robots":{"index":"index","follow":"follow","max-snippet":"max-snippet:-1","max-image-preview":"max-image-preview:large","max-video-preview":"max-video-preview:-1"},"canonical":"https:\/\/csdc-cecd.ca\/2025-octobre\/","og_locale":"en_US","og_type":"article","og_title":"October - 2025 - CECD - Centre pour l&#039;\u00e9tude de la citoyennet\u00e9 d\u00e9mocratique","og_description":"B\u00e9land, D., P. Graefe,\u00a0O. JacquesExplaining Social Policy Expansion: The Curious Case of the Justin Trudeau Era in CanadaSocial Policy &amp; Administration Coleman, T.A., S. Tse, A. Ananthavel Murugan, S. Joseph, E. Charney, J. Grewal, T. Ghazarian, M. Morgan, N. Ziskind, R. Salama,\u00a0S. Coulombe.\u00a0R. TraversInvestigating the Associations Between Minority Stressors and Sexual Orientation Disclosure in Primary [&hellip;]","og_url":"https:\/\/csdc-cecd.ca\/2025-octobre\/","og_site_name":"CECD - Centre pour l&#039;\u00e9tude de la citoyennet\u00e9 d\u00e9mocratique","article_modified_time":"2025-11-14T16:42:20+00:00","twitter_card":"summary_large_image","schema":{"@context":"https:\/\/schema.org","@graph":[{"@type":"WebPage","@id":"https:\/\/csdc-cecd.ca\/2025-octobre\/","url":"https:\/\/csdc-cecd.ca\/2025-octobre\/","name":"October - 2025 - CECD - Centre pour l&#039;\u00e9tude de la citoyennet\u00e9 d\u00e9mocratique","isPartOf":{"@id":"https:\/\/csdc-cecd.ca\/#website"},"datePublished":"2025-10-06T13:10:21+00:00","dateModified":"2025-11-14T16:42:20+00:00","breadcrumb":{"@id":"https:\/\/csdc-cecd.ca\/2025-octobre\/#breadcrumb"},"inLanguage":"en-US","potentialAction":[{"@type":"ReadAction","target":["https:\/\/csdc-cecd.ca\/2025-octobre\/"]}]},{"@type":"BreadcrumbList","@id":"https:\/\/csdc-cecd.ca\/2025-octobre\/#breadcrumb","itemListElement":[{"@type":"ListItem","position":1,"name":"Accueil","item":"https:\/\/csdc-cecd.ca\/en\/"},{"@type":"ListItem","position":2,"name":"October &#8211; 2025"}]},{"@type":"WebSite","@id":"https:\/\/csdc-cecd.ca\/#website","url":"https:\/\/csdc-cecd.ca\/","name":"CECD - Centre pour l&#039;\u00e9tude de la citoyennet\u00e9 d\u00e9mocratique","description":"","potentialAction":[{"@type":"SearchAction","target":{"@type":"EntryPoint","urlTemplate":"https:\/\/csdc-cecd.ca\/?s={search_term_string}"},"query-input":{"@type":"PropertyValueSpecification","valueRequired":true,"valueName":"search_term_string"}}],"inLanguage":"en-US"}]}},"_links":{"self":[{"href":"https:\/\/csdc-cecd.ca\/en\/wp-json\/wp\/v2\/pages\/6046","targetHints":{"allow":["GET"]}}],"collection":[{"href":"https:\/\/csdc-cecd.ca\/en\/wp-json\/wp\/v2\/pages"}],"about":[{"href":"https:\/\/csdc-cecd.ca\/en\/wp-json\/wp\/v2\/types\/page"}],"author":[{"embeddable":true,"href":"https:\/\/csdc-cecd.ca\/en\/wp-json\/wp\/v2\/users\/1"}],"replies":[{"embeddable":true,"href":"https:\/\/csdc-cecd.ca\/en\/wp-json\/wp\/v2\/comments?post=6046"}],"version-history":[{"count":7,"href":"https:\/\/csdc-cecd.ca\/en\/wp-json\/wp\/v2\/pages\/6046\/revisions"}],"predecessor-version":[{"id":6489,"href":"https:\/\/csdc-cecd.ca\/en\/wp-json\/wp\/v2\/pages\/6046\/revisions\/6489"}],"wp:attachment":[{"href":"https:\/\/csdc-cecd.ca\/en\/wp-json\/wp\/v2\/media?parent=6046"}],"curies":[{"name":"wp","href":"https:\/\/api.w.org\/{rel}","templated":true}]}}