{"id":6063,"date":"2025-10-06T09:59:49","date_gmt":"2025-10-06T13:59:49","guid":{"rendered":"https:\/\/csdc-cecd.ca\/?page_id=6063"},"modified":"2025-11-17T10:23:07","modified_gmt":"2025-11-17T15:23:07","slug":"municipal-elections","status":"publish","type":"page","link":"https:\/\/csdc-cecd.ca\/en\/municipal-elections\/","title":{"rendered":"Municipal Elections"},"content":{"rendered":"<p>[et_pb_section fb_built=&#8221;1&#8243; _builder_version=&#8221;4.27.4&#8243; _module_preset=&#8221;default&#8221; global_colors_info=&#8221;{}&#8221;][et_pb_row _builder_version=&#8221;4.27.4&#8243; _module_preset=&#8221;default&#8221; global_colors_info=&#8221;{}&#8221;][et_pb_column type=&#8221;4_4&#8243; _builder_version=&#8221;4.27.4&#8243; _module_preset=&#8221;default&#8221; global_colors_info=&#8221;{}&#8221;][et_pb_heading title=&#8221;2025 &#8211; Municipal Elections&#8221; _builder_version=&#8221;4.27.4&#8243; _module_preset=&#8221;default&#8221; global_colors_info=&#8221;{}&#8221;][\/et_pb_heading][\/et_pb_column][\/et_pb_row][et_pb_row _builder_version=&#8221;4.27.4&#8243; _module_preset=&#8221;default&#8221; global_colors_info=&#8221;{}&#8221;][et_pb_column type=&#8221;4_4&#8243; _builder_version=&#8221;4.27.4&#8243; _module_preset=&#8221;default&#8221; global_colors_info=&#8221;{}&#8221;][et_pb_image src=&#8221;https:\/\/csdc-cecd.ca\/wp-content\/uploads\/2025\/10\/CECD-dans-les-nouvelles-Carrousel-4.png&#8221; title_text=&#8221;CECD dans les nouvelles (Carrousel) (4)&#8221; _builder_version=&#8221;4.27.4&#8243; _module_preset=&#8221;default&#8221; global_colors_info=&#8221;{}&#8221;][\/et_pb_image][\/et_pb_column][\/et_pb_row][et_pb_row _builder_version=&#8221;4.27.4&#8243; _module_preset=&#8221;default&#8221; global_colors_info=&#8221;{}&#8221;][et_pb_column type=&#8221;4_4&#8243; _builder_version=&#8221;4.27.4&#8243; _module_preset=&#8221;default&#8221; global_colors_info=&#8221;{}&#8221;][et_pb_toggle title=&#8221;Media&#8221; _builder_version=&#8221;4.27.4&#8243; _module_preset=&#8221;default&#8221; hover_enabled=&#8221;0&#8243; global_colors_info=&#8221;{}&#8221; sticky_enabled=&#8221;0&#8243;]<\/p>\n<p>Thierry Giasson \u2013 En Beauce \u2013 2025|11|09<br \/><a href=\"https:\/\/www.enbeauce.com\/actualites-nationale\/la-participation-electorale-a-ete-plus-elevee-dans-certaines-municipalites\/34185\">La participation \u00e9lectorale a \u00e9t\u00e9 plus \u00e9lev\u00e9e dans certaines municipalit\u00e9s<\/a><\/p>\n<p>Claire Durand \u2013 La Presse \u2013 2025|11|03<br \/><a href=\"https:\/\/www.lapresse.ca\/actualites\/elections-municipales\/2025-11-03\/analyse\/les-sondeurs-ont-vu-juste-sauf-pour-luc-rabouin.php\">Analyse | Les sondeurs ont vu juste, sauf pour Luc Rabouin<\/a><\/p>\n<p>Andr\u00e9 Blais \u2013 La Presse \u2013\u00a02025|11|02<br \/><a href=\"https:\/\/www.lapresse.ca\/actualites\/elections-municipales\/2025-11-02\/montreal\/un-faible-taux-de-participation.php\">Montr\u00e9al | Un faible taux de participation<\/a><\/p>\n<p>Emmanuel Choquette \u2013 Le Devoir \u2013 2025|11|02<br \/><a href=\"https:\/\/www.ledevoir.com\/politique\/regions\/930339\/marie-claude-bibeau-emporte-sherbrooke\">\u00c9lections municipales : Marie-Claude Bibeau l\u2019emporte \u00e0 Sherbrooke<\/a><\/p>\n<p>Thierry Giasson \u2013 Radio Canada \u2013 2025|10|31<br \/><a href=\"https:\/\/ici.radio-canada.ca\/nouvelle\/2203310\/elections-ia-municipale-intelligence-artificielle\">ChatGPT sera-t-il votre prochain maire ?<\/a><\/p>\n<p>Joanie Bouchard \u2013 Le Devoir \u2013 2025|10|27<br \/><a href=\"https:\/\/www.ledevoir.com\/politique\/928212\/sherbrooke-meneuse-mais-encore-beaucoup-indecis\">\u00c0 Sherbrooke, une meneuse mais encore beaucoup d\u2019ind\u00e9cis<\/a><\/p>\n<p>Thierry Giasson \u2013 Le Devoir \u2013 2025|10|25<br \/><a href=\"https:\/\/www.ledevoir.com\/politique\/927972\/couteau-double-tranchant-candidats-vedettes\">Le couteau \u00e0 double tranchant des candidats vedettes<\/a><\/p>\n<p>Roxane de la Sablonni\u00e8re \u2013 24 heures \u2013 2025|10|04<br \/><a href=\"https:\/\/www.24heures.ca\/2025\/10\/04\/montreal-est-elle-vraiment-moins-securitaire\">Montr\u00e9al est-elle vraiment moins s\u00e9curitaire ?<\/a><\/p>\n<p>Joanie Bouchard \u2013 Le Devoir \u2013 2025|09|20<br \/><a href=\"https:\/\/www.ledevoir.com\/politique\/917808\/politique-municipale-sport-extreme\">La politique municipale, un sport extr\u00eame?<\/a><\/p>\n<p>Emmanuel Choquette \u2013 La Presse \u2013 2025|09|18<br \/><a href=\"https:\/\/www.lapresse.ca\/actualites\/elections-municipales\/2025-09-18\/elections-municipales\/place-aux-slogans.php\">\u00c9lections municipales, place aux slogans<\/a><\/p>\n<p>Mireille Lalancette \u2013 La Presse \u2013\u00a02025|09|13<br \/><a href=\"https:\/\/www.lapresse.ca\/actualites\/politique\/2025-09-13\/elections-municipales\/une-campagne-dans-l-angle-mort-des-quebecois.php\">Une campagne dans l\u2019angle mort des Qu\u00e9b\u00e9cois ?<\/a><\/p>\n<p><span>Thierry Giasson \u2013 Radio Canada \u2013 2025|08|19<\/span><br \/><a href=\"https:\/\/ici.radio-canada.ca\/nouvelle\/2186460\/candidatures-mairie-conseil-municipal-ville\">Qu\u00e9bec imperm\u00e9able \u00e0 la p\u00e9nurie de candidats aux \u00e9lections municipales<\/a><\/p>\n<p>[\/et_pb_toggle][\/et_pb_column][\/et_pb_row][et_pb_row _builder_version=&#8221;4.27.4&#8243; _module_preset=&#8221;default&#8221; global_colors_info=&#8221;{}&#8221;][et_pb_column type=&#8221;4_4&#8243; _builder_version=&#8221;4.27.4&#8243; _module_preset=&#8221;default&#8221; global_colors_info=&#8221;{}&#8221;][et_pb_toggle title=&#8221;Balado&#8221; _builder_version=&#8221;4.27.4&#8243; _module_preset=&#8221;default&#8221; global_colors_info=&#8221;{}&#8221;]<\/p>\n<p><span>Thierry Giasson \u2013 blvd 102.1 \u2013 2025|09|24<\/span><br \/><a href=\"https:\/\/www.blvd.fm\/reecouter\/28656-le-point-de-max-les-strategies-de-communication-en-campagne-electorale-avec-thierry-giasson-professeur-titulaire-au-departement-de-science-politique-de-l-universite-laval\">Les strat\u00e9gies de communication en campagne \u00e9lectorale avec Thierry Giasson<\/a><\/p>\n<p>[\/et_pb_toggle][\/et_pb_column][\/et_pb_row][\/et_pb_section]<\/p>\n","protected":false},"excerpt":{"rendered":"<p>Thierry Giasson \u2013 En Beauce \u2013 2025|11|09La participation \u00e9lectorale a \u00e9t\u00e9 plus \u00e9lev\u00e9e dans certaines municipalit\u00e9s Claire Durand \u2013 La Presse \u2013 2025|11|03Analyse | Les sondeurs ont vu juste, sauf pour Luc Rabouin Andr\u00e9 Blais \u2013 La Presse \u2013\u00a02025|11|02Montr\u00e9al | Un faible taux de participation Emmanuel Choquette \u2013 Le Devoir \u2013 2025|11|02\u00c9lections municipales : Marie-Claude [&hellip;]<\/p>\n","protected":false},"author":1,"featured_media":0,"parent":0,"menu_order":0,"comment_status":"closed","ping_status":"closed","template":"","meta":{"_et_pb_use_builder":"on","_et_pb_old_content":"","_et_gb_content_width":"","footnotes":""},"class_list":["post-6063","page","type-page","status-publish","hentry"],"yoast_head":"<!-- This site is optimized with the Yoast SEO plugin v27.4 - https:\/\/yoast.com\/product\/yoast-seo-wordpress\/ -->\n<title>Municipal Elections - CECD - Centre pour l&#039;\u00e9tude de la citoyennet\u00e9 d\u00e9mocratique<\/title>\n<meta name=\"robots\" content=\"index, follow, max-snippet:-1, max-image-preview:large, max-video-preview:-1\" \/>\n<link rel=\"canonical\" href=\"https:\/\/csdc-cecd.ca\/2025-elections-municipales\/\" \/>\n<meta property=\"og:locale\" content=\"en_US\" \/>\n<meta property=\"og:type\" content=\"article\" \/>\n<meta property=\"og:title\" content=\"Municipal Elections - CECD - Centre pour l&#039;\u00e9tude de la citoyennet\u00e9 d\u00e9mocratique\" \/>\n<meta property=\"og:description\" content=\"Thierry Giasson \u2013 En Beauce \u2013 2025|11|09La participation \u00e9lectorale a \u00e9t\u00e9 plus \u00e9lev\u00e9e dans certaines municipalit\u00e9s Claire Durand \u2013 La Presse \u2013 2025|11|03Analyse | Les sondeurs ont vu juste, sauf pour Luc Rabouin Andr\u00e9 Blais \u2013 La Presse \u2013\u00a02025|11|02Montr\u00e9al | Un faible taux de participation Emmanuel Choquette \u2013 Le Devoir \u2013 2025|11|02\u00c9lections municipales : Marie-Claude [&hellip;]\" \/>\n<meta property=\"og:url\" content=\"https:\/\/csdc-cecd.ca\/2025-elections-municipales\/\" \/>\n<meta property=\"og:site_name\" content=\"CECD - Centre pour l&#039;\u00e9tude de la citoyennet\u00e9 d\u00e9mocratique\" \/>\n<meta property=\"article:modified_time\" content=\"2025-11-17T15:23:07+00:00\" \/>\n<meta name=\"twitter:card\" content=\"summary_large_image\" \/>\n<meta name=\"twitter:label1\" content=\"Est. reading time\" \/>\n\t<meta name=\"twitter:data1\" content=\"1 minute\" \/>\n<script type=\"application\/ld+json\" class=\"yoast-schema-graph\">{\"@context\":\"https:\\\/\\\/schema.org\",\"@graph\":[{\"@type\":\"WebPage\",\"@id\":\"https:\\\/\\\/csdc-cecd.ca\\\/2025-elections-municipales\\\/\",\"url\":\"https:\\\/\\\/csdc-cecd.ca\\\/2025-elections-municipales\\\/\",\"name\":\"Municipal Elections - CECD - Centre pour l&#039;\u00e9tude de la citoyennet\u00e9 d\u00e9mocratique\",\"isPartOf\":{\"@id\":\"https:\\\/\\\/csdc-cecd.ca\\\/#website\"},\"datePublished\":\"2025-10-06T13:59:49+00:00\",\"dateModified\":\"2025-11-17T15:23:07+00:00\",\"breadcrumb\":{\"@id\":\"https:\\\/\\\/csdc-cecd.ca\\\/2025-elections-municipales\\\/#breadcrumb\"},\"inLanguage\":\"en-US\",\"potentialAction\":[{\"@type\":\"ReadAction\",\"target\":[\"https:\\\/\\\/csdc-cecd.ca\\\/2025-elections-municipales\\\/\"]}]},{\"@type\":\"BreadcrumbList\",\"@id\":\"https:\\\/\\\/csdc-cecd.ca\\\/2025-elections-municipales\\\/#breadcrumb\",\"itemListElement\":[{\"@type\":\"ListItem\",\"position\":1,\"name\":\"Accueil\",\"item\":\"https:\\\/\\\/csdc-cecd.ca\\\/en\\\/\"},{\"@type\":\"ListItem\",\"position\":2,\"name\":\"Municipal Elections\"}]},{\"@type\":\"WebSite\",\"@id\":\"https:\\\/\\\/csdc-cecd.ca\\\/#website\",\"url\":\"https:\\\/\\\/csdc-cecd.ca\\\/\",\"name\":\"CECD - Centre pour l&#039;\u00e9tude de la citoyennet\u00e9 d\u00e9mocratique\",\"description\":\"\",\"potentialAction\":[{\"@type\":\"SearchAction\",\"target\":{\"@type\":\"EntryPoint\",\"urlTemplate\":\"https:\\\/\\\/csdc-cecd.ca\\\/?s={search_term_string}\"},\"query-input\":{\"@type\":\"PropertyValueSpecification\",\"valueRequired\":true,\"valueName\":\"search_term_string\"}}],\"inLanguage\":\"en-US\"}]}<\/script>\n<!-- \/ Yoast SEO plugin. -->","yoast_head_json":{"title":"Municipal Elections - CECD - Centre pour l&#039;\u00e9tude de la citoyennet\u00e9 d\u00e9mocratique","robots":{"index":"index","follow":"follow","max-snippet":"max-snippet:-1","max-image-preview":"max-image-preview:large","max-video-preview":"max-video-preview:-1"},"canonical":"https:\/\/csdc-cecd.ca\/2025-elections-municipales\/","og_locale":"en_US","og_type":"article","og_title":"Municipal Elections - CECD - Centre pour l&#039;\u00e9tude de la citoyennet\u00e9 d\u00e9mocratique","og_description":"Thierry Giasson \u2013 En Beauce \u2013 2025|11|09La participation \u00e9lectorale a \u00e9t\u00e9 plus \u00e9lev\u00e9e dans certaines municipalit\u00e9s Claire Durand \u2013 La Presse \u2013 2025|11|03Analyse | Les sondeurs ont vu juste, sauf pour Luc Rabouin Andr\u00e9 Blais \u2013 La Presse \u2013\u00a02025|11|02Montr\u00e9al | Un faible taux de participation Emmanuel Choquette \u2013 Le Devoir \u2013 2025|11|02\u00c9lections municipales : Marie-Claude [&hellip;]","og_url":"https:\/\/csdc-cecd.ca\/2025-elections-municipales\/","og_site_name":"CECD - Centre pour l&#039;\u00e9tude de la citoyennet\u00e9 d\u00e9mocratique","article_modified_time":"2025-11-17T15:23:07+00:00","twitter_card":"summary_large_image","twitter_misc":{"Est. reading time":"1 minute"},"schema":{"@context":"https:\/\/schema.org","@graph":[{"@type":"WebPage","@id":"https:\/\/csdc-cecd.ca\/2025-elections-municipales\/","url":"https:\/\/csdc-cecd.ca\/2025-elections-municipales\/","name":"Municipal Elections - CECD - Centre pour l&#039;\u00e9tude de la citoyennet\u00e9 d\u00e9mocratique","isPartOf":{"@id":"https:\/\/csdc-cecd.ca\/#website"},"datePublished":"2025-10-06T13:59:49+00:00","dateModified":"2025-11-17T15:23:07+00:00","breadcrumb":{"@id":"https:\/\/csdc-cecd.ca\/2025-elections-municipales\/#breadcrumb"},"inLanguage":"en-US","potentialAction":[{"@type":"ReadAction","target":["https:\/\/csdc-cecd.ca\/2025-elections-municipales\/"]}]},{"@type":"BreadcrumbList","@id":"https:\/\/csdc-cecd.ca\/2025-elections-municipales\/#breadcrumb","itemListElement":[{"@type":"ListItem","position":1,"name":"Accueil","item":"https:\/\/csdc-cecd.ca\/en\/"},{"@type":"ListItem","position":2,"name":"Municipal Elections"}]},{"@type":"WebSite","@id":"https:\/\/csdc-cecd.ca\/#website","url":"https:\/\/csdc-cecd.ca\/","name":"CECD - Centre pour l&#039;\u00e9tude de la citoyennet\u00e9 d\u00e9mocratique","description":"","potentialAction":[{"@type":"SearchAction","target":{"@type":"EntryPoint","urlTemplate":"https:\/\/csdc-cecd.ca\/?s={search_term_string}"},"query-input":{"@type":"PropertyValueSpecification","valueRequired":true,"valueName":"search_term_string"}}],"inLanguage":"en-US"}]}},"_links":{"self":[{"href":"https:\/\/csdc-cecd.ca\/en\/wp-json\/wp\/v2\/pages\/6063","targetHints":{"allow":["GET"]}}],"collection":[{"href":"https:\/\/csdc-cecd.ca\/en\/wp-json\/wp\/v2\/pages"}],"about":[{"href":"https:\/\/csdc-cecd.ca\/en\/wp-json\/wp\/v2\/types\/page"}],"author":[{"embeddable":true,"href":"https:\/\/csdc-cecd.ca\/en\/wp-json\/wp\/v2\/users\/1"}],"replies":[{"embeddable":true,"href":"https:\/\/csdc-cecd.ca\/en\/wp-json\/wp\/v2\/comments?post=6063"}],"version-history":[{"count":7,"href":"https:\/\/csdc-cecd.ca\/en\/wp-json\/wp\/v2\/pages\/6063\/revisions"}],"predecessor-version":[{"id":6510,"href":"https:\/\/csdc-cecd.ca\/en\/wp-json\/wp\/v2\/pages\/6063\/revisions\/6510"}],"wp:attachment":[{"href":"https:\/\/csdc-cecd.ca\/en\/wp-json\/wp\/v2\/media?parent=6063"}],"curies":[{"name":"wp","href":"https:\/\/api.w.org\/{rel}","templated":true}]}}