{"id":6272,"date":"2025-10-14T12:43:28","date_gmt":"2025-10-14T16:43:28","guid":{"rendered":"https:\/\/csdc-cecd.ca\/?page_id=6272"},"modified":"2025-10-21T08:54:21","modified_gmt":"2025-10-21T12:54:21","slug":"communiquer-la-ville-entre-expertise","status":"publish","type":"page","link":"https:\/\/csdc-cecd.ca\/en\/communiquer-la-ville-entre-expertise\/","title":{"rendered":"Communiquer la ville\u00a0: entre expertise"},"content":{"rendered":"<p>[et_pb_section fb_built=&#8221;1&#8243; _builder_version=&#8221;4.27.4&#8243; _module_preset=&#8221;default&#8221; global_colors_info=&#8221;{}&#8221;][et_pb_row _builder_version=&#8221;4.27.4&#8243; _module_preset=&#8221;default&#8221; global_colors_info=&#8221;{}&#8221;][et_pb_column type=&#8221;4_4&#8243; _builder_version=&#8221;4.27.4&#8243; _module_preset=&#8221;default&#8221; global_colors_info=&#8221;{}&#8221;][et_pb_text _builder_version=&#8221;4.27.4&#8243; _module_preset=&#8221;default&#8221; global_colors_info=&#8221;{}&#8221;]<\/p>\n<p>As part of the Annual Conference on Strategic and Political Communication at the University of Sherbrooke with support of the Centre for the Study of Democratic Citzenship :<\/p>\n<p><strong>Communiquer la ville : entre expertise professionnelle et scientifique<\/strong><\/p>\n<p>When: October 27, 2025 (full day)<br \/>Where: <span>Agora de la Biblioth\u00e8que Roger-Maltais (B1-2002) au 2500, boul. Universit\u00e9 de Sherbrooke, Sherbrooke<\/span><\/p>\n<p><span>To register <a href=\"mailto:Perrine.Hely@USherbrooke.ca%20\">click here<\/a><\/span><\/p>\n<p>[\/et_pb_text][\/et_pb_column][\/et_pb_row][et_pb_row _builder_version=&#8221;4.27.4&#8243; _module_preset=&#8221;default&#8221; column_structure=&#8221;1_2,1_2&#8243;][et_pb_column _builder_version=&#8221;4.27.4&#8243; _module_preset=&#8221;default&#8221; type=&#8221;1_2&#8243;][et_pb_image src=&#8221;https:\/\/csdc-cecd.ca\/wp-content\/uploads\/2025\/10\/Deroulement_colloque_Page_1.png&#8221; _builder_version=&#8221;4.27.4&#8243; _module_preset=&#8221;default&#8221; title_text=&#8221;De\u0301roulement_colloque_Page_1&#8243; hover_enabled=&#8221;0&#8243; sticky_enabled=&#8221;0&#8243;][\/et_pb_image][\/et_pb_column][et_pb_column _builder_version=&#8221;4.27.4&#8243; _module_preset=&#8221;default&#8221; type=&#8221;1_2&#8243;][et_pb_image src=&#8221;https:\/\/csdc-cecd.ca\/wp-content\/uploads\/2025\/10\/Deroulement_colloque_Page_2.png&#8221; _builder_version=&#8221;4.27.4&#8243; _module_preset=&#8221;default&#8221; title_text=&#8221;De\u0301roulement_colloque_Page_2&#8243; hover_enabled=&#8221;0&#8243; sticky_enabled=&#8221;0&#8243;][\/et_pb_image][\/et_pb_column][\/et_pb_row][\/et_pb_section]<\/p>\n","protected":false},"excerpt":{"rendered":"<p>As part of the Annual Conference on Strategic and Political Communication at the University of Sherbrooke with support of the Centre for the Study of Democratic Citzenship : Communiquer la ville : entre expertise professionnelle et scientifique When: October 27, 2025 (full day)Where: Agora de la Biblioth\u00e8que Roger-Maltais (B1-2002) au 2500, boul. Universit\u00e9 de Sherbrooke, [&hellip;]<\/p>\n","protected":false},"author":1,"featured_media":0,"parent":0,"menu_order":0,"comment_status":"closed","ping_status":"closed","template":"","meta":{"_et_pb_use_builder":"on","_et_pb_old_content":"","_et_gb_content_width":"","footnotes":""},"class_list":["post-6272","page","type-page","status-publish","hentry"],"yoast_head":"<!-- This site is optimized with the Yoast SEO plugin v27.4 - https:\/\/yoast.com\/product\/yoast-seo-wordpress\/ -->\n<title>Communiquer la ville\u00a0: entre expertise - CECD - Centre pour l&#039;\u00e9tude de la citoyennet\u00e9 d\u00e9mocratique<\/title>\n<meta name=\"robots\" content=\"index, follow, max-snippet:-1, max-image-preview:large, max-video-preview:-1\" \/>\n<link rel=\"canonical\" href=\"https:\/\/csdc-cecd.ca\/communiquer-la-ville-entre-expertise\/\" \/>\n<meta property=\"og:locale\" content=\"en_US\" \/>\n<meta property=\"og:type\" content=\"article\" \/>\n<meta property=\"og:title\" content=\"Communiquer la ville\u00a0: entre expertise - CECD - Centre pour l&#039;\u00e9tude de la citoyennet\u00e9 d\u00e9mocratique\" \/>\n<meta property=\"og:description\" content=\"As part of the Annual Conference on Strategic and Political Communication at the University of Sherbrooke with support of the Centre for the Study of Democratic Citzenship : Communiquer la ville : entre expertise professionnelle et scientifique When: October 27, 2025 (full day)Where: Agora de la Biblioth\u00e8que Roger-Maltais (B1-2002) au 2500, boul. Universit\u00e9 de Sherbrooke, [&hellip;]\" \/>\n<meta property=\"og:url\" content=\"https:\/\/csdc-cecd.ca\/communiquer-la-ville-entre-expertise\/\" \/>\n<meta property=\"og:site_name\" content=\"CECD - Centre pour l&#039;\u00e9tude de la citoyennet\u00e9 d\u00e9mocratique\" \/>\n<meta property=\"article:modified_time\" content=\"2025-10-21T12:54:21+00:00\" \/>\n<meta name=\"twitter:card\" content=\"summary_large_image\" \/>\n<script type=\"application\/ld+json\" class=\"yoast-schema-graph\">{\"@context\":\"https:\\\/\\\/schema.org\",\"@graph\":[{\"@type\":\"WebPage\",\"@id\":\"https:\\\/\\\/csdc-cecd.ca\\\/communiquer-la-ville-entre-expertise\\\/\",\"url\":\"https:\\\/\\\/csdc-cecd.ca\\\/communiquer-la-ville-entre-expertise\\\/\",\"name\":\"Communiquer la ville\u00a0: entre expertise - CECD - Centre pour l&#039;\u00e9tude de la citoyennet\u00e9 d\u00e9mocratique\",\"isPartOf\":{\"@id\":\"https:\\\/\\\/csdc-cecd.ca\\\/#website\"},\"datePublished\":\"2025-10-14T16:43:28+00:00\",\"dateModified\":\"2025-10-21T12:54:21+00:00\",\"breadcrumb\":{\"@id\":\"https:\\\/\\\/csdc-cecd.ca\\\/communiquer-la-ville-entre-expertise\\\/#breadcrumb\"},\"inLanguage\":\"en-US\",\"potentialAction\":[{\"@type\":\"ReadAction\",\"target\":[\"https:\\\/\\\/csdc-cecd.ca\\\/communiquer-la-ville-entre-expertise\\\/\"]}]},{\"@type\":\"BreadcrumbList\",\"@id\":\"https:\\\/\\\/csdc-cecd.ca\\\/communiquer-la-ville-entre-expertise\\\/#breadcrumb\",\"itemListElement\":[{\"@type\":\"ListItem\",\"position\":1,\"name\":\"Accueil\",\"item\":\"https:\\\/\\\/csdc-cecd.ca\\\/en\\\/\"},{\"@type\":\"ListItem\",\"position\":2,\"name\":\"Communiquer la ville\u00a0: entre expertise\"}]},{\"@type\":\"WebSite\",\"@id\":\"https:\\\/\\\/csdc-cecd.ca\\\/#website\",\"url\":\"https:\\\/\\\/csdc-cecd.ca\\\/\",\"name\":\"CECD - Centre pour l&#039;\u00e9tude de la citoyennet\u00e9 d\u00e9mocratique\",\"description\":\"\",\"potentialAction\":[{\"@type\":\"SearchAction\",\"target\":{\"@type\":\"EntryPoint\",\"urlTemplate\":\"https:\\\/\\\/csdc-cecd.ca\\\/?s={search_term_string}\"},\"query-input\":{\"@type\":\"PropertyValueSpecification\",\"valueRequired\":true,\"valueName\":\"search_term_string\"}}],\"inLanguage\":\"en-US\"}]}<\/script>\n<!-- \/ Yoast SEO plugin. -->","yoast_head_json":{"title":"Communiquer la ville\u00a0: entre expertise - CECD - Centre pour l&#039;\u00e9tude de la citoyennet\u00e9 d\u00e9mocratique","robots":{"index":"index","follow":"follow","max-snippet":"max-snippet:-1","max-image-preview":"max-image-preview:large","max-video-preview":"max-video-preview:-1"},"canonical":"https:\/\/csdc-cecd.ca\/communiquer-la-ville-entre-expertise\/","og_locale":"en_US","og_type":"article","og_title":"Communiquer la ville\u00a0: entre expertise - CECD - Centre pour l&#039;\u00e9tude de la citoyennet\u00e9 d\u00e9mocratique","og_description":"As part of the Annual Conference on Strategic and Political Communication at the University of Sherbrooke with support of the Centre for the Study of Democratic Citzenship : Communiquer la ville : entre expertise professionnelle et scientifique When: October 27, 2025 (full day)Where: Agora de la Biblioth\u00e8que Roger-Maltais (B1-2002) au 2500, boul. Universit\u00e9 de Sherbrooke, [&hellip;]","og_url":"https:\/\/csdc-cecd.ca\/communiquer-la-ville-entre-expertise\/","og_site_name":"CECD - Centre pour l&#039;\u00e9tude de la citoyennet\u00e9 d\u00e9mocratique","article_modified_time":"2025-10-21T12:54:21+00:00","twitter_card":"summary_large_image","schema":{"@context":"https:\/\/schema.org","@graph":[{"@type":"WebPage","@id":"https:\/\/csdc-cecd.ca\/communiquer-la-ville-entre-expertise\/","url":"https:\/\/csdc-cecd.ca\/communiquer-la-ville-entre-expertise\/","name":"Communiquer la ville\u00a0: entre expertise - CECD - Centre pour l&#039;\u00e9tude de la citoyennet\u00e9 d\u00e9mocratique","isPartOf":{"@id":"https:\/\/csdc-cecd.ca\/#website"},"datePublished":"2025-10-14T16:43:28+00:00","dateModified":"2025-10-21T12:54:21+00:00","breadcrumb":{"@id":"https:\/\/csdc-cecd.ca\/communiquer-la-ville-entre-expertise\/#breadcrumb"},"inLanguage":"en-US","potentialAction":[{"@type":"ReadAction","target":["https:\/\/csdc-cecd.ca\/communiquer-la-ville-entre-expertise\/"]}]},{"@type":"BreadcrumbList","@id":"https:\/\/csdc-cecd.ca\/communiquer-la-ville-entre-expertise\/#breadcrumb","itemListElement":[{"@type":"ListItem","position":1,"name":"Accueil","item":"https:\/\/csdc-cecd.ca\/en\/"},{"@type":"ListItem","position":2,"name":"Communiquer la ville\u00a0: entre expertise"}]},{"@type":"WebSite","@id":"https:\/\/csdc-cecd.ca\/#website","url":"https:\/\/csdc-cecd.ca\/","name":"CECD - Centre pour l&#039;\u00e9tude de la citoyennet\u00e9 d\u00e9mocratique","description":"","potentialAction":[{"@type":"SearchAction","target":{"@type":"EntryPoint","urlTemplate":"https:\/\/csdc-cecd.ca\/?s={search_term_string}"},"query-input":{"@type":"PropertyValueSpecification","valueRequired":true,"valueName":"search_term_string"}}],"inLanguage":"en-US"}]}},"_links":{"self":[{"href":"https:\/\/csdc-cecd.ca\/en\/wp-json\/wp\/v2\/pages\/6272","targetHints":{"allow":["GET"]}}],"collection":[{"href":"https:\/\/csdc-cecd.ca\/en\/wp-json\/wp\/v2\/pages"}],"about":[{"href":"https:\/\/csdc-cecd.ca\/en\/wp-json\/wp\/v2\/types\/page"}],"author":[{"embeddable":true,"href":"https:\/\/csdc-cecd.ca\/en\/wp-json\/wp\/v2\/users\/1"}],"replies":[{"embeddable":true,"href":"https:\/\/csdc-cecd.ca\/en\/wp-json\/wp\/v2\/comments?post=6272"}],"version-history":[{"count":4,"href":"https:\/\/csdc-cecd.ca\/en\/wp-json\/wp\/v2\/pages\/6272\/revisions"}],"predecessor-version":[{"id":6315,"href":"https:\/\/csdc-cecd.ca\/en\/wp-json\/wp\/v2\/pages\/6272\/revisions\/6315"}],"wp:attachment":[{"href":"https:\/\/csdc-cecd.ca\/en\/wp-json\/wp\/v2\/media?parent=6272"}],"curies":[{"name":"wp","href":"https:\/\/api.w.org\/{rel}","templated":true}]}}