{"id":6526,"date":"2025-11-24T09:28:06","date_gmt":"2025-11-24T14:28:06","guid":{"rendered":"https:\/\/csdc-cecd.ca\/cecd-coordinateur-rice\/"},"modified":"2025-11-24T15:12:30","modified_gmt":"2025-11-24T20:12:30","slug":"cecd-coordinateur-rice","status":"publish","type":"page","link":"https:\/\/csdc-cecd.ca\/en\/cecd-coordinateur-rice\/","title":{"rendered":"C\u00c9CD Coordinateur.rice"},"content":{"rendered":"<p>[et_pb_section fb_built=&#8221;1&#8243; _builder_version=&#8221;4.27.4&#8243; _module_preset=&#8221;default&#8221; global_colors_info=&#8221;{}&#8221;][et_pb_row _builder_version=&#8221;4.27.4&#8243; _module_preset=&#8221;default&#8221; global_colors_info=&#8221;{}&#8221;][et_pb_column type=&#8221;4_4&#8243; _builder_version=&#8221;4.27.4&#8243; _module_preset=&#8221;default&#8221; global_colors_info=&#8221;{}&#8221;][et_pb_text _builder_version=&#8221;4.27.4&#8243; _module_preset=&#8221;default&#8221; global_colors_info=&#8221;{}&#8221;]<\/p>\n<h3 style=\"text-align: center;\">C\u00c9CD &#8211; Coordinateur.rice<\/h3>\n<p><strong>Lieu d&#8217;emploi :<\/strong><br \/>Sainte-Foy\u2013Sillery\u2013Cap-Rouge, Qu\u00e9bec, Capitale-Nationale<br \/>Pavillon Charles-De Koninck<br \/>Universit\u00e9 Laval<\/p>\n<p><strong>Date limite :<\/strong><br \/>10 d\u00e9cembre 2025<\/p>\n<p><strong>Mandat<\/strong><\/p>\n<ul>\n<li><span>Coordonner les activit\u00e9s des diff\u00e9rents comit\u00e9s du Centre pour l\u2019\u00e9tude de la citoyennet\u00e9 d\u00e9mocratique (le comit\u00e9 de direction, l\u2019Assembl\u00e9e g\u00e9n\u00e9rale, le comit\u00e9 des membres \u00e9tudiants et postdoctoraux, et les comit\u00e9s ad hoc), incluant la pr\u00e9paration des documents aff\u00e9rents. Coordonner le processus de nomination des membres des comit\u00e9s.<\/span><\/li>\n<li><span>Assurer les suivis budg\u00e9taires (budget du Centre, budgets des subventions). Autoriser des d\u00e9penses.<\/span><\/li>\n<li><span>Participer \u00e0 l\u2019organisation de la vie scientifique (organisation de conf\u00e9rences, s\u00e9minaires, etc.), du rayonnement et de la formation, en assurant la bonne coordination et la planification. Offrir un appui \u00e0 la direction et aux comit\u00e9s.<\/span><\/li>\n<li><span>Assurer une vigilance quant aux enjeux strat\u00e9giques et politiques li\u00e9s au Centre et en faire rapport \u00e0 la direction du Centre.<\/span><\/li>\n<li><span>Seconder le directeur dans la gestion quotidienne du Centre : participer \u00e0 l\u2019identification des objectifs et des projets du Centre de concert avec la direction. Pr\u00e9parer les rapports financiers et rapports d&#8217;activit\u00e9s annuels. Pr\u00e9parer et mettre en \u0153uvre les politiques n\u00e9cessaires au bon fonctionnement du Centre et au respect des bonnes pratiques de recherche.<\/span><\/li>\n<li><span>Planifier, coordonner et assurer le suivi de divers projets et activit\u00e9s tels qu\u2019embauche de personnel, politique de gestion, planification des horaires.<\/span><\/li>\n<li><span>Coordonner les suivis li\u00e9s aux demandes de subventions (cueillette de donn\u00e9es, sollicitation aupr\u00e8s des membres, organisation de rencontres).<\/span><\/li>\n<li><span>Communiquer avec le personnel et les membres des activit\u00e9s scientifiques et administratives \u00e0 entreprendre afin de comprendre leurs besoins et orientations.<\/span><\/li>\n<li><span>Coordonner et participer \u00e0 la r\u00e9daction de demandes de subvention et autres rapports et documents.<\/span><\/li>\n<li><span>Discuter avec le personnel et les membres des projets scientifiques et administratifs \u00e0 entreprendre afin de comprendre leurs besoins et orientations.<\/span><span><\/span><\/li>\n<\/ul>\n<p><strong>Fonctions<\/strong><\/p>\n<p>La professionnelle ou le professionnel de recherche de<span>\u00a0<\/span><strong>cat\u00e9gorie III<\/strong><span>\u00a0<\/span>contribue de fa\u00e7on significative \u00e0 l\u2019\u00e9laboration des orientations du projet de recherche et elle ou il effectue les \u00e9tudes et les recherches d\u00e9coulant de ces orientations.<\/p>\n<ul>\n<li><span>Elle ou il contribue de fa\u00e7on significative \u00e0 l\u2019\u00e9laboration des objectifs et du protocole de recherche, \u00e0 l\u2019analyse et \u00e0 la diffusion des r\u00e9sultats ainsi qu\u2019\u00e0 l\u2019organisation et la coordination m\u00eame d\u2019une bonne partie des activit\u00e9s de recherche. (III.a)<\/span><\/li>\n<li><span>Cet emploi exige beaucoup d\u2019autonomie dans des domaines comme l\u2019organisation du travail de recherche, l\u2019\u00e9valuation de la litt\u00e9rature scientifique existante, l\u2019\u00e9laboration de protocoles de recherche, l\u2019\u00e9laboration et la r\u00e9daction de rapports. (III.b)<\/span><\/li>\n<li><span>Elle ou il travaille \u00e0 partir de grandes orientations arr\u00eat\u00e9es en collaboration avec la chercheure ou le chercheur responsable et est responsable d\u2019atteindre les objectifs du projet. (III.c)<\/span><\/li>\n<li><span>Elle ou il pr\u00e9pare, conceptualise et \u00e9labore des demandes de subvention, des comptes rendus th\u00e9oriques ou m\u00e9thodologiques, des rapports, des communications et des articles en lien avec des activit\u00e9s de recherche. (III.g)<\/span><\/li>\n<li><span>Elle ou il supervise le travail d\u2019autres personnes dont le personnel de recherche, notamment les autres professionnelles ou professionnels de recherche. (III.i)<\/span><\/li>\n<li><span>Elle ou il s\u2019acquitte des principales t\u00e2ches d\u2019un projet de recherche et peut assister la chercheure ou le chercheur responsable dans d\u2019autres activit\u00e9s de recherche. (II.a)<\/span><\/li>\n<li><span>Elle ou il travaille sous une supervision minimale pour bon nombre de t\u00e2ches et est responsable de la qualit\u00e9 et de la pertinence des r\u00e9sultats des personnes qu\u2019elle ou qu\u2019il supervise. (II.b)<\/span><\/li>\n<li><span>Elle ou il peut \u00eatre appel\u00e9 \u00e0 am\u00e9liorer ou \u00e0 adapter des m\u00e9thodes d\u00e9j\u00e0 existantes. (II.d)<\/span><\/li>\n<li><span>Elle ou il participe \u00e0 la formation et la supervision d\u2019\u00e9tudiantes ou d\u2019\u00e9tudiants et de professionnelles et professionnels de recherche en lien avec la recherche. (II.e)<\/span><\/li>\n<li><span>Elle ou il peut r\u00e9aliser diverses t\u00e2ches administratives li\u00e9es au projet. (II.g)<br \/>Elle ou il peut superviser le travail d\u2019autres personnes, notamment des professionnelles ou professionnels de recherche de cat\u00e9gorie I (II.i)<\/span><\/li>\n<li><span>Elle ou il travaille la plupart du temps sous une certaine supervision et elle ou il est responsable de la qualit\u00e9 et de la pertinence des r\u00e9sultats de son travail. (I.b)<\/span><\/li>\n<li><span>Ses t\u00e2ches peuvent inclure la collecte d\u2019informations, l\u2019administration de tests, la r\u00e9alisation d\u2019entrevues, la planification et la pr\u00e9paration de recherches documentaires, la compilation de donn\u00e9es selon des m\u00e9thodes scientifiques connues, la r\u00e9alisation de t\u00e2ches administratives selon des normes reconnues. (I.d)<\/span><\/li>\n<\/ul>\n<p><strong>Exigences<\/strong><\/p>\n<ul>\n<li>Dipl\u00f4me universitaire dans une discipline des sciences sociales ou en administration.<\/li>\n<li>Tr\u00e8s bonne connaissance de la gestion de projet et de la gestion de budgets et finances.<\/li>\n<li>Excellentes aptitudes \u00e0 r\u00e9diger et communiquer en fran\u00e7ais et en anglais.<\/li>\n<li>Capacit\u00e9 \u00e0 faire un usage strat\u00e9gique des plateformes num\u00e9riques de communication et sens du d\u00e9tail dans la communication \u00e9crite et visuelle.<\/li>\n<li>Connaissance du milieu de la recherche universitaire li\u00e9 au domaine du Centre.<\/li>\n<li>Connaissance des organismes subventionnaires.<\/li>\n<li>Aptitude \u00e0 la coordination, l&#8217;organisation d&#8217;\u00e9v\u00e9nements et la planification strat\u00e9gique.<\/li>\n<li>Bonne connaissance de la suite de logiciels Office (Excel, etc.).<\/li>\n<li>Capacit\u00e9 d\u00e9montr\u00e9e \u00e0 travailler de fa\u00e7on autonome, \u00e0 prendre des initiatives, \u00e0 r\u00e9diger des ordres du jour ou des notes de r\u00e9union.<\/li>\n<\/ul>\n<div class=\"row-fluid\">\n<div class=\"span24\">\n<p class=\"precisions_postuler\"><strong>Indications pour postuler<\/strong><\/p>\n<\/div>\n<\/div>\n<div class=\"row-fluid\">\n<div class=\"span24\">\n<p>Si vous \u00eates professionnelle ou professionnel de recherche inscrit \u00e0 la<span>\u00a0<\/span><a target=\"_blank\" href=\"https:\/\/spprul.ca\/unites\/campus-de-luniversite-laval\/ulaval-services-aux-membres\/#1556145232068-0383ff9e-44cb\" rel=\"noopener\">liste de disponibilit\u00e9<\/a>, \u00e9tudiant de l\u2019Universit\u00e9 Laval terminant un programme d\u2019\u00e9tudes, dipl\u00f4m\u00e9 de l\u2019Universit\u00e9 Laval depuis moins de deux ans ou membre de la Fondation de l\u2019Universit\u00e9 Laval, vous devez transmettre votre candidature en vous connectant au site du Service du d\u00e9veloppement professionnel.<\/p>\n<p>Sinon, faites parvenir votre curriculum vitae et votre lettre de motivation \u00e0 Thierry Giasson \u00e0 l&#8217;adresse<span>\u00a0<\/span><a href=\"mailto:thierry.giasson@pol.ulaval.ca\">thierry.giasson@pol.ulaval.ca<\/a><\/p>\n<p>Pour obtenir des renseignements suppl\u00e9mentaires sur le poste, formulez vos questions par courriel \u00e0<span>\u00a0<\/span><a href=\"mailto:thierry.giasson@pol.ulaval.ca\">thierry.giasson@pol.ulaval.ca<\/a><span>\u00a0<\/span><span>ou\u00a0<\/span><a href=\"mailto:eve-lyne.dutil@pol.ulaval.ca\">eve-lyne.dutil@pol.ulaval.ca<\/a><\/p>\n<\/div>\n<\/div>\n<p>[\/et_pb_text][\/et_pb_column][\/et_pb_row][\/et_pb_section]<\/p>\n","protected":false},"excerpt":{"rendered":"<p>C\u00c9CD &#8211; Coordinateur.rice Lieu d&#8217;emploi :Sainte-Foy\u2013Sillery\u2013Cap-Rouge, Qu\u00e9bec, Capitale-NationalePavillon Charles-De KoninckUniversit\u00e9 Laval Date limite :10 d\u00e9cembre 2025 Mandat Coordonner les activit\u00e9s des diff\u00e9rents comit\u00e9s du Centre pour l\u2019\u00e9tude de la citoyennet\u00e9 d\u00e9mocratique (le comit\u00e9 de direction, l\u2019Assembl\u00e9e g\u00e9n\u00e9rale, le comit\u00e9 des membres \u00e9tudiants et postdoctoraux, et les comit\u00e9s ad hoc), incluant la pr\u00e9paration des documents aff\u00e9rents. [&hellip;]<\/p>\n","protected":false},"author":1,"featured_media":0,"parent":0,"menu_order":0,"comment_status":"closed","ping_status":"closed","template":"","meta":{"_et_pb_use_builder":"on","_et_pb_old_content":"","_et_gb_content_width":"","footnotes":""},"class_list":["post-6526","page","type-page","status-publish","hentry"],"yoast_head":"<!-- This site is optimized with the Yoast SEO plugin v27.5 - https:\/\/yoast.com\/product\/yoast-seo-wordpress\/ -->\n<title>C\u00c9CD Coordinateur.rice - CECD - Centre pour l&#039;\u00e9tude de la citoyennet\u00e9 d\u00e9mocratique<\/title>\n<meta name=\"robots\" content=\"index, follow, max-snippet:-1, max-image-preview:large, max-video-preview:-1\" \/>\n<link rel=\"canonical\" href=\"https:\/\/csdc-cecd.ca\/cecd-coordinateur-rice\/\" \/>\n<meta property=\"og:locale\" content=\"en_US\" \/>\n<meta property=\"og:type\" content=\"article\" \/>\n<meta property=\"og:title\" content=\"C\u00c9CD Coordinateur.rice - CECD - Centre pour l&#039;\u00e9tude de la citoyennet\u00e9 d\u00e9mocratique\" \/>\n<meta property=\"og:description\" content=\"C\u00c9CD - Coordinateur.rice Lieu d&#039;emploi :Sainte-Foy\u2013Sillery\u2013Cap-Rouge, Qu\u00e9bec, Capitale-NationalePavillon Charles-De KoninckUniversit\u00e9 Laval Date limite :10 d\u00e9cembre 2025 Mandat Coordonner les activit\u00e9s des diff\u00e9rents comit\u00e9s du Centre pour l\u2019\u00e9tude de la citoyennet\u00e9 d\u00e9mocratique (le comit\u00e9 de direction, l\u2019Assembl\u00e9e g\u00e9n\u00e9rale, le comit\u00e9 des membres \u00e9tudiants et postdoctoraux, et les comit\u00e9s ad hoc), incluant la pr\u00e9paration des documents aff\u00e9rents. [&hellip;]\" \/>\n<meta property=\"og:url\" content=\"https:\/\/csdc-cecd.ca\/cecd-coordinateur-rice\/\" \/>\n<meta property=\"og:site_name\" content=\"CECD - Centre pour l&#039;\u00e9tude de la citoyennet\u00e9 d\u00e9mocratique\" \/>\n<meta property=\"article:modified_time\" content=\"2025-11-24T20:12:30+00:00\" \/>\n<meta name=\"twitter:card\" content=\"summary_large_image\" \/>\n<script type=\"application\/ld+json\" class=\"yoast-schema-graph\">{\"@context\":\"https:\\\/\\\/schema.org\",\"@graph\":[{\"@type\":\"WebPage\",\"@id\":\"https:\\\/\\\/csdc-cecd.ca\\\/cecd-coordinateur-rice\\\/\",\"url\":\"https:\\\/\\\/csdc-cecd.ca\\\/cecd-coordinateur-rice\\\/\",\"name\":\"C\u00c9CD Coordinateur.rice - CECD - Centre pour l&#039;\u00e9tude de la citoyennet\u00e9 d\u00e9mocratique\",\"isPartOf\":{\"@id\":\"https:\\\/\\\/csdc-cecd.ca\\\/#website\"},\"datePublished\":\"2025-11-24T14:28:06+00:00\",\"dateModified\":\"2025-11-24T20:12:30+00:00\",\"breadcrumb\":{\"@id\":\"https:\\\/\\\/csdc-cecd.ca\\\/cecd-coordinateur-rice\\\/#breadcrumb\"},\"inLanguage\":\"en-US\",\"potentialAction\":[{\"@type\":\"ReadAction\",\"target\":[\"https:\\\/\\\/csdc-cecd.ca\\\/cecd-coordinateur-rice\\\/\"]}]},{\"@type\":\"BreadcrumbList\",\"@id\":\"https:\\\/\\\/csdc-cecd.ca\\\/cecd-coordinateur-rice\\\/#breadcrumb\",\"itemListElement\":[{\"@type\":\"ListItem\",\"position\":1,\"name\":\"Accueil\",\"item\":\"https:\\\/\\\/csdc-cecd.ca\\\/en\\\/\"},{\"@type\":\"ListItem\",\"position\":2,\"name\":\"C\u00c9CD Coordinateur.rice\"}]},{\"@type\":\"WebSite\",\"@id\":\"https:\\\/\\\/csdc-cecd.ca\\\/#website\",\"url\":\"https:\\\/\\\/csdc-cecd.ca\\\/\",\"name\":\"CECD - Centre pour l&#039;\u00e9tude de la citoyennet\u00e9 d\u00e9mocratique\",\"description\":\"\",\"potentialAction\":[{\"@type\":\"SearchAction\",\"target\":{\"@type\":\"EntryPoint\",\"urlTemplate\":\"https:\\\/\\\/csdc-cecd.ca\\\/?s={search_term_string}\"},\"query-input\":{\"@type\":\"PropertyValueSpecification\",\"valueRequired\":true,\"valueName\":\"search_term_string\"}}],\"inLanguage\":\"en-US\"}]}<\/script>\n<!-- \/ Yoast SEO plugin. -->","yoast_head_json":{"title":"C\u00c9CD Coordinateur.rice - CECD - Centre pour l&#039;\u00e9tude de la citoyennet\u00e9 d\u00e9mocratique","robots":{"index":"index","follow":"follow","max-snippet":"max-snippet:-1","max-image-preview":"max-image-preview:large","max-video-preview":"max-video-preview:-1"},"canonical":"https:\/\/csdc-cecd.ca\/cecd-coordinateur-rice\/","og_locale":"en_US","og_type":"article","og_title":"C\u00c9CD Coordinateur.rice - CECD - Centre pour l&#039;\u00e9tude de la citoyennet\u00e9 d\u00e9mocratique","og_description":"C\u00c9CD - Coordinateur.rice Lieu d'emploi :Sainte-Foy\u2013Sillery\u2013Cap-Rouge, Qu\u00e9bec, Capitale-NationalePavillon Charles-De KoninckUniversit\u00e9 Laval Date limite :10 d\u00e9cembre 2025 Mandat Coordonner les activit\u00e9s des diff\u00e9rents comit\u00e9s du Centre pour l\u2019\u00e9tude de la citoyennet\u00e9 d\u00e9mocratique (le comit\u00e9 de direction, l\u2019Assembl\u00e9e g\u00e9n\u00e9rale, le comit\u00e9 des membres \u00e9tudiants et postdoctoraux, et les comit\u00e9s ad hoc), incluant la pr\u00e9paration des documents aff\u00e9rents. [&hellip;]","og_url":"https:\/\/csdc-cecd.ca\/cecd-coordinateur-rice\/","og_site_name":"CECD - Centre pour l&#039;\u00e9tude de la citoyennet\u00e9 d\u00e9mocratique","article_modified_time":"2025-11-24T20:12:30+00:00","twitter_card":"summary_large_image","schema":{"@context":"https:\/\/schema.org","@graph":[{"@type":"WebPage","@id":"https:\/\/csdc-cecd.ca\/cecd-coordinateur-rice\/","url":"https:\/\/csdc-cecd.ca\/cecd-coordinateur-rice\/","name":"C\u00c9CD Coordinateur.rice - CECD - Centre pour l&#039;\u00e9tude de la citoyennet\u00e9 d\u00e9mocratique","isPartOf":{"@id":"https:\/\/csdc-cecd.ca\/#website"},"datePublished":"2025-11-24T14:28:06+00:00","dateModified":"2025-11-24T20:12:30+00:00","breadcrumb":{"@id":"https:\/\/csdc-cecd.ca\/cecd-coordinateur-rice\/#breadcrumb"},"inLanguage":"en-US","potentialAction":[{"@type":"ReadAction","target":["https:\/\/csdc-cecd.ca\/cecd-coordinateur-rice\/"]}]},{"@type":"BreadcrumbList","@id":"https:\/\/csdc-cecd.ca\/cecd-coordinateur-rice\/#breadcrumb","itemListElement":[{"@type":"ListItem","position":1,"name":"Accueil","item":"https:\/\/csdc-cecd.ca\/en\/"},{"@type":"ListItem","position":2,"name":"C\u00c9CD Coordinateur.rice"}]},{"@type":"WebSite","@id":"https:\/\/csdc-cecd.ca\/#website","url":"https:\/\/csdc-cecd.ca\/","name":"CECD - Centre pour l&#039;\u00e9tude de la citoyennet\u00e9 d\u00e9mocratique","description":"","potentialAction":[{"@type":"SearchAction","target":{"@type":"EntryPoint","urlTemplate":"https:\/\/csdc-cecd.ca\/?s={search_term_string}"},"query-input":{"@type":"PropertyValueSpecification","valueRequired":true,"valueName":"search_term_string"}}],"inLanguage":"en-US"}]}},"_links":{"self":[{"href":"https:\/\/csdc-cecd.ca\/en\/wp-json\/wp\/v2\/pages\/6526","targetHints":{"allow":["GET"]}}],"collection":[{"href":"https:\/\/csdc-cecd.ca\/en\/wp-json\/wp\/v2\/pages"}],"about":[{"href":"https:\/\/csdc-cecd.ca\/en\/wp-json\/wp\/v2\/types\/page"}],"author":[{"embeddable":true,"href":"https:\/\/csdc-cecd.ca\/en\/wp-json\/wp\/v2\/users\/1"}],"replies":[{"embeddable":true,"href":"https:\/\/csdc-cecd.ca\/en\/wp-json\/wp\/v2\/comments?post=6526"}],"version-history":[{"count":1,"href":"https:\/\/csdc-cecd.ca\/en\/wp-json\/wp\/v2\/pages\/6526\/revisions"}],"predecessor-version":[{"id":6527,"href":"https:\/\/csdc-cecd.ca\/en\/wp-json\/wp\/v2\/pages\/6526\/revisions\/6527"}],"wp:attachment":[{"href":"https:\/\/csdc-cecd.ca\/en\/wp-json\/wp\/v2\/media?parent=6526"}],"curies":[{"name":"wp","href":"https:\/\/api.w.org\/{rel}","templated":true}]}}