{"id":6609,"date":"2025-12-12T09:49:29","date_gmt":"2025-12-12T14:49:29","guid":{"rendered":"https:\/\/csdc-cecd.ca\/?page_id=6609"},"modified":"2026-02-06T11:11:24","modified_gmt":"2026-02-06T16:11:24","slug":"december-2025","status":"publish","type":"page","link":"https:\/\/csdc-cecd.ca\/en\/december-2025\/","title":{"rendered":"December &#8211; 2025"},"content":{"rendered":"<p>[et_pb_section fb_built=&#8221;1&#8243; _builder_version=&#8221;4.27.5&#8243; _module_preset=&#8221;default&#8221; global_colors_info=&#8221;{}&#8221;][et_pb_row _builder_version=&#8221;4.27.5&#8243; _module_preset=&#8221;default&#8221; global_colors_info=&#8221;{}&#8221;][et_pb_column type=&#8221;4_4&#8243; _builder_version=&#8221;4.27.5&#8243; _module_preset=&#8221;default&#8221; global_colors_info=&#8221;{}&#8221;][et_pb_heading title=&#8221;Dec. 2025&#8243; _builder_version=&#8221;4.27.5&#8243; _module_preset=&#8221;default&#8221; global_colors_info=&#8221;{}&#8221;][\/et_pb_heading][\/et_pb_column][\/et_pb_row][et_pb_row _builder_version=&#8221;4.27.5&#8243; _module_preset=&#8221;default&#8221; global_colors_info=&#8221;{}&#8221;][et_pb_column type=&#8221;4_4&#8243; _builder_version=&#8221;4.27.5&#8243; _module_preset=&#8221;default&#8221; global_colors_info=&#8221;{}&#8221;][et_pb_toggle title=&#8221;Scientific Articles&#8221; _builder_version=&#8221;4.27.5&#8243; _module_preset=&#8221;default&#8221; hover_enabled=&#8221;0&#8243; global_colors_info=&#8221;{}&#8221; min_height=&#8221;56.8px&#8221; sticky_enabled=&#8221;0&#8243;]<\/p>\n<p><strong>Berwick, E., \u00c9. B\u00e9langer<\/strong><br \/><a href=\"https:\/\/academic.oup.com\/publius\/advance-article\/doi\/10.1093\/publius\/pjaf077\/8369000\">Measuring Identity in Substate Nations: Evidence from Quebec<\/a><br \/>Publius: The Journal of Federalism<\/p>\n<p><strong>Coulombe, S<\/strong>., M.F.de Lafontaine,\u00a0 J. Gagnon,\u00a0 T. Pacheco, CA. Gauthier\u00a0<br \/><a href=\"https:\/\/link.springer.com\/article\/10.1186\/s12889-025-25097-7\">Associations between mental health and sociodemographic and work-related factors in Canadian SME workers: an observational study<\/a><br \/>BMC Public Health<\/p>\n<p>Fleury, C., N. C\u00f4t\u00e9,<span>\u00a0<\/span><strong>S. Coulombe<\/strong>, \u00c9. Dionne, I. Feillou, S. Luc<br \/><a href=\"https:\/\/www.erudit.org\/en\/journals\/rs\/2025-v66-n3-rs010435\/1121785ar\/\">https:\/\/www.erudit.org\/en\/journals\/rs\/2025-v66-n3-rs010435\/1121785ar\/<\/a>Confiance organisationnelle du personnel soignant durant la pand\u00e9mie de COVID-19<br \/>Recherches sociographiques<\/p>\n<p>Ie, K.W., K. Bird, J. Everitt, A. Wagner,<span>\u00a0<\/span><strong>M. Lalancette<\/strong><br \/><a href=\"chrome-extension:\/\/efaidnbmnnnibpcajpcglclefindmkaj\/https:\/\/journals.sagepub.com\/doi\/pdf\/10.1177\/01925121251399863\">Where to run? Racialized minority affinities for in-group candidate districts in Canada<\/a><br \/>International Political Science Review<\/p>\n<p><strong>Jacques, O<\/strong>., E. Ben Jelili, A. Prud\u2019homme, E. Arpin<br \/><a href=\"https:\/\/ideas.repec.org\/p\/cir\/circah\/2025pj-19.html\">Apples, oranges and the definition of public health<\/a><br \/>CIRANO Papers<\/p>\n<p><strong>Landry, N<\/strong>., J.\u00a0Hocine, S.\u00a0Fitzbay, M.-J.\u00a0Dupuis<br \/><a href=\"https:\/\/journals.openedition.org\/communication\/21102\">Pratiques num\u00e9riques et mise en donn\u00e9es de la d\u00e9fense des droits humains<\/a><br \/>Communications<\/p>\n<p>Pautonnier, V., R. Dassonneville, M.S. Lewis-Black, R. Nadeau<br \/><a href=\"https:\/\/www.sciencedirect.com\/science\/article\/pii\/S0261379425001258\">The rural-urban cleavage in US presidential elections: Stability and sudden change<\/a><br \/>Electoral Studies<\/p>\n<p>Song, Y., Y. Zhang, D. Precup,<span>\u00a0<\/span><strong>R. Rabbany<\/strong>, M. Cutumisu<br \/><a href=\"https:\/\/link.springer.com\/article\/10.1007\/s10758-025-09922-x\">Large Language Model Applications in the Algebra Domain: A Systematic Review<\/a><br \/>Technology, Knowledge and Learning<\/p>\n<p>Tremblay-Antoine, C.,<strong><span>\u00a0<\/span>Y. Dufresne<\/strong>, F. Vachon<br \/><a href=\"https:\/\/academic.oup.com\/poq\/advance-article\/doi\/10.1093\/poq\/nfaf041\/8369174\">How Can We Size Your Core Issue? Assessing Salience Validity Using Psychophysiology<\/a><br \/>Public Opninion Quarterly<\/p>\n<p>[\/et_pb_toggle][\/et_pb_column][\/et_pb_row][et_pb_row _builder_version=&#8221;4.27.5&#8243; _module_preset=&#8221;default&#8221; global_colors_info=&#8221;{}&#8221;][et_pb_column type=&#8221;4_4&#8243; _builder_version=&#8221;4.27.5&#8243; _module_preset=&#8221;default&#8221; global_colors_info=&#8221;{}&#8221;][et_pb_toggle title=&#8221;Book \/ Book Chapter&#8221; _builder_version=&#8221;4.27.5&#8243; _module_preset=&#8221;default&#8221; global_colors_info=&#8221;{}&#8221;]<\/p>\n<p>Dumouchel, D.,<span>\u00a0<\/span><strong>Th. Giasson<\/strong><br \/><a href=\"https:\/\/doi.org\/10.4337\/9781035301447.vol2.00117\">Media storms<\/a><span>\u00a0<\/span>in Elgar Encyclopedia of Political Communication, A. Nai, M. Gr\u00f6mping, D. Wirz (Eds)<\/p>\n<p><strong>McKelvey, F<\/strong>., N Gertler, A Megelas\u00a0<br \/><a href=\"https:\/\/books.google.ca\/books?hl=fr&amp;lr=&amp;id=W3ugEQAAQBAJ&amp;oi=fnd&amp;pg=PA1965&amp;ots=-ljO5Y2uNY&amp;sig=8eAMhj3HSJwRqZL08zuKR85_Wb0&amp;redir_esc=y#v=onepage&amp;q&amp;f=false\">Algorithmic Impact Assessment: From Risk Assessments to Community Research<\/a><span>\u00a0<\/span>in The Security of Self: A Human-Centric Approach to Cybersecurity, E.B. Laidlow, F, Martin-Bariteau<\/p>\n<p>Pacheco, T., J. Gagnon,<span>\u00a0<\/span><strong>S. Coulombe<\/strong><br \/><a href=\"https:\/\/www.taylorfrancis.com\/chapters\/edit\/10.4324\/9781003644293-9\/measuring-studying-wellbeing-literacy-tyler-pacheco-jo%C3%ABl-gagnon-simon-coulombe\">Measuring and Studying Wellbeing Literacy Research and Methodological Horizons<\/a><span>\u00a0<\/span>in Wellbeing Literacy Theory and Practice Through Multidisciplinary and Transdisciplinary Lenses, L. G. Oades, N. Lemon, J. Francis, T. Lomas (Eds.)<\/p>\n<p>[\/et_pb_toggle][\/et_pb_column][\/et_pb_row][et_pb_row _builder_version=&#8221;4.27.5&#8243; _module_preset=&#8221;default&#8221; global_colors_info=&#8221;{}&#8221;][et_pb_column type=&#8221;4_4&#8243; _builder_version=&#8221;4.27.5&#8243; _module_preset=&#8221;default&#8221; global_colors_info=&#8221;{}&#8221;][et_pb_divider color=&#8221;#000000&#8243; _builder_version=&#8221;4.27.5&#8243; _module_preset=&#8221;default&#8221; global_colors_info=&#8221;{}&#8221;][\/et_pb_divider][\/et_pb_column][\/et_pb_row][et_pb_row _builder_version=&#8221;4.27.5&#8243; _module_preset=&#8221;default&#8221; global_colors_info=&#8221;{}&#8221;][et_pb_column type=&#8221;4_4&#8243; _builder_version=&#8221;4.27.5&#8243; _module_preset=&#8221;default&#8221; global_colors_info=&#8221;{}&#8221;][et_pb_toggle title=&#8221;Media&#8221; _builder_version=&#8221;4.27.5&#8243; _module_preset=&#8221;default&#8221; global_colors_info=&#8221;{}&#8221;]<\/p>\n<p>Fenwick McKelvey \u2013 HillTimes \u2013 2025|12|15<br \/><a href=\"https:\/\/www.hilltimes.com\/ht_author\/fenwick-mckelvey\/\">The Canadian government is hallucinating over its AI strategy<\/a><\/p>\n<p>Emmanuel Choquette \u2013 Le Reflet du Lac \u2013 2025|12|13<br \/><a href=\"https:\/\/www.lerefletdulac.com\/opinions\/tribune-libre-la-participation-citoyenne-a-lagenda\/\">Tribune libre: La participation citoyenne \u00e0 l\u2019agenda<\/a><\/p>\n<p>Eric Hehman \u2013 PsyPost \u2013 2025|12|12<br \/><a href=\"https:\/\/www.psypost.org\/analysis-of-20-million-posts-reveals-how-basic-psychological-needs-drive-activity-in-extremist-chatrooms\/\">Analysis of 20 million posts reveals how basic psychological needs drive activity in extremist chatrooms<\/a><\/p>\n<p>Fenwick McKelvey \u2013 The Conversation \u2013 2025|12|09<br \/><a href=\"https:\/\/theconversation.com\/et-si-lia-generative-ne-valait-rien-ce-ne-serait-pas-forcement-un-probleme-266641\">Et si l\u2019IA g\u00e9n\u00e9rative ne valait rien ? Ce ne serait pas forc\u00e9ment un probl\u00e8me<\/a><\/p>\n<p>Mireille Lalancette \u2013 Radio Canada \u2013 2025|12|06<br \/><a href=\"https:\/\/ici.radio-canada.ca\/nouvelle\/2211733\/histoire-quebec-ligne-parti-deputes-liberte\">Quand la ligne de parti ne dictait pas (tous) les votes des d\u00e9put\u00e9s<\/a><\/p>\n<p>Mireille Lalancette \u2013 Journal de Qu\u00e9bec \u2013 2025|12|06<br \/><a href=\"https:\/\/www.journaldequebec.com\/2025\/12\/06\/les-quebecois-ont-raison-detre-allergiques-aux-transfuges\">Les Qu\u00e9b\u00e9cois ont raison d\u2019\u00eatre allergiques aux transfuges<\/a><\/p>\n<p>Mireille Lalancette; \u00c9ric B\u00e9langer \u2013 Pivot Qu\u00e9bec \u2013 2025|12|03<br \/><a href=\"https:\/\/www.lapresse.ca\/dialogue\/chroniques\/2025-12-03\/democratie-fragile-manipuler-avec-soin.php\">D\u00e9mocratie fragile, manipuler avec soin !<\/a><\/p>\n<p>Fenwick McKelvey \u2013 Future of Good \u2013 2025|12|03<br \/><a href=\"https:\/\/futureofgood.co\/could-a-national-public-cangpt-be-canadas-answer-to-chatgpt\/\">Could a national, public \u2018CanGPT\u2019 be Canada\u2019s answer to ChatGPT?<\/a><\/p>\n<p>Olivier Jacques \u2013 La Presse \u2013 2025|12|02<br \/><a href=\"https:\/\/www.lapresse.ca\/dialogue\/opinions\/2025-12-02\/revons-mieux-pour-le-regime-quebecois-d-assurance-parentale.php\">R\u00eavons mieux pour le R\u00e9gime qu\u00e9b\u00e9cois d\u2019assurance parentale<\/a><\/p>\n<p>Fran\u00e7ois G\u00e9lineau \u2013 University Affairs \u2013 2025|12|02<br \/><a href=\"https:\/\/universityaffairs.ca\/features\/going-hungry-on-campus\/\">Going hungry on campus<\/a><\/p>\n<p>Mireille Lalancette \u2013 The Walrus \u2013 2025|12|01<br \/><a href=\"https:\/\/thewalrus.ca\/political-defectors-face-mistrust-hostility-sexism-and-worse-why-do-they-do-it\/\">Political Defectors Face Mistrust, Hostility, Sexism, and Worse. Why Do They Do It?<\/a><\/p>\n<p>[\/et_pb_toggle][\/et_pb_column][\/et_pb_row][et_pb_row _builder_version=&#8221;4.27.5&#8243; _module_preset=&#8221;default&#8221; global_colors_info=&#8221;{}&#8221;][et_pb_column type=&#8221;4_4&#8243; _builder_version=&#8221;4.27.5&#8243; _module_preset=&#8221;default&#8221; global_colors_info=&#8221;{}&#8221;][et_pb_toggle title=&#8221;Podcast&#8221; _builder_version=&#8221;4.27.5&#8243; _module_preset=&#8221;default&#8221; global_colors_info=&#8221;{}&#8221;]<\/p>\n<p>Emmanuel Choquette \u2013 107.7 Estrie \u2013 2025|12|10<br \/><a href=\"https:\/\/www.fm1077.ca\/audio\/743390\/l-upac-ouvre-une-enquete-criminelle-au-plq-son-createur\">L\u2019UPAC ouvre une enqu\u00eate criminelle au PLQ\u2026 son cr\u00e9ateur<\/a><\/p>\n<p>Laurie Beaudonnet \u2013 Pivot Qu\u00e9bec \u2013 2025|12|01<br \/><a href=\"https:\/\/pivot.quebec\/2025\/12\/01\/episode-10-litalie-giorgia-meloni-et-le-post-fascisme\/\">L\u2019Italie, Giorgia Meloni et le post-fascisme<\/a><\/p>\n<p>[\/et_pb_toggle][\/et_pb_column][\/et_pb_row][et_pb_row _builder_version=&#8221;4.27.5&#8243; _module_preset=&#8221;default&#8221; global_colors_info=&#8221;{}&#8221;][et_pb_column type=&#8221;4_4&#8243; _builder_version=&#8221;4.27.5&#8243; _module_preset=&#8221;default&#8221; global_colors_info=&#8221;{}&#8221;][et_pb_toggle title=&#8221;Video&#8221; _builder_version=&#8221;4.27.5&#8243; _module_preset=&#8221;default&#8221; global_colors_info=&#8221;{}&#8221;][\/et_pb_toggle][\/et_pb_column][\/et_pb_row][\/et_pb_section]<\/p>\n","protected":false},"excerpt":{"rendered":"<p>Berwick, E., \u00c9. B\u00e9langerMeasuring Identity in Substate Nations: Evidence from QuebecPublius: The Journal of Federalism Coulombe, S., M.F.de Lafontaine,\u00a0 J. Gagnon,\u00a0 T. Pacheco, CA. Gauthier\u00a0Associations between mental health and sociodemographic and work-related factors in Canadian SME workers: an observational studyBMC Public Health Fleury, C., N. C\u00f4t\u00e9,\u00a0S. Coulombe, \u00c9. Dionne, I. Feillou, S. Luchttps:\/\/www.erudit.org\/en\/journals\/rs\/2025-v66-n3-rs010435\/1121785ar\/Confiance organisationnelle du [&hellip;]<\/p>\n","protected":false},"author":1,"featured_media":0,"parent":0,"menu_order":0,"comment_status":"closed","ping_status":"closed","template":"","meta":{"_et_pb_use_builder":"on","_et_pb_old_content":"","_et_gb_content_width":"","footnotes":""},"class_list":["post-6609","page","type-page","status-publish","hentry"],"yoast_head":"<!-- This site is optimized with the Yoast SEO plugin v27.5 - https:\/\/yoast.com\/product\/yoast-seo-wordpress\/ -->\n<title>December - 2025 - CECD - Centre pour l&#039;\u00e9tude de la citoyennet\u00e9 d\u00e9mocratique<\/title>\n<meta name=\"robots\" content=\"index, follow, max-snippet:-1, max-image-preview:large, max-video-preview:-1\" \/>\n<link rel=\"canonical\" href=\"https:\/\/csdc-cecd.ca\/2025-decembre\/\" \/>\n<meta property=\"og:locale\" content=\"en_US\" \/>\n<meta property=\"og:type\" content=\"article\" \/>\n<meta property=\"og:title\" content=\"December - 2025 - CECD - Centre pour l&#039;\u00e9tude de la citoyennet\u00e9 d\u00e9mocratique\" \/>\n<meta property=\"og:description\" content=\"Berwick, E., \u00c9. B\u00e9langerMeasuring Identity in Substate Nations: Evidence from QuebecPublius: The Journal of Federalism Coulombe, S., M.F.de Lafontaine,\u00a0 J. Gagnon,\u00a0 T. Pacheco, CA. Gauthier\u00a0Associations between mental health and sociodemographic and work-related factors in Canadian SME workers: an observational studyBMC Public Health Fleury, C., N. C\u00f4t\u00e9,\u00a0S. Coulombe, \u00c9. Dionne, I. Feillou, S. Luchttps:\/\/www.erudit.org\/en\/journals\/rs\/2025-v66-n3-rs010435\/1121785ar\/Confiance organisationnelle du [&hellip;]\" \/>\n<meta property=\"og:url\" content=\"https:\/\/csdc-cecd.ca\/2025-decembre\/\" \/>\n<meta property=\"og:site_name\" content=\"CECD - Centre pour l&#039;\u00e9tude de la citoyennet\u00e9 d\u00e9mocratique\" \/>\n<meta property=\"article:modified_time\" content=\"2026-02-06T16:11:24+00:00\" \/>\n<meta name=\"twitter:card\" content=\"summary_large_image\" \/>\n<meta name=\"twitter:label1\" content=\"Est. reading time\" \/>\n\t<meta name=\"twitter:data1\" content=\"1 minute\" \/>\n<script type=\"application\/ld+json\" class=\"yoast-schema-graph\">{\"@context\":\"https:\\\/\\\/schema.org\",\"@graph\":[{\"@type\":\"WebPage\",\"@id\":\"https:\\\/\\\/csdc-cecd.ca\\\/2025-decembre\\\/\",\"url\":\"https:\\\/\\\/csdc-cecd.ca\\\/2025-decembre\\\/\",\"name\":\"December - 2025 - CECD - Centre pour l&#039;\u00e9tude de la citoyennet\u00e9 d\u00e9mocratique\",\"isPartOf\":{\"@id\":\"https:\\\/\\\/csdc-cecd.ca\\\/#website\"},\"datePublished\":\"2025-12-12T14:49:29+00:00\",\"dateModified\":\"2026-02-06T16:11:24+00:00\",\"breadcrumb\":{\"@id\":\"https:\\\/\\\/csdc-cecd.ca\\\/2025-decembre\\\/#breadcrumb\"},\"inLanguage\":\"en-US\",\"potentialAction\":[{\"@type\":\"ReadAction\",\"target\":[\"https:\\\/\\\/csdc-cecd.ca\\\/2025-decembre\\\/\"]}]},{\"@type\":\"BreadcrumbList\",\"@id\":\"https:\\\/\\\/csdc-cecd.ca\\\/2025-decembre\\\/#breadcrumb\",\"itemListElement\":[{\"@type\":\"ListItem\",\"position\":1,\"name\":\"Accueil\",\"item\":\"https:\\\/\\\/csdc-cecd.ca\\\/en\\\/\"},{\"@type\":\"ListItem\",\"position\":2,\"name\":\"December &#8211; 2025\"}]},{\"@type\":\"WebSite\",\"@id\":\"https:\\\/\\\/csdc-cecd.ca\\\/#website\",\"url\":\"https:\\\/\\\/csdc-cecd.ca\\\/\",\"name\":\"CECD - Centre pour l&#039;\u00e9tude de la citoyennet\u00e9 d\u00e9mocratique\",\"description\":\"\",\"potentialAction\":[{\"@type\":\"SearchAction\",\"target\":{\"@type\":\"EntryPoint\",\"urlTemplate\":\"https:\\\/\\\/csdc-cecd.ca\\\/?s={search_term_string}\"},\"query-input\":{\"@type\":\"PropertyValueSpecification\",\"valueRequired\":true,\"valueName\":\"search_term_string\"}}],\"inLanguage\":\"en-US\"}]}<\/script>\n<!-- \/ Yoast SEO plugin. -->","yoast_head_json":{"title":"December - 2025 - CECD - Centre pour l&#039;\u00e9tude de la citoyennet\u00e9 d\u00e9mocratique","robots":{"index":"index","follow":"follow","max-snippet":"max-snippet:-1","max-image-preview":"max-image-preview:large","max-video-preview":"max-video-preview:-1"},"canonical":"https:\/\/csdc-cecd.ca\/2025-decembre\/","og_locale":"en_US","og_type":"article","og_title":"December - 2025 - CECD - Centre pour l&#039;\u00e9tude de la citoyennet\u00e9 d\u00e9mocratique","og_description":"Berwick, E., \u00c9. B\u00e9langerMeasuring Identity in Substate Nations: Evidence from QuebecPublius: The Journal of Federalism Coulombe, S., M.F.de Lafontaine,\u00a0 J. Gagnon,\u00a0 T. Pacheco, CA. Gauthier\u00a0Associations between mental health and sociodemographic and work-related factors in Canadian SME workers: an observational studyBMC Public Health Fleury, C., N. C\u00f4t\u00e9,\u00a0S. Coulombe, \u00c9. Dionne, I. Feillou, S. Luchttps:\/\/www.erudit.org\/en\/journals\/rs\/2025-v66-n3-rs010435\/1121785ar\/Confiance organisationnelle du [&hellip;]","og_url":"https:\/\/csdc-cecd.ca\/2025-decembre\/","og_site_name":"CECD - Centre pour l&#039;\u00e9tude de la citoyennet\u00e9 d\u00e9mocratique","article_modified_time":"2026-02-06T16:11:24+00:00","twitter_card":"summary_large_image","twitter_misc":{"Est. reading time":"1 minute"},"schema":{"@context":"https:\/\/schema.org","@graph":[{"@type":"WebPage","@id":"https:\/\/csdc-cecd.ca\/2025-decembre\/","url":"https:\/\/csdc-cecd.ca\/2025-decembre\/","name":"December - 2025 - CECD - Centre pour l&#039;\u00e9tude de la citoyennet\u00e9 d\u00e9mocratique","isPartOf":{"@id":"https:\/\/csdc-cecd.ca\/#website"},"datePublished":"2025-12-12T14:49:29+00:00","dateModified":"2026-02-06T16:11:24+00:00","breadcrumb":{"@id":"https:\/\/csdc-cecd.ca\/2025-decembre\/#breadcrumb"},"inLanguage":"en-US","potentialAction":[{"@type":"ReadAction","target":["https:\/\/csdc-cecd.ca\/2025-decembre\/"]}]},{"@type":"BreadcrumbList","@id":"https:\/\/csdc-cecd.ca\/2025-decembre\/#breadcrumb","itemListElement":[{"@type":"ListItem","position":1,"name":"Accueil","item":"https:\/\/csdc-cecd.ca\/en\/"},{"@type":"ListItem","position":2,"name":"December &#8211; 2025"}]},{"@type":"WebSite","@id":"https:\/\/csdc-cecd.ca\/#website","url":"https:\/\/csdc-cecd.ca\/","name":"CECD - Centre pour l&#039;\u00e9tude de la citoyennet\u00e9 d\u00e9mocratique","description":"","potentialAction":[{"@type":"SearchAction","target":{"@type":"EntryPoint","urlTemplate":"https:\/\/csdc-cecd.ca\/?s={search_term_string}"},"query-input":{"@type":"PropertyValueSpecification","valueRequired":true,"valueName":"search_term_string"}}],"inLanguage":"en-US"}]}},"_links":{"self":[{"href":"https:\/\/csdc-cecd.ca\/en\/wp-json\/wp\/v2\/pages\/6609","targetHints":{"allow":["GET"]}}],"collection":[{"href":"https:\/\/csdc-cecd.ca\/en\/wp-json\/wp\/v2\/pages"}],"about":[{"href":"https:\/\/csdc-cecd.ca\/en\/wp-json\/wp\/v2\/types\/page"}],"author":[{"embeddable":true,"href":"https:\/\/csdc-cecd.ca\/en\/wp-json\/wp\/v2\/users\/1"}],"replies":[{"embeddable":true,"href":"https:\/\/csdc-cecd.ca\/en\/wp-json\/wp\/v2\/comments?post=6609"}],"version-history":[{"count":6,"href":"https:\/\/csdc-cecd.ca\/en\/wp-json\/wp\/v2\/pages\/6609\/revisions"}],"predecessor-version":[{"id":7123,"href":"https:\/\/csdc-cecd.ca\/en\/wp-json\/wp\/v2\/pages\/6609\/revisions\/7123"}],"wp:attachment":[{"href":"https:\/\/csdc-cecd.ca\/en\/wp-json\/wp\/v2\/media?parent=6609"}],"curies":[{"name":"wp","href":"https:\/\/api.w.org\/{rel}","templated":true}]}}