{"id":6734,"date":"2026-01-06T10:20:33","date_gmt":"2026-01-06T15:20:33","guid":{"rendered":"https:\/\/csdc-cecd.ca\/la-citoyennete-democratique-discours-engagement-et-action\/"},"modified":"2026-03-23T12:34:11","modified_gmt":"2026-03-23T16:34:11","slug":"la-citoyennete-democratique-discours-engagement-et-action","status":"publish","type":"page","link":"https:\/\/csdc-cecd.ca\/en\/la-citoyennete-democratique-discours-engagement-et-action\/","title":{"rendered":"La citoyennet\u00e9 d\u00e9mocratique\u00a0: discours, engagement et action"},"content":{"rendered":"\n[et_pb_section fb_built=&#8221;1&#8243; _builder_version=&#8221;4.27.5&#8243; _module_preset=&#8221;default&#8221; global_colors_info=&#8221;{}&#8221;][et_pb_row _builder_version=&#8221;4.27.5&#8243; _module_preset=&#8221;default&#8221; global_colors_info=&#8221;{}&#8221;][et_pb_column type=&#8221;4_4&#8243; _builder_version=&#8221;4.27.5&#8243; _module_preset=&#8221;default&#8221; global_colors_info=&#8221;{}&#8221;][et_pb_image src=&#8221;https:\/\/csdc-cecd.ca\/wp-content\/uploads\/2026\/01\/Affiches-workshop-2025-2026-2048-x-666-px-2.png&#8221; title_text=&#8221;Affiches workshop 2025-2026 (2048 x 666 px) (2)&#8221; _builder_version=&#8221;4.27.5&#8243; _module_preset=&#8221;default&#8221; global_colors_info=&#8221;{}&#8221;][\/et_pb_image][\/et_pb_column][\/et_pb_row][et_pb_row _builder_version=&#8221;4.27.5&#8243; _module_preset=&#8221;default&#8221; global_colors_info=&#8221;{}&#8221;][et_pb_column type=&#8221;4_4&#8243; _builder_version=&#8221;4.27.5&#8243; _module_preset=&#8221;default&#8221; global_colors_info=&#8221;{}&#8221;][et_pb_text _builder_version=&#8221;4.27.6&#8243; _module_preset=&#8221;default&#8221; hover_enabled=&#8221;0&#8243; global_colors_info=&#8221;{}&#8221; sticky_enabled=&#8221;0&#8243;]<p>Le <a href=\"https:\/\/www.fodem.ca\/\">FoDEM<\/a>, <a href=\"https:\/\/lacpop.uqam.ca\/\">le LACPOP<\/a> et le <a href=\"https:\/\/csdc-cecd.ca\/en\/\">C\u00c9CD<\/a> co-organise dans le cadre du congr\u00e8s de la Soci\u00e9t\u00e9 qu\u00e9b\u00e9coise de science politique,<\/p>\n<p><strong>La citoyennet\u00e9 d\u00e9mocratique\u00a0: discours, engagement et action<\/strong><\/p>\n<p>Quand : \u00a05 mai 2026 (9h &#8211; 15h30)<br \/>Ou : Universit\u00e9 de Montr\u00e9al (salle \u00e0 confirmer)<\/p>\n<p>La citoyennet\u00e9 d\u00e9mocratique constitue un concept riche et multidimensionnel qui d\u00e9passe largement la participation \u00e9lectorale. Elle englobe les apprentissages qui conduisent \u00e0 diverses formes de participation politique et les retomb\u00e9es institutionnelles de cet engagement. Elle couvre le d\u00e9veloppement de l\u2019identit\u00e9 citoyenne, de la coh\u00e9sion sociale et des comp\u00e9tences politiques, les lieux de d\u00e9bat et de d\u00e9lib\u00e9ration de la vie d\u00e9mocratique, les formes d\u2019action qui s\u2019expriment dans l\u2019espace public, ainsi que les instances de pouvoir qui structurent la vie en soci\u00e9t\u00e9. Comprendre la citoyennet\u00e9 d\u00e9mocratique implique donc d\u2019observer simultan\u00e9ment les comportements, les institutions et les dynamiques sociales qui fa\u00e7onnent l\u2019exp\u00e9rience citoyenne au quotidien.<\/p>\n<p>Cet atelier se donne pour objectif de rassembler des recherches empiriques innovantes qui mobilisent les outils et les perspectives des sciences sociales \u2014 science politique, communication, sociologie, psychologie, entre autres \u2014 afin de proposer un portrait approfondi et nuanc\u00e9 de la citoyennet\u00e9 d\u00e9mocratique aujourd\u2019hui, que ce soit dans le contexte qu\u00e9b\u00e9cois ou dans une perspective compar\u00e9e. L\u2019accent sera mis sur des contributions qui s\u2019appuient sur des donn\u00e9es originales et qui d\u00e9ploient des m\u00e9thodologies rigoureuses, qu\u2019elles soient quantitatives ou qualitatives.<\/p>\n<p>Les th\u00e9matiques abord\u00e9es peuvent \u00eatre vari\u00e9es : elles incluent par exemple l\u2019\u00e9tude des comportements \u00e9lectoraux, les m\u00e9canismes de la communication politique, l\u2019analyse des institutions d\u00e9mocratiques, ou encore l\u2019exploration des dimensions sociales et psychologiques qui orientent les attitudes citoyennes. Les travaux portant sur les formes d\u2019engagement, la mobilisation collective ou les tensions entre confiance et m\u00e9fiance dans les institutions sont \u00e9galement bienvenus.<\/p>\n<p>Le fil conducteur de l\u2019atelier demeure l\u2019analyse des activit\u00e9s politiques dans un cadre d\u00e9mocratique, avec une attention particuli\u00e8re port\u00e9e aux institutions qui en assurent le fonctionnement et la l\u00e9gitimit\u00e9. L\u2019objectif est ainsi de stimuler le dialogue entre chercheurs et chercheuses de diff\u00e9rentes disciplines autour des transformations contemporaines de la citoyennet\u00e9, tout en valorisant la diversit\u00e9 des approches empiriques.<\/p>[\/et_pb_text][\/et_pb_column][\/et_pb_row][et_pb_row _builder_version=&#8221;4.27.6&#8243; _module_preset=&#8221;default&#8221; column_structure=&#8221;1_3,1_3,1_3&#8243;][et_pb_column _builder_version=&#8221;4.27.6&#8243; _module_preset=&#8221;default&#8221; type=&#8221;1_3&#8243;][et_pb_text _builder_version=&#8221;4.27.6&#8243; _module_preset=&#8221;default&#8221; hover_enabled=&#8221;0&#8243; sticky_enabled=&#8221;0&#8243;]<p><b>A 1.1<\/b><b><span>\u00a0<\/span>:<span>\u00a0<\/span><\/b><b>Populisme et polarisation<br \/><\/b>9h \u2013 10h30<\/p>\n<p>Pr\u00e9sident :\u00a0Andr\u00e9 Blais\u00a0(Universit\u00e9 de Montr\u00e9al)<\/p>\n<p>Commentateur :\u00a0Marc Andr\u00e9 Bodet\u00a0(Universit\u00e9 Laval)<\/p>\n<ul>\n<li>Morgane Beaumier\u00a0(Universit\u00e9 du Qu\u00e9bec \u00e0 Trois-Rivi\u00e8res),\u00a0<i>Le peuple contre qui ? La place des \u00e9lites et des groupes sociaux dans le discours populiste.<\/i><\/li>\n<li>Semih Cakir, (Universit\u00e9 d\u2019Ottawa) et\u00a0Markus Wagner\u00a0(Universit\u00e9 de Vienne),\u00a0<i>R\u00e9duire exp\u00e9rimentalement l\u2019hostilit\u00e9 envers les partis adverses : qui est affect\u00e9, et comment ?<\/i><\/li>\n<li>Sarah-Jane Vincent\u00a0(Stony Brook),\u00a0<i>Dans le rang: quand les normes sociales colorent nos croyances.<\/i><\/li>\n<li>Valentin Pautonnier\u00a0(Universit\u00e9 de Montr\u00e9al),\u00a0<i>Quand le rural compte : identit\u00e9, ressentiment et le clivage \u00e9lectoral au Canada<\/i><\/li>\n<\/ul>[\/et_pb_text][\/et_pb_column][et_pb_column _builder_version=&#8221;4.27.6&#8243; _module_preset=&#8221;default&#8221; type=&#8221;1_3&#8243;][et_pb_text _builder_version=&#8221;4.27.6&#8243; _module_preset=&#8221;default&#8221; hover_enabled=&#8221;0&#8243; sticky_enabled=&#8221;0&#8243;]<p><strong>A 1.2 :\u00a0La repr\u00e9sentation politique<br \/><\/strong>10h45 \u2013 12h15<\/p>\n<p>Pr\u00e9sident\u00a0:\u00a0Maxime Coulombe\u00a0(Universit\u00e9 Concordia)<\/p>\n<p>Commentateurs :\u00a0Allison Harell\u00a0(Universit\u00e9 du Qu\u00e9bec \u00e0 Montr\u00e9al) et\u00a0Fr\u00e9d\u00e9rick Bastien\u00a0(Universit\u00e9 de Montr\u00e9al)<\/p>\n<ul>\n<li>Benjamin Ferland\u00a0(Universit\u00e9 d\u2019Ottawa) et\u00a0Eric Merkley\u00a0(University of Toronto),<i>\u00a0La polarisation des \u00e9lites au Canada et ses cons\u00e9quences.<\/i><\/li>\n<li>Laurianne Martin\u00a0(Universit\u00e9 Laval),\u00a0<i>La repr\u00e9sentation r\u00e9gionale dans un parlement unicam\u00e9ral : le cas du Qu\u00e9bec<\/i>.<\/li>\n<li>Matthew Taylor\u00a0(Universit\u00e9 de Montr\u00e9al).\u00a0<i>Le prix du pouvoir ? Les gouvernements f\u00e9d\u00e9raux et les r\u00e9sultats \u00e9lectoraux des partis provinciaux depuis 2000.<\/i><\/li>\n<li>Tania Gosselin\u00a0(UQAM),\u00a0<i>Comp\u00e9tence, agence, sociabilit\u00e9 ou moralit\u00e9 ? La personnalisation n\u00e9gative des leaders de partis politiques.<\/i><\/li>\n<li>Alexandre Rivard\u00a0(Universit\u00e9 Athabasca),\u00a0<i>Capital immobilier : le logement comme investissement et protection d\u2019investissement chez les Canadiens.<\/i><\/li>\n<\/ul>[\/et_pb_text][\/et_pb_column][et_pb_column _builder_version=&#8221;4.27.6&#8243; _module_preset=&#8221;default&#8221; type=&#8221;1_3&#8243;][et_pb_text _builder_version=&#8221;4.27.6&#8243; _module_preset=&#8221;default&#8221; hover_enabled=&#8221;0&#8243; sticky_enabled=&#8221;0&#8243;]<p><b>A 1.3 :\u00a0<span>\u00a0<\/span><\/b><b>Identit\u00e9, culture et cons\u00e9quences politiques<br \/><\/b>14h \u2013 15h30<\/p>\n<p>Pr\u00e9sidente :\u00a0Val\u00e9rie-Anne Mah\u00e9o\u00a0(Universit\u00e9 Laval)<\/p>\n<p>Commentatrice :\u00a0Evelyne Brie\u00a0(Universit\u00e9 de Montr\u00e9al)<\/p>\n<ul>\n<li>Baowen Liang\u00a0(Universit\u00e9 du Qu\u00e9bec \u00e0 Montr\u00e9al),\u00a0<i>Individualisme, collectivisme et redistribution inclusive envers les immigrants.<\/i><\/li>\n<li>Evens Mensah\u00a0(UQAM),\u00a0<i>Afrodescendants en France: Entre m\u00e9moire contest\u00e9e et qu\u00eate d\u2019appartenance<\/i>.<\/li>\n<li>William Beaudry\u00a0(Universit\u00e9 Laval),\u00a0<i>La participation politique des personnes autochtones au Canada : d\u00e9passer le vote pour comprendre la diversit\u00e9 des moyens de participation et d\u2019actions politiques.<\/i><\/li>\n<li>Anne Imouza\u00a0(McGill),\u00a0<i>La perception de l\u2019intelligence artificielle au Canada: une approche intersectionnelle<\/i><\/li>\n<\/ul>[\/et_pb_text][\/et_pb_column][\/et_pb_row][et_pb_row column_structure=&#8221;1_3,1_3,1_3&#8243; _builder_version=&#8221;4.27.5&#8243; _module_preset=&#8221;default&#8221; global_colors_info=&#8221;{}&#8221;][et_pb_column type=&#8221;1_3&#8243; _builder_version=&#8221;4.27.5&#8243; _module_preset=&#8221;default&#8221; global_colors_info=&#8221;{}&#8221;][et_pb_image src=&#8221;https:\/\/csdc-cecd.ca\/wp-content\/uploads\/2026\/01\/3-2.png&#8221; title_text=&#8221;3&#8243; _builder_version=&#8221;4.27.5&#8243; _module_preset=&#8221;default&#8221; global_colors_info=&#8221;{}&#8221;][\/et_pb_image][\/et_pb_column][et_pb_column type=&#8221;1_3&#8243; _builder_version=&#8221;4.27.5&#8243; _module_preset=&#8221;default&#8221; global_colors_info=&#8221;{}&#8221;][et_pb_image src=&#8221;https:\/\/csdc-cecd.ca\/wp-content\/uploads\/2026\/01\/4.png&#8221; title_text=&#8221;4&#8243; _builder_version=&#8221;4.27.5&#8243; _module_preset=&#8221;default&#8221; global_colors_info=&#8221;{}&#8221;][\/et_pb_image][\/et_pb_column][et_pb_column type=&#8221;1_3&#8243; _builder_version=&#8221;4.27.5&#8243; _module_preset=&#8221;default&#8221; global_colors_info=&#8221;{}&#8221;][et_pb_image src=&#8221;https:\/\/csdc-cecd.ca\/wp-content\/uploads\/2026\/01\/2-2.png&#8221; title_text=&#8221;2&#8243; _builder_version=&#8221;4.27.5&#8243; _module_preset=&#8221;default&#8221; global_colors_info=&#8221;{}&#8221;][\/et_pb_image][\/et_pb_column][\/et_pb_row][\/et_pb_section]\n","protected":false},"excerpt":{"rendered":"<p>Le FoDEM, le LACPOP et le C\u00c9CD co-organise dans le cadre du congr\u00e8s de la Soci\u00e9t\u00e9 qu\u00e9b\u00e9coise de science politique, La citoyennet\u00e9 d\u00e9mocratique\u00a0: discours, engagement et action Quand : \u00a05 mai 2026 (9h &#8211; 15h30)Ou : Universit\u00e9 de Montr\u00e9al (salle \u00e0 confirmer) La citoyennet\u00e9 d\u00e9mocratique constitue un concept riche et multidimensionnel qui d\u00e9passe largement la [&hellip;]<\/p>\n","protected":false},"author":1,"featured_media":0,"parent":0,"menu_order":0,"comment_status":"closed","ping_status":"closed","template":"","meta":{"_et_pb_use_builder":"on","_et_pb_old_content":"","_et_gb_content_width":"","footnotes":""},"class_list":["post-6734","page","type-page","status-publish","hentry"],"yoast_head":"<!-- This site is optimized with the Yoast SEO plugin v27.4 - https:\/\/yoast.com\/product\/yoast-seo-wordpress\/ -->\n<title>La citoyennet\u00e9 d\u00e9mocratique\u00a0: discours, engagement et action - CECD - Centre pour l&#039;\u00e9tude de la citoyennet\u00e9 d\u00e9mocratique<\/title>\n<meta name=\"robots\" content=\"index, follow, max-snippet:-1, max-image-preview:large, max-video-preview:-1\" \/>\n<link rel=\"canonical\" href=\"https:\/\/csdc-cecd.ca\/en\/la-citoyennete-democratique-discours-engagement-et-action\/\" \/>\n<meta property=\"og:locale\" content=\"en_US\" \/>\n<meta property=\"og:type\" content=\"article\" \/>\n<meta property=\"og:title\" content=\"La citoyennet\u00e9 d\u00e9mocratique\u00a0: discours, engagement et action - CECD - Centre pour l&#039;\u00e9tude de la citoyennet\u00e9 d\u00e9mocratique\" \/>\n<meta property=\"og:description\" content=\"Le FoDEM, le LACPOP et le C\u00c9CD co-organise dans le cadre du congr\u00e8s de la Soci\u00e9t\u00e9 qu\u00e9b\u00e9coise de science politique, La citoyennet\u00e9 d\u00e9mocratique\u00a0: discours, engagement et action Quand : \u00a05 mai 2026 (9h - 15h30)Ou : Universit\u00e9 de Montr\u00e9al (salle \u00e0 confirmer) La citoyennet\u00e9 d\u00e9mocratique constitue un concept riche et multidimensionnel qui d\u00e9passe largement la [&hellip;]\" \/>\n<meta property=\"og:url\" content=\"https:\/\/csdc-cecd.ca\/en\/la-citoyennete-democratique-discours-engagement-et-action\/\" \/>\n<meta property=\"og:site_name\" content=\"CECD - Centre pour l&#039;\u00e9tude de la citoyennet\u00e9 d\u00e9mocratique\" \/>\n<meta property=\"article:modified_time\" content=\"2026-03-23T16:34:11+00:00\" \/>\n<meta name=\"twitter:card\" content=\"summary_large_image\" \/>\n<meta name=\"twitter:label1\" content=\"Est. reading time\" \/>\n\t<meta name=\"twitter:data1\" content=\"5 minutes\" \/>\n<script type=\"application\/ld+json\" class=\"yoast-schema-graph\">{\"@context\":\"https:\\\/\\\/schema.org\",\"@graph\":[{\"@type\":\"WebPage\",\"@id\":\"https:\\\/\\\/csdc-cecd.ca\\\/en\\\/la-citoyennete-democratique-discours-engagement-et-action\\\/\",\"url\":\"https:\\\/\\\/csdc-cecd.ca\\\/en\\\/la-citoyennete-democratique-discours-engagement-et-action\\\/\",\"name\":\"La citoyennet\u00e9 d\u00e9mocratique\u00a0: discours, engagement et action - CECD - Centre pour l&#039;\u00e9tude de la citoyennet\u00e9 d\u00e9mocratique\",\"isPartOf\":{\"@id\":\"https:\\\/\\\/csdc-cecd.ca\\\/#website\"},\"datePublished\":\"2026-01-06T15:20:33+00:00\",\"dateModified\":\"2026-03-23T16:34:11+00:00\",\"breadcrumb\":{\"@id\":\"https:\\\/\\\/csdc-cecd.ca\\\/en\\\/la-citoyennete-democratique-discours-engagement-et-action\\\/#breadcrumb\"},\"inLanguage\":\"en-US\",\"potentialAction\":[{\"@type\":\"ReadAction\",\"target\":[\"https:\\\/\\\/csdc-cecd.ca\\\/en\\\/la-citoyennete-democratique-discours-engagement-et-action\\\/\"]}]},{\"@type\":\"BreadcrumbList\",\"@id\":\"https:\\\/\\\/csdc-cecd.ca\\\/en\\\/la-citoyennete-democratique-discours-engagement-et-action\\\/#breadcrumb\",\"itemListElement\":[{\"@type\":\"ListItem\",\"position\":1,\"name\":\"Accueil\",\"item\":\"https:\\\/\\\/csdc-cecd.ca\\\/en\\\/\"},{\"@type\":\"ListItem\",\"position\":2,\"name\":\"La citoyennet\u00e9 d\u00e9mocratique\u00a0: discours, engagement et action\"}]},{\"@type\":\"WebSite\",\"@id\":\"https:\\\/\\\/csdc-cecd.ca\\\/#website\",\"url\":\"https:\\\/\\\/csdc-cecd.ca\\\/\",\"name\":\"CECD - Centre pour l&#039;\u00e9tude de la citoyennet\u00e9 d\u00e9mocratique\",\"description\":\"\",\"potentialAction\":[{\"@type\":\"SearchAction\",\"target\":{\"@type\":\"EntryPoint\",\"urlTemplate\":\"https:\\\/\\\/csdc-cecd.ca\\\/?s={search_term_string}\"},\"query-input\":{\"@type\":\"PropertyValueSpecification\",\"valueRequired\":true,\"valueName\":\"search_term_string\"}}],\"inLanguage\":\"en-US\"}]}<\/script>\n<!-- \/ Yoast SEO plugin. -->","yoast_head_json":{"title":"La citoyennet\u00e9 d\u00e9mocratique\u00a0: discours, engagement et action - CECD - Centre pour l&#039;\u00e9tude de la citoyennet\u00e9 d\u00e9mocratique","robots":{"index":"index","follow":"follow","max-snippet":"max-snippet:-1","max-image-preview":"max-image-preview:large","max-video-preview":"max-video-preview:-1"},"canonical":"https:\/\/csdc-cecd.ca\/en\/la-citoyennete-democratique-discours-engagement-et-action\/","og_locale":"en_US","og_type":"article","og_title":"La citoyennet\u00e9 d\u00e9mocratique\u00a0: discours, engagement et action - CECD - Centre pour l&#039;\u00e9tude de la citoyennet\u00e9 d\u00e9mocratique","og_description":"Le FoDEM, le LACPOP et le C\u00c9CD co-organise dans le cadre du congr\u00e8s de la Soci\u00e9t\u00e9 qu\u00e9b\u00e9coise de science politique, La citoyennet\u00e9 d\u00e9mocratique\u00a0: discours, engagement et action Quand : \u00a05 mai 2026 (9h - 15h30)Ou : Universit\u00e9 de Montr\u00e9al (salle \u00e0 confirmer) La citoyennet\u00e9 d\u00e9mocratique constitue un concept riche et multidimensionnel qui d\u00e9passe largement la [&hellip;]","og_url":"https:\/\/csdc-cecd.ca\/en\/la-citoyennete-democratique-discours-engagement-et-action\/","og_site_name":"CECD - Centre pour l&#039;\u00e9tude de la citoyennet\u00e9 d\u00e9mocratique","article_modified_time":"2026-03-23T16:34:11+00:00","twitter_card":"summary_large_image","twitter_misc":{"Est. reading time":"5 minutes"},"schema":{"@context":"https:\/\/schema.org","@graph":[{"@type":"WebPage","@id":"https:\/\/csdc-cecd.ca\/en\/la-citoyennete-democratique-discours-engagement-et-action\/","url":"https:\/\/csdc-cecd.ca\/en\/la-citoyennete-democratique-discours-engagement-et-action\/","name":"La citoyennet\u00e9 d\u00e9mocratique\u00a0: discours, engagement et action - CECD - Centre pour l&#039;\u00e9tude de la citoyennet\u00e9 d\u00e9mocratique","isPartOf":{"@id":"https:\/\/csdc-cecd.ca\/#website"},"datePublished":"2026-01-06T15:20:33+00:00","dateModified":"2026-03-23T16:34:11+00:00","breadcrumb":{"@id":"https:\/\/csdc-cecd.ca\/en\/la-citoyennete-democratique-discours-engagement-et-action\/#breadcrumb"},"inLanguage":"en-US","potentialAction":[{"@type":"ReadAction","target":["https:\/\/csdc-cecd.ca\/en\/la-citoyennete-democratique-discours-engagement-et-action\/"]}]},{"@type":"BreadcrumbList","@id":"https:\/\/csdc-cecd.ca\/en\/la-citoyennete-democratique-discours-engagement-et-action\/#breadcrumb","itemListElement":[{"@type":"ListItem","position":1,"name":"Accueil","item":"https:\/\/csdc-cecd.ca\/en\/"},{"@type":"ListItem","position":2,"name":"La citoyennet\u00e9 d\u00e9mocratique\u00a0: discours, engagement et action"}]},{"@type":"WebSite","@id":"https:\/\/csdc-cecd.ca\/#website","url":"https:\/\/csdc-cecd.ca\/","name":"CECD - Centre pour l&#039;\u00e9tude de la citoyennet\u00e9 d\u00e9mocratique","description":"","potentialAction":[{"@type":"SearchAction","target":{"@type":"EntryPoint","urlTemplate":"https:\/\/csdc-cecd.ca\/?s={search_term_string}"},"query-input":{"@type":"PropertyValueSpecification","valueRequired":true,"valueName":"search_term_string"}}],"inLanguage":"en-US"}]}},"_links":{"self":[{"href":"https:\/\/csdc-cecd.ca\/en\/wp-json\/wp\/v2\/pages\/6734","targetHints":{"allow":["GET"]}}],"collection":[{"href":"https:\/\/csdc-cecd.ca\/en\/wp-json\/wp\/v2\/pages"}],"about":[{"href":"https:\/\/csdc-cecd.ca\/en\/wp-json\/wp\/v2\/types\/page"}],"author":[{"embeddable":true,"href":"https:\/\/csdc-cecd.ca\/en\/wp-json\/wp\/v2\/users\/1"}],"replies":[{"embeddable":true,"href":"https:\/\/csdc-cecd.ca\/en\/wp-json\/wp\/v2\/comments?post=6734"}],"version-history":[{"count":5,"href":"https:\/\/csdc-cecd.ca\/en\/wp-json\/wp\/v2\/pages\/6734\/revisions"}],"predecessor-version":[{"id":7509,"href":"https:\/\/csdc-cecd.ca\/en\/wp-json\/wp\/v2\/pages\/6734\/revisions\/7509"}],"wp:attachment":[{"href":"https:\/\/csdc-cecd.ca\/en\/wp-json\/wp\/v2\/media?parent=6734"}],"curies":[{"name":"wp","href":"https:\/\/api.w.org\/{rel}","templated":true}]}}