{"id":6774,"date":"2026-01-08T10:25:20","date_gmt":"2026-01-08T15:25:20","guid":{"rendered":"https:\/\/csdc-cecd.ca\/atelier-de-formation-virtuel\/"},"modified":"2026-01-09T09:58:11","modified_gmt":"2026-01-09T14:58:11","slug":"atelier-de-formation-virtuel","status":"publish","type":"page","link":"https:\/\/csdc-cecd.ca\/en\/atelier-de-formation-virtuel\/","title":{"rendered":"Atelier\u00a0de formation\u00a0virtuel"},"content":{"rendered":"<p>[et_pb_section fb_built=&#8221;1&#8243; _builder_version=&#8221;4.27.5&#8243; _module_preset=&#8221;default&#8221; global_colors_info=&#8221;{}&#8221;][et_pb_row _builder_version=&#8221;4.27.5&#8243; _module_preset=&#8221;default&#8221; global_colors_info=&#8221;{}&#8221;][et_pb_column type=&#8221;4_4&#8243; _builder_version=&#8221;4.27.5&#8243; _module_preset=&#8221;default&#8221; global_colors_info=&#8221;{}&#8221;][et_pb_image src=&#8221;https:\/\/csdc-cecd.ca\/wp-content\/uploads\/2026\/01\/Attirez-les-regards-engagez-les-esprits-La-communication-scientifique-par-affiche.png&#8221; _builder_version=&#8221;4.27.5&#8243; _module_preset=&#8221;default&#8221; title_text=&#8221;Attirez les regards, engagez les esprits La communication scientifique par affiche&#8221; hover_enabled=&#8221;0&#8243; sticky_enabled=&#8221;0&#8243;][\/et_pb_image][\/et_pb_column][\/et_pb_row][et_pb_row _builder_version=&#8221;4.27.5&#8243; _module_preset=&#8221;default&#8221; global_colors_info=&#8221;{}&#8221;][et_pb_column type=&#8221;4_4&#8243; _builder_version=&#8221;4.27.5&#8243; _module_preset=&#8221;default&#8221; global_colors_info=&#8221;{}&#8221;][et_pb_text _builder_version=&#8221;4.27.5&#8243; _module_preset=&#8221;default&#8221;]<\/p>\n<p>RAIV (Applied, interdisciplinary research on intimate, family, and structural violence) organizes<\/p>\n<p style=\"font-weight: 400;\"><strong>Virtual workshop : <em>Attirez les regards, engagez les esprits\u00a0<\/em>:\u00a0La communication scientifique par affiche<\/strong><\/p>\n<p style=\"font-weight: 400;\">\u00a0When: Thursday, January 29, 2026 | 1 &#8211; 3 p.m.<br \/>Where: ZOOM<\/p>\n<p style=\"font-weight: 400;\"><strong>Registration form <a href=\"https:\/\/can01.safelinks.protection.outlook.com\/?url=https%3A%2F%2Fforms.office.com%2FPages%2FResponsePage.aspx%3Fid%3D1Yt3Vj9q00uiZZMWPk1b_nmqAwr6qs9Dp8XXzPN3_45UOFNDQkE1RVlTQ0FETU1HNzVaU1VMWlNUMS4u&amp;data=05%7C02%7Ccecd-csdc%40umontreal.ca%7C668629a39a2a4df7b3de08de4ec583e7%7Cd27eefec2a474be7981e0f8977fa31d8%7C1%7C0%7C639034807484023714%7CUnknown%7CTWFpbGZsb3d8eyJFbXB0eU1hcGkiOnRydWUsIlYiOiIwLjAuMDAwMCIsIlAiOiJXaW4zMiIsIkFOIjoiTWFpbCIsIldUIjoyfQ%3D%3D%7C0%7C%7C%7C&amp;sdata=12WauBngNrm85Of8Hnx6LoVD867lLM3LBZoEyf%2FjlM0%3D&amp;reserved=0\">click here<\/a>.<br \/>Free for all student members of partner strategic groups<\/strong><\/p>\n<p style=\"font-weight: 400;\"><strong>Pourquoi participer ?<\/strong><br \/>L\u2019affiche\u00a0scientifique c\u2019est votre vitrine pour capter l\u2019attention, susciter l\u2019int\u00e9r\u00eat et faire rayonner vos travaux lors des conf\u00e9rences. Contrairement aux pr\u00e9sentations orales limit\u00e9es par le temps, l\u2019affiche reste visible, invite \u00e0 la discussion et cr\u00e9e des opportunit\u00e9s uniques pour interagir avec votre public.<\/p>\n<p style=\"font-weight: 400;\"><strong>Objectif :<\/strong>\u00a0\u00c0 la fin de l\u2019atelier, vous aurez toutes les cl\u00e9s pour transformer vos r\u00e9sultats en une affiche qui attire les regards et engage la conversation.<\/p>\n<p style=\"font-weight: 400;\"><strong>Ce que vous apprendrez :<\/strong><\/p>\n<ul style=\"font-weight: 400;\">\n<li>Les\u00a0<strong>bonnes pratiques<\/strong>\u00a0pour concevoir un poster clair, attrayant et percutant.<\/li>\n<\/ul>\n<ul style=\"font-weight: 400;\">\n<li>Comment\u00a0<strong>structurer vos id\u00e9es<\/strong>\u00a0et mettre en valeur les points cl\u00e9s sans surcharge.<\/li>\n<\/ul>\n<ul style=\"font-weight: 400;\">\n<li>Les\u00a0<strong>erreurs fr\u00e9quentes \u00e0 \u00e9viter<\/strong>\u00a0et les astuces pour se d\u00e9marquer.<\/li>\n<\/ul>\n<ul style=\"font-weight: 400;\">\n<li>Des\u00a0<strong>outils de conception<\/strong>\u00a0et des\u00a0<strong>ressources pratiques<\/strong>\u00a0pour aller plus loin.<\/li>\n<\/ul>\n<p style=\"font-weight: 400;\"><strong>Votre formatrice : Catherine\u00a0Chriscelia\u00a0Jean-Baptiste<\/strong><br \/>N\u00e9e\u00a0\u00e0 Montr\u00e9al, Catherine\u00a0habite aujourd\u2019hui la ville de Qu\u00e9bec. En 2014, elle obtient un baccalaur\u00e9at en enseignement de l\u2019anglais langue seconde \u00e0 l\u2019Universit\u00e9 de Sherbrooke. Elle d\u00e9m\u00e9nage ensuite \u00e0 L\u00e9vis pour y faire carri\u00e8re comme enseignante et \u00e9tudier au programme d\u2019arts visuels au C\u00e9gep Sainte-Foy. En 2020, elle retourne aux \u00e9tudes \u00e0 l\u2019Universit\u00e9 Laval et y compl\u00e8te un baccalaur\u00e9at en design graphique. Aujourd\u2019hui \u00e9tudiante au 2e\u00a0cycle, elle r\u00e9dige pr\u00e9sentement un m\u00e9moire de maitrise sur le rapport \u00e0 l\u2019espace du commissariat d\u2019exposition de design graphique.<\/p>\n<p style=\"font-weight: 400;\">Parfois animatrice d\u2019ateliers et conf\u00e9renci\u00e8re, elle s\u2019est impliqu\u00e9e dans plusieurs initiatives sociales comme le Mois de l\u2019Histoire des Noir\u00b7es ou les expositions Inclusion : Au travail ! (2021) et Ouvrir la voix (2023). Aujourd\u2019hui repr\u00e9sentante des \u00e9tudiant\u00b7es pour l\u2019Asso23 (Association des \u00e9tudiant\u00b7es de 2e et 3e cycle en design de l\u2019Universit\u00e9 Laval), elle si\u00e8ge \u00e9galement sur le conseil d\u2019administration du RAAV (Regroupement des artistes en arts visuels).<\/p>\n<p>[\/et_pb_text][\/et_pb_column][\/et_pb_row][\/et_pb_section]<\/p>\n","protected":false},"excerpt":{"rendered":"<p>RAIV (Applied, interdisciplinary research on intimate, family, and structural violence) organizes Virtual workshop : Attirez les regards, engagez les esprits\u00a0:\u00a0La communication scientifique par affiche \u00a0When: Thursday, January 29, 2026 | 1 &#8211; 3 p.m.Where: ZOOM Registration form click here.Free for all student members of partner strategic groups Pourquoi participer ?L\u2019affiche\u00a0scientifique c\u2019est votre vitrine pour capter [&hellip;]<\/p>\n","protected":false},"author":1,"featured_media":0,"parent":0,"menu_order":0,"comment_status":"closed","ping_status":"closed","template":"","meta":{"_et_pb_use_builder":"on","_et_pb_old_content":"","_et_gb_content_width":"","footnotes":""},"class_list":["post-6774","page","type-page","status-publish","hentry"],"yoast_head":"<!-- This site is optimized with the Yoast SEO plugin v27.4 - https:\/\/yoast.com\/product\/yoast-seo-wordpress\/ -->\n<title>Atelier\u00a0de formation\u00a0virtuel - CECD - Centre pour l&#039;\u00e9tude de la citoyennet\u00e9 d\u00e9mocratique<\/title>\n<meta name=\"robots\" content=\"index, follow, max-snippet:-1, max-image-preview:large, max-video-preview:-1\" \/>\n<link rel=\"canonical\" href=\"https:\/\/csdc-cecd.ca\/atelier-de-formation-virtuel\/\" \/>\n<meta property=\"og:locale\" content=\"en_US\" \/>\n<meta property=\"og:type\" content=\"article\" \/>\n<meta property=\"og:title\" content=\"Atelier\u00a0de formation\u00a0virtuel - CECD - Centre pour l&#039;\u00e9tude de la citoyennet\u00e9 d\u00e9mocratique\" \/>\n<meta property=\"og:description\" content=\"RAIV (Applied, interdisciplinary research on intimate, family, and structural violence) organizes Virtual workshop : Attirez les regards, engagez les esprits\u00a0:\u00a0La communication scientifique par affiche \u00a0When: Thursday, January 29, 2026 | 1 - 3 p.m.Where: ZOOM Registration form click here.Free for all student members of partner strategic groups Pourquoi participer ?L\u2019affiche\u00a0scientifique c\u2019est votre vitrine pour capter [&hellip;]\" \/>\n<meta property=\"og:url\" content=\"https:\/\/csdc-cecd.ca\/atelier-de-formation-virtuel\/\" \/>\n<meta property=\"og:site_name\" content=\"CECD - Centre pour l&#039;\u00e9tude de la citoyennet\u00e9 d\u00e9mocratique\" \/>\n<meta property=\"article:modified_time\" content=\"2026-01-09T14:58:11+00:00\" \/>\n<meta name=\"twitter:card\" content=\"summary_large_image\" \/>\n<meta name=\"twitter:label1\" content=\"Est. reading time\" \/>\n\t<meta name=\"twitter:data1\" content=\"3 minutes\" \/>\n<script type=\"application\/ld+json\" class=\"yoast-schema-graph\">{\"@context\":\"https:\\\/\\\/schema.org\",\"@graph\":[{\"@type\":\"WebPage\",\"@id\":\"https:\\\/\\\/csdc-cecd.ca\\\/atelier-de-formation-virtuel\\\/\",\"url\":\"https:\\\/\\\/csdc-cecd.ca\\\/atelier-de-formation-virtuel\\\/\",\"name\":\"Atelier\u00a0de formation\u00a0virtuel - CECD - Centre pour l&#039;\u00e9tude de la citoyennet\u00e9 d\u00e9mocratique\",\"isPartOf\":{\"@id\":\"https:\\\/\\\/csdc-cecd.ca\\\/#website\"},\"datePublished\":\"2026-01-08T15:25:20+00:00\",\"dateModified\":\"2026-01-09T14:58:11+00:00\",\"breadcrumb\":{\"@id\":\"https:\\\/\\\/csdc-cecd.ca\\\/atelier-de-formation-virtuel\\\/#breadcrumb\"},\"inLanguage\":\"en-US\",\"potentialAction\":[{\"@type\":\"ReadAction\",\"target\":[\"https:\\\/\\\/csdc-cecd.ca\\\/atelier-de-formation-virtuel\\\/\"]}]},{\"@type\":\"BreadcrumbList\",\"@id\":\"https:\\\/\\\/csdc-cecd.ca\\\/atelier-de-formation-virtuel\\\/#breadcrumb\",\"itemListElement\":[{\"@type\":\"ListItem\",\"position\":1,\"name\":\"Accueil\",\"item\":\"https:\\\/\\\/csdc-cecd.ca\\\/en\\\/\"},{\"@type\":\"ListItem\",\"position\":2,\"name\":\"Atelier\u00a0de formation\u00a0virtuel\"}]},{\"@type\":\"WebSite\",\"@id\":\"https:\\\/\\\/csdc-cecd.ca\\\/#website\",\"url\":\"https:\\\/\\\/csdc-cecd.ca\\\/\",\"name\":\"CECD - Centre pour l&#039;\u00e9tude de la citoyennet\u00e9 d\u00e9mocratique\",\"description\":\"\",\"potentialAction\":[{\"@type\":\"SearchAction\",\"target\":{\"@type\":\"EntryPoint\",\"urlTemplate\":\"https:\\\/\\\/csdc-cecd.ca\\\/?s={search_term_string}\"},\"query-input\":{\"@type\":\"PropertyValueSpecification\",\"valueRequired\":true,\"valueName\":\"search_term_string\"}}],\"inLanguage\":\"en-US\"}]}<\/script>\n<!-- \/ Yoast SEO plugin. -->","yoast_head_json":{"title":"Atelier\u00a0de formation\u00a0virtuel - CECD - Centre pour l&#039;\u00e9tude de la citoyennet\u00e9 d\u00e9mocratique","robots":{"index":"index","follow":"follow","max-snippet":"max-snippet:-1","max-image-preview":"max-image-preview:large","max-video-preview":"max-video-preview:-1"},"canonical":"https:\/\/csdc-cecd.ca\/atelier-de-formation-virtuel\/","og_locale":"en_US","og_type":"article","og_title":"Atelier\u00a0de formation\u00a0virtuel - CECD - Centre pour l&#039;\u00e9tude de la citoyennet\u00e9 d\u00e9mocratique","og_description":"RAIV (Applied, interdisciplinary research on intimate, family, and structural violence) organizes Virtual workshop : Attirez les regards, engagez les esprits\u00a0:\u00a0La communication scientifique par affiche \u00a0When: Thursday, January 29, 2026 | 1 - 3 p.m.Where: ZOOM Registration form click here.Free for all student members of partner strategic groups Pourquoi participer ?L\u2019affiche\u00a0scientifique c\u2019est votre vitrine pour capter [&hellip;]","og_url":"https:\/\/csdc-cecd.ca\/atelier-de-formation-virtuel\/","og_site_name":"CECD - Centre pour l&#039;\u00e9tude de la citoyennet\u00e9 d\u00e9mocratique","article_modified_time":"2026-01-09T14:58:11+00:00","twitter_card":"summary_large_image","twitter_misc":{"Est. reading time":"3 minutes"},"schema":{"@context":"https:\/\/schema.org","@graph":[{"@type":"WebPage","@id":"https:\/\/csdc-cecd.ca\/atelier-de-formation-virtuel\/","url":"https:\/\/csdc-cecd.ca\/atelier-de-formation-virtuel\/","name":"Atelier\u00a0de formation\u00a0virtuel - CECD - Centre pour l&#039;\u00e9tude de la citoyennet\u00e9 d\u00e9mocratique","isPartOf":{"@id":"https:\/\/csdc-cecd.ca\/#website"},"datePublished":"2026-01-08T15:25:20+00:00","dateModified":"2026-01-09T14:58:11+00:00","breadcrumb":{"@id":"https:\/\/csdc-cecd.ca\/atelier-de-formation-virtuel\/#breadcrumb"},"inLanguage":"en-US","potentialAction":[{"@type":"ReadAction","target":["https:\/\/csdc-cecd.ca\/atelier-de-formation-virtuel\/"]}]},{"@type":"BreadcrumbList","@id":"https:\/\/csdc-cecd.ca\/atelier-de-formation-virtuel\/#breadcrumb","itemListElement":[{"@type":"ListItem","position":1,"name":"Accueil","item":"https:\/\/csdc-cecd.ca\/en\/"},{"@type":"ListItem","position":2,"name":"Atelier\u00a0de formation\u00a0virtuel"}]},{"@type":"WebSite","@id":"https:\/\/csdc-cecd.ca\/#website","url":"https:\/\/csdc-cecd.ca\/","name":"CECD - Centre pour l&#039;\u00e9tude de la citoyennet\u00e9 d\u00e9mocratique","description":"","potentialAction":[{"@type":"SearchAction","target":{"@type":"EntryPoint","urlTemplate":"https:\/\/csdc-cecd.ca\/?s={search_term_string}"},"query-input":{"@type":"PropertyValueSpecification","valueRequired":true,"valueName":"search_term_string"}}],"inLanguage":"en-US"}]}},"_links":{"self":[{"href":"https:\/\/csdc-cecd.ca\/en\/wp-json\/wp\/v2\/pages\/6774","targetHints":{"allow":["GET"]}}],"collection":[{"href":"https:\/\/csdc-cecd.ca\/en\/wp-json\/wp\/v2\/pages"}],"about":[{"href":"https:\/\/csdc-cecd.ca\/en\/wp-json\/wp\/v2\/types\/page"}],"author":[{"embeddable":true,"href":"https:\/\/csdc-cecd.ca\/en\/wp-json\/wp\/v2\/users\/1"}],"replies":[{"embeddable":true,"href":"https:\/\/csdc-cecd.ca\/en\/wp-json\/wp\/v2\/comments?post=6774"}],"version-history":[{"count":3,"href":"https:\/\/csdc-cecd.ca\/en\/wp-json\/wp\/v2\/pages\/6774\/revisions"}],"predecessor-version":[{"id":6789,"href":"https:\/\/csdc-cecd.ca\/en\/wp-json\/wp\/v2\/pages\/6774\/revisions\/6789"}],"wp:attachment":[{"href":"https:\/\/csdc-cecd.ca\/en\/wp-json\/wp\/v2\/media?parent=6774"}],"curies":[{"name":"wp","href":"https:\/\/api.w.org\/{rel}","templated":true}]}}