{"id":6828,"date":"2026-01-09T11:09:48","date_gmt":"2026-01-09T16:09:48","guid":{"rendered":"https:\/\/csdc-cecd.ca\/?page_id=6828"},"modified":"2026-02-06T11:45:04","modified_gmt":"2026-02-06T16:45:04","slug":"january-2026","status":"publish","type":"page","link":"https:\/\/csdc-cecd.ca\/en\/january-2026\/","title":{"rendered":"January 2026"},"content":{"rendered":"<p>[et_pb_section fb_built=&#8221;1&#8243; _builder_version=&#8221;4.27.5&#8243; _module_preset=&#8221;default&#8221; global_colors_info=&#8221;{}&#8221;][et_pb_row _builder_version=&#8221;4.27.5&#8243; _module_preset=&#8221;default&#8221; global_colors_info=&#8221;{}&#8221;][et_pb_column type=&#8221;4_4&#8243; _builder_version=&#8221;4.27.5&#8243; _module_preset=&#8221;default&#8221; global_colors_info=&#8221;{}&#8221;][et_pb_heading title=&#8221;Jan. 2026&#8243; _builder_version=&#8221;4.27.5&#8243; _module_preset=&#8221;default&#8221; global_colors_info=&#8221;{}&#8221;][\/et_pb_heading][\/et_pb_column][\/et_pb_row][et_pb_row _builder_version=&#8221;4.27.5&#8243; _module_preset=&#8221;default&#8221; global_colors_info=&#8221;{}&#8221;][et_pb_column type=&#8221;4_4&#8243; _builder_version=&#8221;4.27.5&#8243; _module_preset=&#8221;default&#8221; global_colors_info=&#8221;{}&#8221;][et_pb_toggle title=&#8221;Scientific Articles&#8221; _builder_version=&#8221;4.27.5&#8243; _module_preset=&#8221;default&#8221; hover_enabled=&#8221;0&#8243; global_colors_info=&#8221;{}&#8221; sticky_enabled=&#8221;0&#8243;]<\/p>\n<p><span>Goubin, S.,\u00a0<\/span><strong>O. Jacques<\/strong><span>, S. Kumlin, D. Weisstanner<\/span><br \/><a href=\"https:\/\/onlinelibrary.wiley.com\/doi\/pdf\/10.1111\/1467-9477.70034\">Why Some Want Something for Nothing: Three Explanations for Unfunded Spending Demand<\/a><br \/><span>Scandinavian Political Studies<\/span><\/p>\n<p>[\/et_pb_toggle][\/et_pb_column][\/et_pb_row][et_pb_row _builder_version=&#8221;4.27.5&#8243; _module_preset=&#8221;default&#8221; global_colors_info=&#8221;{}&#8221;][et_pb_column type=&#8221;4_4&#8243; _builder_version=&#8221;4.27.5&#8243; _module_preset=&#8221;default&#8221; global_colors_info=&#8221;{}&#8221;][et_pb_divider color=&#8221;#000000&#8243; _builder_version=&#8221;4.27.5&#8243; _module_preset=&#8221;default&#8221; global_colors_info=&#8221;{}&#8221;][\/et_pb_divider][\/et_pb_column][\/et_pb_row][et_pb_row _builder_version=&#8221;4.27.5&#8243; _module_preset=&#8221;default&#8221; global_colors_info=&#8221;{}&#8221;][et_pb_column type=&#8221;4_4&#8243; _builder_version=&#8221;4.27.5&#8243; _module_preset=&#8221;default&#8221; global_colors_info=&#8221;{}&#8221;][et_pb_toggle title=&#8221;Media&#8221; _builder_version=&#8221;4.27.5&#8243; _module_preset=&#8221;default&#8221; global_colors_info=&#8221;{}&#8221;]<\/p>\n<p>Carol-Ann Rouillard \u2013 TVA Nouvelles \u2013 2026|01|30<br \/><a href=\"https:\/\/www.tvanouvelles.ca\/2026\/01\/30\/wickham-adopte-une-resolution-pour-boycotter-un-journal-local\">Wickham adopte une r\u00e9solution pour boycotter un journal local<\/a><\/p>\n<p>Claire Durand \u2013 La Presse \u2013 2026|01|27<br \/><a href=\"https:\/\/www.lapresse.ca\/dialogue\/opinions\/2026-01-27\/analyse-des-sondages\/l-appui-a-la-souverainete-du-quebec-sous-la-loupe.php\">L\u2019appui \u00e0 la souverainet\u00e9 du Qu\u00e9bec sous la loupe<\/a><\/p>\n<p>Claire Durand \u2013 La Presse \u2013 2026|01|25<br \/><a href=\"https:\/\/avezvousvotepourca.substack.com\/p\/lindependance-du-quebec-fait-elle?source=queue\">L\u2019ind\u00e9pendance du Qu\u00e9bec fait-elle un \u00ab retour en force \u00bb?<\/a><\/p>\n<p>Mireille Lalancette \u2013 The Conversation \u2013 2026|01|22<br \/><a href=\"https:\/\/theconversation.com\/carney-a-prononce-un-discours-courageux-parce-que-risque-selon-une-specialiste-274171\">\u00ab Carney a prononc\u00e9 un discours courageux \u2013 parce que risqu\u00e9 \u00bb, selon une sp\u00e9cialiste<\/a><\/p>\n<p>Mireille Lalancette \u2013 L\u2019hebdo Journal \u2013 2026|01|21<br \/><a href=\"https:\/\/www.lhebdojournal.com\/actualites\/francois-legault-demission-et-usure-du-pouvoir\/\">Fran\u00e7ois Legault: d\u00e9mission et usure du pouvoir<\/a><\/p>\n<p>Joanie Bouchard \u2013 La Tribune \u2013 2026|01|19<br \/><a href=\"https:\/\/www.latribune.ca\/chroniques\/mickael-bergeron\/2026\/01\/19\/pourquoi-debattre-en-ligne-2ZJGK32ZSJDQLKLCLVLI4LAVOE\/\">Pourquoi d\u00e9battre en ligne ?<\/a><\/p>\n<p>Thierry Giasson \u2013 Le Devoir \u2013 2026|01|25<br \/><a href=\"https:\/\/www.ledevoir.com\/politique\/quebec\/948429\/troisieme-lien-patate-chaude-suite-caq\">Le troisi\u00e8me lien, une \u00abpatate chaude\u00bb pour la suite de la CAQ<\/a><\/p>\n<p>Fr\u00e9d\u00e9rick Bastien \u2013 Les Affaires \u2013 2026|01|14<br \/><a href=\"https:\/\/www.lesaffaires.com\/secteurs\/politique\/les-defis-importants-qui-attendent-la-caq\/\">D\u00e9mission de Fran\u00e7ois Legault: les d\u00e9fis importants qui attendent la CAQ<\/a><\/p>\n<p>Joanie Bouchard, Emmanuel Choquette \u2013 Le Reflet du Lac \u2013 2026|01|12<br \/><a href=\"https:\/\/www.lerefletdulac.com\/actualites\/magog-bonifie-ses-mecanismes-de-consultation-citoyenne\/\">Magog bonifie ses m\u00e9canismes de consultation citoyenne<\/a><\/p>\n<p>Marc-Andr\u00e9 Bodet \u2013 En Beauce \u2013 2026|01|11<br \/><a href=\"https:\/\/www.enbeauce.com\/actualites-nationale\/la-course-a-la-chefferie-du-parti-liberal-du-quebec-s-amorce-lundi\/35331\">La course \u00e0 la chefferie du Parti lib\u00e9ral du Qu\u00e9bec s&#8217;amorce lundi<\/a><\/p>\n<p>\u00c9ric B\u00e9langer, Mireille Lalancette \u2013 2026|01|10<br \/><a href=\"https:\/\/www.ledevoir.com\/opinion\/idees\/947004\/montee-souverainisme-jeunes-effet-durable-ou-effet-tiktok\">La mont\u00e9e du souverainisme chez les jeunes, effet durable ou effet TikTok?<\/a><\/p>\n<p>Fr\u00e9d\u00e9rick Bastien, Emmanuel Choquette \u2013 The Conversation \u2013 2025|01|07<br \/><a href=\"https:\/\/theconversation.com\/une-hypermediatisation-de-trump-au-canada-270608\">Une \u00ab hyperm\u00e9diatisation \u00bb de Trump au Canada ?<\/a><\/p>\n<p>Fran\u00e7ois G\u00e9lineau \u2013 Pieuvre \u2013 2025|01|04<br \/><a href=\"https:\/\/www.pieuvre.ca\/2026\/01\/04\/politique-etats-unis-2025-science\/\">2025: la science en eaux troubles<\/a><\/p>\n<p>[\/et_pb_toggle][\/et_pb_column][\/et_pb_row][et_pb_row _builder_version=&#8221;4.27.5&#8243; _module_preset=&#8221;default&#8221; global_colors_info=&#8221;{}&#8221;][et_pb_column type=&#8221;4_4&#8243; _builder_version=&#8221;4.27.5&#8243; _module_preset=&#8221;default&#8221; global_colors_info=&#8221;{}&#8221;][et_pb_toggle title=&#8221;Podcast&#8221; _builder_version=&#8221;4.27.5&#8243; _module_preset=&#8221;default&#8221; global_colors_info=&#8221;{}&#8221;]<\/p>\n<p>Emmanuel Choquette \u2013 107.7 Estrie \u2013 2026|01|28<br \/><a href=\"https:\/\/www.fm1077.ca\/audio\/752779\/drainville-vs-frechette-chacun-a-les-qualites-de-ses-defauts\">Drainville vs Fr\u00e9chette: chacun a les qualit\u00e9s de ses d\u00e9fauts<\/a><\/p>\n<p>Emmanuel Choquette \u2013 107.7 Estrie \u2013 2026|01|21<br \/><a href=\"https:\/\/www.fm1077.ca\/audio\/751131\/mark-carney-remarque-au-forum-economique-de-davos\">Mark Carney remarqu\u00e9 au Forum \u00e9conomique de Davos<\/a><\/p>\n<p>Emmanuel Choquette \u2013 107.7 Estrie \u2013 2026|01|14<br \/><a href=\"https:\/\/www.fm1077.ca\/audio\/749529\/francois-legault-etait-en-manque-d-appuis-populaires\">Fran\u00e7ois Legault \u00e9tait en manque d\u2019appuis populaires<\/a><\/p>\n<p>Emmanuel Choquette \u2013 Radio Canada \u2013 2026|01|14<br \/><a href=\"https:\/\/ici.radio-canada.ca\/info\/videos\/1-10567548\/politologue-emmanuel-choquette-analyse-demission-francois-legault\">Le politologue Emmanuel Choquette analyse la d\u00e9mission de Fran\u00e7ois Legault<\/a><\/p>\n<p>[\/et_pb_toggle][\/et_pb_column][\/et_pb_row][\/et_pb_section]<\/p>\n","protected":false},"excerpt":{"rendered":"<p>Goubin, S.,\u00a0O. Jacques, S. Kumlin, D. WeisstannerWhy Some Want Something for Nothing: Three Explanations for Unfunded Spending DemandScandinavian Political StudiesCarol-Ann Rouillard \u2013 TVA Nouvelles \u2013 2026|01|30Wickham adopte une r\u00e9solution pour boycotter un journal local Claire Durand \u2013 La Presse \u2013 2026|01|27L\u2019appui \u00e0 la souverainet\u00e9 du Qu\u00e9bec sous la loupe Claire Durand \u2013 La Presse \u2013 [&hellip;]<\/p>\n","protected":false},"author":1,"featured_media":0,"parent":0,"menu_order":0,"comment_status":"closed","ping_status":"closed","template":"","meta":{"_et_pb_use_builder":"on","_et_pb_old_content":"","_et_gb_content_width":"","footnotes":""},"class_list":["post-6828","page","type-page","status-publish","hentry"],"yoast_head":"<!-- This site is optimized with the Yoast SEO plugin v27.4 - https:\/\/yoast.com\/product\/yoast-seo-wordpress\/ -->\n<title>January 2026 - CECD - Centre pour l&#039;\u00e9tude de la citoyennet\u00e9 d\u00e9mocratique<\/title>\n<meta name=\"robots\" content=\"index, follow, max-snippet:-1, max-image-preview:large, max-video-preview:-1\" \/>\n<link rel=\"canonical\" href=\"https:\/\/csdc-cecd.ca\/2026-janvier\/\" \/>\n<meta property=\"og:locale\" content=\"en_US\" \/>\n<meta property=\"og:type\" content=\"article\" \/>\n<meta property=\"og:title\" content=\"January 2026 - CECD - Centre pour l&#039;\u00e9tude de la citoyennet\u00e9 d\u00e9mocratique\" \/>\n<meta property=\"og:description\" content=\"Goubin, S.,\u00a0O. Jacques, S. Kumlin, D. WeisstannerWhy Some Want Something for Nothing: Three Explanations for Unfunded Spending DemandScandinavian Political StudiesCarol-Ann Rouillard \u2013 TVA Nouvelles \u2013 2026|01|30Wickham adopte une r\u00e9solution pour boycotter un journal local Claire Durand \u2013 La Presse \u2013 2026|01|27L\u2019appui \u00e0 la souverainet\u00e9 du Qu\u00e9bec sous la loupe Claire Durand \u2013 La Presse \u2013 [&hellip;]\" \/>\n<meta property=\"og:url\" content=\"https:\/\/csdc-cecd.ca\/2026-janvier\/\" \/>\n<meta property=\"og:site_name\" content=\"CECD - Centre pour l&#039;\u00e9tude de la citoyennet\u00e9 d\u00e9mocratique\" \/>\n<meta property=\"article:modified_time\" content=\"2026-02-06T16:45:04+00:00\" \/>\n<meta name=\"twitter:card\" content=\"summary_large_image\" \/>\n<script type=\"application\/ld+json\" class=\"yoast-schema-graph\">{\"@context\":\"https:\\\/\\\/schema.org\",\"@graph\":[{\"@type\":\"WebPage\",\"@id\":\"https:\\\/\\\/csdc-cecd.ca\\\/2026-janvier\\\/\",\"url\":\"https:\\\/\\\/csdc-cecd.ca\\\/2026-janvier\\\/\",\"name\":\"January 2026 - CECD - Centre pour l&#039;\u00e9tude de la citoyennet\u00e9 d\u00e9mocratique\",\"isPartOf\":{\"@id\":\"https:\\\/\\\/csdc-cecd.ca\\\/#website\"},\"datePublished\":\"2026-01-09T16:09:48+00:00\",\"dateModified\":\"2026-02-06T16:45:04+00:00\",\"breadcrumb\":{\"@id\":\"https:\\\/\\\/csdc-cecd.ca\\\/2026-janvier\\\/#breadcrumb\"},\"inLanguage\":\"en-US\",\"potentialAction\":[{\"@type\":\"ReadAction\",\"target\":[\"https:\\\/\\\/csdc-cecd.ca\\\/2026-janvier\\\/\"]}]},{\"@type\":\"BreadcrumbList\",\"@id\":\"https:\\\/\\\/csdc-cecd.ca\\\/2026-janvier\\\/#breadcrumb\",\"itemListElement\":[{\"@type\":\"ListItem\",\"position\":1,\"name\":\"Accueil\",\"item\":\"https:\\\/\\\/csdc-cecd.ca\\\/en\\\/\"},{\"@type\":\"ListItem\",\"position\":2,\"name\":\"January 2026\"}]},{\"@type\":\"WebSite\",\"@id\":\"https:\\\/\\\/csdc-cecd.ca\\\/#website\",\"url\":\"https:\\\/\\\/csdc-cecd.ca\\\/\",\"name\":\"CECD - Centre pour l&#039;\u00e9tude de la citoyennet\u00e9 d\u00e9mocratique\",\"description\":\"\",\"potentialAction\":[{\"@type\":\"SearchAction\",\"target\":{\"@type\":\"EntryPoint\",\"urlTemplate\":\"https:\\\/\\\/csdc-cecd.ca\\\/?s={search_term_string}\"},\"query-input\":{\"@type\":\"PropertyValueSpecification\",\"valueRequired\":true,\"valueName\":\"search_term_string\"}}],\"inLanguage\":\"en-US\"}]}<\/script>\n<!-- \/ Yoast SEO plugin. -->","yoast_head_json":{"title":"January 2026 - CECD - Centre pour l&#039;\u00e9tude de la citoyennet\u00e9 d\u00e9mocratique","robots":{"index":"index","follow":"follow","max-snippet":"max-snippet:-1","max-image-preview":"max-image-preview:large","max-video-preview":"max-video-preview:-1"},"canonical":"https:\/\/csdc-cecd.ca\/2026-janvier\/","og_locale":"en_US","og_type":"article","og_title":"January 2026 - CECD - Centre pour l&#039;\u00e9tude de la citoyennet\u00e9 d\u00e9mocratique","og_description":"Goubin, S.,\u00a0O. Jacques, S. Kumlin, D. WeisstannerWhy Some Want Something for Nothing: Three Explanations for Unfunded Spending DemandScandinavian Political StudiesCarol-Ann Rouillard \u2013 TVA Nouvelles \u2013 2026|01|30Wickham adopte une r\u00e9solution pour boycotter un journal local Claire Durand \u2013 La Presse \u2013 2026|01|27L\u2019appui \u00e0 la souverainet\u00e9 du Qu\u00e9bec sous la loupe Claire Durand \u2013 La Presse \u2013 [&hellip;]","og_url":"https:\/\/csdc-cecd.ca\/2026-janvier\/","og_site_name":"CECD - Centre pour l&#039;\u00e9tude de la citoyennet\u00e9 d\u00e9mocratique","article_modified_time":"2026-02-06T16:45:04+00:00","twitter_card":"summary_large_image","schema":{"@context":"https:\/\/schema.org","@graph":[{"@type":"WebPage","@id":"https:\/\/csdc-cecd.ca\/2026-janvier\/","url":"https:\/\/csdc-cecd.ca\/2026-janvier\/","name":"January 2026 - CECD - Centre pour l&#039;\u00e9tude de la citoyennet\u00e9 d\u00e9mocratique","isPartOf":{"@id":"https:\/\/csdc-cecd.ca\/#website"},"datePublished":"2026-01-09T16:09:48+00:00","dateModified":"2026-02-06T16:45:04+00:00","breadcrumb":{"@id":"https:\/\/csdc-cecd.ca\/2026-janvier\/#breadcrumb"},"inLanguage":"en-US","potentialAction":[{"@type":"ReadAction","target":["https:\/\/csdc-cecd.ca\/2026-janvier\/"]}]},{"@type":"BreadcrumbList","@id":"https:\/\/csdc-cecd.ca\/2026-janvier\/#breadcrumb","itemListElement":[{"@type":"ListItem","position":1,"name":"Accueil","item":"https:\/\/csdc-cecd.ca\/en\/"},{"@type":"ListItem","position":2,"name":"January 2026"}]},{"@type":"WebSite","@id":"https:\/\/csdc-cecd.ca\/#website","url":"https:\/\/csdc-cecd.ca\/","name":"CECD - Centre pour l&#039;\u00e9tude de la citoyennet\u00e9 d\u00e9mocratique","description":"","potentialAction":[{"@type":"SearchAction","target":{"@type":"EntryPoint","urlTemplate":"https:\/\/csdc-cecd.ca\/?s={search_term_string}"},"query-input":{"@type":"PropertyValueSpecification","valueRequired":true,"valueName":"search_term_string"}}],"inLanguage":"en-US"}]}},"_links":{"self":[{"href":"https:\/\/csdc-cecd.ca\/en\/wp-json\/wp\/v2\/pages\/6828","targetHints":{"allow":["GET"]}}],"collection":[{"href":"https:\/\/csdc-cecd.ca\/en\/wp-json\/wp\/v2\/pages"}],"about":[{"href":"https:\/\/csdc-cecd.ca\/en\/wp-json\/wp\/v2\/types\/page"}],"author":[{"embeddable":true,"href":"https:\/\/csdc-cecd.ca\/en\/wp-json\/wp\/v2\/users\/1"}],"replies":[{"embeddable":true,"href":"https:\/\/csdc-cecd.ca\/en\/wp-json\/wp\/v2\/comments?post=6828"}],"version-history":[{"count":5,"href":"https:\/\/csdc-cecd.ca\/en\/wp-json\/wp\/v2\/pages\/6828\/revisions"}],"predecessor-version":[{"id":7130,"href":"https:\/\/csdc-cecd.ca\/en\/wp-json\/wp\/v2\/pages\/6828\/revisions\/7130"}],"wp:attachment":[{"href":"https:\/\/csdc-cecd.ca\/en\/wp-json\/wp\/v2\/media?parent=6828"}],"curies":[{"name":"wp","href":"https:\/\/api.w.org\/{rel}","templated":true}]}}