{"id":7096,"date":"2026-02-03T15:31:41","date_gmt":"2026-02-03T20:31:41","guid":{"rendered":"https:\/\/csdc-cecd.ca\/?page_id=7096"},"modified":"2026-03-06T10:56:53","modified_gmt":"2026-03-06T15:56:53","slug":"2026-february","status":"publish","type":"page","link":"https:\/\/csdc-cecd.ca\/en\/2026-february\/","title":{"rendered":"2026 &#8211; February"},"content":{"rendered":"<p>[et_pb_section fb_built=&#8221;1&#8243; _builder_version=&#8221;4.27.5&#8243; _module_preset=&#8221;default&#8221; global_colors_info=&#8221;{}&#8221;][et_pb_row _builder_version=&#8221;4.27.5&#8243; _module_preset=&#8221;default&#8221; global_colors_info=&#8221;{}&#8221;][et_pb_column type=&#8221;4_4&#8243; _builder_version=&#8221;4.27.5&#8243; _module_preset=&#8221;default&#8221; global_colors_info=&#8221;{}&#8221;][et_pb_heading title=&#8221;Feb. 2026&#8243; _builder_version=&#8221;4.27.5&#8243; _module_preset=&#8221;default&#8221; global_colors_info=&#8221;{}&#8221;][\/et_pb_heading][\/et_pb_column][\/et_pb_row][et_pb_row _builder_version=&#8221;4.27.5&#8243; _module_preset=&#8221;default&#8221; global_colors_info=&#8221;{}&#8221;][et_pb_column type=&#8221;4_4&#8243; _builder_version=&#8221;4.27.5&#8243; _module_preset=&#8221;default&#8221; global_colors_info=&#8221;{}&#8221;][et_pb_toggle title=&#8221;Scientific Articles&#8221; _builder_version=&#8221;4.27.5&#8243; _module_preset=&#8221;default&#8221; global_colors_info=&#8221;{}&#8221;][\/et_pb_toggle][\/et_pb_column][\/et_pb_row][et_pb_row _builder_version=&#8221;4.27.5&#8243; _module_preset=&#8221;default&#8221; global_colors_info=&#8221;{}&#8221;][et_pb_column type=&#8221;4_4&#8243; _builder_version=&#8221;4.27.5&#8243; _module_preset=&#8221;default&#8221; global_colors_info=&#8221;{}&#8221;][et_pb_toggle title=&#8221;Book \/ Book chapter&#8221; _builder_version=&#8221;4.27.5&#8243; _module_preset=&#8221;default&#8221; global_colors_info=&#8221;{}&#8221;][\/et_pb_toggle][\/et_pb_column][\/et_pb_row][et_pb_row _builder_version=&#8221;4.27.5&#8243; _module_preset=&#8221;default&#8221; global_colors_info=&#8221;{}&#8221;][et_pb_column type=&#8221;4_4&#8243; _builder_version=&#8221;4.27.5&#8243; _module_preset=&#8221;default&#8221; global_colors_info=&#8221;{}&#8221;][et_pb_divider color=&#8221;#000000&#8243; _builder_version=&#8221;4.27.5&#8243; _module_preset=&#8221;default&#8221; global_colors_info=&#8221;{}&#8221;][\/et_pb_divider][\/et_pb_column][\/et_pb_row][et_pb_row _builder_version=&#8221;4.27.5&#8243; _module_preset=&#8221;default&#8221; global_colors_info=&#8221;{}&#8221;][et_pb_column type=&#8221;4_4&#8243; _builder_version=&#8221;4.27.5&#8243; _module_preset=&#8221;default&#8221; global_colors_info=&#8221;{}&#8221;][et_pb_toggle title=&#8221;Media&#8221; _builder_version=&#8221;4.27.6&#8243; _module_preset=&#8221;default&#8221; hover_enabled=&#8221;0&#8243; global_colors_info=&#8221;{}&#8221; sticky_enabled=&#8221;0&#8243;]<\/p>\n<p>Carol-Ann Rouillard \u2013 107.7 Estrie \u2013 2026|02|27<br \/><a href=\"https:\/\/www.fm1077.ca\/audio\/759734\/pierre-poilievre-veut-se-montrer-premier-ministrable\">Pierre Poilievre veut se montrer \u00ab premier ministrable \u00bb<\/a><\/p>\n<p>Fenwick McKelvey \u2013 Arielle \u2013 2026|02|27<br \/><a href=\"https:\/\/arielle.com.au\/can-ai-write-my-resume\/\">This Is Why Recruiters Hate AI-Written Resumes<\/a><\/p>\n<p>Fenwick McKelvey \u2013 Canada\u2019s National Observer \u2013 2026|02|24<br \/><a href=\"https:\/\/www.nationalobserver.com\/2026\/02\/24\/investigations\/logivote-ai-political-messaging\">Politicians are being sold AI-powered &#8216;digital fighters&#8217;<\/a><\/p>\n<p>Mireille Lalancette \u2013 The Hill Times \u2013 2026|02|20<br \/><a href=\"https:\/\/www.hilltimes.com\/podcast\/hang-tight-why-quebec-sovereignty-and-separatism-are-in-the-headlines-again\/\">\u2018Hang tight\u2019: Why Quebec sovereignty and separatism are in the headlines again<\/a><\/p>\n<p>Marc-Andr\u00e9 Bodet, Mireille Lalancette \u2013 Le Devoir \u2013 2026|02|13<br \/><a href=\"https:\/\/www.ledevoir.com\/politique\/quebec\/956193\/dix-travaux-nouveau-chef-plq-charles-milliard\">Les dix travaux du nouveau chef du PLQ, Charles Milliard<\/a><\/p>\n<p>Carol-Ann Rouillard \u2013 Radio Canada \u2013 2026|02|08<br \/><a href=\"https:\/\/ici.radio-canada.ca\/nouvelle\/2226942\/quebec-solidaire-candidate-sherbrooke-parite-homme-femme\">Qu\u00e9bec solidaire pr\u00e9sentera une candidate f\u00e9minine \u00e0 Sherbrooke<\/a><\/p>\n<p>Andr\u00e9 Blais \u2013 La Presse \u2013 2026|02|07<br \/><a href=\"https:\/\/www.lapresse.ca\/dialogue\/opinions\/2026-02-07\/elections-anticipees\/un-message-aux-premiers-ministres-qui-sentent-l-appel-des-urnes.php\">Un message aux premiers ministres qui sentent l\u2019appel des urnes<\/a><\/p>\n<p>Jean-Fran\u00e7ois Godbout \u2013 Le Devoir \u2013 2026|02|07<br \/><a href=\"https:\/\/www.ledevoir.com\/actualites\/societe\/953880\/quand-intelligence-artificielle-met-democraties-sous-pression\">Quand l\u2019intelligence artificielle met les d\u00e9mocraties sous pression<\/a><\/p>\n<p>Evelyne Brie \u2013 Le Devoir \u2013 2026|02|07<br \/><a href=\"https:\/\/www.ledevoir.com\/actualites\/societe\/954321\/dommages-collateraux-conquete-1760\">Les dommages collat\u00e9raux de la Conqu\u00eate de 1760<\/a><\/p>\n<p>Fenwick McKelvey \u2013 St-Albert Gazette \u2013 2026|02|07<br \/><a href=\"https:\/\/www.stalbertgazette.com\/science-news\/social-media-ban-would-need-oversight-mother-of-exploited-teen-tells-mps-11832697\">Social media ban would need oversight, mother of exploited teen tells MPs<\/a><\/p>\n<p>[\/et_pb_toggle][\/et_pb_column][\/et_pb_row][et_pb_row _builder_version=&#8221;4.27.5&#8243; _module_preset=&#8221;default&#8221; global_colors_info=&#8221;{}&#8221;][et_pb_column type=&#8221;4_4&#8243; _builder_version=&#8221;4.27.5&#8243; _module_preset=&#8221;default&#8221; global_colors_info=&#8221;{}&#8221;][et_pb_toggle title=&#8221;Podcast&#8221; _builder_version=&#8221;4.27.6&#8243; _module_preset=&#8221;default&#8221; hover_enabled=&#8221;0&#8243; global_colors_info=&#8221;{}&#8221; sticky_enabled=&#8221;0&#8243;]<\/p>\n<p>Carol-Ann Rouillard \u2013 107.7 Estrie \u2013 2026|02|27<br \/><a href=\"https:\/\/www.fm1077.ca\/audio\/759734\/pierre-poilievre-veut-se-montrer-premier-ministrable\">Pierre Poilievre veut se montrer \u00ab premier ministrable \u00bb<\/a><\/p>\n<p>Emmanuel Choquette \u2013 107.7 Estrie \u2013 2026|02|19<br \/><a href=\"https:\/\/www.fm1077.ca\/audio\/757610\/un-manque-d-imputabilite-dans-la-gestion-des-fonds-publics-au-quebec\">La chronique d\u2019Emmanuel Choquette | Un manque d\u2019imputabilit\u00e9 dans la gestion des fonds publics au Qu\u00e9bec<\/a><\/p>\n<p>Carol-Ann Rouillard \u2013 107.7 Estrie \u2013 2026|02|13<br \/><a href=\"https:\/\/www.fm1077.ca\/audio\/756480\/le-portrait-est-assez-favorable-pour-christine-frechette\">Le portrait est assez favorable pour Christine Fr\u00e9chette<\/a><\/p>\n<p>[\/et_pb_toggle][\/et_pb_column][\/et_pb_row][et_pb_row _builder_version=&#8221;4.27.5&#8243; _module_preset=&#8221;default&#8221; global_colors_info=&#8221;{}&#8221;][et_pb_column type=&#8221;4_4&#8243; _builder_version=&#8221;4.27.5&#8243; _module_preset=&#8221;default&#8221; global_colors_info=&#8221;{}&#8221;][et_pb_toggle title=&#8221;Video&#8221; _builder_version=&#8221;4.27.5&#8243; _module_preset=&#8221;default&#8221; global_colors_info=&#8221;{}&#8221;][\/et_pb_toggle][\/et_pb_column][\/et_pb_row][\/et_pb_section]<\/p>\n","protected":false},"excerpt":{"rendered":"<p>Carol-Ann Rouillard \u2013 107.7 Estrie \u2013 2026|02|27Pierre Poilievre veut se montrer \u00ab premier ministrable \u00bb Fenwick McKelvey \u2013 Arielle \u2013 2026|02|27This Is Why Recruiters Hate AI-Written Resumes Fenwick McKelvey \u2013 Canada\u2019s National Observer \u2013 2026|02|24Politicians are being sold AI-powered &#8216;digital fighters&#8217; Mireille Lalancette \u2013 The Hill Times \u2013 2026|02|20\u2018Hang tight\u2019: Why Quebec sovereignty and separatism [&hellip;]<\/p>\n","protected":false},"author":1,"featured_media":0,"parent":0,"menu_order":0,"comment_status":"closed","ping_status":"closed","template":"","meta":{"_et_pb_use_builder":"on","_et_pb_old_content":"","_et_gb_content_width":"","footnotes":""},"class_list":["post-7096","page","type-page","status-publish","hentry"],"yoast_head":"<!-- This site is optimized with the Yoast SEO plugin v27.4 - https:\/\/yoast.com\/product\/yoast-seo-wordpress\/ -->\n<title>2026 - February - CECD - Centre pour l&#039;\u00e9tude de la citoyennet\u00e9 d\u00e9mocratique<\/title>\n<meta name=\"robots\" content=\"index, follow, max-snippet:-1, max-image-preview:large, max-video-preview:-1\" \/>\n<link rel=\"canonical\" href=\"https:\/\/csdc-cecd.ca\/2026-fevrier\/\" \/>\n<meta property=\"og:locale\" content=\"en_US\" \/>\n<meta property=\"og:type\" content=\"article\" \/>\n<meta property=\"og:title\" content=\"2026 - February - CECD - Centre pour l&#039;\u00e9tude de la citoyennet\u00e9 d\u00e9mocratique\" \/>\n<meta property=\"og:description\" content=\"Carol-Ann Rouillard \u2013 107.7 Estrie \u2013 2026|02|27Pierre Poilievre veut se montrer \u00ab premier ministrable \u00bb Fenwick McKelvey \u2013 Arielle \u2013 2026|02|27This Is Why Recruiters Hate AI-Written Resumes Fenwick McKelvey \u2013 Canada\u2019s National Observer \u2013 2026|02|24Politicians are being sold AI-powered &#039;digital fighters&#039; Mireille Lalancette \u2013 The Hill Times \u2013 2026|02|20\u2018Hang tight\u2019: Why Quebec sovereignty and separatism [&hellip;]\" \/>\n<meta property=\"og:url\" content=\"https:\/\/csdc-cecd.ca\/2026-fevrier\/\" \/>\n<meta property=\"og:site_name\" content=\"CECD - Centre pour l&#039;\u00e9tude de la citoyennet\u00e9 d\u00e9mocratique\" \/>\n<meta property=\"article:modified_time\" content=\"2026-03-06T15:56:53+00:00\" \/>\n<meta name=\"twitter:card\" content=\"summary_large_image\" \/>\n<meta name=\"twitter:label1\" content=\"Est. reading time\" \/>\n\t<meta name=\"twitter:data1\" content=\"1 minute\" \/>\n<script type=\"application\/ld+json\" class=\"yoast-schema-graph\">{\"@context\":\"https:\\\/\\\/schema.org\",\"@graph\":[{\"@type\":\"WebPage\",\"@id\":\"https:\\\/\\\/csdc-cecd.ca\\\/2026-fevrier\\\/\",\"url\":\"https:\\\/\\\/csdc-cecd.ca\\\/2026-fevrier\\\/\",\"name\":\"2026 - February - CECD - Centre pour l&#039;\u00e9tude de la citoyennet\u00e9 d\u00e9mocratique\",\"isPartOf\":{\"@id\":\"https:\\\/\\\/csdc-cecd.ca\\\/#website\"},\"datePublished\":\"2026-02-03T20:31:41+00:00\",\"dateModified\":\"2026-03-06T15:56:53+00:00\",\"breadcrumb\":{\"@id\":\"https:\\\/\\\/csdc-cecd.ca\\\/2026-fevrier\\\/#breadcrumb\"},\"inLanguage\":\"en-US\",\"potentialAction\":[{\"@type\":\"ReadAction\",\"target\":[\"https:\\\/\\\/csdc-cecd.ca\\\/2026-fevrier\\\/\"]}]},{\"@type\":\"BreadcrumbList\",\"@id\":\"https:\\\/\\\/csdc-cecd.ca\\\/2026-fevrier\\\/#breadcrumb\",\"itemListElement\":[{\"@type\":\"ListItem\",\"position\":1,\"name\":\"Accueil\",\"item\":\"https:\\\/\\\/csdc-cecd.ca\\\/en\\\/\"},{\"@type\":\"ListItem\",\"position\":2,\"name\":\"2026 &#8211; February\"}]},{\"@type\":\"WebSite\",\"@id\":\"https:\\\/\\\/csdc-cecd.ca\\\/#website\",\"url\":\"https:\\\/\\\/csdc-cecd.ca\\\/\",\"name\":\"CECD - Centre pour l&#039;\u00e9tude de la citoyennet\u00e9 d\u00e9mocratique\",\"description\":\"\",\"potentialAction\":[{\"@type\":\"SearchAction\",\"target\":{\"@type\":\"EntryPoint\",\"urlTemplate\":\"https:\\\/\\\/csdc-cecd.ca\\\/?s={search_term_string}\"},\"query-input\":{\"@type\":\"PropertyValueSpecification\",\"valueRequired\":true,\"valueName\":\"search_term_string\"}}],\"inLanguage\":\"en-US\"}]}<\/script>\n<!-- \/ Yoast SEO plugin. -->","yoast_head_json":{"title":"2026 - February - CECD - Centre pour l&#039;\u00e9tude de la citoyennet\u00e9 d\u00e9mocratique","robots":{"index":"index","follow":"follow","max-snippet":"max-snippet:-1","max-image-preview":"max-image-preview:large","max-video-preview":"max-video-preview:-1"},"canonical":"https:\/\/csdc-cecd.ca\/2026-fevrier\/","og_locale":"en_US","og_type":"article","og_title":"2026 - February - CECD - Centre pour l&#039;\u00e9tude de la citoyennet\u00e9 d\u00e9mocratique","og_description":"Carol-Ann Rouillard \u2013 107.7 Estrie \u2013 2026|02|27Pierre Poilievre veut se montrer \u00ab premier ministrable \u00bb Fenwick McKelvey \u2013 Arielle \u2013 2026|02|27This Is Why Recruiters Hate AI-Written Resumes Fenwick McKelvey \u2013 Canada\u2019s National Observer \u2013 2026|02|24Politicians are being sold AI-powered 'digital fighters' Mireille Lalancette \u2013 The Hill Times \u2013 2026|02|20\u2018Hang tight\u2019: Why Quebec sovereignty and separatism [&hellip;]","og_url":"https:\/\/csdc-cecd.ca\/2026-fevrier\/","og_site_name":"CECD - Centre pour l&#039;\u00e9tude de la citoyennet\u00e9 d\u00e9mocratique","article_modified_time":"2026-03-06T15:56:53+00:00","twitter_card":"summary_large_image","twitter_misc":{"Est. reading time":"1 minute"},"schema":{"@context":"https:\/\/schema.org","@graph":[{"@type":"WebPage","@id":"https:\/\/csdc-cecd.ca\/2026-fevrier\/","url":"https:\/\/csdc-cecd.ca\/2026-fevrier\/","name":"2026 - February - CECD - Centre pour l&#039;\u00e9tude de la citoyennet\u00e9 d\u00e9mocratique","isPartOf":{"@id":"https:\/\/csdc-cecd.ca\/#website"},"datePublished":"2026-02-03T20:31:41+00:00","dateModified":"2026-03-06T15:56:53+00:00","breadcrumb":{"@id":"https:\/\/csdc-cecd.ca\/2026-fevrier\/#breadcrumb"},"inLanguage":"en-US","potentialAction":[{"@type":"ReadAction","target":["https:\/\/csdc-cecd.ca\/2026-fevrier\/"]}]},{"@type":"BreadcrumbList","@id":"https:\/\/csdc-cecd.ca\/2026-fevrier\/#breadcrumb","itemListElement":[{"@type":"ListItem","position":1,"name":"Accueil","item":"https:\/\/csdc-cecd.ca\/en\/"},{"@type":"ListItem","position":2,"name":"2026 &#8211; February"}]},{"@type":"WebSite","@id":"https:\/\/csdc-cecd.ca\/#website","url":"https:\/\/csdc-cecd.ca\/","name":"CECD - Centre pour l&#039;\u00e9tude de la citoyennet\u00e9 d\u00e9mocratique","description":"","potentialAction":[{"@type":"SearchAction","target":{"@type":"EntryPoint","urlTemplate":"https:\/\/csdc-cecd.ca\/?s={search_term_string}"},"query-input":{"@type":"PropertyValueSpecification","valueRequired":true,"valueName":"search_term_string"}}],"inLanguage":"en-US"}]}},"_links":{"self":[{"href":"https:\/\/csdc-cecd.ca\/en\/wp-json\/wp\/v2\/pages\/7096","targetHints":{"allow":["GET"]}}],"collection":[{"href":"https:\/\/csdc-cecd.ca\/en\/wp-json\/wp\/v2\/pages"}],"about":[{"href":"https:\/\/csdc-cecd.ca\/en\/wp-json\/wp\/v2\/types\/page"}],"author":[{"embeddable":true,"href":"https:\/\/csdc-cecd.ca\/en\/wp-json\/wp\/v2\/users\/1"}],"replies":[{"embeddable":true,"href":"https:\/\/csdc-cecd.ca\/en\/wp-json\/wp\/v2\/comments?post=7096"}],"version-history":[{"count":5,"href":"https:\/\/csdc-cecd.ca\/en\/wp-json\/wp\/v2\/pages\/7096\/revisions"}],"predecessor-version":[{"id":7333,"href":"https:\/\/csdc-cecd.ca\/en\/wp-json\/wp\/v2\/pages\/7096\/revisions\/7333"}],"wp:attachment":[{"href":"https:\/\/csdc-cecd.ca\/en\/wp-json\/wp\/v2\/media?parent=7096"}],"curies":[{"name":"wp","href":"https:\/\/api.w.org\/{rel}","templated":true}]}}