{"id":7160,"date":"2026-02-06T11:46:37","date_gmt":"2026-02-06T16:46:37","guid":{"rendered":"https:\/\/csdc-cecd.ca\/?page_id=7160"},"modified":"2026-02-06T15:21:12","modified_gmt":"2026-02-06T20:21:12","slug":"speaker-series-2024-2025","status":"publish","type":"page","link":"https:\/\/csdc-cecd.ca\/en\/speaker-series-2024-2025\/","title":{"rendered":"Speaker Series 2024-2025"},"content":{"rendered":"\n[et_pb_section fb_built=&#8221;1&#8243; _builder_version=&#8221;4.27.5&#8243; _module_preset=&#8221;default&#8221; global_colors_info=&#8221;{}&#8221; theme_builder_area=&#8221;post_content&#8221;][et_pb_row _builder_version=&#8221;4.27.5&#8243; _module_preset=&#8221;default&#8221; global_colors_info=&#8221;{}&#8221; theme_builder_area=&#8221;post_content&#8221;][et_pb_column type=&#8221;4_4&#8243; _builder_version=&#8221;4.27.5&#8243; _module_preset=&#8221;default&#8221; global_colors_info=&#8221;{}&#8221; theme_builder_area=&#8221;post_content&#8221;][et_pb_heading title=&#8221;Speaker Series 2024-2025&#8243; _builder_version=&#8221;4.27.5&#8243; _module_preset=&#8221;default&#8221; global_colors_info=&#8221;{}&#8221; theme_builder_area=&#8221;post_content&#8221;][\/et_pb_heading][\/et_pb_column][\/et_pb_row][et_pb_row column_structure=&#8221;1_3,1_3,1_3&#8243; _builder_version=&#8221;4.27.5&#8243; _module_preset=&#8221;default&#8221; global_colors_info=&#8221;{}&#8221; theme_builder_area=&#8221;post_content&#8221;][et_pb_column type=&#8221;1_3&#8243; _builder_version=&#8221;4.27.5&#8243; _module_preset=&#8221;default&#8221; global_colors_info=&#8221;{}&#8221; theme_builder_area=&#8221;post_content&#8221;][et_pb_video src=&#8221;https:\/\/www.youtube.com\/watch?v=adHzufLKeEM&#038;t=1s&#8221; _builder_version=&#8221;4.27.5&#8243; _module_preset=&#8221;default&#8221; global_colors_info=&#8221;{}&#8221; theme_builder_area=&#8221;post_content&#8221;][\/et_pb_video][et_pb_text _builder_version=&#8221;4.27.5&#8243; _module_preset=&#8221;default&#8221; theme_builder_area=&#8221;post_content&#8221;]<h2>March 21, 2025<\/h2>\n<p><span style=\"text-decoration: underline;\"><strong>Horacio Larreguy<\/strong><\/span> (Instituto Tecnol\u00f3gico Aut\u00f3nomo de M\u00e9xico, Mexique)<\/p>\n<p>Polarization and Exposure to Counter-Attitudinal Media in a Nondemocracy<\/p>[\/et_pb_text][\/et_pb_column][et_pb_column type=&#8221;1_3&#8243; _builder_version=&#8221;4.27.5&#8243; _module_preset=&#8221;default&#8221; global_colors_info=&#8221;{}&#8221; theme_builder_area=&#8221;post_content&#8221;][et_pb_video src=&#8221;https:\/\/www.youtube.com\/watch?v=4hwLbZmqh2M&#038;t=1s&#8221; _builder_version=&#8221;4.27.5&#8243; _module_preset=&#8221;default&#8221; global_colors_info=&#8221;{}&#8221; theme_builder_area=&#8221;post_content&#8221;][\/et_pb_video][et_pb_text _builder_version=&#8221;4.27.5&#8243; _module_preset=&#8221;default&#8221; theme_builder_area=&#8221;post_content&#8221;]<h2>March 21, 2025<\/h2>\n<p><span style=\"text-decoration: underline;\"><strong>Rafael Jimenez Dur\u00e0n<\/strong><\/span> (Universit\u00e0 Bocconi , Italie)<\/p>\n<p>(Dis)engagement with Politics: Evidence from Smartphone Content in the 2024 Elections, Coauthors: Guy Aridor, Ro\u2019ee Levy, Lena Song<\/p>[\/et_pb_text][\/et_pb_column][et_pb_column type=&#8221;1_3&#8243; _builder_version=&#8221;4.27.5&#8243; _module_preset=&#8221;default&#8221; global_colors_info=&#8221;{}&#8221; theme_builder_area=&#8221;post_content&#8221;][et_pb_video src=&#8221;https:\/\/www.youtube.com\/watch?v=9azblnC2Mtk&#8221; _builder_version=&#8221;4.27.5&#8243; _module_preset=&#8221;default&#8221; global_colors_info=&#8221;{}&#8221; theme_builder_area=&#8221;post_content&#8221;][\/et_pb_video][et_pb_text _builder_version=&#8221;4.27.5&#8243; _module_preset=&#8221;default&#8221; theme_builder_area=&#8221;post_content&#8221;]<h2>December 13, 2024<\/h2>\n<p><span style=\"text-decoration: underline;\"><strong>J\u00f6rg Dollmann<\/strong><\/span> (German Centre for Integration and Migration Research DeZIM, Berlin, Germany; Mannheim Centre for European Social Research MZES, University of Mannheim, Germany)<\/p>\n<p>From Disparity to Promise: A New Perspective on Immigrant Integration in European Education<\/p>[\/et_pb_text][\/et_pb_column][\/et_pb_row][et_pb_row column_structure=&#8221;1_3,1_3,1_3&#8243; _builder_version=&#8221;4.27.5&#8243; _module_preset=&#8221;default&#8221; global_colors_info=&#8221;{}&#8221; theme_builder_area=&#8221;post_content&#8221;][et_pb_column type=&#8221;1_3&#8243; _builder_version=&#8221;4.27.5&#8243; _module_preset=&#8221;default&#8221; global_colors_info=&#8221;{}&#8221; theme_builder_area=&#8221;post_content&#8221;][et_pb_video src=&#8221;https:\/\/www.youtube.com\/watch?v=IqdO5ge79c4&#8243; _builder_version=&#8221;4.27.5&#8243; _module_preset=&#8221;default&#8221; hover_enabled=&#8221;0&#8243; global_colors_info=&#8221;{}&#8221; theme_builder_area=&#8221;post_content&#8221; sticky_enabled=&#8221;0&#8243;][\/et_pb_video][et_pb_text _builder_version=&#8221;4.27.5&#8243; _module_preset=&#8221;default&#8221; theme_builder_area=&#8221;post_content&#8221;]<h2>December 13, 2024<\/h2>\n<p><span style=\"text-decoration: underline;\"><strong>Roberto Carlos<\/strong><\/span> (Universiy of Texas at Austin)<\/p>\n<p>Socialization Reimagined: How Information, Obligation, and Agency Drive the Political Socialization of Latinx Immigrants and Their Children<\/p>[\/et_pb_text][\/et_pb_column][et_pb_column type=&#8221;1_3&#8243; _builder_version=&#8221;4.27.5&#8243; _module_preset=&#8221;default&#8221; global_colors_info=&#8221;{}&#8221; theme_builder_area=&#8221;post_content&#8221;][et_pb_video src=&#8221;https:\/\/www.youtube.com\/watch?v=3COElYg-UlE&#8221; _builder_version=&#8221;4.27.5&#8243; _module_preset=&#8221;default&#8221; global_colors_info=&#8221;{}&#8221; theme_builder_area=&#8221;post_content&#8221;][\/et_pb_video][et_pb_text _builder_version=&#8221;4.27.5&#8243; _module_preset=&#8221;default&#8221; theme_builder_area=&#8221;post_content&#8221;]<h2>December 13, 2024<\/h2>\n<p><span style=\"text-decoration: underline;\"><strong>Karen Phalet<\/strong><\/span> (Faculty of Psychology and Educational Sciences, University of Leuven)<\/p>\n<p>The integration paradox revisited: Studying intercultural ideologies, norms and experiences of Muslim minorities in Europe<\/p>[\/et_pb_text][\/et_pb_column][et_pb_column type=&#8221;1_3&#8243; _builder_version=&#8221;4.27.5&#8243; _module_preset=&#8221;default&#8221; global_colors_info=&#8221;{}&#8221; theme_builder_area=&#8221;post_content&#8221;][et_pb_video src=&#8221;https:\/\/www.youtube.com\/watch?v=8WB0-EAzjlg&#8221; _builder_version=&#8221;4.27.5&#8243; _module_preset=&#8221;default&#8221; global_colors_info=&#8221;{}&#8221; theme_builder_area=&#8221;post_content&#8221;][\/et_pb_video][et_pb_text _builder_version=&#8221;4.27.5&#8243; _module_preset=&#8221;default&#8221; theme_builder_area=&#8221;post_content&#8221;]<h2>November 26, 2024<\/h2>\n<p><span style=\"text-decoration: underline;\"><strong>Julia Cag\u00e9<\/strong><\/span> (Science Po, Paris)<\/p>\n<p>In\u00e9galt\u00e9s politiques<\/p>[\/et_pb_text][\/et_pb_column][\/et_pb_row][\/et_pb_section]\n","protected":false},"excerpt":{"rendered":"<p>March 21, 2025 Horacio Larreguy (Instituto Tecnol\u00f3gico Aut\u00f3nomo de M\u00e9xico, Mexique) Polarization and Exposure to Counter-Attitudinal Media in a NondemocracyMarch 21, 2025 Rafael Jimenez Dur\u00e0n (Universit\u00e0 Bocconi , Italie) (Dis)engagement with Politics: Evidence from Smartphone Content in the 2024 Elections, Coauthors: Guy Aridor, Ro\u2019ee Levy, Lena SongDecember 13, 2024 J\u00f6rg Dollmann (German Centre for Integration [&hellip;]<\/p>\n","protected":false},"author":1,"featured_media":0,"parent":0,"menu_order":0,"comment_status":"closed","ping_status":"closed","template":"","meta":{"_et_pb_use_builder":"on","_et_pb_old_content":"","_et_gb_content_width":"","footnotes":""},"class_list":["post-7160","page","type-page","status-publish","hentry"],"yoast_head":"<!-- This site is optimized with the Yoast SEO plugin v27.4 - https:\/\/yoast.com\/product\/yoast-seo-wordpress\/ -->\n<title>Speaker Series 2024-2025 - CECD - Centre pour l&#039;\u00e9tude de la citoyennet\u00e9 d\u00e9mocratique<\/title>\n<meta name=\"robots\" content=\"index, follow, max-snippet:-1, max-image-preview:large, max-video-preview:-1\" \/>\n<link rel=\"canonical\" href=\"https:\/\/csdc-cecd.ca\/en\/speaker-series-2024-2025\/\" \/>\n<meta property=\"og:locale\" content=\"en_US\" \/>\n<meta property=\"og:type\" content=\"article\" \/>\n<meta property=\"og:title\" content=\"Speaker Series 2024-2025 - CECD - Centre pour l&#039;\u00e9tude de la citoyennet\u00e9 d\u00e9mocratique\" \/>\n<meta property=\"og:description\" content=\"March 21, 2025 Horacio Larreguy (Instituto Tecnol\u00f3gico Aut\u00f3nomo de M\u00e9xico, Mexique) Polarization and Exposure to Counter-Attitudinal Media in a NondemocracyMarch 21, 2025 Rafael Jimenez Dur\u00e0n (Universit\u00e0 Bocconi , Italie) (Dis)engagement with Politics: Evidence from Smartphone Content in the 2024 Elections, Coauthors: Guy Aridor, Ro\u2019ee Levy, Lena SongDecember 13, 2024 J\u00f6rg Dollmann (German Centre for Integration [&hellip;]\" \/>\n<meta property=\"og:url\" content=\"https:\/\/csdc-cecd.ca\/en\/speaker-series-2024-2025\/\" \/>\n<meta property=\"og:site_name\" content=\"CECD - Centre pour l&#039;\u00e9tude de la citoyennet\u00e9 d\u00e9mocratique\" \/>\n<meta property=\"article:modified_time\" content=\"2026-02-06T20:21:12+00:00\" \/>\n<meta name=\"twitter:card\" content=\"summary_large_image\" \/>\n<meta name=\"twitter:label1\" content=\"Est. reading time\" \/>\n\t<meta name=\"twitter:data1\" content=\"2 minutes\" \/>\n<script type=\"application\/ld+json\" class=\"yoast-schema-graph\">{\"@context\":\"https:\\\/\\\/schema.org\",\"@graph\":[{\"@type\":\"WebPage\",\"@id\":\"https:\\\/\\\/csdc-cecd.ca\\\/en\\\/speaker-series-2024-2025\\\/\",\"url\":\"https:\\\/\\\/csdc-cecd.ca\\\/en\\\/speaker-series-2024-2025\\\/\",\"name\":\"Speaker Series 2024-2025 - CECD - Centre pour l&#039;\u00e9tude de la citoyennet\u00e9 d\u00e9mocratique\",\"isPartOf\":{\"@id\":\"https:\\\/\\\/csdc-cecd.ca\\\/#website\"},\"datePublished\":\"2026-02-06T16:46:37+00:00\",\"dateModified\":\"2026-02-06T20:21:12+00:00\",\"breadcrumb\":{\"@id\":\"https:\\\/\\\/csdc-cecd.ca\\\/en\\\/speaker-series-2024-2025\\\/#breadcrumb\"},\"inLanguage\":\"en-US\",\"potentialAction\":[{\"@type\":\"ReadAction\",\"target\":[\"https:\\\/\\\/csdc-cecd.ca\\\/en\\\/speaker-series-2024-2025\\\/\"]}]},{\"@type\":\"BreadcrumbList\",\"@id\":\"https:\\\/\\\/csdc-cecd.ca\\\/en\\\/speaker-series-2024-2025\\\/#breadcrumb\",\"itemListElement\":[{\"@type\":\"ListItem\",\"position\":1,\"name\":\"Accueil\",\"item\":\"https:\\\/\\\/csdc-cecd.ca\\\/en\\\/\"},{\"@type\":\"ListItem\",\"position\":2,\"name\":\"Speaker Series 2024-2025\"}]},{\"@type\":\"WebSite\",\"@id\":\"https:\\\/\\\/csdc-cecd.ca\\\/#website\",\"url\":\"https:\\\/\\\/csdc-cecd.ca\\\/\",\"name\":\"CECD - Centre pour l&#039;\u00e9tude de la citoyennet\u00e9 d\u00e9mocratique\",\"description\":\"\",\"potentialAction\":[{\"@type\":\"SearchAction\",\"target\":{\"@type\":\"EntryPoint\",\"urlTemplate\":\"https:\\\/\\\/csdc-cecd.ca\\\/?s={search_term_string}\"},\"query-input\":{\"@type\":\"PropertyValueSpecification\",\"valueRequired\":true,\"valueName\":\"search_term_string\"}}],\"inLanguage\":\"en-US\"}]}<\/script>\n<!-- \/ Yoast SEO plugin. -->","yoast_head_json":{"title":"Speaker Series 2024-2025 - CECD - Centre pour l&#039;\u00e9tude de la citoyennet\u00e9 d\u00e9mocratique","robots":{"index":"index","follow":"follow","max-snippet":"max-snippet:-1","max-image-preview":"max-image-preview:large","max-video-preview":"max-video-preview:-1"},"canonical":"https:\/\/csdc-cecd.ca\/en\/speaker-series-2024-2025\/","og_locale":"en_US","og_type":"article","og_title":"Speaker Series 2024-2025 - CECD - Centre pour l&#039;\u00e9tude de la citoyennet\u00e9 d\u00e9mocratique","og_description":"March 21, 2025 Horacio Larreguy (Instituto Tecnol\u00f3gico Aut\u00f3nomo de M\u00e9xico, Mexique) Polarization and Exposure to Counter-Attitudinal Media in a NondemocracyMarch 21, 2025 Rafael Jimenez Dur\u00e0n (Universit\u00e0 Bocconi , Italie) (Dis)engagement with Politics: Evidence from Smartphone Content in the 2024 Elections, Coauthors: Guy Aridor, Ro\u2019ee Levy, Lena SongDecember 13, 2024 J\u00f6rg Dollmann (German Centre for Integration [&hellip;]","og_url":"https:\/\/csdc-cecd.ca\/en\/speaker-series-2024-2025\/","og_site_name":"CECD - Centre pour l&#039;\u00e9tude de la citoyennet\u00e9 d\u00e9mocratique","article_modified_time":"2026-02-06T20:21:12+00:00","twitter_card":"summary_large_image","twitter_misc":{"Est. reading time":"2 minutes"},"schema":{"@context":"https:\/\/schema.org","@graph":[{"@type":"WebPage","@id":"https:\/\/csdc-cecd.ca\/en\/speaker-series-2024-2025\/","url":"https:\/\/csdc-cecd.ca\/en\/speaker-series-2024-2025\/","name":"Speaker Series 2024-2025 - CECD - Centre pour l&#039;\u00e9tude de la citoyennet\u00e9 d\u00e9mocratique","isPartOf":{"@id":"https:\/\/csdc-cecd.ca\/#website"},"datePublished":"2026-02-06T16:46:37+00:00","dateModified":"2026-02-06T20:21:12+00:00","breadcrumb":{"@id":"https:\/\/csdc-cecd.ca\/en\/speaker-series-2024-2025\/#breadcrumb"},"inLanguage":"en-US","potentialAction":[{"@type":"ReadAction","target":["https:\/\/csdc-cecd.ca\/en\/speaker-series-2024-2025\/"]}]},{"@type":"BreadcrumbList","@id":"https:\/\/csdc-cecd.ca\/en\/speaker-series-2024-2025\/#breadcrumb","itemListElement":[{"@type":"ListItem","position":1,"name":"Accueil","item":"https:\/\/csdc-cecd.ca\/en\/"},{"@type":"ListItem","position":2,"name":"Speaker Series 2024-2025"}]},{"@type":"WebSite","@id":"https:\/\/csdc-cecd.ca\/#website","url":"https:\/\/csdc-cecd.ca\/","name":"CECD - Centre pour l&#039;\u00e9tude de la citoyennet\u00e9 d\u00e9mocratique","description":"","potentialAction":[{"@type":"SearchAction","target":{"@type":"EntryPoint","urlTemplate":"https:\/\/csdc-cecd.ca\/?s={search_term_string}"},"query-input":{"@type":"PropertyValueSpecification","valueRequired":true,"valueName":"search_term_string"}}],"inLanguage":"en-US"}]}},"_links":{"self":[{"href":"https:\/\/csdc-cecd.ca\/en\/wp-json\/wp\/v2\/pages\/7160","targetHints":{"allow":["GET"]}}],"collection":[{"href":"https:\/\/csdc-cecd.ca\/en\/wp-json\/wp\/v2\/pages"}],"about":[{"href":"https:\/\/csdc-cecd.ca\/en\/wp-json\/wp\/v2\/types\/page"}],"author":[{"embeddable":true,"href":"https:\/\/csdc-cecd.ca\/en\/wp-json\/wp\/v2\/users\/1"}],"replies":[{"embeddable":true,"href":"https:\/\/csdc-cecd.ca\/en\/wp-json\/wp\/v2\/comments?post=7160"}],"version-history":[{"count":3,"href":"https:\/\/csdc-cecd.ca\/en\/wp-json\/wp\/v2\/pages\/7160\/revisions"}],"predecessor-version":[{"id":7173,"href":"https:\/\/csdc-cecd.ca\/en\/wp-json\/wp\/v2\/pages\/7160\/revisions\/7173"}],"wp:attachment":[{"href":"https:\/\/csdc-cecd.ca\/en\/wp-json\/wp\/v2\/media?parent=7160"}],"curies":[{"name":"wp","href":"https:\/\/api.w.org\/{rel}","templated":true}]}}