{"id":7318,"date":"2026-03-06T09:35:55","date_gmt":"2026-03-06T14:35:55","guid":{"rendered":"https:\/\/csdc-cecd.ca\/?page_id=7318"},"modified":"2026-04-10T10:51:18","modified_gmt":"2026-04-10T14:51:18","slug":"2026-march","status":"publish","type":"page","link":"https:\/\/csdc-cecd.ca\/en\/2026-march\/","title":{"rendered":"2026 &#8211; March"},"content":{"rendered":"<p>[et_pb_section fb_built=&#8221;1&#8243; _builder_version=&#8221;4.27.5&#8243; _module_preset=&#8221;default&#8221; global_colors_info=&#8221;{}&#8221;][et_pb_row _builder_version=&#8221;4.27.5&#8243; _module_preset=&#8221;default&#8221; global_colors_info=&#8221;{}&#8221;][et_pb_column type=&#8221;4_4&#8243; _builder_version=&#8221;4.27.5&#8243; _module_preset=&#8221;default&#8221; global_colors_info=&#8221;{}&#8221;][et_pb_heading title=&#8221;Mar. 2026&#8243; _builder_version=&#8221;4.27.5&#8243; _module_preset=&#8221;default&#8221; global_colors_info=&#8221;{}&#8221;][\/et_pb_heading][\/et_pb_column][\/et_pb_row][et_pb_row _builder_version=&#8221;4.27.5&#8243; _module_preset=&#8221;default&#8221; global_colors_info=&#8221;{}&#8221;][et_pb_column type=&#8221;4_4&#8243; _builder_version=&#8221;4.27.5&#8243; _module_preset=&#8221;default&#8221; global_colors_info=&#8221;{}&#8221;][et_pb_toggle title=&#8221;Scientific Articles&#8221; _builder_version=&#8221;4.27.5&#8243; _module_preset=&#8221;default&#8221; global_colors_info=&#8221;{}&#8221;][\/et_pb_toggle][\/et_pb_column][\/et_pb_row][et_pb_row _builder_version=&#8221;4.27.5&#8243; _module_preset=&#8221;default&#8221; global_colors_info=&#8221;{}&#8221;][et_pb_column type=&#8221;4_4&#8243; _builder_version=&#8221;4.27.5&#8243; _module_preset=&#8221;default&#8221; global_colors_info=&#8221;{}&#8221;][et_pb_toggle title=&#8221;Book \/ Book chapter&#8221; _builder_version=&#8221;4.27.5&#8243; _module_preset=&#8221;default&#8221; global_colors_info=&#8221;{}&#8221;][\/et_pb_toggle][\/et_pb_column][\/et_pb_row][et_pb_row _builder_version=&#8221;4.27.5&#8243; _module_preset=&#8221;default&#8221; global_colors_info=&#8221;{}&#8221;][et_pb_column type=&#8221;4_4&#8243; _builder_version=&#8221;4.27.5&#8243; _module_preset=&#8221;default&#8221; global_colors_info=&#8221;{}&#8221;][et_pb_divider color=&#8221;#000000&#8243; _builder_version=&#8221;4.27.5&#8243; _module_preset=&#8221;default&#8221; global_colors_info=&#8221;{}&#8221;][\/et_pb_divider][\/et_pb_column][\/et_pb_row][et_pb_row _builder_version=&#8221;4.27.5&#8243; _module_preset=&#8221;default&#8221; global_colors_info=&#8221;{}&#8221;][et_pb_column type=&#8221;4_4&#8243; _builder_version=&#8221;4.27.5&#8243; _module_preset=&#8221;default&#8221; global_colors_info=&#8221;{}&#8221;][et_pb_toggle title=&#8221;Media&#8221; _builder_version=&#8221;4.27.6&#8243; _module_preset=&#8221;default&#8221; hover_enabled=&#8221;0&#8243; global_colors_info=&#8221;{}&#8221; sticky_enabled=&#8221;0&#8243;]<\/p>\n<p>Fran\u00e7ois G\u00e9lineau \u2013 Agence Universitaire de la Francophonie \u2013 2026|03|30<br \/><a href=\"https:\/\/www.auf.org\/intelligence-artificielle-les-universites-francophones-des-ameriques-accelerent-la-reflexion\/\">Intelligence artificielle : les universit\u00e9s francophones des Am\u00e9riques acc\u00e9l\u00e8rent la r\u00e9flexion<\/a><\/p>\n<p>\u00c9ric B\u00e9langer, Richard Nadeau \u2013 Universit\u00e9 Sherbrooke \u2013 2026|03|30<br \/><a href=\"https:\/\/www.usherbrooke.ca\/politique-appliquee\/actualites\/nouvelles\/details\/58046\">Une d\u00e9cennie de turbulences \u00e9lectorales au Qu\u00e9bec<\/a><\/p>\n<p>Evelyne Brie \u2013 Le Devoir \u2013 2026|03|26<br \/><a href=\"https:\/\/www.ledevoir.com\/actualites\/education\/966810\/canadiens-apprennent-pas-tous-meme-histoire-constate-etude\">Les Canadiens n\u2019apprennent pas tous la m\u00eame histoire, constate une \u00e9tude<\/a><\/p>\n<p>Claire Durand \u2013 Le Droit \u2013 2026|03|26<br \/><a href=\"https:\/\/www.ledevoir.com\/opinion\/editoriaux\/966798\/conversion-pcq-contradictions\">Une conversion au PCQ dans les contradictions<\/a><\/p>\n<p>Caroline Le Pennec \u2013 ProMarket \u2013 2026|03|24<br \/><a href=\"https:\/\/www.promarket.org\/2026\/03\/24\/how-bans-on-corporate-political-donations-influence-campaign-platforms\/\">How Bans on Corporate Political Donations Influence Campaign Platforms<\/a><\/p>\n<p>Claire Durand \u2013 Le Journal de Qu\u00e9bec \u2013 2026|03|24<br \/><a href=\"https:\/\/www.journaldequebec.com\/2026\/03\/24\/faut-il-interdire-les-transfuges-en-politique\">Faut-il interdire les transfuges en politique?<\/a><\/p>\n<p>Andr\u00e9 Blais \u2013 Le Devoir \u2013 2026|03|21<br \/><a href=\"https:\/\/www.ledevoir.com\/politique\/quebec\/964539\/pourquoi-quebecois-votent-ils-moins\">Pourquoi les Qu\u00e9b\u00e9cois votent-ils moins\u200a?<\/a><\/p>\n<p>Normand Landry \u2013 Le Devoir \u2013 2026|03|21<br \/><a href=\"https:\/\/www.ledevoir.com\/politique\/quebec\/964569\/eduquer-democratie-ere-numerique\">\u00c9duquer \u00e0 la d\u00e9mocratie \u00e0 l\u2019\u00e8re du num\u00e9rique<\/a><\/p>\n<p>Val\u00e9rie-Anne Mah\u00e9o \u2013 Le Devoir \u2013 2026|03|21<br \/><a href=\"https:\/\/www.ledevoir.com\/politique\/quebec\/964560\/elargir-options-vote-democratie-plus-inclusive\">\u00c9largir les options de vote pour une d\u00e9mocratie plus inclusive<\/a><\/p>\n<p>Emmanuel Choquette \u2013 Universit\u00e9 Sherbrooke \u2013 2026|03|21<br \/><a href=\"https:\/\/www.usherbrooke.ca\/dep-com\/actualites\/nouvelles\/details\/57865\">Quand \u00e9ducation, d\u00e9mocratie et vivre ensemble se rencontrent<\/a><\/p>\n<p>Olivier Jacques \u2013 Radio Canada \u2013 2026|03|20<br \/><a href=\"https:\/\/ici.radio-canada.ca\/nouvelle\/2240453\/revenu-minimum-ipe-sean-casey\">Sean Casey relance le d\u00e9bat sur le revenu minimum \u00e0 l\u2019\u00ce.-P.-\u00c9.<\/a><\/p>\n<p>Olivier Jacques \u2013 Radio Canada \u2013 2026|03|18<br \/><a href=\"https:\/\/ici.radio-canada.ca\/info\/2026\/calculateur-budget-quebec\/\">Voici o\u00f9 va votre argent<\/a><\/p>\n<p>Yannick Dufresne \u2013 En Beauce \u2013 2026|03|17<br \/><a href=\"https:\/\/www.enbeauce.com\/actualites-nationale\/don-cherry-les-conservateurs-continuent-de-recolter-des-signatures-poilievre-muet\/36756\">Don Cherry: les conservateurs continuent de r\u00e9colter des signatures; Poilievre muet<\/a><\/p>\n<p>Colette Brin \u2013 Radio Canada \u2013 2026|03|15<br \/><a href=\"https:\/\/ici.radio-canada.ca\/nouvelle\/2238920\/intelligence-artificielle-olympiques-paralympiques\">Entra\u00eeneur, monteur ou artiste, les diff\u00e9rents r\u00f4les de l\u2019IA aux Jeux de Milan-Cortina<\/a><\/p>\n<p>Val\u00e9rie-Anne Mah\u00e9o \u2013 St. Albert Gazette \u2013 2026|03|14<br \/><a href=\"https:\/\/www.stalbertgazette.com\/politics\/a-new-cafe-in-montreal-is-offering-its-patrons-a-taste-of-quebec-independence-12005095\">A new caf\u00e9 in Montreal is offering its patrons a taste of Quebec independence<\/a><\/p>\n<p>Yannick Dufresne \u2013 L\u2019Actualit\u00e9 \u2013 2026|03|04<a href=\"https:\/\/lactualite.com\/politique\/le-pq-tiendra-t-il-jusquaux-elections\/\"><br \/>Le PQ tiendra-t-il jusqu\u2019aux \u00e9lections ?<\/a><\/p>\n<p>Evelyn Brie \u2013 Le Devoir \u2013 2026|03|04<br \/><a href=\"https:\/\/www.ledevoir.com\/actualites\/societe\/961119\/independance-quebec-fait-jaser-micro-colloque-organisme-defense-francais\">L\u2019ind\u00e9pendance du Qu\u00e9bec fait jaser au microcolloque d\u2019un organisme de d\u00e9fense du fran\u00e7ais<\/a><\/p>\n<p>Evelyn Brie \u2013 Le Petit Journal \u2013 2026|03|04<br \/><a href=\"https:\/\/lepetitjournal.com\/montreal\/actualites\/50-ans-fcfa-relancent-dialogue-francophone-436754\">\u00c0 Montr\u00e9al, les 50 ans de la FCFA relancent le dialogue francophone<\/a><\/p>\n<p>Fenwick McKelvey \u2013 PressReader \u2013 2026|03|01<a href=\"https:\/\/www.pressreader.com\/canada\/the-globe-and-mail-ontario-edition\/20260228\/281625311785900\"><br \/>What do AI companies do when users tell chatbots their dark, violent thoughts?<\/a><\/p>\n<p>[\/et_pb_toggle][\/et_pb_column][\/et_pb_row][et_pb_row _builder_version=&#8221;4.27.5&#8243; _module_preset=&#8221;default&#8221; global_colors_info=&#8221;{}&#8221;][et_pb_column type=&#8221;4_4&#8243; _builder_version=&#8221;4.27.5&#8243; _module_preset=&#8221;default&#8221; global_colors_info=&#8221;{}&#8221;][et_pb_toggle title=&#8221;Podcast&#8221; _builder_version=&#8221;4.27.6&#8243; _module_preset=&#8221;default&#8221; hover_enabled=&#8221;0&#8243; global_colors_info=&#8221;{}&#8221; sticky_enabled=&#8221;0&#8243;]<\/p>\n<p>Evelyne Brie \u2013 95.7 KYK \u2013 2026|03|31<br \/><a href=\"https:\/\/www.957kyk.com\/audio\/767160\/de-profondes-disparites-entre-les-provinces-canadiennes\">De profondes disparit\u00e9s entre les provinces canadiennes<\/a><\/p>\n<p>Colette Brin \u2013 Le Droit \u2013 2026|03|23<br \/><a href=\"https:\/\/www.ledroit.com\/actualites\/2026\/03\/23\/trump-ia-guerres-le-festival-de-journalisme-de-carleton-sur-mer-revient-NZQ47PLDFFCR7IGCOO23SVCJSI\/\">Trump, IA, guerres&#8230; le Festival de journalisme de Carleton-sur-Mer revient<\/a><\/p>\n<p>Emmanuel Choquette \u2013 107.7 Estrie \u2013 2026|03|18<br \/><a href=\"https:\/\/www.fm1077.ca\/audio\/764087\/un-budget-presente-avec-le-depart-imminent-de-francois-legault\">Un budget pr\u00e9sent\u00e9 avec le d\u00e9part imminent de Fran\u00e7ois Legault<\/a><\/p>\n<p>Joanie Bouchard \u2013 Radio Canada \u2013 2026|03|06<br \/><a href=\"https:\/\/ici.radio-canada.ca\/nouvelle\/2235310\/sherbrooke-citoyen-ville-municipal-rais-kibonge\">Ra\u00efs Kibonge n\u2019est plus \u00e0 la t\u00eate de Sherbrooke citoyen<\/a><\/p>\n<p>[\/et_pb_toggle][\/et_pb_column][\/et_pb_row][et_pb_row _builder_version=&#8221;4.27.5&#8243; _module_preset=&#8221;default&#8221; global_colors_info=&#8221;{}&#8221;][et_pb_column type=&#8221;4_4&#8243; _builder_version=&#8221;4.27.5&#8243; _module_preset=&#8221;default&#8221; global_colors_info=&#8221;{}&#8221;][et_pb_toggle title=&#8221;Video&#8221; _builder_version=&#8221;4.27.5&#8243; _module_preset=&#8221;default&#8221; global_colors_info=&#8221;{}&#8221;][\/et_pb_toggle][\/et_pb_column][\/et_pb_row][\/et_pb_section]<\/p>\n","protected":false},"excerpt":{"rendered":"<p>Fran\u00e7ois G\u00e9lineau \u2013 Agence Universitaire de la Francophonie \u2013 2026|03|30Intelligence artificielle : les universit\u00e9s francophones des Am\u00e9riques acc\u00e9l\u00e8rent la r\u00e9flexion \u00c9ric B\u00e9langer, Richard Nadeau \u2013 Universit\u00e9 Sherbrooke \u2013 2026|03|30Une d\u00e9cennie de turbulences \u00e9lectorales au Qu\u00e9bec Evelyne Brie \u2013 Le Devoir \u2013 2026|03|26Les Canadiens n\u2019apprennent pas tous la m\u00eame histoire, constate une \u00e9tude Claire Durand \u2013 [&hellip;]<\/p>\n","protected":false},"author":1,"featured_media":0,"parent":0,"menu_order":0,"comment_status":"closed","ping_status":"closed","template":"","meta":{"_et_pb_use_builder":"on","_et_pb_old_content":"","_et_gb_content_width":"","footnotes":""},"class_list":["post-7318","page","type-page","status-publish","hentry"],"yoast_head":"<!-- This site is optimized with the Yoast SEO plugin v27.4 - https:\/\/yoast.com\/product\/yoast-seo-wordpress\/ -->\n<title>2026 - March - CECD - Centre pour l&#039;\u00e9tude de la citoyennet\u00e9 d\u00e9mocratique<\/title>\n<meta name=\"robots\" content=\"index, follow, max-snippet:-1, max-image-preview:large, max-video-preview:-1\" \/>\n<link rel=\"canonical\" href=\"https:\/\/csdc-cecd.ca\/2026-mars\/\" \/>\n<meta property=\"og:locale\" content=\"en_US\" \/>\n<meta property=\"og:type\" content=\"article\" \/>\n<meta property=\"og:title\" content=\"2026 - March - CECD - Centre pour l&#039;\u00e9tude de la citoyennet\u00e9 d\u00e9mocratique\" \/>\n<meta property=\"og:description\" content=\"Fran\u00e7ois G\u00e9lineau \u2013 Agence Universitaire de la Francophonie \u2013 2026|03|30Intelligence artificielle : les universit\u00e9s francophones des Am\u00e9riques acc\u00e9l\u00e8rent la r\u00e9flexion \u00c9ric B\u00e9langer, Richard Nadeau \u2013 Universit\u00e9 Sherbrooke \u2013 2026|03|30Une d\u00e9cennie de turbulences \u00e9lectorales au Qu\u00e9bec Evelyne Brie \u2013 Le Devoir \u2013 2026|03|26Les Canadiens n\u2019apprennent pas tous la m\u00eame histoire, constate une \u00e9tude Claire Durand \u2013 [&hellip;]\" \/>\n<meta property=\"og:url\" content=\"https:\/\/csdc-cecd.ca\/2026-mars\/\" \/>\n<meta property=\"og:site_name\" content=\"CECD - Centre pour l&#039;\u00e9tude de la citoyennet\u00e9 d\u00e9mocratique\" \/>\n<meta property=\"article:modified_time\" content=\"2026-04-10T14:51:18+00:00\" \/>\n<meta name=\"twitter:card\" content=\"summary_large_image\" \/>\n<script type=\"application\/ld+json\" class=\"yoast-schema-graph\">{\"@context\":\"https:\\\/\\\/schema.org\",\"@graph\":[{\"@type\":\"WebPage\",\"@id\":\"https:\\\/\\\/csdc-cecd.ca\\\/2026-mars\\\/\",\"url\":\"https:\\\/\\\/csdc-cecd.ca\\\/2026-mars\\\/\",\"name\":\"2026 - March - CECD - Centre pour l&#039;\u00e9tude de la citoyennet\u00e9 d\u00e9mocratique\",\"isPartOf\":{\"@id\":\"https:\\\/\\\/csdc-cecd.ca\\\/#website\"},\"datePublished\":\"2026-03-06T14:35:55+00:00\",\"dateModified\":\"2026-04-10T14:51:18+00:00\",\"breadcrumb\":{\"@id\":\"https:\\\/\\\/csdc-cecd.ca\\\/2026-mars\\\/#breadcrumb\"},\"inLanguage\":\"en-US\",\"potentialAction\":[{\"@type\":\"ReadAction\",\"target\":[\"https:\\\/\\\/csdc-cecd.ca\\\/2026-mars\\\/\"]}]},{\"@type\":\"BreadcrumbList\",\"@id\":\"https:\\\/\\\/csdc-cecd.ca\\\/2026-mars\\\/#breadcrumb\",\"itemListElement\":[{\"@type\":\"ListItem\",\"position\":1,\"name\":\"Accueil\",\"item\":\"https:\\\/\\\/csdc-cecd.ca\\\/en\\\/\"},{\"@type\":\"ListItem\",\"position\":2,\"name\":\"2026 &#8211; March\"}]},{\"@type\":\"WebSite\",\"@id\":\"https:\\\/\\\/csdc-cecd.ca\\\/#website\",\"url\":\"https:\\\/\\\/csdc-cecd.ca\\\/\",\"name\":\"CECD - Centre pour l&#039;\u00e9tude de la citoyennet\u00e9 d\u00e9mocratique\",\"description\":\"\",\"potentialAction\":[{\"@type\":\"SearchAction\",\"target\":{\"@type\":\"EntryPoint\",\"urlTemplate\":\"https:\\\/\\\/csdc-cecd.ca\\\/?s={search_term_string}\"},\"query-input\":{\"@type\":\"PropertyValueSpecification\",\"valueRequired\":true,\"valueName\":\"search_term_string\"}}],\"inLanguage\":\"en-US\"}]}<\/script>\n<!-- \/ Yoast SEO plugin. -->","yoast_head_json":{"title":"2026 - March - CECD - Centre pour l&#039;\u00e9tude de la citoyennet\u00e9 d\u00e9mocratique","robots":{"index":"index","follow":"follow","max-snippet":"max-snippet:-1","max-image-preview":"max-image-preview:large","max-video-preview":"max-video-preview:-1"},"canonical":"https:\/\/csdc-cecd.ca\/2026-mars\/","og_locale":"en_US","og_type":"article","og_title":"2026 - March - CECD - Centre pour l&#039;\u00e9tude de la citoyennet\u00e9 d\u00e9mocratique","og_description":"Fran\u00e7ois G\u00e9lineau \u2013 Agence Universitaire de la Francophonie \u2013 2026|03|30Intelligence artificielle : les universit\u00e9s francophones des Am\u00e9riques acc\u00e9l\u00e8rent la r\u00e9flexion \u00c9ric B\u00e9langer, Richard Nadeau \u2013 Universit\u00e9 Sherbrooke \u2013 2026|03|30Une d\u00e9cennie de turbulences \u00e9lectorales au Qu\u00e9bec Evelyne Brie \u2013 Le Devoir \u2013 2026|03|26Les Canadiens n\u2019apprennent pas tous la m\u00eame histoire, constate une \u00e9tude Claire Durand \u2013 [&hellip;]","og_url":"https:\/\/csdc-cecd.ca\/2026-mars\/","og_site_name":"CECD - Centre pour l&#039;\u00e9tude de la citoyennet\u00e9 d\u00e9mocratique","article_modified_time":"2026-04-10T14:51:18+00:00","twitter_card":"summary_large_image","schema":{"@context":"https:\/\/schema.org","@graph":[{"@type":"WebPage","@id":"https:\/\/csdc-cecd.ca\/2026-mars\/","url":"https:\/\/csdc-cecd.ca\/2026-mars\/","name":"2026 - March - CECD - Centre pour l&#039;\u00e9tude de la citoyennet\u00e9 d\u00e9mocratique","isPartOf":{"@id":"https:\/\/csdc-cecd.ca\/#website"},"datePublished":"2026-03-06T14:35:55+00:00","dateModified":"2026-04-10T14:51:18+00:00","breadcrumb":{"@id":"https:\/\/csdc-cecd.ca\/2026-mars\/#breadcrumb"},"inLanguage":"en-US","potentialAction":[{"@type":"ReadAction","target":["https:\/\/csdc-cecd.ca\/2026-mars\/"]}]},{"@type":"BreadcrumbList","@id":"https:\/\/csdc-cecd.ca\/2026-mars\/#breadcrumb","itemListElement":[{"@type":"ListItem","position":1,"name":"Accueil","item":"https:\/\/csdc-cecd.ca\/en\/"},{"@type":"ListItem","position":2,"name":"2026 &#8211; March"}]},{"@type":"WebSite","@id":"https:\/\/csdc-cecd.ca\/#website","url":"https:\/\/csdc-cecd.ca\/","name":"CECD - Centre pour l&#039;\u00e9tude de la citoyennet\u00e9 d\u00e9mocratique","description":"","potentialAction":[{"@type":"SearchAction","target":{"@type":"EntryPoint","urlTemplate":"https:\/\/csdc-cecd.ca\/?s={search_term_string}"},"query-input":{"@type":"PropertyValueSpecification","valueRequired":true,"valueName":"search_term_string"}}],"inLanguage":"en-US"}]}},"_links":{"self":[{"href":"https:\/\/csdc-cecd.ca\/en\/wp-json\/wp\/v2\/pages\/7318","targetHints":{"allow":["GET"]}}],"collection":[{"href":"https:\/\/csdc-cecd.ca\/en\/wp-json\/wp\/v2\/pages"}],"about":[{"href":"https:\/\/csdc-cecd.ca\/en\/wp-json\/wp\/v2\/types\/page"}],"author":[{"embeddable":true,"href":"https:\/\/csdc-cecd.ca\/en\/wp-json\/wp\/v2\/users\/1"}],"replies":[{"embeddable":true,"href":"https:\/\/csdc-cecd.ca\/en\/wp-json\/wp\/v2\/comments?post=7318"}],"version-history":[{"count":7,"href":"https:\/\/csdc-cecd.ca\/en\/wp-json\/wp\/v2\/pages\/7318\/revisions"}],"predecessor-version":[{"id":7654,"href":"https:\/\/csdc-cecd.ca\/en\/wp-json\/wp\/v2\/pages\/7318\/revisions\/7654"}],"wp:attachment":[{"href":"https:\/\/csdc-cecd.ca\/en\/wp-json\/wp\/v2\/media?parent=7318"}],"curies":[{"name":"wp","href":"https:\/\/api.w.org\/{rel}","templated":true}]}}