{"id":7520,"date":"2026-03-23T10:25:16","date_gmt":"2026-03-23T14:25:16","guid":{"rendered":"https:\/\/csdc-cecd.ca\/la-crise-des-democraties-quel-role-pour-les-politologues\/"},"modified":"2026-03-30T14:58:30","modified_gmt":"2026-03-30T18:58:30","slug":"la-crise-des-democraties-quel-role-pour-les-politologues","status":"publish","type":"page","link":"https:\/\/csdc-cecd.ca\/en\/la-crise-des-democraties-quel-role-pour-les-politologues\/","title":{"rendered":"La crise des d\u00e9mocraties: quel r\u00f4le pour les politologues?"},"content":{"rendered":"<p>[et_pb_section fb_built=&#8221;1&#8243; _builder_version=&#8221;4.27.6&#8243; _module_preset=&#8221;default&#8221; global_colors_info=&#8221;{}&#8221;][et_pb_row _builder_version=&#8221;4.27.6&#8243; _module_preset=&#8221;default&#8221; global_colors_info=&#8221;{}&#8221;][et_pb_column type=&#8221;4_4&#8243; _builder_version=&#8221;4.27.6&#8243; _module_preset=&#8221;default&#8221; global_colors_info=&#8221;{}&#8221;][et_pb_image src=&#8221;https:\/\/csdc-cecd.ca\/wp-content\/uploads\/2026\/03\/La-crise-des-democraties_-quel-role-pour-les-politologues.png&#8221; _builder_version=&#8221;4.27.6&#8243; _module_preset=&#8221;default&#8221; title_text=&#8221;La crise des d\u00e9mocraties_ quel r\u00f4le pour les politologues&#8221; hover_enabled=&#8221;0&#8243; sticky_enabled=&#8221;0&#8243;][\/et_pb_image][et_pb_text _builder_version=&#8221;4.27.6&#8243; _module_preset=&#8221;default&#8221; global_colors_info=&#8221;{}&#8221;]<\/p>\n<p>Organis\u00e9e par le SQSP et le D\u00e9partement des sciences politiques de l\u2019Universit\u00e9 de Montr\u00e9al en collaboration avec le Centre d\u2019\u00e9tudes sur la citoyennet\u00e9 d\u00e9mocratique (C\u00c9CD)<\/p>\n<p><strong>Table ronde\u00a0: La crise des d\u00e9mocraties: quel r\u00f4le pour les politologues?<\/strong><\/p>\n<p>Quand : 5 mai 2026, 12h30 &#8211; 13h45<br \/>Ou :\u00a0<a href=\"https:\/\/www.google.com\/maps\/place\/Universit%C3%A9+de+Montr%C3%A9al+-+Campus+MIL\/@45.5231104,-73.6222354,17z\/data=!3m1!4b1!4m6!3m5!1s0x4cc9199fe37a36dd:0xcfd3c8d7ac8d70f8!8m2!3d45.5231104!4d-73.6196605!16s%2Fg%2F11c50q2zp0?entry=ttu&amp;g_ep=EgoyMDI2MDMxOC4xIKXMDSoASAFQAw%3D%3D\">Complexe des sciences \u2013 campus MIL, Salle B1007,\u00a01375, ave Th\u00e9r\u00e8se-Lavoie-RouxM Montr\u00e9al, QC H2V 0B3<\/a><\/p>\n<p>Comment enseigner, faire de la recherche et intervenir dans l\u2019espace public lorsque l\u2019actualit\u00e9 impose l\u2019urgence ? La crise contemporaine des d\u00e9mocraties interpelle directement la science politique : ses objets, ses m\u00e9thodes, mais aussi sa place dans la vie collective. Entre le retrait prudent dans la proverbiale \u00ab tour d\u2019ivoire \u00bb et l\u2019engagement dans des d\u00e9bats parfois r\u00e9duits \u00e0 des lignes de front, les politologues sont confront\u00e9s \u00e0 des choix complexes, travers\u00e9s par des tensions \u00e9thiques, professionnelles et civiques. Cette table ronde propose un espace de discussion sur les responsabilit\u00e9s, les risques et les formes possibles de l\u2019engagement des universitaires aujourd\u2019hui, afin de r\u00e9fl\u00e9chir collectivement \u00e0 la pertinence et au r\u00f4le de la science politique dans un monde marqu\u00e9 par l\u2019incertitude, la conflictualit\u00e9 et la remise en cause des fondements m\u00eames du d\u00e9bat d\u00e9mocratique.<\/p>\n<p>Animation: Martin Papillon, professeur titulaire, Universit\u00e9 de Montr\u00e9al et Pr\u00e9sident de la SQSP<\/p>\n<p>\u00a0Participant.es confirm\u00e9.es:<\/p>\n<ul>\n<li>Ma\u00efka Sondarjee, Professeure agr\u00e9g\u00e9e, \u00c9cole de d\u00e9veloppement international et mondialisation, Universit\u00e9 d&#8217;Ottawa<\/li>\n<li>Fr\u00e9d\u00e9ric M\u00e9rand, Professeur titulaire, D\u00e9partement de science politique, Universit\u00e9 de Montr\u00e9al<\/li>\n<li>Allison Harell, Professeure titulaire, D\u00e9partement de science politique, UQAM<\/li>\n<li>Sule Tomkinson, Professeure agr\u00e9g\u00e9e, D\u00e9partement de science politique, Universit\u00e9 Laval<\/li>\n<\/ul>\n<p>[\/et_pb_text][\/et_pb_column][\/et_pb_row][\/et_pb_section]<\/p>\n","protected":false},"excerpt":{"rendered":"<p>Organis\u00e9e par le SQSP et le D\u00e9partement des sciences politiques de l\u2019Universit\u00e9 de Montr\u00e9al en collaboration avec le Centre d\u2019\u00e9tudes sur la citoyennet\u00e9 d\u00e9mocratique (C\u00c9CD) Table ronde\u00a0: La crise des d\u00e9mocraties: quel r\u00f4le pour les politologues? Quand : 5 mai 2026, 12h30 &#8211; 13h45Ou :\u00a0Complexe des sciences \u2013 campus MIL, Salle B1007,\u00a01375, ave Th\u00e9r\u00e8se-Lavoie-RouxM Montr\u00e9al, [&hellip;]<\/p>\n","protected":false},"author":1,"featured_media":0,"parent":0,"menu_order":0,"comment_status":"closed","ping_status":"closed","template":"","meta":{"_et_pb_use_builder":"on","_et_pb_old_content":"","_et_gb_content_width":"","footnotes":""},"class_list":["post-7520","page","type-page","status-publish","hentry"],"yoast_head":"<!-- This site is optimized with the Yoast SEO plugin v27.4 - https:\/\/yoast.com\/product\/yoast-seo-wordpress\/ -->\n<title>La crise des d\u00e9mocraties: quel r\u00f4le pour les politologues? - CECD - Centre pour l&#039;\u00e9tude de la citoyennet\u00e9 d\u00e9mocratique<\/title>\n<meta name=\"robots\" content=\"index, follow, max-snippet:-1, max-image-preview:large, max-video-preview:-1\" \/>\n<link rel=\"canonical\" href=\"https:\/\/csdc-cecd.ca\/la-crise-des-democraties-quel-role-pour-les-politologues\/\" \/>\n<meta property=\"og:locale\" content=\"en_US\" \/>\n<meta property=\"og:type\" content=\"article\" \/>\n<meta property=\"og:title\" content=\"La crise des d\u00e9mocraties: quel r\u00f4le pour les politologues? - CECD - Centre pour l&#039;\u00e9tude de la citoyennet\u00e9 d\u00e9mocratique\" \/>\n<meta property=\"og:description\" content=\"Organis\u00e9e par le SQSP et le D\u00e9partement des sciences politiques de l\u2019Universit\u00e9 de Montr\u00e9al en collaboration avec le Centre d\u2019\u00e9tudes sur la citoyennet\u00e9 d\u00e9mocratique (C\u00c9CD) Table ronde\u00a0: La crise des d\u00e9mocraties: quel r\u00f4le pour les politologues? Quand : 5 mai 2026, 12h30 - 13h45Ou :\u00a0Complexe des sciences \u2013 campus MIL, Salle B1007,\u00a01375, ave Th\u00e9r\u00e8se-Lavoie-RouxM Montr\u00e9al, [&hellip;]\" \/>\n<meta property=\"og:url\" content=\"https:\/\/csdc-cecd.ca\/la-crise-des-democraties-quel-role-pour-les-politologues\/\" \/>\n<meta property=\"og:site_name\" content=\"CECD - Centre pour l&#039;\u00e9tude de la citoyennet\u00e9 d\u00e9mocratique\" \/>\n<meta property=\"article:modified_time\" content=\"2026-03-30T18:58:30+00:00\" \/>\n<meta name=\"twitter:card\" content=\"summary_large_image\" \/>\n<meta name=\"twitter:label1\" content=\"Est. reading time\" \/>\n\t<meta name=\"twitter:data1\" content=\"2 minutes\" \/>\n<script type=\"application\/ld+json\" class=\"yoast-schema-graph\">{\"@context\":\"https:\\\/\\\/schema.org\",\"@graph\":[{\"@type\":\"WebPage\",\"@id\":\"https:\\\/\\\/csdc-cecd.ca\\\/la-crise-des-democraties-quel-role-pour-les-politologues\\\/\",\"url\":\"https:\\\/\\\/csdc-cecd.ca\\\/la-crise-des-democraties-quel-role-pour-les-politologues\\\/\",\"name\":\"La crise des d\u00e9mocraties: quel r\u00f4le pour les politologues? - CECD - Centre pour l&#039;\u00e9tude de la citoyennet\u00e9 d\u00e9mocratique\",\"isPartOf\":{\"@id\":\"https:\\\/\\\/csdc-cecd.ca\\\/#website\"},\"datePublished\":\"2026-03-23T14:25:16+00:00\",\"dateModified\":\"2026-03-30T18:58:30+00:00\",\"breadcrumb\":{\"@id\":\"https:\\\/\\\/csdc-cecd.ca\\\/la-crise-des-democraties-quel-role-pour-les-politologues\\\/#breadcrumb\"},\"inLanguage\":\"en-US\",\"potentialAction\":[{\"@type\":\"ReadAction\",\"target\":[\"https:\\\/\\\/csdc-cecd.ca\\\/la-crise-des-democraties-quel-role-pour-les-politologues\\\/\"]}]},{\"@type\":\"BreadcrumbList\",\"@id\":\"https:\\\/\\\/csdc-cecd.ca\\\/la-crise-des-democraties-quel-role-pour-les-politologues\\\/#breadcrumb\",\"itemListElement\":[{\"@type\":\"ListItem\",\"position\":1,\"name\":\"Accueil\",\"item\":\"https:\\\/\\\/csdc-cecd.ca\\\/en\\\/\"},{\"@type\":\"ListItem\",\"position\":2,\"name\":\"La crise des d\u00e9mocraties: quel r\u00f4le pour les politologues?\"}]},{\"@type\":\"WebSite\",\"@id\":\"https:\\\/\\\/csdc-cecd.ca\\\/#website\",\"url\":\"https:\\\/\\\/csdc-cecd.ca\\\/\",\"name\":\"CECD - Centre pour l&#039;\u00e9tude de la citoyennet\u00e9 d\u00e9mocratique\",\"description\":\"\",\"potentialAction\":[{\"@type\":\"SearchAction\",\"target\":{\"@type\":\"EntryPoint\",\"urlTemplate\":\"https:\\\/\\\/csdc-cecd.ca\\\/?s={search_term_string}\"},\"query-input\":{\"@type\":\"PropertyValueSpecification\",\"valueRequired\":true,\"valueName\":\"search_term_string\"}}],\"inLanguage\":\"en-US\"}]}<\/script>\n<!-- \/ Yoast SEO plugin. -->","yoast_head_json":{"title":"La crise des d\u00e9mocraties: quel r\u00f4le pour les politologues? - CECD - Centre pour l&#039;\u00e9tude de la citoyennet\u00e9 d\u00e9mocratique","robots":{"index":"index","follow":"follow","max-snippet":"max-snippet:-1","max-image-preview":"max-image-preview:large","max-video-preview":"max-video-preview:-1"},"canonical":"https:\/\/csdc-cecd.ca\/la-crise-des-democraties-quel-role-pour-les-politologues\/","og_locale":"en_US","og_type":"article","og_title":"La crise des d\u00e9mocraties: quel r\u00f4le pour les politologues? - CECD - Centre pour l&#039;\u00e9tude de la citoyennet\u00e9 d\u00e9mocratique","og_description":"Organis\u00e9e par le SQSP et le D\u00e9partement des sciences politiques de l\u2019Universit\u00e9 de Montr\u00e9al en collaboration avec le Centre d\u2019\u00e9tudes sur la citoyennet\u00e9 d\u00e9mocratique (C\u00c9CD) Table ronde\u00a0: La crise des d\u00e9mocraties: quel r\u00f4le pour les politologues? Quand : 5 mai 2026, 12h30 - 13h45Ou :\u00a0Complexe des sciences \u2013 campus MIL, Salle B1007,\u00a01375, ave Th\u00e9r\u00e8se-Lavoie-RouxM Montr\u00e9al, [&hellip;]","og_url":"https:\/\/csdc-cecd.ca\/la-crise-des-democraties-quel-role-pour-les-politologues\/","og_site_name":"CECD - Centre pour l&#039;\u00e9tude de la citoyennet\u00e9 d\u00e9mocratique","article_modified_time":"2026-03-30T18:58:30+00:00","twitter_card":"summary_large_image","twitter_misc":{"Est. reading time":"2 minutes"},"schema":{"@context":"https:\/\/schema.org","@graph":[{"@type":"WebPage","@id":"https:\/\/csdc-cecd.ca\/la-crise-des-democraties-quel-role-pour-les-politologues\/","url":"https:\/\/csdc-cecd.ca\/la-crise-des-democraties-quel-role-pour-les-politologues\/","name":"La crise des d\u00e9mocraties: quel r\u00f4le pour les politologues? - CECD - Centre pour l&#039;\u00e9tude de la citoyennet\u00e9 d\u00e9mocratique","isPartOf":{"@id":"https:\/\/csdc-cecd.ca\/#website"},"datePublished":"2026-03-23T14:25:16+00:00","dateModified":"2026-03-30T18:58:30+00:00","breadcrumb":{"@id":"https:\/\/csdc-cecd.ca\/la-crise-des-democraties-quel-role-pour-les-politologues\/#breadcrumb"},"inLanguage":"en-US","potentialAction":[{"@type":"ReadAction","target":["https:\/\/csdc-cecd.ca\/la-crise-des-democraties-quel-role-pour-les-politologues\/"]}]},{"@type":"BreadcrumbList","@id":"https:\/\/csdc-cecd.ca\/la-crise-des-democraties-quel-role-pour-les-politologues\/#breadcrumb","itemListElement":[{"@type":"ListItem","position":1,"name":"Accueil","item":"https:\/\/csdc-cecd.ca\/en\/"},{"@type":"ListItem","position":2,"name":"La crise des d\u00e9mocraties: quel r\u00f4le pour les politologues?"}]},{"@type":"WebSite","@id":"https:\/\/csdc-cecd.ca\/#website","url":"https:\/\/csdc-cecd.ca\/","name":"CECD - Centre pour l&#039;\u00e9tude de la citoyennet\u00e9 d\u00e9mocratique","description":"","potentialAction":[{"@type":"SearchAction","target":{"@type":"EntryPoint","urlTemplate":"https:\/\/csdc-cecd.ca\/?s={search_term_string}"},"query-input":{"@type":"PropertyValueSpecification","valueRequired":true,"valueName":"search_term_string"}}],"inLanguage":"en-US"}]}},"_links":{"self":[{"href":"https:\/\/csdc-cecd.ca\/en\/wp-json\/wp\/v2\/pages\/7520","targetHints":{"allow":["GET"]}}],"collection":[{"href":"https:\/\/csdc-cecd.ca\/en\/wp-json\/wp\/v2\/pages"}],"about":[{"href":"https:\/\/csdc-cecd.ca\/en\/wp-json\/wp\/v2\/types\/page"}],"author":[{"embeddable":true,"href":"https:\/\/csdc-cecd.ca\/en\/wp-json\/wp\/v2\/users\/1"}],"replies":[{"embeddable":true,"href":"https:\/\/csdc-cecd.ca\/en\/wp-json\/wp\/v2\/comments?post=7520"}],"version-history":[{"count":2,"href":"https:\/\/csdc-cecd.ca\/en\/wp-json\/wp\/v2\/pages\/7520\/revisions"}],"predecessor-version":[{"id":7625,"href":"https:\/\/csdc-cecd.ca\/en\/wp-json\/wp\/v2\/pages\/7520\/revisions\/7625"}],"wp:attachment":[{"href":"https:\/\/csdc-cecd.ca\/en\/wp-json\/wp\/v2\/media?parent=7520"}],"curies":[{"name":"wp","href":"https:\/\/api.w.org\/{rel}","templated":true}]}}