{"id":7541,"date":"2026-03-25T10:28:54","date_gmt":"2026-03-25T14:28:54","guid":{"rendered":"https:\/\/csdc-cecd.ca\/penser-la-communication-politique-aujourdhui-1\/"},"modified":"2026-03-30T15:06:52","modified_gmt":"2026-03-30T19:06:52","slug":"penser-la-communication-politique-aujourdhui-1","status":"publish","type":"page","link":"https:\/\/csdc-cecd.ca\/en\/penser-la-communication-politique-aujourdhui-1\/","title":{"rendered":"Penser la communication politique aujourd\u2019hui 1"},"content":{"rendered":"<p>[et_pb_section fb_built=&#8221;1&#8243; _builder_version=&#8221;4.27.6&#8243; _module_preset=&#8221;default&#8221; global_colors_info=&#8221;{}&#8221;][et_pb_row _builder_version=&#8221;4.27.6&#8243; _module_preset=&#8221;default&#8221; global_colors_info=&#8221;{}&#8221;][et_pb_column type=&#8221;4_4&#8243; _builder_version=&#8221;4.27.6&#8243; _module_preset=&#8221;default&#8221; global_colors_info=&#8221;{}&#8221;][et_pb_image src=&#8221;https:\/\/csdc-cecd.ca\/wp-content\/uploads\/2026\/03\/Penser-la-communication-politique-aujourdhui.png&#8221; _builder_version=&#8221;4.27.6&#8243; _module_preset=&#8221;default&#8221; title_text=&#8221;Penser la communication politique aujourd\u2019hui&#8221; hover_enabled=&#8221;0&#8243; sticky_enabled=&#8221;0&#8243;][\/et_pb_image][et_pb_text _builder_version=&#8221;4.27.6&#8243; _module_preset=&#8221;default&#8221; global_colors_info=&#8221;{}&#8221;]<\/p>\n<p>Le\u00a0Centre pour l\u2019\u00e9tude de la citoyennet\u00e9 d\u00e9mocratique (C\u00c9CD) et <a href=\"https:\/\/www.grcp.ulaval.ca\/\">le Groupe de recherche en communication politique (GRCP)<\/a> co-organise dans le cadre du congr\u00e8s de la Soci\u00e9t\u00e9 qu\u00e9b\u00e9coise de science politique,<\/p>\n<p><strong>Penser la communication politique aujourd\u2019hui : th\u00e9ories, analyses et applications<\/strong><\/p>\n<p>Quand\u00a0: 6 mai (10h45 \u2013 17h15) et 7 mai (9h \u2013 12h15)<br \/>Ou\u00a0: <a href=\"https:\/\/www.google.com\/maps\/place\/Universit%C3%A9+de+Montr%C3%A9al+-+Campus+MIL\/@45.5231104,-73.6222354,17z\/data=!3m1!4b1!4m6!3m5!1s0x4cc9199fe37a36dd:0xcfd3c8d7ac8d70f8!8m2!3d45.5231104!4d-73.6196605!16s%2Fg%2F11c50q2zp0?entry=ttu&amp;g_ep=EgoyMDI2MDMxOC4xIKXMDSoASAFQAw%3D%3D\">Complexe des sciences \u2013 campus MIL, Salle B1007, 1375, ave Th\u00e9r\u00e8se-Lavoie-RouxM Montr\u00e9al, QC H2V 0B3<\/a><\/p>\n<p>Comment se porte le champ de la communication politique en 2026? \u00c0 quels d\u00e9fis et enjeux les chercheuses et chercheurs en la mati\u00e8re sont-ils confront\u00e9s? Comment est abord\u00e9e et pratiqu\u00e9e &#8220;la com pol&#8221; de nos jours? Cet atelier s\u2019inscrit dans la foul\u00e9e de la r\u00e9daction d&#8217;un ouvrage collectif sur la communication politique \u00e0 para\u00eetre aux Presses de l&#8217;Universit\u00e9 du Qu\u00e9bec (PUQ) en 2026. Le livre se veut un outil permettant de saisir, dans une perspective contemporaine et adapt\u00e9e au contexte de notre \u00e9poque, les bases th\u00e9oriques de la communication politique. Dans cette perspective, nous aborderons des th\u00e9matiques phares de la communication politique telles que les campagnes \u00e9lectorales ou les dynamiques partisanes. Nous \u00e9largirons \u00e9galement le spectre d\u2019analyse pour traiter d\u2019autres dimensions du champ, notamment les groupes de pression, la soci\u00e9t\u00e9 civile et les strat\u00e9gies discursives (le recours \u00e0 l\u2019humour en particulier). L\u2019atelier sera divis\u00e9 en trois axes principaux et cinq panels. L&#8217;Axe 1, &#8220;La communication des institutions politiques&#8221; traitera des fondements institutionnels de la &#8220;com pol&#8221;, notamment les partis politiques, les administrations publiques et les groupes de pression. Le second axe, \u00ab La couverture politique des m\u00e9dias \u00bb, proposera un \u00e9tat des lieux entourant la m\u00e9diatisation du politique et les d\u00e9fis auxquels les actrices et acteurs de cette relation &#8220;m\u00e9dias, d\u00e9cideurs et opinion publique&#8221; font face \u00e0 l&#8217;\u00e9poque actuelle. Enfin, dans l&#8217;axe 3, &#8220;Les citoyens et la communication politique&#8221;, ce sont les fonctions et les effets des diff\u00e9rentes formes de messages sur les attitudes et les comportements de l\u2019opinion publique\u2013pensons aux discours ou \u00e0 l&#8217;image\u2013 qui seront abord\u00e9s.<\/p>\n<p>[\/et_pb_text][\/et_pb_column][\/et_pb_row][et_pb_row column_structure=&#8221;1_3,1_3,1_3&#8243; _builder_version=&#8221;4.27.6&#8243; _module_preset=&#8221;default&#8221; global_colors_info=&#8221;{}&#8221;][et_pb_column type=&#8221;1_3&#8243; _builder_version=&#8221;4.27.6&#8243; _module_preset=&#8221;default&#8221; global_colors_info=&#8221;{}&#8221;][et_pb_text _builder_version=&#8221;4.27.6&#8243; _module_preset=&#8221;default&#8221;]<\/p>\n<p><strong>6 mai\u00a0: 10h45 \u2013 12h15 &#8211; La communication des institutions politiques<\/strong><\/p>\n<p>Ce panel traitera des fondements institutionnels de la &#8220;com pol&#8221;, notamment les partis politiques, les administrations publiques et les groupes de pression.<\/p>\n<p>Pr\u00e9sidence et commentaires : Thierry Giasson (Universit\u00e9 Laval)<\/p>\n<ul>\n<li>\u00c9ric Montigny (Universit\u00e9 Laval)<\/li>\n<li>Philippe Dubois (ENAP) et Camille Rancourt (ENAP)<\/li>\n<li>St\u00e9phanie Yates (UQAM)<\/li>\n<\/ul>\n<p>[\/et_pb_text][\/et_pb_column][et_pb_column type=&#8221;1_3&#8243; _builder_version=&#8221;4.27.6&#8243; _module_preset=&#8221;default&#8221; global_colors_info=&#8221;{}&#8221;][et_pb_text _builder_version=&#8221;4.27.6&#8243; _module_preset=&#8221;default&#8221;]<\/p>\n<p><strong>6 mai\u00a0: 14h \u2013 15h30 &#8211; La couverture politique des m\u00e9dias<\/strong><\/p>\n<p>Ce panel proposera un \u00e9tat des lieux entourant la m\u00e9diatisation du politique et les d\u00e9fis auxquels les actrices et acteurs de cette relation &#8220;m\u00e9dias, d\u00e9cideurs et opinion publique&#8221; font face \u00e0 l&#8217;\u00e9poque actuelle.<\/p>\n<p>&nbsp;<\/p>\n<p>Pr\u00e9sidence et commentaire : Catherine Ouellet (Universit\u00e9 de Montr\u00e9al)<\/p>\n<ul>\n<li>Marie Neihouser et Bader Ben Mansour (Universit\u00e9 Laval)<\/li>\n<li>Fr\u00e9d\u00e9rick Bastien (Universit\u00e9 de Montr\u00e9al)<\/li>\n<li>Colette Brin (Universit\u00e9 Laval)<\/li>\n<li>Marie-Eve Carignan (Universit\u00e9 de Sherbrooke) et Simon Thibault (Universit\u00e9 de Montr\u00e9al)<\/li>\n<li>Carol-Ann Rouillard (Universit\u00e9 de Sherbrooke) et Ingrid Sofia Rueda Mendoza (Universit\u00e9 de Sherbrooke)<\/li>\n<\/ul>\n<p>[\/et_pb_text][\/et_pb_column][et_pb_column type=&#8221;1_3&#8243; _builder_version=&#8221;4.27.6&#8243; _module_preset=&#8221;default&#8221; global_colors_info=&#8221;{}&#8221;][et_pb_text _builder_version=&#8221;4.27.6&#8243; _module_preset=&#8221;default&#8221;]<\/p>\n<p><strong>6 mai\u00a0: 15h45 \u2013 17h15 &#8211; Les citoyens et la communication politique<\/strong><\/p>\n<p>Ce panel abordera les fonctions et les effets des diff\u00e9rentes formes de messages sur les attitudes et les comportements de l\u2019opinion publique<\/p>\n<p>&nbsp;<\/p>\n<p>Pr\u00e9sidence et commentaire : Emmanuel Choquette (Universit\u00e9 de Sherbrooke)<\/p>\n<ul>\n<li>Catherine Ouellet (Universit\u00e9 de Montr\u00e9al) et Olivia Saffioti (Universit\u00e9 de Montr\u00e9al)<\/li>\n<li>Tania Gosselin (UQAM)<\/li>\n<li>Thierry Giasson (Universit\u00e9 Laval) et Manuel Quintin (Universit\u00e9 Laval)<\/li>\n<\/ul>\n<p>[\/et_pb_text][\/et_pb_column][\/et_pb_row][\/et_pb_section]<\/p>\n","protected":false},"excerpt":{"rendered":"<p>Le\u00a0Centre pour l\u2019\u00e9tude de la citoyennet\u00e9 d\u00e9mocratique (C\u00c9CD) et le Groupe de recherche en communication politique (GRCP) co-organise dans le cadre du congr\u00e8s de la Soci\u00e9t\u00e9 qu\u00e9b\u00e9coise de science politique, Penser la communication politique aujourd\u2019hui : th\u00e9ories, analyses et applications Quand\u00a0: 6 mai (10h45 \u2013 17h15) et 7 mai (9h \u2013 12h15)Ou\u00a0: Complexe des sciences [&hellip;]<\/p>\n","protected":false},"author":1,"featured_media":0,"parent":0,"menu_order":0,"comment_status":"closed","ping_status":"closed","template":"","meta":{"_et_pb_use_builder":"on","_et_pb_old_content":"","_et_gb_content_width":"","footnotes":""},"class_list":["post-7541","page","type-page","status-publish","hentry"],"yoast_head":"<!-- This site is optimized with the Yoast SEO plugin v27.4 - https:\/\/yoast.com\/product\/yoast-seo-wordpress\/ -->\n<title>Penser la communication politique aujourd\u2019hui 1 - CECD - Centre pour l&#039;\u00e9tude de la citoyennet\u00e9 d\u00e9mocratique<\/title>\n<meta name=\"robots\" content=\"index, follow, max-snippet:-1, max-image-preview:large, max-video-preview:-1\" \/>\n<link rel=\"canonical\" href=\"https:\/\/csdc-cecd.ca\/penser-la-communication-politique-aujourdhui-1\/\" \/>\n<meta property=\"og:locale\" content=\"en_US\" \/>\n<meta property=\"og:type\" content=\"article\" \/>\n<meta property=\"og:title\" content=\"Penser la communication politique aujourd\u2019hui 1 - CECD - Centre pour l&#039;\u00e9tude de la citoyennet\u00e9 d\u00e9mocratique\" \/>\n<meta property=\"og:description\" content=\"Le\u00a0Centre pour l\u2019\u00e9tude de la citoyennet\u00e9 d\u00e9mocratique (C\u00c9CD) et le Groupe de recherche en communication politique (GRCP) co-organise dans le cadre du congr\u00e8s de la Soci\u00e9t\u00e9 qu\u00e9b\u00e9coise de science politique, Penser la communication politique aujourd\u2019hui : th\u00e9ories, analyses et applications Quand\u00a0: 6 mai (10h45 \u2013 17h15) et 7 mai (9h \u2013 12h15)Ou\u00a0: Complexe des sciences [&hellip;]\" \/>\n<meta property=\"og:url\" content=\"https:\/\/csdc-cecd.ca\/penser-la-communication-politique-aujourdhui-1\/\" \/>\n<meta property=\"og:site_name\" content=\"CECD - Centre pour l&#039;\u00e9tude de la citoyennet\u00e9 d\u00e9mocratique\" \/>\n<meta property=\"article:modified_time\" content=\"2026-03-30T19:06:52+00:00\" \/>\n<meta name=\"twitter:card\" content=\"summary_large_image\" \/>\n<meta name=\"twitter:label1\" content=\"Est. reading time\" \/>\n\t<meta name=\"twitter:data1\" content=\"3 minutes\" \/>\n<script type=\"application\/ld+json\" class=\"yoast-schema-graph\">{\"@context\":\"https:\\\/\\\/schema.org\",\"@graph\":[{\"@type\":\"WebPage\",\"@id\":\"https:\\\/\\\/csdc-cecd.ca\\\/penser-la-communication-politique-aujourdhui-1\\\/\",\"url\":\"https:\\\/\\\/csdc-cecd.ca\\\/penser-la-communication-politique-aujourdhui-1\\\/\",\"name\":\"Penser la communication politique aujourd\u2019hui 1 - CECD - Centre pour l&#039;\u00e9tude de la citoyennet\u00e9 d\u00e9mocratique\",\"isPartOf\":{\"@id\":\"https:\\\/\\\/csdc-cecd.ca\\\/#website\"},\"datePublished\":\"2026-03-25T14:28:54+00:00\",\"dateModified\":\"2026-03-30T19:06:52+00:00\",\"breadcrumb\":{\"@id\":\"https:\\\/\\\/csdc-cecd.ca\\\/penser-la-communication-politique-aujourdhui-1\\\/#breadcrumb\"},\"inLanguage\":\"en-US\",\"potentialAction\":[{\"@type\":\"ReadAction\",\"target\":[\"https:\\\/\\\/csdc-cecd.ca\\\/penser-la-communication-politique-aujourdhui-1\\\/\"]}]},{\"@type\":\"BreadcrumbList\",\"@id\":\"https:\\\/\\\/csdc-cecd.ca\\\/penser-la-communication-politique-aujourdhui-1\\\/#breadcrumb\",\"itemListElement\":[{\"@type\":\"ListItem\",\"position\":1,\"name\":\"Accueil\",\"item\":\"https:\\\/\\\/csdc-cecd.ca\\\/en\\\/\"},{\"@type\":\"ListItem\",\"position\":2,\"name\":\"Penser la communication politique aujourd\u2019hui 1\"}]},{\"@type\":\"WebSite\",\"@id\":\"https:\\\/\\\/csdc-cecd.ca\\\/#website\",\"url\":\"https:\\\/\\\/csdc-cecd.ca\\\/\",\"name\":\"CECD - Centre pour l&#039;\u00e9tude de la citoyennet\u00e9 d\u00e9mocratique\",\"description\":\"\",\"potentialAction\":[{\"@type\":\"SearchAction\",\"target\":{\"@type\":\"EntryPoint\",\"urlTemplate\":\"https:\\\/\\\/csdc-cecd.ca\\\/?s={search_term_string}\"},\"query-input\":{\"@type\":\"PropertyValueSpecification\",\"valueRequired\":true,\"valueName\":\"search_term_string\"}}],\"inLanguage\":\"en-US\"}]}<\/script>\n<!-- \/ Yoast SEO plugin. -->","yoast_head_json":{"title":"Penser la communication politique aujourd\u2019hui 1 - CECD - Centre pour l&#039;\u00e9tude de la citoyennet\u00e9 d\u00e9mocratique","robots":{"index":"index","follow":"follow","max-snippet":"max-snippet:-1","max-image-preview":"max-image-preview:large","max-video-preview":"max-video-preview:-1"},"canonical":"https:\/\/csdc-cecd.ca\/penser-la-communication-politique-aujourdhui-1\/","og_locale":"en_US","og_type":"article","og_title":"Penser la communication politique aujourd\u2019hui 1 - CECD - Centre pour l&#039;\u00e9tude de la citoyennet\u00e9 d\u00e9mocratique","og_description":"Le\u00a0Centre pour l\u2019\u00e9tude de la citoyennet\u00e9 d\u00e9mocratique (C\u00c9CD) et le Groupe de recherche en communication politique (GRCP) co-organise dans le cadre du congr\u00e8s de la Soci\u00e9t\u00e9 qu\u00e9b\u00e9coise de science politique, Penser la communication politique aujourd\u2019hui : th\u00e9ories, analyses et applications Quand\u00a0: 6 mai (10h45 \u2013 17h15) et 7 mai (9h \u2013 12h15)Ou\u00a0: Complexe des sciences [&hellip;]","og_url":"https:\/\/csdc-cecd.ca\/penser-la-communication-politique-aujourdhui-1\/","og_site_name":"CECD - Centre pour l&#039;\u00e9tude de la citoyennet\u00e9 d\u00e9mocratique","article_modified_time":"2026-03-30T19:06:52+00:00","twitter_card":"summary_large_image","twitter_misc":{"Est. reading time":"3 minutes"},"schema":{"@context":"https:\/\/schema.org","@graph":[{"@type":"WebPage","@id":"https:\/\/csdc-cecd.ca\/penser-la-communication-politique-aujourdhui-1\/","url":"https:\/\/csdc-cecd.ca\/penser-la-communication-politique-aujourdhui-1\/","name":"Penser la communication politique aujourd\u2019hui 1 - CECD - Centre pour l&#039;\u00e9tude de la citoyennet\u00e9 d\u00e9mocratique","isPartOf":{"@id":"https:\/\/csdc-cecd.ca\/#website"},"datePublished":"2026-03-25T14:28:54+00:00","dateModified":"2026-03-30T19:06:52+00:00","breadcrumb":{"@id":"https:\/\/csdc-cecd.ca\/penser-la-communication-politique-aujourdhui-1\/#breadcrumb"},"inLanguage":"en-US","potentialAction":[{"@type":"ReadAction","target":["https:\/\/csdc-cecd.ca\/penser-la-communication-politique-aujourdhui-1\/"]}]},{"@type":"BreadcrumbList","@id":"https:\/\/csdc-cecd.ca\/penser-la-communication-politique-aujourdhui-1\/#breadcrumb","itemListElement":[{"@type":"ListItem","position":1,"name":"Accueil","item":"https:\/\/csdc-cecd.ca\/en\/"},{"@type":"ListItem","position":2,"name":"Penser la communication politique aujourd\u2019hui 1"}]},{"@type":"WebSite","@id":"https:\/\/csdc-cecd.ca\/#website","url":"https:\/\/csdc-cecd.ca\/","name":"CECD - Centre pour l&#039;\u00e9tude de la citoyennet\u00e9 d\u00e9mocratique","description":"","potentialAction":[{"@type":"SearchAction","target":{"@type":"EntryPoint","urlTemplate":"https:\/\/csdc-cecd.ca\/?s={search_term_string}"},"query-input":{"@type":"PropertyValueSpecification","valueRequired":true,"valueName":"search_term_string"}}],"inLanguage":"en-US"}]}},"_links":{"self":[{"href":"https:\/\/csdc-cecd.ca\/en\/wp-json\/wp\/v2\/pages\/7541","targetHints":{"allow":["GET"]}}],"collection":[{"href":"https:\/\/csdc-cecd.ca\/en\/wp-json\/wp\/v2\/pages"}],"about":[{"href":"https:\/\/csdc-cecd.ca\/en\/wp-json\/wp\/v2\/types\/page"}],"author":[{"embeddable":true,"href":"https:\/\/csdc-cecd.ca\/en\/wp-json\/wp\/v2\/users\/1"}],"replies":[{"embeddable":true,"href":"https:\/\/csdc-cecd.ca\/en\/wp-json\/wp\/v2\/comments?post=7541"}],"version-history":[{"count":2,"href":"https:\/\/csdc-cecd.ca\/en\/wp-json\/wp\/v2\/pages\/7541\/revisions"}],"predecessor-version":[{"id":7632,"href":"https:\/\/csdc-cecd.ca\/en\/wp-json\/wp\/v2\/pages\/7541\/revisions\/7632"}],"wp:attachment":[{"href":"https:\/\/csdc-cecd.ca\/en\/wp-json\/wp\/v2\/media?parent=7541"}],"curies":[{"name":"wp","href":"https:\/\/api.w.org\/{rel}","templated":true}]}}