{"id":7564,"date":"2026-03-26T08:23:55","date_gmt":"2026-03-26T12:23:55","guid":{"rendered":"https:\/\/csdc-cecd.ca\/la-science-politique-et-les-politiques-de-sante\/"},"modified":"2026-03-30T14:49:46","modified_gmt":"2026-03-30T18:49:46","slug":"la-science-politique-et-les-politiques-de-sante","status":"publish","type":"page","link":"https:\/\/csdc-cecd.ca\/en\/la-science-politique-et-les-politiques-de-sante\/","title":{"rendered":"La science politique et les politiques de sant\u00e9 1"},"content":{"rendered":"<p>[et_pb_section fb_built=&#8221;1&#8243; _builder_version=&#8221;4.27.6&#8243; _module_preset=&#8221;default&#8221; global_colors_info=&#8221;{}&#8221;][et_pb_row _builder_version=&#8221;4.27.6&#8243; _module_preset=&#8221;default&#8221; global_colors_info=&#8221;{}&#8221;][et_pb_column type=&#8221;4_4&#8243; _builder_version=&#8221;4.27.6&#8243; _module_preset=&#8221;default&#8221; global_colors_info=&#8221;{}&#8221;][et_pb_image src=&#8221;https:\/\/csdc-cecd.ca\/wp-content\/uploads\/2026\/03\/La-science-politique-et-les-politiques-de-sante-au-Quebec-et-ailleurs.png&#8221; _builder_version=&#8221;4.27.6&#8243; _module_preset=&#8221;default&#8221; title_text=&#8221;La science politique et les politiques de sant\u00e9 au Qu\u00e9bec et ailleurs&#8221; hover_enabled=&#8221;0&#8243; sticky_enabled=&#8221;0&#8243;][\/et_pb_image][et_pb_text _builder_version=&#8221;4.27.6&#8243; _module_preset=&#8221;default&#8221; global_colors_info=&#8221;{}&#8221;]<\/p>\n<p>Organis\u00e9e par le SQSP en collaboration avec le Centre d\u2019\u00e9tudes sur la citoyennet\u00e9 d\u00e9mocratique (C\u00c9CD)<\/p>\n<p><strong>La science politique et les politiques de sant\u00e9 au Qu\u00e9bec et ailleurs<\/strong><\/p>\n<p>Quand\u00a0: 5 mai (9h \u2013 17h15) et 6 mai (9h \u2013 10h30)<br \/>Ou\u00a0: <a href=\"https:\/\/www.google.com\/maps\/place\/Universit%C3%A9+de+Montr%C3%A9al+-+Campus+MIL\/@45.5231104,-73.6222354,17z\/data=!3m1!4b1!4m6!3m5!1s0x4cc9199fe37a36dd:0xcfd3c8d7ac8d70f8!8m2!3d45.5231104!4d-73.6196605!16s%2Fg%2F11c50q2zp0?entry=ttu&amp;g_ep=EgoyMDI2MDMxOC4xIKXMDSoASAFQAw%3D%3D\">Complexe des sciences \u2013 campus MIL, Salle B1007, 1375, ave Th\u00e9r\u00e8se-Lavoie-RouxM Montr\u00e9al, QC H2V 0B3<\/a><\/p>\n<p>La recherche en science politique et celle en politiques de sant\u00e9 ont traditionnellement \u00e9volu\u00e9 en parall\u00e8le, avec peu d&#8217;\u00e9changes fructueux entre ces deux domaines. Cette situation change rapidement, avec l&#8217;\u00e9mergence de travaux qui apportent des perspectives issues de la science politique \u00e0 la recherche en mati\u00e8re de soins, de services et de syst\u00e8mes de sant\u00e9. De plus, les travaux en politique de sant\u00e9 nourrissent le champ de l\u2019analyse des politiques publiques. Cet atelier vise \u00e0 apporter des perspectives th\u00e9oriques tir\u00e9es de la science politique pour expliquer des ph\u00e9nom\u00e8nes reli\u00e9s \u00e0 l\u2019organisation des soins, services, syst\u00e8mes et politiques de sant\u00e9 au Qu\u00e9bec et ailleurs.<\/p>\n<p>\u00a0Le premier axe porte sur la politisation des services de sant\u00e9. Alors que certains avancent que la sant\u00e9 est un enjeu plut\u00f4t consensuel, d\u2019autres proposent au contraire que la sant\u00e9 est empreinte de conflits politiques. Est-ce que certains groupes priorisent la sant\u00e9 plus que d\u2019autres? Est-ce que certains soins de sant\u00e9 participent au conflit politique? Comment les citoyens et les partis politiques contribuent-ils \u00e0 politiser la sant\u00e9?<\/p>\n<p>\u00a0Le deuxi\u00e8me axe porte sur la gouvernance de la sant\u00e9 publique. Il est centr\u00e9 sur les modes de structuration de la sant\u00e9 publique et \u00e0 comprendre quels m\u00e9canismes de gouvernance permettent d\u2019en pr\u00e9server et d\u2019en bonifier la place au sein des syst\u00e8mes de sant\u00e9. Par ailleurs, cet axe \u00e9tudie la perception de la cr\u00e9dibilit\u00e9 des diff\u00e9rentes organisations de sant\u00e9 publique, dans un contexte de m\u00e9fiance envers la science.<\/p>\n<p>\u00a0Le troisi\u00e8me axe porte sur l\u2019acc\u00e8s \u00e0 la premi\u00e8re ligne, un enjeu crucial du syst\u00e8me de sant\u00e9 au Qu\u00e9bec et au Canada. Comment favoriser l\u2019acc\u00e8s en prenant en compte l\u2019int\u00e9r\u00eat des diff\u00e9rentes parties prenantes? Les propositions incluses dans cet axe comparent l\u2019\u00e9volution des r\u00f4les professionnels et du champ de pratique des infirmi\u00e8res praticiennes sp\u00e9cialis\u00e9es entre les provinces et s\u2019int\u00e9ressent au r\u00f4le de m\u00e9diation jou\u00e9 par les organisations publiques et communautaires dans l\u2019acc\u00e8s aux soins.<\/p>\n<p>\u00a0L\u2019assurance maladie au Canada couvre uniquement une portion des diff\u00e9rents soins et services n\u00e9cessaires pour assurer la sant\u00e9 et le bien-\u00eatre d\u2019une personne. Le quatri\u00e8me axe se penche sur les d\u00e9fis de l\u2019expansion de la couverture publique au Canada. Il propose une comparaison interprovinciale des couvertures publiques et s\u2019int\u00e9resse \u00e0 l\u2019opinion publique sur la place du priv\u00e9 et sur l\u2019expansion de la couverture publique.<\/p>\n<p>Finalement, le cinqui\u00e8me axe porte sur les enjeux territoriaux des r\u00e9formes aux politiques de sant\u00e9. Pourquoi certaines provinces canadiennes d\u00e9cident-elles de centraliser davantage leur syst\u00e8me de sant\u00e9 alors que d\u2019autres le d\u00e9centralisent? Quels facteurs expliquent les in\u00e9galit\u00e9s territoriales dans l\u2019acc\u00e8s aux soins et ces in\u00e9galit\u00e9s refl\u00e8tent-elles aussi des caract\u00e9ristiques linguistiques?<\/p>\n<p>[\/et_pb_text][\/et_pb_column][\/et_pb_row][et_pb_row _builder_version=&#8221;4.27.6&#8243; _module_preset=&#8221;default&#8221;][et_pb_column _builder_version=&#8221;4.27.6&#8243; _module_preset=&#8221;default&#8221; type=&#8221;4_4&#8243;][\/et_pb_column][\/et_pb_row][et_pb_row column_structure=&#8221;1_2,1_2&#8243; _builder_version=&#8221;4.27.6&#8243; _module_preset=&#8221;default&#8221; global_colors_info=&#8221;{}&#8221;][et_pb_column type=&#8221;1_2&#8243; _builder_version=&#8221;4.27.6&#8243; _module_preset=&#8221;default&#8221; global_colors_info=&#8221;{}&#8221;][et_pb_text _builder_version=&#8221;4.27.6&#8243; _module_preset=&#8221;default&#8221;]<\/p>\n<p><strong>5 mai\u00a0: 9h \u2013 10h30 &#8211; La politisation de la sant\u00e9 <\/strong><\/p>\n<p>Mod\u00e9ration : \u00e0 venir<\/p>\n<ul>\n<li>Olivier Jacques et Marion Perrot (Universit\u00e9 de Montr\u00e9al). <em>L\u2019exceptionnalisme qu\u00e9b\u00e9cois en mati\u00e8re de m\u00e9decine priv\u00e9e<\/em><\/li>\n<li>Aliz\u00e9e Pillod (Universit\u00e9 de Montr\u00e9al). <em>Des cadres en synergie ? Ce que montre le cadre sant\u00e9 dans le discours m\u00e9diatique sur les changements climatiques<\/em><\/li>\n<li>Audrey L\u2019Esp\u00e9rance (\u00c9cole nationale d\u2019administration publique). <em>Participation citoyenne dans la gouvernance des crises en sant\u00e9 : dispositifs et strat\u00e9gies pour pr\u00e9venir, pr\u00e9parer, r\u00e9pondre et se r\u00e9tablir ensemble <\/em><\/li>\n<li>Jenna Quelch (University of Toronto). <em>Governing Reproduction: Administrative Discretion and Framing British Columbia\u2019s IVF Policy.<\/em><\/li>\n<\/ul>\n<p>[\/et_pb_text][\/et_pb_column][et_pb_column type=&#8221;1_2&#8243; _builder_version=&#8221;4.27.6&#8243; _module_preset=&#8221;default&#8221; global_colors_info=&#8221;{}&#8221;][et_pb_text _builder_version=&#8221;4.27.6&#8243; _module_preset=&#8221;default&#8221;]<\/p>\n<p><strong>5 mai\u00a0: 10h45 \u2013 12h15 &#8211; Gouvernance et politique de la sant\u00e9 publique <\/strong><\/p>\n<p>Mod\u00e9ration : \u00e0 venir<\/p>\n<ul>\n<li>\u00a0Antoine Lemor (Universit\u00e9 de Sherbrooke). <em>Science cr\u00e9dible, science influente ? Une mesure de la cr\u00e9dibilit\u00e9 attribu\u00e9e aux organisations de sant\u00e9 publique dans les m\u00e9dias canadiens<\/em><\/li>\n<li>Carole Clavier (Universit\u00e9 du Qu\u00e9bec \u00e0 Montr\u00e9al) et \u00c9lisabeth Martin (Universit\u00e9 Laval<em>). Quelle gouvernance de la sant\u00e9 publique soutient sa capacit\u00e9 d\u2019action? Une analyse compar\u00e9e<\/em><\/li>\n<li>Emna Ben Jelili (Universit\u00e9 de Montr\u00e9al), Emmanuelle Arpin (Universit\u00e9 de Montr\u00e9al), Jean-Louis Denis (University of Toronto), Alexandre Prud\u2019homme (CIRANO) et Olivier Jacques (Universit\u00e9 de Montr\u00e9al). <em>Le Qu\u00e9bec est-il \u00e0 la tra\u00eene ou \u00e0 l\u2019avant-garde en mati\u00e8re de d\u00e9penses de sant\u00e9 publique ? Une reclassification comparative des d\u00e9penses provinciales de sant\u00e9 publique au Canada.<\/em><\/li>\n<\/ul>\n<p>[\/et_pb_text][\/et_pb_column][\/et_pb_row][et_pb_row column_structure=&#8221;1_2,1_2&#8243; _builder_version=&#8221;4.27.6&#8243; _module_preset=&#8221;default&#8221; global_colors_info=&#8221;{}&#8221;][et_pb_column type=&#8221;1_2&#8243; _builder_version=&#8221;4.27.6&#8243; _module_preset=&#8221;default&#8221; global_colors_info=&#8221;{}&#8221;][et_pb_text _builder_version=&#8221;4.27.6&#8243; _module_preset=&#8221;default&#8221; global_colors_info=&#8221;{}&#8221;]<\/p>\n<p><strong>5 mai\u00a0: 14h \u2013 15h30 &#8211; La politique de la premi\u00e8re ligne <\/strong><\/p>\n<p>Mod\u00e9ration : \u00e0 venir<\/p>\n<ul>\n<li>Lara Gautier (Universit\u00e9 de Montr\u00e9al), Erica Di Ruggiero (University of Toronto), Nassera Touati (\u00c9cole nationale d\u2019administration publique). <em>Champions du lien vers les services et de la r\u00e9ponse sensible aux besoins des personnes r\u00e9fugi\u00e9es et en demande d\u2019asile : quel r\u00f4le pour les \u00ab interm\u00e9diaires de la premi\u00e8re ligne \u00bb ? <\/em><\/li>\n<li>Lisa Bellemare (Universit\u00e9 de Montr\u00e9al) et Iba Bamba. <em>Analyse comparative institutionnelle entre le Qu\u00e9bec et l\u2019Ontario : l\u2019implantation des infirmi\u00e8res praticiennes sp\u00e9cialis\u00e9es (IPS) en premi\u00e8re ligne <\/em><\/li>\n<li>Alexie Kim et Morgane Gabet (Universit\u00e9 de Montr\u00e9al). <em>Travailler autour des \u00ab fronti\u00e8res \u00bb (boundary organization, boundary work, boundary spanning) dans l&#8217;\u00e9laboration des politiques de sant\u00e9 et de services sociaux : une revue de la port\u00e9e<\/em><\/li>\n<\/ul>\n<p>[\/et_pb_text][\/et_pb_column][et_pb_column type=&#8221;1_2&#8243; _builder_version=&#8221;4.27.6&#8243; _module_preset=&#8221;default&#8221; global_colors_info=&#8221;{}&#8221;][et_pb_text _builder_version=&#8221;4.27.6&#8243; _module_preset=&#8221;default&#8221; global_colors_info=&#8221;{}&#8221;]<\/p>\n<p><strong>5 mai\u00a0: 15h45 \u2013 17h15 &#8211; L\u2019expansion de la couverture publique des soins de sant\u00e9 et le r\u00f4le du priv\u00e9 <\/strong><\/p>\n<p>\u00a0Mod\u00e9ration : \u00e0 venir<\/p>\n<ul>\n<li>Emmanuelle Arpin (Universit\u00e9 de Montr\u00e9al), Am\u00e9lie Quesnel-Vall\u00e9e (McGill University), Ally Hays-Alberstat (McGill University) et Jasmine V\u00e9zina (Universit\u00e9 de Montr\u00e9al). <em>Assurer une couverture universelle pour les soins dentaires au Canada : r\u00e9sultats d\u2019une s\u00e9rie de revues rapides sur les programmes dentaires provinciaux pour les enfants.<\/em><\/li>\n<li>Gabriel Gosselin et Olivier Jacques (Universit\u00e9 de Montr\u00e9al). <em>Les fondements politiques du soutien \u00e0 la couverture des soins psychologiques au Canada<\/em>.<\/li>\n<li>Olivier Jacques et Marion Perrot (Universit\u00e9 de Montr\u00e9al). <em>Les pr\u00e9f\u00e9rences pour la privatisation du syst\u00e8me de sant\u00e9 au Canada<\/em><\/li>\n<\/ul>\n<p>[\/et_pb_text][\/et_pb_column][\/et_pb_row][\/et_pb_section]<\/p>\n","protected":false},"excerpt":{"rendered":"<p>Organis\u00e9e par le SQSP en collaboration avec le Centre d\u2019\u00e9tudes sur la citoyennet\u00e9 d\u00e9mocratique (C\u00c9CD) La science politique et les politiques de sant\u00e9 au Qu\u00e9bec et ailleurs Quand\u00a0: 5 mai (9h \u2013 17h15) et 6 mai (9h \u2013 10h30)Ou\u00a0: Complexe des sciences \u2013 campus MIL, Salle B1007, 1375, ave Th\u00e9r\u00e8se-Lavoie-RouxM Montr\u00e9al, QC H2V 0B3 La [&hellip;]<\/p>\n","protected":false},"author":1,"featured_media":0,"parent":0,"menu_order":0,"comment_status":"closed","ping_status":"closed","template":"","meta":{"_et_pb_use_builder":"on","_et_pb_old_content":"","_et_gb_content_width":"","footnotes":""},"class_list":["post-7564","page","type-page","status-publish","hentry"],"yoast_head":"<!-- This site is optimized with the Yoast SEO plugin v27.4 - https:\/\/yoast.com\/product\/yoast-seo-wordpress\/ -->\n<title>La science politique et les politiques de sant\u00e9 1 - CECD - Centre pour l&#039;\u00e9tude de la citoyennet\u00e9 d\u00e9mocratique<\/title>\n<meta name=\"robots\" content=\"index, follow, max-snippet:-1, max-image-preview:large, max-video-preview:-1\" \/>\n<link rel=\"canonical\" href=\"https:\/\/csdc-cecd.ca\/en\/la-science-politique-et-les-politiques-de-sante\/\" \/>\n<meta property=\"og:locale\" content=\"en_US\" \/>\n<meta property=\"og:type\" content=\"article\" \/>\n<meta property=\"og:title\" content=\"La science politique et les politiques de sant\u00e9 1 - CECD - Centre pour l&#039;\u00e9tude de la citoyennet\u00e9 d\u00e9mocratique\" \/>\n<meta property=\"og:description\" content=\"Organis\u00e9e par le SQSP en collaboration avec le Centre d\u2019\u00e9tudes sur la citoyennet\u00e9 d\u00e9mocratique (C\u00c9CD) La science politique et les politiques de sant\u00e9 au Qu\u00e9bec et ailleurs Quand\u00a0: 5 mai (9h \u2013 17h15) et 6 mai (9h \u2013 10h30)Ou\u00a0: Complexe des sciences \u2013 campus MIL, Salle B1007, 1375, ave Th\u00e9r\u00e8se-Lavoie-RouxM Montr\u00e9al, QC H2V 0B3 La [&hellip;]\" \/>\n<meta property=\"og:url\" content=\"https:\/\/csdc-cecd.ca\/en\/la-science-politique-et-les-politiques-de-sante\/\" \/>\n<meta property=\"og:site_name\" content=\"CECD - Centre pour l&#039;\u00e9tude de la citoyennet\u00e9 d\u00e9mocratique\" \/>\n<meta property=\"article:modified_time\" content=\"2026-03-30T18:49:46+00:00\" \/>\n<meta name=\"twitter:card\" content=\"summary_large_image\" \/>\n<meta name=\"twitter:label1\" content=\"Est. reading time\" \/>\n\t<meta name=\"twitter:data1\" content=\"3 minutes\" \/>\n<script type=\"application\/ld+json\" class=\"yoast-schema-graph\">{\"@context\":\"https:\\\/\\\/schema.org\",\"@graph\":[{\"@type\":\"WebPage\",\"@id\":\"https:\\\/\\\/csdc-cecd.ca\\\/en\\\/la-science-politique-et-les-politiques-de-sante\\\/\",\"url\":\"https:\\\/\\\/csdc-cecd.ca\\\/en\\\/la-science-politique-et-les-politiques-de-sante\\\/\",\"name\":\"La science politique et les politiques de sant\u00e9 1 - CECD - Centre pour l&#039;\u00e9tude de la citoyennet\u00e9 d\u00e9mocratique\",\"isPartOf\":{\"@id\":\"https:\\\/\\\/csdc-cecd.ca\\\/#website\"},\"datePublished\":\"2026-03-26T12:23:55+00:00\",\"dateModified\":\"2026-03-30T18:49:46+00:00\",\"breadcrumb\":{\"@id\":\"https:\\\/\\\/csdc-cecd.ca\\\/en\\\/la-science-politique-et-les-politiques-de-sante\\\/#breadcrumb\"},\"inLanguage\":\"en-US\",\"potentialAction\":[{\"@type\":\"ReadAction\",\"target\":[\"https:\\\/\\\/csdc-cecd.ca\\\/en\\\/la-science-politique-et-les-politiques-de-sante\\\/\"]}]},{\"@type\":\"BreadcrumbList\",\"@id\":\"https:\\\/\\\/csdc-cecd.ca\\\/en\\\/la-science-politique-et-les-politiques-de-sante\\\/#breadcrumb\",\"itemListElement\":[{\"@type\":\"ListItem\",\"position\":1,\"name\":\"Accueil\",\"item\":\"https:\\\/\\\/csdc-cecd.ca\\\/en\\\/\"},{\"@type\":\"ListItem\",\"position\":2,\"name\":\"La science politique et les politiques de sant\u00e9 1\"}]},{\"@type\":\"WebSite\",\"@id\":\"https:\\\/\\\/csdc-cecd.ca\\\/#website\",\"url\":\"https:\\\/\\\/csdc-cecd.ca\\\/\",\"name\":\"CECD - Centre pour l&#039;\u00e9tude de la citoyennet\u00e9 d\u00e9mocratique\",\"description\":\"\",\"potentialAction\":[{\"@type\":\"SearchAction\",\"target\":{\"@type\":\"EntryPoint\",\"urlTemplate\":\"https:\\\/\\\/csdc-cecd.ca\\\/?s={search_term_string}\"},\"query-input\":{\"@type\":\"PropertyValueSpecification\",\"valueRequired\":true,\"valueName\":\"search_term_string\"}}],\"inLanguage\":\"en-US\"}]}<\/script>\n<!-- \/ Yoast SEO plugin. -->","yoast_head_json":{"title":"La science politique et les politiques de sant\u00e9 1 - CECD - Centre pour l&#039;\u00e9tude de la citoyennet\u00e9 d\u00e9mocratique","robots":{"index":"index","follow":"follow","max-snippet":"max-snippet:-1","max-image-preview":"max-image-preview:large","max-video-preview":"max-video-preview:-1"},"canonical":"https:\/\/csdc-cecd.ca\/en\/la-science-politique-et-les-politiques-de-sante\/","og_locale":"en_US","og_type":"article","og_title":"La science politique et les politiques de sant\u00e9 1 - CECD - Centre pour l&#039;\u00e9tude de la citoyennet\u00e9 d\u00e9mocratique","og_description":"Organis\u00e9e par le SQSP en collaboration avec le Centre d\u2019\u00e9tudes sur la citoyennet\u00e9 d\u00e9mocratique (C\u00c9CD) La science politique et les politiques de sant\u00e9 au Qu\u00e9bec et ailleurs Quand\u00a0: 5 mai (9h \u2013 17h15) et 6 mai (9h \u2013 10h30)Ou\u00a0: Complexe des sciences \u2013 campus MIL, Salle B1007, 1375, ave Th\u00e9r\u00e8se-Lavoie-RouxM Montr\u00e9al, QC H2V 0B3 La [&hellip;]","og_url":"https:\/\/csdc-cecd.ca\/en\/la-science-politique-et-les-politiques-de-sante\/","og_site_name":"CECD - Centre pour l&#039;\u00e9tude de la citoyennet\u00e9 d\u00e9mocratique","article_modified_time":"2026-03-30T18:49:46+00:00","twitter_card":"summary_large_image","twitter_misc":{"Est. reading time":"3 minutes"},"schema":{"@context":"https:\/\/schema.org","@graph":[{"@type":"WebPage","@id":"https:\/\/csdc-cecd.ca\/en\/la-science-politique-et-les-politiques-de-sante\/","url":"https:\/\/csdc-cecd.ca\/en\/la-science-politique-et-les-politiques-de-sante\/","name":"La science politique et les politiques de sant\u00e9 1 - CECD - Centre pour l&#039;\u00e9tude de la citoyennet\u00e9 d\u00e9mocratique","isPartOf":{"@id":"https:\/\/csdc-cecd.ca\/#website"},"datePublished":"2026-03-26T12:23:55+00:00","dateModified":"2026-03-30T18:49:46+00:00","breadcrumb":{"@id":"https:\/\/csdc-cecd.ca\/en\/la-science-politique-et-les-politiques-de-sante\/#breadcrumb"},"inLanguage":"en-US","potentialAction":[{"@type":"ReadAction","target":["https:\/\/csdc-cecd.ca\/en\/la-science-politique-et-les-politiques-de-sante\/"]}]},{"@type":"BreadcrumbList","@id":"https:\/\/csdc-cecd.ca\/en\/la-science-politique-et-les-politiques-de-sante\/#breadcrumb","itemListElement":[{"@type":"ListItem","position":1,"name":"Accueil","item":"https:\/\/csdc-cecd.ca\/en\/"},{"@type":"ListItem","position":2,"name":"La science politique et les politiques de sant\u00e9 1"}]},{"@type":"WebSite","@id":"https:\/\/csdc-cecd.ca\/#website","url":"https:\/\/csdc-cecd.ca\/","name":"CECD - Centre pour l&#039;\u00e9tude de la citoyennet\u00e9 d\u00e9mocratique","description":"","potentialAction":[{"@type":"SearchAction","target":{"@type":"EntryPoint","urlTemplate":"https:\/\/csdc-cecd.ca\/?s={search_term_string}"},"query-input":{"@type":"PropertyValueSpecification","valueRequired":true,"valueName":"search_term_string"}}],"inLanguage":"en-US"}]}},"_links":{"self":[{"href":"https:\/\/csdc-cecd.ca\/en\/wp-json\/wp\/v2\/pages\/7564","targetHints":{"allow":["GET"]}}],"collection":[{"href":"https:\/\/csdc-cecd.ca\/en\/wp-json\/wp\/v2\/pages"}],"about":[{"href":"https:\/\/csdc-cecd.ca\/en\/wp-json\/wp\/v2\/types\/page"}],"author":[{"embeddable":true,"href":"https:\/\/csdc-cecd.ca\/en\/wp-json\/wp\/v2\/users\/1"}],"replies":[{"embeddable":true,"href":"https:\/\/csdc-cecd.ca\/en\/wp-json\/wp\/v2\/comments?post=7564"}],"version-history":[{"count":1,"href":"https:\/\/csdc-cecd.ca\/en\/wp-json\/wp\/v2\/pages\/7564\/revisions"}],"predecessor-version":[{"id":7619,"href":"https:\/\/csdc-cecd.ca\/en\/wp-json\/wp\/v2\/pages\/7564\/revisions\/7619"}],"wp:attachment":[{"href":"https:\/\/csdc-cecd.ca\/en\/wp-json\/wp\/v2\/media?parent=7564"}],"curies":[{"name":"wp","href":"https:\/\/api.w.org\/{rel}","templated":true}]}}