{"id":7565,"date":"2026-03-26T08:46:40","date_gmt":"2026-03-26T12:46:40","guid":{"rendered":"https:\/\/csdc-cecd.ca\/?page_id=7565"},"modified":"2026-03-30T15:01:55","modified_gmt":"2026-03-30T19:01:55","slug":"la-science-politique-et-les-politiques-de-sante-2","status":"publish","type":"page","link":"https:\/\/csdc-cecd.ca\/en\/la-science-politique-et-les-politiques-de-sante-2\/","title":{"rendered":"La science politique et les politiques de sant\u00e9\u00a02"},"content":{"rendered":"<p>[et_pb_section fb_built=&#8221;1&#8243; _builder_version=&#8221;4.27.6&#8243; _module_preset=&#8221;default&#8221; global_colors_info=&#8221;{}&#8221;][et_pb_row _builder_version=&#8221;4.27.6&#8243; _module_preset=&#8221;default&#8221; global_colors_info=&#8221;{}&#8221;][et_pb_column type=&#8221;4_4&#8243; _builder_version=&#8221;4.27.6&#8243; _module_preset=&#8221;default&#8221; global_colors_info=&#8221;{}&#8221;][et_pb_image src=&#8221;https:\/\/csdc-cecd.ca\/wp-content\/uploads\/2026\/03\/La-science-politique-et-les-politiques-de-sante-au-Quebec-et-ailleurs.png&#8221; _builder_version=&#8221;4.27.6&#8243; _module_preset=&#8221;default&#8221; title_text=&#8221;La science politique et les politiques de sant\u00e9 au Qu\u00e9bec et ailleurs&#8221; hover_enabled=&#8221;0&#8243; sticky_enabled=&#8221;0&#8243;][\/et_pb_image][et_pb_text _builder_version=&#8221;4.27.6&#8243; _module_preset=&#8221;default&#8221; global_colors_info=&#8221;{}&#8221;]<\/p>\n<p>Organis\u00e9e par le SQSP en collaboration avec le Centre d\u2019\u00e9tudes sur la citoyennet\u00e9 d\u00e9mocratique (C\u00c9CD)<\/p>\n<p><strong>La science politique et les politiques de sant\u00e9 au Qu\u00e9bec et ailleurs<\/strong><\/p>\n<p>Quand\u00a0: 5 mai (9h \u2013 17h15) et 6 mai (9h \u2013 10h30)<br \/>Ou\u00a0:<span>\u00a0<\/span><a href=\"https:\/\/www.google.com\/maps\/place\/Universit%C3%A9+de+Montr%C3%A9al+-+Campus+MIL\/@45.5231104,-73.6222354,17z\/data=!3m1!4b1!4m6!3m5!1s0x4cc9199fe37a36dd:0xcfd3c8d7ac8d70f8!8m2!3d45.5231104!4d-73.6196605!16s%2Fg%2F11c50q2zp0?entry=ttu&amp;g_ep=EgoyMDI2MDMxOC4xIKXMDSoASAFQAw%3D%3D\">Complexe des sciences \u2013 campus MIL, Salle B1007, 1375, ave Th\u00e9r\u00e8se-Lavoie-RouxM Montr\u00e9al, QC H2V 0B3<\/a><\/p>\n<p>La recherche en science politique et celle en politiques de sant\u00e9 ont traditionnellement \u00e9volu\u00e9 en parall\u00e8le, avec peu d\u2019\u00e9changes fructueux entre ces deux domaines. Cette situation change rapidement, avec l\u2019\u00e9mergence de travaux qui apportent des perspectives issues de la science politique \u00e0 la recherche en mati\u00e8re de soins, de services et de syst\u00e8mes de sant\u00e9. De plus, les travaux en politique de sant\u00e9 nourrissent le champ de l\u2019analyse des politiques publiques. Cet atelier vise \u00e0 apporter des perspectives th\u00e9oriques tir\u00e9es de la science politique pour expliquer des ph\u00e9nom\u00e8nes reli\u00e9s \u00e0 l\u2019organisation des soins, services, syst\u00e8mes et politiques de sant\u00e9 au Qu\u00e9bec et ailleurs.<\/p>\n<p>\u00a0Le premier axe porte sur la politisation des services de sant\u00e9. Alors que certains avancent que la sant\u00e9 est un enjeu plut\u00f4t consensuel, d\u2019autres proposent au contraire que la sant\u00e9 est empreinte de conflits politiques. Est-ce que certains groupes priorisent la sant\u00e9 plus que d\u2019autres? Est-ce que certains soins de sant\u00e9 participent au conflit politique? Comment les citoyens et les partis politiques contribuent-ils \u00e0 politiser la sant\u00e9?<\/p>\n<p>\u00a0Le deuxi\u00e8me axe porte sur la gouvernance de la sant\u00e9 publique. Il est centr\u00e9 sur les modes de structuration de la sant\u00e9 publique et \u00e0 comprendre quels m\u00e9canismes de gouvernance permettent d\u2019en pr\u00e9server et d\u2019en bonifier la place au sein des syst\u00e8mes de sant\u00e9. Par ailleurs, cet axe \u00e9tudie la perception de la cr\u00e9dibilit\u00e9 des diff\u00e9rentes organisations de sant\u00e9 publique, dans un contexte de m\u00e9fiance envers la science.<\/p>\n<p>\u00a0Le troisi\u00e8me axe porte sur l\u2019acc\u00e8s \u00e0 la premi\u00e8re ligne, un enjeu crucial du syst\u00e8me de sant\u00e9 au Qu\u00e9bec et au Canada. Comment favoriser l\u2019acc\u00e8s en prenant en compte l\u2019int\u00e9r\u00eat des diff\u00e9rentes parties prenantes? Les propositions incluses dans cet axe comparent l\u2019\u00e9volution des r\u00f4les professionnels et du champ de pratique des infirmi\u00e8res praticiennes sp\u00e9cialis\u00e9es entre les provinces et s\u2019int\u00e9ressent au r\u00f4le de m\u00e9diation jou\u00e9 par les organisations publiques et communautaires dans l\u2019acc\u00e8s aux soins.<\/p>\n<p>\u00a0L\u2019assurance maladie au Canada couvre uniquement une portion des diff\u00e9rents soins et services n\u00e9cessaires pour assurer la sant\u00e9 et le bien-\u00eatre d\u2019une personne. Le quatri\u00e8me axe se penche sur les d\u00e9fis de l\u2019expansion de la couverture publique au Canada. Il propose une comparaison interprovinciale des couvertures publiques et s\u2019int\u00e9resse \u00e0 l\u2019opinion publique sur la place du priv\u00e9 et sur l\u2019expansion de la couverture publique.<\/p>\n<p>Finalement, le cinqui\u00e8me axe porte sur les enjeux territoriaux des r\u00e9formes aux politiques de sant\u00e9. Pourquoi certaines provinces canadiennes d\u00e9cident-elles de centraliser davantage leur syst\u00e8me de sant\u00e9 alors que d\u2019autres le d\u00e9centralisent? Quels facteurs expliquent les in\u00e9galit\u00e9s territoriales dans l\u2019acc\u00e8s aux soins et ces in\u00e9galit\u00e9s refl\u00e8tent-elles aussi des caract\u00e9ristiques linguistiques?<\/p>\n<p>[\/et_pb_text][\/et_pb_column][\/et_pb_row][et_pb_row _builder_version=&#8221;4.27.6&#8243; _module_preset=&#8221;default&#8221;][et_pb_column _builder_version=&#8221;4.27.6&#8243; _module_preset=&#8221;default&#8221; type=&#8221;4_4&#8243;][\/et_pb_column][\/et_pb_row][et_pb_row column_structure=&#8221;1_2,1_2&#8243; _builder_version=&#8221;4.27.6&#8243; _module_preset=&#8221;default&#8221; global_colors_info=&#8221;{}&#8221;][et_pb_column type=&#8221;1_2&#8243; _builder_version=&#8221;4.27.6&#8243; _module_preset=&#8221;default&#8221; global_colors_info=&#8221;{}&#8221;][et_pb_text _builder_version=&#8221;4.27.6&#8243; _module_preset=&#8221;default&#8221; global_colors_info=&#8221;{}&#8221;]<\/p>\n<p><strong>6 mai\u00a0: 9h \u2013 10h30 &#8211; Gouvernance et enjeux territoriaux <\/strong><\/p>\n<p>Mod\u00e9ration : \u00e0 venir<\/p>\n<ul>\n<li>Dave L\u00e9vesque-Plante (\u00c9cole nationale d\u2019administration publique). <em>Centralisation des services de sant\u00e9 et logique d\u2019action politique : \u00e9tude de cas comparative pour l\u2019Alberta, l\u2019Ontario et le Qu\u00e9bec.<\/em><\/li>\n<li>Daniel B\u00e9land et Ally Hays-Alberstat (McGill University). <em>Reassessing the Territorial Politics of Health Care in Canada. <\/em><\/li>\n<li>Lo\u00efg Pascual (Universit\u00e9 du Qu\u00e9bec \u00e0 Montr\u00e9al). <em>L&#8217;accessibilit\u00e9 linguistique \u00e0 la sant\u00e9 en contexte ontarien : les communaut\u00e9s linguistiques comme instruments et acteurs discrets des politiques de sant\u00e9<\/em><\/li>\n<\/ul>\n<p>[\/et_pb_text][\/et_pb_column][et_pb_column type=&#8221;1_2&#8243; _builder_version=&#8221;4.27.6&#8243; _module_preset=&#8221;default&#8221; global_colors_info=&#8221;{}&#8221;][\/et_pb_column][\/et_pb_row][\/et_pb_section]<\/p>\n","protected":false},"excerpt":{"rendered":"<p>Organis\u00e9e par le SQSP en collaboration avec le Centre d\u2019\u00e9tudes sur la citoyennet\u00e9 d\u00e9mocratique (C\u00c9CD) La science politique et les politiques de sant\u00e9 au Qu\u00e9bec et ailleurs Quand\u00a0: 5 mai (9h \u2013 17h15) et 6 mai (9h \u2013 10h30)Ou\u00a0:\u00a0Complexe des sciences \u2013 campus MIL, Salle B1007, 1375, ave Th\u00e9r\u00e8se-Lavoie-RouxM Montr\u00e9al, QC H2V 0B3 La recherche [&hellip;]<\/p>\n","protected":false},"author":1,"featured_media":0,"parent":0,"menu_order":0,"comment_status":"closed","ping_status":"closed","template":"","meta":{"_et_pb_use_builder":"on","_et_pb_old_content":"","_et_gb_content_width":"","footnotes":""},"class_list":["post-7565","page","type-page","status-publish","hentry"],"yoast_head":"<!-- This site is optimized with the Yoast SEO plugin v27.4 - https:\/\/yoast.com\/product\/yoast-seo-wordpress\/ -->\n<title>La science politique et les politiques de sant\u00e9\u00a02 - CECD - Centre pour l&#039;\u00e9tude de la citoyennet\u00e9 d\u00e9mocratique<\/title>\n<meta name=\"robots\" content=\"index, follow, max-snippet:-1, max-image-preview:large, max-video-preview:-1\" \/>\n<link rel=\"canonical\" href=\"https:\/\/csdc-cecd.ca\/la-science-politique-et-les-politiques-de-sante-2\/\" \/>\n<meta property=\"og:locale\" content=\"en_US\" \/>\n<meta property=\"og:type\" content=\"article\" \/>\n<meta property=\"og:title\" content=\"La science politique et les politiques de sant\u00e9\u00a02 - CECD - Centre pour l&#039;\u00e9tude de la citoyennet\u00e9 d\u00e9mocratique\" \/>\n<meta property=\"og:description\" content=\"Organis\u00e9e par le SQSP en collaboration avec le Centre d\u2019\u00e9tudes sur la citoyennet\u00e9 d\u00e9mocratique (C\u00c9CD) La science politique et les politiques de sant\u00e9 au Qu\u00e9bec et ailleurs Quand\u00a0: 5 mai (9h \u2013 17h15) et 6 mai (9h \u2013 10h30)Ou\u00a0:\u00a0Complexe des sciences \u2013 campus MIL, Salle B1007, 1375, ave Th\u00e9r\u00e8se-Lavoie-RouxM Montr\u00e9al, QC H2V 0B3 La recherche [&hellip;]\" \/>\n<meta property=\"og:url\" content=\"https:\/\/csdc-cecd.ca\/la-science-politique-et-les-politiques-de-sante-2\/\" \/>\n<meta property=\"og:site_name\" content=\"CECD - Centre pour l&#039;\u00e9tude de la citoyennet\u00e9 d\u00e9mocratique\" \/>\n<meta property=\"article:modified_time\" content=\"2026-03-30T19:01:55+00:00\" \/>\n<meta name=\"twitter:card\" content=\"summary_large_image\" \/>\n<meta name=\"twitter:label1\" content=\"Est. reading time\" \/>\n\t<meta name=\"twitter:data1\" content=\"3 minutes\" \/>\n<script type=\"application\/ld+json\" class=\"yoast-schema-graph\">{\"@context\":\"https:\\\/\\\/schema.org\",\"@graph\":[{\"@type\":\"WebPage\",\"@id\":\"https:\\\/\\\/csdc-cecd.ca\\\/la-science-politique-et-les-politiques-de-sante-2\\\/\",\"url\":\"https:\\\/\\\/csdc-cecd.ca\\\/la-science-politique-et-les-politiques-de-sante-2\\\/\",\"name\":\"La science politique et les politiques de sant\u00e9\u00a02 - CECD - Centre pour l&#039;\u00e9tude de la citoyennet\u00e9 d\u00e9mocratique\",\"isPartOf\":{\"@id\":\"https:\\\/\\\/csdc-cecd.ca\\\/#website\"},\"datePublished\":\"2026-03-26T12:46:40+00:00\",\"dateModified\":\"2026-03-30T19:01:55+00:00\",\"breadcrumb\":{\"@id\":\"https:\\\/\\\/csdc-cecd.ca\\\/la-science-politique-et-les-politiques-de-sante-2\\\/#breadcrumb\"},\"inLanguage\":\"en-US\",\"potentialAction\":[{\"@type\":\"ReadAction\",\"target\":[\"https:\\\/\\\/csdc-cecd.ca\\\/la-science-politique-et-les-politiques-de-sante-2\\\/\"]}]},{\"@type\":\"BreadcrumbList\",\"@id\":\"https:\\\/\\\/csdc-cecd.ca\\\/la-science-politique-et-les-politiques-de-sante-2\\\/#breadcrumb\",\"itemListElement\":[{\"@type\":\"ListItem\",\"position\":1,\"name\":\"Accueil\",\"item\":\"https:\\\/\\\/csdc-cecd.ca\\\/en\\\/\"},{\"@type\":\"ListItem\",\"position\":2,\"name\":\"La science politique et les politiques de sant\u00e9\u00a02\"}]},{\"@type\":\"WebSite\",\"@id\":\"https:\\\/\\\/csdc-cecd.ca\\\/#website\",\"url\":\"https:\\\/\\\/csdc-cecd.ca\\\/\",\"name\":\"CECD - Centre pour l&#039;\u00e9tude de la citoyennet\u00e9 d\u00e9mocratique\",\"description\":\"\",\"potentialAction\":[{\"@type\":\"SearchAction\",\"target\":{\"@type\":\"EntryPoint\",\"urlTemplate\":\"https:\\\/\\\/csdc-cecd.ca\\\/?s={search_term_string}\"},\"query-input\":{\"@type\":\"PropertyValueSpecification\",\"valueRequired\":true,\"valueName\":\"search_term_string\"}}],\"inLanguage\":\"en-US\"}]}<\/script>\n<!-- \/ Yoast SEO plugin. -->","yoast_head_json":{"title":"La science politique et les politiques de sant\u00e9\u00a02 - CECD - Centre pour l&#039;\u00e9tude de la citoyennet\u00e9 d\u00e9mocratique","robots":{"index":"index","follow":"follow","max-snippet":"max-snippet:-1","max-image-preview":"max-image-preview:large","max-video-preview":"max-video-preview:-1"},"canonical":"https:\/\/csdc-cecd.ca\/la-science-politique-et-les-politiques-de-sante-2\/","og_locale":"en_US","og_type":"article","og_title":"La science politique et les politiques de sant\u00e9\u00a02 - CECD - Centre pour l&#039;\u00e9tude de la citoyennet\u00e9 d\u00e9mocratique","og_description":"Organis\u00e9e par le SQSP en collaboration avec le Centre d\u2019\u00e9tudes sur la citoyennet\u00e9 d\u00e9mocratique (C\u00c9CD) La science politique et les politiques de sant\u00e9 au Qu\u00e9bec et ailleurs Quand\u00a0: 5 mai (9h \u2013 17h15) et 6 mai (9h \u2013 10h30)Ou\u00a0:\u00a0Complexe des sciences \u2013 campus MIL, Salle B1007, 1375, ave Th\u00e9r\u00e8se-Lavoie-RouxM Montr\u00e9al, QC H2V 0B3 La recherche [&hellip;]","og_url":"https:\/\/csdc-cecd.ca\/la-science-politique-et-les-politiques-de-sante-2\/","og_site_name":"CECD - Centre pour l&#039;\u00e9tude de la citoyennet\u00e9 d\u00e9mocratique","article_modified_time":"2026-03-30T19:01:55+00:00","twitter_card":"summary_large_image","twitter_misc":{"Est. reading time":"3 minutes"},"schema":{"@context":"https:\/\/schema.org","@graph":[{"@type":"WebPage","@id":"https:\/\/csdc-cecd.ca\/la-science-politique-et-les-politiques-de-sante-2\/","url":"https:\/\/csdc-cecd.ca\/la-science-politique-et-les-politiques-de-sante-2\/","name":"La science politique et les politiques de sant\u00e9\u00a02 - CECD - Centre pour l&#039;\u00e9tude de la citoyennet\u00e9 d\u00e9mocratique","isPartOf":{"@id":"https:\/\/csdc-cecd.ca\/#website"},"datePublished":"2026-03-26T12:46:40+00:00","dateModified":"2026-03-30T19:01:55+00:00","breadcrumb":{"@id":"https:\/\/csdc-cecd.ca\/la-science-politique-et-les-politiques-de-sante-2\/#breadcrumb"},"inLanguage":"en-US","potentialAction":[{"@type":"ReadAction","target":["https:\/\/csdc-cecd.ca\/la-science-politique-et-les-politiques-de-sante-2\/"]}]},{"@type":"BreadcrumbList","@id":"https:\/\/csdc-cecd.ca\/la-science-politique-et-les-politiques-de-sante-2\/#breadcrumb","itemListElement":[{"@type":"ListItem","position":1,"name":"Accueil","item":"https:\/\/csdc-cecd.ca\/en\/"},{"@type":"ListItem","position":2,"name":"La science politique et les politiques de sant\u00e9\u00a02"}]},{"@type":"WebSite","@id":"https:\/\/csdc-cecd.ca\/#website","url":"https:\/\/csdc-cecd.ca\/","name":"CECD - Centre pour l&#039;\u00e9tude de la citoyennet\u00e9 d\u00e9mocratique","description":"","potentialAction":[{"@type":"SearchAction","target":{"@type":"EntryPoint","urlTemplate":"https:\/\/csdc-cecd.ca\/?s={search_term_string}"},"query-input":{"@type":"PropertyValueSpecification","valueRequired":true,"valueName":"search_term_string"}}],"inLanguage":"en-US"}]}},"_links":{"self":[{"href":"https:\/\/csdc-cecd.ca\/en\/wp-json\/wp\/v2\/pages\/7565","targetHints":{"allow":["GET"]}}],"collection":[{"href":"https:\/\/csdc-cecd.ca\/en\/wp-json\/wp\/v2\/pages"}],"about":[{"href":"https:\/\/csdc-cecd.ca\/en\/wp-json\/wp\/v2\/types\/page"}],"author":[{"embeddable":true,"href":"https:\/\/csdc-cecd.ca\/en\/wp-json\/wp\/v2\/users\/1"}],"replies":[{"embeddable":true,"href":"https:\/\/csdc-cecd.ca\/en\/wp-json\/wp\/v2\/comments?post=7565"}],"version-history":[{"count":5,"href":"https:\/\/csdc-cecd.ca\/en\/wp-json\/wp\/v2\/pages\/7565\/revisions"}],"predecessor-version":[{"id":7627,"href":"https:\/\/csdc-cecd.ca\/en\/wp-json\/wp\/v2\/pages\/7565\/revisions\/7627"}],"wp:attachment":[{"href":"https:\/\/csdc-cecd.ca\/en\/wp-json\/wp\/v2\/media?parent=7565"}],"curies":[{"name":"wp","href":"https:\/\/api.w.org\/{rel}","templated":true}]}}