{"id":7598,"date":"2026-03-26T13:06:51","date_gmt":"2026-03-26T17:06:51","guid":{"rendered":"https:\/\/csdc-cecd.ca\/journee-dateliers-sur-la-professionnalisation\/"},"modified":"2026-03-26T13:06:51","modified_gmt":"2026-03-26T17:06:51","slug":"journee-dateliers-sur-la-professionnalisation","status":"publish","type":"page","link":"https:\/\/csdc-cecd.ca\/en\/journee-dateliers-sur-la-professionnalisation\/","title":{"rendered":"Journ\u00e9e d&#8217;ateliers sur la professionnalisation"},"content":{"rendered":"<p>[et_pb_section fb_built=&#8221;1&#8243; _builder_version=&#8221;4.27.6&#8243; _module_preset=&#8221;default&#8221; global_colors_info=&#8221;{}&#8221;][et_pb_row _builder_version=&#8221;4.27.6&#8243; _module_preset=&#8221;default&#8221; global_colors_info=&#8221;{}&#8221;][et_pb_column type=&#8221;4_4&#8243; _builder_version=&#8221;4.27.6&#8243; _module_preset=&#8221;default&#8221; global_colors_info=&#8221;{}&#8221;][et_pb_image src=&#8221;https:\/\/csdc-cecd.ca\/wp-content\/uploads\/2026\/03\/Affiches-workshop-2025-2026-2048-x-666-px-1.png&#8221; title_text=&#8221;Affiches workshop 2025-2026 (2048 x 666 px)&#8221; _builder_version=&#8221;4.27.6&#8243; _module_preset=&#8221;default&#8221; global_colors_info=&#8221;{}&#8221;][\/et_pb_image][\/et_pb_column][\/et_pb_row][et_pb_row _builder_version=&#8221;4.27.6&#8243; _module_preset=&#8221;default&#8221; global_colors_info=&#8221;{}&#8221;][et_pb_column type=&#8221;4_4&#8243; _builder_version=&#8221;4.27.6&#8243; _module_preset=&#8221;default&#8221; global_colors_info=&#8221;{}&#8221;][et_pb_text _builder_version=&#8221;4.27.6&#8243; _module_preset=&#8221;default&#8221; hover_enabled=&#8221;0&#8243; global_colors_info=&#8221;{}&#8221; sticky_enabled=&#8221;0&#8243;]<\/p>\n<p><strong>Journ\u00e9e d&#8217;ateliers sur la professionnalisation apr\u00e8s les \u00e9tudes sup\u00e9rieures en sciences humaines, lettres et arts<\/strong><\/p>\n<p>Quand : le 14 avril 2026, de 10h \u00e0 15h<br \/>Ou : Rejoindre<span>\u00a0<\/span><a href=\"https:\/\/uqam.zoom.us\/j\/89120559414\" rel=\"noopener noreferrer\" target=\"_blank\">la salle Zoom.<\/a><\/p>\n<p>&nbsp;<\/p>\n<div>\n<p>Quinze regroupements strat\u00e9giques du secteur Soci\u00e9t\u00e9 et culture du Fonds de recherche du Qu\u00e9bec (FRQ) organisent une journ\u00e9e d&#8217;ateliers sur la professionnalisation apr\u00e8s les \u00e9tudes sup\u00e9rieures en sciences humaines, lettres et arts. L&#8217;activit\u00e9 se tiendra<span>\u00a0<\/span><strong>le 14 avril 2026, de 10h \u00e0 15h, en ligne.<\/strong><\/p>\n<p>La journ\u00e9e sera divis\u00e9e en deux volets :<\/p>\n<p>10h \u00e0 12h :<span>\u00a0<\/span><strong>March\u00e9 du travail 101<\/strong><\/p>\n<ul>\n<li>Pr\u00e9sentation par Jean-Beno\u00eet Cormier-Landry (CIRST, UQAM) et<span>\u00a0<\/span><a href=\"https:\/\/crilcq.org\/qui-sommes-nous\/membres\/3975\/\" rel=\"noopener noreferrer\" target=\"_blank\">Charlotte Moffet<\/a><span>\u00a0<\/span>(CRILCQ, UQAM)<\/li>\n<li>Th\u00e9matiques abord\u00e9es : CV (professionnel et acad\u00e9mique), outils num\u00e9riques (LinkedIn, ORCID), lettres de pr\u00e9sentation, entrevues<\/li>\n<\/ul>\n<p>13h \u00e0 15h :<span>\u00a0<\/span><strong>Processus d&#8217;embauche pour l\u2019enseignement au coll\u00e9gial<\/strong><\/p>\n<ul>\n<li>Pr\u00e9sentation par Ghyslain Bolduc (CIRST, C\u00e9gep \u00c9douard-Montpetit) et<span>\u00a0<\/span><a href=\"https:\/\/crilcq.org\/qui-sommes-nous\/membres\/sophie-dubois\/\" rel=\"noopener noreferrer\" target=\"_blank\">Sophie Dubois<\/a><span>\u00a0<\/span>(CRILCQ, Coll\u00e8ge Lionel-Groulx)<\/li>\n<\/ul>\n<p>Regroupements participants :<\/p>\n<ul>\n<li>Centre pour l\u2019\u00e9tude de la citoyennet\u00e9 d\u00e9mocratique (<a href=\"https:\/\/csdc-cecd.ca\/en\/\" rel=\"noopener noreferrer\" target=\"_blank\">C\u00c9CD<\/a>)<\/li>\n<li>Centre de recherche Cultures \u2013 Arts \u2013 Soci\u00e9t\u00e9s (<a href=\"https:\/\/celat.ca\/\" rel=\"noopener noreferrer\" target=\"_blank\">C\u00c9LAT<\/a>)<\/li>\n<li>Centre international de criminologie compar\u00e9e (<a href=\"https:\/\/www.cicc-iccc.org\/fr\/\" rel=\"noopener noreferrer\" target=\"_blank\">CICC<\/a>)<\/li>\n<li>Centre interuniversitaire d\u2019\u00e9tudes et de recherches autochtones (<a href=\"https:\/\/ciera-recherches.ca\/\" rel=\"noopener noreferrer\" target=\"_blank\">CIERA<\/a>)<\/li>\n<li>Centre interuniversitaire d&#8217;\u00e9tudes qu\u00e9b\u00e9coises (<a href=\"https:\/\/www.cieq.ca\/\" rel=\"noopener noreferrer\" target=\"_blank\">CIEQ<\/a>)<\/li>\n<li>Centre interdisciplinaire de recherche en musique, m\u00e9dias et technologie (<a href=\"https:\/\/www.cirmmt.org\/fr\/\" rel=\"noopener noreferrer\" target=\"_blank\">CIRMMT<\/a>)<\/li>\n<li>Centre interuniversitaire de recherche sur la science et la technologie (<a href=\"https:\/\/cirst.uqam.ca\/\" rel=\"noopener noreferrer\" target=\"_blank\">CIRST<\/a>)<\/li>\n<li>Centre de recherche interdisciplinaire sur la diversit\u00e9 et la d\u00e9mocratie (<a href=\"https:\/\/cridaq.uqam.ca\/\" rel=\"noopener noreferrer\" target=\"_blank\">CRIDAQ<\/a>)<\/li>\n<li>Centre de recherche interuniversitaire sur la litt\u00e9rature et la culture au Qu\u00e9bec (CRILCQ)<\/li>\n<li>Centre de recherche en droit public (<a href=\"https:\/\/www.crdp.umontreal.ca\/\" rel=\"noopener noreferrer\" target=\"_blank\">CRDP<\/a>)<\/li>\n<li>Centre de recherche interuniversitaire sur la formation et la profession enseignante (<a href=\"https:\/\/crifpe.ca\/\" rel=\"noopener noreferrer\" target=\"_blank\">CRIFPE<\/a>)<\/li>\n<li><a href=\"https:\/\/grip-info.ca\/\" rel=\"noopener noreferrer\" target=\"_blank\">GRIP<\/a><span>\u00a0<\/span>(Groupe de Recherche sur l&#8217;Inadaptation Psychosociale chez l&#8217;enfant)<\/li>\n<li><a href=\"https:\/\/www.raiv.ulaval.ca\/\" rel=\"noopener noreferrer\" target=\"_blank\">RAIV<\/a><span>\u00a0<\/span>(Recherches Appliqu\u00e9es et Interdisciplinaires sur les Violences intimes, familiales et structurelles)<\/li>\n<li>Regroupement interuniversitaire de recherche et cr\u00e9ation \u00b7 musiques et soci\u00e9t\u00e9s (<a href=\"https:\/\/regroupement-rcms.org\/\" rel=\"noopener noreferrer\" target=\"_blank\">RCMS<\/a>)<\/li>\n<li>R\u00e9seau de recherche et de connaissances sur la ville et l&#8217;urbain (<a href=\"https:\/\/www.vrm.ca\/\" rel=\"noopener noreferrer\" target=\"_blank\">VRM<\/a>)<\/li>\n<\/ul>\n<\/div>\n<p>[\/et_pb_text][\/et_pb_column][\/et_pb_row][\/et_pb_section]<\/p>\n","protected":false},"excerpt":{"rendered":"<p>Journ\u00e9e d&#8217;ateliers sur la professionnalisation apr\u00e8s les \u00e9tudes sup\u00e9rieures en sciences humaines, lettres et arts Quand : le 14 avril 2026, de 10h \u00e0 15hOu : Rejoindre\u00a0la salle Zoom. &nbsp; Quinze regroupements strat\u00e9giques du secteur Soci\u00e9t\u00e9 et culture du Fonds de recherche du Qu\u00e9bec (FRQ) organisent une journ\u00e9e d&#8217;ateliers sur la professionnalisation apr\u00e8s les \u00e9tudes [&hellip;]<\/p>\n","protected":false},"author":1,"featured_media":0,"parent":0,"menu_order":0,"comment_status":"closed","ping_status":"closed","template":"","meta":{"_et_pb_use_builder":"on","_et_pb_old_content":"","_et_gb_content_width":"","footnotes":""},"class_list":["post-7598","page","type-page","status-publish","hentry"],"yoast_head":"<!-- This site is optimized with the Yoast SEO plugin v27.4 - https:\/\/yoast.com\/product\/yoast-seo-wordpress\/ -->\n<title>Journ\u00e9e d&#039;ateliers sur la professionnalisation - CECD - Centre pour l&#039;\u00e9tude de la citoyennet\u00e9 d\u00e9mocratique<\/title>\n<meta name=\"robots\" content=\"index, follow, max-snippet:-1, max-image-preview:large, max-video-preview:-1\" \/>\n<link rel=\"canonical\" href=\"https:\/\/csdc-cecd.ca\/en\/journee-dateliers-sur-la-professionnalisation\/\" \/>\n<meta property=\"og:locale\" content=\"en_US\" \/>\n<meta property=\"og:type\" content=\"article\" \/>\n<meta property=\"og:title\" content=\"Journ\u00e9e d&#039;ateliers sur la professionnalisation - CECD - Centre pour l&#039;\u00e9tude de la citoyennet\u00e9 d\u00e9mocratique\" \/>\n<meta property=\"og:description\" content=\"Journ\u00e9e d&#039;ateliers sur la professionnalisation apr\u00e8s les \u00e9tudes sup\u00e9rieures en sciences humaines, lettres et arts Quand : le 14 avril 2026, de 10h \u00e0 15hOu : Rejoindre\u00a0la salle Zoom. &nbsp; Quinze regroupements strat\u00e9giques du secteur Soci\u00e9t\u00e9 et culture du Fonds de recherche du Qu\u00e9bec (FRQ) organisent une journ\u00e9e d&#039;ateliers sur la professionnalisation apr\u00e8s les \u00e9tudes [&hellip;]\" \/>\n<meta property=\"og:url\" content=\"https:\/\/csdc-cecd.ca\/en\/journee-dateliers-sur-la-professionnalisation\/\" \/>\n<meta property=\"og:site_name\" content=\"CECD - Centre pour l&#039;\u00e9tude de la citoyennet\u00e9 d\u00e9mocratique\" \/>\n<meta name=\"twitter:card\" content=\"summary_large_image\" \/>\n<meta name=\"twitter:label1\" content=\"Est. reading time\" \/>\n\t<meta name=\"twitter:data1\" content=\"2 minutes\" \/>\n<script type=\"application\/ld+json\" class=\"yoast-schema-graph\">{\"@context\":\"https:\\\/\\\/schema.org\",\"@graph\":[{\"@type\":\"WebPage\",\"@id\":\"https:\\\/\\\/csdc-cecd.ca\\\/en\\\/journee-dateliers-sur-la-professionnalisation\\\/\",\"url\":\"https:\\\/\\\/csdc-cecd.ca\\\/en\\\/journee-dateliers-sur-la-professionnalisation\\\/\",\"name\":\"Journ\u00e9e d'ateliers sur la professionnalisation - CECD - Centre pour l&#039;\u00e9tude de la citoyennet\u00e9 d\u00e9mocratique\",\"isPartOf\":{\"@id\":\"https:\\\/\\\/csdc-cecd.ca\\\/#website\"},\"datePublished\":\"2026-03-26T17:06:51+00:00\",\"breadcrumb\":{\"@id\":\"https:\\\/\\\/csdc-cecd.ca\\\/en\\\/journee-dateliers-sur-la-professionnalisation\\\/#breadcrumb\"},\"inLanguage\":\"en-US\",\"potentialAction\":[{\"@type\":\"ReadAction\",\"target\":[\"https:\\\/\\\/csdc-cecd.ca\\\/en\\\/journee-dateliers-sur-la-professionnalisation\\\/\"]}]},{\"@type\":\"BreadcrumbList\",\"@id\":\"https:\\\/\\\/csdc-cecd.ca\\\/en\\\/journee-dateliers-sur-la-professionnalisation\\\/#breadcrumb\",\"itemListElement\":[{\"@type\":\"ListItem\",\"position\":1,\"name\":\"Accueil\",\"item\":\"https:\\\/\\\/csdc-cecd.ca\\\/en\\\/\"},{\"@type\":\"ListItem\",\"position\":2,\"name\":\"Journ\u00e9e d&rsquo;ateliers sur la professionnalisation\"}]},{\"@type\":\"WebSite\",\"@id\":\"https:\\\/\\\/csdc-cecd.ca\\\/#website\",\"url\":\"https:\\\/\\\/csdc-cecd.ca\\\/\",\"name\":\"CECD - Centre pour l&#039;\u00e9tude de la citoyennet\u00e9 d\u00e9mocratique\",\"description\":\"\",\"potentialAction\":[{\"@type\":\"SearchAction\",\"target\":{\"@type\":\"EntryPoint\",\"urlTemplate\":\"https:\\\/\\\/csdc-cecd.ca\\\/?s={search_term_string}\"},\"query-input\":{\"@type\":\"PropertyValueSpecification\",\"valueRequired\":true,\"valueName\":\"search_term_string\"}}],\"inLanguage\":\"en-US\"}]}<\/script>\n<!-- \/ Yoast SEO plugin. -->","yoast_head_json":{"title":"Journ\u00e9e d'ateliers sur la professionnalisation - CECD - Centre pour l&#039;\u00e9tude de la citoyennet\u00e9 d\u00e9mocratique","robots":{"index":"index","follow":"follow","max-snippet":"max-snippet:-1","max-image-preview":"max-image-preview:large","max-video-preview":"max-video-preview:-1"},"canonical":"https:\/\/csdc-cecd.ca\/en\/journee-dateliers-sur-la-professionnalisation\/","og_locale":"en_US","og_type":"article","og_title":"Journ\u00e9e d'ateliers sur la professionnalisation - CECD - Centre pour l&#039;\u00e9tude de la citoyennet\u00e9 d\u00e9mocratique","og_description":"Journ\u00e9e d'ateliers sur la professionnalisation apr\u00e8s les \u00e9tudes sup\u00e9rieures en sciences humaines, lettres et arts Quand : le 14 avril 2026, de 10h \u00e0 15hOu : Rejoindre\u00a0la salle Zoom. &nbsp; Quinze regroupements strat\u00e9giques du secteur Soci\u00e9t\u00e9 et culture du Fonds de recherche du Qu\u00e9bec (FRQ) organisent une journ\u00e9e d'ateliers sur la professionnalisation apr\u00e8s les \u00e9tudes [&hellip;]","og_url":"https:\/\/csdc-cecd.ca\/en\/journee-dateliers-sur-la-professionnalisation\/","og_site_name":"CECD - Centre pour l&#039;\u00e9tude de la citoyennet\u00e9 d\u00e9mocratique","twitter_card":"summary_large_image","twitter_misc":{"Est. reading time":"2 minutes"},"schema":{"@context":"https:\/\/schema.org","@graph":[{"@type":"WebPage","@id":"https:\/\/csdc-cecd.ca\/en\/journee-dateliers-sur-la-professionnalisation\/","url":"https:\/\/csdc-cecd.ca\/en\/journee-dateliers-sur-la-professionnalisation\/","name":"Journ\u00e9e d'ateliers sur la professionnalisation - CECD - Centre pour l&#039;\u00e9tude de la citoyennet\u00e9 d\u00e9mocratique","isPartOf":{"@id":"https:\/\/csdc-cecd.ca\/#website"},"datePublished":"2026-03-26T17:06:51+00:00","breadcrumb":{"@id":"https:\/\/csdc-cecd.ca\/en\/journee-dateliers-sur-la-professionnalisation\/#breadcrumb"},"inLanguage":"en-US","potentialAction":[{"@type":"ReadAction","target":["https:\/\/csdc-cecd.ca\/en\/journee-dateliers-sur-la-professionnalisation\/"]}]},{"@type":"BreadcrumbList","@id":"https:\/\/csdc-cecd.ca\/en\/journee-dateliers-sur-la-professionnalisation\/#breadcrumb","itemListElement":[{"@type":"ListItem","position":1,"name":"Accueil","item":"https:\/\/csdc-cecd.ca\/en\/"},{"@type":"ListItem","position":2,"name":"Journ\u00e9e d&rsquo;ateliers sur la professionnalisation"}]},{"@type":"WebSite","@id":"https:\/\/csdc-cecd.ca\/#website","url":"https:\/\/csdc-cecd.ca\/","name":"CECD - Centre pour l&#039;\u00e9tude de la citoyennet\u00e9 d\u00e9mocratique","description":"","potentialAction":[{"@type":"SearchAction","target":{"@type":"EntryPoint","urlTemplate":"https:\/\/csdc-cecd.ca\/?s={search_term_string}"},"query-input":{"@type":"PropertyValueSpecification","valueRequired":true,"valueName":"search_term_string"}}],"inLanguage":"en-US"}]}},"_links":{"self":[{"href":"https:\/\/csdc-cecd.ca\/en\/wp-json\/wp\/v2\/pages\/7598","targetHints":{"allow":["GET"]}}],"collection":[{"href":"https:\/\/csdc-cecd.ca\/en\/wp-json\/wp\/v2\/pages"}],"about":[{"href":"https:\/\/csdc-cecd.ca\/en\/wp-json\/wp\/v2\/types\/page"}],"author":[{"embeddable":true,"href":"https:\/\/csdc-cecd.ca\/en\/wp-json\/wp\/v2\/users\/1"}],"replies":[{"embeddable":true,"href":"https:\/\/csdc-cecd.ca\/en\/wp-json\/wp\/v2\/comments?post=7598"}],"version-history":[{"count":0,"href":"https:\/\/csdc-cecd.ca\/en\/wp-json\/wp\/v2\/pages\/7598\/revisions"}],"wp:attachment":[{"href":"https:\/\/csdc-cecd.ca\/en\/wp-json\/wp\/v2\/media?parent=7598"}],"curies":[{"name":"wp","href":"https:\/\/api.w.org\/{rel}","templated":true}]}}