{"id":7664,"date":"2026-04-10T11:05:41","date_gmt":"2026-04-10T15:05:41","guid":{"rendered":"https:\/\/csdc-cecd.ca\/?page_id=7664"},"modified":"2026-04-21T10:22:04","modified_gmt":"2026-04-21T14:22:04","slug":"2026-april","status":"publish","type":"page","link":"https:\/\/csdc-cecd.ca\/en\/2026-april\/","title":{"rendered":"2026 &#8211; April"},"content":{"rendered":"<p>[et_pb_section fb_built=&#8221;1&#8243; _builder_version=&#8221;4.27.6&#8243; _module_preset=&#8221;default&#8221; global_colors_info=&#8221;{}&#8221;][et_pb_row _builder_version=&#8221;4.27.6&#8243; _module_preset=&#8221;default&#8221; global_colors_info=&#8221;{}&#8221;][et_pb_column type=&#8221;4_4&#8243; _builder_version=&#8221;4.27.6&#8243; _module_preset=&#8221;default&#8221; global_colors_info=&#8221;{}&#8221;][et_pb_heading title=&#8221;Apr. 2026&#8243; _builder_version=&#8221;4.27.6&#8243; _module_preset=&#8221;default&#8221; global_colors_info=&#8221;{}&#8221;][\/et_pb_heading][\/et_pb_column][\/et_pb_row][et_pb_row _builder_version=&#8221;4.27.6&#8243; _module_preset=&#8221;default&#8221; global_colors_info=&#8221;{}&#8221;][et_pb_column type=&#8221;4_4&#8243; _builder_version=&#8221;4.27.6&#8243; _module_preset=&#8221;default&#8221; global_colors_info=&#8221;{}&#8221;][et_pb_toggle title=&#8221;Scientific Articles&#8221; _builder_version=&#8221;4.27.6&#8243; _module_preset=&#8221;default&#8221; global_colors_info=&#8221;{}&#8221;]<\/p>\n<p>Your content goes here. Edit or remove this text inline or in the module Content settings. You can also style every aspect of this content in the module Design settings and even apply custom CSS to this text in the module Advanced settings.<\/p>\n<p>[\/et_pb_toggle][\/et_pb_column][\/et_pb_row][et_pb_row _builder_version=&#8221;4.27.6&#8243; _module_preset=&#8221;default&#8221; global_colors_info=&#8221;{}&#8221;][et_pb_column type=&#8221;4_4&#8243; _builder_version=&#8221;4.27.6&#8243; _module_preset=&#8221;default&#8221; global_colors_info=&#8221;{}&#8221;][et_pb_divider color=&#8221;#000000&#8243; _builder_version=&#8221;4.27.6&#8243; _module_preset=&#8221;default&#8221; global_colors_info=&#8221;{}&#8221;][\/et_pb_divider][\/et_pb_column][\/et_pb_row][et_pb_row _builder_version=&#8221;4.27.6&#8243; _module_preset=&#8221;default&#8221; global_colors_info=&#8221;{}&#8221;][et_pb_column type=&#8221;4_4&#8243; _builder_version=&#8221;4.27.6&#8243; _module_preset=&#8221;default&#8221; global_colors_info=&#8221;{}&#8221;][et_pb_toggle title=&#8221;Media&#8221; _builder_version=&#8221;4.27.6&#8243; _module_preset=&#8221;default&#8221; hover_enabled=&#8221;0&#8243; global_colors_info=&#8221;{}&#8221; sticky_enabled=&#8221;0&#8243;]<\/p>\n<p>Joanie Bouchard \u2013 Radio Canada \u2013 2026|04|21<br \/><a href=\"https:\/\/ici.radio-canada.ca\/nouvelle\/2247477\/generation-x-chefs-partis-politiques-quebec-elections\">La g\u00e9n\u00e9ration X aux commandes au Qu\u00e9bec : la marque d\u2019un renouveau ?<\/a><\/p>\n<p>Juan Pablo Luna \u2013 Latinoamerica 21 \u2013 2026|04|17<br \/><a href=\"https:\/\/latinoamerica21.com\/en\/crime-and-democracy-latin-americas-crossroads\/\">Crime and Democracy: Latin America\u2019s Crossroads<\/a><\/p>\n<p>Allison Harell \u2013 The Conversation \u2013 2026|04|15<br \/><a href=\"https:\/\/theconversation.com\/mark-carney-secures-majority-after-unwinnable-2025-election-victory-building-new-momentum-279061\">Mark Carney secures majority after \u2018unwinnable\u2019 2025 election victory, building new momentum<\/a><\/p>\n<p>\u00c9ric B\u00e9langer \u2013 Halifax City News \u2013 2026|04|13<br \/><a href=\"https:\/\/halifax.citynews.ca\/2026\/04\/13\/quebec-premier-designate-christine-frechette-under-tight-deadline-to-redefine-caq\/\">With elections near, Quebec premier-designate under tight deadline to revive CAQ<\/a><\/p>\n<p>Lisa Birch, Emmanuel Choquette \u2013 Radio Canada \u2013 2026|04|11<br \/><a href=\"https:\/\/ici.radio-canada.ca\/info\/long-format\/2244728\/bilan-francois-legault-caq-promesses-polimetre\">Fran\u00e7ois Legault a-t-il tenu toutes ses promesses ?<\/a><\/p>\n<p>\u00c9ric B\u00e9langer, Marc-Andr\u00e9 Bodet \u2013 La Presse \u2013 2026|04|10<br \/><a href=\"https:\/\/www.lapresse.ca\/dialogue\/chroniques\/2026-04-10\/on-a-pose-la-question-pour-vous\/quelle-legitimite-a-encore-la-caq-pour-gouverner.php\">Quelle l\u00e9gitimit\u00e9 a encore la CAQ pour gouverner ?<\/a><\/p>\n<p>Eric Hehman \u2013 Science \u2013 2026|04|04<br \/><a href=\"https:\/\/www.ledevoir.com\/politique\/quebec\/969500\/abord-authentiques-ou-competents-quels-dirigeants-veulent-quebecois\">D\u2019abord authentiques ou comp\u00e9tents ? Quels dirigeants veulent les Qu\u00e9b\u00e9cois ?<\/a><\/p>\n<p>Eric Hehman \u2013 Science \u2013 2026|04|03<br \/><a href=\"https:\/\/www.science.org\/content\/article\/offering-scientists-cash-spot-errors-published-papers-doesn-t-work\">Offering scientists cash to spot errors in published papers doesn\u2019t work<\/a><\/p>\n<p>[\/et_pb_toggle][\/et_pb_column][\/et_pb_row][et_pb_row _builder_version=&#8221;4.27.6&#8243; _module_preset=&#8221;default&#8221; global_colors_info=&#8221;{}&#8221;][et_pb_column type=&#8221;4_4&#8243; _builder_version=&#8221;4.27.6&#8243; _module_preset=&#8221;default&#8221; global_colors_info=&#8221;{}&#8221;][et_pb_toggle title=&#8221;Podcast&#8221; _builder_version=&#8221;4.27.6&#8243; _module_preset=&#8221;default&#8221; hover_enabled=&#8221;0&#8243; global_colors_info=&#8221;{}&#8221; sticky_enabled=&#8221;0&#8243;]<\/p>\n<p>Emmanuel Choquette \u2013 Radio Canada Ohdio \u2013 2026|04|17<br \/><a href=\"https:\/\/ici.radio-canada.ca\/ohdio\/premiere\/emissions\/huile-sur-le-feu\/segments\/rattrapage\/2350872\/pourquoi-humoristes-diasporas-aiment-rire-leurs-parents\">Rire de ses parents, un terrain fertile pour des humoristes issus des diasporas<\/a><\/p>\n<p>Carol-Ann Rouillard \u2013 107.7 Estrie \u2013 2026|04|14<br \/><a href=\"https:\/\/www.fm1077.ca\/audio\/769960\/mark-carney-un-pouvoir-d-attraction-hors-norme\">Mark Carney: un \u00ab pouvoir d&#8217;attraction hors norme \u00bb<\/a><\/p>\n<p>Emmanuel Choquette \u2013 107.7 Estrie \u2013 2026|04|08<br \/><a href=\"https:\/\/www.fm1077.ca\/audio\/768766\/une-autre-defection-qui-fragilise-le-leadership-de-pierre-poilievre\">Une autre d\u00e9fection qui fragilise le leadership de Pierre Poilievre<\/a><\/p>\n<p>Emmanuel Choquette \u2013 107.7 Estrie \u2013 2026|04|01<br \/><a href=\"https:\/\/www.fm1077.ca\/audio\/767380\/un-impact-differencie-pour-martine-frechette-et-bernard-drainville\">Un impact diff\u00e9renci\u00e9 pour Martine Fr\u00e9chette et Bernard Drainville<\/a><\/p>\n<p>[\/et_pb_toggle][\/et_pb_column][\/et_pb_row][et_pb_row _builder_version=&#8221;4.27.6&#8243; _module_preset=&#8221;default&#8221; global_colors_info=&#8221;{}&#8221;][et_pb_column type=&#8221;4_4&#8243; _builder_version=&#8221;4.27.6&#8243; _module_preset=&#8221;default&#8221; global_colors_info=&#8221;{}&#8221;][et_pb_toggle title=&#8221;Video&#8221; _builder_version=&#8221;4.27.6&#8243; _module_preset=&#8221;default&#8221; global_colors_info=&#8221;{}&#8221;][\/et_pb_toggle][\/et_pb_column][\/et_pb_row][\/et_pb_section]<\/p>\n","protected":false},"excerpt":{"rendered":"<p>Your content goes here. Edit or remove this text inline or in the module Content settings. You can also style every aspect of this content in the module Design settings and even apply custom CSS to this text in the module Advanced settings.Joanie Bouchard \u2013 Radio Canada \u2013 2026|04|21La g\u00e9n\u00e9ration X aux commandes au Qu\u00e9bec [&hellip;]<\/p>\n","protected":false},"author":1,"featured_media":0,"parent":0,"menu_order":0,"comment_status":"closed","ping_status":"closed","template":"","meta":{"_et_pb_use_builder":"on","_et_pb_old_content":"","_et_gb_content_width":"","footnotes":""},"class_list":["post-7664","page","type-page","status-publish","hentry"],"yoast_head":"<!-- This site is optimized with the Yoast SEO plugin v27.4 - https:\/\/yoast.com\/product\/yoast-seo-wordpress\/ -->\n<title>2026 - April - CECD - Centre pour l&#039;\u00e9tude de la citoyennet\u00e9 d\u00e9mocratique<\/title>\n<meta name=\"robots\" content=\"index, follow, max-snippet:-1, max-image-preview:large, max-video-preview:-1\" \/>\n<link rel=\"canonical\" href=\"https:\/\/csdc-cecd.ca\/2026-avril\/\" \/>\n<meta property=\"og:locale\" content=\"en_US\" \/>\n<meta property=\"og:type\" content=\"article\" \/>\n<meta property=\"og:title\" content=\"2026 - April - CECD - Centre pour l&#039;\u00e9tude de la citoyennet\u00e9 d\u00e9mocratique\" \/>\n<meta property=\"og:description\" content=\"Your content goes here. Edit or remove this text inline or in the module Content settings. You can also style every aspect of this content in the module Design settings and even apply custom CSS to this text in the module Advanced settings.Joanie Bouchard \u2013 Radio Canada \u2013 2026|04|21La g\u00e9n\u00e9ration X aux commandes au Qu\u00e9bec [&hellip;]\" \/>\n<meta property=\"og:url\" content=\"https:\/\/csdc-cecd.ca\/2026-avril\/\" \/>\n<meta property=\"og:site_name\" content=\"CECD - Centre pour l&#039;\u00e9tude de la citoyennet\u00e9 d\u00e9mocratique\" \/>\n<meta property=\"article:modified_time\" content=\"2026-04-21T14:22:04+00:00\" \/>\n<meta name=\"twitter:card\" content=\"summary_large_image\" \/>\n<script type=\"application\/ld+json\" class=\"yoast-schema-graph\">{\"@context\":\"https:\\\/\\\/schema.org\",\"@graph\":[{\"@type\":\"WebPage\",\"@id\":\"https:\\\/\\\/csdc-cecd.ca\\\/2026-avril\\\/\",\"url\":\"https:\\\/\\\/csdc-cecd.ca\\\/2026-avril\\\/\",\"name\":\"2026 - April - CECD - Centre pour l&#039;\u00e9tude de la citoyennet\u00e9 d\u00e9mocratique\",\"isPartOf\":{\"@id\":\"https:\\\/\\\/csdc-cecd.ca\\\/#website\"},\"datePublished\":\"2026-04-10T15:05:41+00:00\",\"dateModified\":\"2026-04-21T14:22:04+00:00\",\"breadcrumb\":{\"@id\":\"https:\\\/\\\/csdc-cecd.ca\\\/2026-avril\\\/#breadcrumb\"},\"inLanguage\":\"en-US\",\"potentialAction\":[{\"@type\":\"ReadAction\",\"target\":[\"https:\\\/\\\/csdc-cecd.ca\\\/2026-avril\\\/\"]}]},{\"@type\":\"BreadcrumbList\",\"@id\":\"https:\\\/\\\/csdc-cecd.ca\\\/2026-avril\\\/#breadcrumb\",\"itemListElement\":[{\"@type\":\"ListItem\",\"position\":1,\"name\":\"Accueil\",\"item\":\"https:\\\/\\\/csdc-cecd.ca\\\/en\\\/\"},{\"@type\":\"ListItem\",\"position\":2,\"name\":\"2026 &#8211; April\"}]},{\"@type\":\"WebSite\",\"@id\":\"https:\\\/\\\/csdc-cecd.ca\\\/#website\",\"url\":\"https:\\\/\\\/csdc-cecd.ca\\\/\",\"name\":\"CECD - Centre pour l&#039;\u00e9tude de la citoyennet\u00e9 d\u00e9mocratique\",\"description\":\"\",\"potentialAction\":[{\"@type\":\"SearchAction\",\"target\":{\"@type\":\"EntryPoint\",\"urlTemplate\":\"https:\\\/\\\/csdc-cecd.ca\\\/?s={search_term_string}\"},\"query-input\":{\"@type\":\"PropertyValueSpecification\",\"valueRequired\":true,\"valueName\":\"search_term_string\"}}],\"inLanguage\":\"en-US\"}]}<\/script>\n<!-- \/ Yoast SEO plugin. -->","yoast_head_json":{"title":"2026 - April - CECD - Centre pour l&#039;\u00e9tude de la citoyennet\u00e9 d\u00e9mocratique","robots":{"index":"index","follow":"follow","max-snippet":"max-snippet:-1","max-image-preview":"max-image-preview:large","max-video-preview":"max-video-preview:-1"},"canonical":"https:\/\/csdc-cecd.ca\/2026-avril\/","og_locale":"en_US","og_type":"article","og_title":"2026 - April - CECD - Centre pour l&#039;\u00e9tude de la citoyennet\u00e9 d\u00e9mocratique","og_description":"Your content goes here. Edit or remove this text inline or in the module Content settings. You can also style every aspect of this content in the module Design settings and even apply custom CSS to this text in the module Advanced settings.Joanie Bouchard \u2013 Radio Canada \u2013 2026|04|21La g\u00e9n\u00e9ration X aux commandes au Qu\u00e9bec [&hellip;]","og_url":"https:\/\/csdc-cecd.ca\/2026-avril\/","og_site_name":"CECD - Centre pour l&#039;\u00e9tude de la citoyennet\u00e9 d\u00e9mocratique","article_modified_time":"2026-04-21T14:22:04+00:00","twitter_card":"summary_large_image","schema":{"@context":"https:\/\/schema.org","@graph":[{"@type":"WebPage","@id":"https:\/\/csdc-cecd.ca\/2026-avril\/","url":"https:\/\/csdc-cecd.ca\/2026-avril\/","name":"2026 - April - CECD - Centre pour l&#039;\u00e9tude de la citoyennet\u00e9 d\u00e9mocratique","isPartOf":{"@id":"https:\/\/csdc-cecd.ca\/#website"},"datePublished":"2026-04-10T15:05:41+00:00","dateModified":"2026-04-21T14:22:04+00:00","breadcrumb":{"@id":"https:\/\/csdc-cecd.ca\/2026-avril\/#breadcrumb"},"inLanguage":"en-US","potentialAction":[{"@type":"ReadAction","target":["https:\/\/csdc-cecd.ca\/2026-avril\/"]}]},{"@type":"BreadcrumbList","@id":"https:\/\/csdc-cecd.ca\/2026-avril\/#breadcrumb","itemListElement":[{"@type":"ListItem","position":1,"name":"Accueil","item":"https:\/\/csdc-cecd.ca\/en\/"},{"@type":"ListItem","position":2,"name":"2026 &#8211; April"}]},{"@type":"WebSite","@id":"https:\/\/csdc-cecd.ca\/#website","url":"https:\/\/csdc-cecd.ca\/","name":"CECD - Centre pour l&#039;\u00e9tude de la citoyennet\u00e9 d\u00e9mocratique","description":"","potentialAction":[{"@type":"SearchAction","target":{"@type":"EntryPoint","urlTemplate":"https:\/\/csdc-cecd.ca\/?s={search_term_string}"},"query-input":{"@type":"PropertyValueSpecification","valueRequired":true,"valueName":"search_term_string"}}],"inLanguage":"en-US"}]}},"_links":{"self":[{"href":"https:\/\/csdc-cecd.ca\/en\/wp-json\/wp\/v2\/pages\/7664","targetHints":{"allow":["GET"]}}],"collection":[{"href":"https:\/\/csdc-cecd.ca\/en\/wp-json\/wp\/v2\/pages"}],"about":[{"href":"https:\/\/csdc-cecd.ca\/en\/wp-json\/wp\/v2\/types\/page"}],"author":[{"embeddable":true,"href":"https:\/\/csdc-cecd.ca\/en\/wp-json\/wp\/v2\/users\/1"}],"replies":[{"embeddable":true,"href":"https:\/\/csdc-cecd.ca\/en\/wp-json\/wp\/v2\/comments?post=7664"}],"version-history":[{"count":4,"href":"https:\/\/csdc-cecd.ca\/en\/wp-json\/wp\/v2\/pages\/7664\/revisions"}],"predecessor-version":[{"id":7711,"href":"https:\/\/csdc-cecd.ca\/en\/wp-json\/wp\/v2\/pages\/7664\/revisions\/7711"}],"wp:attachment":[{"href":"https:\/\/csdc-cecd.ca\/en\/wp-json\/wp\/v2\/media?parent=7664"}],"curies":[{"name":"wp","href":"https:\/\/api.w.org\/{rel}","templated":true}]}}